{"id":697,"date":"2022-04-08T15:34:10","date_gmt":"2022-04-08T13:34:10","guid":{"rendered":"https:\/\/www.brenne-au-coeur.com\/?page_id=697"},"modified":"2022-04-23T17:38:24","modified_gmt":"2022-04-23T15:38:24","slug":"portraits","status":"publish","type":"page","link":"https:\/\/www.brenne-au-coeur.com\/index.php\/portraits\/","title":{"rendered":"Portraits"},"content":{"rendered":"<!-- Widget Shortcode --><div id=\"block-4\" class=\"widget widget_block widget-shortcode area-arbitrary \"><h3> <\/h3><\/div><!-- \/Widget Shortcode -->\n<!-- Widget Shortcode --><div id=\"rpwe_widget-21\" class=\"widget rpwe_widget recent-posts-extended widget-shortcode area-arbitrary \"><style>.rpwe-block ul{\r\nlist-style: none !important;\r\nmargin-left: 0 !important;\r\npadding-left: 0 !important;\r\n}\r\n\r\n.rpwe-block li{\r\nborder-bottom: 1px solid #eee;\r\nmargin-bottom: 10px;\r\npadding-bottom: 10px;\r\nlist-style-type: none;\r\n}\r\n\r\n.rpwe-block a{\r\ndisplay: inline !important;\r\ntext-decoration: none;\r\n}\r\n\r\n.rpwe-block h2{\r\nbackground: none !important;\r\nclear: none;\r\nmargin-bottom: 0 !important;\r\nmargin-top: 0 !important;\r\nfont-weight: 200;\r\nfont-size: 12px !important;\r\nline-height: 1.5em;\r\n}\r\n\r\n.rpwe-thumb{\r\nborder: 1px solid #eee !important;\r\nbox-shadow: none !important;\r\nmargin: 2px 10px 2px 0;\r\npadding: 3px !important;\r\n}\r\n\r\n.rpwe-summary{\r\nfont-size: 16px;\r\n}\r\n\r\n.rpwe-time{\r\ncolor: #bbb;\r\nfont-size: 12px;\r\n}\r\n\r\n.rpwe-comment{\r\ncolor: #bbb;\r\nfont-size: 16px;\r\npadding-left: 5px;\r\n}\r\n\r\n.rpwe-alignleft{\r\ndisplay: inline;\r\nfloat: left;\r\n}\r\n\r\n.rpwe-alignright{\r\ndisplay: inline;\r\nfloat: right;\r\n}\r\n\r\n.rpwe-aligncenter{\r\ndisplay: block;\r\nmargin-left: auto;\r\nmargin-right: auto;\r\n}\r\n\r\n.rpwe-clearfix:before,\r\n.rpwe-clearfix:after{\r\ncontent: &quot;&quot;;\r\ndisplay: table !important;\r\n}\r\n\r\n.rpwe-clearfix:after{\r\nclear: both;\r\n}\r\n\r\n.rpwe-clearfix{\r\nzoom: 1;\r\n}\r\n<\/style><h2 class=\"widgettitle\">Portraits :<\/h2><div  class=\"rpwe-block\"><ul class=\"rpwe-ul\"><li class=\"rpwe-li rpwe-clearfix\"><a class=\"rpwe-img\" href=\"https:\/\/www.brenne-au-coeur.com\/index.php\/2023\/01\/26\/welcome-michael\/communes\/mezieres-en-brenne\/3824\/\" target=\"_self\"><img class=\"rpwe-alignleft rpwe-thumb\" src=\"https:\/\/www.brenne-au-coeur.com\/wp-content\/uploads\/2023\/01\/michael-1.resized-120x120.jpg\" alt=\"Welcome Michael&nbsp;!\" height=\"120\" width=\"120\" loading=\"lazy\" decoding=\"async\"><\/a><h3 class=\"rpwe-title\"><a href=\"https:\/\/www.brenne-au-coeur.com\/index.php\/2023\/01\/26\/welcome-michael\/communes\/mezieres-en-brenne\/3824\/\" target=\"_self\">Welcome Michael&nbsp;!<\/a><\/h3><time class=\"rpwe-time published\" datetime=\"2023-01-26T11:24:32+01:00\">26 janvier 2023<\/time><div class=\"rpwe-summary\">En juillet dernier, Michael Growcott a re\u00e7u le \u00ab&nbsp;Prix du Moulin&nbsp;\u00bb de l\u2019exposition \u00ab&nbsp;Les peintres de la Brenne&nbsp;\u00bb. Les aquarelles de ce citoyen britannique reproduisent, gr\u00e2ce \u00e0 un trait d\u2019une extr\u00eame finesse, une partie du patrimoine berrichon. Ce sont en effet les maisons de campagne ou des bourgs que le &hellip;<a href=\"https:\/\/www.brenne-au-coeur.com\/index.php\/2023\/01\/26\/welcome-michael\/communes\/mezieres-en-brenne\/3824\/\" class=\"more-link\">Lire la suite...<\/a><\/div><\/li><li class=\"rpwe-li rpwe-clearfix\"><a class=\"rpwe-img\" href=\"https:\/\/www.brenne-au-coeur.com\/index.php\/2022\/06\/02\/thomas-triple-champion-de-france-de-tir\/communes\/mezieres-en-brenne\/1943\/\" target=\"_self\"><img class=\"rpwe-alignleft rpwe-thumb\" src=\"https:\/\/www.brenne-au-coeur.com\/wp-content\/uploads\/2022\/06\/Thomas-Truffier.resized-rotated-120x120.jpg\" alt=\"Thomas, triple champion de France de tir\" height=\"120\" width=\"120\" loading=\"lazy\" decoding=\"async\"><\/a><h3 class=\"rpwe-title\"><a href=\"https:\/\/www.brenne-au-coeur.com\/index.php\/2022\/06\/02\/thomas-triple-champion-de-france-de-tir\/communes\/mezieres-en-brenne\/1943\/\" target=\"_self\">Thomas, triple champion de France de tir<\/a><\/h3><time class=\"rpwe-time published\" datetime=\"2022-06-02T17:40:16+02:00\">2 juin 2022<\/time><div class=\"rpwe-summary\">Thomas Truffier a r\u00e9alis\u00e9 un authentique exploit lors des derniers championnats de France de tir sportif \u00e0 Montlu\u00e7on. \u00c0 13 ans, il d\u00e9croche la m\u00e9daille d\u2019or dans les trois disciplines auxquelles il participait. Un formidable succ\u00e8s qui met en lumi\u00e8re le travail du Club de Tir Brennou (CTB) de M\u00e9zi\u00e8res-en-Brenne. &hellip;<a href=\"https:\/\/www.brenne-au-coeur.com\/index.php\/2022\/06\/02\/thomas-triple-champion-de-france-de-tir\/communes\/mezieres-en-brenne\/1943\/\" class=\"more-link\">Lire la suite...<\/a><\/div><\/li><li class=\"rpwe-li rpwe-clearfix\"><a class=\"rpwe-img\" href=\"https:\/\/www.brenne-au-coeur.com\/index.php\/2022\/01\/13\/mario-alvarado-la-peinture-en-partage\/communes\/mezieres-en-brenne\/901\/\" target=\"_self\"><img class=\"rpwe-alignleft rpwe-thumb\" src=\"https:\/\/www.brenne-au-coeur.com\/wp-content\/uploads\/2022\/04\/mario-alvarado-2_b-120x120.jpg\" alt=\"Mario Alvarado, la peinture en partage\" height=\"120\" width=\"120\" loading=\"lazy\" decoding=\"async\"><\/a><h3 class=\"rpwe-title\"><a href=\"https:\/\/www.brenne-au-coeur.com\/index.php\/2022\/01\/13\/mario-alvarado-la-peinture-en-partage\/communes\/mezieres-en-brenne\/901\/\" target=\"_self\">Mario Alvarado, la peinture en partage<\/a><\/h3><time class=\"rpwe-time published\" datetime=\"2022-01-13T13:35:53+01:00\">13 janvier 2022<\/time><div class=\"rpwe-summary\">Le 18 janvier 1994 s\u2019\u00e9teignait \u00e0 l\u2019\u00e2ge de 45 ans, Mario Alvarado, plongeant les habitants du petit village de M\u00e9zi\u00e8res-en-Brenne, dans une infinie tristesse. En quelques ann\u00e9es, l\u2019artiste peintre chilien aura marqu\u00e9 les esprits des Mac\u00e9riens, par une personnalit\u00e9 rayonnante, et sa facult\u00e9 \u00e0 ouvrir l\u2019expression artistique contemporaine au monde &hellip;<a href=\"https:\/\/www.brenne-au-coeur.com\/index.php\/2022\/01\/13\/mario-alvarado-la-peinture-en-partage\/communes\/mezieres-en-brenne\/901\/\" class=\"more-link\">Lire la suite...<\/a><\/div><\/li><li class=\"rpwe-li rpwe-clearfix\"><a class=\"rpwe-img\" href=\"https:\/\/www.brenne-au-coeur.com\/index.php\/2021\/12\/25\/lincertitude-dune-restauratrice-dart\/communes\/mezieres-en-brenne\/904\/\" target=\"_self\"><img class=\"rpwe-alignleft rpwe-thumb\" src=\"https:\/\/www.brenne-au-coeur.com\/wp-content\/uploads\/2022\/04\/Mathilde_confinement_site.cleaned-120x120.jpg\" alt=\"L\u2019incertitude d\u2019une restauratrice d\u2019art\" height=\"120\" width=\"120\" loading=\"lazy\" decoding=\"async\"><\/a><h3 class=\"rpwe-title\"><a href=\"https:\/\/www.brenne-au-coeur.com\/index.php\/2021\/12\/25\/lincertitude-dune-restauratrice-dart\/communes\/mezieres-en-brenne\/904\/\" target=\"_self\">L\u2019incertitude d\u2019une restauratrice d\u2019art<\/a><\/h3><time class=\"rpwe-time published\" datetime=\"2021-12-25T16:11:44+01:00\">25 d\u00e9cembre 2021<\/time><div class=\"rpwe-summary\">Mathilde Mouilleron est restauratrice d\u2019\u0153uvres d\u2019art. Comme de tr\u00e8s nombreux professionnels de ce secteur d\u2019activit\u00e9, l\u2019ann\u00e9e qui s\u2019ach\u00e8ve restera pour elle, marqu\u00e9e du sceau des restrictions et de l\u2019incertitude. Mathilde Mouilleron est une travailleuse ind\u00e9pendante. Elle est sp\u00e9cialis\u00e9e dans la restauration d\u2019\u0153uvres d\u2019art ex\u00e9cut\u00e9es sur du papier. Un mat\u00e9riau qui &hellip;<a href=\"https:\/\/www.brenne-au-coeur.com\/index.php\/2021\/12\/25\/lincertitude-dune-restauratrice-dart\/communes\/mezieres-en-brenne\/904\/\" class=\"more-link\">Lire la suite...<\/a><\/div><\/li><li class=\"rpwe-li rpwe-clearfix\"><a class=\"rpwe-img\" href=\"https:\/\/www.brenne-au-coeur.com\/index.php\/2021\/12\/17\/la-brenne-vue-par-chantal-lombard\/communes\/mezieres-en-brenne\/828\/\" target=\"_self\"><img class=\"rpwe-alignleft rpwe-thumb\" src=\"https:\/\/www.brenne-au-coeur.com\/wp-content\/uploads\/2022\/04\/Chantal_Lombard_site-120x120.jpg\" alt=\"La Brenne vue par Chantal Lombard\" height=\"120\" width=\"120\" loading=\"lazy\" decoding=\"async\"><\/a><h3 class=\"rpwe-title\"><a href=\"https:\/\/www.brenne-au-coeur.com\/index.php\/2021\/12\/17\/la-brenne-vue-par-chantal-lombard\/communes\/mezieres-en-brenne\/828\/\" target=\"_self\">La Brenne vue par Chantal Lombard<\/a><\/h3><time class=\"rpwe-time published\" datetime=\"2021-12-17T18:13:39+01:00\">17 d\u00e9cembre 2021<\/time><div class=\"rpwe-summary\">En juin 2021, l\u2019association Le Moulin a propos\u00e9 de d\u00e9couvrir des tableaux r\u00e9alis\u00e9s par Chantal Lombard. Une plong\u00e9e au c\u0153ur de la nature brennouse. Des paysages aux teintes nuanc\u00e9es qui instaurent une ambiance originale et authentique. Le visiteur peut en effet se laisser entra\u00eener dans cette atmosph\u00e8re m\u00e9lancolique. Au milieu &hellip;<a href=\"https:\/\/www.brenne-au-coeur.com\/index.php\/2021\/12\/17\/la-brenne-vue-par-chantal-lombard\/communes\/mezieres-en-brenne\/828\/\" class=\"more-link\">Lire la suite...<\/a><\/div><\/li><li class=\"rpwe-li rpwe-clearfix\"><a class=\"rpwe-img\" href=\"https:\/\/www.brenne-au-coeur.com\/index.php\/2021\/11\/30\/claude-gallais-nous-a-quittes\/communes\/mezieres-en-brenne\/915\/\" target=\"_self\"><img class=\"rpwe-alignleft rpwe-thumb\" src=\"https:\/\/www.brenne-au-coeur.com\/wp-content\/uploads\/2022\/04\/Necrologie_Claude_Gallais_site.cleaned-120x120.jpg\" alt=\"Claude Gallais nous a quitt\u00e9s\" height=\"120\" width=\"120\" loading=\"lazy\" decoding=\"async\"><\/a><h3 class=\"rpwe-title\"><a href=\"https:\/\/www.brenne-au-coeur.com\/index.php\/2021\/11\/30\/claude-gallais-nous-a-quittes\/communes\/mezieres-en-brenne\/915\/\" target=\"_self\">Claude Gallais nous a quitt\u00e9s<\/a><\/h3><time class=\"rpwe-time published\" datetime=\"2021-11-30T09:14:10+01:00\">30 novembre 2021<\/time><div class=\"rpwe-summary\">Si tout le monde connaissait, Claude Gallais, le coiffeur de M\u00e9zi\u00e8res en Brenne, nous devons lui rendre hommage pour le grand int\u00e9r\u00eat qu&rsquo;il porta, comme b\u00e9n\u00e9vole, \u00e0 bon nombre d&rsquo;associations locales.Il fut un excellent gardien de but \u00e0 l&rsquo;ASM, o\u00f9, tr\u00e8s vite, il cr\u00e9a l&rsquo;\u00e9cole de foot puis encadra les &hellip;<a href=\"https:\/\/www.brenne-au-coeur.com\/index.php\/2021\/11\/30\/claude-gallais-nous-a-quittes\/communes\/mezieres-en-brenne\/915\/\" class=\"more-link\">Lire la suite...<\/a><\/div><\/li><li class=\"rpwe-li rpwe-clearfix\"><a class=\"rpwe-img\" href=\"https:\/\/www.brenne-au-coeur.com\/index.php\/2021\/10\/24\/valentin-de-la-graine-de-champion\/communes\/mezieres-en-brenne\/932\/\" target=\"_self\"><img class=\"rpwe-alignleft rpwe-thumb\" src=\"https:\/\/www.brenne-au-coeur.com\/wp-content\/uploads\/2022\/04\/Valentin_Bercon_site.cleaned-e1650019476509-120x120.jpg\" alt=\"Valentin, de la graine de champion\" height=\"120\" width=\"120\" loading=\"lazy\" decoding=\"async\"><\/a><h3 class=\"rpwe-title\"><a href=\"https:\/\/www.brenne-au-coeur.com\/index.php\/2021\/10\/24\/valentin-de-la-graine-de-champion\/communes\/mezieres-en-brenne\/932\/\" target=\"_self\">Valentin, de la graine de champion<\/a><\/h3><time class=\"rpwe-time published\" datetime=\"2021-10-24T09:03:59+02:00\">24 octobre 2021<\/time><div class=\"rpwe-summary\">Valentin Ber\u00e7on, jeune habitant de M\u00e9zi\u00e8res-en-Brenne, a particip\u00e9 au championnat national UFOLEP de Kart Cross, les 22 et 23 octobre \u00e0 Elne, dans les Pyr\u00e9n\u00e9es orientales. Licenci\u00e9 au club \u00c9curies d\u2019Orl\u00e9ans, il a d\u00e9croch\u00e9 sa qualification apr\u00e8s seulement un an de comp\u00e9tition dans la r\u00e9gion Val de Loire. Des r\u00e9sultats &hellip;<a href=\"https:\/\/www.brenne-au-coeur.com\/index.php\/2021\/10\/24\/valentin-de-la-graine-de-champion\/communes\/mezieres-en-brenne\/932\/\" class=\"more-link\">Lire la suite...<\/a><\/div><\/li><li class=\"rpwe-li rpwe-clearfix\"><a class=\"rpwe-img\" href=\"https:\/\/www.brenne-au-coeur.com\/index.php\/2021\/10\/12\/jean-rejasse-une-vie-au-service-dazay\/communes\/azay-le-ferron-communes\/874\/\" target=\"_self\"><img class=\"rpwe-alignleft rpwe-thumb\" src=\"https:\/\/www.brenne-au-coeur.com\/wp-content\/uploads\/2022\/04\/Jean_Rejasse_site-120x120.jpg\" alt=\"Jean Rejasse, une vie au service d\u2019Azay\" height=\"120\" width=\"120\" loading=\"lazy\" decoding=\"async\"><\/a><h3 class=\"rpwe-title\"><a href=\"https:\/\/www.brenne-au-coeur.com\/index.php\/2021\/10\/12\/jean-rejasse-une-vie-au-service-dazay\/communes\/azay-le-ferron-communes\/874\/\" target=\"_self\">Jean Rejasse, une vie au service d\u2019Azay<\/a><\/h3><time class=\"rpwe-time published\" datetime=\"2021-10-12T23:44:49+02:00\">12 octobre 2021<\/time><div class=\"rpwe-summary\">R\u00e9cemment disparu, Jean Rejasse est de ces hommes qui marquent la vie locale. Tant par son parcours professionnel que par son investissement citoyen, il aura consacr\u00e9 une grande partie de son existence au rayonnement de sa commune. N\u00e9 en 1934, il s\u2019installe \u00e0 Azay-le-Ferron en 1950, en compagnie de ses &hellip;<a href=\"https:\/\/www.brenne-au-coeur.com\/index.php\/2021\/10\/12\/jean-rejasse-une-vie-au-service-dazay\/communes\/azay-le-ferron-communes\/874\/\" class=\"more-link\">Lire la suite...<\/a><\/div><\/li><li class=\"rpwe-li rpwe-clearfix\"><a class=\"rpwe-img\" href=\"https:\/\/www.brenne-au-coeur.com\/index.php\/2021\/07\/10\/marc-antoine-un-modele-de-civisme\/communes\/895\/\" target=\"_self\"><img class=\"rpwe-alignleft rpwe-thumb\" src=\"https:\/\/www.brenne-au-coeur.com\/wp-content\/uploads\/2022\/04\/Marc_Antoine_site.cleaned-120x120.jpg\" alt=\"Marc-Antoine, un mod\u00e8le de civisme\" height=\"120\" width=\"120\" loading=\"lazy\" decoding=\"async\"><\/a><h3 class=\"rpwe-title\"><a href=\"https:\/\/www.brenne-au-coeur.com\/index.php\/2021\/07\/10\/marc-antoine-un-modele-de-civisme\/communes\/895\/\" target=\"_self\">Marc-Antoine, un mod\u00e8le de civisme<\/a><\/h3><time class=\"rpwe-time published\" datetime=\"2021-07-10T10:58:08+02:00\">10 juillet 2021<\/time><div class=\"rpwe-summary\">Le 8 juillet dernier \u00e0 la pr\u00e9fecture de Ch\u00e2teauroux, Marc-Antoine Pigeat a re\u00e7u officiellement le prix du civisme pour la jeunesse, de l\u2019ordre national du m\u00e9rite. Le moins que l\u2019on puisse dire c\u2019est que cette distinction est pleinement justifi\u00e9e. Il suffit pour s\u2019en convaincre d\u2019\u00e9couter Marc-Antoine raconter en toute modestie &hellip;<a href=\"https:\/\/www.brenne-au-coeur.com\/index.php\/2021\/07\/10\/marc-antoine-un-modele-de-civisme\/communes\/895\/\" class=\"more-link\">Lire la suite...<\/a><\/div><\/li><li class=\"rpwe-li rpwe-clearfix\"><a class=\"rpwe-img\" href=\"https:\/\/www.brenne-au-coeur.com\/index.php\/2021\/06\/25\/surprise-sur-prise\/communes\/saulnay\/899\/\" target=\"_self\"><img class=\"rpwe-alignleft rpwe-thumb\" src=\"https:\/\/www.brenne-au-coeur.com\/wp-content\/uploads\/2022\/04\/Marie_Bastiani_site.cleaned-120x120.jpg\" alt=\"Surprise sur prise\" height=\"120\" width=\"120\" loading=\"lazy\" decoding=\"async\"><\/a><h3 class=\"rpwe-title\"><a href=\"https:\/\/www.brenne-au-coeur.com\/index.php\/2021\/06\/25\/surprise-sur-prise\/communes\/saulnay\/899\/\" target=\"_self\">Surprise sur prise<\/a><\/h3><time class=\"rpwe-time published\" datetime=\"2021-06-25T14:33:28+02:00\">25 juin 2021<\/time><div class=\"rpwe-summary\">Marie Bastiani expose des photographies dans son atelier de la Girardetterie \u00e0 Saulnay. Ses clich\u00e9s d\u2019une beaut\u00e9 et d\u2019une originalit\u00e9 surprenantes r\u00e9v\u00e8lent une grande sensibilit\u00e9 dans le regard, que porte la photographe sur la nature. Le visiteur restera \u00e9bahi, notamment, devant la s\u00e9rie \u00ab\u00a0Les bords de berges\u00a0\u00bb qui donne une &hellip;<a href=\"https:\/\/www.brenne-au-coeur.com\/index.php\/2021\/06\/25\/surprise-sur-prise\/communes\/saulnay\/899\/\" class=\"more-link\">Lire la suite...<\/a><\/div><\/li><li class=\"rpwe-li rpwe-clearfix\"><a class=\"rpwe-img\" href=\"https:\/\/www.brenne-au-coeur.com\/index.php\/2020\/11\/27\/linquietude-dune-restauratrice-dart\/communes\/mezieres-en-brenne\/910\/\" target=\"_self\"><img class=\"rpwe-alignleft rpwe-thumb\" src=\"https:\/\/www.brenne-au-coeur.com\/wp-content\/uploads\/2022\/04\/Mathilde_inquietude_site.cleaned-120x120.jpg\" alt=\"L\u2019inqui\u00e9tude d\u2019une restauratrice d&rsquo;art\" height=\"120\" width=\"120\" loading=\"lazy\" decoding=\"async\"><\/a><h3 class=\"rpwe-title\"><a href=\"https:\/\/www.brenne-au-coeur.com\/index.php\/2020\/11\/27\/linquietude-dune-restauratrice-dart\/communes\/mezieres-en-brenne\/910\/\" target=\"_self\">L\u2019inqui\u00e9tude d\u2019une restauratrice d&rsquo;art<\/a><\/h3><time class=\"rpwe-time published\" datetime=\"2020-11-27T11:16:13+01:00\">27 novembre 2020<\/time><div class=\"rpwe-summary\">Mathilde Mouilleron est restauratrice d\u2019\u0153uvres d\u2019art \u00e0 M\u00e9zi\u00e8res-en-Brenne dans l\u2019Indre. Pour elle, comme de tr\u00e8s nombreux professionnels de ce secteur d\u2019activit\u00e9, l\u2019ann\u00e9e qui s\u2019ach\u00e8ve restera marqu\u00e9e du sceau des restrictions et de l\u2019incertitude. Mathilde Mouilleron est une travailleuse ind\u00e9pendante. Elle est sp\u00e9cialis\u00e9e dans la restauration d\u2019\u0153uvres d\u2019art ex\u00e9cut\u00e9es sur du &hellip;<a href=\"https:\/\/www.brenne-au-coeur.com\/index.php\/2020\/11\/27\/linquietude-dune-restauratrice-dart\/communes\/mezieres-en-brenne\/910\/\" class=\"more-link\">Lire la suite...<\/a><\/div><\/li><li class=\"rpwe-li rpwe-clearfix\"><a class=\"rpwe-img\" href=\"https:\/\/www.brenne-au-coeur.com\/index.php\/2020\/08\/15\/un-bondieu-parmi-les-hommes\/portrait\/848\/\" target=\"_self\"><img class=\"rpwe-alignleft rpwe-thumb\" src=\"https:\/\/www.brenne-au-coeur.com\/wp-content\/uploads\/2022\/04\/Expo_Bondieu_04_site-120x120.jpg\" alt=\"Un Bondieu parmi les hommes\" height=\"120\" width=\"120\" loading=\"lazy\" decoding=\"async\"><\/a><h3 class=\"rpwe-title\"><a href=\"https:\/\/www.brenne-au-coeur.com\/index.php\/2020\/08\/15\/un-bondieu-parmi-les-hommes\/portrait\/848\/\" target=\"_self\">Un Bondieu parmi les hommes<\/a><\/h3><time class=\"rpwe-time published\" datetime=\"2020-08-15T21:57:16+02:00\">15 ao\u00fbt 2020<\/time><div class=\"rpwe-summary\">Du 29 ao\u00fbt au 20 septembre 2020, l\u2019abbaye de Pr\u00e9benoit pr\u00e8s de Gueret, accueillait une exposition d\u2019oeuvres de Bernard Bondieu. Des sculptures et des peintures inspir\u00e9es par un texte d\u2019Henri Michaux\u00a0: Le voyage en grande Garabagne. Du 25 septembre au 5 octobre, l\u2019artiste creusois participait \u00e0 une exposition collective consacr\u00e9e &hellip;<a href=\"https:\/\/www.brenne-au-coeur.com\/index.php\/2020\/08\/15\/un-bondieu-parmi-les-hommes\/portrait\/848\/\" class=\"more-link\">Lire la suite...<\/a><\/div><\/li><li class=\"rpwe-li rpwe-clearfix\"><a class=\"rpwe-img\" href=\"https:\/\/www.brenne-au-coeur.com\/index.php\/2020\/04\/15\/georges-informaticien-militant\/communes\/mezieres-en-brenne\/861\/\" target=\"_self\"><img class=\"rpwe-alignleft rpwe-thumb\" src=\"https:\/\/www.brenne-au-coeur.com\/wp-content\/uploads\/2022\/04\/Georges_informaticien_militant_site-120x120.jpg\" alt=\"Georges, informaticien militant\" height=\"120\" width=\"120\" loading=\"lazy\" decoding=\"async\"><\/a><h3 class=\"rpwe-title\"><a href=\"https:\/\/www.brenne-au-coeur.com\/index.php\/2020\/04\/15\/georges-informaticien-militant\/communes\/mezieres-en-brenne\/861\/\" target=\"_self\">Georges, informaticien militant<\/a><\/h3><time class=\"rpwe-time published\" datetime=\"2020-04-15T09:12:56+02:00\">15 avril 2020<\/time><div class=\"rpwe-summary\">\u00c0 la sortie de M\u00e9zi\u00e8res, sur la route de Saint-Michel-en-Brenne, non loin de la station-service, un autre garage. Un \u00ab\u00a0geek\u00a0\u00bb garage. L\u00e0, c\u2019est de r\u00e9paration d\u2019appareils informatiques qu\u2019il s\u2019agit. Un panneau annonce les services propos\u00e9s par Georges Vom Dorp. Il ne pr\u00e9sente que partiellement l\u2019\u00e9ventail des activit\u00e9s de l\u2019informaticien, car &hellip;<a href=\"https:\/\/www.brenne-au-coeur.com\/index.php\/2020\/04\/15\/georges-informaticien-militant\/communes\/mezieres-en-brenne\/861\/\" class=\"more-link\">Lire la suite...<\/a><\/div><\/li><li class=\"rpwe-li rpwe-clearfix\"><a class=\"rpwe-img\" href=\"https:\/\/www.brenne-au-coeur.com\/index.php\/2019\/12\/12\/lovilight-pret-pour-la-relance\/communes\/mezieres-en-brenne\/889\/\" target=\"_self\"><img class=\"rpwe-alignleft rpwe-thumb\" src=\"https:\/\/www.brenne-au-coeur.com\/wp-content\/uploads\/2022\/04\/Lovilight_attend_site.cleaned-120x120.jpg\" alt=\"Lovilight, pr\u00eat pour la relance\" height=\"120\" width=\"120\" loading=\"lazy\" decoding=\"async\"><\/a><h3 class=\"rpwe-title\"><a href=\"https:\/\/www.brenne-au-coeur.com\/index.php\/2019\/12\/12\/lovilight-pret-pour-la-relance\/communes\/mezieres-en-brenne\/889\/\" target=\"_self\">Lovilight, pr\u00eat pour la relance<\/a><\/h3><time class=\"rpwe-time published\" datetime=\"2019-12-12T10:54:10+01:00\">12 d\u00e9cembre 2019<\/time><div class=\"rpwe-summary\">Le 20 d\u00e9cembre 2018, Bruno Lovisone cr\u00e9e l\u2019entreprise Lovilight. Dans son atelier de M\u00e9zi\u00e8res-en-Brenne, il fabrique des luminaires \u00e0 partir de mat\u00e9riaux recycl\u00e9s. De v\u00e9ritables \u0153uvres d\u2019art n\u00e9es d\u2019une imagination fertile et d\u2019un savoir-faire remarquable. Chaque cr\u00e9ation est donc unique. Ses r\u00e9alisations peuvent \u00eatre faites sur commande \u00e0 partir de &hellip;<a href=\"https:\/\/www.brenne-au-coeur.com\/index.php\/2019\/12\/12\/lovilight-pret-pour-la-relance\/communes\/mezieres-en-brenne\/889\/\" class=\"more-link\">Lire la suite...<\/a><\/div><\/li><\/ul><\/div><!-- Generated by http:\/\/wordpress.org\/plugins\/recent-posts-widget-extended\/ --><\/div><!-- \/Widget Shortcode -->\n","protected":false},"excerpt":{"rendered":"","protected":false},"author":1,"featured_media":0,"parent":0,"menu_order":0,"comment_status":"closed","ping_status":"closed","template":"","meta":{"rop_custom_images_group":[],"rop_custom_messages_group":[],"rop_publish_now":"initial","rop_publish_now_accounts":[],"rop_publish_now_history":[],"rop_publish_now_status":"pending","_monsterinsights_skip_tracking":false,"_monsterinsights_sitenote_active":false,"_monsterinsights_sitenote_note":"","_monsterinsights_sitenote_category":0,"neve_meta_sidebar":"","neve_meta_container":"","neve_meta_enable_content_width":"off","neve_meta_content_width":100,"neve_meta_title_alignment":"","neve_meta_author_avatar":"","neve_post_elements_order":"","neve_meta_disable_header":"","neve_meta_disable_footer":"","neve_meta_disable_title":"","footnotes":""},"class_list":["post-697","page","type-page","status-publish","hentry"],"aioseo_notices":[],"jetpack-related-posts":[],"jetpack_sharing_enabled":true,"_links":{"self":[{"href":"https:\/\/www.brenne-au-coeur.com\/index.php\/wp-json\/wp\/v2\/pages\/697","targetHints":{"allow":["GET"]}}],"collection":[{"href":"https:\/\/www.brenne-au-coeur.com\/index.php\/wp-json\/wp\/v2\/pages"}],"about":[{"href":"https:\/\/www.brenne-au-coeur.com\/index.php\/wp-json\/wp\/v2\/types\/page"}],"author":[{"embeddable":true,"href":"https:\/\/www.brenne-au-coeur.com\/index.php\/wp-json\/wp\/v2\/users\/1"}],"replies":[{"embeddable":true,"href":"https:\/\/www.brenne-au-coeur.com\/index.php\/wp-json\/wp\/v2\/comments?post=697"}],"version-history":[{"count":0,"href":"https:\/\/www.brenne-au-coeur.com\/index.php\/wp-json\/wp\/v2\/pages\/697\/revisions"}],"wp:attachment":[{"href":"https:\/\/www.brenne-au-coeur.com\/index.php\/wp-json\/wp\/v2\/media?parent=697"}],"curies":[{"name":"wp","href":"https:\/\/api.w.org\/{rel}","templated":true}]}}