{"id":3878,"date":"2023-02-06T19:42:26","date_gmt":"2023-02-06T18:42:26","guid":{"rendered":"https:\/\/www.brenne-au-coeur.com\/?page_id=3878"},"modified":"2023-02-06T19:51:01","modified_gmt":"2023-02-06T18:51:01","slug":"dernieres-breves","status":"publish","type":"page","link":"https:\/\/www.brenne-au-coeur.com\/index.php\/dernieres-breves\/","title":{"rendered":"Derni\u00e8res br\u00e8ves"},"content":{"rendered":"<p>&nbsp;<\/p>\n<!-- Widget Shortcode --><div id=\"rpwe_widget-29\" class=\"widget rpwe_widget recent-posts-extended widget-shortcode area-arbitrary \"><h2 class=\"widgettitle\">Derni\u00e8res br\u00e8ves<\/h2><div  class=\"rpwe-block\"><ul class=\"rpwe-ul\"><li class=\"rpwe-li rpwe-clearfix\"><h3 class=\"rpwe-title\"><a href=\"https:\/\/www.brenne-au-coeur.com\/index.php\/2026\/04\/29\/rencontre-avec-la-maison-dallais\/breves\/7655\/\" target=\"_self\">Rencontre avec la Maison Dallais<\/a><\/h3><time class=\"rpwe-time published\" datetime=\"2026-04-29T14:34:17+02:00\">29 avril 2026<\/time><a class=\"rpwe-comment comment-count\" href=\"https:\/\/www.brenne-au-coeur.com\/index.php\/2026\/04\/29\/rencontre-avec-la-maison-dallais\/breves\/7655\/#respond\">1 commentaire<\/a><div class=\"rpwe-summary\">Jeudi 14 mai 2026 de 11h00 \u00e0 17h00 \u00e0 la Boutique de la Maison du Parc. Le Bouchet \u00e0 Rosnay. Organisateur&nbsp;: Destination Brenne. D\u00e9gustation des cr\u00e8mes dessert de la Maison Dallais. La boutique du Parc propose des rendez-vous d\u00e9gustation avec les producteurs pour d\u00e9couvrir des nouveaut\u00e9s. Gratuit. Renseignements \/ R\u00e9servation&nbsp;: 02 54 28 12 13\u00a0&hellip;&nbsp;Lire la suite &raquo;Rencontre avec la Maison Dallais<\/div><\/li><li class=\"rpwe-li rpwe-clearfix\"><h3 class=\"rpwe-title\"><a href=\"https:\/\/www.brenne-au-coeur.com\/index.php\/2026\/04\/26\/western-a-linge\/breves\/7641\/\" target=\"_self\">Western \u00e0 Ling\u00e9<\/a><\/h3><time class=\"rpwe-time published\" datetime=\"2026-04-26T10:59:30+02:00\">26 avril 2026<\/time><a class=\"rpwe-comment comment-count\" href=\"https:\/\/www.brenne-au-coeur.com\/index.php\/2026\/04\/26\/western-a-linge\/breves\/7641\/#respond\">1 commentaire<\/a><div class=\"rpwe-summary\">Dimanche 10 mai 2026 \u00e0 10h00. Champ Rocher \u00e0 Ling\u00e9. L&rsquo;\u00e9curie de Ling\u00e9 organise un concours F\u00e9d\u00e9ration Fran\u00e7aiese d&rsquo;\u00c9quitation, club et amateur . Organisateur&nbsp;: Rockfield Stable. Vous pourrez assister aux diff\u00e9rentes \u00e9preuves: trail in hand, trail, ranch trail, ranch riding, reining. Tout au long du dimanche, ils s&rsquo;affronteront suivant leur niveau. Des r\u00e9compenses seront remises&hellip;&nbsp;Lire la suite &raquo;Western \u00e0 Ling\u00e9<\/div><\/li><li class=\"rpwe-li rpwe-clearfix\"><h3 class=\"rpwe-title\"><a href=\"https:\/\/www.brenne-au-coeur.com\/index.php\/2026\/04\/26\/atelier-enfants-au-chateau\/breves\/7637\/\" target=\"_self\">Atelier enfants au ch\u00e2teau<\/a><\/h3><time class=\"rpwe-time published\" datetime=\"2026-04-26T10:27:03+02:00\">26 avril 2026<\/time><a class=\"rpwe-comment comment-count\" href=\"https:\/\/www.brenne-au-coeur.com\/index.php\/2026\/04\/26\/atelier-enfants-au-chateau\/breves\/7637\/#respond\">1 commentaire<\/a><div class=\"rpwe-summary\">Samedi 09 mai 2026, de 15h00 \u00e0 17h30. Parc du ch\u00e2teau, 31-33 Rue Hersent Luzarche \u00e0 Azay-le-Ferron. Afin d&rsquo;occuper les petits, l&rsquo;\u00e9quipe du ch\u00e2teau organise des activit\u00e9s cr\u00e9atives et manuelles. D\u00e9corer, recycler et s&rsquo;amuser&nbsp;! Sous la surveillance et avec l&rsquo;aide d&rsquo;un guide, les enfants pourront repartir avec une cr\u00e9ation&nbsp;! Tarif enfant 5 \u00e0 12 ans&hellip;&nbsp;Lire la suite &raquo;Atelier enfants au ch\u00e2teau<\/div><\/li><li class=\"rpwe-li rpwe-clearfix\"><h3 class=\"rpwe-title\"><a href=\"https:\/\/www.brenne-au-coeur.com\/index.php\/2026\/04\/22\/festival-daccordeon\/breves\/7625\/\" target=\"_self\">Festival d&rsquo;accord\u00e9on<\/a><\/h3><time class=\"rpwe-time published\" datetime=\"2026-04-22T12:09:16+02:00\">22 avril 2026<\/time><a class=\"rpwe-comment comment-count\" href=\"https:\/\/www.brenne-au-coeur.com\/index.php\/2026\/04\/22\/festival-daccordeon\/breves\/7625\/#respond\">1 commentaire<\/a><div class=\"rpwe-summary\">Vendredi 08 mai 2026 \u00e0 12h00. Aire du champ de foire \u00e0 Pouligny-Saint-Pierre. Organisateur&nbsp;: Fontgombault en f\u00eate. Pr\u00e9sence de 3 groupes: l&rsquo;orchestre Quentin Laroche, Manu Blanchet et S\u00e9bastien Perrin. Repas dansant \u00e0 partir de midi et assiette anglaise le soir. R\u00e9servation pour les repas. Possibilit\u00e9 de venir \u00e0 partir de 14h30 pour l&rsquo;apr\u00e8s-midi seulement. Adulte&hellip;&nbsp;Lire la suite &raquo;Festival d&rsquo;accord\u00e9on<\/div><\/li><li class=\"rpwe-li rpwe-clearfix\"><h3 class=\"rpwe-title\"><a href=\"https:\/\/www.brenne-au-coeur.com\/index.php\/2026\/04\/20\/concerts-au-jardin\/breves\/7623\/\" target=\"_self\">Concerts au jardin<\/a><\/h3><time class=\"rpwe-time published\" datetime=\"2026-04-20T10:26:06+02:00\">20 avril 2026<\/time><a class=\"rpwe-comment comment-count\" href=\"https:\/\/www.brenne-au-coeur.com\/index.php\/2026\/04\/20\/concerts-au-jardin\/breves\/7623\/#respond\">1 commentaire<\/a><div class=\"rpwe-summary\">Samedi 02 mai 2026 \u00e0 15h00, au Jardin du Beau,1 Le Beau \u00e0 Chaillac. Organisateur&nbsp;: Recherche \u00c9ducative L\u00e9gumi\u00e8re par l &lsquo;Action, l&rsquo;Insertion et le Social. (R.E.L.A.I.S). Fid\u00e8le \u00e0 ses valeurs sociales, le jardin agit depuis un quart de si\u00e8cle pour offrir des moments hors du temps et loin des villes tentaculaires. Afin de c\u00e9l\u00e9brer cette&hellip;&nbsp;Lire la suite &raquo;Concerts au jardin<\/div><\/li><li class=\"rpwe-li rpwe-clearfix\"><h3 class=\"rpwe-title\"><a href=\"https:\/\/www.brenne-au-coeur.com\/index.php\/2026\/04\/20\/decouverte-des-terres-de-picadon\/breves\/7621\/\" target=\"_self\">D\u00e9couverte des Terres de Picadon<\/a><\/h3><time class=\"rpwe-time published\" datetime=\"2026-04-20T10:17:50+02:00\">20 avril 2026<\/time><a class=\"rpwe-comment comment-count\" href=\"https:\/\/www.brenne-au-coeur.com\/index.php\/2026\/04\/20\/decouverte-des-terres-de-picadon\/breves\/7621\/#respond\">1 commentaire<\/a><div class=\"rpwe-summary\">Mercredi 29 avril 2026 de 14h00 \u00e0 15h00. Rendez-vous&nbsp;: Parking des Terres de Picadon (D6a) \u00e0 Saint-Michel-en-Brenne. Animatrice&nbsp;: C\u00e9cile Danel. Organisateur&nbsp;: R\u00e9serve naturelle nationale de Ch\u00e9rine. La R\u00e9serve Naturelle de Ch\u00e9rine propose une approche de la vie des Terres de Picadon. Cette courte promenade r\u00e9v\u00e8le, au d\u00e9tour du chemin, la libellule sur la mare ou&hellip;&nbsp;Lire la suite &raquo;D\u00e9couverte des Terres de Picadon<\/div><\/li><li class=\"rpwe-li rpwe-clearfix\"><h3 class=\"rpwe-title\"><a href=\"https:\/\/www.brenne-au-coeur.com\/index.php\/2026\/04\/16\/expositon-de-materiel-agricole\/breves\/7619\/\" target=\"_self\">Expositon de mat\u00e9riel agricole<\/a><\/h3><time class=\"rpwe-time published\" datetime=\"2026-04-16T14:28:43+02:00\">16 avril 2026<\/time><a class=\"rpwe-comment comment-count\" href=\"https:\/\/www.brenne-au-coeur.com\/index.php\/2026\/04\/16\/expositon-de-materiel-agricole\/breves\/7619\/#respond\">1 commentaire<\/a><div class=\"rpwe-summary\">Dimanche 26 avril 2026 \u00e0 10h00, place de l&rsquo;\u00e9glise \u00e0 Neuillay-les-bois. Organisateur&nbsp;: Association Saint Vincent. Vieux tracteurs attel\u00e9s, voitures anciennes, vieilles mobylettes. Danses folkloriques avec le groupe de Moulin s\/ Cephons. Buvette et restauration sur place. Gratuit Renseignements\u00a0: 06 83 94 08 72<\/div><\/li><li class=\"rpwe-li rpwe-clearfix\"><h3 class=\"rpwe-title\"><a href=\"https:\/\/www.brenne-au-coeur.com\/index.php\/2026\/04\/12\/tout-autour-du-chanvre\/breves\/7614\/\" target=\"_self\">Tout autour du chanvre<\/a><\/h3><time class=\"rpwe-time published\" datetime=\"2026-04-12T12:51:22+02:00\">12 avril 2026<\/time><a class=\"rpwe-comment comment-count\" href=\"https:\/\/www.brenne-au-coeur.com\/index.php\/2026\/04\/12\/tout-autour-du-chanvre\/breves\/7614\/#respond\">1 commentaire<\/a><div class=\"rpwe-summary\">Samedi 25 avril 2026, de 14h00 \u00e0 17h00, \u00e0 Prissac. Lieu de rendez-vous communiqu\u00e9 \u00e0 la r\u00e9servation. Animatrise&nbsp;: Claire Heslouis. Organisateur&nbsp;: CPIE Brenne-Berry. Diff\u00e9rents ateliers permettront de d\u00e9couvrir les multiples facettes du chanvre&nbsp;: culinaire, vestimentaire, dans la maison. Ils testeront certains de ces usages et d\u00e9couvriront plus en d\u00e9tails cette plante qui peut \u00eatre cultiv\u00e9e&hellip;&nbsp;Lire la suite &raquo;Tout autour du chanvre<\/div><\/li><li class=\"rpwe-li rpwe-clearfix\"><h3 class=\"rpwe-title\"><a href=\"https:\/\/www.brenne-au-coeur.com\/index.php\/2026\/04\/08\/visite-dun-four-a-chaux\/breves\/7586\/\" target=\"_self\">Visite d&rsquo;un four \u00e0 chaux<\/a><\/h3><time class=\"rpwe-time published\" datetime=\"2026-04-08T15:34:05+02:00\">8 avril 2026<\/time><a class=\"rpwe-comment comment-count\" href=\"https:\/\/www.brenne-au-coeur.com\/index.php\/2026\/04\/08\/visite-dun-four-a-chaux\/breves\/7586\/#respond\">1 commentaire<\/a><div class=\"rpwe-summary\">\u00c0 Vend\u0153uvres, mercredi 22 avril 2026 de 18h00 \u00e0 19h30. Rencontre autour de l&rsquo;histoire des fours \u00e0 chaux en for\u00eat de Lancosme. Site unique sur la propri\u00e9t\u00e9 familiale du Coudreau, \u00e9difi\u00e9 pour le d\u00e9veloppement local de briques et de chaux. La visite se fait sur le domaine du Coudreau, le cheminement s&rsquo;effectue ensuite \u00e0 pied&hellip;&nbsp;Lire la suite &raquo;Visite d&rsquo;un four \u00e0 chaux<\/div><\/li><li class=\"rpwe-li rpwe-clearfix\"><h3 class=\"rpwe-title\"><a href=\"https:\/\/www.brenne-au-coeur.com\/index.php\/2026\/04\/08\/un-cadeau-un-sourire\/breves\/7584\/\" target=\"_self\">Un cadeau un sourire<\/a><\/h3><time class=\"rpwe-time published\" datetime=\"2026-04-08T15:23:41+02:00\">8 avril 2026<\/time><a class=\"rpwe-comment comment-count\" href=\"https:\/\/www.brenne-au-coeur.com\/index.php\/2026\/04\/08\/un-cadeau-un-sourire\/breves\/7584\/#respond\">1 commentaire<\/a><div class=\"rpwe-summary\">Dimanche 19 avril, \u00e0 14h30, salle des f\u00eates du Blanc, \u20ac, 1 asprirateur laveur, 1un loto est organis\u00e9 par l&rsquo;association \u00ab\u00a0un cadeau, un sourire. Ouverture des portes \u00e0 13h00. Plus de 2000 \u20ac de lots. 1 carte Kdo de 300 \u20ac, de 130, 1 \u00e9cran plat 4K, nombreuses cartes Kdo de 80 \u20ac, 70 \u20ac,&hellip;&nbsp;Lire la suite &raquo;Un cadeau un sourire<\/div><\/li><li class=\"rpwe-li rpwe-clearfix\"><h3 class=\"rpwe-title\"><a href=\"https:\/\/www.brenne-au-coeur.com\/index.php\/2026\/04\/08\/rival-game\/breves\/7581\/\" target=\"_self\">Rival Game<\/a><\/h3><time class=\"rpwe-time published\" datetime=\"2026-04-08T15:07:41+02:00\">8 avril 2026<\/time><a class=\"rpwe-comment comment-count\" href=\"https:\/\/www.brenne-au-coeur.com\/index.php\/2026\/04\/08\/rival-game\/breves\/7581\/#respond\">1 commentaire<\/a><div class=\"rpwe-summary\">Vendredi 17 avril 2026 de 14h00 \u00e0 18h00 Activit\u00e9s num\u00e9riques pour les jeunes entre 13 et 18 ans. Le Relais Brenne Initiatives Jeunes (RBIJ) et la Ligue de l\u2019enseignement vous emm\u00e8nent \u00e0 Ch\u00e2teauroux, \u00e0 Monky, le plus grand complexe de loisirs indoor de Ch\u00e2teuroux. Transport compris&#8230; d\u00e9part du Blanc ou d&rsquo;ailleurs en fonction de la&hellip;&nbsp;Lire la suite &raquo;Rival Game<\/div><\/li><li class=\"rpwe-li rpwe-clearfix\"><h3 class=\"rpwe-title\"><a href=\"https:\/\/www.brenne-au-coeur.com\/index.php\/2026\/04\/08\/atelier-bricolage\/breves\/7579\/\" target=\"_self\">Atelier bricolage<\/a><\/h3><time class=\"rpwe-time published\" datetime=\"2026-04-08T14:57:54+02:00\">8 avril 2026<\/time><a class=\"rpwe-comment comment-count\" href=\"https:\/\/www.brenne-au-coeur.com\/index.php\/2026\/04\/08\/atelier-bricolage\/breves\/7579\/#respond\">1 commentaire<\/a><div class=\"rpwe-summary\">Mercredi 15 avril 2026 de 10h00 \u00e0 12h00. Rendez-vous \u00e0 La P&rsquo;tite ludo, 22 route de B\u00e9l\u00e2bre, \u00e0 Prissac. Les animatrices professionnelles de la Maison de l\u2019enfance invite les enfants de 3 \u00e0 10 ans \u00e0 bricoler, \u00e0 la ludoth\u00e8que.\u00a0 Si vous \u00eates int\u00e9rss\u00e9s vous pouvez t\u00e9l\u00e9charger tout le programme de la ludoth\u00e8que. Organisateur&nbsp;: Ludoth\u00e8que&hellip;&nbsp;Lire la suite &raquo;Atelier bricolage<\/div><\/li><li class=\"rpwe-li rpwe-clearfix\"><h3 class=\"rpwe-title\"><a href=\"https:\/\/www.brenne-au-coeur.com\/index.php\/2026\/03\/28\/metiers-darts\/breves\/7567\/\" target=\"_self\">M\u00e9tiers d&rsquo;arts<\/a><\/h3><time class=\"rpwe-time published\" datetime=\"2026-03-28T14:51:34+01:00\">28 mars 2026<\/time><a class=\"rpwe-comment comment-count\" href=\"https:\/\/www.brenne-au-coeur.com\/index.php\/2026\/03\/28\/metiers-darts\/breves\/7567\/#respond\">1 commentaire<\/a><div class=\"rpwe-summary\">Dimanche 12 avril 2026 de 10h00 \u00e0 11h00 et de 14h00 \u00e0 17h00 3 rue Pissepot Milloux \u00e0 Chaillac. Organisateur&nbsp;: Fabrice Bequet Cr\u00e9ations. Le public d\u00e9couvrira la technique des terres m\u00eal\u00e9es (n\u00e9riage) et l\u2019utilisation de la terre rouge locale dans les cr\u00e9ations (art de la table et d\u00e9coration, luminaires) en \u00e9cho au pass\u00e9 local des&hellip;&nbsp;Lire la suite &raquo;M\u00e9tiers d&rsquo;arts<\/div><\/li><li class=\"rpwe-li rpwe-clearfix\"><h3 class=\"rpwe-title\"><a href=\"https:\/\/www.brenne-au-coeur.com\/index.php\/2026\/03\/28\/cascadel-en-concert\/breves\/7565\/\" target=\"_self\">Cascadel en concert<\/a><\/h3><time class=\"rpwe-time published\" datetime=\"2026-03-28T12:48:32+01:00\">28 mars 2026<\/time><a class=\"rpwe-comment comment-count\" href=\"https:\/\/www.brenne-au-coeur.com\/index.php\/2026\/03\/28\/cascadel-en-concert\/breves\/7565\/#respond\">1 commentaire<\/a><div class=\"rpwe-summary\">Vendredi 10 avril 2026 \u00e0 20h30, 81 rue de r\u00e9publique au Blanc (\u00e0 c\u00f4t\u00e9 de la coop\u00e9rative bio Gaya). Organisateur&nbsp;: Le silo. La formation se compose de Fernanda Cabaluz, musicienne et ethnomusicologue, Ali\u00e9nor Quiblier, chanteuse lyrique et violoncelliste, et David Protano, percussionniste, accord\u00e9oniste et guitariste. Ils viennent de Chauvigny. Ils nous font d\u00e9couvrir des musiques&hellip;&nbsp;Lire la suite &raquo;Cascadel en concert<\/div><\/li><li class=\"rpwe-li rpwe-clearfix\"><h3 class=\"rpwe-title\"><a href=\"https:\/\/www.brenne-au-coeur.com\/index.php\/2026\/03\/25\/les-huiles-et-les-farines-de-laurette\/breves\/7546\/\" target=\"_self\">Les huiles et les farines de Laurette<\/a><\/h3><time class=\"rpwe-time published\" datetime=\"2026-03-25T09:18:54+01:00\">25 mars 2026<\/time><a class=\"rpwe-comment comment-count\" href=\"https:\/\/www.brenne-au-coeur.com\/index.php\/2026\/03\/25\/les-huiles-et-les-farines-de-laurette\/breves\/7546\/#respond\">1 commentaire<\/a><div class=\"rpwe-summary\">Mercredi 08 avril 2026, de 10h30 \u00e0 12h00, visite de La Maison Neuve Les Saveurs Ferronnaises \u00e0 Azay-le-Ferron. Organis\u00e9e par Laure Lavergne. L\u2019histoire des Saveurs Ferronnaises est avant tout une affaire de famille et de terre. David Lavergne reprend exploitation agricole paternelle et d\u00e9veloppe son propre silo pour valoriser les c\u00e9r\u00e9ales cultiv\u00e9es sur place. Quelques&hellip;&nbsp;Lire la suite &raquo;Les huiles et les farines de Laurette<\/div><\/li><li class=\"rpwe-li rpwe-clearfix\"><h3 class=\"rpwe-title\"><a href=\"https:\/\/www.brenne-au-coeur.com\/index.php\/2026\/03\/22\/paques-au-chateau\/breves\/7544\/\" target=\"_self\">P\u00e2ques au ch\u00e2teau<\/a><\/h3><time class=\"rpwe-time published\" datetime=\"2026-03-22T16:16:09+01:00\">22 mars 2026<\/time><a class=\"rpwe-comment comment-count\" href=\"https:\/\/www.brenne-au-coeur.com\/index.php\/2026\/03\/22\/paques-au-chateau\/breves\/7544\/#respond\">1 commentaire<\/a><div class=\"rpwe-summary\">Dimanche 05 avril 2026 de 10h00 \u00e0 18h00, grande chasse aux \u0153ufs dans le parc du ch\u00e2teau d\u2019Azay-le-Ferron, en continue, toute la journ\u00e9e, sans r\u00e9servation, spectacles de th\u00e9\u00e2tre de marionnettes , ateliers cr\u00e9atifs et maquillage, visite insolite dans les pas d&rsquo;un domestique \u00e0 18h sur r\u00e9servation. Restauration l\u00e9g\u00e8re sur place. Tarifs Adulte plein tarif Parc&hellip;&nbsp;Lire la suite &raquo;P\u00e2ques au ch\u00e2teau<\/div><\/li><li class=\"rpwe-li rpwe-clearfix\"><h3 class=\"rpwe-title\"><a href=\"https:\/\/www.brenne-au-coeur.com\/index.php\/2026\/03\/13\/la-musique-sexpose\/breves\/7539\/\" target=\"_self\">La musique s\u2019expose<\/a><\/h3><time class=\"rpwe-time published\" datetime=\"2026-03-13T08:41:22+01:00\">13 mars 2026<\/time><a class=\"rpwe-comment comment-count\" href=\"https:\/\/www.brenne-au-coeur.com\/index.php\/2026\/03\/13\/la-musique-sexpose\/breves\/7539\/#respond\">1 commentaire<\/a><div class=\"rpwe-summary\">Mardi 31 mars 2026 \u00e0 18h00, Ecomus\u00e9e de la Brenne, Ch\u00e2teau Naillac au Blanc Vernissage de l\u2019exposition \u00ab\u00a0Musique&nbsp;! Une histoire des pratiques musicales amateurs\u00a0\u00bb. D\u00e9couvrez en avant-premi\u00e8re la toute nouvelle exposition temporaire du ch\u00e2teau Naillac &#8211; \u00c9comus\u00e9e de la Brenne intitul\u00e9e \u00ab\u00a0Musique&nbsp;! Une histoire des pratiques musicales amateurs en Brenne, de 1880 \u00e0 nos jours\u00a0\u00bb.&hellip;&nbsp;Lire la suite &raquo;La musique s\u2019expose<\/div><\/li><li class=\"rpwe-li rpwe-clearfix\"><h3 class=\"rpwe-title\"><a href=\"https:\/\/www.brenne-au-coeur.com\/index.php\/2026\/03\/13\/randonnee-motos\/breves\/7537\/\" target=\"_self\">Randonn\u00e9e motos<\/a><\/h3><time class=\"rpwe-time published\" datetime=\"2026-03-13T08:30:29+01:00\">13 mars 2026<\/time><a class=\"rpwe-comment comment-count\" href=\"https:\/\/www.brenne-au-coeur.com\/index.php\/2026\/03\/13\/randonnee-motos\/breves\/7537\/#respond\">1 commentaire<\/a><div class=\"rpwe-summary\">Dimanche 29 mars 2026 de 9h30 \u00e0 17h00 \u00e0 Saint-Beno\u00eet-du-Sault. Organis\u00e9 par Am\u00e9rican Berry Custom 36. A l&rsquo;occasion du salon de la moto de Chateauroux, venez participer \u00e0 une randonn\u00e9e moto, formation en tiroir, respect du code de la route. Renseignements\u00a0: 06 88 24 23 73<\/div><\/li><li class=\"rpwe-li rpwe-clearfix\"><h3 class=\"rpwe-title\"><a href=\"https:\/\/www.brenne-au-coeur.com\/index.php\/2026\/03\/07\/lhistoire-des-dinosaures\/breves\/7503\/\" target=\"_self\">L&rsquo;histoire des dinosaures<\/a><\/h3><time class=\"rpwe-time published\" datetime=\"2026-03-07T12:36:55+01:00\">7 mars 2026<\/time><a class=\"rpwe-comment comment-count\" href=\"https:\/\/www.brenne-au-coeur.com\/index.php\/2026\/03\/07\/lhistoire-des-dinosaures\/breves\/7503\/#respond\">1 commentaire<\/a><div class=\"rpwe-summary\">Du samedi 28 mars au dimanche 29 mars, Parc des expositions, 4 Boulevard Mangin de Beauvais, au Blanc. Organisateur&nbsp;: Expo D\u00e9couverte. Le r\u00e8gne des dinosaures&nbsp;: une exposition ludique et p\u00e9dagogique pour toute la famille. Dinosaures g\u00e9ants XXL, b\u00e9b\u00e9s dinos, animations ludiques, rencontre d\u2019une trentaine de dinosaures dont le Mosasaurus unique en Europe&nbsp;! Fouille arch\u00e9ologique et&hellip;&nbsp;Lire la suite &raquo;L&rsquo;histoire des dinosaures<\/div><\/li><li class=\"rpwe-li rpwe-clearfix\"><h3 class=\"rpwe-title\"><a href=\"https:\/\/www.brenne-au-coeur.com\/index.php\/2026\/03\/07\/femmes-dici-et-dailleurs\/breves\/7501\/\" target=\"_self\">Femmes d&rsquo;ici et d&rsquo;ailleurs<\/a><\/h3><time class=\"rpwe-time published\" datetime=\"2026-03-07T12:28:56+01:00\">7 mars 2026<\/time><a class=\"rpwe-comment comment-count\" href=\"https:\/\/www.brenne-au-coeur.com\/index.php\/2026\/03\/07\/femmes-dici-et-dailleurs\/breves\/7501\/#respond\">1 commentaire<\/a><div class=\"rpwe-summary\">Mardi 24 mars 2026 \u00e0 20h00, salle des f\u00eates de Pouligny-Saint-Pierre. Rencontre chorale organis\u00e9 par le Parc naturel r\u00e9gional de la Brenne. Les enfants des classes de Bel\u00e2bre, M\u00e9rigny et Pouligny Saint Pierre, les Z&rsquo;instits et les musiciennes intervenantes du Parc naturel r\u00e9gional de la Brenne pr\u00e9sentent leur spectacle sur les femmes auteures compositrices interpr\u00e8tes.&hellip;&nbsp;Lire la suite &raquo;Femmes d&rsquo;ici et d&rsquo;ailleurs<\/div><\/li><li class=\"rpwe-li rpwe-clearfix\"><h3 class=\"rpwe-title\"><a href=\"https:\/\/www.brenne-au-coeur.com\/index.php\/2026\/03\/07\/carnaval-2\/breves\/7499\/\" target=\"_self\">Carnaval<\/a><\/h3><time class=\"rpwe-time published\" datetime=\"2026-03-07T12:12:09+01:00\">7 mars 2026<\/time><a class=\"rpwe-comment comment-count\" href=\"https:\/\/www.brenne-au-coeur.com\/index.php\/2026\/03\/07\/carnaval-2\/breves\/7499\/#respond\">1 commentaire<\/a><div class=\"rpwe-summary\">Samedi 21 mars 2026, de 8h30 \u00e0 12h00 au Blanc. Rendez-vous&nbsp;: Aire couverte, 4 Boulevard Mangin de Beauvais. 8h30 \u00e0 la bulle&nbsp;: accueil maquillage enfants + collation caf\u00e9 et pain au chocolat 10h&nbsp;: d\u00e9part du cort\u00e8ge avec les Bandastics et les majorettes de Tournon St Martin&nbsp;: d\u00e9ambulation dans le centre-ville 11h30&nbsp;: retour \u00e0 la bulle&hellip;&nbsp;Lire la suite &raquo;Carnaval<\/div><\/li><li class=\"rpwe-li rpwe-clearfix\"><h3 class=\"rpwe-title\"><a href=\"https:\/\/www.brenne-au-coeur.com\/index.php\/2026\/02\/23\/soiree-saint-patrick\/breves\/7480\/\" target=\"_self\">Soir\u00e9e Saint Patrick<\/a><\/h3><time class=\"rpwe-time published\" datetime=\"2026-02-23T14:57:28+01:00\">23 f\u00e9vrier 2026<\/time><a class=\"rpwe-comment comment-count\" href=\"https:\/\/www.brenne-au-coeur.com\/index.php\/2026\/02\/23\/soiree-saint-patrick\/breves\/7480\/#respond\">1 commentaire<\/a><div class=\"rpwe-summary\">Samedi 14 mars 2026, 20h00 au Hegarty&rsquo;s bar, 4 Place Agn\u00e8s Sorel, \u00e0 Villiers. Musiques et chansons celtiques avec Atlantic Nord Trio, repas irlandais avec des sp\u00e9cialit\u00e9s qui r\u00e9chauffent le coeur! Adulte plein tarif repas hors boisson&nbsp;: 25 \u20ac Renseignements \/ R\u00e9servation\u00a0: 02 54 39 34 69 info@hegartys.fr<\/div><\/li><li class=\"rpwe-li rpwe-clearfix\"><h3 class=\"rpwe-title\"><a href=\"https:\/\/www.brenne-au-coeur.com\/index.php\/2026\/02\/23\/theatre-forum\/breves\/7477\/\" target=\"_self\">Th\u00e9\u00e2tre forum<\/a><\/h3><time class=\"rpwe-time published\" datetime=\"2026-02-23T14:11:18+01:00\">23 f\u00e9vrier 2026<\/time><a class=\"rpwe-comment comment-count\" href=\"https:\/\/www.brenne-au-coeur.com\/index.php\/2026\/02\/23\/theatre-forum\/breves\/7477\/#respond\">1 commentaire<\/a><div class=\"rpwe-summary\">Vendredi 13 mars 2026, \u00e0 20h00. Salle communale de Neuillay-les-Bois, 7 impasse du champs de foire. En face du novel Lieu. Organisateur&nbsp;: Ail des Ours. 12 personnes ont particip\u00e9 \u00e0 un atelier de cr\u00e9ation encadr\u00e9 par \u00c9milie Renoncet et Bruno Aucante de la Barda Compagnie. Trois pi\u00e8ces ont \u00e9t\u00e9 \u00e9crites ensemble&nbsp;: La moutarde monte au&hellip;&nbsp;Lire la suite &raquo;Th\u00e9\u00e2tre forum<\/div><\/li><li class=\"rpwe-li rpwe-clearfix\"><h3 class=\"rpwe-title\"><a href=\"https:\/\/www.brenne-au-coeur.com\/index.php\/2026\/02\/19\/bourse-aux-jouets\/breves\/7444\/\" target=\"_self\">Bourse aux jouets<\/a><\/h3><time class=\"rpwe-time published\" datetime=\"2026-02-19T13:44:50+01:00\">19 f\u00e9vrier 2026<\/time><a class=\"rpwe-comment comment-count\" href=\"https:\/\/www.brenne-au-coeur.com\/index.php\/2026\/02\/19\/bourse-aux-jouets\/breves\/7444\/#respond\">1 commentaire<\/a><div class=\"rpwe-summary\">Dimanche 08 mars 2026 de 9h00 \u00e0 17h00, salle des f\u00eates de Pouligny-saint-Pierre, 1 Place des Combattants d&rsquo;Afn. L&rsquo;association des amis de l&rsquo;\u00e9cole de Pouligny propose une bourse jouets et v\u00eatements. Buvette et gourmandises sur place. Acc\u00e8s gratuit. Renseignements\u00a0: aaep36@gmail.com<\/div><\/li><li class=\"rpwe-li rpwe-clearfix\"><h3 class=\"rpwe-title\"><a href=\"https:\/\/www.brenne-au-coeur.com\/index.php\/2026\/02\/10\/concert-7\/breves\/7414\/\" target=\"_self\">Concert<\/a><\/h3><time class=\"rpwe-time published\" datetime=\"2026-02-10T12:38:13+01:00\">10 f\u00e9vrier 2026<\/time><a class=\"rpwe-comment comment-count\" href=\"https:\/\/www.brenne-au-coeur.com\/index.php\/2026\/02\/10\/concert-7\/breves\/7414\/#respond\">1 commentaire<\/a><div class=\"rpwe-summary\">Dimanche 01 mars 2026 \u00e0 15h00, \u00c9glise Saint-Simon-Saint-Jude. Rue de l&rsquo;\u00e9glise \u00e0 Thenay. Concert de musiques et chant traditionnels donn\u00e9 par les Pastouriaux de Buzan\u00e7ais, suivi d&rsquo;un verre de l&rsquo;amiti\u00e9. Libre participation.<\/div><\/li><li class=\"rpwe-li rpwe-clearfix\"><h3 class=\"rpwe-title\"><a href=\"https:\/\/www.brenne-au-coeur.com\/index.php\/2026\/02\/10\/marche-aux-livres\/breves\/7412\/\" target=\"_self\">March\u00e9 aux livres<\/a><\/h3><time class=\"rpwe-time published\" datetime=\"2026-02-10T12:32:52+01:00\">10 f\u00e9vrier 2026<\/time><a class=\"rpwe-comment comment-count\" href=\"https:\/\/www.brenne-au-coeur.com\/index.php\/2026\/02\/10\/marche-aux-livres\/breves\/7412\/#respond\">1 commentaire<\/a><div class=\"rpwe-summary\">&nbsp; Dimanche 01 mars, de 8h00 \u00e0 16h00 2026, \u00e0 Saint-Gaultier, salle des f\u00eates, 9 Impasse de la Plaine des Ch\u00e9zeaux. Organis\u00e9 par la mairie de Saint-Gaultier. Livres, affiches, cartes postales, timbres, cassettes audio, vinyles. Cet \u00e9v\u00e8nement promet de ravir les collectionneurs et amateurs d&rsquo;objets vintage. Acc\u00e8s gratuit. Renseignements\u00a0: 02 54 01 66 00<\/div><\/li><li class=\"rpwe-li rpwe-clearfix\"><h3 class=\"rpwe-title\"><a href=\"https:\/\/www.brenne-au-coeur.com\/index.php\/2026\/02\/06\/le-bal-de-laleuf\/breves\/7405\/\" target=\"_self\">Le bal de Laleuf<\/a><\/h3><time class=\"rpwe-time published\" datetime=\"2026-02-06T14:01:43+01:00\">6 f\u00e9vrier 2026<\/time><a class=\"rpwe-comment comment-count\" href=\"https:\/\/www.brenne-au-coeur.com\/index.php\/2026\/02\/06\/le-bal-de-laleuf\/breves\/7405\/#respond\">1 commentaire<\/a><div class=\"rpwe-summary\">Samedi 21 f\u00e9vrier 2026, \u00e0 21h00, salle des f\u00eates de Luant. Organisateur&nbsp;: Les colibris en Brenne et en Berry. A 21h on commence avec Aur\u00e9lien Claranbaux, Aur\u00e9lien met sa polyvalence musicale au service de la danse et de l\u2019\u00e9coute, proposant un voyage immersif \u00e0 travers son projet solo. Entre m\u00e9lodie, rythmique, improvisation et nuances, il&hellip;&nbsp;Lire la suite &raquo;Le bal de Laleuf<\/div><\/li><li class=\"rpwe-li rpwe-clearfix\"><h3 class=\"rpwe-title\"><a href=\"https:\/\/www.brenne-au-coeur.com\/index.php\/2026\/02\/01\/concert-6\/breves\/7375\/\" target=\"_self\">Concert<\/a><\/h3><time class=\"rpwe-time published\" datetime=\"2026-02-01T11:49:40+01:00\">1 f\u00e9vrier 2026<\/time><a class=\"rpwe-comment comment-count\" href=\"https:\/\/www.brenne-au-coeur.com\/index.php\/2026\/02\/01\/concert-6\/breves\/7375\/#respond\">1 commentaire<\/a><div class=\"rpwe-summary\">Samedi 21 f\u00e9vrier 2026 \u00e0 21h00. Brenne Bar, 35 route de Buzan\u00e7ais \u00e0 Meobecq. La musique que propose Am ketenes sort des sentiers du jazz manouche et emprunte les chemins des Balkans, des pays latins, et de la m\u00e9diterran\u00e9e. Un jazz aux couleurs du monde fait de compositions qui rassemblent les culture dans une joyeuse&hellip;&nbsp;Lire la suite &raquo;Concert<\/div><\/li><li class=\"rpwe-li rpwe-clearfix\"><h3 class=\"rpwe-title\"><a href=\"https:\/\/www.brenne-au-coeur.com\/index.php\/2026\/02\/01\/le-berry-au-temps-des-gladiateurs\/breves\/7373\/\" target=\"_self\">Le Berry au temps des gladiateurs<\/a><\/h3><time class=\"rpwe-time published\" datetime=\"2026-02-01T11:44:19+01:00\">1 f\u00e9vrier 2026<\/time><a class=\"rpwe-comment comment-count\" href=\"https:\/\/www.brenne-au-coeur.com\/index.php\/2026\/02\/01\/le-berry-au-temps-des-gladiateurs\/breves\/7373\/#respond\">1 commentaire<\/a><div class=\"rpwe-summary\">Jeudi 19 f\u00e9vrier 2026 \u00e0 18h00, Conf\u00e9rence de G\u00e9rard Coulon. Salle des associations (derri\u00e8re la mairie) \u00e0 Saint-Gaultier. Organisateur&nbsp;: Soci\u00e9t\u00e9 d&rsquo;\u00e9tudes historiques du canton de Saint-Gaultier. G\u00e9rard Coulon, conservateur en chef du Patrimoine, nous pr\u00e9sentera Le Berry au temps des gladiateurs. Et si des gladiateurs avaient combattu en Berry&nbsp;? Le conf\u00e9rencier montrera d\u2019abord comment le&hellip;&nbsp;Lire la suite &raquo;Le Berry au temps des gladiateurs<\/div><\/li><li class=\"rpwe-li rpwe-clearfix\"><h3 class=\"rpwe-title\"><a href=\"https:\/\/www.brenne-au-coeur.com\/index.php\/2026\/02\/01\/theatre-3\/breves\/7371\/\" target=\"_self\">Th\u00e9\u00e2tre<\/a><\/h3><time class=\"rpwe-time published\" datetime=\"2026-02-01T11:36:38+01:00\">1 f\u00e9vrier 2026<\/time><a class=\"rpwe-comment comment-count\" href=\"https:\/\/www.brenne-au-coeur.com\/index.php\/2026\/02\/01\/theatre-3\/breves\/7371\/#respond\">1 commentaire<\/a><div class=\"rpwe-summary\">&nbsp; Samedi 14 f\u00e9vrier 2026 \u00e0 20h00. Salle des f\u00eates, Route nationale \u00e0 Ciron. La troupe de th\u00e9\u00e2tre des Trois Vall\u00e9es vous convie au th\u00e9\u00e2tre et \u00e0 la com\u00e9die. \u00ab\u00a0La loterie de l&rsquo;infortune\u00a0\u00bb d&rsquo;Ang\u00e9lique Sutty (6 sayn\u00e8tes). (105 min)&nbsp;: Les statistiques sont implacables&nbsp;: Vous avez une chance sur 14 millions de gagner \u00e0 la loterie.&hellip;&nbsp;Lire la suite &raquo;Th\u00e9\u00e2tre<\/div><\/li><li class=\"rpwe-li rpwe-clearfix\"><h3 class=\"rpwe-title\"><a href=\"https:\/\/www.brenne-au-coeur.com\/index.php\/2026\/01\/15\/atelier-ceramique-2\/breves\/7355\/\" target=\"_self\">Atelier c\u00e9ramique<\/a><\/h3><time class=\"rpwe-time published\" datetime=\"2026-01-15T15:28:16+01:00\">15 janvier 2026<\/time><a class=\"rpwe-comment comment-count\" href=\"https:\/\/www.brenne-au-coeur.com\/index.php\/2026\/01\/15\/atelier-ceramique-2\/breves\/7355\/#respond\">1 commentaire<\/a><div class=\"rpwe-summary\">Lundi 9 f\u00e9vrier de 9h00 \u00e0 16h00,\u00a0 \u00e0 la Coudraie \u00e0 Douadic. Organis\u00e9 par Sylvaine Braco, tournage et modelage. Seront utilis\u00e9s du gr\u00e8s et des englobes pour donner du style aux cr\u00e9ations. Apr\u00e8s une semaine, les \u0153uvres seront pr\u00eates \u00e0 \u00eatre r\u00e9cup\u00e9r\u00e9es. R\u00e9servation obligatoire. Nombre de places limit\u00e9. Adulte plein tarif\u00a0&nbsp;: 90 euros 06 29&hellip;&nbsp;Lire la suite &raquo;Atelier c\u00e9ramique<\/div><\/li><li class=\"rpwe-li rpwe-clearfix\"><h3 class=\"rpwe-title\"><a href=\"https:\/\/www.brenne-au-coeur.com\/index.php\/2026\/01\/15\/voyage-poetique\/breves\/7353\/\" target=\"_self\">Voyage po\u00e9tique<\/a><\/h3><time class=\"rpwe-time published\" datetime=\"2026-01-15T15:10:06+01:00\">15 janvier 2026<\/time><a class=\"rpwe-comment comment-count\" href=\"https:\/\/www.brenne-au-coeur.com\/index.php\/2026\/01\/15\/voyage-poetique\/breves\/7353\/#respond\">1 commentaire<\/a><div class=\"rpwe-summary\">Vendredi 6 f\u00e9vrier de 18h00 \u00e0 19h00, la mediatheque d&rsquo;Azay-le-ferron propose un voyage po\u00e9tique et visuel Sur la route de la Sie. D&rsquo;Istanbul \u00e0 Tachken, le public d\u00e9couvrira les po\u00e8tes perses et ouzbek du VIIe si\u00e8cle \u00e0 nos jours ainsi\u00a0 que quelques po\u00e8tes afghans contemporains.\u00a0 Une projection de sites splendides et d&rsquo;une multitude d&rsquo;\u0153uvres d&rsquo;art&hellip;&nbsp;Lire la suite &raquo;Voyage po\u00e9tique<\/div><\/li><li class=\"rpwe-li rpwe-clearfix\"><h3 class=\"rpwe-title\"><a href=\"https:\/\/www.brenne-au-coeur.com\/index.php\/2026\/01\/15\/bistro-bio\/breves\/7350\/\" target=\"_self\">Bistro bio<\/a><\/h3><time class=\"rpwe-time published\" datetime=\"2026-01-15T14:51:19+01:00\">15 janvier 2026<\/time><a class=\"rpwe-comment comment-count\" href=\"https:\/\/www.brenne-au-coeur.com\/index.php\/2026\/01\/15\/bistro-bio\/breves\/7350\/#respond\">1 commentaire<\/a><div class=\"rpwe-summary\">Vendredi 30 janvier, au Blanc, le Silo bistro bio et culturel ouvre ses portes \u00e0 partir de 18h00. Pour cette premi\u00e8re soir\u00e9e, le public invit\u00e9 \u00e0 venir \u00e9changer\u00a0 pour s&rsquo;impliquer ou simplement boire un verre et grignoter entre amis. Rendez-vous tous les vendredis de 18h00 \u00e0 minuit,\u00a0 \u00e0 c\u00f4t\u00e9 de la coop\u00e9rative\u00a0 Gaya. Gratuit. Pour&hellip;&nbsp;Lire la suite &raquo;Bistro bio<\/div><\/li><li class=\"rpwe-li rpwe-clearfix\"><h3 class=\"rpwe-title\"><a href=\"https:\/\/www.brenne-au-coeur.com\/index.php\/2026\/01\/04\/ateliers-de-dessin\/breves\/7344\/\" target=\"_self\">Ateliers de dessin<\/a><\/h3><time class=\"rpwe-time published\" datetime=\"2026-01-04T16:45:56+01:00\">4 janvier 2026<\/time><a class=\"rpwe-comment comment-count\" href=\"https:\/\/www.brenne-au-coeur.com\/index.php\/2026\/01\/04\/ateliers-de-dessin\/breves\/7344\/#respond\">1 commentaire<\/a><div class=\"rpwe-summary\">Samedi 24 janvier, la m\u00e9diath\u00e8que de M\u00e9zi\u00e8res-en-Brenne propose un atelier anim\u00e9 par Marie Corail, sur le th\u00e8me \u00a0\u00bb Manga et folklore japonais \u00ab\u00a0. R\u00e9servation obligatoire. Nombre de places limit\u00e9.\u00a0 Cet atelier est destin\u00e9 aux enfants de\u00a0 6 \u00e0 12 ans.\u00a0 Le 7 f\u00e9vrier il concernera les ados de 12 \u00e0 15 ans. Gratuit. Renseignements et&hellip;&nbsp;Lire la suite &raquo;Ateliers de dessin<\/div><\/li><li class=\"rpwe-li rpwe-clearfix\"><h3 class=\"rpwe-title\"><a href=\"https:\/\/www.brenne-au-coeur.com\/index.php\/2025\/12\/31\/nuits-de-la-lecture\/breves\/7335\/\" target=\"_self\">Nuits de la lecture<\/a><\/h3><time class=\"rpwe-time published\" datetime=\"2025-12-31T13:49:17+01:00\">31 d\u00e9cembre 2025<\/time><a class=\"rpwe-comment comment-count\" href=\"https:\/\/www.brenne-au-coeur.com\/index.php\/2025\/12\/31\/nuits-de-la-lecture\/breves\/7335\/#respond\">1 commentaire<\/a><div class=\"rpwe-summary\">Vendredi 23 janvier de 19h \u00e0 20h, la mediatheque du Blanc propose ce rendez-vous nocturne. Les nuits de la lecture reviennent pour une 10e \u00e9dition sur le th\u00e8me&nbsp;: villes et campagnes. Soir\u00e9e pyjama et lecture avec chocolat chaud. R\u00e9servation conseill\u00e9e \u00e0 partir de 4 ans. Acc\u00e8s gratuit. Renseignements et r\u00e9servations 02 54 28 05 20&hellip;&nbsp;Lire la suite &raquo;Nuits de la lecture<\/div><\/li><li class=\"rpwe-li rpwe-clearfix\"><h3 class=\"rpwe-title\"><a href=\"https:\/\/www.brenne-au-coeur.com\/index.php\/2025\/12\/18\/cafe-des-parents\/breves\/7309\/\" target=\"_self\">Caf\u00e9 des parents<\/a><\/h3><time class=\"rpwe-time published\" datetime=\"2025-12-18T12:39:31+01:00\">18 d\u00e9cembre 2025<\/time><a class=\"rpwe-comment comment-count\" href=\"https:\/\/www.brenne-au-coeur.com\/index.php\/2025\/12\/18\/cafe-des-parents\/breves\/7309\/#respond\">1 commentaire<\/a><div class=\"rpwe-summary\">Mardi 13 janvier 2026, de 17h15 \u00e0 18h45, 1 rue Jean Giraudoux. Le Blanc. Organisateur&nbsp;: Centre social le part&rsquo;\u00e2ge. La famille dans tous ses \u00e9tats&nbsp;! Venez rencontrer d&rsquo;autres parents lors de ce caf\u00e9-\u00e9change, o\u00f9 l&rsquo;on parle sans complexe et en toute simplicit\u00e9 de la famille, les enfants, la parentalit\u00e9. Un moment convivial, d&rsquo;\u00e9change et d&rsquo;\u00e9coute&hellip;&nbsp;Lire la suite &raquo;Caf\u00e9 des parents<\/div><\/li><li class=\"rpwe-li rpwe-clearfix\"><h3 class=\"rpwe-title\"><a href=\"https:\/\/www.brenne-au-coeur.com\/index.php\/2025\/12\/18\/atelier-de-reparation\/breves\/7307\/\" target=\"_self\">Atelier de r\u00e9paration<\/a><\/h3><time class=\"rpwe-time published\" datetime=\"2025-12-18T12:26:57+01:00\">18 d\u00e9cembre 2025<\/time><a class=\"rpwe-comment comment-count\" href=\"https:\/\/www.brenne-au-coeur.com\/index.php\/2025\/12\/18\/atelier-de-reparation\/breves\/7307\/#respond\">1 commentaire<\/a><div class=\"rpwe-summary\">Samedi 10 janvier 2026, de 10h00 \u00e0 12h00 et de 14h00 \u00e0 17h00, 14 quai Aub\u00e9pin. Le Blanc. Vous avez un appareil en panne, et vous souhaitez des conseils d&rsquo;entretien ou simplement partager un bon moment&#8230; Le R\u00e9parLab propose un atelier d&rsquo;aide et d&rsquo;accompagnement&nbsp;: r\u00e9paration \/ entretien \/ diagnostics techniques \/ conseils Pour vos objets&hellip;&nbsp;Lire la suite &raquo;Atelier de r\u00e9paration<\/div><\/li><li class=\"rpwe-li rpwe-clearfix\"><h3 class=\"rpwe-title\"><a href=\"https:\/\/www.brenne-au-coeur.com\/index.php\/2025\/12\/18\/maurice-rollinat-en-brenne\/breves\/7305\/\" target=\"_self\">Maurice Rollinat en Brenne<\/a><\/h3><time class=\"rpwe-time published\" datetime=\"2025-12-18T12:19:52+01:00\">18 d\u00e9cembre 2025<\/time><a class=\"rpwe-comment comment-count\" href=\"https:\/\/www.brenne-au-coeur.com\/index.php\/2025\/12\/18\/maurice-rollinat-en-brenne\/breves\/7305\/#respond\">1 commentaire<\/a><div class=\"rpwe-summary\">Jeudi 08 janvier 2026 \u00e0 18h00, salle Carnot, rue Pasteur. Le Blanc. Organisateur&nbsp;: UIPB. Au milieu des ann\u00e9es 1890, Jules de Vorys invite son ami Maurice Rollinat, \u00e0 venir chez lui \u00e0 La Chaume. Il lui fait d\u00e9couvrir la Brenne et visiter le ch\u00e2teau du Bouchet. Maurice Rollinat \u00e9crira en souvenir de ces lieux \u00ab\u00a0L&rsquo;\u00e9tang&hellip;&nbsp;Lire la suite &raquo;Maurice Rollinat en Brenne<\/div><\/li><li class=\"rpwe-li rpwe-clearfix\"><h3 class=\"rpwe-title\"><a href=\"https:\/\/www.brenne-au-coeur.com\/index.php\/2025\/12\/18\/les-oiseaux-hivernants\/breves\/7303\/\" target=\"_self\">Les oiseaux hivernants<\/a><\/h3><time class=\"rpwe-time published\" datetime=\"2025-12-18T12:12:54+01:00\">18 d\u00e9cembre 2025<\/time><a class=\"rpwe-comment comment-count\" href=\"https:\/\/www.brenne-au-coeur.com\/index.php\/2025\/12\/18\/les-oiseaux-hivernants\/breves\/7303\/#respond\">1 commentaire<\/a><div class=\"rpwe-summary\">Dimanche 04 janvier 2026, de 9h00 \u00e0 11h00 Venez rencontrer les nombreuses esp\u00e8ces d&rsquo;oiseaux d&rsquo;eau qui fr\u00e9quentent la Brenne en hiver. Votre guide tiendra une longue vue \u00e0 votre disposition et vous fournira toutes les explications, et anecdotes en rapport avec les esp\u00e8ces observ\u00e9es. Lieu de rendez-vous communiqu\u00e9 \u00e0 la r\u00e9servation. Organisateur&nbsp;: Objectif Brenne.\u00a0 R\u00e9servation&hellip;&nbsp;Lire la suite &raquo;Les oiseaux hivernants<\/div><\/li><li class=\"rpwe-li rpwe-clearfix\"><h3 class=\"rpwe-title\"><a href=\"https:\/\/www.brenne-au-coeur.com\/index.php\/2025\/12\/09\/atelier-ceramique\/breves\/7300\/\" target=\"_self\">Atelier\u00a0c\u00e9ramique\u00a0<\/a><\/h3><time class=\"rpwe-time published\" datetime=\"2025-12-09T16:55:22+01:00\">9 d\u00e9cembre 2025<\/time><a class=\"rpwe-comment comment-count\" href=\"https:\/\/www.brenne-au-coeur.com\/index.php\/2025\/12\/09\/atelier-ceramique\/breves\/7300\/#respond\">1 commentaire<\/a><div class=\"rpwe-summary\">Samedi 27 d\u00e9cembre de 13h30 \u00e0 16h30, \u00e0 Douadic, Sylviane Braco propose une s\u00e9ance de\u00a0tournage et modelage. Pour No\u00ebl offrez un souvenir cr\u00e9atif&nbsp;! Vous utiliserez du gr\u00e8s blanc et des engobes pour donner du style \u00e0 vos cr\u00e9ations.\u00a0 R\u00e9servation obligatoire. Nombre de places limit\u00e9. Le prix\u00a0comprend:\u00a0jusqu&rsquo;\u00e0 2 pi\u00e8ces + \u00e9maillage + 2 cuissons et apr\u00e8s&hellip;&nbsp;Lire la suite &raquo;Atelier\u00a0c\u00e9ramique\u00a0<\/div><\/li><li class=\"rpwe-li rpwe-clearfix\"><h3 class=\"rpwe-title\"><a href=\"https:\/\/www.brenne-au-coeur.com\/index.php\/2025\/12\/01\/histoires-de-noel\/breves\/7293\/\" target=\"_self\">Histoires de No\u00ebl<\/a><\/h3><time class=\"rpwe-time published\" datetime=\"2025-12-01T15:08:15+01:00\">1 d\u00e9cembre 2025<\/time><a class=\"rpwe-comment comment-count\" href=\"https:\/\/www.brenne-au-coeur.com\/index.php\/2025\/12\/01\/histoires-de-noel\/breves\/7293\/#respond\">1 commentaire<\/a><div class=\"rpwe-summary\">Lundi 22 d\u00e9cembre 2025 \u00e0 15h00, m\u00e9diath\u00e8que de Martizay. Venez \u00e9couter des histoires de No\u00ebl pour les enfants de 4 \u00e0 10 ans. R\u00e9servation obligatoire. Enfant de 4 \u00e0 10 ans. Chocolat chaud offert. Acc\u00e8s gratuit Renseignements \/ R\u00e9servation 02 54 37 87 86 mediatheque@martizay.fr www.mediathequesdelabrenne.fr<\/div><\/li><li class=\"rpwe-li rpwe-clearfix\"><h3 class=\"rpwe-title\"><a href=\"https:\/\/www.brenne-au-coeur.com\/index.php\/2025\/12\/01\/rencontre-avec-la-capricieuse\/breves\/7290\/\" target=\"_self\">Rencontre avec la Capricieuse<\/a><\/h3><time class=\"rpwe-time published\" datetime=\"2025-12-01T14:54:46+01:00\">1 d\u00e9cembre 2025<\/time><a class=\"rpwe-comment comment-count\" href=\"https:\/\/www.brenne-au-coeur.com\/index.php\/2025\/12\/01\/rencontre-avec-la-capricieuse\/breves\/7290\/#respond\">1 commentaire<\/a><div class=\"rpwe-summary\">Lundi 22 d\u00e9cembre 2025 de 14h00 \u00e0 17h00. Boutique de la Maison du Parc,Le Bouchet \u00e0 Ronay. Organisateur&nbsp;: Destination Brenne. La Capricieuse vous propose une animation\/d\u00e9gustation \u00e0 la Boutique du Parc. La Capricieuse est une liqueur innovante et artisanale, \u00e0 base de lait de ch\u00e8vre ou de vache. Son go\u00fbt frais, gourmand et subtil est&hellip;&nbsp;Lire la suite &raquo;Rencontre avec la Capricieuse<\/div><\/li><li class=\"rpwe-li rpwe-clearfix\"><h3 class=\"rpwe-title\"><a href=\"https:\/\/www.brenne-au-coeur.com\/index.php\/2025\/11\/28\/defile-de-tracteurs-illumines\/breves\/7280\/\" target=\"_self\">D\u00e9fil\u00e9 de tracteurs illumin\u00e9s<\/a><\/h3><time class=\"rpwe-time published\" datetime=\"2025-11-28T14:48:00+01:00\">28 novembre 2025<\/time><a class=\"rpwe-comment comment-count\" href=\"https:\/\/www.brenne-au-coeur.com\/index.php\/2025\/11\/28\/defile-de-tracteurs-illumines\/breves\/7280\/#respond\">1 commentaire<\/a><div class=\"rpwe-summary\">Vendredi 19 d\u00e9cembre 2025 de 17h30 \u00e0 20h00. \u00ab\u00a0Village en f\u00eate\u00a0\u00bb organise un d\u00e9fil\u00e9. Les agriculteurs vous invitent \u00e0 partager un moment convivial et magique autour d\u2019un d\u00e9fil\u00e9 unique de tracteurs, soigneusement d\u00e9cor\u00e9s et qui brilleront de mille feux. Ambiance conviviale et festive avec de nombreuses surprises&nbsp;! Le d\u00e9fil\u00e9 sera visible \u00e0 17h40&nbsp;: La Bigoureau,&hellip;&nbsp;Lire la suite &raquo;D\u00e9fil\u00e9 de tracteurs illumin\u00e9s<\/div><\/li><li class=\"rpwe-li rpwe-clearfix\"><h3 class=\"rpwe-title\"><a href=\"https:\/\/www.brenne-au-coeur.com\/index.php\/2025\/11\/25\/poterie\/breves\/7272\/\" target=\"_self\">Poterie<\/a><\/h3><time class=\"rpwe-time published\" datetime=\"2025-11-25T10:59:39+01:00\">25 novembre 2025<\/time><a class=\"rpwe-comment comment-count\" href=\"https:\/\/www.brenne-au-coeur.com\/index.php\/2025\/11\/25\/poterie\/breves\/7272\/#respond\">1 commentaire<\/a><div class=\"rpwe-summary\">Rencontre avec La poterie de la Bout&#8217;bout, mercredi 17 d\u00e9cembre 2025 de 14h00 \u00e0 17h00. Boutique de la Maison du Parc, Le Bouchet \u00e0 Rosnay. Organisateur&nbsp;: Destination Brenne. Carole Bricault vous exposera son travail de poterie et fera une d\u00e9monstration de peinture sur ses \u0153uvres. Acc\u00e8s gratuit. Renseignements\u00a0: 02 54 28 12 13 boutique.maisonduparc@destination-brenne.fr www.poteriedelaboutbout.com\/&hellip;&nbsp;Lire la suite &raquo;Poterie<\/div><\/li><li class=\"rpwe-li rpwe-clearfix\"><h3 class=\"rpwe-title\"><a href=\"https:\/\/www.brenne-au-coeur.com\/index.php\/2025\/11\/20\/la-bourse-a-martizay\/breves\/7190\/\" target=\"_self\">La Bourse \u00e0 Martizay<\/a><\/h3><time class=\"rpwe-time published\" datetime=\"2025-11-20T18:15:51+01:00\">20 novembre 2025<\/time><a class=\"rpwe-comment comment-count\" href=\"https:\/\/www.brenne-au-coeur.com\/index.php\/2025\/11\/20\/la-bourse-a-martizay\/breves\/7190\/#respond\">1 commentaire<\/a><div class=\"rpwe-summary\">&nbsp; Bourse aux jouets et trouvailles locales, dimanche 07 d\u00e9cembre 2025 de 10h00 \u00e0 17h00. Salle des f\u00eates Place du Champ de Foire \u00e0 Martizay Id\u00e9es cadeaux et bourse aux jouets. Acc\u00e8s gratuit Renseignements \/ R\u00e9servation 02 54 39 29 01 02 54 37 87 86<\/div><\/li><li class=\"rpwe-li rpwe-clearfix\"><h3 class=\"rpwe-title\"><a href=\"https:\/\/www.brenne-au-coeur.com\/index.php\/2025\/11\/20\/soiree-country\/breves\/7188\/\" target=\"_self\">Soir\u00e9e Country<\/a><\/h3><time class=\"rpwe-time published\" datetime=\"2025-11-20T18:03:44+01:00\">20 novembre 2025<\/time><a class=\"rpwe-comment comment-count\" href=\"https:\/\/www.brenne-au-coeur.com\/index.php\/2025\/11\/20\/soiree-country\/breves\/7188\/#respond\">1 commentaire<\/a><div class=\"rpwe-summary\">Samedi 29 novembre 2025 \u00e0 19h00, Salle des f\u00eates Rue Grande \u00e0 Vend\u0153uvres Organisateur&nbsp;: Brenne&rsquo;s Country. Soir\u00e9e anim\u00e9e par le Brenne&rsquo;s Country Club, au programme&nbsp;: danses vintage et animation. Buvette et restauration sur place. R\u00e9servation obligatoire. Renseignements \/ R\u00e9servation 06 22 34 46 54 Facebook<\/div><\/li><li class=\"rpwe-li rpwe-clearfix\"><h3 class=\"rpwe-title\"><a href=\"https:\/\/www.brenne-au-coeur.com\/index.php\/2025\/11\/14\/les-pouvoirs-inutiles\/breves\/7182\/\" target=\"_self\">Les pouvoirs inutiles<\/a><\/h3><time class=\"rpwe-time published\" datetime=\"2025-11-14T15:15:38+01:00\">14 novembre 2025<\/time><a class=\"rpwe-comment comment-count\" href=\"https:\/\/www.brenne-au-coeur.com\/index.php\/2025\/11\/14\/les-pouvoirs-inutiles\/breves\/7182\/#respond\">1 commentaire<\/a><div class=\"rpwe-summary\">Spectacle, samedi 29 novembre 2025 \u00e0 16h00, Salle des f\u00eates de M\u00e9zi\u00e8res-en-Brenne Organisateur&nbsp;: M\u00e9diath\u00e8que de M\u00e9zi\u00e8res-en-Brenne. Nous avons tous des pouvoirs, mais ne savons pas les mettre en avant. Raoul Relax nous partage ici quelques astuces pour les sortir de leur inutilit\u00e9. Une fois ma\u00eetris\u00e9s, les pouvoirs peuvent m\u00eame devenir magiques&nbsp;! R\u00e9servation conseill\u00e9e. Tout public&hellip;&nbsp;Lire la suite &raquo;Les pouvoirs inutiles<\/div><\/li><li class=\"rpwe-li rpwe-clearfix\"><h3 class=\"rpwe-title\"><a href=\"https:\/\/www.brenne-au-coeur.com\/index.php\/2025\/11\/14\/cours-de-danse-1900\/breves\/7180\/\" target=\"_self\">Cours de danse 1900<\/a><\/h3><time class=\"rpwe-time published\" datetime=\"2025-11-14T15:13:08+01:00\">14 novembre 2025<\/time><a class=\"rpwe-comment comment-count\" href=\"https:\/\/www.brenne-au-coeur.com\/index.php\/2025\/11\/14\/cours-de-danse-1900\/breves\/7180\/#respond\">1 commentaire<\/a><div class=\"rpwe-summary\">&nbsp; &nbsp; Mercredi 26 novembre 2025, de 18h30 \u00e0 20h00. Salle municipale de Dunet Organisateur&nbsp;: Association Tissu d&rsquo;histoire. Venez d\u00e9couvrir les danses anciennes et retrouver l&rsquo;ambiance des bals d&rsquo;antan. Les cours se d\u00e9rouleront 2 mercredi par mois. Inscription pour 6 mois. Nombre de places limit\u00e9. Adulte plein tarif&nbsp;: 12 \u20ac Autre tarif un couple&nbsp;: 20&hellip;&nbsp;Lire la suite &raquo;Cours de danse 1900<\/div><\/li><li class=\"rpwe-li rpwe-clearfix\"><h3 class=\"rpwe-title\"><a href=\"https:\/\/www.brenne-au-coeur.com\/index.php\/2025\/11\/14\/journee-droit-a-lalimentation\/breves\/7177\/\" target=\"_self\">Journ\u00e9e droit \u00e0 l&rsquo;alimentation<\/a><\/h3><time class=\"rpwe-time published\" datetime=\"2025-11-14T15:09:07+01:00\">14 novembre 2025<\/time><a class=\"rpwe-comment comment-count\" href=\"https:\/\/www.brenne-au-coeur.com\/index.php\/2025\/11\/14\/journee-droit-a-lalimentation\/breves\/7177\/#respond\">1 commentaire<\/a><div class=\"rpwe-summary\">Lundi 24 novembre 2025 de 9h30 \u00e0 17h00 au Village vacances de Bellebouche M\u00e9zi\u00e8res-en-Brenne. Organisateur&nbsp;: Brenne Solidaire, le PNR Brenne, le Centre social Le Part&rsquo;\u00c2ges et la MSA Berry-Touraine. Cette journ\u00e9e est l\u2019occasion de rappeler que l\u2019acc\u00e8s \u00e0 une alimentation de qualit\u00e9 ne doit pas \u00eatre un luxe mais un droit fondamental. En 2025, l\u2019alimentation&hellip;&nbsp;Lire la suite &raquo;Journ\u00e9e droit \u00e0 l&rsquo;alimentation<\/div><\/li><li class=\"rpwe-li rpwe-clearfix\"><h3 class=\"rpwe-title\"><a href=\"https:\/\/www.brenne-au-coeur.com\/index.php\/2025\/11\/01\/coulons-ensemble\/breves\/7145\/\" target=\"_self\">Coulons ensemble<\/a><\/h3><time class=\"rpwe-time published\" datetime=\"2025-11-01T16:15:47+01:00\">1 novembre 2025<\/time><a class=\"rpwe-comment comment-count\" href=\"https:\/\/www.brenne-au-coeur.com\/index.php\/2025\/11\/01\/coulons-ensemble\/breves\/7145\/#respond\">1 commentaire<\/a><div class=\"rpwe-summary\">Vendredi 21 novembre 2025 de 10h00 \u00e0 18h00, 10 rue de l&rsquo;\u00e9cole \u00e0 N\u00e9ons-sur-Creuse Une farce clownesque, un acte po\u00e9tique et du cirque facile\u2026 On y rit sur le fil de la fragilit\u00e9 de Chriq, le clown qui se d\u00e9bat avec ce que nous sommes&nbsp;: maladroit, tendre, et m\u00eame convaincu&nbsp;! Jou\u00e9 et \u00e9crit par Chriq.&hellip;&nbsp;Lire la suite &raquo;Coulons ensemble<\/div><\/li><li class=\"rpwe-li rpwe-clearfix\"><h3 class=\"rpwe-title\"><a href=\"https:\/\/www.brenne-au-coeur.com\/index.php\/2025\/11\/01\/conference\/breves\/7143\/\" target=\"_self\">Conf\u00e9rence<\/a><\/h3><time class=\"rpwe-time published\" datetime=\"2025-11-01T16:04:57+01:00\">1 novembre 2025<\/time><a class=\"rpwe-comment comment-count\" href=\"https:\/\/www.brenne-au-coeur.com\/index.php\/2025\/11\/01\/conference\/breves\/7143\/#respond\">1 commentaire<\/a><div class=\"rpwe-summary\">Une vie de chien, au coeur de la Premi\u00e8re Guerre Mondiale, th\u00e8me de la\u00a0 conf\u00e9rence lundi 17 novembre 2025 \u00e0 18h00, Salle Carnot, rue Pasteur au Blanc. Organisateur&nbsp;: UIPB. Conf\u00e9rence sur le th\u00e8me de la l&rsquo;Histoire par Luc Rouillon, amateur passionn\u00e9, pr\u00e9sidenty de l&rsquo;association \u00ab\u00a0les Poilus Berrichons\u00a0\u00bb. Le chien a toujours eu une place essentielle&hellip;&nbsp;Lire la suite &raquo;Conf\u00e9rence<\/div><\/li><li class=\"rpwe-li rpwe-clearfix\"><h3 class=\"rpwe-title\"><a href=\"https:\/\/www.brenne-au-coeur.com\/index.php\/2025\/10\/29\/danse-2\/breves\/7129\/\" target=\"_self\">Danse<\/a><\/h3><time class=\"rpwe-time published\" datetime=\"2025-10-29T16:05:48+01:00\">29 octobre 2025<\/time><a class=\"rpwe-comment comment-count\" href=\"https:\/\/www.brenne-au-coeur.com\/index.php\/2025\/10\/29\/danse-2\/breves\/7129\/#respond\">1 commentaire<\/a><div class=\"rpwe-summary\">Atelier Danse interg\u00e9n\u00e9rationnelle, vendredi 14 novembre 2025 de 18h15 \u00e0 20h15, Gymnase, rue L\u00e9on Joseph Bourreau \u00e0 M\u00e9zi\u00e8res-en-Brenne. Organisateur&nbsp;: Musique en Brenne. Atelier anim\u00e9 par Cl\u00e9mentine Faucon. Inscription avant le 10 novembre. Adulte plein tarif&nbsp;: 10 \u20ac Renseignements \/ R\u00e9servation 06 88 64 00 64<\/div><\/li><li class=\"rpwe-li rpwe-clearfix\"><h3 class=\"rpwe-title\"><a href=\"https:\/\/www.brenne-au-coeur.com\/index.php\/2025\/10\/29\/scene-ouverte\/breves\/7127\/\" target=\"_self\">Sc\u00e8ne ouverte<\/a><\/h3><time class=\"rpwe-time published\" datetime=\"2025-10-29T16:03:04+01:00\">29 octobre 2025<\/time><a class=\"rpwe-comment comment-count\" href=\"https:\/\/www.brenne-au-coeur.com\/index.php\/2025\/10\/29\/scene-ouverte\/breves\/7127\/#respond\">1 commentaire<\/a><div class=\"rpwe-summary\">Mercredi 12 novembre 2025 de 20h00 \u00e0 22h00 au Caf\u00e9 du Th\u00e9\u00e2tre, 32 Place de la lib\u00e9ration, au Blanc. L&rsquo;amicale des habitants du pays blancois organise sa 9\u00e8me sc\u00e8ne ouverte. Adress\u00e9e aux artistes inter-g\u00e9n\u00e9rationnels de toutes cat\u00e9gories et de tous niveaux (inscrivez-vous). Venez \u00e9couter les groupes et possibilit\u00e9 de manger sur place (\u00e0 la charge&hellip;&nbsp;Lire la suite &raquo;Sc\u00e8ne ouverte<\/div><\/li><li class=\"rpwe-li rpwe-clearfix\"><h3 class=\"rpwe-title\"><a href=\"https:\/\/www.brenne-au-coeur.com\/index.php\/2025\/10\/22\/bal-au-blanc\/breves\/7124\/\" target=\"_self\">Bal au Blanc<\/a><\/h3><time class=\"rpwe-time published\" datetime=\"2025-10-22T11:46:36+02:00\">22 octobre 2025<\/time><a class=\"rpwe-comment comment-count\" href=\"https:\/\/www.brenne-au-coeur.com\/index.php\/2025\/10\/22\/bal-au-blanc\/breves\/7124\/#respond\">1 commentaire<\/a><div class=\"rpwe-summary\">Bal Trad, samedi 08 novembre 2025 \u00e0 20h30. Salle des f\u00eates, Place de la Lib\u00e9ration Organisateur&nbsp;: Comit\u00e9 de jumelage. Bal Trad anim\u00e9 par \u00ab\u00a0Les Suffolks\u00a0\u00bb. \u00c7\u00e0 va guincher&nbsp;! Les Suffolks est un groupe de bal trad\/folk. Le collectif de \u00ab\u00a0base\u00a0\u00bb se compose d&rsquo;une dizaine de musiciens: vielles, accord\u00e9ons diatoniques, basse, guitare, violon, percussions vari\u00e9es, Le&hellip;&nbsp;Lire la suite &raquo;Bal au Blanc<\/div><\/li><li class=\"rpwe-li rpwe-clearfix\"><h3 class=\"rpwe-title\"><a href=\"https:\/\/www.brenne-au-coeur.com\/index.php\/2025\/10\/20\/peche-a-linge\/breves\/7121\/\" target=\"_self\">P\u00eache \u00e0 Ling\u00e9<\/a><\/h3><time class=\"rpwe-time published\" datetime=\"2025-10-20T16:15:42+02:00\">20 octobre 2025<\/time><a class=\"rpwe-comment comment-count\" href=\"https:\/\/www.brenne-au-coeur.com\/index.php\/2025\/10\/20\/peche-a-linge\/breves\/7121\/#respond\">1 commentaire<\/a><div class=\"rpwe-summary\">P\u00eache de l&rsquo;\u00e9tang de la Gabri\u00e8re, samedi 01 novembre 2025 \u00e0 9h00. Organisateur&nbsp;: Les amis de la Gabri\u00e8re. La p\u00eache de l&rsquo;\u00e9tang de la Gabri\u00e8re aura lieu le 1er et 2 novembre. Le 1er novembre uniquement: L&rsquo;auberge de la Gabri\u00e8re et Le gab proposent un menu sp\u00e9cial autour de la carpe. Vente de poissons sur&hellip;&nbsp;Lire la suite &raquo;P\u00eache \u00e0 Ling\u00e9<\/div><\/li><li class=\"rpwe-li rpwe-clearfix\"><h3 class=\"rpwe-title\"><a href=\"https:\/\/www.brenne-au-coeur.com\/index.php\/2025\/10\/19\/vannerie\/breves\/7118\/\" target=\"_self\">Vannerie<\/a><\/h3><time class=\"rpwe-time published\" datetime=\"2025-10-19T11:35:05+02:00\">19 octobre 2025<\/time><a class=\"rpwe-comment comment-count\" href=\"https:\/\/www.brenne-au-coeur.com\/index.php\/2025\/10\/19\/vannerie\/breves\/7118\/#respond\">1 commentaire<\/a><div class=\"rpwe-summary\">Vannerie buissonni\u00e8re en famille, jeudi 30 octobre 2025 de 14h00 \u00e0 16h00, Maison de la Nature et de la R\u00e9serve \u00e0 Saint-Michel-en-Brenne. Animatrice&nbsp;: Fr\u00e9d\u00e9rique Ardibus. Organisateur\u00a0: PNR Brenne. Au bord d&rsquo;un \u00e9tang, au c\u0153ur d&rsquo;un bois, \u00e0 la crois\u00e9e des chemins, venez d\u00e9couvrir les plantes qui nous entourent, cueillir quelques branches d&rsquo;arbustes, quelques feuilles de&hellip;&nbsp;Lire la suite &raquo;Vannerie<\/div><\/li><li class=\"rpwe-li rpwe-clearfix\"><h3 class=\"rpwe-title\"><a href=\"https:\/\/www.brenne-au-coeur.com\/index.php\/2025\/10\/13\/musique-a-thenay\/breves\/7109\/\" target=\"_self\">Musique \u00e0 Thenay<\/a><\/h3><time class=\"rpwe-time published\" datetime=\"2025-10-13T14:03:05+02:00\">13 octobre 2025<\/time><a class=\"rpwe-comment comment-count\" href=\"https:\/\/www.brenne-au-coeur.com\/index.php\/2025\/10\/13\/musique-a-thenay\/breves\/7109\/#respond\">1 commentaire<\/a><div class=\"rpwe-summary\">Concert de l&rsquo;ensemble Nata\u00efs, dimanche 26 octobre 2025 \u00e0 15h00. \u00c9glise Saint-Simon-Saint-Jude, Rue de l&rsquo;\u00e9glise \u00e0 Thenay. Organisateur&nbsp;: Association pour la sauvegarde du patrimoine thenaysien. Concert donn\u00e9 par Emma Dubois (clarinette), T\u00e9a Lucchi (fl\u00fbte traversi\u00e8re) et Maud Texier (hautbois). Au programme, des \u0153uvres de Mozart, Haydn, Haendel, Ball, Arnold, De Wailly. Participation libre<\/div><\/li><li class=\"rpwe-li rpwe-clearfix\"><h3 class=\"rpwe-title\"><a href=\"https:\/\/www.brenne-au-coeur.com\/index.php\/2025\/10\/03\/langue-des-signes\/breves\/7084\/\" target=\"_self\">Langue des signes<\/a><\/h3><time class=\"rpwe-time published\" datetime=\"2025-10-03T17:26:50+02:00\">3 octobre 2025<\/time><a class=\"rpwe-comment comment-count\" href=\"https:\/\/www.brenne-au-coeur.com\/index.php\/2025\/10\/03\/langue-des-signes\/breves\/7084\/#respond\">1 commentaire<\/a><div class=\"rpwe-summary\">D\u00e9couverte de la langue des signes \u00e0 la m\u00e9diath\u00e8que, samedi 25 octobre 2025 de 10h00 \u00e0 12h00, M\u00e9diath\u00e8que d\u2019Azay-le-Ferron Organisateur&nbsp;: Un signe vers l&rsquo;autre \/ C\u00e9line Chenouf Un Signe Vers l&rsquo;Autre vous propose de venir participer \u00e0 un atelier de sensibilisation ludique et convivial. Au programme d\u00e9couvrir la langue des signes fran\u00e7aises sur diff\u00e9rents th\u00e8mes.&hellip;&nbsp;Lire la suite &raquo;Langue des signes<\/div><\/li><li class=\"rpwe-li rpwe-clearfix\"><h3 class=\"rpwe-title\"><a href=\"https:\/\/www.brenne-au-coeur.com\/index.php\/2025\/10\/03\/la-brenne-racontee\/breves\/7081\/\" target=\"_self\">La Brenne racont\u00e9e<\/a><\/h3><time class=\"rpwe-time published\" datetime=\"2025-10-03T17:22:59+02:00\">3 octobre 2025<\/time><a class=\"rpwe-comment comment-count\" href=\"https:\/\/www.brenne-au-coeur.com\/index.php\/2025\/10\/03\/la-brenne-racontee\/breves\/7081\/#respond\">1 commentaire<\/a><div class=\"rpwe-summary\">Chemin d&rsquo;\u00e9tang, raconte-nous la Brenne, mardi 21 octobre 2025 de 14h30 \u00e0 17h00 Rendez-vous&nbsp;: Parking de l&rsquo;\u00e9tang Mass\u00e9, Le Blizon Rosnay. Animateur&nbsp;: Beno\u00eet Huyghe. Organisateur&nbsp;: Ecomus\u00e9e de la Brenne Chemins, chauss\u00e9es d&rsquo;\u00e9tangs, haies, arbres creux ont tout vu, tout entendu depuis la cr\u00e9ation des \u00e9tangs. Le sentier du Blizon, du nom de l&rsquo;\u00e9tang qui le&hellip;&nbsp;Lire la suite &raquo;La Brenne racont\u00e9e<\/div><\/li><li class=\"rpwe-li rpwe-clearfix\"><h3 class=\"rpwe-title\"><a href=\"https:\/\/www.brenne-au-coeur.com\/index.php\/2025\/10\/03\/labeille-de-brenne\/breves\/7079\/\" target=\"_self\">L&rsquo;abeille de Brenne<\/a><\/h3><time class=\"rpwe-time published\" datetime=\"2025-10-03T17:20:28+02:00\">3 octobre 2025<\/time><a class=\"rpwe-comment comment-count\" href=\"https:\/\/www.brenne-au-coeur.com\/index.php\/2025\/10\/03\/labeille-de-brenne\/breves\/7079\/#respond\">1 commentaire<\/a><div class=\"rpwe-summary\">Lundi 20 octobre 2025 \u00e0 15h00, 2, La Touche \u00e0 Azay-le-Ferron Cyrille et Aline, passionn\u00e9s d\u2019apiculture, ont fond\u00e9 leur exploitation en 2010, apr\u00e8s que Cyrille ait fait de cette passion, une activit\u00e9 professionnelle en 2005. Aujourd\u2019hui, ils g\u00e8rent 500 ruches et produisent 20 \u00e0 30 tonnes de miel chaque ann\u00e9e. Leur travail s&rsquo;articule autour d&rsquo;une&hellip;&nbsp;Lire la suite &raquo;L&rsquo;abeille de Brenne<\/div><\/li><li class=\"rpwe-li rpwe-clearfix\"><h3 class=\"rpwe-title\"><a href=\"https:\/\/www.brenne-au-coeur.com\/index.php\/2025\/10\/03\/hors-saison-musicale\/breves\/7077\/\" target=\"_self\">Hors saison musicale<\/a><\/h3><time class=\"rpwe-time published\" datetime=\"2025-10-03T17:18:48+02:00\">3 octobre 2025<\/time><a class=\"rpwe-comment comment-count\" href=\"https:\/\/www.brenne-au-coeur.com\/index.php\/2025\/10\/03\/hors-saison-musicale\/breves\/7077\/#respond\">1 commentaire<\/a><div class=\"rpwe-summary\">\u00a0Concert Trio Doubleb, dimanche 19 octobre 2025 \u00e0 15h30 \u00e0 Lureuil Eglise Saint Jean-Baptiste\u00a0, Place de l&rsquo;\u00e9glise \u00e0 Lureuil. Organisateur&nbsp;: Pour que l&rsquo;esprit vive. au programme, Faure, Bizet, debussy &#8230; Trio Doubleb vous fait voyager dans son univers impressionniste. Entr\u00e9e libre, participation au b\u00e9n\u00e9fice de notre action en milieu rural. Renseignements 06 73 12 84&hellip;&nbsp;Lire la suite &raquo;Hors saison musicale<\/div><\/li><li class=\"rpwe-li rpwe-clearfix\"><h3 class=\"rpwe-title\"><a href=\"https:\/\/www.brenne-au-coeur.com\/index.php\/2025\/10\/03\/musique-a-douadic\/breves\/7074\/\" target=\"_self\">Musique \u00e0 Douadic<\/a><\/h3><time class=\"rpwe-time published\" datetime=\"2025-10-03T17:16:41+02:00\">3 octobre 2025<\/time><a class=\"rpwe-comment comment-count\" href=\"https:\/\/www.brenne-au-coeur.com\/index.php\/2025\/10\/03\/musique-a-douadic\/breves\/7074\/#respond\">1 commentaire<\/a><div class=\"rpwe-summary\">Musique et chants traditionnels, dimanche 12 octobre 2025 \u00e0 15h00, Eglise St Ambroise,1 rue du Suin \u00e0 Douadic. Familles rurales vous proposent un concert musiques et chants traditionnels par les Pastouriaux de Buzan\u00e7ais. Gratuit, participation libre.<\/div><\/li><li class=\"rpwe-li rpwe-clearfix\"><h3 class=\"rpwe-title\"><a href=\"https:\/\/www.brenne-au-coeur.com\/index.php\/2025\/08\/31\/chansons\/breves\/7048\/\" target=\"_self\">Chansons<\/a><\/h3><time class=\"rpwe-time published\" datetime=\"2025-08-31T09:47:22+02:00\">31 ao\u00fbt 2025<\/time><a class=\"rpwe-comment comment-count\" href=\"https:\/\/www.brenne-au-coeur.com\/index.php\/2025\/08\/31\/chansons\/breves\/7048\/#respond\">1 commentaire<\/a><div class=\"rpwe-summary\">Concert de Monsieur Sable, samedi 27 septembre 2025 \u00e0 21h00. Brenne Bar, 35 route de Buzan\u00e7ais \u00e0 M\u00e9obecq. Les chansons de Monsieur Sable sont des parenth\u00e8ses. Les mots dispers\u00e9s dans la m\u00e9lodie nous filent sous les doigts, on en ram\u00e8ne chez soi, on en retrouve sous l\u2019oreiller, dans les fen\u00eatres, partout o\u00f9 les songes font&hellip;&nbsp;Lire la suite &raquo;Chansons<\/div><\/li><li class=\"rpwe-li rpwe-clearfix\"><h3 class=\"rpwe-title\"><a href=\"https:\/\/www.brenne-au-coeur.com\/index.php\/2025\/08\/31\/brame-du-cerf\/breves\/7046\/\" target=\"_self\">Brame du cerf<\/a><\/h3><time class=\"rpwe-time published\" datetime=\"2025-08-31T09:30:33+02:00\">31 ao\u00fbt 2025<\/time><a class=\"rpwe-comment comment-count\" href=\"https:\/\/www.brenne-au-coeur.com\/index.php\/2025\/08\/31\/brame-du-cerf\/breves\/7046\/#respond\">1 commentaire<\/a><div class=\"rpwe-summary\">Sortie cr\u00e9pusculaire, samedi 27 septembre 2025, de 18h30 \u00e0 21h30. Rendez-vous entre l&rsquo;\u00e9glise et le restaurant Le cendrille, Place de l&rsquo;\u00e9glise \u00e0 Rosnay. Animateur&nbsp;: Didier Th\u00e9bault. Organisateur&nbsp;: Librenne. Depuis des lustres, dans les for\u00eats de la Brenne retentissent les complaintes amoureuses des grands cerfs qui se disputent la supr\u00e9matie sur les biches. Nous vous proposons&hellip;&nbsp;Lire la suite &raquo;Brame du cerf<\/div><\/li><li class=\"rpwe-li rpwe-clearfix\"><h3 class=\"rpwe-title\"><a href=\"https:\/\/www.brenne-au-coeur.com\/index.php\/2025\/08\/30\/musique-a-la-filature\/breves\/7044\/\" target=\"_self\">Musique \u00e0 la filature<\/a><\/h3><time class=\"rpwe-time published\" datetime=\"2025-08-30T10:55:47+02:00\">30 ao\u00fbt 2025<\/time><a class=\"rpwe-comment comment-count\" href=\"https:\/\/www.brenne-au-coeur.com\/index.php\/2025\/08\/30\/musique-a-la-filature\/breves\/7044\/#respond\">1 commentaire<\/a><div class=\"rpwe-summary\">Vendredi 26 septembre 2025, Nathana\u00ebl Gouin se produit au Moulin de la Filature au Blanc de 20h30 \u00e0 22h00. Nathana\u00ebl Gouin a \u00e9t\u00e9 invit\u00e9 \u00e0 donner des concerts pendant les festivals du monde entier et se produit fr\u00e9quemment avec orchestre et en r\u00e9cital de piano. Il est souvent invit\u00e9 des programmes t\u00e9l\u00e9visuels tels que les&hellip;&nbsp;Lire la suite &raquo;Musique \u00e0 la filature<\/div><\/li><li class=\"rpwe-li rpwe-clearfix\"><h3 class=\"rpwe-title\"><a href=\"https:\/\/www.brenne-au-coeur.com\/index.php\/2025\/08\/21\/swing-et-programme\/breves\/7014\/\" target=\"_self\">Swing et programme<\/a><\/h3><time class=\"rpwe-time published\" datetime=\"2025-08-21T16:04:54+02:00\">21 ao\u00fbt 2025<\/time><a class=\"rpwe-comment comment-count\" href=\"https:\/\/www.brenne-au-coeur.com\/index.php\/2025\/08\/21\/swing-et-programme\/breves\/7014\/#respond\">1 commentaire<\/a><div class=\"rpwe-summary\">Jeudi 11 septembre 2025 \u00e0 19h00, au Moulin de la Filature, au Blanc Organisateur&nbsp;: Mairie \/ Ville du Blanc. Soir\u00e9e de pr\u00e9sentation des saisons respectives 25-26 Equinoxe + Ville du Blanc. L&rsquo;objectif est de donner un aper\u00e7u des saisons culturelles de la sc\u00e8ne nationale de Ch\u00e2teauroux et des \u00e9v\u00e9nements programm\u00e9s par la Ville Cette soir\u00e9e&hellip;&nbsp;Lire la suite &raquo;Swing et programme<\/div><\/li><li class=\"rpwe-li rpwe-clearfix\"><h3 class=\"rpwe-title\"><a href=\"https:\/\/www.brenne-au-coeur.com\/index.php\/2025\/08\/21\/peche\/breves\/7012\/\" target=\"_self\">P\u00eache<\/a><\/h3><time class=\"rpwe-time published\" datetime=\"2025-08-21T16:03:06+02:00\">21 ao\u00fbt 2025<\/time><a class=\"rpwe-comment comment-count\" href=\"https:\/\/www.brenne-au-coeur.com\/index.php\/2025\/08\/21\/peche\/breves\/7012\/#respond\">1 commentaire<\/a><div class=\"rpwe-summary\">Concours de p\u00eache \u00e0 B\u00e9l\u00e2bre, dimanche 07 septembre 2025 \u00e0 20h30. Rendez-vous au Plan d\u2019eau. Concours organis\u00e9 par \u00ab\u00a0Le Gardon de l\u2019Anglin\u00a0\u00bb. Renseignements et R\u00e9servation\u00a0: Contact 06 80 90 70 06<\/div><\/li><li class=\"rpwe-li rpwe-clearfix\"><h3 class=\"rpwe-title\"><a href=\"https:\/\/www.brenne-au-coeur.com\/index.php\/2025\/08\/13\/courses-a-bellebouche\/breves\/7009\/\" target=\"_self\">Courses \u00e0 Bellebouche<\/a><\/h3><time class=\"rpwe-time published\" datetime=\"2025-08-13T19:23:02+02:00\">13 ao\u00fbt 2025<\/time><a class=\"rpwe-comment comment-count\" href=\"https:\/\/www.brenne-au-coeur.com\/index.php\/2025\/08\/13\/courses-a-bellebouche\/breves\/7009\/#respond\">1 commentaire<\/a><div class=\"rpwe-summary\">Micion Course et cani-cross Bellebouche, dimanche 31 ao\u00fbt 2025 \u00e0 10h00. Rendez-vous&nbsp;: Bellebouche \u00e0 M\u00e9zi\u00e8res-en-Brenne Au programme de cette 3\u00e8me \u00e9dition: randonn\u00e9e p\u00e9destre ou courses de 7 et 14km, cours enfants de 800 ou 1600m, canicross de 7 km. Une buvette et un Food truck seront pr\u00e9sents afin que les personnes puissent d\u00e9jeuner sur place&hellip;&nbsp;Lire la suite &raquo;Courses \u00e0 Bellebouche<\/div><\/li><li class=\"rpwe-li rpwe-clearfix\"><h3 class=\"rpwe-title\"><a href=\"https:\/\/www.brenne-au-coeur.com\/index.php\/2025\/08\/13\/saut-a-lelastique\/breves\/7007\/\" target=\"_self\">Saut \u00e0 l&rsquo;\u00e9lastique<\/a><\/h3><time class=\"rpwe-time published\" datetime=\"2025-08-13T19:15:00+02:00\">13 ao\u00fbt 2025<\/time><a class=\"rpwe-comment comment-count\" href=\"https:\/\/www.brenne-au-coeur.com\/index.php\/2025\/08\/13\/saut-a-lelastique\/breves\/7007\/#respond\">1 commentaire<\/a><div class=\"rpwe-summary\">Samedi 30 ao\u00fbt 2025 \u00e0 14h00.\u00a0 Rendez-vous au Viaduc du Blanc, rue des Menigouttes. Osez un saut \u00e0 l&rsquo;\u00e9lastique seul ou entre amis depuis le viaduc du blanc au dessus de la Creuse \u00e0 38 m\u00e8tres de haut. Infos pratiques&nbsp;: Poids mini 40kg \/ Max 130kg, autorisation parentale pour les mineurs, certificat m\u00e9dical 55ans et&hellip;&nbsp;Lire la suite &raquo;Saut \u00e0 l&rsquo;\u00e9lastique<\/div><\/li><li class=\"rpwe-li rpwe-clearfix\"><h3 class=\"rpwe-title\"><a href=\"https:\/\/www.brenne-au-coeur.com\/index.php\/2025\/08\/04\/concert-5\/breves\/6981\/\" target=\"_self\">Concert<\/a><\/h3><time class=\"rpwe-time published\" datetime=\"2025-08-04T19:14:02+02:00\">4 ao\u00fbt 2025<\/time><a class=\"rpwe-comment comment-count\" href=\"https:\/\/www.brenne-au-coeur.com\/index.php\/2025\/08\/04\/concert-5\/breves\/6981\/#respond\">1 commentaire<\/a><div class=\"rpwe-summary\">Vendredi 29 ao\u00fbt 2025, \u00e0 19h00. Concert Food for mood, ann\u00e9es 80, 90 et + au Restaurant Le Gab, \u00e0 La Gabriere Lieu dit \u00ab\u00a0La Cadetterie\u00a0\u00bb. Commune de Ling\u00e9. Le restaurant propose des soir\u00e9es concerts pour animer l&rsquo;\u00e9t\u00e9. Au menu moules-frites \u00e0 volont\u00e9. Pensez \u00e0 r\u00e9server. Adulte plein tarif&nbsp;: 18 \u20ac. Renseignements \/ R\u00e9servation 02&hellip;&nbsp;Lire la suite &raquo;Concert<\/div><\/li><li class=\"rpwe-li rpwe-clearfix\"><h3 class=\"rpwe-title\"><a href=\"https:\/\/www.brenne-au-coeur.com\/index.php\/2025\/08\/04\/fete-des-barques\/breves\/6979\/\" target=\"_self\">F\u00eate des barques<\/a><\/h3><time class=\"rpwe-time published\" datetime=\"2025-08-04T19:12:58+02:00\">4 ao\u00fbt 2025<\/time><a class=\"rpwe-comment comment-count\" href=\"https:\/\/www.brenne-au-coeur.com\/index.php\/2025\/08\/04\/fete-des-barques\/breves\/6979\/#respond\">1 commentaire<\/a><div class=\"rpwe-summary\">Plage de Lurais, samedi 23 ao\u00fbt 2025, \u00e0 19h30. Organisateur&nbsp;: Lurais&rsquo;tivales. Traditionnel d\u00e9fil\u00e9 de barques illumin\u00e9es sur la Creuse&nbsp;: Un concert du groupe Cascabel pour d\u00e9buter la soir\u00e9e; d\u00e8s la tomb\u00e9e de la nuit, une dizaine de bateaux avec des sujets confectionn\u00e9 dans le plus grand secret, se succ\u00e8dent et d\u00e9voilent des jeux de lumi\u00e8re,&hellip;&nbsp;Lire la suite &raquo;F\u00eate des barques<\/div><\/li><li class=\"rpwe-li rpwe-clearfix\"><h3 class=\"rpwe-title\"><a href=\"https:\/\/www.brenne-au-coeur.com\/index.php\/2025\/08\/03\/la-vie-secrete-des-libellules\/breves\/6953\/\" target=\"_self\">La vie secr\u00e8te des libellules<\/a><\/h3><time class=\"rpwe-time published\" datetime=\"2025-08-03T11:29:05+02:00\">3 ao\u00fbt 2025<\/time><a class=\"rpwe-comment comment-count\" href=\"https:\/\/www.brenne-au-coeur.com\/index.php\/2025\/08\/03\/la-vie-secrete-des-libellules\/breves\/6953\/#respond\">1 commentaire<\/a><div class=\"rpwe-summary\">Jeudi 21 ao\u00fbt 2025 de 10h00 \u00e0 12h00. Rendez-vous&nbsp;: Place de l&rsquo;\u00e9glise \u00e0 Ciron. Animatrice&nbsp;: Fr\u00e9d\u00e9rique Ardibus. Organisateur&nbsp;: PNR Brenne. L&rsquo;\u00e9t\u00e9 est une saison propice pour d\u00e9couvrir les libellules. Nous les observerons \u00e0 leurs diff\u00e9rents stades (larves, adultes) et d\u00e9couvrirons quelques anecdotes \u00e9tonnantes sur leur mani\u00e8res de vivre. L&rsquo;animation peut \u00eatre annul\u00e9e en cas de&hellip;&nbsp;Lire la suite &raquo;La vie secr\u00e8te des libellules<\/div><\/li><li class=\"rpwe-li rpwe-clearfix\"><h3 class=\"rpwe-title\"><a href=\"https:\/\/www.brenne-au-coeur.com\/index.php\/2025\/07\/30\/marionnette\/breves\/6950\/\" target=\"_self\">Marionnette<\/a><\/h3><time class=\"rpwe-time published\" datetime=\"2025-07-30T17:45:01+02:00\">30 juillet 2025<\/time><a class=\"rpwe-comment comment-count\" href=\"https:\/\/www.brenne-au-coeur.com\/index.php\/2025\/07\/30\/marionnette\/breves\/6950\/#respond\">1 commentaire<\/a><div class=\"rpwe-summary\">18\u00e8me f\u00eate de la Marionnette \u00e0 N\u00e9ons-sur-Creuse, du vendredi 15 ao\u00fbt au dimanche 17 ao\u00fbt, Salle de l&rsquo;\u00e9cole, Salle des associations et plein air,1 place des maronniers Organisateur&nbsp;: AnimaN\u00e9ons. Durant trois jours venez d\u00e9couvrir l&rsquo;art de la marionnette au c\u0153ur du village de N\u00e9ons-sur-Creuse&nbsp;! Ce sera la 18\u00e8me \u00e9dition de la F\u00eate de le Marionnette,&hellip;&nbsp;Lire la suite &raquo;Marionnette<\/div><\/li><li class=\"rpwe-li rpwe-clearfix\"><h3 class=\"rpwe-title\"><a href=\"https:\/\/www.brenne-au-coeur.com\/index.php\/2025\/07\/30\/apres-midi-a-la-ferme\/breves\/6947\/\" target=\"_self\">Apr\u00e8s-midi \u00e0 la Ferme<\/a><\/h3><time class=\"rpwe-time published\" datetime=\"2025-07-30T17:41:04+02:00\">30 juillet 2025<\/time><a class=\"rpwe-comment comment-count\" href=\"https:\/\/www.brenne-au-coeur.com\/index.php\/2025\/07\/30\/apres-midi-a-la-ferme\/breves\/6947\/#respond\">1 commentaire<\/a><div class=\"rpwe-summary\">Vendredi 15 ao\u00fbt 2025, de 14h00 \u00e0 16h00, la ferme du Maupas propose aux enfants ( d\u00e8s 3 ans) de participer au nourrissage des animaux, aux soins des animaux ainsi qu&rsquo;\u00e0 des jeux. Go\u00fbter en fin d&rsquo;animation. R\u00e9servation obligatoire. Nombre de places limit\u00e9. Tarifs\u00a0: enfant (entr\u00e9e)&nbsp;: 13 \u20ac, tarif r\u00e9duit 2e enfant&nbsp;: 10 \u20ac, adulte&hellip;&nbsp;Lire la suite &raquo;Apr\u00e8s-midi \u00e0 la Ferme<\/div><\/li><li class=\"rpwe-li rpwe-clearfix\"><h3 class=\"rpwe-title\"><a href=\"https:\/\/www.brenne-au-coeur.com\/index.php\/2025\/07\/25\/concert-4\/breves\/6937\/\" target=\"_self\">Concert<\/a><\/h3><time class=\"rpwe-time published\" datetime=\"2025-07-25T14:22:10+02:00\">25 juillet 2025<\/time><a class=\"rpwe-comment comment-count\" href=\"https:\/\/www.brenne-au-coeur.com\/index.php\/2025\/07\/25\/concert-4\/breves\/6937\/#respond\">1 commentaire<\/a><div class=\"rpwe-summary\">Concert d&rsquo;\u00e9t\u00e9 vendredi 08 ao\u00fbt 2025 \u00e0 21h00 \u00e0 Vend\u0153uvres. Place de la Mairie. La municipalit\u00e9 invite \u00e0 un concert gratuit en plein air. Hommage au King par Eric Ward. Renseignements\u00a0: 06 76 43 14 37 (R\u00e9servation repas Auberge St Sulpice) www.vendoeuvres.fr\/agenda<\/div><\/li><li class=\"rpwe-li rpwe-clearfix\"><h3 class=\"rpwe-title\"><a href=\"https:\/\/www.brenne-au-coeur.com\/index.php\/2025\/07\/25\/decouvrir-douadic\/breves\/6935\/\" target=\"_self\">D\u00e9couvrir Douadic<\/a><\/h3><time class=\"rpwe-time published\" datetime=\"2025-07-25T14:11:15+02:00\">25 juillet 2025<\/time><a class=\"rpwe-comment comment-count\" href=\"https:\/\/www.brenne-au-coeur.com\/index.php\/2025\/07\/25\/decouvrir-douadic\/breves\/6935\/#respond\">1 commentaire<\/a><div class=\"rpwe-summary\">Mardi 05 ao\u00fbt 2025 \u00e0 14h30. Rendez-vous dans le bourg, Place de l&rsquo;\u00e9glise. Organisateur&nbsp;: Destination Brenne. Connaissez vous Douadic&nbsp;? Ce petit village de Brenne un peu \u00e0 l&rsquo;\u00e9cart des grands circuits touristiques offre pourtant un patrimoine tout \u00e0 fait digne d&rsquo;int\u00e9r\u00eat. Son \u00e9glise conserve de belles fresques des XIIIe et XIVe si\u00e8cles et m\u00e9rite toute&hellip;&nbsp;Lire la suite &raquo;D\u00e9couvrir Douadic<\/div><\/li><li class=\"rpwe-li rpwe-clearfix\"><h3 class=\"rpwe-title\"><a href=\"https:\/\/www.brenne-au-coeur.com\/index.php\/2025\/07\/22\/concert-3\/breves\/6920\/\" target=\"_self\">Concert<\/a><\/h3><time class=\"rpwe-time published\" datetime=\"2025-07-22T15:30:00+02:00\">22 juillet 2025<\/time><a class=\"rpwe-comment comment-count\" href=\"https:\/\/www.brenne-au-coeur.com\/index.php\/2025\/07\/22\/concert-3\/breves\/6920\/#respond\">1 commentaire<\/a><div class=\"rpwe-summary\">Freaky Billy, vendredi 01 ao\u00fbt 2025 \u00e0 21h00. Parvis de la mairie. Place de la lib\u00e9ration. Organisateur&nbsp;: Mairie \/ Ville du Blanc. Freaky Billy vous ram\u00e8ne dans les ann\u00e9es 50 \u00e0 l\u2019\u00e9poque du bon vieux Rock\u2019n Roll et des Cadillacs flamboyantes&nbsp;! Ce groupe men\u00e9 par un jeune chanteur d\u2019origine am\u00e9ricaine endiablera votre soir\u00e9e en r\u00e9interpr\u00e9tant&hellip;&nbsp;Lire la suite &raquo;Concert<\/div><\/li><li class=\"rpwe-li rpwe-clearfix\"><h3 class=\"rpwe-title\"><a href=\"https:\/\/www.brenne-au-coeur.com\/index.php\/2025\/07\/22\/balade-photographique\/breves\/6918\/\" target=\"_self\">Balade photographique<\/a><\/h3><time class=\"rpwe-time published\" datetime=\"2025-07-22T15:26:51+02:00\">22 juillet 2025<\/time><a class=\"rpwe-comment comment-count\" href=\"https:\/\/www.brenne-au-coeur.com\/index.php\/2025\/07\/22\/balade-photographique\/breves\/6918\/#respond\">1 commentaire<\/a><div class=\"rpwe-summary\">\u00a0Avec Arianna Sanesi, mercredi 30 juillet 2025, de 19h00 \u00e0 21h00. Le Prieur\u00e9, Place de l&rsquo;\u00e9glise Saint-Beno\u00eet-du-Sault. Organisateur&nbsp;: Association culturelle du prieur\u00e9. Arianna Sanesi propose une balade photographique ouverte \u00e0 tous\u00b7tes. Le temps d&rsquo;une promenade dans les ruelles de Saint-Beno\u00eet-du-Sault, venez d\u00e9couvrir la pratique photographique de notre photographe en r\u00e9sidence. L&rsquo;occasion de partager un regard,&hellip;&nbsp;Lire la suite &raquo;Balade photographique<\/div><\/li><li class=\"rpwe-li rpwe-clearfix\"><h3 class=\"rpwe-title\"><a href=\"https:\/\/www.brenne-au-coeur.com\/index.php\/2025\/07\/22\/theatre-2\/breves\/6916\/\" target=\"_self\">Th\u00e9\u00e2tre<\/a><\/h3><time class=\"rpwe-time published\" datetime=\"2025-07-22T15:24:31+02:00\">22 juillet 2025<\/time><a class=\"rpwe-comment comment-count\" href=\"https:\/\/www.brenne-au-coeur.com\/index.php\/2025\/07\/22\/theatre-2\/breves\/6916\/#respond\">1 commentaire<\/a><div class=\"rpwe-summary\">\u00c7a va p\u00e9ter \u00e0 la distillerie&nbsp;! mercredi 30 juillet 2025 \u00e0 17h00, \u00e0 la Ferme de volailles d&rsquo;Olivier. Montgarny. Organisateur&nbsp;: Les enfants du tonnerre. Un exploitant agricole, une distillerie secr\u00e8te, un inspecteur agricole, un suspens insoutenable! Sillonnant les routes du d\u00e9partement, Les enfants du tonnerre viennent au plus pr\u00e8s de chez vous vous faire passer&hellip;&nbsp;Lire la suite &raquo;Th\u00e9\u00e2tre<\/div><\/li><li class=\"rpwe-li rpwe-clearfix\"><h3 class=\"rpwe-title\"><a href=\"https:\/\/www.brenne-au-coeur.com\/index.php\/2025\/07\/16\/fete-de-la-fin-des-moissons\/breves\/6908\/\" target=\"_self\">F\u00eate de la fin des moissons<\/a><\/h3><time class=\"rpwe-time published\" datetime=\"2025-07-16T12:22:45+02:00\">16 juillet 2025<\/time><a class=\"rpwe-comment comment-count\" href=\"https:\/\/www.brenne-au-coeur.com\/index.php\/2025\/07\/16\/fete-de-la-fin-des-moissons\/breves\/6908\/#respond\">1 commentaire<\/a><div class=\"rpwe-summary\">\u00c0 Villiers, dimanche 27 juillet 2025, \u00e0 partir de 14h00, au centre-bourg. Concours de p\u00e9tanque, jeux traditionnels, exposition de tracteurs anciens, l\u2019apr\u00e8s-midi. Le soir d\u00eener champ\u00eatre&nbsp;: entr\u00e9e, entrec\u00f4te\/frites, fromage, dessert, et soir\u00e9e dansante. Buvette sur place. Organisateur&nbsp;: La villar\u00e9enne Tarifs. Repas champ\u00eatre (hors boisson)&nbsp;: 16 \u20ac. Inscription p\u00e9tanque en doublette:10 \u20ac<\/div><\/li><li class=\"rpwe-li rpwe-clearfix\"><h3 class=\"rpwe-title\"><a href=\"https:\/\/www.brenne-au-coeur.com\/index.php\/2025\/07\/06\/minute-papillon\/breves\/6885\/\" target=\"_self\">Minute papillon&nbsp;!<\/a><\/h3><time class=\"rpwe-time published\" datetime=\"2025-07-06T18:04:10+02:00\">6 juillet 2025<\/time><a class=\"rpwe-comment comment-count\" href=\"https:\/\/www.brenne-au-coeur.com\/index.php\/2025\/07\/06\/minute-papillon\/breves\/6885\/#respond\">1 commentaire<\/a><div class=\"rpwe-summary\">Jeudi 24 juillet 2025 de 10h00 \u00e0 12h00. Place de l&rsquo;\u00e9glise \u00e0 Pouligny-Saint-Pierre. Animatrice&nbsp;: Fr\u00e9d\u00e9rique Ardibus. A travers une histoire, des jeux et des temps consacr\u00e9s \u00e0 l&rsquo;observation, venez d\u00e9couvrir l&rsquo;univers des papillons qui peuplent la Brenne. Attention, les papillons ne s&rsquo;observent que par beau temps, l&rsquo;animation peut \u00eatre annul\u00e9e en cas de mauvais temps.&hellip;&nbsp;Lire la suite &raquo;Minute papillon&nbsp;!<\/div><\/li><li class=\"rpwe-li rpwe-clearfix\"><h3 class=\"rpwe-title\"><a href=\"https:\/\/www.brenne-au-coeur.com\/index.php\/2025\/07\/06\/concert-2\/breves\/6883\/\" target=\"_self\">Concert<\/a><\/h3><time class=\"rpwe-time published\" datetime=\"2025-07-06T18:02:19+02:00\">6 juillet 2025<\/time><a class=\"rpwe-comment comment-count\" href=\"https:\/\/www.brenne-au-coeur.com\/index.php\/2025\/07\/06\/concert-2\/breves\/6883\/#respond\">1 commentaire<\/a><div class=\"rpwe-summary\">Concert F\u00e9licien Brut &amp; Astrig Siranossian, mardi 22 juillet 2025 \u00e0 21h00, \u00c9glise Saint Etienne, 8-10 place de l&rsquo;\u00e9glise \u00e0 Paulnay. La violoncelliste Astrig Siranossian se produit r\u00e9guli\u00e8rement en tant que soliste avec les plus grands orchestres. En octobre 2022, elle a sorti son album \u201cDuo-Solo\u201d, une alchimie entre m\u00e9lodies et danses traditionnelles et le&hellip;&nbsp;Lire la suite &raquo;Concert<\/div><\/li><li class=\"rpwe-li rpwe-clearfix\"><h3 class=\"rpwe-title\"><a href=\"https:\/\/www.brenne-au-coeur.com\/index.php\/2025\/07\/06\/luraistivales\/breves\/6881\/\" target=\"_self\">Lurais&rsquo;tivales<\/a><\/h3><time class=\"rpwe-time published\" datetime=\"2025-07-06T17:59:27+02:00\">6 juillet 2025<\/time><a class=\"rpwe-comment comment-count\" href=\"https:\/\/www.brenne-au-coeur.com\/index.php\/2025\/07\/06\/luraistivales\/breves\/6881\/#respond\">1 commentaire<\/a><div class=\"rpwe-summary\">Concert Lurais&rsquo;tivales, samedi 19 juillet 2025, \u00e0 19h30. Au pied du Chateau, Place des tilleuls \u00e0 Lurais. Organis\u00e9 par l\u2019Association Lurais&rsquo;tivales. Apr\u00e8s le succ\u00e8s de l&rsquo;\u00e9dition pass\u00e9 , l&rsquo;association est fi\u00e8re de pr\u00e9senter une programmation haute en couleur pour ce qui sera la 19e \u00e9dition du Lurais&rsquo;tivale! Au programme: Nadav Tabak, tribal &#8211; psych\u00e9d\u00e9lique&nbsp;; Fontanarosa,&hellip;&nbsp;Lire la suite &raquo;Lurais&rsquo;tivales<\/div><\/li><li class=\"rpwe-li rpwe-clearfix\"><h3 class=\"rpwe-title\"><a href=\"https:\/\/www.brenne-au-coeur.com\/index.php\/2025\/07\/06\/cinema-plein-air\/breves\/6879\/\" target=\"_self\">Cin\u00e9ma plein air<\/a><\/h3><time class=\"rpwe-time published\" datetime=\"2025-07-06T17:57:52+02:00\">6 juillet 2025<\/time><a class=\"rpwe-comment comment-count\" href=\"https:\/\/www.brenne-au-coeur.com\/index.php\/2025\/07\/06\/cinema-plein-air\/breves\/6879\/#respond\">1 commentaire<\/a><div class=\"rpwe-summary\">Cin\u00e9ma en plein air vendredi 18 juillet 2025 \u00e0 19h00 au Parc communal de Saint-Michel-en-Brenne. \u00c0 l\u2019affiche\u00a0: \u00ab\u00a0Chasse gard\u00e9e\u00a0\u00bb. Projections \u00e0 la tomb\u00e9e de la nuit (vers 21h15). Petite restauration et buvette propos\u00e9es sur place. Film r\u00e9alis\u00e9 par le groupe de l&rsquo;Accueil Jeunes de Coeur de Brenne en premi\u00e8re partie. Ouverture du site \u00e0 19h,&hellip;&nbsp;Lire la suite &raquo;Cin\u00e9ma plein air<\/div><\/li><li class=\"rpwe-li rpwe-clearfix\"><h3 class=\"rpwe-title\"><a href=\"https:\/\/www.brenne-au-coeur.com\/index.php\/2025\/07\/03\/les-abeilles\/breves\/6848\/\" target=\"_self\">Les abeilles<\/a><\/h3><time class=\"rpwe-time published\" datetime=\"2025-07-03T13:56:34+02:00\">3 juillet 2025<\/time><a class=\"rpwe-comment comment-count\" href=\"https:\/\/www.brenne-au-coeur.com\/index.php\/2025\/07\/03\/les-abeilles\/breves\/6848\/#respond\">1 commentaire<\/a><div class=\"rpwe-summary\">Safari-D\u00e9couverte des abeilles \u00e0 Ingrandes, mercredi 16 juillet 2025 de 10h00 \u00e0 12h00. Maison des abeilles, 2 Les Vall\u00e9es, La Vall\u00e9e. Le safari-abeilles propos\u00e9 par Terre d\u2019Abeilles aux enfants de 6 \u00e0 16 ans permet de d\u00e9couvrir, en vrai, l\u2019univers des abeilles et le travail de l\u2019apiculteur. Gr\u00e2ce \u00e0 nos diff\u00e9rents supports p\u00e9dagogiques (exposition permanente,&hellip;&nbsp;Lire la suite &raquo;Les abeilles<\/div><\/li><li class=\"rpwe-li rpwe-clearfix\"><h3 class=\"rpwe-title\"><a href=\"https:\/\/www.brenne-au-coeur.com\/index.php\/2025\/06\/26\/la-chanteuse-et-le-philosophe\/breves\/6822\/\" target=\"_self\">La chanteuse et le philosophe<\/a><\/h3><time class=\"rpwe-time published\" datetime=\"2025-06-26T14:53:54+02:00\">26 juin 2025<\/time><a class=\"rpwe-comment comment-count\" href=\"https:\/\/www.brenne-au-coeur.com\/index.php\/2025\/06\/26\/la-chanteuse-et-le-philosophe\/breves\/6822\/#respond\">1 commentaire<\/a><div class=\"rpwe-summary\">Th\u00e9atre au Jardin La chanteuse et le Philosophe, mercredi 09 juillet 2025, \u00e0 18h30 Rendez-vous&nbsp;: Jardin du Beau \u00e0 Chaillac. Organisateur&nbsp;: R.E.L.A.I.S. La chanteuse et le Philosophe &#8230; ou l&rsquo;\u00e9galit\u00e9 des sexes. Un spectacle lu, jou\u00e9 et chant\u00e9 par St\u00e9phane Godefroy et Astrid Fournier-Laroque&nbsp;; d&rsquo;apr\u00e8s le texte \u00ab\u00a0De l&rsquo;\u00e9galit\u00e9 des deux sexes\u00a0\u00bb de Fran\u00e7ois Poullain&hellip;&nbsp;Lire la suite &raquo;La chanteuse et le philosophe<\/div><\/li><li class=\"rpwe-li rpwe-clearfix\"><h3 class=\"rpwe-title\"><a href=\"https:\/\/www.brenne-au-coeur.com\/index.php\/2025\/06\/26\/degustation\/breves\/6819\/\" target=\"_self\">D\u00e9gustation<\/a><\/h3><time class=\"rpwe-time published\" datetime=\"2025-06-26T14:51:23+02:00\">26 juin 2025<\/time><a class=\"rpwe-comment comment-count\" href=\"https:\/\/www.brenne-au-coeur.com\/index.php\/2025\/06\/26\/degustation\/breves\/6819\/#respond\">1 commentaire<\/a><div class=\"rpwe-summary\">Rencontre avec les bi\u00e8res artisanales \u00ab\u00a0la Vernusse\u00a0\u00bb, dimanche 06 juillet 2025, de 11h00 \u00e0 17h00, \u00e0 la Boutique de la Maison du Parc. Le Bouchet, Rosnay. Organisateur&nbsp;: Destination Brenne. Gratuit Renseignements 02 54 28 12 13 boutique.maisonduparc@destination-brenne.fr. Facebook<\/div><\/li><li class=\"rpwe-li rpwe-clearfix\"><h3 class=\"rpwe-title\"><a href=\"https:\/\/www.brenne-au-coeur.com\/index.php\/2025\/06\/26\/musique-des-rues\/breves\/6817\/\" target=\"_self\">Musique des rues<\/a><\/h3><time class=\"rpwe-time published\" datetime=\"2025-06-26T14:50:09+02:00\">26 juin 2025<\/time><a class=\"rpwe-comment comment-count\" href=\"https:\/\/www.brenne-au-coeur.com\/index.php\/2025\/06\/26\/musique-des-rues\/breves\/6817\/#respond\">1 commentaire<\/a><div class=\"rpwe-summary\">Bandastics en f\u00eate dans les rues du Blanc, samedi 05 juillet 2025, \u00e0 17h00 Organisateur&nbsp;: Les Bandastics de Brenne. 11\u00e8me \u00e9dition des Bandastics en F\u00eate en plein air en centre ville du Blanc. Fanfare, Brass Band et bandas en libert\u00e9 dans les rues avec 6 formations et 120 musiciens. Concert enti\u00e8rement gratuit et repas sur&hellip;&nbsp;Lire la suite &raquo;Musique des rues<\/div><\/li><li class=\"rpwe-li rpwe-clearfix\"><h3 class=\"rpwe-title\"><a href=\"https:\/\/www.brenne-au-coeur.com\/index.php\/2025\/06\/26\/bal-trad\/breves\/6815\/\" target=\"_self\">Bal trad<\/a><\/h3><time class=\"rpwe-time published\" datetime=\"2025-06-26T14:48:37+02:00\">26 juin 2025<\/time><a class=\"rpwe-comment comment-count\" href=\"https:\/\/www.brenne-au-coeur.com\/index.php\/2025\/06\/26\/bal-trad\/breves\/6815\/#respond\">1 commentaire<\/a><div class=\"rpwe-summary\">Soir\u00e9e festive et bal trad \u00e0 Ruffec, vendredi 04 juillet 2025, \u00e0 18h30. Rendez-vous&nbsp;: A cot\u00e9 de l&rsquo;\u00e9cole. Organisateur&nbsp;: Les amis de l&rsquo;\u00e9cole de Ruffec. L&rsquo;Association des Amis de l&rsquo;Ecole de Ruffec organise son repas annuel pour f\u00eater la fin de l&rsquo;ann\u00e9e scolaire. Nous proposons un repas salades compos\u00e9es, basse c\u00f4te ou saucisses (\u00e0 choisir&hellip;&nbsp;Lire la suite &raquo;Bal trad<\/div><\/li><li class=\"rpwe-li rpwe-clearfix\"><h3 class=\"rpwe-title\"><a href=\"https:\/\/www.brenne-au-coeur.com\/index.php\/2025\/06\/24\/sculpture\/breves\/6804\/\" target=\"_self\">Sculpture<\/a><\/h3><time class=\"rpwe-time published\" datetime=\"2025-06-24T16:41:33+02:00\">24 juin 2025<\/time><a class=\"rpwe-comment comment-count\" href=\"https:\/\/www.brenne-au-coeur.com\/index.php\/2025\/06\/24\/sculpture\/breves\/6804\/#respond\">1 commentaire<\/a><div class=\"rpwe-summary\">Visite de l&rsquo;atelier du sculpteur sur fer, Vital Angot \u00e0 Pouligny Saint-Pierre, jeudi 03 juillet 2025 de 10h00 \u00e0 12h00. Rendez-vous&nbsp;: 2, Les Clous. Organisateur&nbsp;: Destination Brenne. Vital Angot, sculpteur professionnel de renom, a commenc\u00e9 sa premi\u00e8re oeuvre en 1994 et a \u00e9t\u00e9 de nombreuses fois m\u00e9daill\u00e9. De sa forge \u00e9mergent des sculptures \u00e9tonnantes: musicien,&hellip;&nbsp;Lire la suite &raquo;Sculpture<\/div><\/li><li class=\"rpwe-li rpwe-clearfix\"><h3 class=\"rpwe-title\"><a href=\"https:\/\/www.brenne-au-coeur.com\/index.php\/2025\/06\/22\/photographie\/breves\/6795\/\" target=\"_self\">Photographie<\/a><\/h3><time class=\"rpwe-time published\" datetime=\"2025-06-22T16:06:03+02:00\">22 juin 2025<\/time><a class=\"rpwe-comment comment-count\" href=\"https:\/\/www.brenne-au-coeur.com\/index.php\/2025\/06\/22\/photographie\/breves\/6795\/#respond\">1 commentaire<\/a><div class=\"rpwe-summary\">Ateliers recr\u00e9ation de photos, dimanche 29 juin 2025 \u00e0 Lignac, de 10h00 \u00e0 12hh00 et de 15h00 \u00e0 17h00. Rendez-vous&nbsp;: 5 Chabenet. Organisateur&nbsp;: Association Coudacouda. Recr\u00e9ation de photos anciennes qui seront retravaill\u00e9es, imprim\u00e9es sur toile, puis accroch\u00e9es le long du Curieux Sentier \u00e0 Lignac (sentier artistique participatif). Atelier anim\u00e9 par Fred Mauve, peintre et plasticien.&hellip;&nbsp;Lire la suite &raquo;Photographie<\/div><\/li><li class=\"rpwe-li rpwe-clearfix\"><h3 class=\"rpwe-title\"><a href=\"https:\/\/www.brenne-au-coeur.com\/index.php\/2025\/06\/22\/folk\/breves\/6793\/\" target=\"_self\">Folk<\/a><\/h3><time class=\"rpwe-time published\" datetime=\"2025-06-22T16:04:49+02:00\">22 juin 2025<\/time><a class=\"rpwe-comment comment-count\" href=\"https:\/\/www.brenne-au-coeur.com\/index.php\/2025\/06\/22\/folk\/breves\/6793\/#respond\">1 commentaire<\/a><div class=\"rpwe-summary\">Fragile Star &amp; Ambiance (folk) en concert au Blanc, samedi 28 juin 2025 \u00e0 15h00. Rendez-vous&nbsp;: Le Squat place Ren\u00e9 Thimel. Organisateur&nbsp;: Amicale des habitants du pays blancois. Ouverture des portes \u00e0 14h30 &#8211; places limit\u00e9es &#8211; r\u00e9servations conseill\u00e9es. Tarifs&nbsp;: libre participation. Renseignements \/ R\u00e9servation 06 44 70 90 65 artistes.ahpb@gmail.com<\/div><\/li><li class=\"rpwe-li rpwe-clearfix\"><h3 class=\"rpwe-title\"><a href=\"https:\/\/www.brenne-au-coeur.com\/index.php\/2025\/06\/14\/clown\/breves\/6770\/\" target=\"_self\">Clown<\/a><\/h3><time class=\"rpwe-time published\" datetime=\"2025-06-14T16:51:44+02:00\">14 juin 2025<\/time><a class=\"rpwe-comment comment-count\" href=\"https:\/\/www.brenne-au-coeur.com\/index.php\/2025\/06\/14\/clown\/breves\/6770\/#respond\">1 commentaire<\/a><div class=\"rpwe-summary\">Stage clown \u00e0 N\u00e9ons sur Creuse, vendredi 27 juin 2025 \u00e0 15h30. Improvisionion clown pour adulte. Venez d\u00e9couvrir ou retrouver le clown qui sommeille en vous. R\u00e9servation obligatoire. Nombre de places limit\u00e9. Renseignements \/ R\u00e9servation 0629321174 lesouffleclown@gmail.com<\/div><\/li><li class=\"rpwe-li rpwe-clearfix\"><h3 class=\"rpwe-title\"><a href=\"https:\/\/www.brenne-au-coeur.com\/index.php\/2025\/06\/05\/les-petites-escapades-de-charles\/breves\/6740\/\" target=\"_self\">Les petites escapades de Charles<\/a><\/h3><time class=\"rpwe-time published\" datetime=\"2025-06-05T14:12:50+02:00\">5 juin 2025<\/time><a class=\"rpwe-comment comment-count\" href=\"https:\/\/www.brenne-au-coeur.com\/index.php\/2025\/06\/05\/les-petites-escapades-de-charles\/breves\/6740\/#respond\">1 commentaire<\/a><div class=\"rpwe-summary\">La Brenne les sens en \u00e9veil, vendredi 27 juin 2025 de 10h15 \u00e0 15h15. Rendez-vous&nbsp;: Parking de l&rsquo;\u00e9tang Mass\u00e9 Le Blizon \u00e0 Rosnay Animateur&nbsp;: Charles Guilloteau. Organisateur&nbsp;: PNR Brenne et Charles Guilloteau. Charles Guilloteau, jeune retrait\u00e9, vous emm\u00e8ne \u00e0 la d\u00e9couverte de Sa Brenne. celle des chemins et sentiers, celles des monuments grands et petits&hellip;&nbsp;Lire la suite &raquo;Les petites escapades de Charles<\/div><\/li><li class=\"rpwe-li rpwe-clearfix\"><h3 class=\"rpwe-title\"><a href=\"https:\/\/www.brenne-au-coeur.com\/index.php\/2025\/06\/05\/visite-3\/breves\/6738\/\" target=\"_self\">Visite<\/a><\/h3><time class=\"rpwe-time published\" datetime=\"2025-06-05T14:10:29+02:00\">5 juin 2025<\/time><a class=\"rpwe-comment comment-count\" href=\"https:\/\/www.brenne-au-coeur.com\/index.php\/2025\/06\/05\/visite-3\/breves\/6738\/#respond\">1 commentaire<\/a><div class=\"rpwe-summary\">La vie \u00e0 l&rsquo;\u00e9poque m\u00e9di\u00e9vale \u00e0 Lignac, mardi 24 juin 2025 \u00e0 14h30 Rendez-vous devant la grille d&rsquo;entr\u00e9e du ch\u00e2teau Ch\u00e2teauguillaume Organisateur&nbsp;: F\u00e9d\u00e9ration des chemins de la guerre de cent ans. Visite historique de Ch\u00e2teau Guillaume sur le th\u00e8me de la vie \u00e0 l&rsquo;\u00e9poque m\u00e9di\u00e9vale. Visite du hameau, de l&rsquo;\u00e9glise, de l&rsquo;ext\u00e9rieur du ch\u00e2teau. Explication&hellip;&nbsp;Lire la suite &raquo;Visite<\/div><\/li><li class=\"rpwe-li rpwe-clearfix\"><h3 class=\"rpwe-title\"><a href=\"https:\/\/www.brenne-au-coeur.com\/index.php\/2025\/05\/31\/motos\/breves\/6734\/\" target=\"_self\">Motos<\/a><\/h3><time class=\"rpwe-time published\" datetime=\"2025-05-31T16:05:05+02:00\">31 mai 2025<\/time><a class=\"rpwe-comment comment-count\" href=\"https:\/\/www.brenne-au-coeur.com\/index.php\/2025\/05\/31\/motos\/breves\/6734\/#respond\">1 commentaire<\/a><div class=\"rpwe-summary\">Moto Cross \u00e0 Prissac. Troph\u00e9e du Limousin ufolep, dimanche 22 juin 2025 \u00e0 9h00. Rendez-vous Circuit des chaumes de la lande Route de Luzeret. Organisateur&nbsp;: Association des sports m\u00e9caniques. essais le matin et comp\u00e9tition l&rsquo;apr\u00e8s-midi. Restauration et buvette sur place. Acc\u00e8s gratuit. Renseignements motoclubpissac@hotmail.fr association-des-sports-mecaniques-de-prissac.asso-web.com Facebook<\/div><\/li><li class=\"rpwe-li rpwe-clearfix\"><h3 class=\"rpwe-title\"><a href=\"https:\/\/www.brenne-au-coeur.com\/index.php\/2025\/05\/29\/visite-2\/breves\/6725\/\" target=\"_self\">Visite<\/a><\/h3><time class=\"rpwe-time published\" datetime=\"2025-05-29T17:07:38+02:00\">29 mai 2025<\/time><a class=\"rpwe-comment comment-count\" href=\"https:\/\/www.brenne-au-coeur.com\/index.php\/2025\/05\/29\/visite-2\/breves\/6725\/#respond\">1 commentaire<\/a><div class=\"rpwe-summary\">La Briqueterie du Pic, \u00e0 Ruffec, vendredi 20 juin 2025, \u00e0 15h00. Rendez-vous&nbsp;: La Lorne. Organisateur&nbsp;: Destination Brenne. La famille Desmouli\u00e8res, Briquetier depuis 1828, vient de racheter \u00a0\u00bb La Tuilerie de la Lorne \u00a0\u00bb \u00e0 Ruffec. ils nous invitent \u00e0 d\u00e9couvrir leur savoir-faire. Ils fabriquent \u00e0 Ruffec une large gamme de terres cuites dont la&hellip;&nbsp;Lire la suite &raquo;Visite<\/div><\/li><li class=\"rpwe-li rpwe-clearfix\"><h3 class=\"rpwe-title\"><a href=\"https:\/\/www.brenne-au-coeur.com\/index.php\/2025\/05\/28\/concert-classique\/breves\/6714\/\" target=\"_self\">Concert classique<\/a><\/h3><time class=\"rpwe-time published\" datetime=\"2025-05-28T18:58:16+02:00\">28 mai 2025<\/time><a class=\"rpwe-comment comment-count\" href=\"https:\/\/www.brenne-au-coeur.com\/index.php\/2025\/05\/28\/concert-classique\/breves\/6714\/#respond\">1 commentaire<\/a><div class=\"rpwe-summary\">\u00c0 M\u00e9rigny, dimanche 15 juin 2025 \u00e0 17h00, \u00e9glise Saint-Sulpice, 6 place du 8 mai. Organisateur&nbsp;: Mairie et association Orph\u00e9e. Le talent et la complicit\u00e9 de Gw\u00e9na\u00eblle \u00e0 la harpe et de Juliette au violoncelle nous invitent \u00e0 vivre un voyage musical \u00e9clectique qui va du 18e au 21 si\u00e8cle. Le choix subtil des \u0153uvres&hellip;&nbsp;Lire la suite &raquo;Concert classique<\/div><\/li><li class=\"rpwe-li rpwe-clearfix\"><h3 class=\"rpwe-title\"><a href=\"https:\/\/www.brenne-au-coeur.com\/index.php\/2025\/05\/22\/ecriture\/breves\/6706\/\" target=\"_self\">\u00c9criture<\/a><\/h3><time class=\"rpwe-time published\" datetime=\"2025-05-22T10:51:11+02:00\">22 mai 2025<\/time><a class=\"rpwe-comment comment-count\" href=\"https:\/\/www.brenne-au-coeur.com\/index.php\/2025\/05\/22\/ecriture\/breves\/6706\/#respond\">1 commentaire<\/a><div class=\"rpwe-summary\">Atelier d\u2019\u00e9criture \u00e0 la m\u00e9diath\u00e8que intercommunale du Blanc, anim\u00e9 par Barbara Constantine, le jeudi 5 juin de 18h00 \u00e0 20h00. Pour ados et adultes. Tarif\u00a0: 5 \u20ac R\u00e9servation conseill\u00e9e. Yves Champigny Communaut\u00e9 de Communes Brenne &#8211; Val de Creuse, Coordination du r\u00e9seau de lecture publique Programmation culturelle jeune public. Coordination de la communication. 02 54&hellip;&nbsp;Lire la suite &raquo;\u00c9criture<\/div><\/li><li class=\"rpwe-li rpwe-clearfix\"><h3 class=\"rpwe-title\"><a href=\"https:\/\/www.brenne-au-coeur.com\/index.php\/2025\/05\/18\/pigeons\/breves\/6693\/\" target=\"_self\">Pigeons<\/a><\/h3><time class=\"rpwe-time published\" datetime=\"2025-05-18T15:07:31+02:00\">18 mai 2025<\/time><a class=\"rpwe-comment comment-count\" href=\"https:\/\/www.brenne-au-coeur.com\/index.php\/2025\/05\/18\/pigeons\/breves\/6693\/#respond\">1 commentaire<\/a><div class=\"rpwe-summary\">Pigeons d&rsquo;ornement de Philippe Lissy, mercredi 04 juin 2025, de 10h00 \u00e0 12h00 et de 14h00 \u00e0 18h00. M\u00e9diath\u00e8que Louis Cassas d\u2019Azay-le-Ferron, 2 all\u00e9e des jardins d&rsquo;Azay. Pr\u00e9sentation de Pigeons par Philippe Lissy, colombiculteur et \u00e9leveur depuis 17 ans. Gratuit. Renseignements 02 54 39 40 97 (M\u00e9diath\u00e8que) bibliotheque-azayleferron@orange.fr<\/div><\/li><\/ul><\/div><!-- Generated by http:\/\/wordpress.org\/plugins\/recent-posts-widget-extended\/ --><\/div><!-- \/Widget Shortcode -->\n","protected":false},"excerpt":{"rendered":"<p>&nbsp;<\/p>\n","protected":false},"author":1,"featured_media":0,"parent":0,"menu_order":0,"comment_status":"closed","ping_status":"closed","template":"","meta":{"rop_custom_images_group":[],"rop_custom_messages_group":[],"rop_publish_now":"initial","rop_publish_now_accounts":[],"rop_publish_now_history":[],"rop_publish_now_status":"pending","_monsterinsights_skip_tracking":false,"_monsterinsights_sitenote_active":false,"_monsterinsights_sitenote_note":"","_monsterinsights_sitenote_category":0,"neve_meta_sidebar":"","neve_meta_container":"","neve_meta_enable_content_width":"off","neve_meta_content_width":100,"neve_meta_title_alignment":"","neve_meta_author_avatar":"","neve_post_elements_order":"","neve_meta_disable_header":"","neve_meta_disable_footer":"","neve_meta_disable_title":"","footnotes":""},"class_list":["post-3878","page","type-page","status-publish","hentry"],"aioseo_notices":[],"jetpack-related-posts":[],"jetpack_sharing_enabled":true,"_links":{"self":[{"href":"https:\/\/www.brenne-au-coeur.com\/index.php\/wp-json\/wp\/v2\/pages\/3878","targetHints":{"allow":["GET"]}}],"collection":[{"href":"https:\/\/www.brenne-au-coeur.com\/index.php\/wp-json\/wp\/v2\/pages"}],"about":[{"href":"https:\/\/www.brenne-au-coeur.com\/index.php\/wp-json\/wp\/v2\/types\/page"}],"author":[{"embeddable":true,"href":"https:\/\/www.brenne-au-coeur.com\/index.php\/wp-json\/wp\/v2\/users\/1"}],"replies":[{"embeddable":true,"href":"https:\/\/www.brenne-au-coeur.com\/index.php\/wp-json\/wp\/v2\/comments?post=3878"}],"version-history":[{"count":7,"href":"https:\/\/www.brenne-au-coeur.com\/index.php\/wp-json\/wp\/v2\/pages\/3878\/revisions"}],"predecessor-version":[{"id":3887,"href":"https:\/\/www.brenne-au-coeur.com\/index.php\/wp-json\/wp\/v2\/pages\/3878\/revisions\/3887"}],"wp:attachment":[{"href":"https:\/\/www.brenne-au-coeur.com\/index.php\/wp-json\/wp\/v2\/media?parent=3878"}],"curies":[{"name":"wp","href":"https:\/\/api.w.org\/{rel}","templated":true}]}}