{"id":346,"date":"2022-04-06T14:47:19","date_gmt":"2022-04-06T12:47:19","guid":{"rendered":"http:\/\/www.brenne-au-coeur.com\/?page_id=346"},"modified":"2022-05-03T15:48:28","modified_gmt":"2022-05-03T13:48:28","slug":"martizay","status":"publish","type":"page","link":"https:\/\/www.brenne-au-coeur.com\/index.php\/martizay\/","title":{"rendered":"Martizay"},"content":{"rendered":"<p><!-- Widget Shortcode --><div id=\"block-4\" class=\"widget widget_block widget-shortcode area-arbitrary \"><h3> <\/h3><\/div><!-- \/Widget Shortcode --><br \/>\n<!-- Widget Shortcode --><div id=\"rpwe_widget-5\" class=\"widget rpwe_widget recent-posts-extended widget-shortcode area-arbitrary \"><style>.rpwe-block ul{\r\nlist-style: none !important;\r\nmargin-left: 0 !important;\r\npadding-left: 0 !important;\r\n}\r\n\r\n.rpwe-block li{\r\nborder-bottom: 1px solid #eee;\r\nmargin-bottom: 10px;\r\npadding-bottom: 10px;\r\nlist-style-type: none;\r\n}\r\n\r\n.rpwe-block a{\r\ndisplay: inline !important;\r\ntext-decoration: none;\r\n}\r\n\r\n.rpwe-block h2{\r\nbackground: none !important;\r\nclear: none;\r\nmargin-bottom: 0 !important;\r\nmargin-top: 0 !important;\r\nfont-weight: 200;\r\nfont-size: 12px !important;\r\nline-height: 1.5em;\r\n}\r\n\r\n.rpwe-thumb{\r\nborder: 1px solid #eee !important;\r\nbox-shadow: none !important;\r\nmargin: 2px 10px 2px 0;\r\npadding: 3px !important;\r\n}\r\n\r\n.rpwe-summary{\r\nfont-size: 16px;\r\n}\r\n\r\n.rpwe-time{\r\ncolor: #bbb;\r\nfont-size: 12px;\r\n}\r\n\r\n.rpwe-comment{\r\ncolor: #bbb;\r\nfont-size: 16px;\r\npadding-left: 5px;\r\n}\r\n\r\n.rpwe-alignleft{\r\ndisplay: inline;\r\nfloat: left;\r\n}\r\n\r\n.rpwe-alignright{\r\ndisplay: inline;\r\nfloat: right;\r\n}\r\n\r\n.rpwe-aligncenter{\r\ndisplay: block;\r\nmargin-left: auto;\r\nmargin-right: auto;\r\n}\r\n\r\n.rpwe-clearfix:before,\r\n.rpwe-clearfix:after{\r\ncontent: &quot;&quot;;\r\ndisplay: table !important;\r\n}\r\n\r\n.rpwe-clearfix:after{\r\nclear: both;\r\n}\r\n\r\n.rpwe-clearfix{\r\nzoom: 1;\r\n}\r\n<\/style><h2 class=\"widgettitle\">Martizay :<\/h2><div  class=\"rpwe-block\"><ul class=\"rpwe-ul\"><li class=\"rpwe-li rpwe-clearfix\"><a class=\"rpwe-img\" href=\"https:\/\/www.brenne-au-coeur.com\/index.php\/2026\/03\/25\/alexandre-se-presente-a-martizay\/communes\/martizay\/7559\/\" target=\"_self\"><img class=\"rpwe-alignleft rpwe-thumb\" src=\"https:\/\/www.brenne-au-coeur.com\/wp-content\/uploads\/2026\/03\/dedicace_PG-724x1024-1-120x120.jpg\" alt=\"Alexandre se pr\u00e9sente \u00e0 Martizay\" height=\"120\" width=\"120\" loading=\"lazy\" decoding=\"async\"><\/a><h3 class=\"rpwe-title\"><a href=\"https:\/\/www.brenne-au-coeur.com\/index.php\/2026\/03\/25\/alexandre-se-presente-a-martizay\/communes\/martizay\/7559\/\" target=\"_self\">Alexandre se pr\u00e9sente \u00e0 Martizay<\/a><\/h3><time class=\"rpwe-time published\" datetime=\"2026-03-25T12:11:11+01:00\">25 mars 2026<\/time><div class=\"rpwe-summary\">Le vendredi 3 avril \u00e0 18h, Philippe Gitton pr\u00e9sentera \u00e0 la m\u00e9diath\u00e8que de Martizay, son livre Alexandre, paru aux \u00e9ditions Ma\u00efa. L\u2019auteur en lira quelques extraits. Il \u00e9changera avec le public sur ses motivations d\u2019\u00e9criture et le sens qu\u2019il donne \u00e0 cette histoire. Yonnel li\u00e9geois, r\u00e9dacteur en chef du blog &hellip;<a href=\"https:\/\/www.brenne-au-coeur.com\/index.php\/2026\/03\/25\/alexandre-se-presente-a-martizay\/communes\/martizay\/7559\/\" class=\"more-link\">Lire la suite...<\/a><\/div><\/li><li class=\"rpwe-li rpwe-clearfix\"><a class=\"rpwe-img\" href=\"https:\/\/www.brenne-au-coeur.com\/index.php\/2026\/02\/19\/la-prehistoire-en-peinture\/communes\/martizay\/7454\/\" target=\"_self\"><img class=\"rpwe-alignleft rpwe-thumb\" src=\"https:\/\/www.brenne-au-coeur.com\/wp-content\/uploads\/2026\/02\/Peintures-a-la-prehistoire2-25-02-120x120.png\" alt=\"La Pr\u00e9histoire en peinture\" height=\"120\" width=\"120\" loading=\"lazy\" decoding=\"async\"><\/a><h3 class=\"rpwe-title\"><a href=\"https:\/\/www.brenne-au-coeur.com\/index.php\/2026\/02\/19\/la-prehistoire-en-peinture\/communes\/martizay\/7454\/\" target=\"_self\">La Pr\u00e9histoire en peinture<\/a><\/h3><time class=\"rpwe-time published\" datetime=\"2026-02-19T15:28:31+01:00\">19 f\u00e9vrier 2026<\/time><div class=\"rpwe-summary\">Mercredi 25 f\u00e9vrier, de 15 h \u00e0 16h30, le Mus\u00e9e arch\u00e9ologique de Martizay propose une animation autour des peintures de la pr\u00e9histoire. L\u2019animatrice, Raymonde Rolland invitera les participants \u00e0 se plonger dans le monde artistique de l\u2019\u00e9poque. Dans un premier temps, il s\u2019agira de contempler les reproductions d\u2019\u0153uvres issues des &hellip;<a href=\"https:\/\/www.brenne-au-coeur.com\/index.php\/2026\/02\/19\/la-prehistoire-en-peinture\/communes\/martizay\/7454\/\" class=\"more-link\">Lire la suite...<\/a><\/div><\/li><li class=\"rpwe-li rpwe-clearfix\"><a class=\"rpwe-img\" href=\"https:\/\/www.brenne-au-coeur.com\/index.php\/2025\/11\/01\/theatre-du-rire-et-de-la-bonne-humeur\/communes\/martizay\/7131\/\" target=\"_self\"><img class=\"rpwe-alignleft rpwe-thumb\" src=\"https:\/\/www.brenne-au-coeur.com\/wp-content\/uploads\/2025\/11\/image0000001.resized-120x120.jpg\" alt=\"Th\u00e9\u00e2tre du rire et de la bonne humeur\" height=\"120\" width=\"120\" loading=\"lazy\" decoding=\"async\"><\/a><h3 class=\"rpwe-title\"><a href=\"https:\/\/www.brenne-au-coeur.com\/index.php\/2025\/11\/01\/theatre-du-rire-et-de-la-bonne-humeur\/communes\/martizay\/7131\/\" target=\"_self\">Th\u00e9\u00e2tre du rire et de la bonne humeur<\/a><\/h3><time class=\"rpwe-time published\" datetime=\"2025-11-01T15:49:33+01:00\">1 novembre 2025<\/time><div class=\"rpwe-summary\">L\u2019association \u00ab\u00a0Les Z\u2019accros des planches\u00a0\u00bb, reprend ses quartiers \u00e0 la salle des f\u00eates de Martizay, pour six repr\u00e9sentations entre le 8 et le 22 novembre prochain *. Le public y retrouvera la marque de fabrique des spectacles propos\u00e9s par la troupe de th\u00e9\u00e2tre. Comme d\u2019habitude, au programme, deux com\u00e9dies. La &hellip;<a href=\"https:\/\/www.brenne-au-coeur.com\/index.php\/2025\/11\/01\/theatre-du-rire-et-de-la-bonne-humeur\/communes\/martizay\/7131\/\" class=\"more-link\">Lire la suite...<\/a><\/div><\/li><li class=\"rpwe-li rpwe-clearfix\"><a class=\"rpwe-img\" href=\"https:\/\/www.brenne-au-coeur.com\/index.php\/2025\/10\/13\/la-clef-dans-le-sac-revient\/communes\/azay-le-ferron-communes\/7111\/\" target=\"_self\"><img class=\"rpwe-alignleft rpwe-thumb\" src=\"https:\/\/www.brenne-au-coeur.com\/wp-content\/uploads\/2025\/10\/cle-dans-le-sac-2025.resized-120x120.png\" alt=\"La clef dans le sac revient\" height=\"120\" width=\"120\" loading=\"lazy\" decoding=\"async\"><\/a><h3 class=\"rpwe-title\"><a href=\"https:\/\/www.brenne-au-coeur.com\/index.php\/2025\/10\/13\/la-clef-dans-le-sac-revient\/communes\/azay-le-ferron-communes\/7111\/\" target=\"_self\">La clef dans le sac revient<\/a><\/h3><time class=\"rpwe-time published\" datetime=\"2025-10-13T14:20:52+02:00\">13 octobre 2025<\/time><div class=\"rpwe-summary\">Le festival annuel de contes \u00ab\u00a0la clef dans le sac\u00a0\u00bb se d\u00e9roulera du 20 au 24 octobre prochain. Comme chaque ann\u00e9e, la programmation n\u2019exclut personne. Des tout petit aux adultes, tout le monde peut y trouver son conte\u00a0! Le premier spectacle, r\u00e9serv\u00e9 aux adultes, sera pr\u00e9sent\u00e9 le lundi 20 octobre &hellip;<a href=\"https:\/\/www.brenne-au-coeur.com\/index.php\/2025\/10\/13\/la-clef-dans-le-sac-revient\/communes\/azay-le-ferron-communes\/7111\/\" class=\"more-link\">Lire la suite...<\/a><\/div><\/li><li class=\"rpwe-li rpwe-clearfix\"><a class=\"rpwe-img\" href=\"https:\/\/www.brenne-au-coeur.com\/index.php\/2025\/05\/11\/brassens-a-martizay\/communes\/martizay\/6645\/\" target=\"_self\"><img class=\"rpwe-alignleft rpwe-thumb\" src=\"https:\/\/www.brenne-au-coeur.com\/wp-content\/uploads\/2025\/05\/1-120x120.jpg\" alt=\"Brassens \u00e0 Martizay\" height=\"120\" width=\"120\" loading=\"lazy\" decoding=\"async\"><\/a><h3 class=\"rpwe-title\"><a href=\"https:\/\/www.brenne-au-coeur.com\/index.php\/2025\/05\/11\/brassens-a-martizay\/communes\/martizay\/6645\/\" target=\"_self\">Brassens \u00e0 Martizay<\/a><\/h3><time class=\"rpwe-time published\" datetime=\"2025-05-11T15:49:25+02:00\">11 mai 2025<\/time><div class=\"rpwe-summary\">Samedi 24 mai \u00e0 16h00, la m\u00e9diath\u00e8que de Martizay organise une conf\u00e9rence. Le th\u00e8me&nbsp;: Georges Brassens une vie de chansons. Philippe Gitton retracera quelques grands moments de la vie du chanteur. Il pr\u00e9sentera les chansons interpr\u00e9t\u00e9es par Sylvain Guillaumet. 44 ans apr\u00e8s son d\u00e9c\u00e8s, le chanteur reste pr\u00e9sent dans les &hellip;<a href=\"https:\/\/www.brenne-au-coeur.com\/index.php\/2025\/05\/11\/brassens-a-martizay\/communes\/martizay\/6645\/\" class=\"more-link\">Lire la suite...<\/a><\/div><\/li><li class=\"rpwe-li rpwe-clearfix\"><a class=\"rpwe-img\" href=\"https:\/\/www.brenne-au-coeur.com\/index.php\/2025\/04\/06\/poetesses-du-monde\/communes\/martizay\/6513\/\" target=\"_self\"><img class=\"rpwe-alignleft rpwe-thumb\" src=\"https:\/\/www.brenne-au-coeur.com\/wp-content\/uploads\/2025\/04\/20250328_180406-scaled-120x120.jpg\" alt=\"Po\u00e9tesses du Monde\" height=\"120\" width=\"120\" loading=\"lazy\" decoding=\"async\"><\/a><h3 class=\"rpwe-title\"><a href=\"https:\/\/www.brenne-au-coeur.com\/index.php\/2025\/04\/06\/poetesses-du-monde\/communes\/martizay\/6513\/\" target=\"_self\">Po\u00e9tesses du Monde<\/a><\/h3><time class=\"rpwe-time published\" datetime=\"2025-04-06T15:59:46+02:00\">6 avril 2025<\/time><div class=\"rpwe-summary\">Vendredi 18 avril \u00e0 18h, la m\u00e9diath\u00e8que de Martizay re\u00e7oit Roger Houlet, pour une lecture de po\u00e9sies uniquement \u00e9crites par des femmes. \u00ab\u00a0J\u2019invite les gens \u00e0 partir \u00e0 leurs rencontres. Une sorte de tour du Monde, une d\u00e9couverte d\u2019un panorama d\u2019aspirations, de styles et de sujets.\u00a0\u00bb explique Roger. Pour se &hellip;<a href=\"https:\/\/www.brenne-au-coeur.com\/index.php\/2025\/04\/06\/poetesses-du-monde\/communes\/martizay\/6513\/\" class=\"more-link\">Lire la suite...<\/a><\/div><\/li><li class=\"rpwe-li rpwe-clearfix\"><a class=\"rpwe-img\" href=\"https:\/\/www.brenne-au-coeur.com\/index.php\/2025\/02\/25\/escape-game-a-martizay\/communes\/martizay\/6383\/\" target=\"_self\"><img class=\"rpwe-alignleft rpwe-thumb\" src=\"https:\/\/www.brenne-au-coeur.com\/wp-content\/uploads\/2025\/02\/affiche-escape-game-portrait-HD-OK-Copie.resized-120x120.jpg\" alt=\"Escape Game \u00e0 Martizay\" height=\"120\" width=\"120\" loading=\"lazy\" decoding=\"async\"><\/a><h3 class=\"rpwe-title\"><a href=\"https:\/\/www.brenne-au-coeur.com\/index.php\/2025\/02\/25\/escape-game-a-martizay\/communes\/martizay\/6383\/\" target=\"_self\">Escape Game \u00e0 Martizay<\/a><\/h3><time class=\"rpwe-time published\" datetime=\"2025-02-25T17:15:02+01:00\">25 f\u00e9vrier 2025<\/time><div class=\"rpwe-summary\">Une heure pour trouver les diamants du trident de Pos\u00e9idon. Tel est le d\u00e9fi lanc\u00e9 \u00e0 la m\u00e9diath\u00e8que de Martizay. Une porte \u00e0 franchir. \u00c9nigmes et surprises attendent les joueurs. \u00c0 proximit\u00e9, un ma\u00eetre du jeu veille au grain. L\u2019Escape Game, a \u00e9t\u00e9 cr\u00e9\u00e9 de bout en bout par un &hellip;<a href=\"https:\/\/www.brenne-au-coeur.com\/index.php\/2025\/02\/25\/escape-game-a-martizay\/communes\/martizay\/6383\/\" class=\"more-link\">Lire la suite...<\/a><\/div><\/li><li class=\"rpwe-li rpwe-clearfix\"><a class=\"rpwe-img\" href=\"https:\/\/www.brenne-au-coeur.com\/index.php\/2025\/02\/12\/le-cheval-a-la-prehistoire\/communes\/martizay\/6346\/\" target=\"_self\"><img class=\"rpwe-alignleft rpwe-thumb\" src=\"https:\/\/www.brenne-au-coeur.com\/wp-content\/uploads\/2025\/02\/cheval-a-la-prehistoire-120x120.jpg\" alt=\"Le cheval \u00e0 la pr\u00e9histoire\" height=\"120\" width=\"120\" loading=\"lazy\" decoding=\"async\"><\/a><h3 class=\"rpwe-title\"><a href=\"https:\/\/www.brenne-au-coeur.com\/index.php\/2025\/02\/12\/le-cheval-a-la-prehistoire\/communes\/martizay\/6346\/\" target=\"_self\">Le cheval \u00e0 la pr\u00e9histoire<\/a><\/h3><time class=\"rpwe-time published\" datetime=\"2025-02-12T10:06:27+01:00\">12 f\u00e9vrier 2025<\/time><div class=\"rpwe-summary\">Mercredi 19 f\u00e9vrier 2025 de 15h 00 \u00e0 16h30, l\u2019association \u00ab\u00a0Les amis du vieux Martizay\u00a0\u00bb propose un atelier de d\u00e9couverte sur le th\u00e8me du cheval dans la pr\u00e9histoire. Con\u00e7u en deux parties, il est plus particuli\u00e8rement destin\u00e9 aux enfants \u00e0 partir de 6 ans, mais peut convenir aux adultes. Il &hellip;<a href=\"https:\/\/www.brenne-au-coeur.com\/index.php\/2025\/02\/12\/le-cheval-a-la-prehistoire\/communes\/martizay\/6346\/\" class=\"more-link\">Lire la suite...<\/a><\/div><\/li><li class=\"rpwe-li rpwe-clearfix\"><a class=\"rpwe-img\" href=\"https:\/\/www.brenne-au-coeur.com\/index.php\/2024\/10\/06\/les-mediatheques-font-leurs-contes\/communes\/azay-le-ferron-communes\/5992\/\" target=\"_self\"><img class=\"rpwe-alignleft rpwe-thumb\" src=\"https:\/\/www.brenne-au-coeur.com\/wp-content\/uploads\/2024\/10\/tony-havart-120x120.jpeg\" alt=\"Les m\u00e9diath\u00e8ques font leurs contes\" height=\"120\" width=\"120\" loading=\"lazy\" decoding=\"async\"><\/a><h3 class=\"rpwe-title\"><a href=\"https:\/\/www.brenne-au-coeur.com\/index.php\/2024\/10\/06\/les-mediatheques-font-leurs-contes\/communes\/azay-le-ferron-communes\/5992\/\" target=\"_self\">Les m\u00e9diath\u00e8ques font leurs contes<\/a><\/h3><time class=\"rpwe-time published\" datetime=\"2024-10-06T10:56:05+02:00\">6 octobre 2024<\/time><div class=\"rpwe-summary\">Le festival de contes \u00ab\u00a0La clef dans le sac\u00a0\u00bb, pr\u00e9sent\u00e9\u00a0 par les m\u00e9diath\u00e8ques d\u2019Azay-le-Ferron, Martizay et M\u00e9zi\u00e8res-en-Brenne et la communaut\u00e9 de communes \u00ab\u00a0C\u0153ur de Brenne, se d\u00e9roulera cette ann\u00e9e, du 21 au 25 octobre. C\u2019est H\u00e9l\u00e8ne Palardy qui ouvrira le bal, lundi 21. Tout d\u2019abord \u00e0 10h30, \u00e0 la m\u00e9diath\u00e8que &hellip;<a href=\"https:\/\/www.brenne-au-coeur.com\/index.php\/2024\/10\/06\/les-mediatheques-font-leurs-contes\/communes\/azay-le-ferron-communes\/5992\/\" class=\"more-link\">Lire la suite...<\/a><\/div><\/li><li class=\"rpwe-li rpwe-clearfix\"><a class=\"rpwe-img\" href=\"https:\/\/www.brenne-au-coeur.com\/index.php\/2024\/08\/09\/des-ateliers-pour-lhistoire\/communes\/martizay\/5874\/\" target=\"_self\"><img class=\"rpwe-alignleft rpwe-thumb\" src=\"https:\/\/www.brenne-au-coeur.com\/wp-content\/uploads\/2024\/08\/IMG_20240807_163900.resized-120x120.jpg\" alt=\"Des ateliers pour l\u2019Histoire\" height=\"120\" width=\"120\" loading=\"lazy\" decoding=\"async\"><\/a><h3 class=\"rpwe-title\"><a href=\"https:\/\/www.brenne-au-coeur.com\/index.php\/2024\/08\/09\/des-ateliers-pour-lhistoire\/communes\/martizay\/5874\/\" target=\"_self\">Des ateliers pour l\u2019Histoire<\/a><\/h3><time class=\"rpwe-time published\" datetime=\"2024-08-09T17:50:24+02:00\">9 ao\u00fbt 2024<\/time><div class=\"rpwe-summary\">L\u2019association des amis du vieux Martizay donne rendez-vous, les 14, 21 et 28 ao\u00fbt prochains pour participer \u00e0 des ateliers. Une fa\u00e7on ludique de s\u2019initier \u00e0 l\u2019histoire lointaine du village. Mercredi 14 ao\u00fbt \u00e0 15h, il s\u2019agira de r\u00e9aliser une maquette simplifi\u00e9e d\u2019un Therme romain. Une reconstitution des principales pi\u00e8ces &hellip;<a href=\"https:\/\/www.brenne-au-coeur.com\/index.php\/2024\/08\/09\/des-ateliers-pour-lhistoire\/communes\/martizay\/5874\/\" class=\"more-link\">Lire la suite...<\/a><\/div><\/li><li class=\"rpwe-li rpwe-clearfix\"><a class=\"rpwe-img\" href=\"https:\/\/www.brenne-au-coeur.com\/index.php\/2024\/05\/23\/la-brenne-demilie\/communes\/martizay\/5675\/\" target=\"_self\"><img class=\"rpwe-alignleft rpwe-thumb\" src=\"https:\/\/www.brenne-au-coeur.com\/wp-content\/uploads\/2024\/05\/Exposition-dart-annuelle.resized-120x120.jpg\" alt=\"La Brenne d\u2019\u00c9milie\" height=\"120\" width=\"120\" loading=\"lazy\" decoding=\"async\"><\/a><h3 class=\"rpwe-title\"><a href=\"https:\/\/www.brenne-au-coeur.com\/index.php\/2024\/05\/23\/la-brenne-demilie\/communes\/martizay\/5675\/\" target=\"_self\">La Brenne d\u2019\u00c9milie<\/a><\/h3><time class=\"rpwe-time published\" datetime=\"2024-05-23T13:44:26+02:00\">23 mai 2024<\/time><div class=\"rpwe-summary\">Jusqu&rsquo;\u00e0 la fin du mois de juin, la m\u00e9diath\u00e8que de Martizay accueille une nouvelle exposition photographique, consacr\u00e9e aux \u0153uvres r\u00e9alis\u00e9es par une jeune photographe amateur originaire de Martizay, \u00c9milie Gaudin. Celle qui avait d\u00e9j\u00e0 r\u00e9alis\u00e9 plusieurs expositions dans l\u2019Indre en 2016 et 2017 a souhait\u00e9 aujourd\u2019hui partager avec les habitants &hellip;<a href=\"https:\/\/www.brenne-au-coeur.com\/index.php\/2024\/05\/23\/la-brenne-demilie\/communes\/martizay\/5675\/\" class=\"more-link\">Lire la suite...<\/a><\/div><\/li><li class=\"rpwe-li rpwe-clearfix\"><a class=\"rpwe-img\" href=\"https:\/\/www.brenne-au-coeur.com\/index.php\/2024\/05\/22\/les-gourdasses-et-les-joies-de-la-colocation\/communes\/martizay\/5668\/\" target=\"_self\"><img class=\"rpwe-alignleft rpwe-thumb\" src=\"https:\/\/www.brenne-au-coeur.com\/wp-content\/uploads\/2024\/05\/les-gourdasses--120x120.jpg\" alt=\"Les Gourdasses, et les joies de la colocation\" height=\"120\" width=\"120\" loading=\"lazy\" decoding=\"async\"><\/a><h3 class=\"rpwe-title\"><a href=\"https:\/\/www.brenne-au-coeur.com\/index.php\/2024\/05\/22\/les-gourdasses-et-les-joies-de-la-colocation\/communes\/martizay\/5668\/\" target=\"_self\">Les Gourdasses, et les joies de la colocation<\/a><\/h3><time class=\"rpwe-time published\" datetime=\"2024-05-22T17:07:47+02:00\">22 mai 2024<\/time><div class=\"rpwe-summary\">Dimanche 9 juin, \u00e0 15h la salle des f\u00eates de Martizay pr\u00e9sentera cette pi\u00e8ce de th\u00e9\u00e2tre\u00a0: \u00ab\u00a0Pour des raisons \u00e9conomiques, les gourdasses occupent le m\u00eame appartement. Les dissensions sont nombreuses, organisation des t\u00e2ches m\u00e9nag\u00e8res, fr\u00e9quentations de certaines, augmentation du loyer et des charges, perte d\u2019emploi, ras-le-bol professionnel, bref rien ne &hellip;<a href=\"https:\/\/www.brenne-au-coeur.com\/index.php\/2024\/05\/22\/les-gourdasses-et-les-joies-de-la-colocation\/communes\/martizay\/5668\/\" class=\"more-link\">Lire la suite...<\/a><\/div><\/li><li class=\"rpwe-li rpwe-clearfix\"><a class=\"rpwe-img\" href=\"https:\/\/www.brenne-au-coeur.com\/index.php\/2024\/04\/17\/la-ferme-maupas-une-affaire-de-famille\/communes\/martizay\/5553\/\" target=\"_self\"><img class=\"rpwe-alignleft rpwe-thumb\" src=\"https:\/\/www.brenne-au-coeur.com\/wp-content\/uploads\/2024\/04\/ferme-du-maupas-presentation-2-120x120.jpg\" alt=\"La Ferme Maupas, une affaire de famille\" height=\"120\" width=\"120\" loading=\"lazy\" decoding=\"async\"><\/a><h3 class=\"rpwe-title\"><a href=\"https:\/\/www.brenne-au-coeur.com\/index.php\/2024\/04\/17\/la-ferme-maupas-une-affaire-de-famille\/communes\/martizay\/5553\/\" target=\"_self\">La Ferme Maupas, une affaire de famille<\/a><\/h3><time class=\"rpwe-time published\" datetime=\"2024-04-17T18:13:32+02:00\">17 avril 2024<\/time><div class=\"rpwe-summary\">Les 27 et 28 avril prochain, \u00ab\u00a0La Vache Brennouse ferme du Maupas\u00a0\u00bb ouvre ses portes. Elle propose une chasse aux tr\u00e9sors dans le cadre de l\u2019op\u00e9ration \u00ab\u00a0de ferme en ferme\u00a0\u00bb. Une invitation \u00e0 venir d\u00e9couvrir l\u2019exploitation de mani\u00e8re ludique. L\u2019initiative n\u2019est pas nouvelle. Elle existe depuis plus de trente ans. &hellip;<a href=\"https:\/\/www.brenne-au-coeur.com\/index.php\/2024\/04\/17\/la-ferme-maupas-une-affaire-de-famille\/communes\/martizay\/5553\/\" class=\"more-link\">Lire la suite...<\/a><\/div><\/li><li class=\"rpwe-li rpwe-clearfix\"><a class=\"rpwe-img\" href=\"https:\/\/www.brenne-au-coeur.com\/index.php\/2024\/04\/07\/brel-parmi-nous\/communes\/martizay\/5525\/\" target=\"_self\"><img class=\"rpwe-alignleft rpwe-thumb\" src=\"https:\/\/www.brenne-au-coeur.com\/wp-content\/uploads\/2024\/04\/CONFereNCE-JAcques-Brel-120x120.jpg\" alt=\"Brel parmi nous\" height=\"120\" width=\"120\" loading=\"lazy\" decoding=\"async\"><\/a><h3 class=\"rpwe-title\"><a href=\"https:\/\/www.brenne-au-coeur.com\/index.php\/2024\/04\/07\/brel-parmi-nous\/communes\/martizay\/5525\/\" target=\"_self\">Brel parmi nous<\/a><\/h3><time class=\"rpwe-time published\" datetime=\"2024-04-07T16:45:40+02:00\">7 avril 2024<\/time><div class=\"rpwe-summary\">Vendredi 19 avril \u00e0 20h30, la m\u00e9diath\u00e8que de Martizay organise une conf\u00e9rence sur Jacques Brel. L\u2019\u0153uvre, la vie de l\u2019un des plus c\u00e9l\u00e8bres chanteurs francophones du XXe si\u00e8cle, seront retrac\u00e9es au cours de cette soir\u00e9e. Jalonn\u00e9s de plusieurs extraits de chansons de l\u2019artiste belge, l\u2019expos\u00e9 fera revivre le parcours d\u2019un &hellip;<a href=\"https:\/\/www.brenne-au-coeur.com\/index.php\/2024\/04\/07\/brel-parmi-nous\/communes\/martizay\/5525\/\" class=\"more-link\">Lire la suite...<\/a><\/div><\/li><li class=\"rpwe-li rpwe-clearfix\"><a class=\"rpwe-img\" href=\"https:\/\/www.brenne-au-coeur.com\/index.php\/2024\/03\/11\/le-cpie-vient-a-vous\/communes\/martizay\/5385\/\" target=\"_self\"><img class=\"rpwe-alignleft rpwe-thumb\" src=\"https:\/\/www.brenne-au-coeur.com\/wp-content\/uploads\/2024\/03\/RencontreCPIE-Martizay.resized-120x120.jpg\" alt=\"Le CPIE vient \u00e0 vous\u00a0!\" height=\"120\" width=\"120\" loading=\"lazy\" decoding=\"async\"><\/a><h3 class=\"rpwe-title\"><a href=\"https:\/\/www.brenne-au-coeur.com\/index.php\/2024\/03\/11\/le-cpie-vient-a-vous\/communes\/martizay\/5385\/\" target=\"_self\">Le CPIE vient \u00e0 vous\u00a0!<\/a><\/h3><time class=\"rpwe-time published\" datetime=\"2024-03-11T16:27:37+01:00\">11 mars 2024<\/time><div class=\"rpwe-summary\">Mardi 19 mars, de 18h30 \u00e0 20h30, salle des associations de Martizay, le CPIE invite les habitants \u00e0 une rencontre pour faire connaissance avec ses activit\u00e9s. L\u2019association proposera de plus, un petit atelier de fabrication de \u00abbombes de graines&nbsp;\u00bb, des petites boulettes d&rsquo;argile remplies de graines de fleurs, que l&rsquo;on &hellip;<a href=\"https:\/\/www.brenne-au-coeur.com\/index.php\/2024\/03\/11\/le-cpie-vient-a-vous\/communes\/martizay\/5385\/\" class=\"more-link\">Lire la suite...<\/a><\/div><\/li><li class=\"rpwe-li rpwe-clearfix\"><a class=\"rpwe-img\" href=\"https:\/\/www.brenne-au-coeur.com\/index.php\/2024\/03\/11\/fete-du-court-metrage\/communes\/martizay\/5381\/\" target=\"_self\"><img class=\"rpwe-alignleft rpwe-thumb\" src=\"https:\/\/www.brenne-au-coeur.com\/wp-content\/uploads\/2024\/03\/ProgrammeFCM_mars2024_R.resized.resized-120x120.jpg\" alt=\"F\u00eate du court-m\u00e9trage\" height=\"120\" width=\"120\" loading=\"lazy\" decoding=\"async\"><\/a><h3 class=\"rpwe-title\"><a href=\"https:\/\/www.brenne-au-coeur.com\/index.php\/2024\/03\/11\/fete-du-court-metrage\/communes\/martizay\/5381\/\" target=\"_self\">F\u00eate du court-m\u00e9trage<\/a><\/h3><time class=\"rpwe-time published\" datetime=\"2024-03-11T13:03:01+01:00\">11 mars 2024<\/time><div class=\"rpwe-summary\">Du 20 au 26 mars 2024, les m\u00e9diath\u00e8ques de Martizay, de M\u00e9zi\u00e8res-en-Brenne et la Communaut\u00e9 de communes \u00ab\u00a0C\u0153ur de Brenne\u00a0\u00bb proposent plusieurs projections gratuites de courts-m\u00e9trages. L\u2019initiative se situe dans le cadre d\u2019une manifestation nationale, annuelle, La F\u00eate du court m\u00e9trage, qui est n\u00e9e de la volont\u00e9 de mieux faire &hellip;<a href=\"https:\/\/www.brenne-au-coeur.com\/index.php\/2024\/03\/11\/fete-du-court-metrage\/communes\/martizay\/5381\/\" class=\"more-link\">Lire la suite...<\/a><\/div><\/li><li class=\"rpwe-li rpwe-clearfix\"><a class=\"rpwe-img\" href=\"https:\/\/www.brenne-au-coeur.com\/index.php\/2024\/02\/04\/la-brenne-de-toine\/communes\/martizay\/5267\/\" target=\"_self\"><img class=\"rpwe-alignleft rpwe-thumb\" src=\"https:\/\/www.brenne-au-coeur.com\/wp-content\/uploads\/2024\/02\/photos_brenne.resized-120x120.jpg\" alt=\"La Brenne de Toine.\" height=\"120\" width=\"120\" loading=\"lazy\" decoding=\"async\"><\/a><h3 class=\"rpwe-title\"><a href=\"https:\/\/www.brenne-au-coeur.com\/index.php\/2024\/02\/04\/la-brenne-de-toine\/communes\/martizay\/5267\/\" target=\"_self\">La Brenne de Toine.<\/a><\/h3><time class=\"rpwe-time published\" datetime=\"2024-02-04T19:40:27+01:00\">4 f\u00e9vrier 2024<\/time><div class=\"rpwe-summary\">Le photographe pr\u00e9sente son exposition \u00ab&nbsp;La p\u00eache en Brenne&nbsp;\u00bb \u00e0 la m\u00e9diath\u00e8que de Martizay, jusqu\u2019au 24 f\u00e9vier. Ainsi qu\u2019il se pr\u00e9sente, Antoine est n\u00e9 entre Berry et Touraine , il y a 43 ans \u00e0 Ch\u00e2tillon-sur-Indre Il est photographe amateur depuis pr\u00e8s de 5 ans et signe sous le pseudonyme &hellip;<a href=\"https:\/\/www.brenne-au-coeur.com\/index.php\/2024\/02\/04\/la-brenne-de-toine\/communes\/martizay\/5267\/\" class=\"more-link\">Lire la suite...<\/a><\/div><\/li><li class=\"rpwe-li rpwe-clearfix\"><a class=\"rpwe-img\" href=\"https:\/\/www.brenne-au-coeur.com\/index.php\/2023\/12\/27\/programme-culturel-copieux\/communes\/azay-le-ferron-communes\/5140\/\" target=\"_self\"><img class=\"rpwe-alignleft rpwe-thumb\" src=\"https:\/\/www.brenne-au-coeur.com\/wp-content\/uploads\/2023\/12\/casque-vituel-120x120.jpeg\" alt=\"Programme culturel copieux\" height=\"120\" width=\"120\" loading=\"lazy\" decoding=\"async\"><\/a><h3 class=\"rpwe-title\"><a href=\"https:\/\/www.brenne-au-coeur.com\/index.php\/2023\/12\/27\/programme-culturel-copieux\/communes\/azay-le-ferron-communes\/5140\/\" target=\"_self\">Programme culturel copieux<\/a><\/h3><time class=\"rpwe-time published\" datetime=\"2023-12-27T15:05:50+01:00\">27 d\u00e9cembre 2023<\/time><div class=\"rpwe-summary\">Expos, jeux, ateliers, rencontres. Le programme des activit\u00e9s des m\u00e9diath\u00e8ques d\u2019Azay-le-Ferron, de Martizay et de M\u00e9zi\u00e8res-en-Brenne est bien fourni, en ce d\u00e9but d\u2019ann\u00e9e 2024. Pour janvier et f\u00e9vrier, elles proposent bien \u00e9videmment, des animations autour du livre. Deux ateliers d\u2019\u00e9criture seront ouverts \u00e0 Azay. Le 23 janvier et le 27 &hellip;<a href=\"https:\/\/www.brenne-au-coeur.com\/index.php\/2023\/12\/27\/programme-culturel-copieux\/communes\/azay-le-ferron-communes\/5140\/\" class=\"more-link\">Lire la suite...<\/a><\/div><\/li><li class=\"rpwe-li rpwe-clearfix\"><a class=\"rpwe-img\" href=\"https:\/\/www.brenne-au-coeur.com\/index.php\/2023\/10\/10\/la-clef-dans-le-sac-vivre-des-histoires\/communes\/azay-le-ferron-communes\/4852\/\" target=\"_self\"><img class=\"rpwe-alignleft rpwe-thumb\" src=\"https:\/\/www.brenne-au-coeur.com\/wp-content\/uploads\/2023\/10\/la-clef-dans-le-sac-logo-120x120.jpg\" alt=\"La clef dans le sac\u00a0: le bonheur d&rsquo;\u00e9couter des histoires\" height=\"120\" width=\"120\" loading=\"lazy\" decoding=\"async\"><\/a><h3 class=\"rpwe-title\"><a href=\"https:\/\/www.brenne-au-coeur.com\/index.php\/2023\/10\/10\/la-clef-dans-le-sac-vivre-des-histoires\/communes\/azay-le-ferron-communes\/4852\/\" target=\"_self\">La clef dans le sac\u00a0: le bonheur d&rsquo;\u00e9couter des histoires<\/a><\/h3><time class=\"rpwe-time published\" datetime=\"2023-10-10T15:52:54+02:00\">10 octobre 2023<\/time><div class=\"rpwe-summary\">Du 20 au 27 octobre, la Communaut\u00e9 de communes \u00ab\u00a0Coeur de Brenne\u00a0\u00bb, les m\u00e9diath\u00e8ques d\u2019Azay-le-Ferron, de Martizay et de M\u00e9zi\u00e8res-en-Brenne pr\u00e9sentent leur d\u00e9sormais traditionnel festival de contes. La 12e \u00e9dition de \u00ab\u00a0La Clef dans le sac\u00a0\u00bb est de la m\u00eame veine que les ann\u00e9es pr\u00e9c\u00e9dentes. Des histoires pour tous les &hellip;<a href=\"https:\/\/www.brenne-au-coeur.com\/index.php\/2023\/10\/10\/la-clef-dans-le-sac-vivre-des-histoires\/communes\/azay-le-ferron-communes\/4852\/\" class=\"more-link\">Lire la suite...<\/a><\/div><\/li><li class=\"rpwe-li rpwe-clearfix\"><a class=\"rpwe-img\" href=\"https:\/\/www.brenne-au-coeur.com\/index.php\/2023\/10\/03\/octobre-rose-pres-de-chez-nous\/communes\/martizay\/4836\/\" target=\"_self\"><img class=\"rpwe-alignleft rpwe-thumb\" src=\"https:\/\/www.brenne-au-coeur.com\/wp-content\/uploads\/2023\/10\/octobre-rose-2-120x120.jpeg\" alt=\"Octobre rose pr\u00e8s de chez nous\" height=\"120\" width=\"120\" loading=\"lazy\" decoding=\"async\"><\/a><h3 class=\"rpwe-title\"><a href=\"https:\/\/www.brenne-au-coeur.com\/index.php\/2023\/10\/03\/octobre-rose-pres-de-chez-nous\/communes\/martizay\/4836\/\" target=\"_self\">Octobre rose pr\u00e8s de chez nous<\/a><\/h3><time class=\"rpwe-time published\" datetime=\"2023-10-03T17:17:08+02:00\">3 octobre 2023<\/time><div class=\"rpwe-summary\">Martizay, M\u00e9zi\u00e8res-en-Brenne, Douadic, Beaulieu \u2026 En ce mois d\u2019octobre 2023, plusieurs municipalit\u00e9s et associations du Parc de la Brenne, organisent des animations dans le cadre de la campagne \u00ab&nbsp;octobre rose&nbsp;\u00bb Un rendez-vous annuel initi\u00e9 par La ligue contre le cancer, qui vise \u00e0 sensibiliser les femmes sur la n\u00e9cessit\u00e9 du &hellip;<a href=\"https:\/\/www.brenne-au-coeur.com\/index.php\/2023\/10\/03\/octobre-rose-pres-de-chez-nous\/communes\/martizay\/4836\/\" class=\"more-link\">Lire la suite...<\/a><\/div><\/li><li class=\"rpwe-li rpwe-clearfix\"><a class=\"rpwe-img\" href=\"https:\/\/www.brenne-au-coeur.com\/index.php\/2023\/05\/03\/tombe-sur-un-livre\/communes\/martizay\/4274\/\" target=\"_self\"><img class=\"rpwe-alignleft rpwe-thumb\" src=\"https:\/\/www.brenne-au-coeur.com\/wp-content\/uploads\/2023\/05\/gafalu-120x120.jpeg\" alt=\"Tomb\u00e9 sur un livre\" height=\"120\" width=\"120\" loading=\"lazy\" decoding=\"async\"><\/a><h3 class=\"rpwe-title\"><a href=\"https:\/\/www.brenne-au-coeur.com\/index.php\/2023\/05\/03\/tombe-sur-un-livre\/communes\/martizay\/4274\/\" target=\"_self\">Tomb\u00e9 sur un livre<\/a><\/h3><time class=\"rpwe-time published\" datetime=\"2023-05-03T19:12:38+02:00\">3 mai 2023<\/time><div class=\"rpwe-summary\">Dimanche 14 mai \u00e0 15h30, \u00e0 la salle des f\u00eates de Martizay, la m\u00e9diath\u00e8que pr\u00e9sente le spectacle \u00ab\u00a0Tomb\u00e9 sur un livre\u00a0\u00bb. C\u2019est une fable clownesque r\u00e9alis\u00e9e par la Compagnie Gaf\u2019alu Productions. \u00ab\u00a0Pataruc est un clown innocent qui passe sa vie sur un arbre. Une nuit, la vieille f\u00e9e Caractos se &hellip;<a href=\"https:\/\/www.brenne-au-coeur.com\/index.php\/2023\/05\/03\/tombe-sur-un-livre\/communes\/martizay\/4274\/\" class=\"more-link\">Lire la suite...<\/a><\/div><\/li><li class=\"rpwe-li rpwe-clearfix\"><a class=\"rpwe-img\" href=\"https:\/\/www.brenne-au-coeur.com\/index.php\/2023\/02\/27\/carnaval-a-martizay\/communes\/martizay\/3993\/\" target=\"_self\"><img class=\"rpwe-alignleft rpwe-thumb\" src=\"https:\/\/www.brenne-au-coeur.com\/wp-content\/uploads\/2023\/02\/carnaval-martizay-scaled-120x120.jpg\" alt=\"Carnaval \u00e0 Martizay\" height=\"120\" width=\"120\" loading=\"lazy\" decoding=\"async\"><\/a><h3 class=\"rpwe-title\"><a href=\"https:\/\/www.brenne-au-coeur.com\/index.php\/2023\/02\/27\/carnaval-a-martizay\/communes\/martizay\/3993\/\" target=\"_self\">Carnaval \u00e0 Martizay<\/a><\/h3><time class=\"rpwe-time published\" datetime=\"2023-02-27T15:51:03+01:00\">27 f\u00e9vrier 2023<\/time><div class=\"rpwe-summary\">Dimanche 26 f\u00e9vrier, les rues de Martizay se sont anim\u00e9es durant une bonne partie de la matin\u00e9e. Le d\u00e9sormais, traditionnel carnaval, a r\u00e9chauff\u00e9 quelque peu, la fra\u00eeche atmosph\u00e8re de cette belle journ\u00e9e hivernale. Le d\u00e9fil\u00e9, organis\u00e9 par \u00ab\u00a0La Maison du village\u00a0\u00bb et la M\u00e9diath\u00e8que de Martizay, \u00e9tait cette ann\u00e9e, sur &hellip;<a href=\"https:\/\/www.brenne-au-coeur.com\/index.php\/2023\/02\/27\/carnaval-a-martizay\/communes\/martizay\/3993\/\" class=\"more-link\">Lire la suite...<\/a><\/div><\/li><li class=\"rpwe-li rpwe-clearfix\"><a class=\"rpwe-img\" href=\"https:\/\/www.brenne-au-coeur.com\/index.php\/2023\/02\/19\/le-point-de-croix-sexpose\/communes\/martizay\/3959\/\" target=\"_self\"><img class=\"rpwe-alignleft rpwe-thumb\" src=\"https:\/\/www.brenne-au-coeur.com\/wp-content\/uploads\/2023\/02\/expo-point-de-croix-120x120.jpg\" alt=\"Le point de croix s\u2019expose\" height=\"120\" width=\"120\" loading=\"lazy\" decoding=\"async\"><\/a><h3 class=\"rpwe-title\"><a href=\"https:\/\/www.brenne-au-coeur.com\/index.php\/2023\/02\/19\/le-point-de-croix-sexpose\/communes\/martizay\/3959\/\" target=\"_self\">Le point de croix s\u2019expose<\/a><\/h3><time class=\"rpwe-time published\" datetime=\"2023-02-19T16:00:24+01:00\">19 f\u00e9vrier 2023<\/time><div class=\"rpwe-summary\">L\u2019association Point de croix pr\u00e9sente ses cr\u00e9ations \u00e0 la m\u00e9diath\u00e8que de Martizay jusqu\u2019au 11 mars. Le point de croix est l\u2019une des techniques de la broderie, qui consiste \u00e0 r\u00e9aliser des motifs \u00e0 partir de canevas. Une technique mais une infinit\u00e9 de d\u00e9clinaisons. Des ouvrages sont \u00e9galement fabriqu\u00e9s sous le &hellip;<a href=\"https:\/\/www.brenne-au-coeur.com\/index.php\/2023\/02\/19\/le-point-de-croix-sexpose\/communes\/martizay\/3959\/\" class=\"more-link\">Lire la suite...<\/a><\/div><\/li><li class=\"rpwe-li rpwe-clearfix\"><a class=\"rpwe-img\" href=\"https:\/\/www.brenne-au-coeur.com\/index.php\/2023\/01\/20\/les-copains-dabord\/communes\/martizay\/3767\/\" target=\"_self\"><img class=\"rpwe-alignleft rpwe-thumb\" src=\"https:\/\/www.brenne-au-coeur.com\/wp-content\/uploads\/2023\/01\/expo-martizay.resized-1-120x120.jpg\" alt=\"Les copains d\u2019abord\" height=\"120\" width=\"120\" loading=\"lazy\" decoding=\"async\"><\/a><h3 class=\"rpwe-title\"><a href=\"https:\/\/www.brenne-au-coeur.com\/index.php\/2023\/01\/20\/les-copains-dabord\/communes\/martizay\/3767\/\" target=\"_self\">Les copains d\u2019abord<\/a><\/h3><time class=\"rpwe-time published\" datetime=\"2023-01-20T14:12:49+01:00\">20 janvier 2023<\/time><div class=\"rpwe-summary\">C\u2019est une histoire d\u2019amiti\u00e9 qui est \u00e0 l\u2019origine de l\u2019exposition visible \u00e0 la m\u00e9diath\u00e8que de Martizay jusqu\u2019au 4 f\u00e9vrier. \u00ab&nbsp;Passion photo&nbsp;\u00bb est le travail d\u2019un collectif de photographes qui ont uni leurs talents pour rendre hommage \u00e0 leur ami Evert Van Seters d\u00e9c\u00e9d\u00e9 il y a deux ans. \u00ab\u00a0Il esp\u00e9rait &hellip;<a href=\"https:\/\/www.brenne-au-coeur.com\/index.php\/2023\/01\/20\/les-copains-dabord\/communes\/martizay\/3767\/\" class=\"more-link\">Lire la suite...<\/a><\/div><\/li><li class=\"rpwe-li rpwe-clearfix\"><a class=\"rpwe-img\" href=\"https:\/\/www.brenne-au-coeur.com\/index.php\/2022\/11\/23\/animations-en-mediatheques\/communes\/azay-le-ferron-communes\/3408\/\" target=\"_self\"><img class=\"rpwe-alignleft rpwe-thumb\" src=\"https:\/\/www.brenne-au-coeur.com\/wp-content\/uploads\/2022\/11\/Soiree-Doudou-Pyjama-2.resized-e1669313780976-120x120.jpg\" alt=\"Animations en M\u00e9diath\u00e8ques\" height=\"120\" width=\"120\" loading=\"lazy\" decoding=\"async\"><\/a><h3 class=\"rpwe-title\"><a href=\"https:\/\/www.brenne-au-coeur.com\/index.php\/2022\/11\/23\/animations-en-mediatheques\/communes\/azay-le-ferron-communes\/3408\/\" target=\"_self\">Animations en M\u00e9diath\u00e8ques<\/a><\/h3><time class=\"rpwe-time published\" datetime=\"2022-11-23T11:52:55+01:00\">23 novembre 2022<\/time><div class=\"rpwe-summary\">Au cours des semaines \u00e0 venir, qui nous m\u00e8neront au seuil de 2023, les m\u00e9diath\u00e8ques d\u2019Azay-le-Ferron, de Martizay et de M\u00e9zi\u00e8res-en-Brenne proposent de nombreuses animations. De quoi satisfaire grands et petits. Voici quelques rendez-vous, parmi le programme de novembre et d\u00e9cembre. Azay-le-Ferron ~ Cr\u00e9ations d\u2019Annie Houlet Une exposition de peintures &hellip;<a href=\"https:\/\/www.brenne-au-coeur.com\/index.php\/2022\/11\/23\/animations-en-mediatheques\/communes\/azay-le-ferron-communes\/3408\/\" class=\"more-link\">Lire la suite...<\/a><\/div><\/li><li class=\"rpwe-li rpwe-clearfix\"><a class=\"rpwe-img\" href=\"https:\/\/www.brenne-au-coeur.com\/index.php\/2022\/06\/24\/jouons-dans-les-mediatheques\/communes\/azay-le-ferron-communes\/2025\/\" target=\"_self\"><img class=\"rpwe-alignleft rpwe-thumb\" src=\"https:\/\/www.brenne-au-coeur.com\/wp-content\/uploads\/2022\/06\/jeu-mediatheque-5-120x120.jpeg\" alt=\"Jouons dans les m\u00e9diath\u00e8ques.\" height=\"120\" width=\"120\" loading=\"lazy\" decoding=\"async\"><\/a><h3 class=\"rpwe-title\"><a href=\"https:\/\/www.brenne-au-coeur.com\/index.php\/2022\/06\/24\/jouons-dans-les-mediatheques\/communes\/azay-le-ferron-communes\/2025\/\" target=\"_self\">Jouons dans les m\u00e9diath\u00e8ques.<\/a><\/h3><time class=\"rpwe-time published\" datetime=\"2022-06-24T17:12:13+02:00\">24 juin 2022<\/time><div class=\"rpwe-summary\">Soir\u00e9e jeux le 1er juillet, enqu\u00eate polici\u00e8re num\u00e9rique et interactive, jusqu\u2019au 7 septembre \u00e0 Azay, Escape Game du 12 au 30 juillet \u00e0 Martizay. Plusieurs animations ludiques sont propos\u00e9es ces prochains jours, dans les m\u00e9diath\u00e8ques. Tout l\u2019\u00e9t\u00e9, elles accueilleront le public, en mettant \u00e0 leur disposition quantit\u00e9 de jeux, pour &hellip;<a href=\"https:\/\/www.brenne-au-coeur.com\/index.php\/2022\/06\/24\/jouons-dans-les-mediatheques\/communes\/azay-le-ferron-communes\/2025\/\" class=\"more-link\">Lire la suite...<\/a><\/div><\/li><li class=\"rpwe-li rpwe-clearfix\"><a class=\"rpwe-img\" href=\"https:\/\/www.brenne-au-coeur.com\/index.php\/2022\/06\/08\/vieux-martizay-innovation-dhier-et-daujourdhui\/communes\/martizay\/1956\/\" target=\"_self\"><img class=\"rpwe-alignleft rpwe-thumb\" src=\"https:\/\/www.brenne-au-coeur.com\/wp-content\/uploads\/2022\/06\/Vieux-Martizay-4-120x120.jpeg\" alt=\"Vieux Martizay\u00a0: innovation d\u2019hier et d\u2019aujourd\u2019hui\" height=\"120\" width=\"120\" loading=\"lazy\" decoding=\"async\"><\/a><h3 class=\"rpwe-title\"><a href=\"https:\/\/www.brenne-au-coeur.com\/index.php\/2022\/06\/08\/vieux-martizay-innovation-dhier-et-daujourdhui\/communes\/martizay\/1956\/\" target=\"_self\">Vieux Martizay\u00a0: innovation d\u2019hier et d\u2019aujourd\u2019hui<\/a><\/h3><time class=\"rpwe-time published\" datetime=\"2022-06-08T15:37:57+02:00\">8 juin 2022<\/time><div class=\"rpwe-summary\">L&lsquo;association des Amis du Vieux Martizay a tenu son Assembl\u00e9e G\u00e9n\u00e9rale samedi 21 mai. Les participants ont pu assister \u00e0 une projection, sur le th\u00e8me de l\u2019\u00e9glise, comment\u00e9e par Raymonde Rolland, professeure des \u00e9coles en retraite, originaire de Martizay, tr\u00e8s investie dans la vie de l\u2019association depuis l\u2019ouverture du mus\u00e9e. &hellip;<a href=\"https:\/\/www.brenne-au-coeur.com\/index.php\/2022\/06\/08\/vieux-martizay-innovation-dhier-et-daujourdhui\/communes\/martizay\/1956\/\" class=\"more-link\">Lire la suite...<\/a><\/div><\/li><li class=\"rpwe-li rpwe-clearfix\"><a class=\"rpwe-img\" href=\"https:\/\/www.brenne-au-coeur.com\/index.php\/2022\/02\/04\/conquis-par-la-brenne\/communes\/martizay\/49\/\" target=\"_self\"><img class=\"rpwe-alignleft rpwe-thumb\" src=\"https:\/\/www.brenne-au-coeur.com\/wp-content\/uploads\/2022\/04\/Daniel_Orts_Oiseau_01_site-120x120.jpg\" alt=\"Conquis par la Brenne\" height=\"120\" width=\"120\" loading=\"lazy\" decoding=\"async\"><\/a><h3 class=\"rpwe-title\"><a href=\"https:\/\/www.brenne-au-coeur.com\/index.php\/2022\/02\/04\/conquis-par-la-brenne\/communes\/martizay\/49\/\" target=\"_self\">Conquis par la Brenne<\/a><\/h3><time class=\"rpwe-time published\" datetime=\"2022-02-04T14:14:25+01:00\">4 f\u00e9vrier 2022<\/time><div class=\"rpwe-summary\">Conquis par la Brenne et la richesse de sa faune, cet Aveyronnais s\u2019est install\u00e9 \u00e0 Martizay depuis 2018. Il a tout derni\u00e8rement expos\u00e9 ses photographies \u00e0 la m\u00e9diath\u00e8que d\u2019Azay-le-Ferron, et propos\u00e9 une rencontre aux visiteurs, afin de prodiguer quelques conseils. Les photos des animaux sauvages pris dans leur milieu naturel &hellip;<a href=\"https:\/\/www.brenne-au-coeur.com\/index.php\/2022\/02\/04\/conquis-par-la-brenne\/communes\/martizay\/49\/\" class=\"more-link\">Lire la suite...<\/a><\/div><\/li><\/ul><\/div><!-- Generated by http:\/\/wordpress.org\/plugins\/recent-posts-widget-extended\/ --><\/div><!-- \/Widget Shortcode --><\/p>\n","protected":false},"excerpt":{"rendered":"","protected":false},"author":1,"featured_media":0,"parent":0,"menu_order":0,"comment_status":"closed","ping_status":"closed","template":"","meta":{"rop_custom_images_group":[],"rop_custom_messages_group":[],"rop_publish_now":"initial","rop_publish_now_accounts":[],"rop_publish_now_history":[],"rop_publish_now_status":"pending","_monsterinsights_skip_tracking":false,"_monsterinsights_sitenote_active":false,"_monsterinsights_sitenote_note":"","_monsterinsights_sitenote_category":0,"neve_meta_sidebar":"","neve_meta_container":"","neve_meta_enable_content_width":"off","neve_meta_content_width":100,"neve_meta_title_alignment":"","neve_meta_author_avatar":"","neve_post_elements_order":"","neve_meta_disable_header":"","neve_meta_disable_footer":"","neve_meta_disable_title":"","footnotes":""},"class_list":["post-346","page","type-page","status-publish","hentry"],"aioseo_notices":[],"jetpack-related-posts":[],"jetpack_sharing_enabled":true,"_links":{"self":[{"href":"https:\/\/www.brenne-au-coeur.com\/index.php\/wp-json\/wp\/v2\/pages\/346","targetHints":{"allow":["GET"]}}],"collection":[{"href":"https:\/\/www.brenne-au-coeur.com\/index.php\/wp-json\/wp\/v2\/pages"}],"about":[{"href":"https:\/\/www.brenne-au-coeur.com\/index.php\/wp-json\/wp\/v2\/types\/page"}],"author":[{"embeddable":true,"href":"https:\/\/www.brenne-au-coeur.com\/index.php\/wp-json\/wp\/v2\/users\/1"}],"replies":[{"embeddable":true,"href":"https:\/\/www.brenne-au-coeur.com\/index.php\/wp-json\/wp\/v2\/comments?post=346"}],"version-history":[{"count":0,"href":"https:\/\/www.brenne-au-coeur.com\/index.php\/wp-json\/wp\/v2\/pages\/346\/revisions"}],"wp:attachment":[{"href":"https:\/\/www.brenne-au-coeur.com\/index.php\/wp-json\/wp\/v2\/media?parent=346"}],"curies":[{"name":"wp","href":"https:\/\/api.w.org\/{rel}","templated":true}]}}