{"id":1230,"date":"2022-04-22T20:16:32","date_gmt":"2022-04-22T18:16:32","guid":{"rendered":"https:\/\/www.brenne-au-coeur.com\/?page_id=1230"},"modified":"2022-05-03T15:56:39","modified_gmt":"2022-05-03T13:56:39","slug":"obterre","status":"publish","type":"page","link":"https:\/\/www.brenne-au-coeur.com\/index.php\/obterre\/","title":{"rendered":"Obterre"},"content":{"rendered":"<p><!-- Widget Shortcode --><div id=\"block-4\" class=\"widget widget_block widget-shortcode area-arbitrary \"><h3> <\/h3><\/div><!-- \/Widget Shortcode --><br \/>\n<!-- Widget Shortcode --><div id=\"rpwe_widget-8\" class=\"widget rpwe_widget recent-posts-extended widget-shortcode area-arbitrary \"><style>.rpwe-block ul{\r\nlist-style: none !important;\r\nmargin-left: 0 !important;\r\npadding-left: 0 !important;\r\n}\r\n\r\n.rpwe-block li{\r\nborder-bottom: 1px solid #eee;\r\nmargin-bottom: 10px;\r\npadding-bottom: 10px;\r\nlist-style-type: none;\r\n}\r\n\r\n.rpwe-block a{\r\ndisplay: inline !important;\r\ntext-decoration: none;\r\n}\r\n\r\n.rpwe-block h2{\r\nbackground: none !important;\r\nclear: none;\r\nmargin-bottom: 0 !important;\r\nmargin-top: 0 !important;\r\nfont-weight: 200;\r\nfont-size: 12px !important;\r\nline-height: 1.5em;\r\n}\r\n\r\n.rpwe-thumb{\r\nborder: 1px solid #eee !important;\r\nbox-shadow: none !important;\r\nmargin: 2px 12px 2px 0;\r\npadding: 3px !important;\r\n}\r\n\r\n.rpwe-summary{\r\nfont-size: 16px;\r\n}\r\n\r\n.rpwe-time{\r\ncolor: #bbb;\r\nfont-size: 12px;\r\n}\r\n\r\n.rpwe-comment{\r\ncolor: #bbb;\r\nfont-size: 16px;\r\npadding-left: 5px;\r\n}\r\n\r\n.rpwe-alignleft{\r\ndisplay: inline;\r\nfloat: left;\r\n}\r\n\r\n.rpwe-alignright{\r\ndisplay: inline;\r\nfloat: right;\r\n}\r\n\r\n.rpwe-aligncenter{\r\ndisplay: block;\r\nmargin-left: auto;\r\nmargin-right: auto;\r\n}\r\n\r\n.rpwe-clearfix:before,\r\n.rpwe-clearfix:after{\r\ncontent: &quot;&quot;;\r\ndisplay: table !important;\r\n}\r\n\r\n.rpwe-clearfix:after{\r\nclear: both;\r\n}\r\n\r\n.rpwe-clearfix{\r\nzoom: 1;\r\n}\r\n<\/style><h2 class=\"widgettitle\">Obterre :<\/h2><div  class=\"rpwe-block\"><ul class=\"rpwe-ul\"><li class=\"rpwe-li rpwe-clearfix\"><a class=\"rpwe-img\" href=\"https:\/\/www.brenne-au-coeur.com\/index.php\/2026\/04\/08\/errance-et-nature-a-jaugette\/communes\/obterre\/7588\/\" target=\"_self\"><img class=\"rpwe-alignleft rpwe-thumb\" src=\"https:\/\/www.brenne-au-coeur.com\/wp-content\/uploads\/2026\/04\/nature-jaugette-scaled-120x120.jpg\" alt=\"Errance et nature \u00e0 Jaugette\" height=\"120\" width=\"120\" loading=\"lazy\" decoding=\"async\"><\/a><h3 class=\"rpwe-title\"><a href=\"https:\/\/www.brenne-au-coeur.com\/index.php\/2026\/04\/08\/errance-et-nature-a-jaugette\/communes\/obterre\/7588\/\" target=\"_self\">Errance et nature \u00e0 Jaugette<\/a><\/h3><time class=\"rpwe-time published\" datetime=\"2026-04-08T16:09:06+02:00\">8 avril 2026<\/time><div class=\"rpwe-summary\">Samedi 25 avril, la saison 2026 de Jaugette d\u00e9bute avec un concert de printemps tout en po\u00e9sie intitul\u00e9 \u00ab&nbsp;Errance et nature&nbsp;\u00bb. La pianiste Delphine Bardin viendra interpr\u00e9ter \u00e0 Jaugette des \u0153uvres d\u2019Emmanuel Chabrier, D\u00e9odat de S\u00e9verac, Edit Lejet et Schubert. Ce programme s&rsquo;inspire de l&rsquo;enregistrement r\u00e9alis\u00e9 par Delphine Bardin pour &hellip;<a href=\"https:\/\/www.brenne-au-coeur.com\/index.php\/2026\/04\/08\/errance-et-nature-a-jaugette\/communes\/obterre\/7588\/\" class=\"more-link\">Lire la suite...<\/a><\/div><\/li><li class=\"rpwe-li rpwe-clearfix\"><a class=\"rpwe-img\" href=\"https:\/\/www.brenne-au-coeur.com\/index.php\/2026\/03\/28\/marche-fermier-delices-paysans\/communes\/obterre\/7569\/\" target=\"_self\"><img class=\"rpwe-alignleft rpwe-thumb\" src=\"https:\/\/www.brenne-au-coeur.com\/wp-content\/uploads\/2026\/03\/Affiche-Marche-avril-2026-2-120x120.jpg\" alt=\"March\u00e9 fermier D\u00e9lices paysans\" height=\"120\" width=\"120\" loading=\"lazy\" decoding=\"async\"><\/a><h3 class=\"rpwe-title\"><a href=\"https:\/\/www.brenne-au-coeur.com\/index.php\/2026\/03\/28\/marche-fermier-delices-paysans\/communes\/obterre\/7569\/\" target=\"_self\">March\u00e9 fermier D\u00e9lices paysans<\/a><\/h3><time class=\"rpwe-time published\" datetime=\"2026-03-28T14:58:15+01:00\">28 mars 2026<\/time><div class=\"rpwe-summary\">Vendredi 10 avril 2026, de 16h00 \u00e0 19h30, les volailles d&rsquo;Olivier &#8211; Ferme de Montgarny, \u00e0 Obterre, invitent \u00e0 retrouver ou d\u00e9couvrir le collectif des D\u00e9lices paysans \u00e0 l&rsquo;occasion de son March\u00e9 fermier du printemps! Une douzaine de fermes du Berry et du Sud Touraine s&rsquo;unissent pour vous proposer une &hellip;<a href=\"https:\/\/www.brenne-au-coeur.com\/index.php\/2026\/03\/28\/marche-fermier-delices-paysans\/communes\/obterre\/7569\/\" class=\"more-link\">Lire la suite...<\/a><\/div><\/li><li class=\"rpwe-li rpwe-clearfix\"><a class=\"rpwe-img\" href=\"https:\/\/www.brenne-au-coeur.com\/index.php\/2025\/08\/31\/matthieu-bore-a-jaugette\/communes\/obterre\/7050\/\" target=\"_self\"><img class=\"rpwe-alignleft rpwe-thumb\" src=\"https:\/\/www.brenne-au-coeur.com\/wp-content\/uploads\/2025\/08\/matthieu.resized-120x120.jpg\" alt=\"Matthieu Bor\u00e9 \u00e0 Jaugette\" height=\"120\" width=\"120\" loading=\"lazy\" decoding=\"async\"><\/a><h3 class=\"rpwe-title\"><a href=\"https:\/\/www.brenne-au-coeur.com\/index.php\/2025\/08\/31\/matthieu-bore-a-jaugette\/communes\/obterre\/7050\/\" target=\"_self\">Matthieu Bor\u00e9 \u00e0 Jaugette<\/a><\/h3><time class=\"rpwe-time published\" datetime=\"2025-08-31T14:56:24+02:00\">31 ao\u00fbt 2025<\/time><div class=\"rpwe-summary\">Matthieu Bor\u00e9 revient sur la sc\u00e8ne du Manoir des Arts de Jaugette, dimanche 21 septembre. Artiste aux mille facettes, il interpr\u00e9tera des classiques de la chanson fran\u00e7aise. Trenet, Brassens, Salvador et d\u2019autres. Une occasion de revoir ou de d\u00e9couvrir un musicien \u00e9clectique, tel qu\u2019il est pr\u00e9sent\u00e9 sur son site internet&nbsp;: &hellip;<a href=\"https:\/\/www.brenne-au-coeur.com\/index.php\/2025\/08\/31\/matthieu-bore-a-jaugette\/communes\/obterre\/7050\/\" class=\"more-link\">Lire la suite...<\/a><\/div><\/li><li class=\"rpwe-li rpwe-clearfix\"><a class=\"rpwe-img\" href=\"https:\/\/www.brenne-au-coeur.com\/index.php\/2025\/08\/04\/gospel-a-la-haute-touche\/communes\/obterre\/6955\/\" target=\"_self\"><img class=\"rpwe-alignleft rpwe-thumb\" src=\"https:\/\/www.brenne-au-coeur.com\/wp-content\/uploads\/2025\/08\/gospel-120x120.jpg\" alt=\"Gospel \u00e0 la Haute-Touche\" height=\"120\" width=\"120\" loading=\"lazy\" decoding=\"async\"><\/a><h3 class=\"rpwe-title\"><a href=\"https:\/\/www.brenne-au-coeur.com\/index.php\/2025\/08\/04\/gospel-a-la-haute-touche\/communes\/obterre\/6955\/\" target=\"_self\">Gospel \u00e0 la Haute-Touche<\/a><\/h3><time class=\"rpwe-time published\" datetime=\"2025-08-04T17:03:14+02:00\">4 ao\u00fbt 2025<\/time><div class=\"rpwe-summary\">Jeudi 14 ao\u00fbt 2025 \u00e0 20h00, la R\u00e9serve zoologique de la Haute Touche, accueille le groupe Gospel For You Family. L\u2019Association des amis de la Haute Touche y organise son traditionnel concert d\u2019\u00e9t\u00e9. Le groupe Gospel For You Family sillonne la France et l\u2019Europe depuis 2004. C\u2019est une chorale gospel &hellip;<a href=\"https:\/\/www.brenne-au-coeur.com\/index.php\/2025\/08\/04\/gospel-a-la-haute-touche\/communes\/obterre\/6955\/\" class=\"more-link\">Lire la suite...<\/a><\/div><\/li><li class=\"rpwe-li rpwe-clearfix\"><a class=\"rpwe-img\" href=\"https:\/\/www.brenne-au-coeur.com\/index.php\/2025\/07\/06\/musique-et-enfance-a-jaugette\/communes\/obterre\/6865\/\" target=\"_self\"><img class=\"rpwe-alignleft rpwe-thumb\" src=\"https:\/\/www.brenne-au-coeur.com\/wp-content\/uploads\/2025\/07\/jaugette-2025-120x120.jpeg\" alt=\"Musique et enfance \u00e0 Jaugette\" height=\"120\" width=\"120\" loading=\"lazy\" decoding=\"async\"><\/a><h3 class=\"rpwe-title\"><a href=\"https:\/\/www.brenne-au-coeur.com\/index.php\/2025\/07\/06\/musique-et-enfance-a-jaugette\/communes\/obterre\/6865\/\" target=\"_self\">Musique et enfance \u00e0 Jaugette<\/a><\/h3><time class=\"rpwe-time published\" datetime=\"2025-07-06T16:30:55+02:00\">6 juillet 2025<\/time><div class=\"rpwe-summary\">Du vendredi 18 juillet au dimanche 20 juillet, le festival de jaugette revient cette ann\u00e9e avec un th\u00e8me plein de po\u00e9sie&nbsp;: la musique et l\u2019enfance. Au programme&nbsp;: le conte musical Hansel et Gretel, les musiques et danses de l\u2019Inde avec le Trio Kawa, une animation handpan par \u00c9tienne Joly suivie &hellip;<a href=\"https:\/\/www.brenne-au-coeur.com\/index.php\/2025\/07\/06\/musique-et-enfance-a-jaugette\/communes\/obterre\/6865\/\" class=\"more-link\">Lire la suite...<\/a><\/div><\/li><li class=\"rpwe-li rpwe-clearfix\"><a class=\"rpwe-img\" href=\"https:\/\/www.brenne-au-coeur.com\/index.php\/2025\/04\/15\/nawab-et-naved-khan-a-jaugette\/communes\/obterre\/6562\/\" target=\"_self\"><img class=\"rpwe-alignleft rpwe-thumb\" src=\"https:\/\/www.brenne-au-coeur.com\/wp-content\/uploads\/2025\/04\/nawab-et-naved-120x120.jpeg\" alt=\"Nawab et Naved Khan \u00e0 Jaugette\" height=\"120\" width=\"120\" loading=\"lazy\" decoding=\"async\"><\/a><h3 class=\"rpwe-title\"><a href=\"https:\/\/www.brenne-au-coeur.com\/index.php\/2025\/04\/15\/nawab-et-naved-khan-a-jaugette\/communes\/obterre\/6562\/\" target=\"_self\">Nawab et Naved Khan \u00e0 Jaugette<\/a><\/h3><time class=\"rpwe-time published\" datetime=\"2025-04-15T13:56:00+02:00\">15 avril 2025<\/time><div class=\"rpwe-summary\">Dimanche 27 avril \u00e0 16h30, Nawab Khan et Naved Khan, proposeront un enchantement musical au Manoir de Jaugette \u00e0 Obterre. Grand Ma\u00eetre du Naada Yoga, Nawab Khan explore les sph\u00e8res transcendantales du son et de l&rsquo;esprit. Guid\u00e9 par son v\u00e9n\u00e9r\u00e9 gourou, Vidya Nand ji, il r\u00e9v\u00e8le le pouvoir transformateur du &hellip;<a href=\"https:\/\/www.brenne-au-coeur.com\/index.php\/2025\/04\/15\/nawab-et-naved-khan-a-jaugette\/communes\/obterre\/6562\/\" class=\"more-link\">Lire la suite...<\/a><\/div><\/li><li class=\"rpwe-li rpwe-clearfix\"><a class=\"rpwe-img\" href=\"https:\/\/www.brenne-au-coeur.com\/index.php\/2025\/03\/30\/mots-et-musiques-en-resonance\/communes\/obterre\/6502\/\" target=\"_self\"><img class=\"rpwe-alignleft rpwe-thumb\" src=\"https:\/\/www.brenne-au-coeur.com\/wp-content\/uploads\/2025\/03\/Affiche-piano-DEF-pour-dif-WEB-scaled-120x120.jpg\" alt=\"Mots et musiques en r\u00e9sonance\" height=\"120\" width=\"120\" loading=\"lazy\" decoding=\"async\"><\/a><h3 class=\"rpwe-title\"><a href=\"https:\/\/www.brenne-au-coeur.com\/index.php\/2025\/03\/30\/mots-et-musiques-en-resonance\/communes\/obterre\/6502\/\" target=\"_self\">Mots et musiques en r\u00e9sonance<\/a><\/h3><time class=\"rpwe-time published\" datetime=\"2025-03-30T19:47:02+02:00\">30 mars 2025<\/time><div class=\"rpwe-summary\">Samedi 26 avril, \u00e0 17h30, le Manoir des Arts de Jaugette, l\u2019Association Per Aspera ad Astra et l\u2019ensemble \u00ab\u00a0Un Piano pour Deux\u00a0\u00bb pr\u00e9sentent le concert \u00ab\u00a0Mots et Musique en r\u00e9sonance\u2026\u00a0\u00bb, consacr\u00e9 aux chefs d\u2019\u0153uvre de Claude Debussy, Maurice Ravel et Igor Stravinsky inspir\u00e9s par les textes. Port\u00e9s par l\u2019exp\u00e9rience de &hellip;<a href=\"https:\/\/www.brenne-au-coeur.com\/index.php\/2025\/03\/30\/mots-et-musiques-en-resonance\/communes\/obterre\/6502\/\" class=\"more-link\">Lire la suite...<\/a><\/div><\/li><li class=\"rpwe-li rpwe-clearfix\"><a class=\"rpwe-img\" href=\"https:\/\/www.brenne-au-coeur.com\/index.php\/2025\/03\/17\/nouvelle-saison-a-jaugette\/communes\/obterre\/6455\/\" target=\"_self\"><img class=\"rpwe-alignleft rpwe-thumb\" src=\"https:\/\/www.brenne-au-coeur.com\/wp-content\/uploads\/2025\/03\/ag-jaugette-06.resized-120x120.jpg\" alt=\"Nouvelle saison \u00e0 Jaugette\" height=\"120\" width=\"120\" loading=\"lazy\" decoding=\"async\"><\/a><h3 class=\"rpwe-title\"><a href=\"https:\/\/www.brenne-au-coeur.com\/index.php\/2025\/03\/17\/nouvelle-saison-a-jaugette\/communes\/obterre\/6455\/\" target=\"_self\">Nouvelle saison \u00e0 Jaugette<\/a><\/h3><time class=\"rpwe-time published\" datetime=\"2025-03-17T18:58:04+01:00\">17 mars 2025<\/time><div class=\"rpwe-summary\">Le Manoir des arts de Jaugette a pr\u00e9sent\u00e9 son programme pour la saison 2025, ce dimanche 16 mars, lors de son assembl\u00e9e g\u00e9n\u00e9rale. Un moment musical ponctuait ce rendez-vous annuel. Six fables de La Fontaine, mises en musique par Benjamin Godard, \u00e9taient interpr\u00e9t\u00e9es par Pascal Herc\u00e9, accompagn\u00e9 au piano par &hellip;<a href=\"https:\/\/www.brenne-au-coeur.com\/index.php\/2025\/03\/17\/nouvelle-saison-a-jaugette\/communes\/obterre\/6455\/\" class=\"more-link\">Lire la suite...<\/a><\/div><\/li><li class=\"rpwe-li rpwe-clearfix\"><a class=\"rpwe-img\" href=\"https:\/\/www.brenne-au-coeur.com\/index.php\/2024\/07\/14\/musique-et-sport-a-jaugette\/communes\/obterre\/5804\/\" target=\"_self\"><img class=\"rpwe-alignleft rpwe-thumb\" src=\"https:\/\/www.brenne-au-coeur.com\/wp-content\/uploads\/2024\/03\/visuelfestival2014-copie.resized-120x120.jpg\" alt=\"Musique et sport \u00e0 Jaugette\" height=\"120\" width=\"120\" loading=\"lazy\" decoding=\"async\"><\/a><h3 class=\"rpwe-title\"><a href=\"https:\/\/www.brenne-au-coeur.com\/index.php\/2024\/07\/14\/musique-et-sport-a-jaugette\/communes\/obterre\/5804\/\" target=\"_self\">Musique et sport \u00e0 Jaugette<\/a><\/h3><time class=\"rpwe-time published\" datetime=\"2024-07-14T12:33:57+02:00\">14 juillet 2024<\/time><div class=\"rpwe-summary\">En \u00e9cho \u00e0 l\u2019organisation des jeux olympiques et paralympiques de Paris 2024, le th\u00e8me du festival est cette ann\u00e9e \u00ab&nbsp;Musique et Sport&nbsp;\u00bb qui se d\u00e9roulera les 19, 20 et 21 juillet 2024. Pas moins de 5 concerts dont 3 en pr\u00e9sence de sportifs de haut niveau seront organis\u00e9s dans 4 &hellip;<a href=\"https:\/\/www.brenne-au-coeur.com\/index.php\/2024\/07\/14\/musique-et-sport-a-jaugette\/communes\/obterre\/5804\/\" class=\"more-link\">Lire la suite...<\/a><\/div><\/li><li class=\"rpwe-li rpwe-clearfix\"><a class=\"rpwe-img\" href=\"https:\/\/www.brenne-au-coeur.com\/index.php\/2024\/03\/17\/nouvelle-saison-musicale-a-jaugette\/communes\/obterre\/5452\/\" target=\"_self\"><img class=\"rpwe-alignleft rpwe-thumb\" src=\"https:\/\/www.brenne-au-coeur.com\/wp-content\/uploads\/2024\/03\/visuelfestival2014-copie.resized-120x120.jpg\" alt=\"Nouvelle saison musicale \u00e0 Jaugette\" height=\"120\" width=\"120\" loading=\"lazy\" decoding=\"async\"><\/a><h3 class=\"rpwe-title\"><a href=\"https:\/\/www.brenne-au-coeur.com\/index.php\/2024\/03\/17\/nouvelle-saison-musicale-a-jaugette\/communes\/obterre\/5452\/\" target=\"_self\">Nouvelle saison musicale \u00e0 Jaugette<\/a><\/h3><time class=\"rpwe-time published\" datetime=\"2024-03-17T11:08:06+01:00\">17 mars 2024<\/time><div class=\"rpwe-summary\">Op\u00e9ra, Jeux olympiques, hip-hop, ch\u0153ur\u2026 la saison 2024 de Jaugette promet comme chaque ann\u00e9e, par la vari\u00e9t\u00e9 de ses inspirations et la qualit\u00e9 de ses prestations. Pour cette ann\u00e9e 2024, les rencontres musicales d\u00e9buteront le lundi 15 avril \u00e0 15h au manoir de Jaugette. Sera pr\u00e9sent\u00e9 Nage No Kata. Ensemble &hellip;<a href=\"https:\/\/www.brenne-au-coeur.com\/index.php\/2024\/03\/17\/nouvelle-saison-musicale-a-jaugette\/communes\/obterre\/5452\/\" class=\"more-link\">Lire la suite...<\/a><\/div><\/li><li class=\"rpwe-li rpwe-clearfix\"><a class=\"rpwe-img\" href=\"https:\/\/www.brenne-au-coeur.com\/index.php\/2024\/03\/02\/laffrontement-de-pechoire-23-juillet-1944\/communes\/azay-le-ferron-communes\/5334\/\" target=\"_self\"><img class=\"rpwe-alignleft rpwe-thumb\" src=\"https:\/\/www.brenne-au-coeur.com\/wp-content\/uploads\/2024\/03\/IMG_7815.resized.resized-120x120.jpg\" alt=\"L\u2019affrontement de P\u00eachoire\u00a0: 23 juillet 1944\" height=\"120\" width=\"120\" loading=\"lazy\" decoding=\"async\"><\/a><h3 class=\"rpwe-title\"><a href=\"https:\/\/www.brenne-au-coeur.com\/index.php\/2024\/03\/02\/laffrontement-de-pechoire-23-juillet-1944\/communes\/azay-le-ferron-communes\/5334\/\" target=\"_self\">L\u2019affrontement de P\u00eachoire\u00a0: 23 juillet 1944<\/a><\/h3><time class=\"rpwe-time published\" datetime=\"2024-03-02T15:45:06+01:00\">2 mars 2024<\/time><div class=\"rpwe-summary\">\u00a0 LES CIRCONSTANCES Localis\u00e9 sur la D14A, entre Azay-le-Ferron dans l\u2019Indre et Charnizay en Indre-et-Loire, le lieu-dit de P\u00eachoire serait l\u2019\u00e9quivalent berrichon de p\u00eacherie, bien qu\u2019il n\u2019y ait pas d\u2019\u00e9tang \u00e0 toute proximit\u00e9. Les \u00e9tangs Gillet sont situ\u00e9s \u00e0 pr\u00e8s d\u2019un kilom\u00e8tre au sud-ouest de la route. Dans cette dense &hellip;<a href=\"https:\/\/www.brenne-au-coeur.com\/index.php\/2024\/03\/02\/laffrontement-de-pechoire-23-juillet-1944\/communes\/azay-le-ferron-communes\/5334\/\" class=\"more-link\">Lire la suite...<\/a><\/div><\/li><li class=\"rpwe-li rpwe-clearfix\"><a class=\"rpwe-img\" href=\"https:\/\/www.brenne-au-coeur.com\/index.php\/2023\/12\/16\/jaugette-recompense\/communes\/obterre\/5106\/\" target=\"_self\"><img class=\"rpwe-alignleft rpwe-thumb\" src=\"https:\/\/www.brenne-au-coeur.com\/wp-content\/uploads\/2023\/12\/spectacle-jaugette--scaled-120x120.jpg\" alt=\"Jaugette r\u00e9compens\u00e9\" height=\"120\" width=\"120\" loading=\"lazy\" decoding=\"async\"><\/a><h3 class=\"rpwe-title\"><a href=\"https:\/\/www.brenne-au-coeur.com\/index.php\/2023\/12\/16\/jaugette-recompense\/communes\/obterre\/5106\/\" target=\"_self\">Jaugette r\u00e9compens\u00e9<\/a><\/h3><time class=\"rpwe-time published\" datetime=\"2023-12-16T18:55:34+01:00\">16 d\u00e9cembre 2023<\/time><div class=\"rpwe-summary\">Le festival des Rencontres Musicales de Jaugette a remport\u00e9 le 15 novembre dernier, \u00e0 Paris, le prix du Meilleur dispositif en termes de contenu des Heavent Festivals Awards, qui r\u00e9compensent chaque ann\u00e9e les festivals musicaux europ\u00e9ens les plus marquants. Le public-jury constitu\u00e9 uniquement de professionnels du milieu de l&rsquo;\u00e9v\u00e8nementiel a &hellip;<a href=\"https:\/\/www.brenne-au-coeur.com\/index.php\/2023\/12\/16\/jaugette-recompense\/communes\/obterre\/5106\/\" class=\"more-link\">Lire la suite...<\/a><\/div><\/li><li class=\"rpwe-li rpwe-clearfix\"><a class=\"rpwe-img\" href=\"https:\/\/www.brenne-au-coeur.com\/index.php\/2023\/07\/16\/musique-et-plumes-a-jaugette\/communes\/obterre\/4600\/\" target=\"_self\"><img class=\"rpwe-alignleft rpwe-thumb\" src=\"https:\/\/www.brenne-au-coeur.com\/wp-content\/uploads\/2023\/07\/musique-et-plumes-Jaugette-scaled-1-120x120.jpg\" alt=\"Musique et plumes \u00e0 Jaugette\" height=\"120\" width=\"120\" loading=\"lazy\" decoding=\"async\"><\/a><h3 class=\"rpwe-title\"><a href=\"https:\/\/www.brenne-au-coeur.com\/index.php\/2023\/07\/16\/musique-et-plumes-a-jaugette\/communes\/obterre\/4600\/\" target=\"_self\">Musique et plumes \u00e0 Jaugette<\/a><\/h3><time class=\"rpwe-time published\" datetime=\"2023-07-16T19:20:06+02:00\">16 juillet 2023<\/time><div class=\"rpwe-summary\">Manoir de Jaugette organise son traditionnel festival d\u2019\u00e9t\u00e9 les 21, 22 et 23 juillet. L\u2019objectif des \u00ab\u00a0Rencontres musicales de Jaugette\u00a0\u00bb est de faire venir la musique des grandes villes en campagne, pour offrir au public un programme exigeant et de qualit\u00e9, et faciliter les rencontres entre musiciens exp\u00e9riment\u00e9s et jeunes. &hellip;<a href=\"https:\/\/www.brenne-au-coeur.com\/index.php\/2023\/07\/16\/musique-et-plumes-a-jaugette\/communes\/obterre\/4600\/\" class=\"more-link\">Lire la suite...<\/a><\/div><\/li><li class=\"rpwe-li rpwe-clearfix\"><a class=\"rpwe-img\" href=\"https:\/\/www.brenne-au-coeur.com\/index.php\/2023\/04\/20\/lensemble-double-face-a-jaugette\/communes\/obterre\/4184\/\" target=\"_self\"><img class=\"rpwe-alignleft rpwe-thumb\" src=\"https:\/\/www.brenne-au-coeur.com\/wp-content\/uploads\/2023\/04\/Dans-les-salons-Pleyel-Paris-1830-120x120.jpg\" alt=\"L\u2019ensemble double face \u00e0 Jaugette\" height=\"120\" width=\"120\" loading=\"lazy\" decoding=\"async\"><\/a><h3 class=\"rpwe-title\"><a href=\"https:\/\/www.brenne-au-coeur.com\/index.php\/2023\/04\/20\/lensemble-double-face-a-jaugette\/communes\/obterre\/4184\/\" target=\"_self\">L\u2019ensemble double face \u00e0 Jaugette<\/a><\/h3><time class=\"rpwe-time published\" datetime=\"2023-04-20T11:41:46+02:00\">20 avril 2023<\/time><div class=\"rpwe-summary\">le Manoir des arts de Jaugette proposera un concert intitul\u00e9 \u00ab&nbsp;Dans les salons Pleyel, Paris 1830&nbsp;\u00bb pr\u00e9sent\u00e9 par l\u2019\u00a0\u00bbEnsemble Double Face\u00a0\u00bb constitu\u00e9 de 5 musiciens, qui interpr\u00e9teront des m\u00e9lodies de Vincenzo Bellini, Hector Berlioz, Fr\u00e9d\u00e9ric Chopin et Pauline Viardot, sur instruments historiques. Un programme s\u2019affranchissant de codes acad\u00e9miques et une &hellip;<a href=\"https:\/\/www.brenne-au-coeur.com\/index.php\/2023\/04\/20\/lensemble-double-face-a-jaugette\/communes\/obterre\/4184\/\" class=\"more-link\">Lire la suite...<\/a><\/div><\/li><li class=\"rpwe-li rpwe-clearfix\"><a class=\"rpwe-img\" href=\"https:\/\/www.brenne-au-coeur.com\/index.php\/2023\/02\/05\/le-monde-magique-de-jaugette\/communes\/obterre\/3845\/\" target=\"_self\"><img class=\"rpwe-alignleft rpwe-thumb\" src=\"https:\/\/www.brenne-au-coeur.com\/wp-content\/uploads\/2023\/02\/ag-jaugette.resized-120x120.jpg\" alt=\"Le monde magique de Jaugette\" height=\"120\" width=\"120\" loading=\"lazy\" decoding=\"async\"><\/a><h3 class=\"rpwe-title\"><a href=\"https:\/\/www.brenne-au-coeur.com\/index.php\/2023\/02\/05\/le-monde-magique-de-jaugette\/communes\/obterre\/3845\/\" target=\"_self\">Le monde magique de Jaugette<\/a><\/h3><time class=\"rpwe-time published\" datetime=\"2023-02-05T16:52:23+01:00\">5 f\u00e9vrier 2023<\/time><div class=\"rpwe-summary\">Samedi 21 janvier, l\u2019association Jaugette-Manoir des Arts tenait son assembl\u00e9e g\u00e9n\u00e9rale, en pr\u00e9sence de Bruno Monjal qui a gratifi\u00e9 l\u2019assistance de quelques tours de magie. Comme une sorte de passage de t\u00e9moin entre deux saisons musicales, puisque le magicien \u00e9tait omnipr\u00e9sent lors du festival d\u2019\u00e9t\u00e9 de 2022 intitul\u00e9 \u00ab\u00a0Musique et &hellip;<a href=\"https:\/\/www.brenne-au-coeur.com\/index.php\/2023\/02\/05\/le-monde-magique-de-jaugette\/communes\/obterre\/3845\/\" class=\"more-link\">Lire la suite...<\/a><\/div><\/li><li class=\"rpwe-li rpwe-clearfix\"><a class=\"rpwe-img\" href=\"https:\/\/www.brenne-au-coeur.com\/index.php\/2022\/08\/31\/brassens-revisite-au-manoir-des-arts\/communes\/obterre\/2318\/\" target=\"_self\"><img class=\"rpwe-alignleft rpwe-thumb\" src=\"https:\/\/www.brenne-au-coeur.com\/wp-content\/uploads\/2022\/08\/Brassens-18-Sept-17h-Jaugette.resized-120x120.jpg\" alt=\"Brassens revisit\u00e9 au Manoir des Arts\" height=\"120\" width=\"120\" loading=\"lazy\" decoding=\"async\"><\/a><h3 class=\"rpwe-title\"><a href=\"https:\/\/www.brenne-au-coeur.com\/index.php\/2022\/08\/31\/brassens-revisite-au-manoir-des-arts\/communes\/obterre\/2318\/\" target=\"_self\">Brassens revisit\u00e9 au Manoir des Arts<\/a><\/h3><time class=\"rpwe-time published\" datetime=\"2022-08-31T16:29:51+02:00\">31 ao\u00fbt 2022<\/time><div class=\"rpwe-summary\">Dimanche 18 Septembre \u00e0 17h, le Manoir des Arts de Jaugette, honorera un artiste majeur de la sc\u00e8ne musicale fran\u00e7aise\u00a0: Georges Brassens, dans le cadre des Journ\u00e9es Europ\u00e9ennes du Patrimoines (17-18 Septembre). Ce spectacle ach\u00e8ve l\u2019\u00e9dition 2022 des rencontres musicales qui ont f\u00eat\u00e9 dignement leur dixi\u00e8me anniversaire, et procur\u00e9 au &hellip;<a href=\"https:\/\/www.brenne-au-coeur.com\/index.php\/2022\/08\/31\/brassens-revisite-au-manoir-des-arts\/communes\/obterre\/2318\/\" class=\"more-link\">Lire la suite...<\/a><\/div><\/li><li class=\"rpwe-li rpwe-clearfix\"><a class=\"rpwe-img\" href=\"https:\/\/www.brenne-au-coeur.com\/index.php\/2022\/08\/06\/jazz-a-la-haute-touche\/communes\/obterre\/2236\/\" target=\"_self\"><img class=\"rpwe-alignleft rpwe-thumb\" src=\"https:\/\/www.brenne-au-coeur.com\/wp-content\/uploads\/2022\/08\/thumbnail_AFFICHE-JAZZ-2022-version2_Plan-de-travail-1.resized-120x120.jpg\" alt=\"Jazz \u00e0 la Haute-Touche\" height=\"120\" width=\"120\" loading=\"lazy\" decoding=\"async\"><\/a><h3 class=\"rpwe-title\"><a href=\"https:\/\/www.brenne-au-coeur.com\/index.php\/2022\/08\/06\/jazz-a-la-haute-touche\/communes\/obterre\/2236\/\" target=\"_self\">Jazz \u00e0 la Haute-Touche<\/a><\/h3><time class=\"rpwe-time published\" datetime=\"2022-08-06T15:05:55+02:00\">6 ao\u00fbt 2022<\/time><div class=\"rpwe-summary\">L\u2019association des amis de la Haute-Touche organise son traditionnel concert de jazz, dimanche 14 ao\u00fbt \u00e0 20h30, au coeur de la r\u00e9serve zoologique. (attention l\u2019acc\u00e8s s\u2019effectue par la D14 entre Azay-le-Ferron et Obterre) Cette ann\u00e9e encore, le programme promet d\u2019offrir au public, de belles \u00e9motions. Les deux groupes qui vont &hellip;<a href=\"https:\/\/www.brenne-au-coeur.com\/index.php\/2022\/08\/06\/jazz-a-la-haute-touche\/communes\/obterre\/2236\/\" class=\"more-link\">Lire la suite...<\/a><\/div><\/li><li class=\"rpwe-li rpwe-clearfix\"><a class=\"rpwe-img\" href=\"https:\/\/www.brenne-au-coeur.com\/index.php\/2022\/05\/06\/petit-manoir-et-grandes-emotions\/communes\/obterre\/1475\/\" target=\"_self\"><img class=\"rpwe-alignleft rpwe-thumb\" src=\"https:\/\/www.brenne-au-coeur.com\/wp-content\/uploads\/2022\/05\/concert-jaugette-3-120x120.jpg\" alt=\"Petit manoir et grandes \u00e9motions\" height=\"120\" width=\"120\" loading=\"lazy\" decoding=\"async\"><\/a><h3 class=\"rpwe-title\"><a href=\"https:\/\/www.brenne-au-coeur.com\/index.php\/2022\/05\/06\/petit-manoir-et-grandes-emotions\/communes\/obterre\/1475\/\" target=\"_self\">Petit manoir et grandes \u00e9motions<\/a><\/h3><time class=\"rpwe-time published\" datetime=\"2022-05-06T22:28:25+02:00\">6 mai 2022<\/time><div class=\"rpwe-summary\">Irina Kataeva et Stefano Bulfon ont interpr\u00e9t\u00e9 deux concertos&nbsp;: Samedi 30 avril, au Manoir des arts de Jaugette&nbsp;: le concerto pour la main gauche de Ravel et le concerto num\u00e9ro 2 de Prokofiev. Version originale jou\u00e9e \u00e0 deux pianos qui enthousiasma le public. \u00ab\u00a0Dans la vie il ne faut pas &hellip;<a href=\"https:\/\/www.brenne-au-coeur.com\/index.php\/2022\/05\/06\/petit-manoir-et-grandes-emotions\/communes\/obterre\/1475\/\" class=\"more-link\">Lire la suite...<\/a><\/div><\/li><li class=\"rpwe-li rpwe-clearfix\"><a class=\"rpwe-img\" href=\"https:\/\/www.brenne-au-coeur.com\/index.php\/2022\/04\/21\/deux-concertos-a-jaugette\/communes\/obterre\/1126\/\" target=\"_self\"><img class=\"rpwe-alignleft rpwe-thumb\" src=\"https:\/\/www.brenne-au-coeur.com\/wp-content\/uploads\/2022\/04\/concert-30-avril-120x120.jpg\" alt=\"Deux concertos \u00e0 Jaugette\" height=\"120\" width=\"120\" loading=\"lazy\" decoding=\"async\"><\/a><h3 class=\"rpwe-title\"><a href=\"https:\/\/www.brenne-au-coeur.com\/index.php\/2022\/04\/21\/deux-concertos-a-jaugette\/communes\/obterre\/1126\/\" target=\"_self\">Deux concertos \u00e0 Jaugette<\/a><\/h3><time class=\"rpwe-time published\" datetime=\"2022-04-21T15:19:51+02:00\">21 avril 2022<\/time><div class=\"rpwe-summary\">Samedi 30 avril \u00e0 17h, dans le cadre des rencontres musicales de Jaugette, le Manoir des Arts \u00e0 Obterre pr\u00e9sente deux compositions majeures parmi les chefs-d\u2019\u0153uvre du XXe si\u00e8cle. Le concerto pour la main gauche de Maurice Ravel, qu\u2019il r\u00e9alisa \u00e0 la demande de Paul Wittgenstein, pianiste autrichien, amput\u00e9 de &hellip;<a href=\"https:\/\/www.brenne-au-coeur.com\/index.php\/2022\/04\/21\/deux-concertos-a-jaugette\/communes\/obterre\/1126\/\" class=\"more-link\">Lire la suite...<\/a><\/div><\/li><li class=\"rpwe-li rpwe-clearfix\"><a class=\"rpwe-img\" href=\"https:\/\/www.brenne-au-coeur.com\/index.php\/2022\/01\/23\/manoir-des-arts-celebre-ses-10-ans\/communes\/obterre\/718\/\" target=\"_self\"><img class=\"rpwe-alignleft rpwe-thumb\" src=\"https:\/\/www.brenne-au-coeur.com\/wp-content\/uploads\/2022\/04\/AG_Jaugette_22_03_site-120x120.jpg\" alt=\"Manoir des arts c\u00e9l\u00e8bre ses 10 ans\" height=\"120\" width=\"120\" loading=\"lazy\" decoding=\"async\"><\/a><h3 class=\"rpwe-title\"><a href=\"https:\/\/www.brenne-au-coeur.com\/index.php\/2022\/01\/23\/manoir-des-arts-celebre-ses-10-ans\/communes\/obterre\/718\/\" target=\"_self\">Manoir des arts c\u00e9l\u00e8bre ses 10 ans<\/a><\/h3><time class=\"rpwe-time published\" datetime=\"2022-01-23T17:48:54+01:00\">23 janvier 2022<\/time><div class=\"rpwe-summary\">Le Manoir des arts a tenu son assembl\u00e9e g\u00e9n\u00e9rale, courant janvier. Un rendez-vous particulier cette ann\u00e9e, puisqu\u2019en 2022 l\u2019association c\u00e9l\u00e8bre son dixi\u00e8me anniversaire. Une d\u00e9cennie de concerts et de festivals o\u00f9 l\u2019\u00e9quipe de b\u00e9n\u00e9voles r\u00e9unie autour de sa pr\u00e9sidente, Irina Kataeva-Aimard, a r\u00e9ussi le pari d\u2019une programmation vari\u00e9e, souvent audacieuse. &hellip;<a href=\"https:\/\/www.brenne-au-coeur.com\/index.php\/2022\/01\/23\/manoir-des-arts-celebre-ses-10-ans\/communes\/obterre\/718\/\" class=\"more-link\">Lire la suite...<\/a><\/div><\/li><li class=\"rpwe-li rpwe-clearfix\"><a class=\"rpwe-img\" href=\"https:\/\/www.brenne-au-coeur.com\/index.php\/2021\/12\/25\/fc-obterre-football-et-convivialite\/communes\/obterre\/57\/\" target=\"_self\"><img class=\"rpwe-alignleft rpwe-thumb\" src=\"https:\/\/www.brenne-au-coeur.com\/wp-content\/uploads\/2022\/04\/Foot_feminin_Obterre_site-120x120.jpg\" alt=\"FC Obterre\u00a0: Football et convivialit\u00e9\" height=\"120\" width=\"120\" loading=\"lazy\" decoding=\"async\"><\/a><h3 class=\"rpwe-title\"><a href=\"https:\/\/www.brenne-au-coeur.com\/index.php\/2021\/12\/25\/fc-obterre-football-et-convivialite\/communes\/obterre\/57\/\" target=\"_self\">FC Obterre\u00a0: Football et convivialit\u00e9<\/a><\/h3><time class=\"rpwe-time published\" datetime=\"2021-12-25T12:44:32+01:00\">25 d\u00e9cembre 2021<\/time><div class=\"rpwe-summary\">Depuis l\u2019an dernier, le FC Obterre a int\u00e9gr\u00e9 le cercle restreint des clubs de football comprenant une \u00e9quipe f\u00e9minine \u00e0 11. Auparavant, depuis sept ans, les filles jouaient dans un championnat d\u00e9partemental d\u2019\u00e9quipes \u00e0 8. 2021-2022 est donc une \u00e9tape importante, parce qu\u2019elle constitue en r\u00e9alit\u00e9, la premi\u00e8re vraie saison &hellip;<a href=\"https:\/\/www.brenne-au-coeur.com\/index.php\/2021\/12\/25\/fc-obterre-football-et-convivialite\/communes\/obterre\/57\/\" class=\"more-link\">Lire la suite...<\/a><\/div><\/li><li class=\"rpwe-li rpwe-clearfix\"><a class=\"rpwe-img\" href=\"https:\/\/www.brenne-au-coeur.com\/index.php\/2021\/07\/14\/jaugette-entre-ciel-et-musique\/communes\/obterre\/870\/\" target=\"_self\"><img class=\"rpwe-alignleft rpwe-thumb\" src=\"https:\/\/www.brenne-au-coeur.com\/wp-content\/uploads\/2022\/04\/Jaugette_Ciel_et_musique_site-120x120.jpg\" alt=\"Jaugette, entre ciel et musique\" height=\"120\" width=\"120\" loading=\"lazy\" decoding=\"async\"><\/a><h3 class=\"rpwe-title\"><a href=\"https:\/\/www.brenne-au-coeur.com\/index.php\/2021\/07\/14\/jaugette-entre-ciel-et-musique\/communes\/obterre\/870\/\" target=\"_self\">Jaugette, entre ciel et musique<\/a><\/h3><time class=\"rpwe-time published\" datetime=\"2021-07-14T08:03:26+02:00\">14 juillet 2021<\/time><div class=\"rpwe-summary\">Dimanche 18 juillet, le public pr\u00e9sent dans les jardins de Jaugette a salu\u00e9 chaleureusement la prestation de l\u2019orchestre qui venait de pr\u00e9senter \u00ab\u00a0Broadway in the sky\u00a0\u00bb. Un spectacle compos\u00e9 d\u2019extrait de com\u00e9dies musicales en r\u00e9f\u00e9rence au th\u00e8me du festival\u00a0: Ciel et Musique. Servis par les tr\u00e8s belles voix de Maeva &hellip;<a href=\"https:\/\/www.brenne-au-coeur.com\/index.php\/2021\/07\/14\/jaugette-entre-ciel-et-musique\/communes\/obterre\/870\/\" class=\"more-link\">Lire la suite...<\/a><\/div><\/li><\/ul><\/div><!-- Generated by http:\/\/wordpress.org\/plugins\/recent-posts-widget-extended\/ --><\/div><!-- \/Widget Shortcode --><\/p>\n","protected":false},"excerpt":{"rendered":"","protected":false},"author":1,"featured_media":0,"parent":0,"menu_order":0,"comment_status":"closed","ping_status":"closed","template":"","meta":{"rop_custom_images_group":[],"rop_custom_messages_group":[],"rop_publish_now":"initial","rop_publish_now_accounts":[],"rop_publish_now_history":[],"rop_publish_now_status":"pending","_monsterinsights_skip_tracking":false,"_monsterinsights_sitenote_active":false,"_monsterinsights_sitenote_note":"","_monsterinsights_sitenote_category":0,"neve_meta_sidebar":"","neve_meta_container":"","neve_meta_enable_content_width":"off","neve_meta_content_width":100,"neve_meta_title_alignment":"","neve_meta_author_avatar":"","neve_post_elements_order":"","neve_meta_disable_header":"","neve_meta_disable_footer":"","neve_meta_disable_title":"","footnotes":""},"class_list":["post-1230","page","type-page","status-publish","hentry"],"aioseo_notices":[],"jetpack-related-posts":[],"jetpack_sharing_enabled":true,"_links":{"self":[{"href":"https:\/\/www.brenne-au-coeur.com\/index.php\/wp-json\/wp\/v2\/pages\/1230","targetHints":{"allow":["GET"]}}],"collection":[{"href":"https:\/\/www.brenne-au-coeur.com\/index.php\/wp-json\/wp\/v2\/pages"}],"about":[{"href":"https:\/\/www.brenne-au-coeur.com\/index.php\/wp-json\/wp\/v2\/types\/page"}],"author":[{"embeddable":true,"href":"https:\/\/www.brenne-au-coeur.com\/index.php\/wp-json\/wp\/v2\/users\/1"}],"replies":[{"embeddable":true,"href":"https:\/\/www.brenne-au-coeur.com\/index.php\/wp-json\/wp\/v2\/comments?post=1230"}],"version-history":[{"count":0,"href":"https:\/\/www.brenne-au-coeur.com\/index.php\/wp-json\/wp\/v2\/pages\/1230\/revisions"}],"wp:attachment":[{"href":"https:\/\/www.brenne-au-coeur.com\/index.php\/wp-json\/wp\/v2\/media?parent=1230"}],"curies":[{"name":"wp","href":"https:\/\/api.w.org\/{rel}","templated":true}]}}