{"id":104,"date":"2022-03-31T15:45:09","date_gmt":"2022-03-31T13:45:09","guid":{"rendered":"http:\/\/www.brenne-au-coeur.com\/?page_id=104"},"modified":"2022-05-03T16:01:58","modified_gmt":"2022-05-03T14:01:58","slug":"evenements","status":"publish","type":"page","link":"https:\/\/www.brenne-au-coeur.com\/index.php\/evenements\/","title":{"rendered":"\u00c9v\u00e8nements"},"content":{"rendered":"<p><!-- Widget Shortcode --><div id=\"block-4\" class=\"widget widget_block widget-shortcode area-arbitrary \"><h3> <\/h3><\/div><!-- \/Widget Shortcode --><br \/>\n<!-- Widget Shortcode --><div id=\"rpwe_widget-14\" class=\"widget rpwe_widget recent-posts-extended widget-shortcode area-arbitrary \"><style>.rpwe-block ul{\r\nlist-style: none !important;\r\nmargin-left: 0 !important;\r\npadding-left: 0 !important;\r\n}\r\n\r\n.rpwe-block li{\r\nborder-bottom: 1px solid #eee;\r\nmargin-bottom: 10px;\r\npadding-bottom: 10px;\r\nlist-style-type: none;\r\n}\r\n\r\n.rpwe-block a{\r\ndisplay: inline !important;\r\ntext-decoration: none;\r\n}\r\n\r\n.rpwe-block h2{\r\nbackground: none !important;\r\nclear: none;\r\nmargin-bottom: 200 !important;\r\nmargin-top: 0 !important;\r\nfont-weight: 200;\r\nfont-size: 12px !important;\r\nline-height: 1.5em;\r\n}\r\n\r\n.rpwe-thumb{\r\nborder: 1px solid #eee !important;\r\nbox-shadow: none !important;\r\nmargin: 2px 12px 2px 0;\r\npadding: 3px !important;\r\n}\r\n\r\n.rpwe-summary{\r\nfont-size: 16px;\r\n}\r\n\r\n.rpwe-time{\r\ncolor: #bbb;\r\nfont-size: 12px;\r\n}\r\n\r\n.rpwe-comment{\r\ncolor: #bbb;\r\nfont-size: 16px;\r\npadding-left: 5px;\r\n}\r\n\r\n.rpwe-alignleft{\r\ndisplay: inline;\r\nfloat: left;\r\n}\r\n\r\n.rpwe-alignright{\r\ndisplay: inline;\r\nfloat: right;\r\n}\r\n\r\n.rpwe-aligncenter{\r\ndisplay: block;\r\nmargin-left: auto;\r\nmargin-right: auto;\r\n}\r\n\r\n.rpwe-clearfix:before,\r\n.rpwe-clearfix:after{\r\ncontent: &quot;&quot;;\r\ndisplay: table !important;\r\n}\r\n\r\n.rpwe-clearfix:after{\r\nclear: both;\r\n}\r\n\r\n.rpwe-clearfix{\r\nzoom: 1;\r\n}<\/style><h2 class=\"widgettitle\">\u00c9v\u00e8nements :<\/h2><div  class=\"rpwe-block\"><b>Concerts, spectacles, f\u00eates de village...<\/b><ul class=\"rpwe-ul\"><li class=\"rpwe-li rpwe-clearfix\"><a class=\"rpwe-img\" href=\"https:\/\/www.brenne-au-coeur.com\/index.php\/2026\/04\/26\/visite-insolite-du-chateau\/communes\/azay-le-ferron-communes\/7651\/\" target=\"_self\"><img class=\"rpwe-alignleft rpwe-thumb\" src=\"https:\/\/www.brenne-au-coeur.com\/wp-content\/uploads\/2026\/04\/chateau-azay-120x120.jpg\" alt=\"Visite insolite du ch\u00e2teau\" height=\"120\" width=\"120\" loading=\"lazy\" decoding=\"async\"><\/a><h3 class=\"rpwe-title\"><a href=\"https:\/\/www.brenne-au-coeur.com\/index.php\/2026\/04\/26\/visite-insolite-du-chateau\/communes\/azay-le-ferron-communes\/7651\/\" target=\"_self\">Visite insolite du ch\u00e2teau<\/a><\/h3><time class=\"rpwe-time published\" datetime=\"2026-04-26T12:22:15+02:00\">26 avril 2026<\/time><div class=\"rpwe-summary\">Jeudi 14 mai 2026, \u00e0 18h00, le Ch\u00e2teau d&rsquo;Azay-le-Ferron organise une visite nocturne, avec ambiance lampe torche, d\u00e9couverte de pi\u00e8ces non ouvertes \u00e0 la visite classique &#8230; suivie d&rsquo;une d\u00e9gustation de produits locaux. &nbsp; Le ch\u00e2teau d\u2019Azay-le-Ferron, d\u2019une riche architecture du XVe au XVIIIe si\u00e8cle, est une v\u00e9ritable machine \u00e0 &hellip;<a href=\"https:\/\/www.brenne-au-coeur.com\/index.php\/2026\/04\/26\/visite-insolite-du-chateau\/communes\/azay-le-ferron-communes\/7651\/\" class=\"more-link\">Lire la suite...<\/a><\/div><\/li><li class=\"rpwe-li rpwe-clearfix\"><a class=\"rpwe-img\" href=\"https:\/\/www.brenne-au-coeur.com\/index.php\/2026\/04\/26\/randonnee-de-printemps-2\/communes\/sainte-gemme\/7648\/\" target=\"_self\"><img class=\"rpwe-alignleft rpwe-thumb\" src=\"https:\/\/www.brenne-au-coeur.com\/wp-content\/uploads\/2026\/04\/randonnee-10-mai-120x120.png\" alt=\"Randonn\u00e9e de printemps\" height=\"120\" width=\"120\" loading=\"lazy\" decoding=\"async\"><\/a><h3 class=\"rpwe-title\"><a href=\"https:\/\/www.brenne-au-coeur.com\/index.php\/2026\/04\/26\/randonnee-de-printemps-2\/communes\/sainte-gemme\/7648\/\" target=\"_self\">Randonn\u00e9e de printemps<\/a><\/h3><time class=\"rpwe-time published\" datetime=\"2026-04-26T11:44:17+02:00\">26 avril 2026<\/time><div class=\"rpwe-summary\">La 43e Randonn\u00e9e de Printemps de la Brenne, se d\u00e9roulera le dimanche 10 mai 2026 \u00e0 Sainte-Gemme. Que vous soyez marcheur, v\u00e9t\u00e9tiste ou cavalier, cette journ\u00e9e est faite pour vous&nbsp;! Rendez-vous \u00e0 8h Salle des f\u00eates (9 route de Vend\u0153uvres). D\u00e9part&nbsp;: 8h30 \u00c0 pied, \u00e0 cheval, en VTT ou m\u00eame &hellip;<a href=\"https:\/\/www.brenne-au-coeur.com\/index.php\/2026\/04\/26\/randonnee-de-printemps-2\/communes\/sainte-gemme\/7648\/\" class=\"more-link\">Lire la suite...<\/a><\/div><\/li><li class=\"rpwe-li rpwe-clearfix\"><a class=\"rpwe-img\" href=\"https:\/\/www.brenne-au-coeur.com\/index.php\/2026\/04\/26\/lor-bleu-du-rajasthan\/communes\/azay-le-ferron-communes\/7643\/\" target=\"_self\"><img class=\"rpwe-alignleft rpwe-thumb\" src=\"https:\/\/www.brenne-au-coeur.com\/wp-content\/uploads\/2026\/04\/affiche-cpie-120x120.jpg\" alt=\"L&rsquo;Or Bleu du Rajasthan\" height=\"120\" width=\"120\" loading=\"lazy\" decoding=\"async\"><\/a><h3 class=\"rpwe-title\"><a href=\"https:\/\/www.brenne-au-coeur.com\/index.php\/2026\/04\/26\/lor-bleu-du-rajasthan\/communes\/azay-le-ferron-communes\/7643\/\" target=\"_self\">L&rsquo;Or Bleu du Rajasthan<\/a><\/h3><time class=\"rpwe-time published\" datetime=\"2026-04-26T11:23:47+02:00\">26 avril 2026<\/time><div class=\"rpwe-summary\">Mardi 5 mai 2026, \u00e0 18h15, salle des f\u00eates d&rsquo;Azay-le-Ferron, le CPIE Brenne-Berry propose une soir\u00e9e conviviale autour de la projection de L&rsquo;Or Bleu du Rajasthan, un film documentaire r\u00e9alis\u00e9 en 2016 par des \u00e9tudiants de l&rsquo;IFFCAM, l&rsquo;institut francophone de formation au cin\u00e9ma animalier de M\u00e9nigoute. \u00ab&nbsp;Dans l\u2019est du Rajasthan, &hellip;<a href=\"https:\/\/www.brenne-au-coeur.com\/index.php\/2026\/04\/26\/lor-bleu-du-rajasthan\/communes\/azay-le-ferron-communes\/7643\/\" class=\"more-link\">Lire la suite...<\/a><\/div><\/li><li class=\"rpwe-li rpwe-clearfix\"><a class=\"rpwe-img\" href=\"https:\/\/www.brenne-au-coeur.com\/index.php\/2026\/04\/22\/origine-des-noms-de-rues\/communes\/mezieres-en-brenne\/7627\/\" target=\"_self\"><img class=\"rpwe-alignleft rpwe-thumb\" src=\"https:\/\/www.brenne-au-coeur.com\/wp-content\/uploads\/2026\/04\/Source-comite-de-jumelage-120x120.jpg\" alt=\"Origine des noms de rues\" height=\"120\" width=\"120\" loading=\"lazy\" decoding=\"async\"><\/a><h3 class=\"rpwe-title\"><a href=\"https:\/\/www.brenne-au-coeur.com\/index.php\/2026\/04\/22\/origine-des-noms-de-rues\/communes\/mezieres-en-brenne\/7627\/\" target=\"_self\">Origine des noms de rues<\/a><\/h3><time class=\"rpwe-time published\" datetime=\"2026-04-22T18:21:03+02:00\">22 avril 2026<\/time><div class=\"rpwe-summary\">L\u2019\u00e9tude des noms des rues de M\u00e9zi\u00e8res-en-Brenne, r\u00e9alis\u00e9e par l\u2019Association Culturelle Mac\u00e9rienne, s\u2019ach\u00e8ve avec ce cinqui\u00e8me volet. Elle permet aux habitants de disposer d\u2019informations sur l\u2019origine des noms\u00a0 class\u00e9s par ordre alphab\u00e9tique. Pour rappel, le pr\u00e9sent article qui concerne le nom des art\u00e8res, compris entre \u00ab&nbsp;la rue de l\u2019Ouest&nbsp;\u00bb et &hellip;<a href=\"https:\/\/www.brenne-au-coeur.com\/index.php\/2026\/04\/22\/origine-des-noms-de-rues\/communes\/mezieres-en-brenne\/7627\/\" class=\"more-link\">Lire la suite...<\/a><\/div><\/li><li class=\"rpwe-li rpwe-clearfix\"><a class=\"rpwe-img\" href=\"https:\/\/www.brenne-au-coeur.com\/index.php\/2026\/04\/09\/le-monde-dana-delaperriere\/le-blanc\/7608\/\" target=\"_self\"><img class=\"rpwe-alignleft rpwe-thumb\" src=\"https:\/\/www.brenne-au-coeur.com\/wp-content\/uploads\/2026\/04\/Ana-delaperriere-120x120.png\" alt=\"Le monde d\u2019Ana Delaperri\u00e8re\" height=\"120\" width=\"120\" loading=\"lazy\" decoding=\"async\"><\/a><h3 class=\"rpwe-title\"><a href=\"https:\/\/www.brenne-au-coeur.com\/index.php\/2026\/04\/09\/le-monde-dana-delaperriere\/le-blanc\/7608\/\" target=\"_self\">Le monde d\u2019Ana Delaperri\u00e8re<\/a><\/h3><time class=\"rpwe-time published\" datetime=\"2026-04-09T17:38:44+02:00\">9 avril 2026<\/time><div class=\"rpwe-summary\">&nbsp; Vendredi 24 avril \u00e0 20h30, 81 rue de la R\u00e9publique, au Blanc, concert piano-voix de Ana Delaperri\u00e8re. A travers son piano, les chansons, les po\u00e8mes et les slams, Ana raconte les histoires de personnes qu&rsquo;elle a rencontr\u00e9es et qui l\u2019ont marqu\u00e9es, des histoires de tous les \u00e2ges et de &hellip;<a href=\"https:\/\/www.brenne-au-coeur.com\/index.php\/2026\/04\/09\/le-monde-dana-delaperriere\/le-blanc\/7608\/\" class=\"more-link\">Lire la suite...<\/a><\/div><\/li><li class=\"rpwe-li rpwe-clearfix\"><a class=\"rpwe-img\" href=\"https:\/\/www.brenne-au-coeur.com\/index.php\/2026\/04\/09\/les-arbres-en-rimes\/communes\/azay-le-ferron-communes\/7603\/\" target=\"_self\"><img class=\"rpwe-alignleft rpwe-thumb\" src=\"https:\/\/www.brenne-au-coeur.com\/wp-content\/uploads\/2026\/04\/les-arbres-120x120.jpeg\" alt=\"Les arbres en rimes\" height=\"120\" width=\"120\" loading=\"lazy\" decoding=\"async\"><\/a><h3 class=\"rpwe-title\"><a href=\"https:\/\/www.brenne-au-coeur.com\/index.php\/2026\/04\/09\/les-arbres-en-rimes\/communes\/azay-le-ferron-communes\/7603\/\" target=\"_self\">Les arbres en rimes<\/a><\/h3><time class=\"rpwe-time published\" datetime=\"2026-04-09T17:14:25+02:00\">9 avril 2026<\/time><div class=\"rpwe-summary\">Vendredi 24 avril \u00e0 17 h 30, la m\u00e9diath\u00e8que d\u2019Azay-le-Ferron rendra un bel hommage aux arbres, c\u00e9l\u00e9br\u00e9s en po\u00e9sie. Roger Houlet y dira plusieurs dizaines de textes, dont certains mis en musique par ses soins. \u00ab&nbsp;Je constate que je fais partie de la g\u00e9n\u00e9ration qui a beaucoup ab\u00eem\u00e9 la nature&nbsp;\u00bb, &hellip;<a href=\"https:\/\/www.brenne-au-coeur.com\/index.php\/2026\/04\/09\/les-arbres-en-rimes\/communes\/azay-le-ferron-communes\/7603\/\" class=\"more-link\">Lire la suite...<\/a><\/div><\/li><li class=\"rpwe-li rpwe-clearfix\"><a class=\"rpwe-img\" href=\"https:\/\/www.brenne-au-coeur.com\/index.php\/2026\/04\/08\/des-noms-des-rues-des-histoires\/communes\/mezieres-en-brenne\/7594\/\" target=\"_self\"><img class=\"rpwe-alignleft rpwe-thumb\" src=\"https:\/\/www.brenne-au-coeur.com\/wp-content\/uploads\/2026\/04\/cour-de-lancien-hospice-date-inconnue-Source-Moury-scaled-120x120.jpg\" alt=\"Des noms, des rues, des histoires\" height=\"120\" width=\"120\" loading=\"lazy\" decoding=\"async\"><\/a><h3 class=\"rpwe-title\"><a href=\"https:\/\/www.brenne-au-coeur.com\/index.php\/2026\/04\/08\/des-noms-des-rues-des-histoires\/communes\/mezieres-en-brenne\/7594\/\" target=\"_self\">Des noms, des rues, des histoires<\/a><\/h3><time class=\"rpwe-time published\" datetime=\"2026-04-08T18:21:59+02:00\">8 avril 2026<\/time><div class=\"rpwe-summary\">Quatri\u00e8me chapitre consacr\u00e9 \u00e0 la toponymie des rues de M\u00e9zi\u00e8res. Propos\u00e9 par l&rsquo;Association Culturelle Mac\u00e9rienne, le voyage au c\u0153ur du bourg se poursuit. Rue de la Lanterne&nbsp;: peut-\u00eatre appel\u00e9e \u00ab&nbsp;rue de l\u2019\u00e9glise au moulin banal&nbsp;\u00bb vers 1598, le cadastre napol\u00e9onien la d\u00e9signe d\u00e9j\u00e0 ainsi en 1836. A notre connaissance, il &hellip;<a href=\"https:\/\/www.brenne-au-coeur.com\/index.php\/2026\/04\/08\/des-noms-des-rues-des-histoires\/communes\/mezieres-en-brenne\/7594\/\" class=\"more-link\">Lire la suite...<\/a><\/div><\/li><li class=\"rpwe-li rpwe-clearfix\"><a class=\"rpwe-img\" href=\"https:\/\/www.brenne-au-coeur.com\/index.php\/2026\/04\/08\/errance-et-nature-a-jaugette\/communes\/obterre\/7588\/\" target=\"_self\"><img class=\"rpwe-alignleft rpwe-thumb\" src=\"https:\/\/www.brenne-au-coeur.com\/wp-content\/uploads\/2026\/04\/nature-jaugette-scaled-120x120.jpg\" alt=\"Errance et nature \u00e0 Jaugette\" height=\"120\" width=\"120\" loading=\"lazy\" decoding=\"async\"><\/a><h3 class=\"rpwe-title\"><a href=\"https:\/\/www.brenne-au-coeur.com\/index.php\/2026\/04\/08\/errance-et-nature-a-jaugette\/communes\/obterre\/7588\/\" target=\"_self\">Errance et nature \u00e0 Jaugette<\/a><\/h3><time class=\"rpwe-time published\" datetime=\"2026-04-08T16:09:06+02:00\">8 avril 2026<\/time><div class=\"rpwe-summary\">Samedi 25 avril, la saison 2026 de Jaugette d\u00e9bute avec un concert de printemps tout en po\u00e9sie intitul\u00e9 \u00ab&nbsp;Errance et nature&nbsp;\u00bb. La pianiste Delphine Bardin viendra interpr\u00e9ter \u00e0 Jaugette des \u0153uvres d\u2019Emmanuel Chabrier, D\u00e9odat de S\u00e9verac, Edit Lejet et Schubert. Ce programme s&rsquo;inspire de l&rsquo;enregistrement r\u00e9alis\u00e9 par Delphine Bardin pour &hellip;<a href=\"https:\/\/www.brenne-au-coeur.com\/index.php\/2026\/04\/08\/errance-et-nature-a-jaugette\/communes\/obterre\/7588\/\" class=\"more-link\">Lire la suite...<\/a><\/div><\/li><li class=\"rpwe-li rpwe-clearfix\"><a class=\"rpwe-img\" href=\"https:\/\/www.brenne-au-coeur.com\/index.php\/2026\/03\/28\/marche-fermier-delices-paysans\/communes\/obterre\/7569\/\" target=\"_self\"><img class=\"rpwe-alignleft rpwe-thumb\" src=\"https:\/\/www.brenne-au-coeur.com\/wp-content\/uploads\/2026\/03\/Affiche-Marche-avril-2026-2-120x120.jpg\" alt=\"March\u00e9 fermier D\u00e9lices paysans\" height=\"120\" width=\"120\" loading=\"lazy\" decoding=\"async\"><\/a><h3 class=\"rpwe-title\"><a href=\"https:\/\/www.brenne-au-coeur.com\/index.php\/2026\/03\/28\/marche-fermier-delices-paysans\/communes\/obterre\/7569\/\" target=\"_self\">March\u00e9 fermier D\u00e9lices paysans<\/a><\/h3><time class=\"rpwe-time published\" datetime=\"2026-03-28T14:58:15+01:00\">28 mars 2026<\/time><div class=\"rpwe-summary\">Vendredi 10 avril 2026, de 16h00 \u00e0 19h30, les volailles d&rsquo;Olivier &#8211; Ferme de Montgarny, \u00e0 Obterre, invitent \u00e0 retrouver ou d\u00e9couvrir le collectif des D\u00e9lices paysans \u00e0 l&rsquo;occasion de son March\u00e9 fermier du printemps! Une douzaine de fermes du Berry et du Sud Touraine s&rsquo;unissent pour vous proposer une &hellip;<a href=\"https:\/\/www.brenne-au-coeur.com\/index.php\/2026\/03\/28\/marche-fermier-delices-paysans\/communes\/obterre\/7569\/\" class=\"more-link\">Lire la suite...<\/a><\/div><\/li><li class=\"rpwe-li rpwe-clearfix\"><a class=\"rpwe-img\" href=\"https:\/\/www.brenne-au-coeur.com\/index.php\/2026\/03\/25\/alexandre-se-presente-a-martizay\/communes\/martizay\/7559\/\" target=\"_self\"><img class=\"rpwe-alignleft rpwe-thumb\" src=\"https:\/\/www.brenne-au-coeur.com\/wp-content\/uploads\/2026\/03\/dedicace_PG-724x1024-1-120x120.jpg\" alt=\"Alexandre se pr\u00e9sente \u00e0 Martizay\" height=\"120\" width=\"120\" loading=\"lazy\" decoding=\"async\"><\/a><h3 class=\"rpwe-title\"><a href=\"https:\/\/www.brenne-au-coeur.com\/index.php\/2026\/03\/25\/alexandre-se-presente-a-martizay\/communes\/martizay\/7559\/\" target=\"_self\">Alexandre se pr\u00e9sente \u00e0 Martizay<\/a><\/h3><time class=\"rpwe-time published\" datetime=\"2026-03-25T12:11:11+01:00\">25 mars 2026<\/time><div class=\"rpwe-summary\">Le vendredi 3 avril \u00e0 18h, Philippe Gitton pr\u00e9sentera \u00e0 la m\u00e9diath\u00e8que de Martizay, son livre Alexandre, paru aux \u00e9ditions Ma\u00efa. L\u2019auteur en lira quelques extraits. Il \u00e9changera avec le public sur ses motivations d\u2019\u00e9criture et le sens qu\u2019il donne \u00e0 cette histoire. Yonnel li\u00e9geois, r\u00e9dacteur en chef du blog &hellip;<a href=\"https:\/\/www.brenne-au-coeur.com\/index.php\/2026\/03\/25\/alexandre-se-presente-a-martizay\/communes\/martizay\/7559\/\" class=\"more-link\">Lire la suite...<\/a><\/div><\/li><li class=\"rpwe-li rpwe-clearfix\"><a class=\"rpwe-img\" href=\"https:\/\/www.brenne-au-coeur.com\/index.php\/2026\/03\/25\/ballade-des-perdus\/communes\/7553\/\" target=\"_self\"><img class=\"rpwe-alignleft rpwe-thumb\" src=\"https:\/\/www.brenne-au-coeur.com\/wp-content\/uploads\/2026\/03\/10-04-Concert-Crapaudine-Rosnay-2-120x120.jpg\" alt=\"Ballade des perdus\" height=\"120\" width=\"120\" loading=\"lazy\" decoding=\"async\"><\/a><h3 class=\"rpwe-title\"><a href=\"https:\/\/www.brenne-au-coeur.com\/index.php\/2026\/03\/25\/ballade-des-perdus\/communes\/7553\/\" target=\"_self\">Ballade des perdus<\/a><\/h3><time class=\"rpwe-time published\" datetime=\"2026-03-25T11:38:20+01:00\">25 mars 2026<\/time><div class=\"rpwe-summary\">Vendredi 10 avril 2026 \u00e0 19h30, spectacle \u00e0 La Crapaudine,13 rue Saint Andr\u00e9 \u00e0 Rosnay. Organis\u00e9 par Les Amis de la Crapaudine. \u00ab&nbsp;Ballade des perdus&nbsp;\u00bb est un spectacle \u00e9crit par Christine Payeux. Elle s\u2019accompagne \u00e0 la viole de gambe. Christine Payeux lance un Cri \u00e9perdu, hurlant depuis les profondeurs du &hellip;<a href=\"https:\/\/www.brenne-au-coeur.com\/index.php\/2026\/03\/25\/ballade-des-perdus\/communes\/7553\/\" class=\"more-link\">Lire la suite...<\/a><\/div><\/li><li class=\"rpwe-li rpwe-clearfix\"><a class=\"rpwe-img\" href=\"https:\/\/www.brenne-au-coeur.com\/index.php\/2026\/03\/25\/une-conference-pour-un-prince\/le-blanc\/7548\/\" target=\"_self\"><img class=\"rpwe-alignleft rpwe-thumb\" src=\"https:\/\/www.brenne-au-coeur.com\/wp-content\/uploads\/2026\/03\/murat-1-198x300-1-120x120.webp\" alt=\"Une conf\u00e9rence pour un Prince\" height=\"120\" width=\"120\" loading=\"lazy\" decoding=\"async\"><\/a><h3 class=\"rpwe-title\"><a href=\"https:\/\/www.brenne-au-coeur.com\/index.php\/2026\/03\/25\/une-conference-pour-un-prince\/le-blanc\/7548\/\" target=\"_self\">Une conf\u00e9rence pour un Prince<\/a><\/h3><time class=\"rpwe-time published\" datetime=\"2026-03-25T10:38:44+01:00\">25 mars 2026<\/time><div class=\"rpwe-summary\">Jeudi 09 avril 2026 \u00e0 18h00, salle Carnot, rue Pasteur au Blanc, Chantal Kroliczak pr\u00e9sentera une conf\u00e9rence \u00e0 propos du Prince Murat, organis\u00e9e par l\u2019Universit\u00e9 Interg\u00e9n\u00e9ration Populaire Blancoise (UIPB). Une st\u00e8le \u00e9rig\u00e9e pr\u00e8s de La Gabri\u00e8re, \u00e0 Ling\u00e9, rappelle que la vie de Joachim Murat s\u2019est arr\u00eat\u00e9e \u00e0 cet endroit, &hellip;<a href=\"https:\/\/www.brenne-au-coeur.com\/index.php\/2026\/03\/25\/une-conference-pour-un-prince\/le-blanc\/7548\/\" class=\"more-link\">Lire la suite...<\/a><\/div><\/li><li class=\"rpwe-li rpwe-clearfix\"><a class=\"rpwe-img\" href=\"https:\/\/www.brenne-au-coeur.com\/index.php\/2026\/03\/12\/la-sabotee-bernouse-en-quete-de-releve\/communes\/saint-michel-en-brenne\/7528\/\" target=\"_self\"><img class=\"rpwe-alignleft rpwe-thumb\" src=\"https:\/\/www.brenne-au-coeur.com\/wp-content\/uploads\/2026\/03\/IMG_20251128_175235-scaled-120x120.jpg\" alt=\"La Sabot\u00e9e Bernouse en qu\u00eate de rel\u00e8ve\" height=\"120\" width=\"120\" loading=\"lazy\" decoding=\"async\"><\/a><h3 class=\"rpwe-title\"><a href=\"https:\/\/www.brenne-au-coeur.com\/index.php\/2026\/03\/12\/la-sabotee-bernouse-en-quete-de-releve\/communes\/saint-michel-en-brenne\/7528\/\" target=\"_self\">La Sabot\u00e9e Bernouse en qu\u00eate de rel\u00e8ve<\/a><\/h3><time class=\"rpwe-time published\" datetime=\"2026-03-12T10:01:48+01:00\">12 mars 2026<\/time><div class=\"rpwe-summary\">Depuis 20 ans, le groupe folklorique La Sabot\u00e9e Bernouse anime des \u00e9v\u00e9nements festifs. Elle cultive ainsi le patrimoine local. Les danses ex\u00e9cut\u00e9es entretiennent un r\u00e9pertoire puis\u00e9 dans l\u2019histoire du Berry. Bourr\u00e9es et branles constituant l\u2019essentiel des chor\u00e9graphies. Mais si la demande de tels spectacles demeure, la rel\u00e8ve peine \u00e0 se &hellip;<a href=\"https:\/\/www.brenne-au-coeur.com\/index.php\/2026\/03\/12\/la-sabotee-bernouse-en-quete-de-releve\/communes\/saint-michel-en-brenne\/7528\/\" class=\"more-link\">Lire la suite...<\/a><\/div><\/li><li class=\"rpwe-li rpwe-clearfix\"><a class=\"rpwe-img\" href=\"https:\/\/www.brenne-au-coeur.com\/index.php\/2026\/03\/10\/subtray-le-livre\/subtray\/7514\/\" target=\"_self\"><img class=\"rpwe-alignleft rpwe-thumb\" src=\"https:\/\/www.brenne-au-coeur.com\/wp-content\/uploads\/2026\/03\/20260309_100647-scaled-e1773158784638-120x120.jpg\" alt=\"Subtray, le livre\" height=\"120\" width=\"120\" loading=\"lazy\" decoding=\"async\"><\/a><h3 class=\"rpwe-title\"><a href=\"https:\/\/www.brenne-au-coeur.com\/index.php\/2026\/03\/10\/subtray-le-livre\/subtray\/7514\/\" target=\"_self\">Subtray, le livre<\/a><\/h3><time class=\"rpwe-time published\" datetime=\"2026-03-10T10:20:14+01:00\">10 mars 2026<\/time><div class=\"rpwe-summary\">Avec ce livre, l\u2019Association culturelle mac\u00e9rienne (ACM) propose de parcourir l\u2019histoire de ce hameau. L\u2019intention peut surprendre. D\u2019ailleurs, les premi\u00e8res lignes de l&rsquo;introduction rel\u00e8ve l\u2019originalit\u00e9 du projet. \u00ab\u00a0Quelle dr\u00f4le d\u2019id\u00e9e de s\u2019int\u00e9resser \u00e0 ce hameau d\u00e9pendant de la commune de M\u00e9zi\u00e8res-en-Brenne, qui compte aujourd\u2019hui moins d\u2019une centaines d\u2019habitants et cinq &hellip;<a href=\"https:\/\/www.brenne-au-coeur.com\/index.php\/2026\/03\/10\/subtray-le-livre\/subtray\/7514\/\" class=\"more-link\">Lire la suite...<\/a><\/div><\/li><li class=\"rpwe-li rpwe-clearfix\"><a class=\"rpwe-img\" href=\"https:\/\/www.brenne-au-coeur.com\/index.php\/2026\/03\/07\/champigny-chante-coute\/le-blanc\/7509\/\" target=\"_self\"><img class=\"rpwe-alignleft rpwe-thumb\" src=\"https:\/\/www.brenne-au-coeur.com\/wp-content\/uploads\/2026\/03\/Gaston-coute1-120x120.jpg\" alt=\"Champigny chante Cout\u00e9\" height=\"120\" width=\"120\" loading=\"lazy\" decoding=\"async\"><\/a><h3 class=\"rpwe-title\"><a href=\"https:\/\/www.brenne-au-coeur.com\/index.php\/2026\/03\/07\/champigny-chante-coute\/le-blanc\/7509\/\" target=\"_self\">Champigny chante Cout\u00e9<\/a><\/h3><time class=\"rpwe-time published\" datetime=\"2026-03-07T13:11:05+01:00\">7 mars 2026<\/time><div class=\"rpwe-summary\">Dimanche 29 mars 2026 \u00e0 17h00, au Moulin de la Filature, au Blanc. Yves Champigny interpr\u00e8te Gaston Cout\u00e9. Gaston Cout\u00e9 (1880\u20111911) fait une br\u00e8ve carri\u00e8re dans les cabarets parisiens au d\u00e9but du XX\u00e8me si\u00e8cle, o\u00f9 il c\u00f4toie les chansonniers du quartier Montmartre. \u00c0 travers ses textes, il chante et \u00e9gratigne &hellip;<a href=\"https:\/\/www.brenne-au-coeur.com\/index.php\/2026\/03\/07\/champigny-chante-coute\/le-blanc\/7509\/\" class=\"more-link\">Lire la suite...<\/a><\/div><\/li><li class=\"rpwe-li rpwe-clearfix\"><a class=\"rpwe-img\" href=\"https:\/\/www.brenne-au-coeur.com\/index.php\/2026\/03\/07\/brassens-a-azay\/communes\/7505\/\" target=\"_self\"><img class=\"rpwe-alignleft rpwe-thumb\" src=\"https:\/\/www.brenne-au-coeur.com\/wp-content\/uploads\/2026\/03\/brassens-120x120.jpeg\" alt=\"Brassens \u00e0 Azay\" height=\"120\" width=\"120\" loading=\"lazy\" decoding=\"async\"><\/a><h3 class=\"rpwe-title\"><a href=\"https:\/\/www.brenne-au-coeur.com\/index.php\/2026\/03\/07\/brassens-a-azay\/communes\/7505\/\" target=\"_self\">Brassens \u00e0 Azay<\/a><\/h3><time class=\"rpwe-time published\" datetime=\"2026-03-07T12:51:19+01:00\">7 mars 2026<\/time><div class=\"rpwe-summary\">Samedi 21 mars \u00e0 16h, une conf\u00e9rence musicale est pr\u00e9sent\u00e9e \u00e0 la m\u00e9diath\u00e8que d&rsquo;Azay-le-Ferron. Une \u00e9vocation de la vie du chanteur par Philippe Gitton et Sylvain Guillaumet. Philippe rappellera quelques faits importants du parcours de l\u2019artiste et pr\u00e9sentera les douze chansons interpr\u00e9t\u00e9es par Sylvain. Quarante-quatre ans apr\u00e8s sa mort, le &hellip;<a href=\"https:\/\/www.brenne-au-coeur.com\/index.php\/2026\/03\/07\/brassens-a-azay\/communes\/7505\/\" class=\"more-link\">Lire la suite...<\/a><\/div><\/li><li class=\"rpwe-li rpwe-clearfix\"><a class=\"rpwe-img\" href=\"https:\/\/www.brenne-au-coeur.com\/index.php\/2026\/02\/20\/des-plaques-et-des-histoires\/communes\/mezieres-en-brenne\/7463\/\" target=\"_self\"><img class=\"rpwe-alignleft rpwe-thumb\" src=\"https:\/\/www.brenne-au-coeur.com\/wp-content\/uploads\/2026\/02\/J.Tardivon-Source-Audoux-Pierrette.-Date-inconnue-Avec-Jean-Pierre-Pioffet-scaled-120x120.jpg\" alt=\"Des plaques et des histoires\" height=\"120\" width=\"120\" loading=\"lazy\" decoding=\"async\"><\/a><h3 class=\"rpwe-title\"><a href=\"https:\/\/www.brenne-au-coeur.com\/index.php\/2026\/02\/20\/des-plaques-et-des-histoires\/communes\/mezieres-en-brenne\/7463\/\" target=\"_self\">Des plaques et des histoires<\/a><\/h3><time class=\"rpwe-time published\" datetime=\"2026-02-20T10:47:48+01:00\">20 f\u00e9vrier 2026<\/time><div class=\"rpwe-summary\">&nbsp; Derri\u00e8re les plaques pos\u00e9es au coin des rues, des noms, des histoires, une histoire. Avec ce troisi\u00e8me article de Chantal Kroliczak, notre visite au c\u0153ur de la capitale de la Brenne suit son cours. Rue D\u00e9sir\u00e9 Thiennot&nbsp;: le conseil municipal du 24 mars 1984 attribua le nom de cette &hellip;<a href=\"https:\/\/www.brenne-au-coeur.com\/index.php\/2026\/02\/20\/des-plaques-et-des-histoires\/communes\/mezieres-en-brenne\/7463\/\" class=\"more-link\">Lire la suite...<\/a><\/div><\/li><li class=\"rpwe-li rpwe-clearfix\"><a class=\"rpwe-img\" href=\"https:\/\/www.brenne-au-coeur.com\/index.php\/2026\/02\/19\/la-prehistoire-en-peinture\/communes\/martizay\/7454\/\" target=\"_self\"><img class=\"rpwe-alignleft rpwe-thumb\" src=\"https:\/\/www.brenne-au-coeur.com\/wp-content\/uploads\/2026\/02\/Peintures-a-la-prehistoire2-25-02-120x120.png\" alt=\"La Pr\u00e9histoire en peinture\" height=\"120\" width=\"120\" loading=\"lazy\" decoding=\"async\"><\/a><h3 class=\"rpwe-title\"><a href=\"https:\/\/www.brenne-au-coeur.com\/index.php\/2026\/02\/19\/la-prehistoire-en-peinture\/communes\/martizay\/7454\/\" target=\"_self\">La Pr\u00e9histoire en peinture<\/a><\/h3><time class=\"rpwe-time published\" datetime=\"2026-02-19T15:28:31+01:00\">19 f\u00e9vrier 2026<\/time><div class=\"rpwe-summary\">Mercredi 25 f\u00e9vrier, de 15 h \u00e0 16h30, le Mus\u00e9e arch\u00e9ologique de Martizay propose une animation autour des peintures de la pr\u00e9histoire. L\u2019animatrice, Raymonde Rolland invitera les participants \u00e0 se plonger dans le monde artistique de l\u2019\u00e9poque. Dans un premier temps, il s\u2019agira de contempler les reproductions d\u2019\u0153uvres issues des &hellip;<a href=\"https:\/\/www.brenne-au-coeur.com\/index.php\/2026\/02\/19\/la-prehistoire-en-peinture\/communes\/martizay\/7454\/\" class=\"more-link\">Lire la suite...<\/a><\/div><\/li><li class=\"rpwe-li rpwe-clearfix\"><a class=\"rpwe-img\" href=\"https:\/\/www.brenne-au-coeur.com\/index.php\/2026\/02\/19\/club-de-tir-brennou-entre-plaisir-et-performance\/communes\/mezieres-en-brenne\/7446\/\" target=\"_self\"><img class=\"rpwe-alignleft rpwe-thumb\" src=\"https:\/\/www.brenne-au-coeur.com\/wp-content\/uploads\/2026\/02\/actb26-120x120.jpg\" alt=\"Club de Tir Brennou&nbsp;: entre plaisir et performance\" height=\"120\" width=\"120\" loading=\"lazy\" decoding=\"async\"><\/a><h3 class=\"rpwe-title\"><a href=\"https:\/\/www.brenne-au-coeur.com\/index.php\/2026\/02\/19\/club-de-tir-brennou-entre-plaisir-et-performance\/communes\/mezieres-en-brenne\/7446\/\" target=\"_self\">Club de Tir Brennou&nbsp;: entre plaisir et performance<\/a><\/h3><time class=\"rpwe-time published\" datetime=\"2026-02-19T15:04:30+01:00\">19 f\u00e9vrier 2026<\/time><div class=\"rpwe-summary\">Lors des derniers championnats de France de tir, disput\u00e9s \u00e0 Besan\u00e7on, les 24 et 25 janvier derniers, le Club de Tir Brennou (CTB), s\u2019est de nouveau distingu\u00e9. J\u00e9r\u00f4me Perrochon a trust\u00e9 les titres dans la cat\u00e9gorie Para-tir, montant trois fois sur la plus haute marche du podium. Thomas Truffier, quant &hellip;<a href=\"https:\/\/www.brenne-au-coeur.com\/index.php\/2026\/02\/19\/club-de-tir-brennou-entre-plaisir-et-performance\/communes\/mezieres-en-brenne\/7446\/\" class=\"more-link\">Lire la suite...<\/a><\/div><\/li><li class=\"rpwe-li rpwe-clearfix\"><a class=\"rpwe-img\" href=\"https:\/\/www.brenne-au-coeur.com\/index.php\/2026\/02\/15\/philippe-raconte-alexandre\/communes\/mezieres-en-brenne\/7426\/\" target=\"_self\"><img class=\"rpwe-alignleft rpwe-thumb\" src=\"https:\/\/www.brenne-au-coeur.com\/wp-content\/uploads\/2026\/02\/image-120x120.png\" alt=\"Philippe raconte Alexandre\" height=\"120\" width=\"120\" loading=\"lazy\" decoding=\"async\"><\/a><h3 class=\"rpwe-title\"><a href=\"https:\/\/www.brenne-au-coeur.com\/index.php\/2026\/02\/15\/philippe-raconte-alexandre\/communes\/mezieres-en-brenne\/7426\/\" target=\"_self\">Philippe raconte Alexandre<\/a><\/h3><time class=\"rpwe-time published\" datetime=\"2026-02-15T13:50:57+01:00\">15 f\u00e9vrier 2026<\/time><div class=\"rpwe-summary\">&nbsp; Vendredi 6 mars \u00e0 16 heures, Philippe Gitton pr\u00e9sentera son roman \u00ab&nbsp;Alexandre&nbsp;\u00bb \u00e0 la m\u00e9diath\u00e8que de M\u00e9zi\u00e8res-en-Brenne. Il lira quelques extraits et \u00e9changera avec les personnes pr\u00e9sentes, sur ses motivations et le sens qu&rsquo;il donne \u00e0 l&rsquo;\u00e9criture de cette histoire. \u00ab&nbsp;Alexandre vit chez ses parents, dans le quartier La &hellip;<a href=\"https:\/\/www.brenne-au-coeur.com\/index.php\/2026\/02\/15\/philippe-raconte-alexandre\/communes\/mezieres-en-brenne\/7426\/\" class=\"more-link\">Lire la suite...<\/a><\/div><\/li><li class=\"rpwe-li rpwe-clearfix\"><a class=\"rpwe-img\" href=\"https:\/\/www.brenne-au-coeur.com\/index.php\/2026\/02\/02\/le-nom-des-rues\/communes\/mezieres-en-brenne\/7393\/\" target=\"_self\"><img class=\"rpwe-alignleft rpwe-thumb\" src=\"https:\/\/www.brenne-au-coeur.com\/wp-content\/uploads\/2026\/02\/A-Plateaux-SHD-Vincennes-GR-16P-295630-120x120.jpg\" alt=\"Le nom des rues\" height=\"120\" width=\"120\" loading=\"lazy\" decoding=\"async\"><\/a><h3 class=\"rpwe-title\"><a href=\"https:\/\/www.brenne-au-coeur.com\/index.php\/2026\/02\/02\/le-nom-des-rues\/communes\/mezieres-en-brenne\/7393\/\" target=\"_self\">Le nom des rues<\/a><\/h3><time class=\"rpwe-time published\" datetime=\"2026-02-02T12:14:57+01:00\">2 f\u00e9vrier 2026<\/time><div class=\"rpwe-summary\">Avec ce deuxi\u00e8me article, Chantal Kroliczak nous invite \u00e0 poursuivre une balade au c\u0153ur du village de M\u00e9zi\u00e8res et de son histoire, via des informations sur l\u2019origine du nom des rues. Pour compl\u00e9ter la liste, quatre autres articles seront publi\u00e9s dans les semaines \u00e0 venir. Rue des A.F.N.\u202f: les initiales &hellip;<a href=\"https:\/\/www.brenne-au-coeur.com\/index.php\/2026\/02\/02\/le-nom-des-rues\/communes\/mezieres-en-brenne\/7393\/\" class=\"more-link\">Lire la suite...<\/a><\/div><\/li><li class=\"rpwe-li rpwe-clearfix\"><a class=\"rpwe-img\" href=\"https:\/\/www.brenne-au-coeur.com\/index.php\/2026\/02\/01\/la-parole-de-charlot\/a-lire\/7386\/\" target=\"_self\"><img class=\"rpwe-alignleft rpwe-thumb\" src=\"https:\/\/www.brenne-au-coeur.com\/wp-content\/uploads\/2026\/02\/chaplin-5-120x120.jpeg\" alt=\"La parole de Charlot\" height=\"120\" width=\"120\" loading=\"lazy\" decoding=\"async\"><\/a><h3 class=\"rpwe-title\"><a href=\"https:\/\/www.brenne-au-coeur.com\/index.php\/2026\/02\/01\/la-parole-de-charlot\/a-lire\/7386\/\" target=\"_self\">La parole de Charlot<\/a><\/h3><time class=\"rpwe-time published\" datetime=\"2026-02-01T12:49:08+01:00\">1 f\u00e9vrier 2026<\/time><div class=\"rpwe-summary\">&nbsp; En ces temps troubles, lourds de menaces pour le vivre ensemble. Brenne au coeur reprend un texte de Chaplin, publi\u00e9 par nos amis de \u00ab\u00a0chantiers de culture\u00a0\u00bb. \u00ab\u00a0Un hymne \u00e0 la libert\u00e9 pour tous les humains, \u00e0 la paix et l&rsquo;esp\u00e9rance\u00a0\u00bb, rappelle Yonnel Li\u00e9geois, le r\u00e9dacteur en chef du &hellip;<a href=\"https:\/\/www.brenne-au-coeur.com\/index.php\/2026\/02\/01\/la-parole-de-charlot\/a-lire\/7386\/\" class=\"more-link\">Lire la suite...<\/a><\/div><\/li><li class=\"rpwe-li rpwe-clearfix\"><a class=\"rpwe-img\" href=\"https:\/\/www.brenne-au-coeur.com\/index.php\/2026\/02\/01\/reparlab-faire-ensemble-cest-mieux\/le-blanc\/7377\/\" target=\"_self\"><img class=\"rpwe-alignleft rpwe-thumb\" src=\"https:\/\/www.brenne-au-coeur.com\/wp-content\/uploads\/2026\/02\/494052939_696391149928673_5566888129327004957_n-Copie-120x120.webp\" alt=\"Reparlab\u00a0: Faire ensemble c\u2019est mieux\" height=\"120\" width=\"120\" loading=\"lazy\" decoding=\"async\"><\/a><h3 class=\"rpwe-title\"><a href=\"https:\/\/www.brenne-au-coeur.com\/index.php\/2026\/02\/01\/reparlab-faire-ensemble-cest-mieux\/le-blanc\/7377\/\" target=\"_self\">Reparlab\u00a0: Faire ensemble c\u2019est mieux<\/a><\/h3><time class=\"rpwe-time published\" datetime=\"2026-02-01T12:00:05+01:00\">1 f\u00e9vrier 2026<\/time><div class=\"rpwe-summary\">Tous les premiers samedi du mois, les locaux de l\u2019association Reparlab, 14 quai Aubepin au Blanc, sont ouverts au public. Des b\u00e9n\u00e9voles accueillent ainsi, les personnes qui d\u00e9sirent remettre en \u00e9tat de marche un appareil. Cela concerne les objets du quotidien\u00a0: \u00e9lectrom\u00e9nager, outils de bricolage de motoculture, v\u00e9los, appareil HI-FI, &hellip;<a href=\"https:\/\/www.brenne-au-coeur.com\/index.php\/2026\/02\/01\/reparlab-faire-ensemble-cest-mieux\/le-blanc\/7377\/\" class=\"more-link\">Lire la suite...<\/a><\/div><\/li><li class=\"rpwe-li rpwe-clearfix\"><a class=\"rpwe-img\" href=\"https:\/\/www.brenne-au-coeur.com\/index.php\/2026\/02\/01\/thibault-ou-leloge-du-mouvement\/communes\/mezieres-en-brenne\/7359\/\" target=\"_self\"><img class=\"rpwe-alignleft rpwe-thumb\" src=\"https:\/\/www.brenne-au-coeur.com\/wp-content\/uploads\/2026\/02\/PHOTO-THIB1-scaled-120x120.jpeg\" alt=\"Thibault ou l\u2019\u00e9loge du mouvement\" height=\"120\" width=\"120\" loading=\"lazy\" decoding=\"async\"><\/a><h3 class=\"rpwe-title\"><a href=\"https:\/\/www.brenne-au-coeur.com\/index.php\/2026\/02\/01\/thibault-ou-leloge-du-mouvement\/communes\/mezieres-en-brenne\/7359\/\" target=\"_self\">Thibault ou l\u2019\u00e9loge du mouvement<\/a><\/h3><time class=\"rpwe-time published\" datetime=\"2026-02-01T11:18:21+01:00\">1 f\u00e9vrier 2026<\/time><div class=\"rpwe-summary\">En octobre dernier, Thibault, co-pr\u00e9sident des P\u00e9pini\u00e8res Permabondance plantait des v\u00e9g\u00e9taux sur une parcelle de terrain d\u2019Emma\u00fcs \u00e0 D\u00e9ols. A ses c\u00f4t\u00e9s, Paul (co-pr\u00e9sident) et Mathilde (tr\u00e9sori\u00e8re), oeuvraient \u00e0 l\u2019am\u00e9nagement de cet espace, en collaboration avec des compagnons d\u2019Emma\u00fcs. La conception et la r\u00e9alisation de ce chantier constituent une partie &hellip;<a href=\"https:\/\/www.brenne-au-coeur.com\/index.php\/2026\/02\/01\/thibault-ou-leloge-du-mouvement\/communes\/mezieres-en-brenne\/7359\/\" class=\"more-link\">Lire la suite...<\/a><\/div><\/li><li class=\"rpwe-li rpwe-clearfix\"><a class=\"rpwe-img\" href=\"https:\/\/www.brenne-au-coeur.com\/index.php\/2026\/01\/03\/ce-que-votre-rue-raconte-2\/communes\/mezieres-en-brenne\/7338\/\" target=\"_self\"><img class=\"rpwe-alignleft rpwe-thumb\" src=\"https:\/\/www.brenne-au-coeur.com\/wp-content\/uploads\/2026\/01\/AD36-26Fi3098-120x120.png\" alt=\"Ce que votre rue raconte\" height=\"120\" width=\"120\" loading=\"lazy\" decoding=\"async\"><\/a><h3 class=\"rpwe-title\"><a href=\"https:\/\/www.brenne-au-coeur.com\/index.php\/2026\/01\/03\/ce-que-votre-rue-raconte-2\/communes\/mezieres-en-brenne\/7338\/\" target=\"_self\">Ce que votre rue raconte<\/a><\/h3><time class=\"rpwe-time published\" datetime=\"2026-01-03T11:22:54+01:00\">3 janvier 2026<\/time><div class=\"rpwe-summary\">Les noms des rues d\u2019un village, ceux des lieux-dits qui l\u2019entourent font tellement partie du quotidien que l\u2019on ignore bien souvent leurs origines et les fondements de leurs d\u00e9nominations. Et pourtant, combien de fois \u00e9crit-on son adresse\u00a0? Des centaines voire des milliers, sur des formulaires administratifs, sur nos comptes num\u00e9riques &hellip;<a href=\"https:\/\/www.brenne-au-coeur.com\/index.php\/2026\/01\/03\/ce-que-votre-rue-raconte-2\/communes\/mezieres-en-brenne\/7338\/\" class=\"more-link\">Lire la suite...<\/a><\/div><\/li><li class=\"rpwe-li rpwe-clearfix\"><a class=\"rpwe-img\" href=\"https:\/\/www.brenne-au-coeur.com\/index.php\/2025\/12\/21\/jeunes-et-anciens-reunis-pour-noel\/communes\/mezieres-en-brenne\/7325\/\" target=\"_self\"><img class=\"rpwe-alignleft rpwe-thumb\" src=\"https:\/\/www.brenne-au-coeur.com\/wp-content\/uploads\/2025\/12\/20251219_143724.resized-120x120.jpg\" alt=\"Jeunes et anciens r\u00e9unis pour No\u00ebl\" height=\"120\" width=\"120\" loading=\"lazy\" decoding=\"async\"><\/a><h3 class=\"rpwe-title\"><a href=\"https:\/\/www.brenne-au-coeur.com\/index.php\/2025\/12\/21\/jeunes-et-anciens-reunis-pour-noel\/communes\/mezieres-en-brenne\/7325\/\" target=\"_self\">Jeunes et anciens r\u00e9unis pour No\u00ebl<\/a><\/h3><time class=\"rpwe-time published\" datetime=\"2025-12-21T13:14:30+01:00\">21 d\u00e9cembre 2025<\/time><div class=\"rpwe-summary\">Vendredi 19 d\u00e9cembre apr\u00e8s-midi, dix r\u00e9sidents de l\u2019Ehpad de M\u00e9zi\u00e8res et leurs accompagnateurs ont quitt\u00e9 la maison de retraite. La petite troupe a travers\u00e9 les rues du village pour se rendre \u00e0 la salle des f\u00eates. Ils y ont retrouv\u00e9 les \u00e9l\u00e8ves de l\u2019\u00e9cole primaire pour partager un go\u00fbter de &hellip;<a href=\"https:\/\/www.brenne-au-coeur.com\/index.php\/2025\/12\/21\/jeunes-et-anciens-reunis-pour-noel\/communes\/mezieres-en-brenne\/7325\/\" class=\"more-link\">Lire la suite...<\/a><\/div><\/li><li class=\"rpwe-li rpwe-clearfix\"><a class=\"rpwe-img\" href=\"https:\/\/www.brenne-au-coeur.com\/index.php\/2025\/12\/21\/cine-au-foyer\/tournon-saint-martin\/7319\/\" target=\"_self\"><img class=\"rpwe-alignleft rpwe-thumb\" src=\"https:\/\/www.brenne-au-coeur.com\/wp-content\/uploads\/2025\/12\/chasse-gardee-2-120x120.jpeg\" alt=\"Cin\u00e9 au foyer\" height=\"120\" width=\"120\" loading=\"lazy\" decoding=\"async\"><\/a><h3 class=\"rpwe-title\"><a href=\"https:\/\/www.brenne-au-coeur.com\/index.php\/2025\/12\/21\/cine-au-foyer\/tournon-saint-martin\/7319\/\" target=\"_self\">Cin\u00e9 au foyer<\/a><\/h3><time class=\"rpwe-time published\" datetime=\"2025-12-21T11:50:46+01:00\">21 d\u00e9cembre 2025<\/time><div class=\"rpwe-summary\">De l\u2019action , de l\u2019humour et du fantastique. Le Foyer \u00e0 Tournon-Saint-Martin propose pour cette fin d\u2019ann\u00e9e et le d\u00e9but 2026, un choix vari\u00e9 de films. Chasse gard\u00e9e Une com\u00e9die de Antonin Fourlon, avec Didier Bourdon, Camille Lou, Hakim Jemili Deux ans se sont \u00e9coul\u00e9s \u00e0 Saint Hubert. La vie &hellip;<a href=\"https:\/\/www.brenne-au-coeur.com\/index.php\/2025\/12\/21\/cine-au-foyer\/tournon-saint-martin\/7319\/\" class=\"more-link\">Lire la suite...<\/a><\/div><\/li><li class=\"rpwe-li rpwe-clearfix\"><a class=\"rpwe-img\" href=\"https:\/\/www.brenne-au-coeur.com\/index.php\/2025\/12\/18\/rag-n-boogie-a-la-filature\/le-blanc\/7311\/\" target=\"_self\"><img class=\"rpwe-alignleft rpwe-thumb\" src=\"https:\/\/www.brenne-au-coeur.com\/wp-content\/uploads\/2025\/12\/RAGNBOOGIE-26092020-110-scaled-1-2-120x120.jpg\" alt=\"Rag&rsquo; n&rsquo; Boogie \u00e0 la Filature\" height=\"120\" width=\"120\" loading=\"lazy\" decoding=\"async\"><\/a><h3 class=\"rpwe-title\"><a href=\"https:\/\/www.brenne-au-coeur.com\/index.php\/2025\/12\/18\/rag-n-boogie-a-la-filature\/le-blanc\/7311\/\" target=\"_self\">Rag&rsquo; n&rsquo; Boogie \u00e0 la Filature<\/a><\/h3><time class=\"rpwe-time published\" datetime=\"2025-12-18T13:25:31+01:00\">18 d\u00e9cembre 2025<\/time><div class=\"rpwe-summary\">Vendredi 23 janvier 2026, \u00e0 20h30, au Moulin de la Filature, S\u00e9bastien Troendl\u00e9 pr\u00e9sente un spectacle en musiques, en mots et en images. Comment des musiques aussi joyeuses ont-elles pu na\u00eetre dans le contexte dramatique de l\u2019\u00e9poque\u2009? S\u00e9bastien Troendl\u00e9 s\u2019est plong\u00e9 dans l\u2019histoire de ces musiques et de leurs cr\u00e9ateurs &hellip;<a href=\"https:\/\/www.brenne-au-coeur.com\/index.php\/2025\/12\/18\/rag-n-boogie-a-la-filature\/le-blanc\/7311\/\" class=\"more-link\">Lire la suite...<\/a><\/div><\/li><li class=\"rpwe-li rpwe-clearfix\"><a class=\"rpwe-img\" href=\"https:\/\/www.brenne-au-coeur.com\/index.php\/2025\/12\/09\/concert-de-noel-a-chatillon-2\/chatillon-sur-indre\/7297\/\" target=\"_self\"><img class=\"rpwe-alignleft rpwe-thumb\" src=\"https:\/\/www.brenne-au-coeur.com\/wp-content\/uploads\/2025\/12\/thumbnail_Concert-de-Noel-2025-Chatillon-120x120.jpg\" alt=\"Concert de No\u00ebl \u00e0 Ch\u00e2tillon\" height=\"120\" width=\"120\" loading=\"lazy\" decoding=\"async\"><\/a><h3 class=\"rpwe-title\"><a href=\"https:\/\/www.brenne-au-coeur.com\/index.php\/2025\/12\/09\/concert-de-noel-a-chatillon-2\/chatillon-sur-indre\/7297\/\" target=\"_self\">Concert de No\u00ebl \u00e0 Ch\u00e2tillon<\/a><\/h3><time class=\"rpwe-time published\" datetime=\"2025-12-09T16:42:04+01:00\">9 d\u00e9cembre 2025<\/time><div class=\"rpwe-summary\">Dimanche 21 d\u00e9cembre\u00a0\u00e0 17h,\u00a0un concert de No\u00ebl est offert par la municipalit\u00e9, en\u00a0l\u2019\u00e9glise Notre-Dame de Ch\u00e2tillon sur Indre.\u00a0\u00a0 Sous la direction de Catherine Cardin, le Ch\u0153ur Eph\u00e9m\u00e8re, accompagn\u00e9 au piano par Irina Kataeva et G\u00e9rard de Montigny \u00e0 l\u2019harmonium, pr\u00e9sentera un programme compos\u00e9 d\u2019une vingtaine de titres. Les choristes seront &hellip;<a href=\"https:\/\/www.brenne-au-coeur.com\/index.php\/2025\/12\/09\/concert-de-noel-a-chatillon-2\/chatillon-sur-indre\/7297\/\" class=\"more-link\">Lire la suite...<\/a><\/div><\/li><li class=\"rpwe-li rpwe-clearfix\"><a class=\"rpwe-img\" href=\"https:\/\/www.brenne-au-coeur.com\/index.php\/2025\/12\/01\/mepris-et-contrat-social\/a-lire\/7285\/\" target=\"_self\"><img class=\"rpwe-alignleft rpwe-thumb\" src=\"https:\/\/www.brenne-au-coeur.com\/wp-content\/uploads\/2025\/12\/dubet1-120x120.jpg\" alt=\"M\u00e9pris et contrat social\" height=\"120\" width=\"120\" loading=\"lazy\" decoding=\"async\"><\/a><h3 class=\"rpwe-title\"><a href=\"https:\/\/www.brenne-au-coeur.com\/index.php\/2025\/12\/01\/mepris-et-contrat-social\/a-lire\/7285\/\" target=\"_self\">M\u00e9pris et contrat social<\/a><\/h3><time class=\"rpwe-time published\" datetime=\"2025-12-01T14:42:29+01:00\">1 d\u00e9cembre 2025<\/time><div class=\"rpwe-summary\">Aux \u00e9ditions du Seuil, Fran\u00e7ois Dubet publie Le m\u00e9pris, \u00e9motion collective, passion politique. Le sociologue s\u2019alerte de la diffusion de ce mal multiforme et insidieux qui fait le terreau du populisme et menace les fondements de la d\u00e9mocratie. Le rem\u00e8de&nbsp;? Relancer le contrat social. Paru dans le mensuel Sciences humaines &hellip;<a href=\"https:\/\/www.brenne-au-coeur.com\/index.php\/2025\/12\/01\/mepris-et-contrat-social\/a-lire\/7285\/\" class=\"more-link\">Lire la suite...<\/a><\/div><\/li><li class=\"rpwe-li rpwe-clearfix\"><a class=\"rpwe-img\" href=\"https:\/\/www.brenne-au-coeur.com\/index.php\/2025\/12\/01\/depre-en-concert\/preuilly-sur-claise\/7282\/\" target=\"_self\"><img class=\"rpwe-alignleft rpwe-thumb\" src=\"https:\/\/www.brenne-au-coeur.com\/wp-content\/uploads\/2025\/12\/thumbnail_Affiche-Poster-Evenement-Festival-Musique-Rock-Moderne-Photo-Noir-Vert.resized-120x120.jpeg\" alt=\"D\u00e9pr\u00e9 en concert\" height=\"120\" width=\"120\" loading=\"lazy\" decoding=\"async\"><\/a><h3 class=\"rpwe-title\"><a href=\"https:\/\/www.brenne-au-coeur.com\/index.php\/2025\/12\/01\/depre-en-concert\/preuilly-sur-claise\/7282\/\" target=\"_self\">D\u00e9pr\u00e9 en concert<\/a><\/h3><time class=\"rpwe-time published\" datetime=\"2025-12-01T14:27:03+01:00\">1 d\u00e9cembre 2025<\/time><div class=\"rpwe-summary\">Samedi 6 d\u00e9cembre \u00e0 20h00, Lieutopie (Preuilly-sur-Claise) accueille le chanteur Pierre D\u00e9pr\u00e9. Accompagn\u00e9 de sa guitare, il chante le monde. Un m\u00e9lange unique de chanson fran\u00e7aise et de musique latine. Des textes po\u00e9tiques et sensibles inspir\u00e9s par la nature et l&rsquo;humain. Le prix des places est libre.<a href=\"https:\/\/www.brenne-au-coeur.com\/index.php\/2025\/12\/01\/depre-en-concert\/preuilly-sur-claise\/7282\/\" class=\"more-link\">Lire la suite...<\/a><\/div><\/li><li class=\"rpwe-li rpwe-clearfix\"><a class=\"rpwe-img\" href=\"https:\/\/www.brenne-au-coeur.com\/index.php\/2025\/11\/28\/gospel-a-mezieres\/communes\/mezieres-en-brenne\/7277\/\" target=\"_self\"><img class=\"rpwe-alignleft rpwe-thumb\" src=\"https:\/\/www.brenne-au-coeur.com\/wp-content\/uploads\/2025\/11\/flyer-concert-2025.resized-120x120.jpg\" alt=\"Gospel \u00e0 M\u00e9zi\u00e8res\" height=\"120\" width=\"120\" loading=\"lazy\" decoding=\"async\"><\/a><h3 class=\"rpwe-title\"><a href=\"https:\/\/www.brenne-au-coeur.com\/index.php\/2025\/11\/28\/gospel-a-mezieres\/communes\/mezieres-en-brenne\/7277\/\" target=\"_self\">Gospel \u00e0 M\u00e9zi\u00e8res<\/a><\/h3><time class=\"rpwe-time published\" datetime=\"2025-11-28T10:06:04+01:00\">28 novembre 2025<\/time><div class=\"rpwe-summary\">Dimanche 14 d\u00e9cembre, \u00e0 15h dans l\u2019\u00e9glise de M\u00e9zi\u00e8res, l\u2019association Familles Rurales pr\u00e9sente un concert de la chorale Castel-gospel. Le prix des places est libre et la participation sera int\u00e9gralement revers\u00e9e au T\u00e9l\u00e9thon. Fid\u00e8le \u00e0 sa vocation, Castel Gospel pr\u00e9sentera un programme vari\u00e9. En premi\u00e8re partie l\u2019ensemble vocal chantera onze &hellip;<a href=\"https:\/\/www.brenne-au-coeur.com\/index.php\/2025\/11\/28\/gospel-a-mezieres\/communes\/mezieres-en-brenne\/7277\/\" class=\"more-link\">Lire la suite...<\/a><\/div><\/li><li class=\"rpwe-li rpwe-clearfix\"><a class=\"rpwe-img\" href=\"https:\/\/www.brenne-au-coeur.com\/index.php\/2025\/11\/21\/mira-mundi\/le-blanc\/7268\/\" target=\"_self\"><img class=\"rpwe-alignleft rpwe-thumb\" src=\"https:\/\/www.brenne-au-coeur.com\/wp-content\/uploads\/2025\/11\/Visuel-MIRA-MUNDI-120x120.jpeg\" alt=\"Mira Mundi\" height=\"120\" width=\"120\" loading=\"lazy\" decoding=\"async\"><\/a><h3 class=\"rpwe-title\"><a href=\"https:\/\/www.brenne-au-coeur.com\/index.php\/2025\/11\/21\/mira-mundi\/le-blanc\/7268\/\" target=\"_self\">Mira Mundi<\/a><\/h3><time class=\"rpwe-time published\" datetime=\"2025-11-21T15:53:45+01:00\">21 novembre 2025<\/time><div class=\"rpwe-summary\">Mercredi 03 d\u00e9cembre 2025 \u00e0 10h00, salle des f\u00eates du Blanc, fresque vivante, Mira Mundi immerge tout-petits et grands dans une aventure sonore, graphique et po\u00e9tique au sein d\u2019un monde imaginaire pop-up qui nait et prend vie en temps r\u00e9el.\u200bUn musicien joueur en corps et un accessoiriste p\u00eacheur de r\u00eaves, &hellip;<a href=\"https:\/\/www.brenne-au-coeur.com\/index.php\/2025\/11\/21\/mira-mundi\/le-blanc\/7268\/\" class=\"more-link\">Lire la suite...<\/a><\/div><\/li><li class=\"rpwe-li rpwe-clearfix\"><a class=\"rpwe-img\" href=\"https:\/\/www.brenne-au-coeur.com\/index.php\/2025\/11\/21\/les-3-vallees-a-saint-gaultier\/saint-gaultier\/7265\/\" target=\"_self\"><img class=\"rpwe-alignleft rpwe-thumb\" src=\"https:\/\/www.brenne-au-coeur.com\/wp-content\/uploads\/2025\/11\/Tournee-3-vallees-120x120.jpg\" alt=\"Les 3 Vall\u00e9es \u00e0 Saint-Gaultier\" height=\"120\" width=\"120\" loading=\"lazy\" decoding=\"async\"><\/a><h3 class=\"rpwe-title\"><a href=\"https:\/\/www.brenne-au-coeur.com\/index.php\/2025\/11\/21\/les-3-vallees-a-saint-gaultier\/saint-gaultier\/7265\/\" target=\"_self\">Les 3 Vall\u00e9es \u00e0 Saint-Gaultier<\/a><\/h3><time class=\"rpwe-time published\" datetime=\"2025-11-21T15:41:15+01:00\">21 novembre 2025<\/time><div class=\"rpwe-summary\">Dimanche 30 novembre 2025 \u00e0 15h00, salle des f\u00eates de Saint-Gaultier, la Troupe de th\u00e9\u00e2tre des Trois Vall\u00e9es, \u00e9manation de l&rsquo;association Familles rurales loisirs Val de Creuse sera a nouveau sur les planches pour pr\u00e9senter la com\u00e9die \u00ab\u00a0La loterie de l&rsquo;infortune\u00a0\u00bb d&rsquo;Ang\u00e9lique Sutty. Une pi\u00e8ce en 6 sayn\u00e8tes. Les statistiques &hellip;<a href=\"https:\/\/www.brenne-au-coeur.com\/index.php\/2025\/11\/21\/les-3-vallees-a-saint-gaultier\/saint-gaultier\/7265\/\" class=\"more-link\">Lire la suite...<\/a><\/div><\/li><li class=\"rpwe-li rpwe-clearfix\"><a class=\"rpwe-img\" href=\"https:\/\/www.brenne-au-coeur.com\/index.php\/2025\/11\/21\/veillee-berrichonne\/communes\/azay-le-ferron-communes\/7192\/\" target=\"_self\"><img class=\"rpwe-alignleft rpwe-thumb\" src=\"https:\/\/www.brenne-au-coeur.com\/wp-content\/uploads\/2025\/11\/soiree-berry-2-120x120.jpeg\" alt=\"Veill\u00e9e berrichonne\" height=\"120\" width=\"120\" loading=\"lazy\" decoding=\"async\"><\/a><h3 class=\"rpwe-title\"><a href=\"https:\/\/www.brenne-au-coeur.com\/index.php\/2025\/11\/21\/veillee-berrichonne\/communes\/azay-le-ferron-communes\/7192\/\" target=\"_self\">Veill\u00e9e berrichonne<\/a><\/h3><time class=\"rpwe-time published\" datetime=\"2025-11-21T15:24:45+01:00\">21 novembre 2025<\/time><div class=\"rpwe-summary\">Vendredi 28 novembre de 18h \u00e0 20h30, la m\u00e9diath\u00e8que d\u2019Azay-le-Ferron vous convie \u00e0 une soir\u00e9e en prise avec les traditions orales du terroir. Au programme&nbsp;: \u00ab&nbsp;Les parlers berrichons et pis pas plus&nbsp;\u00bb pr\u00e9sent\u00e9s par Michel Pinglaut. Enseignant, \u00e9rudit, conf\u00e9rencier, il est l\u2019auteur d\u2019un dictionnaire th\u00e9matique du parler berrichon aux \u00e9ditions &hellip;<a href=\"https:\/\/www.brenne-au-coeur.com\/index.php\/2025\/11\/21\/veillee-berrichonne\/communes\/azay-le-ferron-communes\/7192\/\" class=\"more-link\">Lire la suite...<\/a><\/div><\/li><li class=\"rpwe-li rpwe-clearfix\"><a class=\"rpwe-img\" href=\"https:\/\/www.brenne-au-coeur.com\/index.php\/2025\/11\/20\/hors-saison-musicale-2\/cuzion\/7185\/\" target=\"_self\"><img class=\"rpwe-alignleft rpwe-thumb\" src=\"https:\/\/www.brenne-au-coeur.com\/wp-content\/uploads\/2025\/11\/HSM-Cuzion-120x120.jpeg\" alt=\"Hors Saison musicale\" height=\"120\" width=\"120\" loading=\"lazy\" decoding=\"async\"><\/a><h3 class=\"rpwe-title\"><a href=\"https:\/\/www.brenne-au-coeur.com\/index.php\/2025\/11\/20\/hors-saison-musicale-2\/cuzion\/7185\/\" target=\"_self\">Hors Saison musicale<\/a><\/h3><time class=\"rpwe-time published\" datetime=\"2025-11-20T18:00:52+01:00\">20 novembre 2025<\/time><div class=\"rpwe-summary\">Dimanche 30 novembre 2025 \u00e0 15h30 l\u2019Association pour que vive l\u2019esprit propose un concert de Jean-Philippe Bardon (alto) &amp; Elsa Grether (violon)&nbsp;: oeuvres de Schubert, Bach, De Williencourt&#8230; Dialogue entre violon et alto, dans l\u2019\u00e9glise de Cuzion, rue du Ch\u00e2teau de Chateaubrun Ainsi qu\u2019il est pr\u00e9cis\u00e9 sur leur site, c\u2019est &hellip;<a href=\"https:\/\/www.brenne-au-coeur.com\/index.php\/2025\/11\/20\/hors-saison-musicale-2\/cuzion\/7185\/\" class=\"more-link\">Lire la suite...<\/a><\/div><\/li><li class=\"rpwe-li rpwe-clearfix\"><a class=\"rpwe-img\" href=\"https:\/\/www.brenne-au-coeur.com\/index.php\/2025\/11\/14\/permabondance-plante-chez-emmaus\/communes\/mezieres-en-brenne\/7167\/\" target=\"_self\"><img class=\"rpwe-alignleft rpwe-thumb\" src=\"https:\/\/www.brenne-au-coeur.com\/wp-content\/uploads\/2025\/11\/photo_25_2025-10-26_09-41-44-1.resized-120x120.jpg\" alt=\"Permabondance plante chez Emma\u00fcs\" height=\"120\" width=\"120\" loading=\"lazy\" decoding=\"async\"><\/a><h3 class=\"rpwe-title\"><a href=\"https:\/\/www.brenne-au-coeur.com\/index.php\/2025\/11\/14\/permabondance-plante-chez-emmaus\/communes\/mezieres-en-brenne\/7167\/\" target=\"_self\">Permabondance plante chez Emma\u00fcs<\/a><\/h3><time class=\"rpwe-time published\" datetime=\"2025-11-14T14:37:41+01:00\">14 novembre 2025<\/time><div class=\"rpwe-summary\">En octobre dernier, les P\u00e9pini\u00e8res Permabondance, lan\u00e7aient l\u2019am\u00e9nagement d\u2019une parcelle de terrain sur le site d\u2019Emma\u00fcs \u00e0 D\u00e9ols. L\u2019association de M\u00e9zi\u00e8res-en-Brenne, dont le but est de promouvoir les int\u00e9r\u00eats des for\u00eats comestibles et leurs mises en place. L&rsquo;association a propos\u00e9 \u00e0 Emma\u00fcs d\u2019utiliser un nouvel espace non occup\u00e9 jouxtant leur &hellip;<a href=\"https:\/\/www.brenne-au-coeur.com\/index.php\/2025\/11\/14\/permabondance-plante-chez-emmaus\/communes\/mezieres-en-brenne\/7167\/\" class=\"more-link\">Lire la suite...<\/a><\/div><\/li><li class=\"rpwe-li rpwe-clearfix\"><a class=\"rpwe-img\" href=\"https:\/\/www.brenne-au-coeur.com\/index.php\/2025\/11\/02\/monfreid-amis-des-artistes\/mediatheque\/7159\/\" target=\"_self\"><img class=\"rpwe-alignleft rpwe-thumb\" src=\"https:\/\/www.brenne-au-coeur.com\/wp-content\/uploads\/2025\/11\/Monfreid-ami-des-artistes-V2.resized-120x120.jpeg\" alt=\"Monfreid, amis des artistes\" height=\"120\" width=\"120\" loading=\"lazy\" decoding=\"async\"><\/a><h3 class=\"rpwe-title\"><a href=\"https:\/\/www.brenne-au-coeur.com\/index.php\/2025\/11\/02\/monfreid-amis-des-artistes\/mediatheque\/7159\/\" target=\"_self\">Monfreid, amis des artistes<\/a><\/h3><time class=\"rpwe-time published\" datetime=\"2025-11-02T16:21:32+01:00\">2 novembre 2025<\/time><div class=\"rpwe-summary\">Samedi 8 novembre 2025 \u00e0 17h, la M\u00e9diath\u00e8que intercommunale du Blanc accueille l&rsquo;association ingrandaise Henry de Monfreid, pour une lecture intitul\u00e9e \u00ab\u00a0Monfreid, ami des artistes\u00a0\u00bb Une lecture \u00e0 deux voix interpr\u00e9t\u00e9e par Am\u00e9lie Hanot et Martine Tissier, accompagn\u00e9es au piano par Boris Marie. Henry de Monfreid, n\u00e9 le 14 novembre &hellip;<a href=\"https:\/\/www.brenne-au-coeur.com\/index.php\/2025\/11\/02\/monfreid-amis-des-artistes\/mediatheque\/7159\/\" class=\"more-link\">Lire la suite...<\/a><\/div><\/li><li class=\"rpwe-li rpwe-clearfix\"><a class=\"rpwe-img\" href=\"https:\/\/www.brenne-au-coeur.com\/index.php\/2025\/11\/02\/trois-femmes-au-moulin\/communes\/mezieres-en-brenne\/7153\/\" target=\"_self\"><img class=\"rpwe-alignleft rpwe-thumb\" src=\"https:\/\/www.brenne-au-coeur.com\/wp-content\/uploads\/2025\/11\/Affiche-2.resized-120x120.jpeg\" alt=\"Trois femmes au Moulin\" height=\"120\" width=\"120\" loading=\"lazy\" decoding=\"async\"><\/a><h3 class=\"rpwe-title\"><a href=\"https:\/\/www.brenne-au-coeur.com\/index.php\/2025\/11\/02\/trois-femmes-au-moulin\/communes\/mezieres-en-brenne\/7153\/\" target=\"_self\">Trois femmes au Moulin<\/a><\/h3><time class=\"rpwe-time published\" datetime=\"2025-11-02T15:57:29+01:00\">2 novembre 2025<\/time><div class=\"rpwe-summary\">Le Moulin accueille jusqu\u2019au 27 novembre, les \u0153uvres de trois laur\u00e9ates du 38\u00e8me salon des peintres de la Brenne. Trois femmes, trois artistes, trois univers, trois techniques. Les premiers pas dans la salle d\u2019exposition du Moulin conduisent devant les tableaux de Fran\u00e7oise Lauchet. Le r\u00e9alisme des portraits laisse pantois. Difficile &hellip;<a href=\"https:\/\/www.brenne-au-coeur.com\/index.php\/2025\/11\/02\/trois-femmes-au-moulin\/communes\/mezieres-en-brenne\/7153\/\" class=\"more-link\">Lire la suite...<\/a><\/div><\/li><li class=\"rpwe-li rpwe-clearfix\"><a class=\"rpwe-img\" href=\"https:\/\/www.brenne-au-coeur.com\/index.php\/2025\/11\/01\/brassens-une-vie-de-chansons\/communes\/mezieres-en-brenne\/7148\/\" target=\"_self\"><img class=\"rpwe-alignleft rpwe-thumb\" src=\"https:\/\/www.brenne-au-coeur.com\/wp-content\/uploads\/2025\/11\/Conference-Brassens-Nov2025.resized-120x120.jpg\" alt=\"Brassens, une vie de chansons\" height=\"120\" width=\"120\" loading=\"lazy\" decoding=\"async\"><\/a><h3 class=\"rpwe-title\"><a href=\"https:\/\/www.brenne-au-coeur.com\/index.php\/2025\/11\/01\/brassens-une-vie-de-chansons\/communes\/mezieres-en-brenne\/7148\/\" target=\"_self\">Brassens, une vie de chansons<\/a><\/h3><time class=\"rpwe-time published\" datetime=\"2025-11-01T16:47:47+01:00\">1 novembre 2025<\/time><div class=\"rpwe-summary\">Samedi 15 novembre \u00e0 16h, une conf\u00e9rence musicale est pr\u00e9sent\u00e9e \u00e0 la salle des f\u00eates, par la m\u00e9diath\u00e8que de M\u00e9zi\u00e8res. Une \u00e9vocation de la vie du chanteur par Philippe Gitton et Sylvain Guillaumet. Philippe rappellera quelques faits importants du parcours de l\u2019artiste et pr\u00e9sentera les douze chansons interpr\u00e9t\u00e9es par Sylvain. &hellip;<a href=\"https:\/\/www.brenne-au-coeur.com\/index.php\/2025\/11\/01\/brassens-une-vie-de-chansons\/communes\/mezieres-en-brenne\/7148\/\" class=\"more-link\">Lire la suite...<\/a><\/div><\/li><li class=\"rpwe-li rpwe-clearfix\"><a class=\"rpwe-img\" href=\"https:\/\/www.brenne-au-coeur.com\/index.php\/2025\/11\/01\/theatre-du-rire-et-de-la-bonne-humeur\/communes\/martizay\/7131\/\" target=\"_self\"><img class=\"rpwe-alignleft rpwe-thumb\" src=\"https:\/\/www.brenne-au-coeur.com\/wp-content\/uploads\/2025\/11\/image0000001.resized-120x120.jpg\" alt=\"Th\u00e9\u00e2tre du rire et de la bonne humeur\" height=\"120\" width=\"120\" loading=\"lazy\" decoding=\"async\"><\/a><h3 class=\"rpwe-title\"><a href=\"https:\/\/www.brenne-au-coeur.com\/index.php\/2025\/11\/01\/theatre-du-rire-et-de-la-bonne-humeur\/communes\/martizay\/7131\/\" target=\"_self\">Th\u00e9\u00e2tre du rire et de la bonne humeur<\/a><\/h3><time class=\"rpwe-time published\" datetime=\"2025-11-01T15:49:33+01:00\">1 novembre 2025<\/time><div class=\"rpwe-summary\">L\u2019association \u00ab\u00a0Les Z\u2019accros des planches\u00a0\u00bb, reprend ses quartiers \u00e0 la salle des f\u00eates de Martizay, pour six repr\u00e9sentations entre le 8 et le 22 novembre prochain *. Le public y retrouvera la marque de fabrique des spectacles propos\u00e9s par la troupe de th\u00e9\u00e2tre. Comme d\u2019habitude, au programme, deux com\u00e9dies. La &hellip;<a href=\"https:\/\/www.brenne-au-coeur.com\/index.php\/2025\/11\/01\/theatre-du-rire-et-de-la-bonne-humeur\/communes\/martizay\/7131\/\" class=\"more-link\">Lire la suite...<\/a><\/div><\/li><li class=\"rpwe-li rpwe-clearfix\"><a class=\"rpwe-img\" href=\"https:\/\/www.brenne-au-coeur.com\/index.php\/2025\/10\/13\/la-clef-dans-le-sac-revient\/communes\/azay-le-ferron-communes\/7111\/\" target=\"_self\"><img class=\"rpwe-alignleft rpwe-thumb\" src=\"https:\/\/www.brenne-au-coeur.com\/wp-content\/uploads\/2025\/10\/cle-dans-le-sac-2025.resized-120x120.png\" alt=\"La clef dans le sac revient\" height=\"120\" width=\"120\" loading=\"lazy\" decoding=\"async\"><\/a><h3 class=\"rpwe-title\"><a href=\"https:\/\/www.brenne-au-coeur.com\/index.php\/2025\/10\/13\/la-clef-dans-le-sac-revient\/communes\/azay-le-ferron-communes\/7111\/\" target=\"_self\">La clef dans le sac revient<\/a><\/h3><time class=\"rpwe-time published\" datetime=\"2025-10-13T14:20:52+02:00\">13 octobre 2025<\/time><div class=\"rpwe-summary\">Le festival annuel de contes \u00ab\u00a0la clef dans le sac\u00a0\u00bb se d\u00e9roulera du 20 au 24 octobre prochain. Comme chaque ann\u00e9e, la programmation n\u2019exclut personne. Des tout petit aux adultes, tout le monde peut y trouver son conte\u00a0! Le premier spectacle, r\u00e9serv\u00e9 aux adultes, sera pr\u00e9sent\u00e9 le lundi 20 octobre &hellip;<a href=\"https:\/\/www.brenne-au-coeur.com\/index.php\/2025\/10\/13\/la-clef-dans-le-sac-revient\/communes\/azay-le-ferron-communes\/7111\/\" class=\"more-link\">Lire la suite...<\/a><\/div><\/li><li class=\"rpwe-li rpwe-clearfix\"><a class=\"rpwe-img\" href=\"https:\/\/www.brenne-au-coeur.com\/index.php\/2025\/10\/04\/le-pays-galtois-et-la-commune-de-paris-1871\/saint-gaultier\/7099\/\" target=\"_self\"><img class=\"rpwe-alignleft rpwe-thumb\" src=\"https:\/\/www.brenne-au-coeur.com\/wp-content\/uploads\/2025\/10\/saint-gaultier-2-120x120.jpeg\" alt=\"Le Pays galtois et la Commune de Paris 1871\" height=\"120\" width=\"120\" loading=\"lazy\" decoding=\"async\"><\/a><h3 class=\"rpwe-title\"><a href=\"https:\/\/www.brenne-au-coeur.com\/index.php\/2025\/10\/04\/le-pays-galtois-et-la-commune-de-paris-1871\/saint-gaultier\/7099\/\" target=\"_self\">Le Pays galtois et la Commune de Paris 1871<\/a><\/h3><time class=\"rpwe-time published\" datetime=\"2025-10-04T15:16:07+02:00\">4 octobre 2025<\/time><div class=\"rpwe-summary\">Jeudi 23 octobre \u00e0 18h30, salle des associations de Saint-Gaultier, le comit\u00e9 du Berry des amies et amis de la Commune 1871 pr\u00e9senteront une conf\u00e9rence anim\u00e9e par Jean Annequin, co-pr\u00e9sident du comit\u00e9. L\u2019histoire de la Commune de Paris au printemps 1871 est celle des provinciaux en nombre dans la capitale &hellip;<a href=\"https:\/\/www.brenne-au-coeur.com\/index.php\/2025\/10\/04\/le-pays-galtois-et-la-commune-de-paris-1871\/saint-gaultier\/7099\/\" class=\"more-link\">Lire la suite...<\/a><\/div><\/li><li class=\"rpwe-li rpwe-clearfix\"><a class=\"rpwe-img\" href=\"https:\/\/www.brenne-au-coeur.com\/index.php\/2025\/10\/04\/une-chorale-pour-le-telethon\/communes\/sainte-gemme\/7091\/\" target=\"_self\"><img class=\"rpwe-alignleft rpwe-thumb\" src=\"https:\/\/www.brenne-au-coeur.com\/wp-content\/uploads\/2025\/10\/melimelo-120x120.jpeg\" alt=\"Une chorale pour le T\u00e9l\u00e9thon\" height=\"120\" width=\"120\" loading=\"lazy\" decoding=\"async\"><\/a><h3 class=\"rpwe-title\"><a href=\"https:\/\/www.brenne-au-coeur.com\/index.php\/2025\/10\/04\/une-chorale-pour-le-telethon\/communes\/sainte-gemme\/7091\/\" target=\"_self\">Une chorale pour le T\u00e9l\u00e9thon<\/a><\/h3><time class=\"rpwe-time published\" datetime=\"2025-10-04T12:50:04+02:00\">4 octobre 2025<\/time><div class=\"rpwe-summary\">L\u2019association \u00ab&nbsp;Partenaire de l\u2019Espoir&nbsp;\u00bb organise un concert, dimanche 12 octobre \u00e0 15h00, \u00e0 l\u2019\u00e9glise de Sainte-Gemme. La chorale M\u00e9li-M\u00e9lo Velles Canto se produira dans le cadre du T\u00e9l\u00e9thon. Une libre participation sera demand\u00e9e. Tous les fonds recueillis seront int\u00e9gralement revers\u00e9s \u00e0 l\u2019AFM.(Association Fran\u00e7aise contre les Myopathies) Partenaire de l\u2019espoir agit &hellip;<a href=\"https:\/\/www.brenne-au-coeur.com\/index.php\/2025\/10\/04\/une-chorale-pour-le-telethon\/communes\/sainte-gemme\/7091\/\" class=\"more-link\">Lire la suite...<\/a><\/div><\/li><li class=\"rpwe-li rpwe-clearfix\"><a class=\"rpwe-img\" href=\"https:\/\/www.brenne-au-coeur.com\/index.php\/2025\/10\/04\/les-bals-clandestins\/communes\/azay-le-ferron-communes\/7086\/\" target=\"_self\"><img class=\"rpwe-alignleft rpwe-thumb\" src=\"https:\/\/www.brenne-au-coeur.com\/wp-content\/uploads\/2025\/10\/les-bals-clandestins-conf-10-10-2025-120x120.jpg\" alt=\"Les bals clandestins\" height=\"120\" width=\"120\" loading=\"lazy\" decoding=\"async\"><\/a><h3 class=\"rpwe-title\"><a href=\"https:\/\/www.brenne-au-coeur.com\/index.php\/2025\/10\/04\/les-bals-clandestins\/communes\/azay-le-ferron-communes\/7086\/\" target=\"_self\">Les bals clandestins<\/a><\/h3><time class=\"rpwe-time published\" datetime=\"2025-10-04T12:00:07+02:00\">4 octobre 2025<\/time><div class=\"rpwe-summary\">Vendredi 10 octobre, \u00e0 18h30, la m\u00e9diath\u00e8que d\u2019Azay-le-Ferron propose une conf\u00e9rence, pr\u00e9sent\u00e9e par Chantal Kroliczak, sur le th\u00e8me des bals clandestins en Brenne. Ainsi que Chantal l\u2019indique, en introduction d\u2019un article (publi\u00e9 sur ce blog), sur le sujet des bals clandestins durant la guerre de 1939-1945, ce ph\u00e9nom\u00e8ne est rest\u00e9 &hellip;<a href=\"https:\/\/www.brenne-au-coeur.com\/index.php\/2025\/10\/04\/les-bals-clandestins\/communes\/azay-le-ferron-communes\/7086\/\" class=\"more-link\">Lire la suite...<\/a><\/div><\/li><li class=\"rpwe-li rpwe-clearfix\"><a class=\"rpwe-img\" href=\"https:\/\/www.brenne-au-coeur.com\/index.php\/2025\/10\/03\/marie-coutant-chanter-esperer\/clion-sur-indre\/7067\/\" target=\"_self\"><img class=\"rpwe-alignleft rpwe-thumb\" src=\"https:\/\/www.brenne-au-coeur.com\/wp-content\/uploads\/2025\/10\/m.coutant-120x120.jpeg\" alt=\"Marie Coutant\u00a0: le chant de l&rsquo;espoir\" height=\"120\" width=\"120\" loading=\"lazy\" decoding=\"async\"><\/a><h3 class=\"rpwe-title\"><a href=\"https:\/\/www.brenne-au-coeur.com\/index.php\/2025\/10\/03\/marie-coutant-chanter-esperer\/clion-sur-indre\/7067\/\" target=\"_self\">Marie Coutant\u00a0: le chant de l&rsquo;espoir<\/a><\/h3><time class=\"rpwe-time published\" datetime=\"2025-10-03T16:33:35+02:00\">3 octobre 2025<\/time><div class=\"rpwe-summary\">Le 20 juin dernier, Marie Coutant chantait \u00e0 Saint-Michel-en-Brenne, \u00e0 l\u2019occasion du 40\u00e8me anniversaire de la R\u00e9serve de Ch\u00e9rine. Une pr\u00e9sence logique pour cette chanteuse attach\u00e9e au respect de la nature et au bien \u00eatre de la vie \u00e0 la campagne. Son tour de chant \u00e9tait compos\u00e9, pour une tr\u00e8s &hellip;<a href=\"https:\/\/www.brenne-au-coeur.com\/index.php\/2025\/10\/03\/marie-coutant-chanter-esperer\/clion-sur-indre\/7067\/\" class=\"more-link\">Lire la suite...<\/a><\/div><\/li><li class=\"rpwe-li rpwe-clearfix\"><a class=\"rpwe-img\" href=\"https:\/\/www.brenne-au-coeur.com\/index.php\/2025\/08\/31\/matthieu-bore-a-jaugette\/communes\/obterre\/7050\/\" target=\"_self\"><img class=\"rpwe-alignleft rpwe-thumb\" src=\"https:\/\/www.brenne-au-coeur.com\/wp-content\/uploads\/2025\/08\/matthieu.resized-120x120.jpg\" alt=\"Matthieu Bor\u00e9 \u00e0 Jaugette\" height=\"120\" width=\"120\" loading=\"lazy\" decoding=\"async\"><\/a><h3 class=\"rpwe-title\"><a href=\"https:\/\/www.brenne-au-coeur.com\/index.php\/2025\/08\/31\/matthieu-bore-a-jaugette\/communes\/obterre\/7050\/\" target=\"_self\">Matthieu Bor\u00e9 \u00e0 Jaugette<\/a><\/h3><time class=\"rpwe-time published\" datetime=\"2025-08-31T14:56:24+02:00\">31 ao\u00fbt 2025<\/time><div class=\"rpwe-summary\">Matthieu Bor\u00e9 revient sur la sc\u00e8ne du Manoir des Arts de Jaugette, dimanche 21 septembre. Artiste aux mille facettes, il interpr\u00e9tera des classiques de la chanson fran\u00e7aise. Trenet, Brassens, Salvador et d\u2019autres. Une occasion de revoir ou de d\u00e9couvrir un musicien \u00e9clectique, tel qu\u2019il est pr\u00e9sent\u00e9 sur son site internet&nbsp;: &hellip;<a href=\"https:\/\/www.brenne-au-coeur.com\/index.php\/2025\/08\/31\/matthieu-bore-a-jaugette\/communes\/obterre\/7050\/\" class=\"more-link\">Lire la suite...<\/a><\/div><\/li><li class=\"rpwe-li rpwe-clearfix\"><a class=\"rpwe-img\" href=\"https:\/\/www.brenne-au-coeur.com\/index.php\/2025\/08\/29\/la-passion-de-venus\/communes\/mezieres-en-brenne\/7037\/\" target=\"_self\"><img class=\"rpwe-alignleft rpwe-thumb\" src=\"https:\/\/www.brenne-au-coeur.com\/wp-content\/uploads\/2025\/08\/venus-4.resized-120x120.jpg\" alt=\"La passion de V\u00e9nus\" height=\"120\" width=\"120\" loading=\"lazy\" decoding=\"async\"><\/a><h3 class=\"rpwe-title\"><a href=\"https:\/\/www.brenne-au-coeur.com\/index.php\/2025\/08\/29\/la-passion-de-venus\/communes\/mezieres-en-brenne\/7037\/\" target=\"_self\">La passion de V\u00e9nus<\/a><\/h3><time class=\"rpwe-time published\" datetime=\"2025-08-29T11:44:26+02:00\">29 ao\u00fbt 2025<\/time><div class=\"rpwe-summary\">V\u00e9nus Vom Dorp a d\u00e9croch\u00e9 une belle deuxi\u00e8me place, lors des rencontres nationales hippiques So\u2019Pony, qui se sont d\u00e9roul\u00e9es \u00e0 Fontainebleau du 20 au 24 ao\u00fbt dernier. Tout au long de la semaine, les crit\u00e9riums ont rassembl\u00e9 les meilleurs poneys de sauts d\u2019obstacle r\u00e9partis selon l\u2019\u00e2ge, dans diff\u00e9rents concours. La &hellip;<a href=\"https:\/\/www.brenne-au-coeur.com\/index.php\/2025\/08\/29\/la-passion-de-venus\/communes\/mezieres-en-brenne\/7037\/\" class=\"more-link\">Lire la suite...<\/a><\/div><\/li><li class=\"rpwe-li rpwe-clearfix\"><a class=\"rpwe-img\" href=\"https:\/\/www.brenne-au-coeur.com\/index.php\/2025\/08\/26\/fete-du-velo\/vendoeuvres\/7032\/\" target=\"_self\"><img class=\"rpwe-alignleft rpwe-thumb\" src=\"https:\/\/www.brenne-au-coeur.com\/wp-content\/uploads\/2025\/08\/Pastille-generique23-evenement-3-120x120.png\" alt=\"F\u00eate du v\u00e9lo\" height=\"120\" width=\"120\" loading=\"lazy\" decoding=\"async\"><\/a><h3 class=\"rpwe-title\"><a href=\"https:\/\/www.brenne-au-coeur.com\/index.php\/2025\/08\/26\/fete-du-velo\/vendoeuvres\/7032\/\" target=\"_self\">F\u00eate du v\u00e9lo<\/a><\/h3><time class=\"rpwe-time published\" datetime=\"2025-08-26T16:07:41+02:00\">26 ao\u00fbt 2025<\/time><div class=\"rpwe-summary\">Dimanche 21 septembre 2025 \u00e0 9h30 (rendez-vous Place Saint-Louis), le Parc naturel r\u00e9gional de la Brenne invite \u00e0 sa balade \u00e0 v\u00e9lo. Depuis 11 ans, il propose une \u00ab\u00a0\u00c9chapp\u00e9e\u00a0\u00bb, en septembre, en changeant de commune de d\u00e9part tous les ans pour faire d\u00e9couvrir ses diff\u00e9rents visages. Cette ann\u00e9e, la commune &hellip;<a href=\"https:\/\/www.brenne-au-coeur.com\/index.php\/2025\/08\/26\/fete-du-velo\/vendoeuvres\/7032\/\" class=\"more-link\">Lire la suite...<\/a><\/div><\/li><li class=\"rpwe-li rpwe-clearfix\"><a class=\"rpwe-img\" href=\"https:\/\/www.brenne-au-coeur.com\/index.php\/2025\/08\/26\/concert-de-lensemble-6-voix-dans-la-nuit\/le-blanc\/7028\/\" target=\"_self\"><img class=\"rpwe-alignleft rpwe-thumb\" src=\"https:\/\/www.brenne-au-coeur.com\/wp-content\/uploads\/2025\/08\/6-voix-dans-la-nuit-120x120.jpg\" alt=\"Concert de l&rsquo;ensemble 6 voix dans la nuit\" height=\"120\" width=\"120\" loading=\"lazy\" decoding=\"async\"><\/a><h3 class=\"rpwe-title\"><a href=\"https:\/\/www.brenne-au-coeur.com\/index.php\/2025\/08\/26\/concert-de-lensemble-6-voix-dans-la-nuit\/le-blanc\/7028\/\" target=\"_self\">Concert de l&rsquo;ensemble 6 voix dans la nuit<\/a><\/h3><time class=\"rpwe-time published\" datetime=\"2025-08-26T15:05:43+02:00\">26 ao\u00fbt 2025<\/time><div class=\"rpwe-summary\">Samedi 20 septembre 2025 \u00e0 17h00, la Ville du Blanc propose un concert \u00e0 l\u2019\u00e9glise Saint-\u00c9tienne. Groupe a cappella compos\u00e9 de 6 chanteurs qui, \u00e0 travers leurs explorations musicales, vous feront d\u00e9couvrir les nuances les plus subtiles de la voix nue. Rassembl\u00e9s autour de Lucile de Tr\u00e9miolles, les musiciens de &hellip;<a href=\"https:\/\/www.brenne-au-coeur.com\/index.php\/2025\/08\/26\/concert-de-lensemble-6-voix-dans-la-nuit\/le-blanc\/7028\/\" class=\"more-link\">Lire la suite...<\/a><\/div><\/li><li class=\"rpwe-li rpwe-clearfix\"><a class=\"rpwe-img\" href=\"https:\/\/www.brenne-au-coeur.com\/index.php\/2025\/08\/26\/paulnay-une-eglise-a-visiter\/communes\/paulnay\/7024\/\" target=\"_self\"><img class=\"rpwe-alignleft rpwe-thumb\" src=\"https:\/\/www.brenne-au-coeur.com\/wp-content\/uploads\/2025\/08\/Paulnay-eglise-brenne-120x120.jpg\" alt=\"Paulnay\u00a0: une \u00e9glise \u00e0 visiter\" height=\"120\" width=\"120\" loading=\"lazy\" decoding=\"async\"><\/a><h3 class=\"rpwe-title\"><a href=\"https:\/\/www.brenne-au-coeur.com\/index.php\/2025\/08\/26\/paulnay-une-eglise-a-visiter\/communes\/paulnay\/7024\/\" target=\"_self\">Paulnay\u00a0: une \u00e9glise \u00e0 visiter<\/a><\/h3><time class=\"rpwe-time published\" datetime=\"2025-08-26T14:32:22+02:00\">26 ao\u00fbt 2025<\/time><div class=\"rpwe-summary\">Jeudi 11 septembre 2025 \u00e0 14h30, Destination Brenne organise une visite de l\u2019\u00e9glise de Paulnay, situ\u00e9e au centre du bourg. Apr\u00e8s l\u2019\u00e9vocation des p\u00e9riodes gallo-romaine et m\u00e9rovingienne qui ont laiss\u00e9 des traces dans le discret village de Paulnay, notre guide, historienne, nous invitera \u00e0 d\u00e9couvrir la petite \u00e9glise romane Saint-Etienne. &hellip;<a href=\"https:\/\/www.brenne-au-coeur.com\/index.php\/2025\/08\/26\/paulnay-une-eglise-a-visiter\/communes\/paulnay\/7024\/\" class=\"more-link\">Lire la suite...<\/a><\/div><\/li><li class=\"rpwe-li rpwe-clearfix\"><a class=\"rpwe-img\" href=\"https:\/\/www.brenne-au-coeur.com\/index.php\/2025\/08\/13\/alexandre\/a-lire\/7001\/\" target=\"_self\"><img class=\"rpwe-alignleft rpwe-thumb\" src=\"https:\/\/www.brenne-au-coeur.com\/wp-content\/uploads\/2025\/08\/photo-alexandre-120x120.jpg\" alt=\"Alexandre\" height=\"120\" width=\"120\" loading=\"lazy\" decoding=\"async\"><\/a><h3 class=\"rpwe-title\"><a href=\"https:\/\/www.brenne-au-coeur.com\/index.php\/2025\/08\/13\/alexandre\/a-lire\/7001\/\" target=\"_self\">Alexandre<\/a><\/h3><time class=\"rpwe-time published\" datetime=\"2025-08-13T19:04:52+02:00\">13 ao\u00fbt 2025<\/time><div class=\"rpwe-summary\">\u00ab\u00a0Alexandre\u00a0\u00bb, le livre de Philippe Gitton, est d\u00e8s \u00e0 pr\u00e9sent en pr\u00e9vente. Il suffit pour cela de se connecter sur le lien suivant&nbsp;: https:\/\/euthena.com\/fr_FR\/nos_projets\/alexandre-philippe-gitton-6890b5d5b9951 Ce roman trace le portrait d\u2019un jeune parisien. Alexandre vit chez ses parents, dans le quartier La chapelle, au nord du 18e arrondissement de Paris. Il &hellip;<a href=\"https:\/\/www.brenne-au-coeur.com\/index.php\/2025\/08\/13\/alexandre\/a-lire\/7001\/\" class=\"more-link\">Lire la suite...<\/a><\/div><\/li><li class=\"rpwe-li rpwe-clearfix\"><a class=\"rpwe-img\" href=\"https:\/\/www.brenne-au-coeur.com\/index.php\/2025\/08\/13\/moissons-sonores\/neuillay-les-bois\/6998\/\" target=\"_self\"><img class=\"rpwe-alignleft rpwe-thumb\" src=\"https:\/\/www.brenne-au-coeur.com\/wp-content\/uploads\/2025\/08\/La-rouiche-120x120.jpg\" alt=\"Moissons sonores\" height=\"120\" width=\"120\" loading=\"lazy\" decoding=\"async\"><\/a><h3 class=\"rpwe-title\"><a href=\"https:\/\/www.brenne-au-coeur.com\/index.php\/2025\/08\/13\/moissons-sonores\/neuillay-les-bois\/6998\/\" target=\"_self\">Moissons sonores<\/a><\/h3><time class=\"rpwe-time published\" datetime=\"2025-08-13T13:22:17+02:00\">13 ao\u00fbt 2025<\/time><div class=\"rpwe-summary\">Samedi 30 ao\u00fbt 2025, de 11h00 \u00e0 22h00, la compagnie La Rouiche donne rendez-vous chez Herba Humana et aux Fen\u00eats \u00e0 Neuillay-les-bois. Au programme: atelier danse, visite curieuse, expo immersive, table ronde, performance, concert. Le paysage se transforme. Comment prendre la mesure des transformations pass\u00e9es, des usages pr\u00e9sents, et envisager &hellip;<a href=\"https:\/\/www.brenne-au-coeur.com\/index.php\/2025\/08\/13\/moissons-sonores\/neuillay-les-bois\/6998\/\" class=\"more-link\">Lire la suite...<\/a><\/div><\/li><li class=\"rpwe-li rpwe-clearfix\"><a class=\"rpwe-img\" href=\"https:\/\/www.brenne-au-coeur.com\/index.php\/2025\/08\/12\/5eme-festival-international-pyrotechnique-de-luant\/luant\/6993\/\" target=\"_self\"><img class=\"rpwe-alignleft rpwe-thumb\" src=\"https:\/\/www.brenne-au-coeur.com\/wp-content\/uploads\/2025\/08\/2025-08-30-5eme-festival-d-art-Pyrotechnique-Etang-Duris-120x120.jpeg\" alt=\"5\u00e8me Festival international Pyrotechnique de Luant\" height=\"120\" width=\"120\" loading=\"lazy\" decoding=\"async\"><\/a><h3 class=\"rpwe-title\"><a href=\"https:\/\/www.brenne-au-coeur.com\/index.php\/2025\/08\/12\/5eme-festival-international-pyrotechnique-de-luant\/luant\/6993\/\" target=\"_self\">5\u00e8me Festival international Pyrotechnique de Luant<\/a><\/h3><time class=\"rpwe-time published\" datetime=\"2025-08-12T15:49:50+02:00\">12 ao\u00fbt 2025<\/time><div class=\"rpwe-summary\">Samedi 30 ao\u00fbt, l\u2019\u00e9tang Duris accueillera un spectacle grandiose entre feux d\u2019artifice et show laser. Les spectateurs sont invit\u00e9s \u00e0 se plonger dans un univers f\u00e9erique \u00e0 l&rsquo;occasion du 5\u00e8me Festival d&rsquo;Art Pyrotechnique sur le th\u00e8me \u00ab\u00a0R\u00eaves d\u2019Enfants\u00a0\u00bb. Un spectacle unique o\u00f9 5 feux d\u2019artifice synchronis\u00e9s illumineront le ciel, accompagn\u00e9s &hellip;<a href=\"https:\/\/www.brenne-au-coeur.com\/index.php\/2025\/08\/12\/5eme-festival-international-pyrotechnique-de-luant\/luant\/6993\/\" class=\"more-link\">Lire la suite...<\/a><\/div><\/li><li class=\"rpwe-li rpwe-clearfix\"><a class=\"rpwe-img\" href=\"https:\/\/www.brenne-au-coeur.com\/index.php\/2025\/08\/12\/concert-a-prissac\/prissac\/6988\/\" target=\"_self\"><img class=\"rpwe-alignleft rpwe-thumb\" src=\"https:\/\/www.brenne-au-coeur.com\/wp-content\/uploads\/2025\/08\/concert-bo-120x120.jpeg\" alt=\"Concert \u00e0 Prissac\" height=\"120\" width=\"120\" loading=\"lazy\" decoding=\"async\"><\/a><h3 class=\"rpwe-title\"><a href=\"https:\/\/www.brenne-au-coeur.com\/index.php\/2025\/08\/12\/concert-a-prissac\/prissac\/6988\/\" target=\"_self\">Concert \u00e0 Prissac<\/a><\/h3><time class=\"rpwe-time published\" datetime=\"2025-08-12T15:11:13+02:00\">12 ao\u00fbt 2025<\/time><div class=\"rpwe-summary\">Samedi 23 ao\u00fbt 2025 \u00e0 19h00, le comit\u00e9 des f\u00eates de Prissac propose un concert de Juliane Joe et Greg Bo. Le spectacle se d\u00e9roulera au Jardin de la salle Gaston Ch\u00e9reau, rue du Foyer. Acc\u00e8s gratuit. Julianne Joe, est une multi-instrumentiste passionn\u00e9e par la musique populaire. Elle interpr\u00e8te ses &hellip;<a href=\"https:\/\/www.brenne-au-coeur.com\/index.php\/2025\/08\/12\/concert-a-prissac\/prissac\/6988\/\" class=\"more-link\">Lire la suite...<\/a><\/div><\/li><li class=\"rpwe-li rpwe-clearfix\"><a class=\"rpwe-img\" href=\"https:\/\/www.brenne-au-coeur.com\/index.php\/2025\/08\/04\/le-bien-vivre-des-anciens\/communes\/mezieres-en-brenne\/6965\/\" target=\"_self\"><img class=\"rpwe-alignleft rpwe-thumb\" src=\"https:\/\/www.brenne-au-coeur.com\/wp-content\/uploads\/2025\/08\/photoehpad7.resized-120x120.jpg\" alt=\"Le bien vivre des anciens\" height=\"120\" width=\"120\" loading=\"lazy\" decoding=\"async\"><\/a><h3 class=\"rpwe-title\"><a href=\"https:\/\/www.brenne-au-coeur.com\/index.php\/2025\/08\/04\/le-bien-vivre-des-anciens\/communes\/mezieres-en-brenne\/6965\/\" target=\"_self\">Le bien vivre des anciens<\/a><\/h3><time class=\"rpwe-time published\" datetime=\"2025-08-04T17:51:24+02:00\">4 ao\u00fbt 2025<\/time><div class=\"rpwe-summary\">Un duo gagnant pour le bien vivre des anciens. \u00e0 l&rsquo;EHPAD de M\u00e9zi\u00e8res-en-Brenne. Dans cet article, Marie-Line Chaput, animatrice de la maison de retraite, explique comment, chaque ann\u00e9e, la R\u00e9sidence de la Brenne et l\u2019Association les Orchid\u00e9es con\u00e7oivent, avec les souhaits \u00e9mis par les r\u00e9sidents, un programme d\u2019animation haut en &hellip;<a href=\"https:\/\/www.brenne-au-coeur.com\/index.php\/2025\/08\/04\/le-bien-vivre-des-anciens\/communes\/mezieres-en-brenne\/6965\/\" class=\"more-link\">Lire la suite...<\/a><\/div><\/li><li class=\"rpwe-li rpwe-clearfix\"><a class=\"rpwe-img\" href=\"https:\/\/www.brenne-au-coeur.com\/index.php\/2025\/08\/04\/le-combat-pour-la-maternite-du-blanc\/le-blanc\/6958\/\" target=\"_self\"><img class=\"rpwe-alignleft rpwe-thumb\" src=\"https:\/\/www.brenne-au-coeur.com\/wp-content\/uploads\/2025\/08\/20250802_134550-scaled-120x120.jpg\" alt=\"Le combat pour la maternit\u00e9 du Blanc\" height=\"120\" width=\"120\" loading=\"lazy\" decoding=\"async\"><\/a><h3 class=\"rpwe-title\"><a href=\"https:\/\/www.brenne-au-coeur.com\/index.php\/2025\/08\/04\/le-combat-pour-la-maternite-du-blanc\/le-blanc\/6958\/\" target=\"_self\">Le combat pour la maternit\u00e9 du Blanc<\/a><\/h3><time class=\"rpwe-time published\" datetime=\"2025-08-04T17:28:02+02:00\">4 ao\u00fbt 2025<\/time><div class=\"rpwe-summary\">En 2018, l\u2019annonce, temporaire puis d\u00e9finitive, de la fermeture de la maternit\u00e9 de l\u2019h\u00f4pital du Blanc, provoque une immense \u00e9motion parmi la population. D\u00e8s lors, de multiples actions sont organis\u00e9es pendant plusieurs mois, pour obtenir sa r\u00e9ouverture. Un livre publi\u00e9 cette ann\u00e9e, raconte cette histoire. Dans son ouvrage, \u00ab\u00a0Maternit\u00e9 (s) &hellip;<a href=\"https:\/\/www.brenne-au-coeur.com\/index.php\/2025\/08\/04\/le-combat-pour-la-maternite-du-blanc\/le-blanc\/6958\/\" class=\"more-link\">Lire la suite...<\/a><\/div><\/li><li class=\"rpwe-li rpwe-clearfix\"><a class=\"rpwe-img\" href=\"https:\/\/www.brenne-au-coeur.com\/index.php\/2025\/08\/04\/gospel-a-la-haute-touche\/communes\/obterre\/6955\/\" target=\"_self\"><img class=\"rpwe-alignleft rpwe-thumb\" src=\"https:\/\/www.brenne-au-coeur.com\/wp-content\/uploads\/2025\/08\/gospel-120x120.jpg\" alt=\"Gospel \u00e0 la Haute-Touche\" height=\"120\" width=\"120\" loading=\"lazy\" decoding=\"async\"><\/a><h3 class=\"rpwe-title\"><a href=\"https:\/\/www.brenne-au-coeur.com\/index.php\/2025\/08\/04\/gospel-a-la-haute-touche\/communes\/obterre\/6955\/\" target=\"_self\">Gospel \u00e0 la Haute-Touche<\/a><\/h3><time class=\"rpwe-time published\" datetime=\"2025-08-04T17:03:14+02:00\">4 ao\u00fbt 2025<\/time><div class=\"rpwe-summary\">Jeudi 14 ao\u00fbt 2025 \u00e0 20h00, la R\u00e9serve zoologique de la Haute Touche, accueille le groupe Gospel For You Family. L\u2019Association des amis de la Haute Touche y organise son traditionnel concert d\u2019\u00e9t\u00e9. Le groupe Gospel For You Family sillonne la France et l\u2019Europe depuis 2004. C\u2019est une chorale gospel &hellip;<a href=\"https:\/\/www.brenne-au-coeur.com\/index.php\/2025\/08\/04\/gospel-a-la-haute-touche\/communes\/obterre\/6955\/\" class=\"more-link\">Lire la suite...<\/a><\/div><\/li><li class=\"rpwe-li rpwe-clearfix\"><a class=\"rpwe-img\" href=\"https:\/\/www.brenne-au-coeur.com\/index.php\/2025\/07\/29\/le-sens-de-la-vie\/communes\/mezieres-en-brenne\/6940\/\" target=\"_self\"><img class=\"rpwe-alignleft rpwe-thumb\" src=\"https:\/\/www.brenne-au-coeur.com\/wp-content\/uploads\/2025\/07\/20250725_114148.resized-120x120.jpg\" alt=\"Le sens de la vie\" height=\"120\" width=\"120\" loading=\"lazy\" decoding=\"async\"><\/a><h3 class=\"rpwe-title\"><a href=\"https:\/\/www.brenne-au-coeur.com\/index.php\/2025\/07\/29\/le-sens-de-la-vie\/communes\/mezieres-en-brenne\/6940\/\" target=\"_self\">Le sens de la vie<\/a><\/h3><time class=\"rpwe-time published\" datetime=\"2025-07-29T16:08:04+02:00\">29 juillet 2025<\/time><div class=\"rpwe-summary\">L\u2019association des\u00a0P\u00e9pini\u00e8res Permabondance\u00a0, fond\u00e9e en novembre 2024, d\u00e9veloppe son activit\u00e9 sur une propri\u00e9t\u00e9 de sept hectares, aux abords du bourg de M\u00e9zi\u00e8res-en-Brenne. Son objectif est triple. L\u2019implantation d\u2019un jardin-for\u00eat, la cr\u00e9ation de p\u00e9pini\u00e8res et la sensibilisation \u00e0 la biodiversit\u00e9. Murs d\u2019enceinte de trois m\u00e8tres de hauteur et imposant portail compact, &hellip;<a href=\"https:\/\/www.brenne-au-coeur.com\/index.php\/2025\/07\/29\/le-sens-de-la-vie\/communes\/mezieres-en-brenne\/6940\/\" class=\"more-link\">Lire la suite...<\/a><\/div><\/li><li class=\"rpwe-li rpwe-clearfix\"><a class=\"rpwe-img\" href=\"https:\/\/www.brenne-au-coeur.com\/index.php\/2025\/07\/22\/bal-marche-gourmand\/communes\/mezieres-en-brenne\/6929\/\" target=\"_self\"><img class=\"rpwe-alignleft rpwe-thumb\" src=\"https:\/\/www.brenne-au-coeur.com\/wp-content\/uploads\/2025\/07\/BalTrad2025-Kissonafrog.resized-120x120.jpg\" alt=\"Bal &#038; march\u00e9 gourmand\" height=\"120\" width=\"120\" loading=\"lazy\" decoding=\"async\"><\/a><h3 class=\"rpwe-title\"><a href=\"https:\/\/www.brenne-au-coeur.com\/index.php\/2025\/07\/22\/bal-marche-gourmand\/communes\/mezieres-en-brenne\/6929\/\" target=\"_self\">Bal &#038; march\u00e9 gourmand<\/a><\/h3><time class=\"rpwe-time published\" datetime=\"2025-07-22T16:46:48+02:00\">22 juillet 2025<\/time><div class=\"rpwe-summary\">Samedi 9 ao\u00fbt, \u00e0 M\u00e9zi\u00e8res-en-Brenne, place Jean Moulin, la m\u00e9diath\u00e8que propose une soir\u00e9e faite de rencontres, de gourmandise, de musique et de danses. 19h00, Ap\u00e9ro-rencontre, 20h00 March\u00e9 gourmand, 21h00, Concert et Bal (gratuit) Le bal trad sera anim\u00e9 par le groupe Kiss on a frog. Tels qu\u2019ils se d\u00e9finissent sur &hellip;<a href=\"https:\/\/www.brenne-au-coeur.com\/index.php\/2025\/07\/22\/bal-marche-gourmand\/communes\/mezieres-en-brenne\/6929\/\" class=\"more-link\">Lire la suite...<\/a><\/div><\/li><li class=\"rpwe-li rpwe-clearfix\"><a class=\"rpwe-img\" href=\"https:\/\/www.brenne-au-coeur.com\/index.php\/2025\/07\/22\/spectacles-sous-les-arbres\/communes\/mezieres-en-brenne\/6925\/\" target=\"_self\"><img class=\"rpwe-alignleft rpwe-thumb\" src=\"https:\/\/www.brenne-au-coeur.com\/wp-content\/uploads\/2025\/07\/thumbnail_DETRACK-120x120.jpg\" alt=\"Spectacles sous les arbres\" height=\"120\" width=\"120\" loading=\"lazy\" decoding=\"async\"><\/a><h3 class=\"rpwe-title\"><a href=\"https:\/\/www.brenne-au-coeur.com\/index.php\/2025\/07\/22\/spectacles-sous-les-arbres\/communes\/mezieres-en-brenne\/6925\/\" target=\"_self\">Spectacles sous les arbres<\/a><\/h3><time class=\"rpwe-time published\" datetime=\"2025-07-22T16:16:43+02:00\">22 juillet 2025<\/time><div class=\"rpwe-summary\">Samedi 26 juillet 2025 \u00e0 17h, \u00e0 la m\u00e9diath\u00e8que de M\u00e9zi\u00e8res, le collectif BARDA compagnie propose la projection de \u00ab\u00a0DETRACK\u00a0\u00bb. Laissez-vous embarquer dans ce road-movie clownesque, \u00e0 la rencontre de personnages singuliers et d\u00e9cal\u00e9s. Ce film a \u00e9t\u00e9 produit en 2012 par Atout Brenne (accompagnement de personnes en situation de &hellip;<a href=\"https:\/\/www.brenne-au-coeur.com\/index.php\/2025\/07\/22\/spectacles-sous-les-arbres\/communes\/mezieres-en-brenne\/6925\/\" class=\"more-link\">Lire la suite...<\/a><\/div><\/li><li class=\"rpwe-li rpwe-clearfix\"><a class=\"rpwe-img\" href=\"https:\/\/www.brenne-au-coeur.com\/index.php\/2025\/07\/22\/la-commune-en-peinture\/communes\/azay-le-ferron-communes\/6922\/\" target=\"_self\"><img class=\"rpwe-alignleft rpwe-thumb\" src=\"https:\/\/www.brenne-au-coeur.com\/wp-content\/uploads\/2025\/07\/affiche-definitive-vernissage-1-er-aout-2025.resized-120x120.jpg\" alt=\"La Commune en peinture\" height=\"120\" width=\"120\" loading=\"lazy\" decoding=\"async\"><\/a><h3 class=\"rpwe-title\"><a href=\"https:\/\/www.brenne-au-coeur.com\/index.php\/2025\/07\/22\/la-commune-en-peinture\/communes\/azay-le-ferron-communes\/6922\/\" target=\"_self\">La Commune en peinture<\/a><\/h3><time class=\"rpwe-time published\" datetime=\"2025-07-22T15:48:02+02:00\">22 juillet 2025<\/time><div class=\"rpwe-summary\">Vendredi 1er ao\u00fbt \u00e0 18h30, \u00e0 la m\u00e9diath\u00e8que d&rsquo;Azay-le-Ferron aura lieu un \u00e9v\u00e9nement picto-berrichon &#8211; le vernissage d&rsquo;une exposition de peintures dont certaines ont \u00e9t\u00e9 cr\u00e9\u00e9es sur le th\u00e8me de la Commune de Paris 1871 par les \u00e9l\u00e8ves de Nathalie Afonso. Cette artiste peintre, ancienne \u00e9l\u00e8ve de l&rsquo;\u00e9cole Boulle, r\u00e9alisera &hellip;<a href=\"https:\/\/www.brenne-au-coeur.com\/index.php\/2025\/07\/22\/la-commune-en-peinture\/communes\/azay-le-ferron-communes\/6922\/\" class=\"more-link\">Lire la suite...<\/a><\/div><\/li><li class=\"rpwe-li rpwe-clearfix\"><a class=\"rpwe-img\" href=\"https:\/\/www.brenne-au-coeur.com\/index.php\/2025\/07\/21\/une-loi-qui-a-du-plomb-dans-laile\/2-dernier-article-paru\/6911\/\" target=\"_self\"><img class=\"rpwe-alignleft rpwe-thumb\" src=\"https:\/\/www.brenne-au-coeur.com\/wp-content\/uploads\/2025\/07\/duplomb-120x120.jpeg\" alt=\"Une loi qui a du plomb dans l\u2019aile\" height=\"120\" width=\"120\" loading=\"lazy\" decoding=\"async\"><\/a><h3 class=\"rpwe-title\"><a href=\"https:\/\/www.brenne-au-coeur.com\/index.php\/2025\/07\/21\/une-loi-qui-a-du-plomb-dans-laile\/2-dernier-article-paru\/6911\/\" target=\"_self\">Une loi qui a du plomb dans l\u2019aile<\/a><\/h3><time class=\"rpwe-time published\" datetime=\"2025-07-21T20:44:05+02:00\">21 juillet 2025<\/time><div class=\"rpwe-summary\">Dans le texte qui suit, le site Reporterre fait le point sur une p\u00e9tition lanc\u00e9e sur le site de l\u2019Assembl\u00e9e nationale contre la loi Duplomb. Elle a recueilli pr\u00e8s de 1, 5000 000 signatures. ( il suffit pour signer de se rendre sur le site de l\u2019Assembl\u00e9e nationale et de &hellip;<a href=\"https:\/\/www.brenne-au-coeur.com\/index.php\/2025\/07\/21\/une-loi-qui-a-du-plomb-dans-laile\/2-dernier-article-paru\/6911\/\" class=\"more-link\">Lire la suite...<\/a><\/div><\/li><li class=\"rpwe-li rpwe-clearfix\"><a class=\"rpwe-img\" href=\"https:\/\/www.brenne-au-coeur.com\/index.php\/2025\/07\/14\/dessin-naturaliste-en-brenne\/vendoeuvres\/6901\/\" target=\"_self\"><img class=\"rpwe-alignleft rpwe-thumb\" src=\"https:\/\/www.brenne-au-coeur.com\/wp-content\/uploads\/2025\/07\/Marie-Corail-2-120x120.jpg\" alt=\"Dessin naturaliste en Brenne\" height=\"120\" width=\"120\" loading=\"lazy\" decoding=\"async\"><\/a><h3 class=\"rpwe-title\"><a href=\"https:\/\/www.brenne-au-coeur.com\/index.php\/2025\/07\/14\/dessin-naturaliste-en-brenne\/vendoeuvres\/6901\/\" target=\"_self\">Dessin naturaliste en Brenne<\/a><\/h3><time class=\"rpwe-time published\" datetime=\"2025-07-14T11:46:28+02:00\">14 juillet 2025<\/time><div class=\"rpwe-summary\">Vendredi 25 juillet 2025, Marie Corail propose une sortie \u00e0 l\u2019aube, dans la nature. L\u2019objectif est de pouvoir observer la faune et de la dessiner. Le rendez-vous, de 6h30 \u00e0 8h30, a lieu \u00e0 la Chapelle Saint-Sulpice ( sur la commune de Vend\u0153uvres), Apr\u00e8s des \u00e9tudes en dessin narratif, sp\u00e9cialit\u00e9 &hellip;<a href=\"https:\/\/www.brenne-au-coeur.com\/index.php\/2025\/07\/14\/dessin-naturaliste-en-brenne\/vendoeuvres\/6901\/\" class=\"more-link\">Lire la suite...<\/a><\/div><\/li><li class=\"rpwe-li rpwe-clearfix\"><a class=\"rpwe-img\" href=\"https:\/\/www.brenne-au-coeur.com\/index.php\/2025\/07\/14\/fete-du-jambon\/communes\/saulnay\/6898\/\" target=\"_self\"><img class=\"rpwe-alignleft rpwe-thumb\" src=\"https:\/\/www.brenne-au-coeur.com\/wp-content\/uploads\/2025\/07\/jambon-120x120.jpg\" alt=\"F\u00eate du Jambon\" height=\"120\" width=\"120\" loading=\"lazy\" decoding=\"async\"><\/a><h3 class=\"rpwe-title\"><a href=\"https:\/\/www.brenne-au-coeur.com\/index.php\/2025\/07\/14\/fete-du-jambon\/communes\/saulnay\/6898\/\" target=\"_self\">F\u00eate du Jambon<\/a><\/h3><time class=\"rpwe-time published\" datetime=\"2025-07-14T10:47:23+02:00\">14 juillet 2025<\/time><div class=\"rpwe-summary\">Dimanche 20 juillet 2025, \u00e0 partir de 18h00, la commune de Saulnay et son comit\u00e9 des f\u00eates organise leur traditionnelle F\u00eate du jambon. Au programme, le repas champ\u00eatre avec jambon cuit \u00e0 la broche, le spectacle \u00ab\u00a0 Musique sur mesures&nbsp;\u00bb de Jean-Baptiste Dupont et Sarah \u00ab\u00a0musique sur mesures\u00a0\u00bb. Un feu &hellip;<a href=\"https:\/\/www.brenne-au-coeur.com\/index.php\/2025\/07\/14\/fete-du-jambon\/communes\/saulnay\/6898\/\" class=\"more-link\">Lire la suite...<\/a><\/div><\/li><li class=\"rpwe-li rpwe-clearfix\"><a class=\"rpwe-img\" href=\"https:\/\/www.brenne-au-coeur.com\/index.php\/2025\/07\/14\/visite-nocturne-au-chateau\/rosnay\/6895\/\" target=\"_self\"><img class=\"rpwe-alignleft rpwe-thumb\" src=\"https:\/\/www.brenne-au-coeur.com\/wp-content\/uploads\/2025\/07\/Chateau-du-Bouchet-a-Rosnay-2-120x120.jpg\" alt=\"Visite nocturne au ch\u00e2teau\" height=\"120\" width=\"120\" loading=\"lazy\" decoding=\"async\"><\/a><h3 class=\"rpwe-title\"><a href=\"https:\/\/www.brenne-au-coeur.com\/index.php\/2025\/07\/14\/visite-nocturne-au-chateau\/rosnay\/6895\/\" target=\"_self\">Visite nocturne au ch\u00e2teau<\/a><\/h3><time class=\"rpwe-time published\" datetime=\"2025-07-14T10:28:44+02:00\">14 juillet 2025<\/time><div class=\"rpwe-summary\">Jeudi 24 juillet 2025, le ch\u00e2teau du Bouchet \u00e0 Rosnay, ouvre ses portes pour deux visites nocturnes \u00e0 19h45 et 21h15. Cette visite vous r\u00e9v\u00e8lera une toute autre ambiance de cette forteresse ancestrale sujette \u00e0 de nombreuses l\u00e9gendes &#8230; Le p\u00e9riple commencera par une promenade nocturne dans le calme absolu &hellip;<a href=\"https:\/\/www.brenne-au-coeur.com\/index.php\/2025\/07\/14\/visite-nocturne-au-chateau\/rosnay\/6895\/\" class=\"more-link\">Lire la suite...<\/a><\/div><\/li><li class=\"rpwe-li rpwe-clearfix\"><a class=\"rpwe-img\" href=\"https:\/\/www.brenne-au-coeur.com\/index.php\/2025\/07\/14\/concert-quintet-archets-creusois\/saint-benoit-du-sault\/6892\/\" target=\"_self\"><img class=\"rpwe-alignleft rpwe-thumb\" src=\"https:\/\/www.brenne-au-coeur.com\/wp-content\/uploads\/2025\/07\/Archets-Creusois-sextuor-120x120.jpg\" alt=\"Concert Quintet Archets Creusois\" height=\"120\" width=\"120\" loading=\"lazy\" decoding=\"async\"><\/a><h3 class=\"rpwe-title\"><a href=\"https:\/\/www.brenne-au-coeur.com\/index.php\/2025\/07\/14\/concert-quintet-archets-creusois\/saint-benoit-du-sault\/6892\/\" target=\"_self\">Concert Quintet Archets Creusois<\/a><\/h3><time class=\"rpwe-time published\" datetime=\"2025-07-14T10:19:23+02:00\">14 juillet 2025<\/time><div class=\"rpwe-summary\">Lundi 21 juillet 2025 \u00e0 20h30, l\u2019\u00c9glise Saint Beno\u00eet, \u00e0 Saint-Beno\u00eet-du-Sault, accueillera les Archets Creusois. Un concert propos\u00e9 par Cordes &amp; compagnie. Les \u00ab&nbsp;Archets Creusois&nbsp;\u00bb (\u00c9tienne Perrine et Gauthier Burgunder, violons, Jean-Pierre Nouhaud, violoncelle et Marie Nouhaud, contrebasse) se sont regroup\u00e9s au sein du conservatoire d\u00e9partemental de Creuse Emile Gou\u00e9, &hellip;<a href=\"https:\/\/www.brenne-au-coeur.com\/index.php\/2025\/07\/14\/concert-quintet-archets-creusois\/saint-benoit-du-sault\/6892\/\" class=\"more-link\">Lire la suite...<\/a><\/div><\/li><li class=\"rpwe-li rpwe-clearfix\"><a class=\"rpwe-img\" href=\"https:\/\/www.brenne-au-coeur.com\/index.php\/2025\/07\/06\/ce-que-votre-rue-raconte\/communes\/mezieres-en-brenne\/6871\/\" target=\"_self\"><img class=\"rpwe-alignleft rpwe-thumb\" src=\"https:\/\/www.brenne-au-coeur.com\/wp-content\/uploads\/2025\/07\/rues-120x120.jpeg\" alt=\"Ce que votre rue raconte\" height=\"120\" width=\"120\" loading=\"lazy\" decoding=\"async\"><\/a><h3 class=\"rpwe-title\"><a href=\"https:\/\/www.brenne-au-coeur.com\/index.php\/2025\/07\/06\/ce-que-votre-rue-raconte\/communes\/mezieres-en-brenne\/6871\/\" target=\"_self\">Ce que votre rue raconte<\/a><\/h3><time class=\"rpwe-time published\" datetime=\"2025-07-06T17:30:40+02:00\">6 juillet 2025<\/time><div class=\"rpwe-summary\">L\u2019Association Culturelle Mac\u00e9rienne publie un nouvel ouvrage, consacr\u00e9 aux noms des rues de M\u00e9zi\u00e8res-en-Brenne. Quoi de plus banal que d\u2019\u00e9crire son adresse sur un quelconque formulaire \u2026 Quoi de plus banal que de se donner rendez-vous \u00ab&nbsp;sur la place&nbsp;\u00bb au patronyme oubli\u00e9\u2026 Et pourtant, savez-vous ce qui se cache derri\u00e8re &hellip;<a href=\"https:\/\/www.brenne-au-coeur.com\/index.php\/2025\/07\/06\/ce-que-votre-rue-raconte\/communes\/mezieres-en-brenne\/6871\/\" class=\"more-link\">Lire la suite...<\/a><\/div><\/li><li class=\"rpwe-li rpwe-clearfix\"><a class=\"rpwe-img\" href=\"https:\/\/www.brenne-au-coeur.com\/index.php\/2025\/07\/06\/musique-et-enfance-a-jaugette\/communes\/obterre\/6865\/\" target=\"_self\"><img class=\"rpwe-alignleft rpwe-thumb\" src=\"https:\/\/www.brenne-au-coeur.com\/wp-content\/uploads\/2025\/07\/jaugette-2025-120x120.jpeg\" alt=\"Musique et enfance \u00e0 Jaugette\" height=\"120\" width=\"120\" loading=\"lazy\" decoding=\"async\"><\/a><h3 class=\"rpwe-title\"><a href=\"https:\/\/www.brenne-au-coeur.com\/index.php\/2025\/07\/06\/musique-et-enfance-a-jaugette\/communes\/obterre\/6865\/\" target=\"_self\">Musique et enfance \u00e0 Jaugette<\/a><\/h3><time class=\"rpwe-time published\" datetime=\"2025-07-06T16:30:55+02:00\">6 juillet 2025<\/time><div class=\"rpwe-summary\">Du vendredi 18 juillet au dimanche 20 juillet, le festival de jaugette revient cette ann\u00e9e avec un th\u00e8me plein de po\u00e9sie&nbsp;: la musique et l\u2019enfance. Au programme&nbsp;: le conte musical Hansel et Gretel, les musiques et danses de l\u2019Inde avec le Trio Kawa, une animation handpan par \u00c9tienne Joly suivie &hellip;<a href=\"https:\/\/www.brenne-au-coeur.com\/index.php\/2025\/07\/06\/musique-et-enfance-a-jaugette\/communes\/obterre\/6865\/\" class=\"more-link\">Lire la suite...<\/a><\/div><\/li><li class=\"rpwe-li rpwe-clearfix\"><a class=\"rpwe-img\" href=\"https:\/\/www.brenne-au-coeur.com\/index.php\/2025\/07\/06\/noces-de-paroles\/communes\/linge\/6855\/\" target=\"_self\"><img class=\"rpwe-alignleft rpwe-thumb\" src=\"https:\/\/www.brenne-au-coeur.com\/wp-content\/uploads\/2025\/07\/20250625_135845.resized-rotated-120x120.jpg\" alt=\"Noces de Paroles\" height=\"120\" width=\"120\" loading=\"lazy\" decoding=\"async\"><\/a><h3 class=\"rpwe-title\"><a href=\"https:\/\/www.brenne-au-coeur.com\/index.php\/2025\/07\/06\/noces-de-paroles\/communes\/linge\/6855\/\" target=\"_self\">Noces de Paroles<\/a><\/h3><time class=\"rpwe-time published\" datetime=\"2025-07-06T15:40:43+02:00\">6 juillet 2025<\/time><div class=\"rpwe-summary\">Le festival de conte et d\u2019oralit\u00e9 se d\u00e9roulera cette ann\u00e9e les 11, 12 et 13 juillet, au Grand Aslon (commune de Ling\u00e9). Deux spectacles seront pr\u00e9sent\u00e9s chaque soir. Vendredi 11 juillet \u00e0 20h30, Sc\u00e8ne du Cercle des R\u00e9cits Vivants. Nathalie Galibert, Beno\u00eet Vergnaudet Marc Charpentier. \u00c0 22h00, Florence Ferin \u00ab\u00a0Au &hellip;<a href=\"https:\/\/www.brenne-au-coeur.com\/index.php\/2025\/07\/06\/noces-de-paroles\/communes\/linge\/6855\/\" class=\"more-link\">Lire la suite...<\/a><\/div><\/li><li class=\"rpwe-li rpwe-clearfix\"><a class=\"rpwe-img\" href=\"https:\/\/www.brenne-au-coeur.com\/index.php\/2025\/07\/06\/concert-quatuor-hermione\/rosnay\/6851\/\" target=\"_self\"><img class=\"rpwe-alignleft rpwe-thumb\" src=\"https:\/\/www.brenne-au-coeur.com\/wp-content\/uploads\/2025\/07\/Affiche-Concert-HERMIONE-Ingrandes--120x120.jpeg\" alt=\"Concert Quatuor Hermione\" height=\"120\" width=\"120\" loading=\"lazy\" decoding=\"async\"><\/a><h3 class=\"rpwe-title\"><a href=\"https:\/\/www.brenne-au-coeur.com\/index.php\/2025\/07\/06\/concert-quatuor-hermione\/rosnay\/6851\/\" target=\"_self\">Concert Quatuor Hermione<\/a><\/h3><time class=\"rpwe-time published\" datetime=\"2025-07-06T15:18:39+02:00\">6 juillet 2025<\/time><div class=\"rpwe-summary\">Vendredi 18 juillet 2025 \u00e0 Rosnay, \u00ab&nbsp;Les Amis de la Crapaudine&nbsp;\u00bb proposent un concert du quatuor Hermione,\u00a0 Le quatuor Hermione, c&rsquo;est avant tout quatre amis qui ont voulu faire de la musique ensemble . Form\u00e9 officiellement en 2023, ses membres se connaissent, et travaillent ensemble depuis plusieurs ann\u00e9es . Ils &hellip;<a href=\"https:\/\/www.brenne-au-coeur.com\/index.php\/2025\/07\/06\/concert-quatuor-hermione\/rosnay\/6851\/\" class=\"more-link\">Lire la suite...<\/a><\/div><\/li><li class=\"rpwe-li rpwe-clearfix\"><a class=\"rpwe-img\" href=\"https:\/\/www.brenne-au-coeur.com\/index.php\/2025\/06\/26\/moules-frites-et-musique\/communes\/mezieres-en-brenne\/6824\/\" target=\"_self\"><img class=\"rpwe-alignleft rpwe-thumb\" src=\"https:\/\/www.brenne-au-coeur.com\/wp-content\/uploads\/2025\/06\/norias.resized-rotated-120x120.jpg\" alt=\"Moules frites et musique\" height=\"120\" width=\"120\" loading=\"lazy\" decoding=\"async\"><\/a><h3 class=\"rpwe-title\"><a href=\"https:\/\/www.brenne-au-coeur.com\/index.php\/2025\/06\/26\/moules-frites-et-musique\/communes\/mezieres-en-brenne\/6824\/\" target=\"_self\">Moules frites et musique<\/a><\/h3><time class=\"rpwe-time published\" datetime=\"2025-06-26T18:32:06+02:00\">26 juin 2025<\/time><div class=\"rpwe-summary\">Vendredi 4 juillet, \u00e0 M\u00e9zi\u00e8res, le Bar de la Place et la boucherie D\u00e9lices de Brenne organisent une soir\u00e9e festive \u00e0 partir de 20h00. Au programme des divertissements, la musique et les chansons de St\u00e9phane Norias. Les habitants de M\u00e9zi\u00e8res et des alentours sont invit\u00e9s \u00e0 venir \u00e0 participer \u00e0 &hellip;<a href=\"https:\/\/www.brenne-au-coeur.com\/index.php\/2025\/06\/26\/moules-frites-et-musique\/communes\/mezieres-en-brenne\/6824\/\" class=\"more-link\">Lire la suite...<\/a><\/div><\/li><li class=\"rpwe-li rpwe-clearfix\"><a class=\"rpwe-img\" href=\"https:\/\/www.brenne-au-coeur.com\/index.php\/2025\/06\/26\/danser-pour-le-bien-etre-de-tous\/communes\/mezieres-en-brenne\/6811\/\" target=\"_self\"><img class=\"rpwe-alignleft rpwe-thumb\" src=\"https:\/\/www.brenne-au-coeur.com\/wp-content\/uploads\/2025\/06\/20250621_150351.resized-120x120.jpg\" alt=\"Danser, pour le bien-\u00eatre de tous\" height=\"120\" width=\"120\" loading=\"lazy\" decoding=\"async\"><\/a><h3 class=\"rpwe-title\"><a href=\"https:\/\/www.brenne-au-coeur.com\/index.php\/2025\/06\/26\/danser-pour-le-bien-etre-de-tous\/communes\/mezieres-en-brenne\/6811\/\" target=\"_self\">Danser, pour le bien-\u00eatre de tous<\/a><\/h3><time class=\"rpwe-time published\" datetime=\"2025-06-26T12:19:19+02:00\">26 juin 2025<\/time><div class=\"rpwe-summary\">Samedi 21 juin, jour de la f\u00eate de la musique, les danseuses Louise Cazy, Annouk Picaud du collectif Mondo et H\u00e9l\u00e8ne Andrews-Peraldi, accompagn\u00e9es par l\u2019accord\u00e9oniste et chanteur Fabrice Guillot ont anim\u00e9 la traditionnelle f\u00eate de l\u2019EHPAD de M\u00e9zi\u00e8res-en-Brenne. Une superbe prestation. Bien plus qu\u2019un spectacle. Au milieu de l\u2019apr\u00e8s-midi, la &hellip;<a href=\"https:\/\/www.brenne-au-coeur.com\/index.php\/2025\/06\/26\/danser-pour-le-bien-etre-de-tous\/communes\/mezieres-en-brenne\/6811\/\" class=\"more-link\">Lire la suite...<\/a><\/div><\/li><li class=\"rpwe-li rpwe-clearfix\"><a class=\"rpwe-img\" href=\"https:\/\/www.brenne-au-coeur.com\/index.php\/2025\/06\/25\/les-photos-animalieres-demilie\/communes\/mezieres-en-brenne\/6806\/\" target=\"_self\"><img class=\"rpwe-alignleft rpwe-thumb\" src=\"https:\/\/www.brenne-au-coeur.com\/wp-content\/uploads\/2025\/06\/03062023-4I0A1466-scaled-120x120.jpg\" alt=\"Les photos animali\u00e8res d\u2019\u00c9milie\" height=\"120\" width=\"120\" loading=\"lazy\" decoding=\"async\"><\/a><h3 class=\"rpwe-title\"><a href=\"https:\/\/www.brenne-au-coeur.com\/index.php\/2025\/06\/25\/les-photos-animalieres-demilie\/communes\/mezieres-en-brenne\/6806\/\" target=\"_self\">Les photos animali\u00e8res d\u2019\u00c9milie<\/a><\/h3><time class=\"rpwe-time published\" datetime=\"2025-06-25T17:27:39+02:00\">25 juin 2025<\/time><div class=\"rpwe-summary\">Du 27 juin au 1er ao\u00fbt, la m\u00e9diath\u00e8que de M\u00e9zi\u00e8res invite \u00e0 venir d\u00e9couvrir le travail d&rsquo;\u00c9milie Gaudin, photographe amatrice, originaire de Martizay. Celle qui avait d\u00e9j\u00e0 r\u00e9alis\u00e9 plusieurs expositions dans l\u2019Indre en 2016 et 2017 a souhait\u00e9 aujourd\u2019hui partager avec les habitants de la Brenne de nouveaux clich\u00e9s repr\u00e9sentant &hellip;<a href=\"https:\/\/www.brenne-au-coeur.com\/index.php\/2025\/06\/25\/les-photos-animalieres-demilie\/communes\/mezieres-en-brenne\/6806\/\" class=\"more-link\">Lire la suite...<\/a><\/div><\/li><li class=\"rpwe-li rpwe-clearfix\"><a class=\"rpwe-img\" href=\"https:\/\/www.brenne-au-coeur.com\/index.php\/2025\/06\/24\/initiation-au-fluidart\/communes\/azay-le-ferron-communes\/6798\/\" target=\"_self\"><img class=\"rpwe-alignleft rpwe-thumb\" src=\"https:\/\/www.brenne-au-coeur.com\/wp-content\/uploads\/2025\/06\/boscarino-3-120x120.jpg\" alt=\"Initiation au Fluid\u2019art\" height=\"120\" width=\"120\" loading=\"lazy\" decoding=\"async\"><\/a><h3 class=\"rpwe-title\"><a href=\"https:\/\/www.brenne-au-coeur.com\/index.php\/2025\/06\/24\/initiation-au-fluidart\/communes\/azay-le-ferron-communes\/6798\/\" target=\"_self\">Initiation au Fluid\u2019art<\/a><\/h3><time class=\"rpwe-time published\" datetime=\"2025-06-24T15:36:56+02:00\">24 juin 2025<\/time><div class=\"rpwe-summary\">La m\u00e9diath\u00e8que d\u2019Azay-le-Ferron expose les toiles de Robert Boscarino du 4 au 29 juillet. Il animera un atelier d\u2019initiation le 9 juillet. Son style de peinture se nomme le Fluid\u2019art ou Acrylic pouring. C\u2019est une technique qui vient des Etats Unis. Il n\u2019y a pas besoin de pinceaux. Tout l\u2019art &hellip;<a href=\"https:\/\/www.brenne-au-coeur.com\/index.php\/2025\/06\/24\/initiation-au-fluidart\/communes\/azay-le-ferron-communes\/6798\/\" class=\"more-link\">Lire la suite...<\/a><\/div><\/li><li class=\"rpwe-li rpwe-clearfix\"><a class=\"rpwe-img\" href=\"https:\/\/www.brenne-au-coeur.com\/index.php\/2025\/06\/16\/parcours-dun-maitre-pastelliste\/communes\/mezieres-en-brenne\/6742\/\" target=\"_self\"><img class=\"rpwe-alignleft rpwe-thumb\" src=\"https:\/\/www.brenne-au-coeur.com\/wp-content\/uploads\/2025\/06\/asselineau-3-120x120.jpeg\" alt=\"Parcours d\u2019un ma\u00eetre pastelliste\" height=\"120\" width=\"120\" loading=\"lazy\" decoding=\"async\"><\/a><h3 class=\"rpwe-title\"><a href=\"https:\/\/www.brenne-au-coeur.com\/index.php\/2025\/06\/16\/parcours-dun-maitre-pastelliste\/communes\/mezieres-en-brenne\/6742\/\" target=\"_self\">Parcours d\u2019un ma\u00eetre pastelliste<\/a><\/h3><time class=\"rpwe-time published\" datetime=\"2025-06-16T15:10:55+02:00\">16 juin 2025<\/time><div class=\"rpwe-summary\">Jusqu\u2019au 26 juin, Le Moulin expose des \u0153uvres de Lionel Asselineau-Flanet, ma\u00eetre pastelliste. La succession des tableaux de Lionel, c\u2019est comme une vague de couleurs, un mouvement, un va-et-vient renouvel\u00e9, mais jamais semblable. Le visiteur passera ou s\u2019arr\u00eatera, attir\u00e9 par une oscillation qu\u2019il interpr\u00e9tera, ou pas, simplement charm\u00e9, par une &hellip;<a href=\"https:\/\/www.brenne-au-coeur.com\/index.php\/2025\/06\/16\/parcours-dun-maitre-pastelliste\/communes\/mezieres-en-brenne\/6742\/\" class=\"more-link\">Lire la suite...<\/a><\/div><\/li><li class=\"rpwe-li rpwe-clearfix\"><a class=\"rpwe-img\" href=\"https:\/\/www.brenne-au-coeur.com\/index.php\/2025\/06\/16\/mezieres-fete-la-musique\/communes\/mezieres-en-brenne\/6783\/\" target=\"_self\"><img class=\"rpwe-alignleft rpwe-thumb\" src=\"https:\/\/www.brenne-au-coeur.com\/wp-content\/uploads\/2025\/06\/image000000.resized-120x120.jpg\" alt=\"M\u00e9zi\u00e8res f\u00eate la musique\" height=\"120\" width=\"120\" loading=\"lazy\" decoding=\"async\"><\/a><h3 class=\"rpwe-title\"><a href=\"https:\/\/www.brenne-au-coeur.com\/index.php\/2025\/06\/16\/mezieres-fete-la-musique\/communes\/mezieres-en-brenne\/6783\/\" target=\"_self\">M\u00e9zi\u00e8res f\u00eate la musique<\/a><\/h3><time class=\"rpwe-time published\" datetime=\"2025-06-16T14:57:38+02:00\">16 juin 2025<\/time><div class=\"rpwe-summary\">Le samedi 21 juin, deux \u00e9v\u00e9nements se d\u00e9rouleront \u00e0 l\u2019occasion de la f\u00eate de la musique. \u00c0 l\u2019EHPAD tout d\u2019abord, de 10h00 \u00e0 17h00, puis au Bar de la place \u00e0 partir de 20h00. Du matin jusqu\u2019au milieu de l\u2019apr\u00e8s-midi, La maison de retraite et son association de b\u00e9n\u00e9voles \u00ab\u00a0Les &hellip;<a href=\"https:\/\/www.brenne-au-coeur.com\/index.php\/2025\/06\/16\/mezieres-fete-la-musique\/communes\/mezieres-en-brenne\/6783\/\" class=\"more-link\">Lire la suite...<\/a><\/div><\/li><li class=\"rpwe-li rpwe-clearfix\"><a class=\"rpwe-img\" href=\"https:\/\/www.brenne-au-coeur.com\/index.php\/2025\/06\/15\/la-poesie-de-sylvain\/chateauroux\/6774\/\" target=\"_self\"><img class=\"rpwe-alignleft rpwe-thumb\" src=\"https:\/\/www.brenne-au-coeur.com\/wp-content\/uploads\/2025\/06\/sylvain-3.resized-120x120.jpg\" alt=\"La po\u00e9sie de Sylvain\" height=\"120\" width=\"120\" loading=\"lazy\" decoding=\"async\"><\/a><h3 class=\"rpwe-title\"><a href=\"https:\/\/www.brenne-au-coeur.com\/index.php\/2025\/06\/15\/la-poesie-de-sylvain\/chateauroux\/6774\/\" target=\"_self\">La po\u00e9sie de Sylvain<\/a><\/h3><time class=\"rpwe-time published\" datetime=\"2025-06-15T13:47:39+02:00\">15 juin 2025<\/time><div class=\"rpwe-summary\">Sylvain Guillaumet publie prochainement un recueil de po\u00e9sie. \u00ab\u00a0Nos cris de poup\u00e9es sans bouche\u00a0\u00bb suivi de \u00ab&nbsp;Guitare encore\u00a0\u00bb. Une prochaine sortie annonc\u00e9e par quelques extraits. Des mots qui sonnent, des mots qui touchent, des mots qui bousculent, et qui invitent \u00e0 partir \u00e0 la d\u00e9couverte de l\u2019univers po\u00e9tique de son &hellip;<a href=\"https:\/\/www.brenne-au-coeur.com\/index.php\/2025\/06\/15\/la-poesie-de-sylvain\/chateauroux\/6774\/\" class=\"more-link\">Lire la suite...<\/a><\/div><\/li><li class=\"rpwe-li rpwe-clearfix\"><a class=\"rpwe-img\" href=\"https:\/\/www.brenne-au-coeur.com\/index.php\/2025\/06\/14\/accueil-jeunes-ca-bouge\/communaute-de-communes\/6764\/\" target=\"_self\"><img class=\"rpwe-alignleft rpwe-thumb\" src=\"https:\/\/www.brenne-au-coeur.com\/wp-content\/uploads\/2025\/06\/ados-120x120.jpg\" alt=\"Accueil Jeunes\u00a0: \u00c7a bouge\" height=\"120\" width=\"120\" loading=\"lazy\" decoding=\"async\"><\/a><h3 class=\"rpwe-title\"><a href=\"https:\/\/www.brenne-au-coeur.com\/index.php\/2025\/06\/14\/accueil-jeunes-ca-bouge\/communaute-de-communes\/6764\/\" target=\"_self\">Accueil Jeunes\u00a0: \u00c7a bouge<\/a><\/h3><time class=\"rpwe-time published\" datetime=\"2025-06-14T16:40:32+02:00\">14 juin 2025<\/time><div class=\"rpwe-summary\">L\u2019Accueil Jeunes de la Communaut\u00e9 de Communes C\u0153ur de Brenne, propose pour les vacances, cette ann\u00e9e encore, une impressionnante s\u00e9rie d\u2019animations et de sorties. Les activit\u00e9s ont commenc\u00e9 d\u00e8s le samedi 14 juin avec la 1\u00e8re comp\u00e9tition de Robots Sumo r\u00e9gionale&nbsp;! salle d\u2019Azay le Ferron d\u00e8s 14h. 5 clubs de &hellip;<a href=\"https:\/\/www.brenne-au-coeur.com\/index.php\/2025\/06\/14\/accueil-jeunes-ca-bouge\/communaute-de-communes\/6764\/\" class=\"more-link\">Lire la suite...<\/a><\/div><\/li><li class=\"rpwe-li rpwe-clearfix\"><a class=\"rpwe-img\" href=\"https:\/\/www.brenne-au-coeur.com\/index.php\/2025\/06\/14\/magnifique-afrique\/communes\/azay-le-ferron-communes\/6757\/\" target=\"_self\"><img class=\"rpwe-alignleft rpwe-thumb\" src=\"https:\/\/www.brenne-au-coeur.com\/wp-content\/uploads\/2025\/06\/gnambe-bazie-3-120x120.jpg\" alt=\"Magnifique Afrique\" height=\"120\" width=\"120\" loading=\"lazy\" decoding=\"async\"><\/a><h3 class=\"rpwe-title\"><a href=\"https:\/\/www.brenne-au-coeur.com\/index.php\/2025\/06\/14\/magnifique-afrique\/communes\/azay-le-ferron-communes\/6757\/\" target=\"_self\">Magnifique Afrique<\/a><\/h3><time class=\"rpwe-time published\" datetime=\"2025-06-14T16:07:26+02:00\">14 juin 2025<\/time><div class=\"rpwe-summary\">Jusqu\u2019au 2 juillet, la m\u00e9diath\u00e8que d\u2019Azay-le-Ferron accueille deux expositions. Les peintures de Gnamb\u00e9 Bazi\u00e9 et les statuettes d\u2019Issaka Derm\u00e9. Gr\u00e2ce \u00e0 leurs \u0153uvres, ces deux artistes burkinab\u00e9s offrent aux visiteurs un voyage vers leur lointain pays. D\u00e8s le premier coup d\u2019\u0153il, l\u2019immersion est instantan\u00e9e. Une partie des peintures de Gnamb\u00e9 &hellip;<a href=\"https:\/\/www.brenne-au-coeur.com\/index.php\/2025\/06\/14\/magnifique-afrique\/communes\/azay-le-ferron-communes\/6757\/\" class=\"more-link\">Lire la suite...<\/a><\/div><\/li><li class=\"rpwe-li rpwe-clearfix\"><a class=\"rpwe-img\" href=\"https:\/\/www.brenne-au-coeur.com\/index.php\/2025\/06\/10\/epicerie-sociale-cherche-benevoles\/vendoeuvres\/6748\/\" target=\"_self\"><img class=\"rpwe-alignleft rpwe-thumb\" src=\"https:\/\/www.brenne-au-coeur.com\/wp-content\/uploads\/2025\/06\/epicerie-sociale-1.resized-120x120.jpeg\" alt=\"\u00c9picerie Sociale cherche b\u00e9n\u00e9voles\" height=\"120\" width=\"120\" loading=\"lazy\" decoding=\"async\"><\/a><h3 class=\"rpwe-title\"><a href=\"https:\/\/www.brenne-au-coeur.com\/index.php\/2025\/06\/10\/epicerie-sociale-cherche-benevoles\/vendoeuvres\/6748\/\" target=\"_self\">\u00c9picerie Sociale cherche b\u00e9n\u00e9voles<\/a><\/h3><time class=\"rpwe-time published\" datetime=\"2025-06-10T17:01:41+02:00\">10 juin 2025<\/time><div class=\"rpwe-summary\">Pour continuer de mener \u00e0 bien sa mission, l\u2019\u00ab\u00a0\u00c9picerie Sociale Mobile de Brenne\u00a0\u00bb \u00e0 Vend\u0153uvres, a besoin de nouveaux b\u00e9n\u00e9voles. Il s\u2019agit pour l\u2019association de pouvoir p\u00e9renniser la mise \u00e0 disposition des produits alimentaires, destin\u00e9s aux personnes en grandes difficult\u00e9s financi\u00e8res. Cr\u00e9\u00e9e en 2022, l\u2019\u00c9picerie Sociale vend tous les mercredis &hellip;<a href=\"https:\/\/www.brenne-au-coeur.com\/index.php\/2025\/06\/10\/epicerie-sociale-cherche-benevoles\/vendoeuvres\/6748\/\" class=\"more-link\">Lire la suite...<\/a><\/div><\/li><li class=\"rpwe-li rpwe-clearfix\"><a class=\"rpwe-img\" href=\"https:\/\/www.brenne-au-coeur.com\/index.php\/2025\/05\/31\/ecriture-et-nature\/saint-cyran-du-jambot\/6718\/\" target=\"_self\"><img class=\"rpwe-alignleft rpwe-thumb\" src=\"https:\/\/www.brenne-au-coeur.com\/wp-content\/uploads\/2025\/05\/simonetiere.resized-120x120.jpeg\" alt=\"\u00c9criture et nature\u00a0!\" height=\"120\" width=\"120\" loading=\"lazy\" decoding=\"async\"><\/a><h3 class=\"rpwe-title\"><a href=\"https:\/\/www.brenne-au-coeur.com\/index.php\/2025\/05\/31\/ecriture-et-nature\/saint-cyran-du-jambot\/6718\/\" target=\"_self\">\u00c9criture et nature\u00a0!<\/a><\/h3><time class=\"rpwe-time published\" datetime=\"2025-05-31T19:40:59+02:00\">31 mai 2025<\/time><div class=\"rpwe-summary\">Les 7, 8 et 9 juin prochains, Christophe Forgeot organise un stage d&rsquo;\u00e9criture \u00e0 La Simoneti\u00e8re, \u00e0 Saint-Cyran-du-Jambot. C\u2019est un petit village \u00e0 20km de Loches, 7km de Ch\u00e2tillon-sur-Indre et \u00e0 28km de Buzan\u00e7ais. Si le c\u0153ur vous dit de vous immerger pendant 3 jours dans l&rsquo;activit\u00e9 d&rsquo;\u00e9crire, voici les &hellip;<a href=\"https:\/\/www.brenne-au-coeur.com\/index.php\/2025\/05\/31\/ecriture-et-nature\/saint-cyran-du-jambot\/6718\/\" class=\"more-link\">Lire la suite...<\/a><\/div><\/li><li class=\"rpwe-li rpwe-clearfix\"><a class=\"rpwe-img\" href=\"https:\/\/www.brenne-au-coeur.com\/index.php\/2025\/05\/31\/acm-faire-vivre-lhistoire\/communes\/mezieres-en-brenne\/6729\/\" target=\"_self\"><img class=\"rpwe-alignleft rpwe-thumb\" src=\"https:\/\/www.brenne-au-coeur.com\/wp-content\/uploads\/2025\/05\/acm-120x120.jpg\" alt=\"ACM\u00a0:  Faire vivre l\u2019Histoire\" height=\"120\" width=\"120\" loading=\"lazy\" decoding=\"async\"><\/a><h3 class=\"rpwe-title\"><a href=\"https:\/\/www.brenne-au-coeur.com\/index.php\/2025\/05\/31\/acm-faire-vivre-lhistoire\/communes\/mezieres-en-brenne\/6729\/\" target=\"_self\">ACM\u00a0:  Faire vivre l\u2019Histoire<\/a><\/h3><time class=\"rpwe-time published\" datetime=\"2025-05-31T15:54:37+02:00\">31 mai 2025<\/time><div class=\"rpwe-summary\">L\u2019Association Culturelle Mac\u00e9rienne (ACM) a tenu derni\u00e8rement son assembl\u00e9e g\u00e9n\u00e9rale annuelle. L\u2019occasion de faire le point sur ses activit\u00e9s, avec sa pr\u00e9sidente Chantal Kroliczak. Quel bilan peut-on tirer de l\u2019ann\u00e9e 2024 et des premiers mois de 2025\u00a0? On peut consid\u00e9rer que cette ann\u00e9e est marqu\u00e9e par la coexistence de r\u00e9alisations &hellip;<a href=\"https:\/\/www.brenne-au-coeur.com\/index.php\/2025\/05\/31\/acm-faire-vivre-lhistoire\/communes\/mezieres-en-brenne\/6729\/\" class=\"more-link\">Lire la suite...<\/a><\/div><\/li><li class=\"rpwe-li rpwe-clearfix\"><a class=\"rpwe-img\" href=\"https:\/\/www.brenne-au-coeur.com\/index.php\/2025\/05\/29\/bellebouche-une-foret-la-nuit\/bellebouche\/6722\/\" target=\"_self\"><img class=\"rpwe-alignleft rpwe-thumb\" src=\"https:\/\/www.brenne-au-coeur.com\/wp-content\/uploads\/2025\/05\/Flyer-personnalisable-NDF-2025-1.resized-120x120.jpeg\" alt=\"Bellebouche, une for\u00eat la nuit\" height=\"120\" width=\"120\" loading=\"lazy\" decoding=\"async\"><\/a><h3 class=\"rpwe-title\"><a href=\"https:\/\/www.brenne-au-coeur.com\/index.php\/2025\/05\/29\/bellebouche-une-foret-la-nuit\/bellebouche\/6722\/\" target=\"_self\">Bellebouche, une for\u00eat la nuit<\/a><\/h3><time class=\"rpwe-time published\" datetime=\"2025-05-29T16:59:07+02:00\">29 mai 2025<\/time><div class=\"rpwe-summary\">Le vendredi 20 juin, la m\u00e9diath\u00e8que de M\u00e9zi\u00e8res-en-Brenne met \u00e0 l\u2019honneur la for\u00eat de Bellebouche, pour cette nouvelle \u00e9dition du festival \u00ab&nbsp;Nuits des for\u00eats&nbsp;\u00bb&nbsp;! Le rendez-vous est fix\u00e9 au parking du Village Vacances. L&rsquo;objectif de ce festival&nbsp;? Rapprocher les habitants des territoires et de leurs for\u00eats, les forestiers des urbains, &hellip;<a href=\"https:\/\/www.brenne-au-coeur.com\/index.php\/2025\/05\/29\/bellebouche-une-foret-la-nuit\/bellebouche\/6722\/\" class=\"more-link\">Lire la suite...<\/a><\/div><\/li><li class=\"rpwe-li rpwe-clearfix\"><a class=\"rpwe-img\" href=\"https:\/\/www.brenne-au-coeur.com\/index.php\/2025\/05\/25\/rencontre-poetique-a-tournon-saint-martin\/mediatheque\/6709\/\" target=\"_self\"><img class=\"rpwe-alignleft rpwe-thumb\" src=\"https:\/\/www.brenne-au-coeur.com\/wp-content\/uploads\/2025\/05\/PNR-Brenne-Mediatheque-Tournon-120x120.jpg\" alt=\"Rencontre po\u00e9tique \u00e0 Tournon-Saint-Martin\" height=\"120\" width=\"120\" loading=\"lazy\" decoding=\"async\"><\/a><h3 class=\"rpwe-title\"><a href=\"https:\/\/www.brenne-au-coeur.com\/index.php\/2025\/05\/25\/rencontre-poetique-a-tournon-saint-martin\/mediatheque\/6709\/\" target=\"_self\">Rencontre po\u00e9tique \u00e0 Tournon-Saint-Martin<\/a><\/h3><time class=\"rpwe-time published\" datetime=\"2025-05-25T13:29:41+02:00\">25 mai 2025<\/time><div class=\"rpwe-summary\">Le mardi 3 juin \u00e0 18h30, la m\u00e9diath\u00e8que de Tournon-Saint-Martin organise une rencontre avec le po\u00e8te\/\u00e9crivain Mathieu Tulissi Gabard. Il lira des extraits de ses \u0153uvres, et pourra ensuite engager la discussion avec le public. Il d\u00e9dicacera \u00e9galement ses livres, dont certains seront en vente sur place. L\u2019entr\u00e9e est ouverte &hellip;<a href=\"https:\/\/www.brenne-au-coeur.com\/index.php\/2025\/05\/25\/rencontre-poetique-a-tournon-saint-martin\/mediatheque\/6709\/\" class=\"more-link\">Lire la suite...<\/a><\/div><\/li><li class=\"rpwe-li rpwe-clearfix\"><a class=\"rpwe-img\" href=\"https:\/\/www.brenne-au-coeur.com\/index.php\/2025\/05\/18\/balade-qi-gong-a-le-tranger\/le-tranger\/6682\/\" target=\"_self\"><img class=\"rpwe-alignleft rpwe-thumb\" src=\"https:\/\/www.brenne-au-coeur.com\/wp-content\/uploads\/2025\/05\/qi-gong-4-120x120.jpeg\" alt=\"Balade Qi-Gong \u00e0 Le Tranger\" height=\"120\" width=\"120\" loading=\"lazy\" decoding=\"async\"><\/a><h3 class=\"rpwe-title\"><a href=\"https:\/\/www.brenne-au-coeur.com\/index.php\/2025\/05\/18\/balade-qi-gong-a-le-tranger\/le-tranger\/6682\/\" target=\"_self\">Balade Qi-Gong \u00e0 Le Tranger<\/a><\/h3><time class=\"rpwe-time published\" datetime=\"2025-05-18T14:43:08+02:00\">18 mai 2025<\/time><div class=\"rpwe-summary\">Samedi 24 mai, de 9h30 \u00e0 12h00, l\u2019association Souffles de soie propose une promenade sur les chemins du Tranger, jalonn\u00e9e de temps de d\u00e9couverte et de pratique du Qi-Gong. \u00ab\u00a0L\u2019ext\u00e9rieur se pr\u00eate tout particuli\u00e8rement \u00e0 la pratique du Qi-Gong, parce qu\u2019il se nourrit de l\u2019\u00e9nergie du vivant et donc de &hellip;<a href=\"https:\/\/www.brenne-au-coeur.com\/index.php\/2025\/05\/18\/balade-qi-gong-a-le-tranger\/le-tranger\/6682\/\" class=\"more-link\">Lire la suite...<\/a><\/div><\/li><li class=\"rpwe-li rpwe-clearfix\"><a class=\"rpwe-img\" href=\"https:\/\/www.brenne-au-coeur.com\/index.php\/2025\/05\/18\/marie-coutan-en-concert\/communes\/saint-michel-en-brenne\/6678\/\" target=\"_self\"><img class=\"rpwe-alignleft rpwe-thumb\" src=\"https:\/\/www.brenne-au-coeur.com\/wp-content\/uploads\/2025\/05\/marie-120x120.jpeg\" alt=\"Marie Coutant en concert\" height=\"120\" width=\"120\" loading=\"lazy\" decoding=\"async\"><\/a><h3 class=\"rpwe-title\"><a href=\"https:\/\/www.brenne-au-coeur.com\/index.php\/2025\/05\/18\/marie-coutan-en-concert\/communes\/saint-michel-en-brenne\/6678\/\" target=\"_self\">Marie Coutant en concert<\/a><\/h3><time class=\"rpwe-time published\" datetime=\"2025-05-18T14:15:43+02:00\">18 mai 2025<\/time><div class=\"rpwe-summary\">La chanteuse se produira sur sc\u00e8ne vendredi 20 juin 2025 \u00e0 20h30, dans le parc de Saint-Michel-en-Brenne pour les 40 ans de la R\u00e9serve de Ch\u00e9rine. Elle sera accompagn\u00e9e par Romain L\u00e9v\u00eaque (batterie, percussions) et Anthony Allorent (r\u00e9gie son) Elle sera pr\u00e9sente \u00e9galement le samedi 28 juin 2025 \u00e0 18h30 &hellip;<a href=\"https:\/\/www.brenne-au-coeur.com\/index.php\/2025\/05\/18\/marie-coutan-en-concert\/communes\/saint-michel-en-brenne\/6678\/\" class=\"more-link\">Lire la suite...<\/a><\/div><\/li><li class=\"rpwe-li rpwe-clearfix\"><a class=\"rpwe-img\" href=\"https:\/\/www.brenne-au-coeur.com\/index.php\/2025\/05\/17\/cherine-fete-ses-40-ans\/reserve-de-cherine\/6660\/\" target=\"_self\"><img class=\"rpwe-alignleft rpwe-thumb\" src=\"https:\/\/www.brenne-au-coeur.com\/wp-content\/uploads\/2025\/05\/banderolle_40_ans_-1-120x120.jpeg\" alt=\"Ch\u00e9rine f\u00eate ses 40 ans\" height=\"120\" width=\"120\" loading=\"lazy\" decoding=\"async\"><\/a><h3 class=\"rpwe-title\"><a href=\"https:\/\/www.brenne-au-coeur.com\/index.php\/2025\/05\/17\/cherine-fete-ses-40-ans\/reserve-de-cherine\/6660\/\" target=\"_self\">Ch\u00e9rine f\u00eate ses 40 ans<\/a><\/h3><time class=\"rpwe-time published\" datetime=\"2025-05-17T18:38:01+02:00\">17 mai 2025<\/time><div class=\"rpwe-summary\">\u00a0 Le 22 juillet prochain, cela fera 40 ans, jour pour jour, que naissait la R\u00e9serve naturelle nationale de Ch\u00e9rine. Cette cr\u00e9ation r\u00e9pondait \u00e0 une volont\u00e9. Prot\u00e9ger une nature riche et vari\u00e9e, typique de la Brenne, et garantir ainsi la tranquillit\u00e9 \u00e0 la faune et la flore qui la composent. &hellip;<a href=\"https:\/\/www.brenne-au-coeur.com\/index.php\/2025\/05\/17\/cherine-fete-ses-40-ans\/reserve-de-cherine\/6660\/\" class=\"more-link\">Lire la suite...<\/a><\/div><\/li><li class=\"rpwe-li rpwe-clearfix\"><a class=\"rpwe-img\" href=\"https:\/\/www.brenne-au-coeur.com\/index.php\/2025\/05\/17\/gaza-la-mort-en-direct\/a-lire\/6654\/\" target=\"_self\"><img class=\"rpwe-alignleft rpwe-thumb\" src=\"https:\/\/www.brenne-au-coeur.com\/wp-content\/uploads\/2025\/05\/gaza-mort-120x120.jpeg\" alt=\"Gaza\u00a0: la mort programm\u00e9e d&rsquo;un peuple\" height=\"120\" width=\"120\" loading=\"lazy\" decoding=\"async\"><\/a><h3 class=\"rpwe-title\"><a href=\"https:\/\/www.brenne-au-coeur.com\/index.php\/2025\/05\/17\/gaza-la-mort-en-direct\/a-lire\/6654\/\" target=\"_self\">Gaza\u00a0: la mort programm\u00e9e d&rsquo;un peuple<\/a><\/h3><time class=\"rpwe-time published\" datetime=\"2025-05-17T14:56:08+02:00\">17 mai 2025<\/time><div class=\"rpwe-summary\">On ne pourra pas dire\u00a0: \u00ab\u00a0On ne savait pas\u00a0\u00bb. Cet article de Vadim Kamenka, paru dans l\u2019\u00e9dition du 13 mai, du journal l\u00a0\u2018Humanit\u00e9 en apporte une nouvelle preuve. \u00ab&nbsp;Depuis 72 jours, pas un seul morceau de pain n\u2019est entr\u00e9&nbsp;\u00bb. \u00c0 Gaza, \u00ab&nbsp;une famine d\u00e9lib\u00e9r\u00e9e et enti\u00e8rement fabriqu\u00e9e&nbsp;\u00bb par Isra\u00ebl Les &hellip;<a href=\"https:\/\/www.brenne-au-coeur.com\/index.php\/2025\/05\/17\/gaza-la-mort-en-direct\/a-lire\/6654\/\" class=\"more-link\">Lire la suite...<\/a><\/div><\/li><li class=\"rpwe-li rpwe-clearfix\"><a class=\"rpwe-img\" href=\"https:\/\/www.brenne-au-coeur.com\/index.php\/2025\/05\/11\/brassens-a-martizay\/communes\/martizay\/6645\/\" target=\"_self\"><img class=\"rpwe-alignleft rpwe-thumb\" src=\"https:\/\/www.brenne-au-coeur.com\/wp-content\/uploads\/2025\/05\/1-120x120.jpg\" alt=\"Brassens \u00e0 Martizay\" height=\"120\" width=\"120\" loading=\"lazy\" decoding=\"async\"><\/a><h3 class=\"rpwe-title\"><a href=\"https:\/\/www.brenne-au-coeur.com\/index.php\/2025\/05\/11\/brassens-a-martizay\/communes\/martizay\/6645\/\" target=\"_self\">Brassens \u00e0 Martizay<\/a><\/h3><time class=\"rpwe-time published\" datetime=\"2025-05-11T15:49:25+02:00\">11 mai 2025<\/time><div class=\"rpwe-summary\">Samedi 24 mai \u00e0 16h00, la m\u00e9diath\u00e8que de Martizay organise une conf\u00e9rence. Le th\u00e8me&nbsp;: Georges Brassens une vie de chansons. Philippe Gitton retracera quelques grands moments de la vie du chanteur. Il pr\u00e9sentera les chansons interpr\u00e9t\u00e9es par Sylvain Guillaumet. 44 ans apr\u00e8s son d\u00e9c\u00e8s, le chanteur reste pr\u00e9sent dans les &hellip;<a href=\"https:\/\/www.brenne-au-coeur.com\/index.php\/2025\/05\/11\/brassens-a-martizay\/communes\/martizay\/6645\/\" class=\"more-link\">Lire la suite...<\/a><\/div><\/li><li class=\"rpwe-li rpwe-clearfix\"><a class=\"rpwe-img\" href=\"https:\/\/www.brenne-au-coeur.com\/index.php\/2025\/05\/11\/chapitre-nature-a-argenton-sur-creuse\/argenton-sur-creuse\/6638\/\" target=\"_self\"><img class=\"rpwe-alignleft rpwe-thumb\" src=\"https:\/\/www.brenne-au-coeur.com\/wp-content\/uploads\/2025\/05\/CHAPITRE-NATURE-1-120x120.jpg\" alt=\"Chapitre Nature \u00e0 Argenton-sur-Creuse\" height=\"120\" width=\"120\" loading=\"lazy\" decoding=\"async\"><\/a><h3 class=\"rpwe-title\"><a href=\"https:\/\/www.brenne-au-coeur.com\/index.php\/2025\/05\/11\/chapitre-nature-a-argenton-sur-creuse\/argenton-sur-creuse\/6638\/\" target=\"_self\">Chapitre Nature \u00e0 Argenton-sur-Creuse<\/a><\/h3><time class=\"rpwe-time published\" datetime=\"2025-05-11T14:56:18+02:00\">11 mai 2025<\/time><div class=\"rpwe-summary\">Du 23 au 25 mai, se tiendra la 20\u00e8me \u00e9dition de Chapitre Nature. Cette manifestation, (comme l\u2019indique les organisateurs, sur leur site internet) est \u00ab\u00a0un lieu o\u00f9 se rencontrent des scientifiques, des naturalistes et des professionnels de la protection de la nature, des associations mais aussi des po\u00e8tes, des \u00e9crivains, &hellip;<a href=\"https:\/\/www.brenne-au-coeur.com\/index.php\/2025\/05\/11\/chapitre-nature-a-argenton-sur-creuse\/argenton-sur-creuse\/6638\/\" class=\"more-link\">Lire la suite...<\/a><\/div><\/li><li class=\"rpwe-li rpwe-clearfix\"><a class=\"rpwe-img\" href=\"https:\/\/www.brenne-au-coeur.com\/index.php\/2025\/05\/06\/un-16-mai-pour-vivre-en-paix\/la-paix\/6628\/\" target=\"_self\"><img class=\"rpwe-alignleft rpwe-thumb\" src=\"https:\/\/www.brenne-au-coeur.com\/wp-content\/uploads\/2025\/05\/Ca-Urge-NTE-et-Fred-950-120x120.jpg\" alt=\"Un 16 mai pour vivre en paix\" height=\"120\" width=\"120\" loading=\"lazy\" decoding=\"async\"><\/a><h3 class=\"rpwe-title\"><a href=\"https:\/\/www.brenne-au-coeur.com\/index.php\/2025\/05\/06\/un-16-mai-pour-vivre-en-paix\/la-paix\/6628\/\" target=\"_self\">Un 16 mai pour vivre en paix<\/a><\/h3><time class=\"rpwe-time published\" datetime=\"2025-05-06T15:50:34+02:00\">6 mai 2025<\/time><div class=\"rpwe-summary\">Le mouvement de la paix appelle \u00e0 une action le 16 mai, dans le cadre de la journ\u00e9e internationale du vivre ensemble en paix. En 2023, au plan mondial les d\u00e9penses militaires se sont \u00e9lev\u00e9es \u00e0 2400 milliards de dollars alors que la m\u00eame ann\u00e9e, 60 millions d\u2019\u00eatres humains sont &hellip;<a href=\"https:\/\/www.brenne-au-coeur.com\/index.php\/2025\/05\/06\/un-16-mai-pour-vivre-en-paix\/la-paix\/6628\/\" class=\"more-link\">Lire la suite...<\/a><\/div><\/li><li class=\"rpwe-li rpwe-clearfix\"><a class=\"rpwe-img\" href=\"https:\/\/www.brenne-au-coeur.com\/index.php\/2025\/05\/06\/violoncelle-a-lieutopie\/preuilly-sur-claise\/6625\/\" target=\"_self\"><img class=\"rpwe-alignleft rpwe-thumb\" src=\"https:\/\/www.brenne-au-coeur.com\/wp-content\/uploads\/2025\/05\/le-bourgeois-120x120.jpeg\" alt=\"Violoncelle \u00e0 Lieutopie\" height=\"120\" width=\"120\" loading=\"lazy\" decoding=\"async\"><\/a><h3 class=\"rpwe-title\"><a href=\"https:\/\/www.brenne-au-coeur.com\/index.php\/2025\/05\/06\/violoncelle-a-lieutopie\/preuilly-sur-claise\/6625\/\" target=\"_self\">Violoncelle \u00e0 Lieutopie<\/a><\/h3><time class=\"rpwe-time published\" datetime=\"2025-05-06T14:01:45+02:00\">6 mai 2025<\/time><div class=\"rpwe-summary\">Vendredi 16 mai \u00e0 20h30, Lieutopie propose un concert de violoncelle, par Pierre Le Bourgeois qui pr\u00e9sentera ses compositions. Pierre Le Bourgeois propose une s\u00e9rie de courtes compositions pour violoncelle seul. Inspir\u00e9 par la musique n\u00e9o-classique fran\u00e7aise du 20\u00e9me si\u00e8cle et par les proc\u00e9d\u00e9s de compositions de John Cage il &hellip;<a href=\"https:\/\/www.brenne-au-coeur.com\/index.php\/2025\/05\/06\/violoncelle-a-lieutopie\/preuilly-sur-claise\/6625\/\" class=\"more-link\">Lire la suite...<\/a><\/div><\/li><li class=\"rpwe-li rpwe-clearfix\"><a class=\"rpwe-img\" href=\"https:\/\/www.brenne-au-coeur.com\/index.php\/2025\/05\/04\/apres-le-degel\/chateauroux\/6613\/\" target=\"_self\"><img class=\"rpwe-alignleft rpwe-thumb\" src=\"https:\/\/www.brenne-au-coeur.com\/wp-content\/uploads\/2025\/05\/short-people-602x401-1-120x120.jpg\" alt=\"Apr\u00e8s le d\u00e9gel\" height=\"120\" width=\"120\" loading=\"lazy\" decoding=\"async\"><\/a><h3 class=\"rpwe-title\"><a href=\"https:\/\/www.brenne-au-coeur.com\/index.php\/2025\/05\/04\/apres-le-degel\/chateauroux\/6613\/\" target=\"_self\">Apr\u00e8s le d\u00e9gel<\/a><\/h3><time class=\"rpwe-time published\" datetime=\"2025-05-04T13:52:24+02:00\">4 mai 2025<\/time><div class=\"rpwe-summary\">Du 14 au 27 mai, Ch\u00e2teauroux pr\u00e9sente son festival \u00ab\u00a0Apr\u00e8s le d\u00e9gel\u00a0\u00bb. Une programmation de 23 spectacles, dont 17 gratuits. \u00c0 ne pas manquer. Ainsi que les organisateurs le d\u00e9finissent,\u00a0 \u00ab\u00a0La quatri\u00e8me \u00e9dition de notre festival consacr\u00e9 au mouvement (cirque, danse, performances et autres) se nourrit du succ\u00e8s public et &hellip;<a href=\"https:\/\/www.brenne-au-coeur.com\/index.php\/2025\/05\/04\/apres-le-degel\/chateauroux\/6613\/\" class=\"more-link\">Lire la suite...<\/a><\/div><\/li><li class=\"rpwe-li rpwe-clearfix\"><a class=\"rpwe-img\" href=\"https:\/\/www.brenne-au-coeur.com\/index.php\/2025\/05\/04\/les-25-ans-de-point-de-croix\/communes\/azay-le-ferron-communes\/6605\/\" target=\"_self\"><img class=\"rpwe-alignleft rpwe-thumb\" src=\"https:\/\/www.brenne-au-coeur.com\/wp-content\/uploads\/2025\/05\/IMG-20250324-WA0000-120x120.jpg\" alt=\"Les 25 ans de Point de croix\" height=\"120\" width=\"120\" loading=\"lazy\" decoding=\"async\"><\/a><h3 class=\"rpwe-title\"><a href=\"https:\/\/www.brenne-au-coeur.com\/index.php\/2025\/05\/04\/les-25-ans-de-point-de-croix\/communes\/azay-le-ferron-communes\/6605\/\" target=\"_self\">Les 25 ans de Point de croix<\/a><\/h3><time class=\"rpwe-time published\" datetime=\"2025-05-04T12:32:47+02:00\">4 mai 2025<\/time><div class=\"rpwe-summary\">L\u2019association Point de Croix a f\u00eat\u00e9 son 25\u00e8me anniversaire, le 25 avril dernier. L\u2019occasion de pr\u00e9senter, dans des nouveaux locaux, des broderies r\u00e9centes et de revenir sur l\u2019histoire d\u2019une activit\u00e9 riche de cr\u00e9ations diverses. C\u2019est le 15 mars 2000 que les statuts de l\u2019association ont \u00e9t\u00e9 d\u00e9pos\u00e9s. Sous l\u2019impulsion de &hellip;<a href=\"https:\/\/www.brenne-au-coeur.com\/index.php\/2025\/05\/04\/les-25-ans-de-point-de-croix\/communes\/azay-le-ferron-communes\/6605\/\" class=\"more-link\">Lire la suite...<\/a><\/div><\/li><li class=\"rpwe-li rpwe-clearfix\"><a class=\"rpwe-img\" href=\"https:\/\/www.brenne-au-coeur.com\/index.php\/2025\/04\/25\/expo-a-chasseneuil\/chasseneuil-en-berry\/6595\/\" target=\"_self\"><img class=\"rpwe-alignleft rpwe-thumb\" src=\"https:\/\/www.brenne-au-coeur.com\/wp-content\/uploads\/2025\/04\/expo-chasseneuil.resized-120x120.jpeg\" alt=\"Expo \u00e0 Chasseneuil\" height=\"120\" width=\"120\" loading=\"lazy\" decoding=\"async\"><\/a><h3 class=\"rpwe-title\"><a href=\"https:\/\/www.brenne-au-coeur.com\/index.php\/2025\/04\/25\/expo-a-chasseneuil\/chasseneuil-en-berry\/6595\/\" target=\"_self\">Expo \u00e0 Chasseneuil<\/a><\/h3><time class=\"rpwe-time published\" datetime=\"2025-04-25T15:19:46+02:00\">25 avril 2025<\/time><div class=\"rpwe-summary\">Du 1er au 8 mai, la salle des f\u00eates de Chasseneuil en Berry accueillera une exposition artistique, tous les jours de 14h30 \u00e0 18h30. Pour cette 22\u00e8me \u00e9dition, deux cents tableaux et une soixantaine de sculptures seront propos\u00e9s aux visiteurs. Toutes ces \u0153uvres, r\u00e9alis\u00e9es par quatorze peintres, offrent des techniques &hellip;<a href=\"https:\/\/www.brenne-au-coeur.com\/index.php\/2025\/04\/25\/expo-a-chasseneuil\/chasseneuil-en-berry\/6595\/\" class=\"more-link\">Lire la suite...<\/a><\/div><\/li><li class=\"rpwe-li rpwe-clearfix\"><a class=\"rpwe-img\" href=\"https:\/\/www.brenne-au-coeur.com\/index.php\/2025\/04\/24\/comptines-en-partage\/le-blanc\/6588\/\" target=\"_self\"><img class=\"rpwe-alignleft rpwe-thumb\" src=\"https:\/\/www.brenne-au-coeur.com\/wp-content\/uploads\/2025\/04\/affiche-c-en-p-120x120.jpg\" alt=\"Comptines en partage\" height=\"120\" width=\"120\" loading=\"lazy\" decoding=\"async\"><\/a><h3 class=\"rpwe-title\"><a href=\"https:\/\/www.brenne-au-coeur.com\/index.php\/2025\/04\/24\/comptines-en-partage\/le-blanc\/6588\/\" target=\"_self\">Comptines en partage<\/a><\/h3><time class=\"rpwe-time published\" datetime=\"2025-04-24T15:06:09+02:00\">24 avril 2025<\/time><div class=\"rpwe-summary\">Ce spectacle participatif, adress\u00e9 \u00e0 toute la famille d\u00e8s 6 mois, est propos\u00e9 par la Compagnie ReBonDire, salle des f\u00eates du Blanc, mercredi 14 mai \u00e0 10h30. Ici l\u2019enfant est libre d\u2019aller et venir, de regarder\/\u00e9couter le parent ou le professionnel de la petite enfance qui essaye activement, chemine et &hellip;<a href=\"https:\/\/www.brenne-au-coeur.com\/index.php\/2025\/04\/24\/comptines-en-partage\/le-blanc\/6588\/\" class=\"more-link\">Lire la suite...<\/a><\/div><\/li><li class=\"rpwe-li rpwe-clearfix\"><a class=\"rpwe-img\" href=\"https:\/\/www.brenne-au-coeur.com\/index.php\/2025\/04\/23\/louis-girault-medecin-republicain-blancois\/le-blanc\/6572\/\" target=\"_self\"><img loading=\"lazy\" decoding=\"async\" width=\"120\" height=\"80\" src=\"https:\/\/www.brenne-au-coeur.com\/wp-content\/uploads\/2025\/04\/le-blanc.resized-1.jpeg\" class=\"rpwe-alignleft rpwe-thumb the-post-thumbnail wp-post-image\" alt=\"Louis Girault, m\u00e9decin, r\u00e9publicain blancois\" \/><\/a><h3 class=\"rpwe-title\"><a href=\"https:\/\/www.brenne-au-coeur.com\/index.php\/2025\/04\/23\/louis-girault-medecin-republicain-blancois\/le-blanc\/6572\/\" target=\"_self\">Louis Girault, m\u00e9decin, r\u00e9publicain blancois<\/a><\/h3><time class=\"rpwe-time published\" datetime=\"2025-04-23T16:15:25+02:00\">23 avril 2025<\/time><div class=\"rpwe-summary\">Je m\u2019appelle Louis Girault, n\u00e9 au Blanc le 8 Brumaire an XIV du calendrier r\u00e9publicain, soit le 30 octobre 1805. Ma m\u00e8re se pr\u00e9nommait joliment Rose et mon p\u00e8re Joseph, cordonnier. Tout naturellement, j\u2019ai embrass\u00e9 le m\u00eame m\u00e9tier. Avec beaucoup de pers\u00e9v\u00e9rance, de volont\u00e9 et de subsides mat\u00e9riels, j\u2019ai obtenu &hellip;<a href=\"https:\/\/www.brenne-au-coeur.com\/index.php\/2025\/04\/23\/louis-girault-medecin-republicain-blancois\/le-blanc\/6572\/\" class=\"more-link\">Lire la suite...<\/a><\/div><\/li><li class=\"rpwe-li rpwe-clearfix\"><a class=\"rpwe-img\" href=\"https:\/\/www.brenne-au-coeur.com\/index.php\/2025\/04\/15\/nawab-et-naved-khan-a-jaugette\/communes\/obterre\/6562\/\" target=\"_self\"><img class=\"rpwe-alignleft rpwe-thumb\" src=\"https:\/\/www.brenne-au-coeur.com\/wp-content\/uploads\/2025\/04\/nawab-et-naved-120x120.jpeg\" alt=\"Nawab et Naved Khan \u00e0 Jaugette\" height=\"120\" width=\"120\" loading=\"lazy\" decoding=\"async\"><\/a><h3 class=\"rpwe-title\"><a href=\"https:\/\/www.brenne-au-coeur.com\/index.php\/2025\/04\/15\/nawab-et-naved-khan-a-jaugette\/communes\/obterre\/6562\/\" target=\"_self\">Nawab et Naved Khan \u00e0 Jaugette<\/a><\/h3><time class=\"rpwe-time published\" datetime=\"2025-04-15T13:56:00+02:00\">15 avril 2025<\/time><div class=\"rpwe-summary\">Dimanche 27 avril \u00e0 16h30, Nawab Khan et Naved Khan, proposeront un enchantement musical au Manoir de Jaugette \u00e0 Obterre. Grand Ma\u00eetre du Naada Yoga, Nawab Khan explore les sph\u00e8res transcendantales du son et de l&rsquo;esprit. Guid\u00e9 par son v\u00e9n\u00e9r\u00e9 gourou, Vidya Nand ji, il r\u00e9v\u00e8le le pouvoir transformateur du &hellip;<a href=\"https:\/\/www.brenne-au-coeur.com\/index.php\/2025\/04\/15\/nawab-et-naved-khan-a-jaugette\/communes\/obterre\/6562\/\" class=\"more-link\">Lire la suite...<\/a><\/div><\/li><li class=\"rpwe-li rpwe-clearfix\"><a class=\"rpwe-img\" href=\"https:\/\/www.brenne-au-coeur.com\/index.php\/2025\/04\/14\/mezieres-semblait-tranquille-ce-27-juin-et-pourtant\/communes\/6547\/\" target=\"_self\"><img class=\"rpwe-alignleft rpwe-thumb\" src=\"https:\/\/www.brenne-au-coeur.com\/wp-content\/uploads\/2025\/04\/Delcampe-1943-Copie-120x120.jpg\" alt=\"M\u00e9zi\u00e8res semblait tranquille ce 27 juin, et pourtant&#8230;\" height=\"120\" width=\"120\" loading=\"lazy\" decoding=\"async\"><\/a><h3 class=\"rpwe-title\"><a href=\"https:\/\/www.brenne-au-coeur.com\/index.php\/2025\/04\/14\/mezieres-semblait-tranquille-ce-27-juin-et-pourtant\/communes\/6547\/\" target=\"_self\">M\u00e9zi\u00e8res semblait tranquille ce 27 juin, et pourtant&#8230;<\/a><\/h3><time class=\"rpwe-time published\" datetime=\"2025-04-14T17:40:47+02:00\">14 avril 2025<\/time><div class=\"rpwe-summary\">Le D\u00e9barquement du 6 juin 1944 annon\u00e7ait la fin prochaine de cet horrible second conflit mondial, tout juste trente ans apr\u00e8s le d\u00e9but su premier. Chaque famille esp\u00e9rait \u00e0 nouveau&nbsp;: le retour d\u2019un fils, d\u2019un neveu soldat ou prisonnier&nbsp;; le renouvellement d\u2019un cheptel&nbsp;; la reconstruction d\u2019une b\u00e2tisse endommag\u00e9e Situ\u00e9e en &hellip;<a href=\"https:\/\/www.brenne-au-coeur.com\/index.php\/2025\/04\/14\/mezieres-semblait-tranquille-ce-27-juin-et-pourtant\/communes\/6547\/\" class=\"more-link\">Lire la suite...<\/a><\/div><\/li><li class=\"rpwe-li rpwe-clearfix\"><a class=\"rpwe-img\" href=\"https:\/\/www.brenne-au-coeur.com\/index.php\/2025\/04\/06\/de-la-commune-a-la-ferme\/pellevoisin\/6526\/\" target=\"_self\"><img class=\"rpwe-alignleft rpwe-thumb\" src=\"https:\/\/www.brenne-au-coeur.com\/wp-content\/uploads\/2025\/04\/Un-ptit-tour-de-Paris-18711.resized-120x120.jpg\" alt=\"De La Commune \u00e0 la Ferme\" height=\"120\" width=\"120\" loading=\"lazy\" decoding=\"async\"><\/a><h3 class=\"rpwe-title\"><a href=\"https:\/\/www.brenne-au-coeur.com\/index.php\/2025\/04\/06\/de-la-commune-a-la-ferme\/pellevoisin\/6526\/\" target=\"_self\">De La Commune \u00e0 la Ferme<\/a><\/h3><time class=\"rpwe-time published\" datetime=\"2025-04-06T18:13:08+02:00\">6 avril 2025<\/time><div class=\"rpwe-summary\">Dans le cadre du programme la France de ferme en ferme, des animations sont propos\u00e9es au Relais des Pas Sages \u00e0 Pellevoisin\u00a0, le week-end des 26 et 27 avril Le dimanche 27 avril, exposition et concert sur La Commune de Paris, 1871, par Luxe communal duo. Deux jours riches en &hellip;<a href=\"https:\/\/www.brenne-au-coeur.com\/index.php\/2025\/04\/06\/de-la-commune-a-la-ferme\/pellevoisin\/6526\/\" class=\"more-link\">Lire la suite...<\/a><\/div><\/li><li class=\"rpwe-li rpwe-clearfix\"><a class=\"rpwe-img\" href=\"https:\/\/www.brenne-au-coeur.com\/index.php\/2025\/04\/06\/linde-de-fabio\/communes\/mezieres-en-brenne\/6520\/\" target=\"_self\"><img class=\"rpwe-alignleft rpwe-thumb\" src=\"https:\/\/www.brenne-au-coeur.com\/wp-content\/uploads\/2025\/04\/20250406_142940_100.resized-rotated-120x120.jpg\" alt=\"L&rsquo;Inde de Fabio\" height=\"120\" width=\"120\" loading=\"lazy\" decoding=\"async\"><\/a><h3 class=\"rpwe-title\"><a href=\"https:\/\/www.brenne-au-coeur.com\/index.php\/2025\/04\/06\/linde-de-fabio\/communes\/mezieres-en-brenne\/6520\/\" target=\"_self\">L&rsquo;Inde de Fabio<\/a><\/h3><time class=\"rpwe-time published\" datetime=\"2025-04-06T17:43:51+02:00\">6 avril 2025<\/time><div class=\"rpwe-summary\">Jusqu\u2019au 1er mai, Le Moulin propose une exposition photographique r\u00e9alis\u00e9e dans le cadre du jumelage Barzano-M\u00e9zi\u00e8res-en-Brenne. \u00ab&nbsp;L\u2019Inde \u00e0 travers les yeux de Fabio&nbsp;\u00bb. Cinquante clich\u00e9s s\u00e9lectionn\u00e9s parmi les 1400 pris au cours de ses diff\u00e9rents voyages. Un reportage riche de couleurs, ramen\u00e9 de divers lieux et villes de ce pays &hellip;<a href=\"https:\/\/www.brenne-au-coeur.com\/index.php\/2025\/04\/06\/linde-de-fabio\/communes\/mezieres-en-brenne\/6520\/\" class=\"more-link\">Lire la suite...<\/a><\/div><\/li><li class=\"rpwe-li rpwe-clearfix\"><a class=\"rpwe-img\" href=\"https:\/\/www.brenne-au-coeur.com\/index.php\/2025\/04\/06\/poetesses-du-monde\/communes\/martizay\/6513\/\" target=\"_self\"><img class=\"rpwe-alignleft rpwe-thumb\" src=\"https:\/\/www.brenne-au-coeur.com\/wp-content\/uploads\/2025\/04\/20250328_180406-scaled-120x120.jpg\" alt=\"Po\u00e9tesses du Monde\" height=\"120\" width=\"120\" loading=\"lazy\" decoding=\"async\"><\/a><h3 class=\"rpwe-title\"><a href=\"https:\/\/www.brenne-au-coeur.com\/index.php\/2025\/04\/06\/poetesses-du-monde\/communes\/martizay\/6513\/\" target=\"_self\">Po\u00e9tesses du Monde<\/a><\/h3><time class=\"rpwe-time published\" datetime=\"2025-04-06T15:59:46+02:00\">6 avril 2025<\/time><div class=\"rpwe-summary\">Vendredi 18 avril \u00e0 18h, la m\u00e9diath\u00e8que de Martizay re\u00e7oit Roger Houlet, pour une lecture de po\u00e9sies uniquement \u00e9crites par des femmes. \u00ab\u00a0J\u2019invite les gens \u00e0 partir \u00e0 leurs rencontres. Une sorte de tour du Monde, une d\u00e9couverte d\u2019un panorama d\u2019aspirations, de styles et de sujets.\u00a0\u00bb explique Roger. Pour se &hellip;<a href=\"https:\/\/www.brenne-au-coeur.com\/index.php\/2025\/04\/06\/poetesses-du-monde\/communes\/martizay\/6513\/\" class=\"more-link\">Lire la suite...<\/a><\/div><\/li><li class=\"rpwe-li rpwe-clearfix\"><a class=\"rpwe-img\" href=\"https:\/\/www.brenne-au-coeur.com\/index.php\/2025\/03\/30\/mots-et-musiques-en-resonance\/communes\/obterre\/6502\/\" target=\"_self\"><img class=\"rpwe-alignleft rpwe-thumb\" src=\"https:\/\/www.brenne-au-coeur.com\/wp-content\/uploads\/2025\/03\/Affiche-piano-DEF-pour-dif-WEB-scaled-120x120.jpg\" alt=\"Mots et musiques en r\u00e9sonance\" height=\"120\" width=\"120\" loading=\"lazy\" decoding=\"async\"><\/a><h3 class=\"rpwe-title\"><a href=\"https:\/\/www.brenne-au-coeur.com\/index.php\/2025\/03\/30\/mots-et-musiques-en-resonance\/communes\/obterre\/6502\/\" target=\"_self\">Mots et musiques en r\u00e9sonance<\/a><\/h3><time class=\"rpwe-time published\" datetime=\"2025-03-30T19:47:02+02:00\">30 mars 2025<\/time><div class=\"rpwe-summary\">Samedi 26 avril, \u00e0 17h30, le Manoir des Arts de Jaugette, l\u2019Association Per Aspera ad Astra et l\u2019ensemble \u00ab\u00a0Un Piano pour Deux\u00a0\u00bb pr\u00e9sentent le concert \u00ab\u00a0Mots et Musique en r\u00e9sonance\u2026\u00a0\u00bb, consacr\u00e9 aux chefs d\u2019\u0153uvre de Claude Debussy, Maurice Ravel et Igor Stravinsky inspir\u00e9s par les textes. Port\u00e9s par l\u2019exp\u00e9rience de &hellip;<a href=\"https:\/\/www.brenne-au-coeur.com\/index.php\/2025\/03\/30\/mots-et-musiques-en-resonance\/communes\/obterre\/6502\/\" class=\"more-link\">Lire la suite...<\/a><\/div><\/li><li class=\"rpwe-li rpwe-clearfix\"><a class=\"rpwe-img\" href=\"https:\/\/www.brenne-au-coeur.com\/index.php\/2025\/03\/30\/tournoi-de-horse-ball\/ruffec\/6498\/\" target=\"_self\"><img class=\"rpwe-alignleft rpwe-thumb\" src=\"https:\/\/www.brenne-au-coeur.com\/wp-content\/uploads\/2025\/03\/horseball-120x120.jpeg\" alt=\"Tournoi de Horse-ball\" height=\"120\" width=\"120\" loading=\"lazy\" decoding=\"async\"><\/a><h3 class=\"rpwe-title\"><a href=\"https:\/\/www.brenne-au-coeur.com\/index.php\/2025\/03\/30\/tournoi-de-horse-ball\/ruffec\/6498\/\" target=\"_self\">Tournoi de Horse-ball<\/a><\/h3><time class=\"rpwe-time published\" datetime=\"2025-03-30T19:31:41+02:00\">30 mars 2025<\/time><div class=\"rpwe-summary\">Dimanche 27 avril 2025, de 9h00 \u00e0 18h00. Au Centre \u00e9questre de l&rsquo;Epineau. Le Grand Tremble, \u00e0 Ruffec. Le tournoi est organis\u00e9 par l\u2019Association de Horse-Ball Blancoise. Le horse-ball est un sport collectif \u00e9questre adapt\u00e9 du jeu du Pato argentin et du Bouzkachi, qui oppose deux \u00e9quipes de 4 \u00e0 &hellip;<a href=\"https:\/\/www.brenne-au-coeur.com\/index.php\/2025\/03\/30\/tournoi-de-horse-ball\/ruffec\/6498\/\" class=\"more-link\">Lire la suite...<\/a><\/div><\/li><li class=\"rpwe-li rpwe-clearfix\"><a class=\"rpwe-img\" href=\"https:\/\/www.brenne-au-coeur.com\/index.php\/2025\/03\/30\/le-boeuf-couronne-lauberge-fidele\/communes\/mezieres-en-brenne\/6480\/\" target=\"_self\"><img class=\"rpwe-alignleft rpwe-thumb\" src=\"https:\/\/www.brenne-au-coeur.com\/wp-content\/uploads\/2025\/03\/1979-Izoret-Roger.-Source-Izoret-Bernard-Copie-scaled-120x120.jpg\" alt=\"Le b\u0153uf couronn\u00e9, l\u2019auberge fid\u00e8le\" height=\"120\" width=\"120\" loading=\"lazy\" decoding=\"async\"><\/a><h3 class=\"rpwe-title\"><a href=\"https:\/\/www.brenne-au-coeur.com\/index.php\/2025\/03\/30\/le-boeuf-couronne-lauberge-fidele\/communes\/mezieres-en-brenne\/6480\/\" target=\"_self\">Le b\u0153uf couronn\u00e9, l\u2019auberge fid\u00e8le<\/a><\/h3><time class=\"rpwe-time published\" datetime=\"2025-03-30T18:56:55+02:00\">30 mars 2025<\/time><div class=\"rpwe-summary\">La tradition veut que cet \u00e9tablissement date du milieu des ann\u00e9es 1600, bien qu\u2019aucun document ne le mentionne formellement. Il demeure n\u00e9anmoins l\u2019un de plus anciens commerces de M\u00e9zi\u00e8res-en-Brenne, en activit\u00e9 continue durant plusieurs si\u00e8cles. D\u2019o\u00f9 vient ce nom \u00e9trange, ces deux mots que rien ne destine \u00e0 \u00eatre associ\u00e9\u00a0? &hellip;<a href=\"https:\/\/www.brenne-au-coeur.com\/index.php\/2025\/03\/30\/le-boeuf-couronne-lauberge-fidele\/communes\/mezieres-en-brenne\/6480\/\" class=\"more-link\">Lire la suite...<\/a><\/div><\/li><li class=\"rpwe-li rpwe-clearfix\"><a class=\"rpwe-img\" href=\"https:\/\/www.brenne-au-coeur.com\/index.php\/2025\/03\/24\/rendez-vous-musical-et-festif-a-mezieres\/communes\/mezieres-en-brenne\/6467\/\" target=\"_self\"><img class=\"rpwe-alignleft rpwe-thumb\" src=\"https:\/\/www.brenne-au-coeur.com\/wp-content\/uploads\/2025\/03\/musique-en-brenne-120x120.jpg\" alt=\"Rendez-vous musical et festif \u00e0 M\u00e9zi\u00e8res\" height=\"120\" width=\"120\" loading=\"lazy\" decoding=\"async\"><\/a><h3 class=\"rpwe-title\"><a href=\"https:\/\/www.brenne-au-coeur.com\/index.php\/2025\/03\/24\/rendez-vous-musical-et-festif-a-mezieres\/communes\/mezieres-en-brenne\/6467\/\" target=\"_self\">Rendez-vous musical et festif \u00e0 M\u00e9zi\u00e8res<\/a><\/h3><time class=\"rpwe-time published\" datetime=\"2025-03-24T16:42:53+01:00\">24 mars 2025<\/time><div class=\"rpwe-summary\">Samedi 22 mars , \u00ab\u00a0Musique en Brenne\u00a0\u00bb, l\u2019\u00e9cole de musique de M\u00e9zi\u00e8res-en-Brenne, offrait un spectacle sous la halle du village, place de la Mairie. Sur la sc\u00e8ne, se sont d\u2019abord succ\u00e9d\u00e9 les plus jeunes \u00e9l\u00e8ves. Pianistes, chanteur, guitariste, batteur, violoniste, fl\u00fbtiste et accord\u00e9oniste. Une vari\u00e9t\u00e9 de styles et d\u2019instruments qui &hellip;<a href=\"https:\/\/www.brenne-au-coeur.com\/index.php\/2025\/03\/24\/rendez-vous-musical-et-festif-a-mezieres\/communes\/mezieres-en-brenne\/6467\/\" class=\"more-link\">Lire la suite...<\/a><\/div><\/li><li class=\"rpwe-li rpwe-clearfix\"><a class=\"rpwe-img\" href=\"https:\/\/www.brenne-au-coeur.com\/index.php\/2025\/03\/17\/nouvelle-saison-a-jaugette\/communes\/obterre\/6455\/\" target=\"_self\"><img class=\"rpwe-alignleft rpwe-thumb\" src=\"https:\/\/www.brenne-au-coeur.com\/wp-content\/uploads\/2025\/03\/ag-jaugette-06.resized-120x120.jpg\" alt=\"Nouvelle saison \u00e0 Jaugette\" height=\"120\" width=\"120\" loading=\"lazy\" decoding=\"async\"><\/a><h3 class=\"rpwe-title\"><a href=\"https:\/\/www.brenne-au-coeur.com\/index.php\/2025\/03\/17\/nouvelle-saison-a-jaugette\/communes\/obterre\/6455\/\" target=\"_self\">Nouvelle saison \u00e0 Jaugette<\/a><\/h3><time class=\"rpwe-time published\" datetime=\"2025-03-17T18:58:04+01:00\">17 mars 2025<\/time><div class=\"rpwe-summary\">Le Manoir des arts de Jaugette a pr\u00e9sent\u00e9 son programme pour la saison 2025, ce dimanche 16 mars, lors de son assembl\u00e9e g\u00e9n\u00e9rale. Un moment musical ponctuait ce rendez-vous annuel. Six fables de La Fontaine, mises en musique par Benjamin Godard, \u00e9taient interpr\u00e9t\u00e9es par Pascal Herc\u00e9, accompagn\u00e9 au piano par &hellip;<a href=\"https:\/\/www.brenne-au-coeur.com\/index.php\/2025\/03\/17\/nouvelle-saison-a-jaugette\/communes\/obterre\/6455\/\" class=\"more-link\">Lire la suite...<\/a><\/div><\/li><li class=\"rpwe-li rpwe-clearfix\"><a class=\"rpwe-img\" href=\"https:\/\/www.brenne-au-coeur.com\/index.php\/2025\/03\/15\/litalie-au-bout-de-la-langue\/communes\/mezieres-en-brenne\/6449\/\" target=\"_self\"><img class=\"rpwe-alignleft rpwe-thumb\" src=\"https:\/\/www.brenne-au-coeur.com\/wp-content\/uploads\/2025\/03\/gianni-120x120.jpg\" alt=\"L\u2019Italie au bout de la langue\" height=\"120\" width=\"120\" loading=\"lazy\" decoding=\"async\"><\/a><h3 class=\"rpwe-title\"><a href=\"https:\/\/www.brenne-au-coeur.com\/index.php\/2025\/03\/15\/litalie-au-bout-de-la-langue\/communes\/mezieres-en-brenne\/6449\/\" target=\"_self\">L\u2019Italie au bout de la langue<\/a><\/h3><time class=\"rpwe-time published\" datetime=\"2025-03-15T17:21:21+01:00\">15 mars 2025<\/time><div class=\"rpwe-summary\">Tel \u00e9tait le th\u00e8me de l\u2019atelier, pr\u00e9sent\u00e9 par Jean M\u00e9tegnier-Morsa, vendredi 7 mars \u00e0 la m\u00e9diath\u00e8que de M\u00e9zi\u00e8res-en-Brenne. Une animation destin\u00e9e aux \u00e9l\u00e8ves des cours moyens de l\u2019\u00e9cole primaire du village. Le but&nbsp;? Aborder la langue de Dante en toute d\u00e9contraction. \u00c0 commencer par le placement dans la salle de &hellip;<a href=\"https:\/\/www.brenne-au-coeur.com\/index.php\/2025\/03\/15\/litalie-au-bout-de-la-langue\/communes\/mezieres-en-brenne\/6449\/\" class=\"more-link\">Lire la suite...<\/a><\/div><\/li><li class=\"rpwe-li rpwe-clearfix\"><a class=\"rpwe-img\" href=\"https:\/\/www.brenne-au-coeur.com\/index.php\/2025\/03\/15\/les-enjeux-des-combustibles-fossiles\/mediatheque\/6439\/\" target=\"_self\"><img class=\"rpwe-alignleft rpwe-thumb\" src=\"https:\/\/www.brenne-au-coeur.com\/wp-content\/uploads\/2025\/03\/enjeux-combustibles.resized-120x120.jpeg\" alt=\"Les enjeux des combustibles fossiles\" height=\"120\" width=\"120\" loading=\"lazy\" decoding=\"async\"><\/a><h3 class=\"rpwe-title\"><a href=\"https:\/\/www.brenne-au-coeur.com\/index.php\/2025\/03\/15\/les-enjeux-des-combustibles-fossiles\/mediatheque\/6439\/\" target=\"_self\">Les enjeux des combustibles fossiles<\/a><\/h3><time class=\"rpwe-time published\" datetime=\"2025-03-15T16:08:10+01:00\">15 mars 2025<\/time><div class=\"rpwe-summary\">Samedi 22 mars \u00e0 15h30, la M\u00e9diath\u00e8que intercommunale de Tournon-St-Martin, propose une conf\u00e9rence de Philippe Gillard. .\u00a0\u00bbDepuis plus d\u2019un si\u00e8cle, les combustibles fossiles fournissent \u00e0 l\u2019humanit\u00e9 80&nbsp;% de son \u00e9nergie. Au cours de cette pr\u00e9sentation, leurs caract\u00e9ristiques seront expos\u00e9es. Les cons\u00e9quences de leur emploi comme l\u2019effet de serre, qui est &hellip;<a href=\"https:\/\/www.brenne-au-coeur.com\/index.php\/2025\/03\/15\/les-enjeux-des-combustibles-fossiles\/mediatheque\/6439\/\" class=\"more-link\">Lire la suite...<\/a><\/div><\/li><li class=\"rpwe-li rpwe-clearfix\"><a class=\"rpwe-img\" href=\"https:\/\/www.brenne-au-coeur.com\/index.php\/2025\/03\/12\/de-lhospice-a-lehpad-de-mezieres\/communes\/mezieres-en-brenne\/6422\/\" target=\"_self\"><img class=\"rpwe-alignleft rpwe-thumb\" src=\"https:\/\/www.brenne-au-coeur.com\/wp-content\/uploads\/2025\/03\/20250227_114405.resized-120x120.jpg\" alt=\"De l\u2019hospice \u00e0 l\u2019EHPAD de M\u00e9zi\u00e8res\" height=\"120\" width=\"120\" loading=\"lazy\" decoding=\"async\"><\/a><h3 class=\"rpwe-title\"><a href=\"https:\/\/www.brenne-au-coeur.com\/index.php\/2025\/03\/12\/de-lhospice-a-lehpad-de-mezieres\/communes\/mezieres-en-brenne\/6422\/\" target=\"_self\">De l\u2019hospice \u00e0 l\u2019EHPAD de M\u00e9zi\u00e8res<\/a><\/h3><time class=\"rpwe-time published\" datetime=\"2025-03-12T15:08:16+01:00\">12 mars 2025<\/time><div class=\"rpwe-summary\">Comme beaucoup de personnes riches au XIXe si\u00e8cle, Marie-Louise Pellerin, \u00e9pouse Fran\u00e7ois sentit le besoin, en ce 10 mai 1838, de r\u00e9diger son testament qui sera amend\u00e9 d\u2019un codicille* cinq ans plus tard. A son d\u00e9c\u00e8s \u00e0 M\u00e9zi\u00e8res le 1er mars 1845, l\u2019ouverture du document olographe r\u00e9v\u00e9la les legs suivants\u00a0: &hellip;<a href=\"https:\/\/www.brenne-au-coeur.com\/index.php\/2025\/03\/12\/de-lhospice-a-lehpad-de-mezieres\/communes\/mezieres-en-brenne\/6422\/\" class=\"more-link\">Lire la suite...<\/a><\/div><\/li><li class=\"rpwe-li rpwe-clearfix\"><a class=\"rpwe-img\" href=\"https:\/\/www.brenne-au-coeur.com\/index.php\/2025\/03\/01\/rue-de-lutopie\/preuilly-sur-claise\/6406\/\" target=\"_self\"><img class=\"rpwe-alignleft rpwe-thumb\" src=\"https:\/\/www.brenne-au-coeur.com\/wp-content\/uploads\/2025\/03\/doc-lieutopie-120x120.jpeg\" alt=\"Rue de l\u2019utopie\" height=\"120\" width=\"120\" loading=\"lazy\" decoding=\"async\"><\/a><h3 class=\"rpwe-title\"><a href=\"https:\/\/www.brenne-au-coeur.com\/index.php\/2025\/03\/01\/rue-de-lutopie\/preuilly-sur-claise\/6406\/\" target=\"_self\">Rue de l\u2019utopie<\/a><\/h3><time class=\"rpwe-time published\" datetime=\"2025-03-01T17:46:55+01:00\">1 mars 2025<\/time><div class=\"rpwe-summary\">Vendredi 7 mars \u00e0 20h00, au Lieutopie, place des halles \u00e0 Preuilly sur Claise, projection du film \u00ab\u00a0Rue de l&rsquo;utopie\u00a0\u00bb R\u00e9alis\u00e9 par Josiane Zardoya, Ma\u00eft\u00e9 D\u00e9bats, 2019, 64 min. &nbsp; La projection sera suivie du t\u00e9moignage de deux habitant\u00b7es de La Distillerie de R\u00eaves (St-Pierre-de-Maill\u00e9, www.distillerie-de-reves.com ) et d&rsquo;un \u00e9change &hellip;<a href=\"https:\/\/www.brenne-au-coeur.com\/index.php\/2025\/03\/01\/rue-de-lutopie\/preuilly-sur-claise\/6406\/\" class=\"more-link\">Lire la suite...<\/a><\/div><\/li><li class=\"rpwe-li rpwe-clearfix\"><a class=\"rpwe-img\" href=\"https:\/\/www.brenne-au-coeur.com\/index.php\/2025\/03\/01\/bienvenue-dans-mon-jardin-au-naturel-2\/berry\/6403\/\" target=\"_self\"><img class=\"rpwe-alignleft rpwe-thumb\" src=\"https:\/\/www.brenne-au-coeur.com\/wp-content\/uploads\/2025\/03\/jardin-a-Saint-laurent.resized-120x120.jpg\" alt=\"Bienvenue dans mon jardin au naturel\" height=\"120\" width=\"120\" loading=\"lazy\" decoding=\"async\"><\/a><h3 class=\"rpwe-title\"><a href=\"https:\/\/www.brenne-au-coeur.com\/index.php\/2025\/03\/01\/bienvenue-dans-mon-jardin-au-naturel-2\/berry\/6403\/\" target=\"_self\">Bienvenue dans mon jardin au naturel<\/a><\/h3><time class=\"rpwe-time published\" datetime=\"2025-03-01T17:21:45+01:00\">1 mars 2025<\/time><div class=\"rpwe-summary\">Le CPIE Brenne-Berry a publi\u00e9 l\u2019appel qui suit. L\u2019association coordonne l&rsquo;op\u00e9ration nationale \u00ab&nbsp;Bienvenue dans mon jardin au naturel&nbsp;\u00bb, dans l&rsquo;Indre et le Cher, qui aura lieu le week-end du 14 et 15 juin 2025&nbsp;! (Les inscriptions sont enregistr\u00e9es jusqu\u2019\u00e0 la mi-mars) Cette manifestation met ainsi en valeur des jardiniers et &hellip;<a href=\"https:\/\/www.brenne-au-coeur.com\/index.php\/2025\/03\/01\/bienvenue-dans-mon-jardin-au-naturel-2\/berry\/6403\/\" class=\"more-link\">Lire la suite...<\/a><\/div><\/li><li class=\"rpwe-li rpwe-clearfix\"><a class=\"rpwe-img\" href=\"https:\/\/www.brenne-au-coeur.com\/index.php\/2025\/02\/28\/mars-en-chansons\/communes\/azay-le-ferron-communes\/6396\/\" target=\"_self\"><img class=\"rpwe-alignleft rpwe-thumb\" src=\"https:\/\/www.brenne-au-coeur.com\/wp-content\/uploads\/2025\/02\/iatlie-chante.resized-120x120.jpeg\" alt=\"Mars en chansons.\" height=\"120\" width=\"120\" loading=\"lazy\" decoding=\"async\"><\/a><h3 class=\"rpwe-title\"><a href=\"https:\/\/www.brenne-au-coeur.com\/index.php\/2025\/02\/28\/mars-en-chansons\/communes\/azay-le-ferron-communes\/6396\/\" target=\"_self\">Mars en chansons.<\/a><\/h3><time class=\"rpwe-time published\" datetime=\"2025-02-28T10:01:34+01:00\">28 f\u00e9vrier 2025<\/time><div class=\"rpwe-summary\">Deux spectacles sont propos\u00e9s en ce d\u00e9but mars. Par la m\u00e9diath\u00e8que deM\u00e9zi\u00e8res, vendredi 7 \u00e0 20h, Jean M\u00e9t\u00e9gnier Morsa, salle des f\u00eates de M\u00e9zi\u00e8res et par la communaut\u00e9 de communes, vendredi 14, Vincent Dubois ( la Maria des Bodin\u2019s), salle des f\u00eates d\u2019Azay-le-Ferron. Vendredi 7 mars, un parfum d\u2019Italie va &hellip;<a href=\"https:\/\/www.brenne-au-coeur.com\/index.php\/2025\/02\/28\/mars-en-chansons\/communes\/azay-le-ferron-communes\/6396\/\" class=\"more-link\">Lire la suite...<\/a><\/div><\/li><li class=\"rpwe-li rpwe-clearfix\"><a class=\"rpwe-img\" href=\"https:\/\/www.brenne-au-coeur.com\/index.php\/2025\/02\/25\/escape-game-a-martizay\/communes\/martizay\/6383\/\" target=\"_self\"><img class=\"rpwe-alignleft rpwe-thumb\" src=\"https:\/\/www.brenne-au-coeur.com\/wp-content\/uploads\/2025\/02\/affiche-escape-game-portrait-HD-OK-Copie.resized-120x120.jpg\" alt=\"Escape Game \u00e0 Martizay\" height=\"120\" width=\"120\" loading=\"lazy\" decoding=\"async\"><\/a><h3 class=\"rpwe-title\"><a href=\"https:\/\/www.brenne-au-coeur.com\/index.php\/2025\/02\/25\/escape-game-a-martizay\/communes\/martizay\/6383\/\" target=\"_self\">Escape Game \u00e0 Martizay<\/a><\/h3><time class=\"rpwe-time published\" datetime=\"2025-02-25T17:15:02+01:00\">25 f\u00e9vrier 2025<\/time><div class=\"rpwe-summary\">Une heure pour trouver les diamants du trident de Pos\u00e9idon. Tel est le d\u00e9fi lanc\u00e9 \u00e0 la m\u00e9diath\u00e8que de Martizay. Une porte \u00e0 franchir. \u00c9nigmes et surprises attendent les joueurs. \u00c0 proximit\u00e9, un ma\u00eetre du jeu veille au grain. L\u2019Escape Game, a \u00e9t\u00e9 cr\u00e9\u00e9 de bout en bout par un &hellip;<a href=\"https:\/\/www.brenne-au-coeur.com\/index.php\/2025\/02\/25\/escape-game-a-martizay\/communes\/martizay\/6383\/\" class=\"more-link\">Lire la suite...<\/a><\/div><\/li><li class=\"rpwe-li rpwe-clearfix\"><a class=\"rpwe-img\" href=\"https:\/\/www.brenne-au-coeur.com\/index.php\/2025\/02\/25\/amour-des-lettres-soin-des-etres\/mediatheque\/6372\/\" target=\"_self\"><img class=\"rpwe-alignleft rpwe-thumb\" src=\"https:\/\/www.brenne-au-coeur.com\/wp-content\/uploads\/2025\/02\/vanessa-rotated-120x120.jpg\" alt=\"Amour des lettres, soin des \u00eatres\" height=\"120\" width=\"120\" loading=\"lazy\" decoding=\"async\"><\/a><h3 class=\"rpwe-title\"><a href=\"https:\/\/www.brenne-au-coeur.com\/index.php\/2025\/02\/25\/amour-des-lettres-soin-des-etres\/mediatheque\/6372\/\" target=\"_self\">Amour des lettres, soin des \u00eatres<\/a><\/h3><time class=\"rpwe-time published\" datetime=\"2025-02-25T15:13:24+01:00\">25 f\u00e9vrier 2025<\/time><div class=\"rpwe-summary\">Jusqu\u2019au 15 mars, la m\u00e9diath\u00e8que de Tournon Saint-Martin pr\u00e9sente une exposition consacr\u00e9e aux carnets de voyage. \u00ab\u00a0Il n\u2019est pas n\u00e9cessaire d\u2019entreprendre de grands voyages pour r\u00e9aliser des carnets\u00a0\u00bb, peut-on lire sur l\u2019affiche. Cette petite expo, interroge sur l\u2019int\u00e9r\u00eat d\u2019un tel document, et comment on le con\u00e7oit. Sur quelques panneaux, plusieurs &hellip;<a href=\"https:\/\/www.brenne-au-coeur.com\/index.php\/2025\/02\/25\/amour-des-lettres-soin-des-etres\/mediatheque\/6372\/\" class=\"more-link\">Lire la suite...<\/a><\/div><\/li><li class=\"rpwe-li rpwe-clearfix\"><a class=\"rpwe-img\" href=\"https:\/\/www.brenne-au-coeur.com\/index.php\/2025\/02\/12\/le-cheval-a-la-prehistoire\/communes\/martizay\/6346\/\" target=\"_self\"><img class=\"rpwe-alignleft rpwe-thumb\" src=\"https:\/\/www.brenne-au-coeur.com\/wp-content\/uploads\/2025\/02\/cheval-a-la-prehistoire-120x120.jpg\" alt=\"Le cheval \u00e0 la pr\u00e9histoire\" height=\"120\" width=\"120\" loading=\"lazy\" decoding=\"async\"><\/a><h3 class=\"rpwe-title\"><a href=\"https:\/\/www.brenne-au-coeur.com\/index.php\/2025\/02\/12\/le-cheval-a-la-prehistoire\/communes\/martizay\/6346\/\" target=\"_self\">Le cheval \u00e0 la pr\u00e9histoire<\/a><\/h3><time class=\"rpwe-time published\" datetime=\"2025-02-12T10:06:27+01:00\">12 f\u00e9vrier 2025<\/time><div class=\"rpwe-summary\">Mercredi 19 f\u00e9vrier 2025 de 15h 00 \u00e0 16h30, l\u2019association \u00ab\u00a0Les amis du vieux Martizay\u00a0\u00bb propose un atelier de d\u00e9couverte sur le th\u00e8me du cheval dans la pr\u00e9histoire. Con\u00e7u en deux parties, il est plus particuli\u00e8rement destin\u00e9 aux enfants \u00e0 partir de 6 ans, mais peut convenir aux adultes. Il &hellip;<a href=\"https:\/\/www.brenne-au-coeur.com\/index.php\/2025\/02\/12\/le-cheval-a-la-prehistoire\/communes\/martizay\/6346\/\" class=\"more-link\">Lire la suite...<\/a><\/div><\/li><li class=\"rpwe-li rpwe-clearfix\"><a class=\"rpwe-img\" href=\"https:\/\/www.brenne-au-coeur.com\/index.php\/2025\/02\/10\/debout-pour-la-culture\/a-lire\/6340\/\" target=\"_self\"><img class=\"rpwe-alignleft rpwe-thumb\" src=\"https:\/\/www.brenne-au-coeur.com\/wp-content\/uploads\/2025\/02\/debout-120x120.jpeg\" alt=\"Debout pour la culture&nbsp;!\" height=\"120\" width=\"120\" loading=\"lazy\" decoding=\"async\"><\/a><h3 class=\"rpwe-title\"><a href=\"https:\/\/www.brenne-au-coeur.com\/index.php\/2025\/02\/10\/debout-pour-la-culture\/a-lire\/6340\/\" target=\"_self\">Debout pour la culture&nbsp;!<\/a><\/h3><time class=\"rpwe-time published\" datetime=\"2025-02-10T09:41:10+01:00\">10 f\u00e9vrier 2025<\/time><div class=\"rpwe-summary\">Alors que partout en France, les artistes appellent le public \u00e0 se \u00ab&nbsp;mettre debout pour la Culture&nbsp;\u00bb, afin de protester contre les coupes budg\u00e9taires drastiques des financements publics de l\u2019\u00c9tat et des collectivit\u00e9s, un ensemble de 40 000 professionnels de la Culture, issus de toutes les disciplines (spectacle vivant, cin\u00e9ma, &hellip;<a href=\"https:\/\/www.brenne-au-coeur.com\/index.php\/2025\/02\/10\/debout-pour-la-culture\/a-lire\/6340\/\" class=\"more-link\">Lire la suite...<\/a><\/div><\/li><li class=\"rpwe-li rpwe-clearfix\"><a class=\"rpwe-img\" href=\"https:\/\/www.brenne-au-coeur.com\/index.php\/2025\/02\/09\/visite-du-blanc\/le-blanc\/6334\/\" target=\"_self\"><img class=\"rpwe-alignleft rpwe-thumb\" src=\"https:\/\/www.brenne-au-coeur.com\/wp-content\/uploads\/2025\/02\/Visite-nocturne-120x120.jpg\" alt=\"Visite du Blanc\" height=\"120\" width=\"120\" loading=\"lazy\" decoding=\"async\"><\/a><h3 class=\"rpwe-title\"><a href=\"https:\/\/www.brenne-au-coeur.com\/index.php\/2025\/02\/09\/visite-du-blanc\/le-blanc\/6334\/\" target=\"_self\">Visite du Blanc<\/a><\/h3><time class=\"rpwe-time published\" datetime=\"2025-02-09T14:30:08+01:00\">9 f\u00e9vrier 2025<\/time><div class=\"rpwe-summary\">Destination Brenne propose une visite du Blanc accompagn\u00e9e d\u2019une d\u00e9gustation de produits locaux, mercredi 19 f\u00e9vrier \u00e0 18h00. Le rendez-vous est fix\u00e9 Place du champ de foire. Un peu d\u2019histoire \u00ab\u00a0\u00c0 la fronti\u00e8re du Berry, du Poitou et de la Touraine, Le Blanc doit son existence \u00e0 la pr\u00e9sence d&rsquo;un &hellip;<a href=\"https:\/\/www.brenne-au-coeur.com\/index.php\/2025\/02\/09\/visite-du-blanc\/le-blanc\/6334\/\" class=\"more-link\">Lire la suite...<\/a><\/div><\/li><li class=\"rpwe-li rpwe-clearfix\"><a class=\"rpwe-img\" href=\"https:\/\/www.brenne-au-coeur.com\/index.php\/2025\/02\/09\/figes\/a-lire\/6331\/\" target=\"_self\"><img class=\"rpwe-alignleft rpwe-thumb\" src=\"https:\/\/www.brenne-au-coeur.com\/wp-content\/uploads\/2025\/02\/figes-120x120.jpeg\" alt=\"Fig\u00e9s\" height=\"120\" width=\"120\" loading=\"lazy\" decoding=\"async\"><\/a><h3 class=\"rpwe-title\"><a href=\"https:\/\/www.brenne-au-coeur.com\/index.php\/2025\/02\/09\/figes\/a-lire\/6331\/\" target=\"_self\">Fig\u00e9s<\/a><\/h3><time class=\"rpwe-time published\" datetime=\"2025-02-09T09:45:10+01:00\">9 f\u00e9vrier 2025<\/time><div class=\"rpwe-summary\">&nbsp; Une nouvelle \u00e9crite par Philippe Gitton &nbsp; Tous les membres de la famille \u00e9taient r\u00e9unis sur une belle et vaste terrasse, baign\u00e9e par un doux soleil printanier. La m\u00e8re se tenait assise sur une chaise. Le dos bien droit, les mains pos\u00e9es sur les genoux. Rigide, comme ces enfants &hellip;<a href=\"https:\/\/www.brenne-au-coeur.com\/index.php\/2025\/02\/09\/figes\/a-lire\/6331\/\" class=\"more-link\">Lire la suite...<\/a><\/div><\/li><li class=\"rpwe-li rpwe-clearfix\"><a class=\"rpwe-img\" href=\"https:\/\/www.brenne-au-coeur.com\/index.php\/2025\/01\/16\/le-sport-dans-lindre-toute-une-histoire\/communes\/mezieres-en-brenne\/6290\/\" target=\"_self\"><img class=\"rpwe-alignleft rpwe-thumb\" src=\"https:\/\/www.brenne-au-coeur.com\/wp-content\/uploads\/2025\/01\/20250115_151619.resized-rotated-120x120.jpg\" alt=\"Le sport dans l\u2019Indre\u00a0: toute une histoire\" height=\"120\" width=\"120\" loading=\"lazy\" decoding=\"async\"><\/a><h3 class=\"rpwe-title\"><a href=\"https:\/\/www.brenne-au-coeur.com\/index.php\/2025\/01\/16\/le-sport-dans-lindre-toute-une-histoire\/communes\/mezieres-en-brenne\/6290\/\" target=\"_self\">Le sport dans l\u2019Indre\u00a0: toute une histoire<\/a><\/h3><time class=\"rpwe-time published\" datetime=\"2025-01-16T18:19:22+01:00\">16 janvier 2025<\/time><div class=\"rpwe-summary\">Jusqu\u2019au 30 janvier, l\u2019association Le Moulin, en collaboration avec les Archives d\u00e9partementales de l\u2019Indre, pr\u00e9sente une exposition sur le sport. Pour un d\u00e9partement mis \u00e0 l\u2019honneur en 2024, avec l\u2019organisation des \u00e9preuves olympiques de tir \u00e0 Ch\u00e2teauroux, il paraissait judicieux de revenir sur son pass\u00e9 sportif. Et de mesurer que &hellip;<a href=\"https:\/\/www.brenne-au-coeur.com\/index.php\/2025\/01\/16\/le-sport-dans-lindre-toute-une-histoire\/communes\/mezieres-en-brenne\/6290\/\" class=\"more-link\">Lire la suite...<\/a><\/div><\/li><li class=\"rpwe-li rpwe-clearfix\"><a class=\"rpwe-img\" href=\"https:\/\/www.brenne-au-coeur.com\/index.php\/2025\/01\/15\/la-chambre-da-cote\/buzancais\/6287\/\" target=\"_self\"><img class=\"rpwe-alignleft rpwe-thumb\" src=\"https:\/\/www.brenne-au-coeur.com\/wp-content\/uploads\/2025\/01\/la-chambre-120x120.jpeg\" alt=\"La chambre d\u2019\u00e0 c\u00f4t\u00e9\" height=\"120\" width=\"120\" loading=\"lazy\" decoding=\"async\"><\/a><h3 class=\"rpwe-title\"><a href=\"https:\/\/www.brenne-au-coeur.com\/index.php\/2025\/01\/15\/la-chambre-da-cote\/buzancais\/6287\/\" target=\"_self\">La chambre d\u2019\u00e0 c\u00f4t\u00e9<\/a><\/h3><time class=\"rpwe-time published\" datetime=\"2025-01-15T17:01:41+01:00\">15 janvier 2025<\/time><div class=\"rpwe-summary\">Vendredi 31 janvier, \u00e0 18h00, l\u2019espace culturel de Buzan\u00e7ais a mis \u00e0 l\u2019affiche ce film de Pedro Almodovar. Une com\u00e9die dramatique avec Tilda Swinton, Julianne Moore et John Turturro. Ingrid et Martha, amies de longue date, ont d\u00e9but\u00e9 leur carri\u00e8re au sein du m\u00eame magazine. Lorsqu\u2019Ingrid devient romanci\u00e8re \u00e0 succ\u00e8s &hellip;<a href=\"https:\/\/www.brenne-au-coeur.com\/index.php\/2025\/01\/15\/la-chambre-da-cote\/buzancais\/6287\/\" class=\"more-link\">Lire la suite...<\/a><\/div><\/li><li class=\"rpwe-li rpwe-clearfix\"><a class=\"rpwe-img\" href=\"https:\/\/www.brenne-au-coeur.com\/index.php\/2025\/01\/15\/conference-et-rencontre-a-mezieres\/communes\/mezieres-en-brenne\/6280\/\" target=\"_self\"><img class=\"rpwe-alignleft rpwe-thumb\" src=\"https:\/\/www.brenne-au-coeur.com\/wp-content\/uploads\/2025\/01\/Parentheses-Addictions-23-01-2025-120x120.jpg\" alt=\"Conf\u00e9rence et rencontre \u00e0 M\u00e9zi\u00e8res\" height=\"120\" width=\"120\" loading=\"lazy\" decoding=\"async\"><\/a><h3 class=\"rpwe-title\"><a href=\"https:\/\/www.brenne-au-coeur.com\/index.php\/2025\/01\/15\/conference-et-rencontre-a-mezieres\/communes\/mezieres-en-brenne\/6280\/\" target=\"_self\">Conf\u00e9rence et rencontre \u00e0 M\u00e9zi\u00e8res<\/a><\/h3><time class=\"rpwe-time published\" datetime=\"2025-01-15T16:31:36+01:00\">15 janvier 2025<\/time><div class=\"rpwe-summary\">Jeudi 23 janvier \u00e0 18h, la m\u00e9diath\u00e8que de M\u00e9zi\u00e8res organise une conf\u00e9rence sur le th\u00e8me des addictions. \u00ab\u00a0Addictions et conduites \u00e0 risques chez nos enfants et ados\u00a0\u00bb sera anim\u00e9 M Robi, de l\u2019association Addictions France. Cette question qui suscite tant d\u2019inqui\u00e9tudes pour de nombreux parents, n\u2019est pas sans solution. La &hellip;<a href=\"https:\/\/www.brenne-au-coeur.com\/index.php\/2025\/01\/15\/conference-et-rencontre-a-mezieres\/communes\/mezieres-en-brenne\/6280\/\" class=\"more-link\">Lire la suite...<\/a><\/div><\/li><li class=\"rpwe-li rpwe-clearfix\"><a class=\"rpwe-img\" href=\"https:\/\/www.brenne-au-coeur.com\/index.php\/2025\/01\/04\/chansons-francaises-au-lieutopie\/preuilly-sur-claise\/6261\/\" target=\"_self\"><img class=\"rpwe-alignleft rpwe-thumb\" src=\"https:\/\/www.brenne-au-coeur.com\/wp-content\/uploads\/2025\/01\/lieutopie-120x120.jpeg\" alt=\"Chansons fran\u00e7aises au Lieutopie\" height=\"120\" width=\"120\" loading=\"lazy\" decoding=\"async\"><\/a><h3 class=\"rpwe-title\"><a href=\"https:\/\/www.brenne-au-coeur.com\/index.php\/2025\/01\/04\/chansons-francaises-au-lieutopie\/preuilly-sur-claise\/6261\/\" target=\"_self\">Chansons fran\u00e7aises au Lieutopie<\/a><\/h3><time class=\"rpwe-time published\" datetime=\"2025-01-04T13:25:44+01:00\">4 janvier 2025<\/time><div class=\"rpwe-summary\">Samedi 11 janvier, \u00e0 20h30, \u00e0 Preuilly-sur-Claise, Pierre Depr\u00e9 et Nans Vincent se produiront au Lieutopie, caf\u00e9 associatif autog\u00e9r\u00e9. Les vid\u00e9os suivantes donnent l\u2019occasion de d\u00e9couvrir ces deux artistes et d\u2019appr\u00e9cier leur talent. Alors n\u2019h\u00e9sitez pas\u00a0! Entr\u00e9e au chapeau. Pierre Depr\u00e9 Nans Vincent<a href=\"https:\/\/www.brenne-au-coeur.com\/index.php\/2025\/01\/04\/chansons-francaises-au-lieutopie\/preuilly-sur-claise\/6261\/\" class=\"more-link\">Lire la suite...<\/a><\/div><\/li><li class=\"rpwe-li rpwe-clearfix\"><a class=\"rpwe-img\" href=\"https:\/\/www.brenne-au-coeur.com\/index.php\/2025\/01\/04\/bon-appetit\/a-lire\/6255\/\" target=\"_self\"><img class=\"rpwe-alignleft rpwe-thumb\" src=\"https:\/\/www.brenne-au-coeur.com\/wp-content\/uploads\/2025\/01\/entrecote-frites-120x120.jpeg\" alt=\"Bon app\u00e9tit\" height=\"120\" width=\"120\" loading=\"lazy\" decoding=\"async\"><\/a><h3 class=\"rpwe-title\"><a href=\"https:\/\/www.brenne-au-coeur.com\/index.php\/2025\/01\/04\/bon-appetit\/a-lire\/6255\/\" target=\"_self\">Bon app\u00e9tit<\/a><\/h3><time class=\"rpwe-time published\" datetime=\"2025-01-04T11:35:35+01:00\">4 janvier 2025<\/time><div class=\"rpwe-summary\">Une nouvelle \u00e9crite par Philippe Gitton. &nbsp; Adeline et Cl\u00e9ment descendirent de voiture. Ils jet\u00e8rent un coup d\u2019\u0153il distrait sur le pr\u00e9, faisant office de parking. Lentement, ils se dirig\u00e8rent vers une pin\u00e8de am\u00e9nag\u00e9e en base de loisirs. Ils travers\u00e8rent une all\u00e9e envahie par des joueurs de p\u00e9tanque. \u00c0 quelques &hellip;<a href=\"https:\/\/www.brenne-au-coeur.com\/index.php\/2025\/01\/04\/bon-appetit\/a-lire\/6255\/\" class=\"more-link\">Lire la suite...<\/a><\/div><\/li><li class=\"rpwe-li rpwe-clearfix\"><a class=\"rpwe-img\" href=\"https:\/\/www.brenne-au-coeur.com\/index.php\/2024\/12\/22\/le-cine-des-minos\/le-blanc\/6240\/\" target=\"_self\"><img class=\"rpwe-alignleft rpwe-thumb\" src=\"https:\/\/www.brenne-au-coeur.com\/wp-content\/uploads\/2024\/12\/ours-gloutons-120x120.jpeg\" alt=\"Le cin\u00e9 des minos\" height=\"120\" width=\"120\" loading=\"lazy\" decoding=\"async\"><\/a><h3 class=\"rpwe-title\"><a href=\"https:\/\/www.brenne-au-coeur.com\/index.php\/2024\/12\/22\/le-cine-des-minos\/le-blanc\/6240\/\" target=\"_self\">Le cin\u00e9 des minos<\/a><\/h3><time class=\"rpwe-time published\" datetime=\"2024-12-22T12:36:20+01:00\">22 d\u00e9cembre 2024<\/time><div class=\"rpwe-summary\">D\u00e8s janvier 2025, des salles de cin\u00e9ma des environs poursuivent leur programmation destin\u00e9e aux plus jeunes, propos\u00e9e par l&rsquo;association des cin\u00e9mas du Centre. Les ours gloutons au p\u00f4le nord (d\u00e8s 4 ans) De Alexandra Majova et Katherina Karhankova Les mois d\u2019hiver dans leur cabane, Nico et Mika, deux ours ins\u00e9parables, &hellip;<a href=\"https:\/\/www.brenne-au-coeur.com\/index.php\/2024\/12\/22\/le-cine-des-minos\/le-blanc\/6240\/\" class=\"more-link\">Lire la suite...<\/a><\/div><\/li><li class=\"rpwe-li rpwe-clearfix\"><a class=\"rpwe-img\" href=\"https:\/\/www.brenne-au-coeur.com\/index.php\/2024\/12\/21\/les-poetes-preparent-leur-printemps\/communes\/azay-le-ferron-communes\/6234\/\" target=\"_self\"><img class=\"rpwe-alignleft rpwe-thumb\" src=\"https:\/\/www.brenne-au-coeur.com\/wp-content\/uploads\/2024\/12\/printemps-de-poetes-25-120x120.jpeg\" alt=\"Les po\u00e8tes pr\u00e9parent leur printemps\" height=\"120\" width=\"120\" loading=\"lazy\" decoding=\"async\"><\/a><h3 class=\"rpwe-title\"><a href=\"https:\/\/www.brenne-au-coeur.com\/index.php\/2024\/12\/21\/les-poetes-preparent-leur-printemps\/communes\/azay-le-ferron-communes\/6234\/\" target=\"_self\">Les po\u00e8tes pr\u00e9parent leur printemps<\/a><\/h3><time class=\"rpwe-time published\" datetime=\"2024-12-21T15:47:44+01:00\">21 d\u00e9cembre 2024<\/time><div class=\"rpwe-summary\">Dans le cadre du printemps des po\u00e8tes 2025, la biblioth\u00e8que d&rsquo;Azay-le-Ferron, pr\u00e9sente une exposition de po\u00e8mes. D\u00e8s maintenant, celles et ceux qui le souhaitent, peuvent adresser leurs textes (d\u00e9j\u00e0 tap\u00e9s de pr\u00e9f\u00e9rence et avant la fin janvier si possible, pour gagner du temps). Deux soir\u00e9es \u00ab&nbsp;Po\u00e9sie&nbsp;\u00bb seront organis\u00e9es, le mercredi &hellip;<a href=\"https:\/\/www.brenne-au-coeur.com\/index.php\/2024\/12\/21\/les-poetes-preparent-leur-printemps\/communes\/azay-le-ferron-communes\/6234\/\" class=\"more-link\">Lire la suite...<\/a><\/div><\/li><li class=\"rpwe-li rpwe-clearfix\"><a class=\"rpwe-img\" href=\"https:\/\/www.brenne-au-coeur.com\/index.php\/2024\/12\/21\/barbara-la-chanteuse-de-minuit\/le-blanc\/6231\/\" target=\"_self\"><img class=\"rpwe-alignleft rpwe-thumb\" src=\"https:\/\/www.brenne-au-coeur.com\/wp-content\/uploads\/2024\/12\/visuel-Barbara-Chanteuse-de-minuit-credit-La-Ben-Compagnie-11-01-25-120x120.jpeg\" alt=\"Barbara, la chanteuse de minuit\" height=\"120\" width=\"120\" loading=\"lazy\" decoding=\"async\"><\/a><h3 class=\"rpwe-title\"><a href=\"https:\/\/www.brenne-au-coeur.com\/index.php\/2024\/12\/21\/barbara-la-chanteuse-de-minuit\/le-blanc\/6231\/\" target=\"_self\">Barbara, la chanteuse de minuit<\/a><\/h3><time class=\"rpwe-time published\" datetime=\"2024-12-21T15:08:41+01:00\">21 d\u00e9cembre 2024<\/time><div class=\"rpwe-summary\">Samedi 11 janvier 2025 \u00e0 20h30 au Moulin de la Filature, au Blanc, la Ben Compagnie propose un spectacle qui n&rsquo;est ni un r\u00e9cital, ni un biopic, mais une histoire en musique, l&rsquo;histoire de Lucy. Lucy, personnage \u00e9ponyme d&rsquo;une chanson de Barbara, va vivre une grande histoire d&rsquo;amour dans la &hellip;<a href=\"https:\/\/www.brenne-au-coeur.com\/index.php\/2024\/12\/21\/barbara-la-chanteuse-de-minuit\/le-blanc\/6231\/\" class=\"more-link\">Lire la suite...<\/a><\/div><\/li><li class=\"rpwe-li rpwe-clearfix\"><a class=\"rpwe-img\" href=\"https:\/\/www.brenne-au-coeur.com\/index.php\/2024\/12\/21\/le-ptit-bal-ratamouche\/douadic\/6228\/\" target=\"_self\"><img class=\"rpwe-alignleft rpwe-thumb\" src=\"https:\/\/www.brenne-au-coeur.com\/wp-content\/uploads\/2024\/12\/Petit-bal-ratamouche-2-120x120.jpg\" alt=\"Le p&rsquo;tit bal Ratamouche\" height=\"120\" width=\"120\" loading=\"lazy\" decoding=\"async\"><\/a><h3 class=\"rpwe-title\"><a href=\"https:\/\/www.brenne-au-coeur.com\/index.php\/2024\/12\/21\/le-ptit-bal-ratamouche\/douadic\/6228\/\" target=\"_self\">Le p&rsquo;tit bal Ratamouche<\/a><\/h3><time class=\"rpwe-time published\" datetime=\"2024-12-21T14:42:03+01:00\">21 d\u00e9cembre 2024<\/time><div class=\"rpwe-summary\">Mercredi 22 janvier 2025 \u00e0 17h30, la compagnie Azal\u00e9e pr\u00e9sente \u00ab\u00a0Le petit bal Ratamouche\u00a0\u00bb, salle des associations \u00e0 Douadic. Le Petit Bal Ratamouche ce sont des rondes qui tournent \u00e0 l\u2019envers, des capitaines qui font des ponts, une chanson sous les \u00e9toiles &#8230; sans parler des princesses au sac-\u00e0-main. Les &hellip;<a href=\"https:\/\/www.brenne-au-coeur.com\/index.php\/2024\/12\/21\/le-ptit-bal-ratamouche\/douadic\/6228\/\" class=\"more-link\">Lire la suite...<\/a><\/div><\/li><li class=\"rpwe-li rpwe-clearfix\"><a class=\"rpwe-img\" href=\"https:\/\/www.brenne-au-coeur.com\/index.php\/2024\/12\/03\/decouvrez-le-chant-du-tambour\/communes\/mezieres-en-brenne\/6205\/\" target=\"_self\"><img class=\"rpwe-alignleft rpwe-thumb\" src=\"https:\/\/www.brenne-au-coeur.com\/wp-content\/uploads\/2024\/12\/celineo-naturel-2-120x120.jpeg\" alt=\"D\u00e9couvrez le chant du tambour\" height=\"120\" width=\"120\" loading=\"lazy\" decoding=\"async\"><\/a><h3 class=\"rpwe-title\"><a href=\"https:\/\/www.brenne-au-coeur.com\/index.php\/2024\/12\/03\/decouvrez-le-chant-du-tambour\/communes\/mezieres-en-brenne\/6205\/\" target=\"_self\">D\u00e9couvrez le chant du tambour<\/a><\/h3><time class=\"rpwe-time published\" datetime=\"2024-12-03T18:49:17+01:00\">3 d\u00e9cembre 2024<\/time><div class=\"rpwe-summary\">Vendredi 13 d\u00e9cembre 2024 \u00e0 19h00, C\u00e9line O&rsquo; Naturel \u00e0 Sainte Clothilde (M\u00e9zi\u00e8res-en-Brenne) propose d\u2019exp\u00e9rimenter les bienfaits du Voyage au Tambour autour du feu en plein coeur de la Brenne. D\u00e9tente, connexion \u00e0 soi par le corps et les ressentis &#8230; Une nouvelle exp\u00e9rience \u00e0 vivre ou revivre pour s&rsquo;offrir &hellip;<a href=\"https:\/\/www.brenne-au-coeur.com\/index.php\/2024\/12\/03\/decouvrez-le-chant-du-tambour\/communes\/mezieres-en-brenne\/6205\/\" class=\"more-link\">Lire la suite...<\/a><\/div><\/li><li class=\"rpwe-li rpwe-clearfix\"><a class=\"rpwe-img\" href=\"https:\/\/www.brenne-au-coeur.com\/index.php\/2024\/12\/02\/grues-en-vue\/parc-de-la-brenne\/6198\/\" target=\"_self\"><img class=\"rpwe-alignleft rpwe-thumb\" src=\"https:\/\/www.brenne-au-coeur.com\/wp-content\/uploads\/2024\/12\/grues-cendrees-1-120x120.jpeg\" alt=\"Grues en vue\u00a0!\" height=\"120\" width=\"120\" loading=\"lazy\" decoding=\"async\"><\/a><h3 class=\"rpwe-title\"><a href=\"https:\/\/www.brenne-au-coeur.com\/index.php\/2024\/12\/02\/grues-en-vue\/parc-de-la-brenne\/6198\/\" target=\"_self\">Grues en vue\u00a0!<\/a><\/h3><time class=\"rpwe-time published\" datetime=\"2024-12-02T15:41:46+01:00\">2 d\u00e9cembre 2024<\/time><div class=\"rpwe-summary\">Vendredi 03 janvier 2025, de 15h00 \u00e0 17h30, le Parc Naturel R\u00e9gional de la Brenne organise une visite accompagn\u00e9e pour aller \u00e0 la rencontre des Grues Cendr\u00e9es. L\u2019animation sera assur\u00e9e par Tony Williams. Le rendez-vous est fix\u00e9 \u00e0 la maison du Parc, au Bouchet. Les Grues cendr\u00e9es visitent la Brenne &hellip;<a href=\"https:\/\/www.brenne-au-coeur.com\/index.php\/2024\/12\/02\/grues-en-vue\/parc-de-la-brenne\/6198\/\" class=\"more-link\">Lire la suite...<\/a><\/div><\/li><li class=\"rpwe-li rpwe-clearfix\"><a class=\"rpwe-img\" href=\"https:\/\/www.brenne-au-coeur.com\/index.php\/2024\/12\/01\/bals-clandestins-en-brenne\/communes\/6170\/\" target=\"_self\"><img class=\"rpwe-alignleft rpwe-thumb\" src=\"https:\/\/www.brenne-au-coeur.com\/wp-content\/uploads\/2024\/12\/Bal-clandestin-Mareuil-1944-\u00a9-R.PEARRON.resized.resized-120x120.jpg\" alt=\"Bals clandestins en Brenne\u00a0!\" height=\"120\" width=\"120\" loading=\"lazy\" decoding=\"async\"><\/a><h3 class=\"rpwe-title\"><a href=\"https:\/\/www.brenne-au-coeur.com\/index.php\/2024\/12\/01\/bals-clandestins-en-brenne\/communes\/6170\/\" target=\"_self\">Bals clandestins en Brenne\u00a0!<\/a><\/h3><time class=\"rpwe-time published\" datetime=\"2024-12-01T16:08:26+01:00\">1 d\u00e9cembre 2024<\/time><div class=\"rpwe-summary\">Les historiens ont \u00e0 peu pr\u00e8s tout auscult\u00e9 et \u00e9crit sur les \u00e9v\u00e8nements de la seconde guerre mondiale, sauf l\u2019organisation des bals clandestins quelque peu oubli\u00e9s et resurgis du pass\u00e9 en 2014 gr\u00e2ce \u00e0 la t\u00e9nacit\u00e9 et aux investigations de quelques professeurs d\u2019universit\u00e9 et chercheurs. Pour des raisons \u00e9videntes de &hellip;<a href=\"https:\/\/www.brenne-au-coeur.com\/index.php\/2024\/12\/01\/bals-clandestins-en-brenne\/communes\/6170\/\" class=\"more-link\">Lire la suite...<\/a><\/div><\/li><li class=\"rpwe-li rpwe-clearfix\"><a class=\"rpwe-img\" href=\"https:\/\/www.brenne-au-coeur.com\/index.php\/2024\/11\/18\/sauver-gaza\/mouvement-de-la-paix\/6151\/\" target=\"_self\"><img class=\"rpwe-alignleft rpwe-thumb\" src=\"https:\/\/www.brenne-au-coeur.com\/wp-content\/uploads\/2024\/11\/gaza2-120x120.jpeg\" alt=\"Sauver Gaza&nbsp;!\" height=\"120\" width=\"120\" loading=\"lazy\" decoding=\"async\"><\/a><h3 class=\"rpwe-title\"><a href=\"https:\/\/www.brenne-au-coeur.com\/index.php\/2024\/11\/18\/sauver-gaza\/mouvement-de-la-paix\/6151\/\" target=\"_self\">Sauver Gaza&nbsp;!<\/a><\/h3><time class=\"rpwe-time published\" datetime=\"2024-11-18T15:45:51+01:00\">18 novembre 2024<\/time><div class=\"rpwe-summary\">\u00a0 Depuis un an l&rsquo;horreur atteint des sommets inou\u00efs \u00e0 Gaza en Cisjordanie et \u00e0 J\u00e9rusalem. Isra\u00ebl m\u00e8ne une politique de destruction totale \u00e0 Gaza, de massacres de la population, en majorit\u00e9 des victimes civiles, femmes et enfants. L&rsquo;ONU a d\u00e9nonc\u00e9 un g\u00e9nocide plausible. En Cisjordanie et \u00e0 J\u00e9rusalem, la &hellip;<a href=\"https:\/\/www.brenne-au-coeur.com\/index.php\/2024\/11\/18\/sauver-gaza\/mouvement-de-la-paix\/6151\/\" class=\"more-link\">Lire la suite...<\/a><\/div><\/li><li class=\"rpwe-li rpwe-clearfix\"><a class=\"rpwe-img\" href=\"https:\/\/www.brenne-au-coeur.com\/index.php\/2024\/11\/18\/repas-au-profit-du-telethon\/communes\/sainte-gemme\/6147\/\" target=\"_self\"><img class=\"rpwe-alignleft rpwe-thumb\" src=\"https:\/\/www.brenne-au-coeur.com\/wp-content\/uploads\/2024\/11\/telethon-120x120.jpeg\" alt=\"Repas au profit du T\u00e9l\u00e9thon\" height=\"120\" width=\"120\" loading=\"lazy\" decoding=\"async\"><\/a><h3 class=\"rpwe-title\"><a href=\"https:\/\/www.brenne-au-coeur.com\/index.php\/2024\/11\/18\/repas-au-profit-du-telethon\/communes\/sainte-gemme\/6147\/\" target=\"_self\">Repas au profit du T\u00e9l\u00e9thon<\/a><\/h3><time class=\"rpwe-time published\" datetime=\"2024-11-18T15:27:42+01:00\">18 novembre 2024<\/time><div class=\"rpwe-summary\">Vendredi 29 novembre \u00e0 19h30, l\u2019association de Sainte-Gemme, \u00ab&nbsp;Partenaires de l\u2019Espoir&nbsp;\u00bb organise un repas. Le prix du menu est de 22 \u20ac. Tous les b\u00e9n\u00e9fices seront revers\u00e9s \u00e0 l\u2019AFM (Association Fran\u00e7aise contre les myopathies). Rappelons que L\u2019AFM-T\u00e9l\u00e9thon est n\u00e9e d\u2019une conviction et d\u2019une volont\u00e9\u202f:\u202fgu\u00e9rir des maladies longtemps consid\u00e9r\u00e9es comme incurables. &hellip;<a href=\"https:\/\/www.brenne-au-coeur.com\/index.php\/2024\/11\/18\/repas-au-profit-du-telethon\/communes\/sainte-gemme\/6147\/\" class=\"more-link\">Lire la suite...<\/a><\/div><\/li><li class=\"rpwe-li rpwe-clearfix\"><a class=\"rpwe-img\" href=\"https:\/\/www.brenne-au-coeur.com\/index.php\/2024\/11\/18\/la-chanson-facon-o\/le-blanc\/6141\/\" target=\"_self\"><img class=\"rpwe-alignleft rpwe-thumb\" src=\"https:\/\/www.brenne-au-coeur.com\/wp-content\/uploads\/2024\/11\/Resized_10000179821001-120x120.jpg\" alt=\"La chanson fa\u00e7on \u00d4 +\" height=\"120\" width=\"120\" loading=\"lazy\" decoding=\"async\"><\/a><h3 class=\"rpwe-title\"><a href=\"https:\/\/www.brenne-au-coeur.com\/index.php\/2024\/11\/18\/la-chanson-facon-o\/le-blanc\/6141\/\" target=\"_self\">La chanson fa\u00e7on \u00d4 +<\/a><\/h3><time class=\"rpwe-time published\" datetime=\"2024-11-18T14:32:56+01:00\">18 novembre 2024<\/time><div class=\"rpwe-summary\">Le dimanche 1er d\u00e9cembre 2024 \u00e0 17h au squatt du Blanc (salle \u00e0 droite de la m\u00e9diath\u00e8que), l&rsquo;association LA LOUBA pr\u00e9sente son spectacle de chansons&nbsp;: \u00d4+ Quatre personnages font entendre des textes de chansons autrement. Ils ont choisi des chansons connues mais pas que, toutes en fran\u00e7ais qu\u2019ils se sont &hellip;<a href=\"https:\/\/www.brenne-au-coeur.com\/index.php\/2024\/11\/18\/la-chanson-facon-o\/le-blanc\/6141\/\" class=\"more-link\">Lire la suite...<\/a><\/div><\/li><li class=\"rpwe-li rpwe-clearfix\"><a class=\"rpwe-img\" href=\"https:\/\/www.brenne-au-coeur.com\/index.php\/2024\/10\/27\/le-cafe-des-parentheses\/communes\/mezieres-en-brenne\/6125\/\" target=\"_self\"><img class=\"rpwe-alignleft rpwe-thumb\" src=\"https:\/\/www.brenne-au-coeur.com\/wp-content\/uploads\/2024\/10\/Parentheses_Cafe-des-parents_16-11-2024.resized-120x120.jpeg\" alt=\"Le caf\u00e9 des parenth\u00e8ses\" height=\"120\" width=\"120\" loading=\"lazy\" decoding=\"async\"><\/a><h3 class=\"rpwe-title\"><a href=\"https:\/\/www.brenne-au-coeur.com\/index.php\/2024\/10\/27\/le-cafe-des-parentheses\/communes\/mezieres-en-brenne\/6125\/\" target=\"_self\">Le caf\u00e9 des parenth\u00e8ses<\/a><\/h3><time class=\"rpwe-time published\" datetime=\"2024-10-27T15:56:05+01:00\">27 octobre 2024<\/time><div class=\"rpwe-summary\">Samedi 16 novembre de 15h \u00e0 16h30, dans le cadre de ses \u00ab&nbsp;Parent(h\u00e8se)s&nbsp;\u00bb, la m\u00e9diath\u00e8que de M\u00e9zi\u00e8res-en-Brenne organise un Caf\u00e9 des parents sur le th\u00e8me de \u00ab&nbsp;la communication en famille&nbsp;\u00bb. Il sera anim\u00e9 par Virginie Millin, psychologue sp\u00e9cialis\u00e9e dans l\u2019accompagnement des familles\/des professionnel.les de l\u2019accompagnement et de la r\u00e9gulation des &hellip;<a href=\"https:\/\/www.brenne-au-coeur.com\/index.php\/2024\/10\/27\/le-cafe-des-parentheses\/communes\/mezieres-en-brenne\/6125\/\" class=\"more-link\">Lire la suite...<\/a><\/div><\/li><li class=\"rpwe-li rpwe-clearfix\"><a class=\"rpwe-img\" href=\"https:\/\/www.brenne-au-coeur.com\/index.php\/2024\/10\/22\/spectacle-vivant-la-crise\/communes\/6106\/\" target=\"_self\"><img class=\"rpwe-alignleft rpwe-thumb\" src=\"https:\/\/www.brenne-au-coeur.com\/wp-content\/uploads\/2024\/10\/culture2-1-120x120.jpeg\" alt=\"Spectacle vivant, la crise\" height=\"120\" width=\"120\" loading=\"lazy\" decoding=\"async\"><\/a><h3 class=\"rpwe-title\"><a href=\"https:\/\/www.brenne-au-coeur.com\/index.php\/2024\/10\/22\/spectacle-vivant-la-crise\/communes\/6106\/\" target=\"_self\">Spectacle vivant, la crise<\/a><\/h3><time class=\"rpwe-time published\" datetime=\"2024-10-22T09:31:57+02:00\">22 octobre 2024<\/time><div class=\"rpwe-summary\">Saisons raccourcies, projets \u00e0 l\u2019arr\u00eat, budgets en berne, \u00e9lus d\u00e9sireux de reprendre la main sur les programmations\u2026 Le spectacle vivant est en souffrance. De l\u2019Op\u00e9ra de Paris \u00e0 la Com\u00e9die Fran\u00e7aise, du th\u00e9\u00e2tre national de la Colline \u00e0 celui des Amandiers\u2026 &nbsp; Les programmes de la saison 2024-2025 ne laissent &hellip;<a href=\"https:\/\/www.brenne-au-coeur.com\/index.php\/2024\/10\/22\/spectacle-vivant-la-crise\/communes\/6106\/\" class=\"more-link\">Lire la suite...<\/a><\/div><\/li><li class=\"rpwe-li rpwe-clearfix\"><a class=\"rpwe-img\" href=\"https:\/\/www.brenne-au-coeur.com\/index.php\/2024\/10\/20\/halloween-entre-amis\/le-blanc\/6023\/\" target=\"_self\"><img class=\"rpwe-alignleft rpwe-thumb\" src=\"https:\/\/www.brenne-au-coeur.com\/wp-content\/uploads\/2024\/10\/Soiree-HALLOWEEN-31-10-2024-120x120.jpg\" alt=\"Halloween entre amis\" height=\"120\" width=\"120\" loading=\"lazy\" decoding=\"async\"><\/a><h3 class=\"rpwe-title\"><a href=\"https:\/\/www.brenne-au-coeur.com\/index.php\/2024\/10\/20\/halloween-entre-amis\/le-blanc\/6023\/\" target=\"_self\">Halloween entre amis<\/a><\/h3><time class=\"rpwe-time published\" datetime=\"2024-10-20T16:43:48+02:00\">20 octobre 2024<\/time><div class=\"rpwe-summary\">Le 31 octobre, de 16h \u00e0 19h, l\u2019association \u00ab&nbsp;Les Amis du Blanc et sa r\u00e9gion&nbsp;\u00bb, offre une soir\u00e9e Halloween, au 11 rue Grande, Ville Haute au Blanc. Au programme&nbsp;: recherche de squelletos, soupe \u00e0 la citrouille et autres r\u00e9jouissances pour petits et grands. L&rsquo;association des Amis du Blanc et de &hellip;<a href=\"https:\/\/www.brenne-au-coeur.com\/index.php\/2024\/10\/20\/halloween-entre-amis\/le-blanc\/6023\/\" class=\"more-link\">Lire la suite...<\/a><\/div><\/li><li class=\"rpwe-li rpwe-clearfix\"><a class=\"rpwe-img\" href=\"https:\/\/www.brenne-au-coeur.com\/index.php\/2024\/10\/20\/escapages-pour-lire-et-choisir\/mediatheque\/6016\/\" target=\"_self\"><img class=\"rpwe-alignleft rpwe-thumb\" src=\"https:\/\/www.brenne-au-coeur.com\/wp-content\/uploads\/2024\/10\/escapages-24-120x120.jpeg\" alt=\"Escapages, pour lire et \u00e9lire\" height=\"120\" width=\"120\" loading=\"lazy\" decoding=\"async\"><\/a><h3 class=\"rpwe-title\"><a href=\"https:\/\/www.brenne-au-coeur.com\/index.php\/2024\/10\/20\/escapages-pour-lire-et-choisir\/mediatheque\/6016\/\" target=\"_self\">Escapages, pour lire et \u00e9lire<\/a><\/h3><time class=\"rpwe-time published\" datetime=\"2024-10-20T16:06:51+02:00\">20 octobre 2024<\/time><div class=\"rpwe-summary\">La participation au prix des lecteurs de l\u2019Indre 2024 est d\u00e9sormais possible. La date limite d\u2019inscription est fix\u00e9e au 13 d\u00e9cembre. Il s\u2019agit donc de lire 4 livres propos\u00e9s en fonction des diff\u00e9rentes cat\u00e9gories d\u2019\u00e2ge. Puis de voter pour son ouvrage pr\u00e9f\u00e9r\u00e9, le 24 mai 2025 dans les lieux partenaires, &hellip;<a href=\"https:\/\/www.brenne-au-coeur.com\/index.php\/2024\/10\/20\/escapages-pour-lire-et-choisir\/mediatheque\/6016\/\" class=\"more-link\">Lire la suite...<\/a><\/div><\/li><li class=\"rpwe-li rpwe-clearfix\"><a class=\"rpwe-img\" href=\"https:\/\/www.brenne-au-coeur.com\/index.php\/2024\/10\/06\/liszt-lathlete\/chateauroux\/6004\/\" target=\"_self\"><img class=\"rpwe-alignleft rpwe-thumb\" src=\"https:\/\/www.brenne-au-coeur.com\/wp-content\/uploads\/2024\/10\/liszt-120x120.jpeg\" alt=\"Liszt, l\u2019athl\u00e8te\u00a0!\" height=\"120\" width=\"120\" loading=\"lazy\" decoding=\"async\"><\/a><h3 class=\"rpwe-title\"><a href=\"https:\/\/www.brenne-au-coeur.com\/index.php\/2024\/10\/06\/liszt-lathlete\/chateauroux\/6004\/\" target=\"_self\">Liszt, l\u2019athl\u00e8te\u00a0!<\/a><\/h3><time class=\"rpwe-time published\" datetime=\"2024-10-06T16:05:45+02:00\">6 octobre 2024<\/time><div class=\"rpwe-summary\">Du 18 au 23 octobre aura lieu la 23e \u00e9dition des Lisztomanias de Ch\u00e2teauroux. Notre volont\u00e9, affirme Jean-Yves Cl\u00e9ment, directeur artistique, est d\u2019\u00e9tablir un parall\u00e8le entre l\u2019olympisme et ce que fut l\u2019apparition de Liszt et son art de la sc\u00e8ne dans les ann\u00e9es 1830\/40, inventant le concert moderne avec ses &hellip;<a href=\"https:\/\/www.brenne-au-coeur.com\/index.php\/2024\/10\/06\/liszt-lathlete\/chateauroux\/6004\/\" class=\"more-link\">Lire la suite...<\/a><\/div><\/li><li class=\"rpwe-li rpwe-clearfix\"><a class=\"rpwe-img\" href=\"https:\/\/www.brenne-au-coeur.com\/index.php\/2024\/10\/06\/veronique-despax-sexpose-au-moulin\/communes\/mezieres-en-brenne\/6002\/\" target=\"_self\"><img class=\"rpwe-alignleft rpwe-thumb\" src=\"https:\/\/www.brenne-au-coeur.com\/wp-content\/uploads\/2024\/10\/IMG_20241004_164405.resized-120x120.jpg\" alt=\"V\u00e9ronique Despax s\u2019expose au Moulin\" height=\"120\" width=\"120\" loading=\"lazy\" decoding=\"async\"><\/a><h3 class=\"rpwe-title\"><a href=\"https:\/\/www.brenne-au-coeur.com\/index.php\/2024\/10\/06\/veronique-despax-sexpose-au-moulin\/communes\/mezieres-en-brenne\/6002\/\" target=\"_self\">V\u00e9ronique Despax s\u2019expose au Moulin<\/a><\/h3><time class=\"rpwe-time published\" datetime=\"2024-10-06T15:09:49+02:00\">6 octobre 2024<\/time><div class=\"rpwe-summary\">Le Moulin accueille jusqu\u2019au 31 octobre, les tableaux de V\u00e9ronique Despax. Pourtant, le visiteur pourrait s\u2019y m\u00e9prendre et croire que l\u2019exposition est consacr\u00e9e \u00e0 plusieurs artistes. Tant les univers et les styles de peinture paraissent diff\u00e9rents. En quelques pas, le regard s\u2019attarde dans un univers rose inspir\u00e9 par le corps &hellip;<a href=\"https:\/\/www.brenne-au-coeur.com\/index.php\/2024\/10\/06\/veronique-despax-sexpose-au-moulin\/communes\/mezieres-en-brenne\/6002\/\" class=\"more-link\">Lire la suite...<\/a><\/div><\/li><li class=\"rpwe-li rpwe-clearfix\"><a class=\"rpwe-img\" href=\"https:\/\/www.brenne-au-coeur.com\/index.php\/2024\/10\/06\/les-mediatheques-font-leurs-contes\/communes\/azay-le-ferron-communes\/5992\/\" target=\"_self\"><img class=\"rpwe-alignleft rpwe-thumb\" src=\"https:\/\/www.brenne-au-coeur.com\/wp-content\/uploads\/2024\/10\/tony-havart-120x120.jpeg\" alt=\"Les m\u00e9diath\u00e8ques font leurs contes\" height=\"120\" width=\"120\" loading=\"lazy\" decoding=\"async\"><\/a><h3 class=\"rpwe-title\"><a href=\"https:\/\/www.brenne-au-coeur.com\/index.php\/2024\/10\/06\/les-mediatheques-font-leurs-contes\/communes\/azay-le-ferron-communes\/5992\/\" target=\"_self\">Les m\u00e9diath\u00e8ques font leurs contes<\/a><\/h3><time class=\"rpwe-time published\" datetime=\"2024-10-06T10:56:05+02:00\">6 octobre 2024<\/time><div class=\"rpwe-summary\">Le festival de contes \u00ab\u00a0La clef dans le sac\u00a0\u00bb, pr\u00e9sent\u00e9\u00a0 par les m\u00e9diath\u00e8ques d\u2019Azay-le-Ferron, Martizay et M\u00e9zi\u00e8res-en-Brenne et la communaut\u00e9 de communes \u00ab\u00a0C\u0153ur de Brenne, se d\u00e9roulera cette ann\u00e9e, du 21 au 25 octobre. C\u2019est H\u00e9l\u00e8ne Palardy qui ouvrira le bal, lundi 21. Tout d\u2019abord \u00e0 10h30, \u00e0 la m\u00e9diath\u00e8que &hellip;<a href=\"https:\/\/www.brenne-au-coeur.com\/index.php\/2024\/10\/06\/les-mediatheques-font-leurs-contes\/communes\/azay-le-ferron-communes\/5992\/\" class=\"more-link\">Lire la suite...<\/a><\/div><\/li><li class=\"rpwe-li rpwe-clearfix\"><a class=\"rpwe-img\" href=\"https:\/\/www.brenne-au-coeur.com\/index.php\/2024\/10\/03\/marie-coutant-a-azay\/communes\/azay-le-ferron-communes\/5981\/\" target=\"_self\"><img class=\"rpwe-alignleft rpwe-thumb\" src=\"https:\/\/www.brenne-au-coeur.com\/wp-content\/uploads\/2024\/10\/marie-coutant-2.resized-120x120.jpg\" alt=\"Marie Coutant \u00e0 Azay\" height=\"120\" width=\"120\" loading=\"lazy\" decoding=\"async\"><\/a><h3 class=\"rpwe-title\"><a href=\"https:\/\/www.brenne-au-coeur.com\/index.php\/2024\/10\/03\/marie-coutant-a-azay\/communes\/azay-le-ferron-communes\/5981\/\" target=\"_self\">Marie Coutant \u00e0 Azay<\/a><\/h3><time class=\"rpwe-time published\" datetime=\"2024-10-03T14:35:05+02:00\">3 octobre 2024<\/time><div class=\"rpwe-summary\">La chanteuse se produira, vendredi 18 octobre \u00e0 20h30, \u00e0 la salle des f\u00eates d\u2019Azay-le-Ferron. Elle sera accompagn\u00e9e par Romain Lev\u00eaque \u00e0 la batterie, Bruno Pasquet \u00e0 la basse et Anthony Allorent, \u00e0 la r\u00e9gie son. Une premi\u00e8re partie sera assur\u00e9e par le groupe Luxe Communal Duo. Marie Coutant, comme &hellip;<a href=\"https:\/\/www.brenne-au-coeur.com\/index.php\/2024\/10\/03\/marie-coutant-a-azay\/communes\/azay-le-ferron-communes\/5981\/\" class=\"more-link\">Lire la suite...<\/a><\/div><\/li><li class=\"rpwe-li rpwe-clearfix\"><a class=\"rpwe-img\" href=\"https:\/\/www.brenne-au-coeur.com\/index.php\/2024\/09\/05\/le-fluid-art-de-robert\/communes\/azay-le-ferron-communes\/5966\/\" target=\"_self\"><img class=\"rpwe-alignleft rpwe-thumb\" src=\"https:\/\/www.brenne-au-coeur.com\/wp-content\/uploads\/2024\/09\/IMG_20240904_175608.resized-120x120.jpg\" alt=\"Le Fluid Art de Robert\" height=\"120\" width=\"120\" loading=\"lazy\" decoding=\"async\"><\/a><h3 class=\"rpwe-title\"><a href=\"https:\/\/www.brenne-au-coeur.com\/index.php\/2024\/09\/05\/le-fluid-art-de-robert\/communes\/azay-le-ferron-communes\/5966\/\" target=\"_self\">Le Fluid Art de Robert<\/a><\/h3><time class=\"rpwe-time published\" datetime=\"2024-09-05T17:29:50+02:00\">5 septembre 2024<\/time><div class=\"rpwe-summary\">Jusqu\u2019au 27 septembre, la m\u00e9diath\u00e8que d\u2019Azay-le-Ferron invite le public \u00e0 d\u00e9couvrir le Fluid Art Acrylique. Une technique de peinture tr\u00e8s particuli\u00e8re, utilis\u00e9e par Robert Boscarino pour r\u00e9aliser ces \u0153uvres. La d\u00e9ambulation tout au long de la grande salle de la m\u00e9diath\u00e8que, offre le plaisir de se laisser happer par les &hellip;<a href=\"https:\/\/www.brenne-au-coeur.com\/index.php\/2024\/09\/05\/le-fluid-art-de-robert\/communes\/azay-le-ferron-communes\/5966\/\" class=\"more-link\">Lire la suite...<\/a><\/div><\/li><li class=\"rpwe-li rpwe-clearfix\"><a class=\"rpwe-img\" href=\"https:\/\/www.brenne-au-coeur.com\/index.php\/2024\/09\/03\/feu-dartifice-de-couleurs-au-moulin\/communes\/mezieres-en-brenne\/5955\/\" target=\"_self\"><img class=\"rpwe-alignleft rpwe-thumb\" src=\"https:\/\/www.brenne-au-coeur.com\/wp-content\/uploads\/2024\/09\/IMG_20240903_160152.resized-120x120.jpg\" alt=\"Feu d\u2019artifice de couleurs au Moulin\" height=\"120\" width=\"120\" loading=\"lazy\" decoding=\"async\"><\/a><h3 class=\"rpwe-title\"><a href=\"https:\/\/www.brenne-au-coeur.com\/index.php\/2024\/09\/03\/feu-dartifice-de-couleurs-au-moulin\/communes\/mezieres-en-brenne\/5955\/\" target=\"_self\">Feu d\u2019artifice de couleurs au Moulin<\/a><\/h3><time class=\"rpwe-time published\" datetime=\"2024-09-03T18:48:04+02:00\">3 septembre 2024<\/time><div class=\"rpwe-summary\">Le Moulin propose sa nouvelle exposition intitul\u00e9e&nbsp;: \u201c L&rsquo;Art au F\u00e9minin \u201d Rarement, les visiteurs de la salle d\u2019exposition du Moulin n\u2019auront \u00e9t\u00e9 \u00e9merveill\u00e9s par autant de couleurs chatoyantes. Un vrai festival de teintes vives et lumineuses. On reste captiv\u00e9 de la premi\u00e8re \u00e0 la derni\u00e8re toile, par la vari\u00e9t\u00e9 &hellip;<a href=\"https:\/\/www.brenne-au-coeur.com\/index.php\/2024\/09\/03\/feu-dartifice-de-couleurs-au-moulin\/communes\/mezieres-en-brenne\/5955\/\" class=\"more-link\">Lire la suite...<\/a><\/div><\/li><li class=\"rpwe-li rpwe-clearfix\"><a class=\"rpwe-img\" href=\"https:\/\/www.brenne-au-coeur.com\/index.php\/2024\/09\/01\/la-maitrise-de-sainte-croix-de-neuilly-a-azay\/communes\/azay-le-ferron-communes\/5937\/\" target=\"_self\"><img class=\"rpwe-alignleft rpwe-thumb\" src=\"https:\/\/www.brenne-au-coeur.com\/wp-content\/uploads\/2024\/09\/concert1509Azay-maitrise-ste-croix_A3.resized-120x120.jpeg\" alt=\"La Ma\u00eetrise de Sainte-Croix de Neuilly \u00e0 Azay\" height=\"120\" width=\"120\" loading=\"lazy\" decoding=\"async\"><\/a><h3 class=\"rpwe-title\"><a href=\"https:\/\/www.brenne-au-coeur.com\/index.php\/2024\/09\/01\/la-maitrise-de-sainte-croix-de-neuilly-a-azay\/communes\/azay-le-ferron-communes\/5937\/\" target=\"_self\">La Ma\u00eetrise de Sainte-Croix de Neuilly \u00e0 Azay<\/a><\/h3><time class=\"rpwe-time published\" datetime=\"2024-09-01T17:20:12+02:00\">1 septembre 2024<\/time><div class=\"rpwe-summary\">Dimanche 15 septembre, \u00e0 16h, en l\u2019\u00e9glise Saint Nazaire d\u2019Azay le Ferron, l\u2019association Manoir des Arts de Jaugette\u00a0 et la ville de Loches accueillent la Ma\u00eetrise de Saint Croix de Neuilly. Le ch\u0153ur de 50 enfants, sous la direction de Fran\u00e7ois Polgar. Ainsi qu\u2019elle se pr\u00e9sente sur son site, la &hellip;<a href=\"https:\/\/www.brenne-au-coeur.com\/index.php\/2024\/09\/01\/la-maitrise-de-sainte-croix-de-neuilly-a-azay\/communes\/azay-le-ferron-communes\/5937\/\" class=\"more-link\">Lire la suite...<\/a><\/div><\/li><li class=\"rpwe-li rpwe-clearfix\"><a class=\"rpwe-img\" href=\"https:\/\/www.brenne-au-coeur.com\/index.php\/2024\/09\/01\/de-la-gendarmerie-de-mezieres-aux-theatres-parisiens\/communes\/mezieres-en-brenne\/5914\/\" target=\"_self\"><img class=\"rpwe-alignleft rpwe-thumb\" src=\"https:\/\/www.brenne-au-coeur.com\/wp-content\/uploads\/2024\/09\/la-venus-120x120.jpg\" alt=\"De la gendarmerie de M\u00e9zi\u00e8res aux th\u00e9\u00e2tres parisiens\" height=\"120\" width=\"120\" loading=\"lazy\" decoding=\"async\"><\/a><h3 class=\"rpwe-title\"><a href=\"https:\/\/www.brenne-au-coeur.com\/index.php\/2024\/09\/01\/de-la-gendarmerie-de-mezieres-aux-theatres-parisiens\/communes\/mezieres-en-brenne\/5914\/\" target=\"_self\">De la gendarmerie de M\u00e9zi\u00e8res aux th\u00e9\u00e2tres parisiens<\/a><\/h3><time class=\"rpwe-time published\" datetime=\"2024-09-01T16:50:48+02:00\">1 septembre 2024<\/time><div class=\"rpwe-summary\">Les libres destin\u00e9es des s\u0153urs Goret&nbsp;! Qui aurait imagin\u00e9 que ce nom tr\u00e8s commun et peu flatteur ait travers\u00e9 le XIXe si\u00e8cle en se faisant tout d\u2019abord conna\u00eetre dans un \u00e9crit de George Sand pour perdurer gr\u00e2ce aux voix d\u2019artistes lyriques et dramatiques de deux s\u0153urs qui se produisirent dans &hellip;<a href=\"https:\/\/www.brenne-au-coeur.com\/index.php\/2024\/09\/01\/de-la-gendarmerie-de-mezieres-aux-theatres-parisiens\/communes\/mezieres-en-brenne\/5914\/\" class=\"more-link\">Lire la suite...<\/a><\/div><\/li><li class=\"rpwe-li rpwe-clearfix\"><a class=\"rpwe-img\" href=\"https:\/\/www.brenne-au-coeur.com\/index.php\/2024\/08\/15\/la-brenne-sous-les-doigts-des-artistes\/communes\/5890\/\" target=\"_self\"><img class=\"rpwe-alignleft rpwe-thumb\" src=\"https:\/\/www.brenne-au-coeur.com\/wp-content\/uploads\/2024\/08\/matin-ete-brenne-scaled-120x120.jpg\" alt=\"La Brenne sous les doigts des artistes\" height=\"120\" width=\"120\" loading=\"lazy\" decoding=\"async\"><\/a><h3 class=\"rpwe-title\"><a href=\"https:\/\/www.brenne-au-coeur.com\/index.php\/2024\/08\/15\/la-brenne-sous-les-doigts-des-artistes\/communes\/5890\/\" target=\"_self\">La Brenne sous les doigts des artistes<\/a><\/h3><time class=\"rpwe-time published\" datetime=\"2024-08-15T17:16:23+02:00\">15 ao\u00fbt 2024<\/time><div class=\"rpwe-summary\">Jusqu\u2019au 29 ao\u00fbt, le 38\u00e8me salon des peintres de la Brenne ouvre ses portes \u00e0 huit peintres et une sculptrice. Comme chaque ann\u00e9e, la salle des expositions du Moulin, offrira aux artistes un lieu pour livrer, avec leur technique et leur sensibilit\u00e9, leur regard sur la r\u00e9gion aux mille \u00e9tangs, &hellip;<a href=\"https:\/\/www.brenne-au-coeur.com\/index.php\/2024\/08\/15\/la-brenne-sous-les-doigts-des-artistes\/communes\/5890\/\" class=\"more-link\">Lire la suite...<\/a><\/div><\/li><li class=\"rpwe-li rpwe-clearfix\"><a class=\"rpwe-img\" href=\"https:\/\/www.brenne-au-coeur.com\/index.php\/2024\/08\/14\/oui-au-cada\/belabre\/5883\/\" target=\"_self\"><img class=\"rpwe-alignleft rpwe-thumb\" src=\"https:\/\/www.brenne-au-coeur.com\/wp-content\/uploads\/2024\/08\/ouiaucada-120x120.jpeg\" alt=\"Oui au CADA\" height=\"120\" width=\"120\" loading=\"lazy\" decoding=\"async\"><\/a><h3 class=\"rpwe-title\"><a href=\"https:\/\/www.brenne-au-coeur.com\/index.php\/2024\/08\/14\/oui-au-cada\/belabre\/5883\/\" target=\"_self\">Oui au CADA<\/a><\/h3><time class=\"rpwe-time published\" datetime=\"2024-08-14T14:59:13+02:00\">14 ao\u00fbt 2024<\/time><div class=\"rpwe-summary\">Un collectif \u00ab&nbsp;Oui au CADA&nbsp;\u00bb s\u2019est constitu\u00e9 \u00e0 B\u00e9l\u00e2bre, en 2023. Un soutien \u00e0 la cr\u00e9ation d\u2019un Centre d\u2019Accueil de Demandeurs d\u2019Asile,\u00a0 r\u00e9pondant aux manifestations de rejet du projet, par une partie de la population du village. Une opposition entretenue par l\u2019intervention de nombreux militants d\u2019extr\u00eame droite, ext\u00e9rieurs \u00e0 la &hellip;<a href=\"https:\/\/www.brenne-au-coeur.com\/index.php\/2024\/08\/14\/oui-au-cada\/belabre\/5883\/\" class=\"more-link\">Lire la suite...<\/a><\/div><\/li><li class=\"rpwe-li rpwe-clearfix\"><a class=\"rpwe-img\" href=\"https:\/\/www.brenne-au-coeur.com\/index.php\/2024\/08\/09\/des-ateliers-pour-lhistoire\/communes\/martizay\/5874\/\" target=\"_self\"><img class=\"rpwe-alignleft rpwe-thumb\" src=\"https:\/\/www.brenne-au-coeur.com\/wp-content\/uploads\/2024\/08\/IMG_20240807_163900.resized-120x120.jpg\" alt=\"Des ateliers pour l\u2019Histoire\" height=\"120\" width=\"120\" loading=\"lazy\" decoding=\"async\"><\/a><h3 class=\"rpwe-title\"><a href=\"https:\/\/www.brenne-au-coeur.com\/index.php\/2024\/08\/09\/des-ateliers-pour-lhistoire\/communes\/martizay\/5874\/\" target=\"_self\">Des ateliers pour l\u2019Histoire<\/a><\/h3><time class=\"rpwe-time published\" datetime=\"2024-08-09T17:50:24+02:00\">9 ao\u00fbt 2024<\/time><div class=\"rpwe-summary\">L\u2019association des amis du vieux Martizay donne rendez-vous, les 14, 21 et 28 ao\u00fbt prochains pour participer \u00e0 des ateliers. Une fa\u00e7on ludique de s\u2019initier \u00e0 l\u2019histoire lointaine du village. Mercredi 14 ao\u00fbt \u00e0 15h, il s\u2019agira de r\u00e9aliser une maquette simplifi\u00e9e d\u2019un Therme romain. Une reconstitution des principales pi\u00e8ces &hellip;<a href=\"https:\/\/www.brenne-au-coeur.com\/index.php\/2024\/08\/09\/des-ateliers-pour-lhistoire\/communes\/martizay\/5874\/\" class=\"more-link\">Lire la suite...<\/a><\/div><\/li><li class=\"rpwe-li rpwe-clearfix\"><a class=\"rpwe-img\" href=\"https:\/\/www.brenne-au-coeur.com\/index.php\/2024\/08\/09\/il-etait-une-fois-un-receveur-des-postes\/communes\/mezieres-en-brenne\/5869\/\" target=\"_self\"><img class=\"rpwe-alignleft rpwe-thumb\" src=\"https:\/\/www.brenne-au-coeur.com\/wp-content\/uploads\/2024\/08\/IMG_20240809_121118.resized-120x120.jpg\" alt=\"Il \u00e9tait une fois un receveur des Postes\" height=\"120\" width=\"120\" loading=\"lazy\" decoding=\"async\"><\/a><h3 class=\"rpwe-title\"><a href=\"https:\/\/www.brenne-au-coeur.com\/index.php\/2024\/08\/09\/il-etait-une-fois-un-receveur-des-postes\/communes\/mezieres-en-brenne\/5869\/\" target=\"_self\">Il \u00e9tait une fois un receveur des Postes<\/a><\/h3><time class=\"rpwe-time published\" datetime=\"2024-08-09T16:37:00+02:00\">9 ao\u00fbt 2024<\/time><div class=\"rpwe-summary\">Avec ce livre, Claudette S\u00e9r\u00e8s, invite \u00e0 d\u00e9couvrir la vie de Serge B\u00e9gu\u00e9 qui a offici\u00e9 \u00e0 la Poste de M\u00e9zi\u00e8res-en-Brenne entre 1980 et 1986. Une \u00e9tape significative d\u2019une existence professionnelle et humaine exemplaire. \u00ab\u00a0M\u00e9zi\u00e8res a \u00e9t\u00e9 la commune o\u00f9 il s\u2019est senti le mieux, m\u2019avait confi\u00e9 Serge B\u00e9gu\u00e9\u00a0\u00bb, rapporte &hellip;<a href=\"https:\/\/www.brenne-au-coeur.com\/index.php\/2024\/08\/09\/il-etait-une-fois-un-receveur-des-postes\/communes\/mezieres-en-brenne\/5869\/\" class=\"more-link\">Lire la suite...<\/a><\/div><\/li><li class=\"rpwe-li rpwe-clearfix\"><a class=\"rpwe-img\" href=\"https:\/\/www.brenne-au-coeur.com\/index.php\/2024\/08\/01\/musique-danse-et-gastronomie-a-mezieres\/communes\/mezieres-en-brenne\/5859\/\" target=\"_self\"><img class=\"rpwe-alignleft rpwe-thumb\" src=\"https:\/\/www.brenne-au-coeur.com\/wp-content\/uploads\/2024\/08\/manquab-120x120.jpg\" alt=\"Musique, danse et gastronomie \u00e0 M\u00e9zi\u00e8res\" height=\"120\" width=\"120\" loading=\"lazy\" decoding=\"async\"><\/a><h3 class=\"rpwe-title\"><a href=\"https:\/\/www.brenne-au-coeur.com\/index.php\/2024\/08\/01\/musique-danse-et-gastronomie-a-mezieres\/communes\/mezieres-en-brenne\/5859\/\" target=\"_self\">Musique, danse et gastronomie \u00e0 M\u00e9zi\u00e8res<\/a><\/h3><time class=\"rpwe-time published\" datetime=\"2024-08-01T14:21:37+02:00\">1 ao\u00fbt 2024<\/time><div class=\"rpwe-summary\">March\u00e9 gourmand et bal trad, samedi 17 ao\u00fbt 2024 \u00e0 19h00, Place Jean Moulin \u00e0 M\u00e9zi\u00e8res-en-Brenne. Une soir\u00e9e organis\u00e9e par la M\u00e9diath\u00e8que de M\u00e9zi\u00e8res-en-Brenne et Le Moulin. Tout commence par un ap\u00e9ro-rencontre \u00e0 la m\u00e9diath\u00e8que avec les musiciens de Manquab. Puis le march\u00e9 gourmand de produits locaux s&rsquo;installent sur la &hellip;<a href=\"https:\/\/www.brenne-au-coeur.com\/index.php\/2024\/08\/01\/musique-danse-et-gastronomie-a-mezieres\/communes\/mezieres-en-brenne\/5859\/\" class=\"more-link\">Lire la suite...<\/a><\/div><\/li><li class=\"rpwe-li rpwe-clearfix\"><a class=\"rpwe-img\" href=\"https:\/\/www.brenne-au-coeur.com\/index.php\/2024\/08\/01\/jazz-a-la-haute-touche-2\/haute-touche\/5856\/\" target=\"_self\"><img class=\"rpwe-alignleft rpwe-thumb\" src=\"https:\/\/www.brenne-au-coeur.com\/wp-content\/uploads\/2024\/08\/cecilya-120x120.jpeg\" alt=\"Jazz \u00e0 la Haute-Touche\" height=\"120\" width=\"120\" loading=\"lazy\" decoding=\"async\"><\/a><h3 class=\"rpwe-title\"><a href=\"https:\/\/www.brenne-au-coeur.com\/index.php\/2024\/08\/01\/jazz-a-la-haute-touche-2\/haute-touche\/5856\/\" target=\"_self\">Jazz \u00e0 la Haute-Touche<\/a><\/h3><time class=\"rpwe-time published\" datetime=\"2024-08-01T13:04:46+02:00\">1 ao\u00fbt 2024<\/time><div class=\"rpwe-summary\">Samedi 17 ao\u00fbt 2024 \u00e0 20h30, l\u2019Association des amis de la Haute Touche organise son traditionnel concert d\u2019\u00e9t\u00e9, au c\u0153ur de la r\u00e9serve zoologique. Une belle affiche cette ann\u00e9e encore. En 1\u00e8re partie \u00ab&nbsp;Les Cariboux du Poitou&nbsp;\u00bb , trio de compositions et reprises &#8211; qui en feront sourire plus d\u2019un &hellip;<a href=\"https:\/\/www.brenne-au-coeur.com\/index.php\/2024\/08\/01\/jazz-a-la-haute-touche-2\/haute-touche\/5856\/\" class=\"more-link\">Lire la suite...<\/a><\/div><\/li><li class=\"rpwe-li rpwe-clearfix\"><a class=\"rpwe-img\" href=\"https:\/\/www.brenne-au-coeur.com\/index.php\/2024\/07\/15\/un-maitre-nageur-pour-chatillon\/chatillon-sur-indre\/5830\/\" target=\"_self\"><img class=\"rpwe-alignleft rpwe-thumb\" src=\"https:\/\/www.brenne-au-coeur.com\/wp-content\/uploads\/2024\/07\/logo-chatillon-imprimable-jpg-120x120.jpg\" alt=\"Un ma\u00eetre nageur pour Chatillon\u00a0!\" height=\"120\" width=\"120\" loading=\"lazy\" decoding=\"async\"><\/a><h3 class=\"rpwe-title\"><a href=\"https:\/\/www.brenne-au-coeur.com\/index.php\/2024\/07\/15\/un-maitre-nageur-pour-chatillon\/chatillon-sur-indre\/5830\/\" target=\"_self\">Un ma\u00eetre nageur pour Chatillon\u00a0!<\/a><\/h3><time class=\"rpwe-time published\" datetime=\"2024-07-15T14:03:39+02:00\">15 juillet 2024<\/time><div class=\"rpwe-summary\">Le Club Nautique de Ch\u00e2tillon sur Indre (C.N.C.I.) recherche un ma\u00eetre nageur exp\u00e9riment\u00e9 pour animer le club pour la saison 2024\/2025, suite au d\u00e9part de l\u2019entra\u00eeneur actuel. Nomination indispensable pour la poursuite des activit\u00e9s du club. Le CNCI a termin\u00e9 la saison 2023\/2024 avec 355 licenci\u00e9s, ce qui le propulse &hellip;<a href=\"https:\/\/www.brenne-au-coeur.com\/index.php\/2024\/07\/15\/un-maitre-nageur-pour-chatillon\/chatillon-sur-indre\/5830\/\" class=\"more-link\">Lire la suite...<\/a><\/div><\/li><li class=\"rpwe-li rpwe-clearfix\"><a class=\"rpwe-img\" href=\"https:\/\/www.brenne-au-coeur.com\/index.php\/2024\/07\/15\/de-la-terre-a-la-mer\/valencay\/5823\/\" target=\"_self\"><img class=\"rpwe-alignleft rpwe-thumb\" src=\"https:\/\/www.brenne-au-coeur.com\/wp-content\/uploads\/2024\/07\/Affiche-Mme-Gontier-1.resized-120x120.png\" alt=\"De la terre \u00e0 la mer\" height=\"120\" width=\"120\" loading=\"lazy\" decoding=\"async\"><\/a><h3 class=\"rpwe-title\"><a href=\"https:\/\/www.brenne-au-coeur.com\/index.php\/2024\/07\/15\/de-la-terre-a-la-mer\/valencay\/5823\/\" target=\"_self\">De la terre \u00e0 la mer<\/a><\/h3><time class=\"rpwe-time published\" datetime=\"2024-07-15T12:53:29+02:00\">15 juillet 2024<\/time><div class=\"rpwe-summary\">Du 1er au 31 ao\u00fbt, l\u2019Office de Tourisme du pays de Valen\u00e7ay accueille une exposition de tableaux d\u2019Annick Gontier. \u00ab&nbsp;De la terre \u00e0 la mer&nbsp;\u00bb Annick Gontier poss\u00e8de une belle aptitude \u00e0 faire passer ses \u00e9motions. Inspir\u00e9e par la nature dans sa diversit\u00e9. Comme par les paysages de la Brenne, &hellip;<a href=\"https:\/\/www.brenne-au-coeur.com\/index.php\/2024\/07\/15\/de-la-terre-a-la-mer\/valencay\/5823\/\" class=\"more-link\">Lire la suite...<\/a><\/div><\/li><li class=\"rpwe-li rpwe-clearfix\"><a class=\"rpwe-img\" href=\"https:\/\/www.brenne-au-coeur.com\/index.php\/2024\/07\/14\/fete-du-jambon-a-saulnay-2\/communes\/saulnay\/5808\/\" target=\"_self\"><img class=\"rpwe-alignleft rpwe-thumb\" src=\"https:\/\/www.brenne-au-coeur.com\/wp-content\/uploads\/2024\/07\/fete-du-jambon-saulnay-120x120.jpg\" alt=\"F\u00eate du Jambon \u00e0 Saulnay\" height=\"120\" width=\"120\" loading=\"lazy\" decoding=\"async\"><\/a><h3 class=\"rpwe-title\"><a href=\"https:\/\/www.brenne-au-coeur.com\/index.php\/2024\/07\/14\/fete-du-jambon-a-saulnay-2\/communes\/saulnay\/5808\/\" target=\"_self\">F\u00eate du Jambon \u00e0 Saulnay<\/a><\/h3><time class=\"rpwe-time published\" datetime=\"2024-07-14T12:51:15+02:00\">14 juillet 2024<\/time><div class=\"rpwe-summary\">Dimanche 21 juillet 2024, la traditionnelle f\u00eate du Jambon se tiendra \u00e0 partir de 18h. Au programme, un repas champ\u00eatre\u00a0: entr\u00e9e, jambon frites, fromage, tartelette aux fruits. 18 \u20ac pour les adultes et 9 \u20ac pour les enfants. La soir\u00e9e sera anim\u00e9e par \u00ab\u00a0Musique sur mesures\u00a0\u00bb, avec Jean-Baptiste Dupont et &hellip;<a href=\"https:\/\/www.brenne-au-coeur.com\/index.php\/2024\/07\/14\/fete-du-jambon-a-saulnay-2\/communes\/saulnay\/5808\/\" class=\"more-link\">Lire la suite...<\/a><\/div><\/li><li class=\"rpwe-li rpwe-clearfix\"><a class=\"rpwe-img\" href=\"https:\/\/www.brenne-au-coeur.com\/index.php\/2024\/07\/14\/musique-et-sport-a-jaugette\/communes\/obterre\/5804\/\" target=\"_self\"><img class=\"rpwe-alignleft rpwe-thumb\" src=\"https:\/\/www.brenne-au-coeur.com\/wp-content\/uploads\/2024\/03\/visuelfestival2014-copie.resized-120x120.jpg\" alt=\"Musique et sport \u00e0 Jaugette\" height=\"120\" width=\"120\" loading=\"lazy\" decoding=\"async\"><\/a><h3 class=\"rpwe-title\"><a href=\"https:\/\/www.brenne-au-coeur.com\/index.php\/2024\/07\/14\/musique-et-sport-a-jaugette\/communes\/obterre\/5804\/\" target=\"_self\">Musique et sport \u00e0 Jaugette<\/a><\/h3><time class=\"rpwe-time published\" datetime=\"2024-07-14T12:33:57+02:00\">14 juillet 2024<\/time><div class=\"rpwe-summary\">En \u00e9cho \u00e0 l\u2019organisation des jeux olympiques et paralympiques de Paris 2024, le th\u00e8me du festival est cette ann\u00e9e \u00ab&nbsp;Musique et Sport&nbsp;\u00bb qui se d\u00e9roulera les 19, 20 et 21 juillet 2024. Pas moins de 5 concerts dont 3 en pr\u00e9sence de sportifs de haut niveau seront organis\u00e9s dans 4 &hellip;<a href=\"https:\/\/www.brenne-au-coeur.com\/index.php\/2024\/07\/14\/musique-et-sport-a-jaugette\/communes\/obterre\/5804\/\" class=\"more-link\">Lire la suite...<\/a><\/div><\/li><li class=\"rpwe-li rpwe-clearfix\"><a class=\"rpwe-img\" href=\"https:\/\/www.brenne-au-coeur.com\/index.php\/2024\/07\/14\/el-camino-ma-brenne\/communes\/mezieres-en-brenne\/5797\/\" target=\"_self\"><img class=\"rpwe-alignleft rpwe-thumb\" src=\"https:\/\/www.brenne-au-coeur.com\/wp-content\/uploads\/2024\/07\/Affiche-MEBAC.resized-120x120.jpeg\" alt=\"El camino \u00ab&nbsp;ma Brenne&nbsp;\u00bb\" height=\"120\" width=\"120\" loading=\"lazy\" decoding=\"async\"><\/a><h3 class=\"rpwe-title\"><a href=\"https:\/\/www.brenne-au-coeur.com\/index.php\/2024\/07\/14\/el-camino-ma-brenne\/communes\/mezieres-en-brenne\/5797\/\" target=\"_self\">El camino \u00ab&nbsp;ma Brenne&nbsp;\u00bb<\/a><\/h3><time class=\"rpwe-time published\" datetime=\"2024-07-14T11:56:59+02:00\">14 juillet 2024<\/time><div class=\"rpwe-summary\">Dans le cadre du MEBAC (M\u00e9zi\u00e8res-en-Brenne Art Contemporain), le Moulin propose du 29 juin 2024 au 25 juillet 2024&nbsp;: El camino \u00ab&nbsp;ma Brenne&nbsp;\u00bb &#8211; Le chemin \u00ab&nbsp;ma Brenne&nbsp;\u00bb Un ensemble de 15 toiles de Mario Alvarado, jamais expos\u00e9es jusqu\u2019 \u00e0 maintenant, pr\u00e9sent\u00e9e par l\u2019association, dans le texte qui suit Nous &hellip;<a href=\"https:\/\/www.brenne-au-coeur.com\/index.php\/2024\/07\/14\/el-camino-ma-brenne\/communes\/mezieres-en-brenne\/5797\/\" class=\"more-link\">Lire la suite...<\/a><\/div><\/li><li class=\"rpwe-li rpwe-clearfix\"><a class=\"rpwe-img\" href=\"https:\/\/www.brenne-au-coeur.com\/index.php\/2024\/07\/14\/festival-de-contes-au-grand-aslon\/communes\/linge\/5790\/\" target=\"_self\"><img class=\"rpwe-alignleft rpwe-thumb\" src=\"https:\/\/www.brenne-au-coeur.com\/wp-content\/uploads\/2024\/07\/Noces-Flyer-2024-120x120.jpeg\" alt=\"Festival de Contes au Grand Aslon\" height=\"120\" width=\"120\" loading=\"lazy\" decoding=\"async\"><\/a><h3 class=\"rpwe-title\"><a href=\"https:\/\/www.brenne-au-coeur.com\/index.php\/2024\/07\/14\/festival-de-contes-au-grand-aslon\/communes\/linge\/5790\/\" target=\"_self\">Festival de Contes au Grand Aslon<\/a><\/h3><time class=\"rpwe-time published\" datetime=\"2024-07-14T11:09:43+02:00\">14 juillet 2024<\/time><div class=\"rpwe-summary\">Les 25, 26 et 27 juillet 2024, \u00ab&nbsp;Noces de Paroles&nbsp;\u00bb, organise son 5\u00e8me festival de contes \u00e0 la campagne. L&rsquo;association pr\u00e9sente le programme dans le texte qui suit. On se gare dans le champ, on marche un peu, et on d\u00e9couvre le site. Une sc\u00e8ne en bois, des arbres, un &hellip;<a href=\"https:\/\/www.brenne-au-coeur.com\/index.php\/2024\/07\/14\/festival-de-contes-au-grand-aslon\/communes\/linge\/5790\/\" class=\"more-link\">Lire la suite...<\/a><\/div><\/li><li class=\"rpwe-li rpwe-clearfix\"><a class=\"rpwe-img\" href=\"https:\/\/www.brenne-au-coeur.com\/index.php\/2024\/06\/14\/la-fete-a-mezieres\/communes\/mezieres-en-brenne\/5747\/\" target=\"_self\"><img class=\"rpwe-alignleft rpwe-thumb\" src=\"https:\/\/www.brenne-au-coeur.com\/wp-content\/uploads\/2024\/06\/IMG_20240614_102705.resized-120x120.jpg\" alt=\"La F\u00eate \u00e0 M\u00e9zi\u00e8res\" height=\"120\" width=\"120\" loading=\"lazy\" decoding=\"async\"><\/a><h3 class=\"rpwe-title\"><a href=\"https:\/\/www.brenne-au-coeur.com\/index.php\/2024\/06\/14\/la-fete-a-mezieres\/communes\/mezieres-en-brenne\/5747\/\" target=\"_self\">La F\u00eate \u00e0 M\u00e9zi\u00e8res<\/a><\/h3><time class=\"rpwe-time published\" datetime=\"2024-06-14T19:20:15+02:00\">14 juin 2024<\/time><div class=\"rpwe-summary\">Vendredi 21 juin, pour la f\u00eate de la Musique, le Bar de la Place, organise un concert \u00e0 partir de 20h. En premi\u00e8re partie \u00ab\u00a0Mezband\u00a0\u00bb suivie en seconde partie par \u00ab\u00a0The Bad ducks\u00a0\u00bb. Une autre animation sera propos\u00e9e cet \u00e9t\u00e9, par le Bar de la Place et Les D\u00e9lices de &hellip;<a href=\"https:\/\/www.brenne-au-coeur.com\/index.php\/2024\/06\/14\/la-fete-a-mezieres\/communes\/mezieres-en-brenne\/5747\/\" class=\"more-link\">Lire la suite...<\/a><\/div><\/li><li class=\"rpwe-li rpwe-clearfix\"><a class=\"rpwe-img\" href=\"https:\/\/www.brenne-au-coeur.com\/index.php\/2024\/06\/14\/les-sculptures-dissaka\/communes\/azay-le-ferron-communes\/5742\/\" target=\"_self\"><img class=\"rpwe-alignleft rpwe-thumb\" src=\"https:\/\/www.brenne-au-coeur.com\/wp-content\/uploads\/2024\/06\/IMG_20240523_154913.resized-120x120.jpg\" alt=\"Les sculptures d\u2019Issaka\" height=\"120\" width=\"120\" loading=\"lazy\" decoding=\"async\"><\/a><h3 class=\"rpwe-title\"><a href=\"https:\/\/www.brenne-au-coeur.com\/index.php\/2024\/06\/14\/les-sculptures-dissaka\/communes\/azay-le-ferron-communes\/5742\/\" target=\"_self\">Les sculptures d\u2019Issaka<\/a><\/h3><time class=\"rpwe-time published\" datetime=\"2024-06-14T18:55:54+02:00\">14 juin 2024<\/time><div class=\"rpwe-summary\">Du 14 au 28 juin, la m\u00e9diath\u00e8que d\u2019Azay-le-Ferron expose les \u00ab&nbsp;Sculpture sur Bonze&nbsp;\u00bb d\u2019Issaka Derm\u00e9. Le vernissage se tiendra le mercredi 19 juin \u00e0 18 h. Issaka Derm\u00e8 est un artiste bronzier du Burkina Faso, h\u00e9ritier de la 5\u00e8me g\u00e9n\u00e9ration de fondeurs de Bronze. \u00ab&nbsp;Mon inspiration, ce sont les femmes. &hellip;<a href=\"https:\/\/www.brenne-au-coeur.com\/index.php\/2024\/06\/14\/les-sculptures-dissaka\/communes\/azay-le-ferron-communes\/5742\/\" class=\"more-link\">Lire la suite...<\/a><\/div><\/li><li class=\"rpwe-li rpwe-clearfix\"><a class=\"rpwe-img\" href=\"https:\/\/www.brenne-au-coeur.com\/index.php\/2024\/06\/14\/les-brennous-au-coeur-de-lhistoire\/communes\/mezieres-en-brenne\/5736\/\" target=\"_self\"><img class=\"rpwe-alignleft rpwe-thumb\" src=\"https:\/\/www.brenne-au-coeur.com\/wp-content\/uploads\/2024\/06\/IMG_20240614_180555.resized-120x120.jpg\" alt=\"Les Brennous au c\u0153ur de l\u2019histoire\" height=\"120\" width=\"120\" loading=\"lazy\" decoding=\"async\"><\/a><h3 class=\"rpwe-title\"><a href=\"https:\/\/www.brenne-au-coeur.com\/index.php\/2024\/06\/14\/les-brennous-au-coeur-de-lhistoire\/communes\/mezieres-en-brenne\/5736\/\" target=\"_self\">Les Brennous au c\u0153ur de l\u2019histoire<\/a><\/h3><time class=\"rpwe-time published\" datetime=\"2024-06-14T18:04:31+02:00\">14 juin 2024<\/time><div class=\"rpwe-summary\">Avec \u00ab&nbsp;Seconde Guerre mondiale, Histoires et R\u00e9sistance au c\u0153ur de la Brenne&nbsp;\u00bb, Chantal Kroliczak signe un recueil passionnant. Son style vif, pr\u00e9cis, appuy\u00e9 sur une riche documentation, conte des moments historiques forts, travers\u00e9s par les femmes et les hommes de notre r\u00e9gion et plus particuli\u00e8rement de M\u00e9zi\u00e8res-en-Brenne. Un hommage aux &hellip;<a href=\"https:\/\/www.brenne-au-coeur.com\/index.php\/2024\/06\/14\/les-brennous-au-coeur-de-lhistoire\/communes\/mezieres-en-brenne\/5736\/\" class=\"more-link\">Lire la suite...<\/a><\/div><\/li><li class=\"rpwe-li rpwe-clearfix\"><a class=\"rpwe-img\" href=\"https:\/\/www.brenne-au-coeur.com\/index.php\/2024\/06\/09\/chopin-a-mezieres\/communes\/mezieres-en-brenne\/5727\/\" target=\"_self\"><img class=\"rpwe-alignleft rpwe-thumb\" src=\"https:\/\/www.brenne-au-coeur.com\/wp-content\/uploads\/2024\/06\/nohant-2024-120x120.jpeg\" alt=\"Chopin \u00e0 M\u00e9zi\u00e8res.\" height=\"120\" width=\"120\" loading=\"lazy\" decoding=\"async\"><\/a><h3 class=\"rpwe-title\"><a href=\"https:\/\/www.brenne-au-coeur.com\/index.php\/2024\/06\/09\/chopin-a-mezieres\/communes\/mezieres-en-brenne\/5727\/\" target=\"_self\">Chopin \u00e0 M\u00e9zi\u00e8res.<\/a><\/h3><time class=\"rpwe-time published\" datetime=\"2024-06-09T16:40:43+02:00\">9 juin 2024<\/time><div class=\"rpwe-summary\">Samedi 15 juin \u00e0 20h30, dans le cadre du Nohant festival Chopin \u00ab\u00a0hors les murs\u00a0\u00bb, la coll\u00e9giale Sainte-Marie-Madeleine accueillera le pianiste\u00a0Dmytro Semykras,\u00a0laur\u00e9at du Concours international d\u2019Ile-de-France et du Prix sp\u00e9cial du Nohant Festival Chopin. Au programme&nbsp;: Scarlatti \u2013 Brahms\u2013 Chopin Rachmanivov \u2013 Scriabine D\u00e9j\u00e0 laur\u00e9at de nombreux prix internationaux, le &hellip;<a href=\"https:\/\/www.brenne-au-coeur.com\/index.php\/2024\/06\/09\/chopin-a-mezieres\/communes\/mezieres-en-brenne\/5727\/\" class=\"more-link\">Lire la suite...<\/a><\/div><\/li><li class=\"rpwe-li rpwe-clearfix\"><a class=\"rpwe-img\" href=\"https:\/\/www.brenne-au-coeur.com\/index.php\/2024\/06\/09\/balade-spectacle-en-la-foret-de-longue-attente\/communes\/mezieres-en-brenne\/5724\/\" target=\"_self\"><img class=\"rpwe-alignleft rpwe-thumb\" src=\"https:\/\/www.brenne-au-coeur.com\/wp-content\/uploads\/2024\/06\/En-la-foret-de-longue-attente-120x120.jpg\" alt=\"Balade \u2013 spectacle \u00a0\u00bb En la for\u00eat de longue attente\u00a0\u00bb\" height=\"120\" width=\"120\" loading=\"lazy\" decoding=\"async\"><\/a><h3 class=\"rpwe-title\"><a href=\"https:\/\/www.brenne-au-coeur.com\/index.php\/2024\/06\/09\/balade-spectacle-en-la-foret-de-longue-attente\/communes\/mezieres-en-brenne\/5724\/\" target=\"_self\">Balade \u2013 spectacle \u00a0\u00bb En la for\u00eat de longue attente\u00a0\u00bb<\/a><\/h3><time class=\"rpwe-time published\" datetime=\"2024-06-09T15:59:57+02:00\">9 juin 2024<\/time><div class=\"rpwe-summary\">\u00a0Vendredi 14 juin 2024, la balade-spectacle est propos\u00e9e au village vacances de Bellebouche \u00e0 M\u00e9zi\u00e8res-en-Brenne. Le rendez-vous est fix\u00e9 \u00e0 18h45, au Parking en face du village. une conf\u00e9rence sera donn\u00e9e, sur le th\u00e8me&nbsp;: \u00ab&nbsp;La vie de l&rsquo;arbre&nbsp;\u00bb anim\u00e9e par Fr\u00e9d\u00e9ric Lefort, arboriste grimpeur et stagiaire au Parc naturel r\u00e9gional &hellip;<a href=\"https:\/\/www.brenne-au-coeur.com\/index.php\/2024\/06\/09\/balade-spectacle-en-la-foret-de-longue-attente\/communes\/mezieres-en-brenne\/5724\/\" class=\"more-link\">Lire la suite...<\/a><\/div><\/li><li class=\"rpwe-li rpwe-clearfix\"><a class=\"rpwe-img\" href=\"https:\/\/www.brenne-au-coeur.com\/index.php\/2024\/06\/09\/et-la-lumiere-fut\/communes\/mezieres-en-brenne\/5717\/\" target=\"_self\"><img class=\"rpwe-alignleft rpwe-thumb\" src=\"https:\/\/www.brenne-au-coeur.com\/wp-content\/uploads\/2024\/06\/ansel-lovisone.resized-120x120.jpg\" alt=\"Et la lumi\u00e8re fut\" height=\"120\" width=\"120\" loading=\"lazy\" decoding=\"async\"><\/a><h3 class=\"rpwe-title\"><a href=\"https:\/\/www.brenne-au-coeur.com\/index.php\/2024\/06\/09\/et-la-lumiere-fut\/communes\/mezieres-en-brenne\/5717\/\" target=\"_self\">Et la lumi\u00e8re fut<\/a><\/h3><time class=\"rpwe-time published\" datetime=\"2024-06-09T15:39:05+02:00\">9 juin 2024<\/time><div class=\"rpwe-summary\">Jusqu\u2019au 27 juillet, la salle d\u2019exposition du Moulin \u00e0 M\u00e9zi\u00e8res-en-Brenne pr\u00e9sente les photographies de Robert Ansel et les luminaires de Bruno Lovisone. Pour les deux artistes, la lumi\u00e8re est au c\u0153ur de leur travail. Naturelle pour Robert Ansel, gr\u00e2ce \u00e0 laquelle il saisit dans son appareil la faune et la &hellip;<a href=\"https:\/\/www.brenne-au-coeur.com\/index.php\/2024\/06\/09\/et-la-lumiere-fut\/communes\/mezieres-en-brenne\/5717\/\" class=\"more-link\">Lire la suite...<\/a><\/div><\/li><li class=\"rpwe-li rpwe-clearfix\"><a class=\"rpwe-img\" href=\"https:\/\/www.brenne-au-coeur.com\/index.php\/2024\/06\/02\/luxe-communal-duo-chante-la-commune-de-paris\/tournon-saint-martin\/5692\/\" target=\"_self\"><img class=\"rpwe-alignleft rpwe-thumb\" src=\"https:\/\/www.brenne-au-coeur.com\/wp-content\/uploads\/2024\/06\/Illustration-Luxe-communal-duo.resized-120x120.jpg\" alt=\"\u00ab\u00a0Luxe Communal Duo\u00a0\u00bb chante la Commune de Paris\" height=\"120\" width=\"120\" loading=\"lazy\" decoding=\"async\"><\/a><h3 class=\"rpwe-title\"><a href=\"https:\/\/www.brenne-au-coeur.com\/index.php\/2024\/06\/02\/luxe-communal-duo-chante-la-commune-de-paris\/tournon-saint-martin\/5692\/\" target=\"_self\">\u00ab\u00a0Luxe Communal Duo\u00a0\u00bb chante la Commune de Paris<\/a><\/h3><time class=\"rpwe-time published\" datetime=\"2024-06-02T15:37:08+02:00\">2 juin 2024<\/time><div class=\"rpwe-summary\">Samedi 15 juin \u00e0 16h, au cin\u00e9ma de Tournon Saint-Martin, \u00ab\u00a0Luxe Communal Duo\u00a0\u00bb pr\u00e9sentera son concert-histoire sur la Commune de Paris de 1871. Caroline, accompagn\u00e9e au clavier, par Sylvain, interpr\u00e9tera des chansons en m\u00e9moire des communards. \u00ab\u00a0Le but est de faire revivre les moments forts de cet \u00e9v\u00e9nement historique. Nous &hellip;<a href=\"https:\/\/www.brenne-au-coeur.com\/index.php\/2024\/06\/02\/luxe-communal-duo-chante-la-commune-de-paris\/tournon-saint-martin\/5692\/\" class=\"more-link\">Lire la suite...<\/a><\/div><\/li><li class=\"rpwe-li rpwe-clearfix\"><a class=\"rpwe-img\" href=\"https:\/\/www.brenne-au-coeur.com\/index.php\/2024\/05\/30\/chateauroux-flamme-et-femme\/chateauroux\/5682\/\" target=\"_self\"><img class=\"rpwe-alignleft rpwe-thumb\" src=\"https:\/\/www.brenne-au-coeur.com\/wp-content\/uploads\/2024\/05\/equinoxe-1-120x120.jpeg\" alt=\"Ch\u00e2teauroux, flamme et femme\" height=\"120\" width=\"120\" loading=\"lazy\" decoding=\"async\"><\/a><h3 class=\"rpwe-title\"><a href=\"https:\/\/www.brenne-au-coeur.com\/index.php\/2024\/05\/30\/chateauroux-flamme-et-femme\/chateauroux\/5682\/\" target=\"_self\">Ch\u00e2teauroux, flamme et femme<\/a><\/h3><time class=\"rpwe-time published\" datetime=\"2024-05-30T14:18:09+02:00\">30 mai 2024<\/time><div class=\"rpwe-summary\">Jusqu\u2019au 16\/06, \u00e0 Ch\u00e2teauroux, la sc\u00e8ne nationale l\u2019\u00c9quinoxe propose son festival Apr\u00e8s le d\u00e9gel. Dans le blog Chantiers de culture, Yonnel Li\u00e9geois nous invite \u00e0 en d\u00e9couvrir les multiples facettes. Entre salle et rue, \u00e9v\u00e9nement exceptionnel oblige, une initiative sous-titr\u00e9e \u00ab&nbsp;Femme olympique&nbsp;\u00bb avec une quarantaine de spectacles \u00e0 l\u2019affiche qui &hellip;<a href=\"https:\/\/www.brenne-au-coeur.com\/index.php\/2024\/05\/30\/chateauroux-flamme-et-femme\/chateauroux\/5682\/\" class=\"more-link\">Lire la suite...<\/a><\/div><\/li><li class=\"rpwe-li rpwe-clearfix\"><a class=\"rpwe-img\" href=\"https:\/\/www.brenne-au-coeur.com\/index.php\/2024\/05\/23\/la-brenne-demilie\/communes\/martizay\/5675\/\" target=\"_self\"><img class=\"rpwe-alignleft rpwe-thumb\" src=\"https:\/\/www.brenne-au-coeur.com\/wp-content\/uploads\/2024\/05\/Exposition-dart-annuelle.resized-120x120.jpg\" alt=\"La Brenne d\u2019\u00c9milie\" height=\"120\" width=\"120\" loading=\"lazy\" decoding=\"async\"><\/a><h3 class=\"rpwe-title\"><a href=\"https:\/\/www.brenne-au-coeur.com\/index.php\/2024\/05\/23\/la-brenne-demilie\/communes\/martizay\/5675\/\" target=\"_self\">La Brenne d\u2019\u00c9milie<\/a><\/h3><time class=\"rpwe-time published\" datetime=\"2024-05-23T13:44:26+02:00\">23 mai 2024<\/time><div class=\"rpwe-summary\">Jusqu&rsquo;\u00e0 la fin du mois de juin, la m\u00e9diath\u00e8que de Martizay accueille une nouvelle exposition photographique, consacr\u00e9e aux \u0153uvres r\u00e9alis\u00e9es par une jeune photographe amateur originaire de Martizay, \u00c9milie Gaudin. Celle qui avait d\u00e9j\u00e0 r\u00e9alis\u00e9 plusieurs expositions dans l\u2019Indre en 2016 et 2017 a souhait\u00e9 aujourd\u2019hui partager avec les habitants &hellip;<a href=\"https:\/\/www.brenne-au-coeur.com\/index.php\/2024\/05\/23\/la-brenne-demilie\/communes\/martizay\/5675\/\" class=\"more-link\">Lire la suite...<\/a><\/div><\/li><li class=\"rpwe-li rpwe-clearfix\"><a class=\"rpwe-img\" href=\"https:\/\/www.brenne-au-coeur.com\/index.php\/2024\/05\/22\/le-petit-bal-ratamouche\/communes\/mezieres-en-brenne\/5671\/\" target=\"_self\"><img class=\"rpwe-alignleft rpwe-thumb\" src=\"https:\/\/www.brenne-au-coeur.com\/wp-content\/uploads\/2024\/05\/Parentheses_Bal-parent-enfant_12-05-20241.resized-120x120.jpg\" alt=\"Le petit bal Ratamouche\" height=\"120\" width=\"120\" loading=\"lazy\" decoding=\"async\"><\/a><h3 class=\"rpwe-title\"><a href=\"https:\/\/www.brenne-au-coeur.com\/index.php\/2024\/05\/22\/le-petit-bal-ratamouche\/communes\/mezieres-en-brenne\/5671\/\" target=\"_self\">Le petit bal Ratamouche<\/a><\/h3><time class=\"rpwe-time published\" datetime=\"2024-05-22T17:25:33+02:00\">22 mai 2024<\/time><div class=\"rpwe-summary\">Mercredi 12 juin \u00e016h30 , la biblioth\u00e8que de M\u00e9zi\u00e8res-en-Brenne en partenariat avec le PNR Brenne pr\u00e9sentent ce \u00ab\u00a0 bal traditionnel ou presque\u00a0\u00bb \u00e0 la salle des f\u00eates de M\u00e9zi\u00e8res-en-Brenne. Avec&nbsp;: Catherine FAURE&nbsp;: chant, ma\u00eetre \u00e0 danser, accord\u00e9on et violon, Anne-Lise FOY&nbsp;: chant, vielle-\u00e0-roue, Jean-Pierre SARZIER ou Marie MERCIER&nbsp;: clarinettes Le &hellip;<a href=\"https:\/\/www.brenne-au-coeur.com\/index.php\/2024\/05\/22\/le-petit-bal-ratamouche\/communes\/mezieres-en-brenne\/5671\/\" class=\"more-link\">Lire la suite...<\/a><\/div><\/li><li class=\"rpwe-li rpwe-clearfix\"><a class=\"rpwe-img\" href=\"https:\/\/www.brenne-au-coeur.com\/index.php\/2024\/05\/22\/les-gourdasses-et-les-joies-de-la-colocation\/communes\/martizay\/5668\/\" target=\"_self\"><img class=\"rpwe-alignleft rpwe-thumb\" src=\"https:\/\/www.brenne-au-coeur.com\/wp-content\/uploads\/2024\/05\/les-gourdasses--120x120.jpg\" alt=\"Les Gourdasses, et les joies de la colocation\" height=\"120\" width=\"120\" loading=\"lazy\" decoding=\"async\"><\/a><h3 class=\"rpwe-title\"><a href=\"https:\/\/www.brenne-au-coeur.com\/index.php\/2024\/05\/22\/les-gourdasses-et-les-joies-de-la-colocation\/communes\/martizay\/5668\/\" target=\"_self\">Les Gourdasses, et les joies de la colocation<\/a><\/h3><time class=\"rpwe-time published\" datetime=\"2024-05-22T17:07:47+02:00\">22 mai 2024<\/time><div class=\"rpwe-summary\">Dimanche 9 juin, \u00e0 15h la salle des f\u00eates de Martizay pr\u00e9sentera cette pi\u00e8ce de th\u00e9\u00e2tre\u00a0: \u00ab\u00a0Pour des raisons \u00e9conomiques, les gourdasses occupent le m\u00eame appartement. Les dissensions sont nombreuses, organisation des t\u00e2ches m\u00e9nag\u00e8res, fr\u00e9quentations de certaines, augmentation du loyer et des charges, perte d\u2019emploi, ras-le-bol professionnel, bref rien ne &hellip;<a href=\"https:\/\/www.brenne-au-coeur.com\/index.php\/2024\/05\/22\/les-gourdasses-et-les-joies-de-la-colocation\/communes\/martizay\/5668\/\" class=\"more-link\">Lire la suite...<\/a><\/div><\/li><li class=\"rpwe-li rpwe-clearfix\"><a class=\"rpwe-img\" href=\"https:\/\/www.brenne-au-coeur.com\/index.php\/2024\/05\/22\/au-rendez-vous-des-artistes-locaux\/communes\/azay-le-ferron-communes\/5662\/\" target=\"_self\"><img class=\"rpwe-alignleft rpwe-thumb\" src=\"https:\/\/www.brenne-au-coeur.com\/wp-content\/uploads\/2024\/05\/IMG_20240522_103641.resized-120x120.jpg\" alt=\"Au rendez-vous des artistes locaux\" height=\"120\" width=\"120\" loading=\"lazy\" decoding=\"async\"><\/a><h3 class=\"rpwe-title\"><a href=\"https:\/\/www.brenne-au-coeur.com\/index.php\/2024\/05\/22\/au-rendez-vous-des-artistes-locaux\/communes\/azay-le-ferron-communes\/5662\/\" target=\"_self\">Au rendez-vous des artistes locaux<\/a><\/h3><time class=\"rpwe-time published\" datetime=\"2024-05-22T16:19:22+02:00\">22 mai 2024<\/time><div class=\"rpwe-summary\">Jusqu\u2019au 13 juin, 29 habitants d\u2019Azay-le-Ferron pr\u00e9sentent leurs \u0153uvres \u00e0 la m\u00e9diath\u00e8que. Une exposition qui montre la richesse cr\u00e9ative du village, et une grande vari\u00e9t\u00e9 de genres artistiques. Les visiteurs seront sans doute surpris devant cette diversit\u00e9 de modes d\u2019expression. Peintures, photographies, sculptures sur bois, broderies, patchworks, couture, crochet, maquette &hellip;<a href=\"https:\/\/www.brenne-au-coeur.com\/index.php\/2024\/05\/22\/au-rendez-vous-des-artistes-locaux\/communes\/azay-le-ferron-communes\/5662\/\" class=\"more-link\">Lire la suite...<\/a><\/div><\/li><li class=\"rpwe-li rpwe-clearfix\"><a class=\"rpwe-img\" href=\"https:\/\/www.brenne-au-coeur.com\/index.php\/2024\/05\/15\/des-mots-et-des-images\/communes\/mezieres-en-brenne\/5641\/\" target=\"_self\"><img class=\"rpwe-alignleft rpwe-thumb\" src=\"https:\/\/www.brenne-au-coeur.com\/wp-content\/uploads\/2024\/05\/Atelier-des-mots-et-des-images_Emilie-R_Mai2024.resized-120x120.jpg\" alt=\"Des mots et des images\" height=\"120\" width=\"120\" loading=\"lazy\" decoding=\"async\"><\/a><h3 class=\"rpwe-title\"><a href=\"https:\/\/www.brenne-au-coeur.com\/index.php\/2024\/05\/15\/des-mots-et-des-images\/communes\/mezieres-en-brenne\/5641\/\" target=\"_self\">Des mots et des images<\/a><\/h3><time class=\"rpwe-time published\" datetime=\"2024-05-15T16:14:59+02:00\">15 mai 2024<\/time><div class=\"rpwe-summary\">Samedi 25 mai de 10h \u00e0 12h, \u00c9milie Renoncet anime un atelier d&rsquo;\u00e9criture, \u00ab\u00a0Des mots et des images\u00a0\u00bb \u00e0 la m\u00e9diath\u00e8que de M\u00e9zi\u00e8res-en-Brenne Le but est de faire sortir les images et les mots pour raconter des histoires. Pour jouer avec les mots, trouver des symboles et porter la parole &hellip;<a href=\"https:\/\/www.brenne-au-coeur.com\/index.php\/2024\/05\/15\/des-mots-et-des-images\/communes\/mezieres-en-brenne\/5641\/\" class=\"more-link\">Lire la suite...<\/a><\/div><\/li><li class=\"rpwe-li rpwe-clearfix\"><a class=\"rpwe-img\" href=\"https:\/\/www.brenne-au-coeur.com\/index.php\/2024\/05\/15\/le-quatuor-a-bocca-chiusa-au-blanc\/le-blanc\/5638\/\" target=\"_self\"><img class=\"rpwe-alignleft rpwe-thumb\" src=\"https:\/\/www.brenne-au-coeur.com\/wp-content\/uploads\/2024\/05\/ABC-Arbelet-02-120x120.jpg\" alt=\"Le quatuor A Bocca chiusa au Blanc\" height=\"120\" width=\"120\" loading=\"lazy\" decoding=\"async\"><\/a><h3 class=\"rpwe-title\"><a href=\"https:\/\/www.brenne-au-coeur.com\/index.php\/2024\/05\/15\/le-quatuor-a-bocca-chiusa-au-blanc\/le-blanc\/5638\/\" target=\"_self\">Le quatuor A Bocca chiusa au Blanc<\/a><\/h3><time class=\"rpwe-time published\" datetime=\"2024-05-15T15:57:21+02:00\">15 mai 2024<\/time><div class=\"rpwe-summary\">Samedi 18 mai \u00e0 20h30, le groupe vocal se produira dans l\u2019\u00e9glise Saint-\u00c9tienne, rue du donjon, au Blanc. Ainsi qu\u2019ils se d\u00e9finissent sur le site internet\u00a0: \u00ab\u00a0R\u00e9unis par leur amour de la polyphonie vocale a cappella et l\u2019exigence que n\u00e9cessite cette pratique, les chanteurs du quatuor vocal A Bocca Chiusa &hellip;<a href=\"https:\/\/www.brenne-au-coeur.com\/index.php\/2024\/05\/15\/le-quatuor-a-bocca-chiusa-au-blanc\/le-blanc\/5638\/\" class=\"more-link\">Lire la suite...<\/a><\/div><\/li><li class=\"rpwe-li rpwe-clearfix\"><a class=\"rpwe-img\" href=\"https:\/\/www.brenne-au-coeur.com\/index.php\/2024\/05\/06\/les-petits-touts\/le-blanc\/5631\/\" target=\"_self\"><img class=\"rpwe-alignleft rpwe-thumb\" src=\"https:\/\/www.brenne-au-coeur.com\/wp-content\/uploads\/2024\/05\/les-petits-touts-2-120x120.jpg\" alt=\"Les petits touts\" height=\"120\" width=\"120\" loading=\"lazy\" decoding=\"async\"><\/a><h3 class=\"rpwe-title\"><a href=\"https:\/\/www.brenne-au-coeur.com\/index.php\/2024\/05\/06\/les-petits-touts\/le-blanc\/5631\/\" target=\"_self\">Les petits touts<\/a><\/h3><time class=\"rpwe-time published\" datetime=\"2024-05-06T14:58:50+02:00\">6 mai 2024<\/time><div class=\"rpwe-summary\">Mercredi 15 mai 2024, salle des f\u00eates du Blanc \u00e0 16h30, Fabien Coulon, circassien d&rsquo;objets et mime&#8230;nous invite \u00e0 travers son regard \u00e0 nous \u00e9merveiller face aux petits riens \u00e0 c\u00f4t\u00e9 desquels nous passons sans doute mais qui font de grands petits touts&nbsp;! Il cr\u00e9e un espace intime et chaleureux, &hellip;<a href=\"https:\/\/www.brenne-au-coeur.com\/index.php\/2024\/05\/06\/les-petits-touts\/le-blanc\/5631\/\" class=\"more-link\">Lire la suite...<\/a><\/div><\/li><li class=\"rpwe-li rpwe-clearfix\"><a class=\"rpwe-img\" href=\"https:\/\/www.brenne-au-coeur.com\/index.php\/2024\/05\/06\/la-trilogie-tsigane\/communes\/linge\/5625\/\" target=\"_self\"><img class=\"rpwe-alignleft rpwe-thumb\" src=\"https:\/\/www.brenne-au-coeur.com\/wp-content\/uploads\/2024\/05\/300dpi-120x120.jpeg\" alt=\"La Trilogie Tsigane\" height=\"120\" width=\"120\" loading=\"lazy\" decoding=\"async\"><\/a><h3 class=\"rpwe-title\"><a href=\"https:\/\/www.brenne-au-coeur.com\/index.php\/2024\/05\/06\/la-trilogie-tsigane\/communes\/linge\/5625\/\" target=\"_self\">La Trilogie Tsigane<\/a><\/h3><time class=\"rpwe-time published\" datetime=\"2024-05-06T14:40:08+02:00\">6 mai 2024<\/time><div class=\"rpwe-summary\">La Trilogie Tzigane, sera jou\u00e9 au Grand Aslon \u00e0 Ling\u00e9, \u00e0 20h00 vendredi 10, samedi 11 et dimanche 12 mai, par la Compagnie Audigane, qui pr\u00e9sente leurs spectacles, tout au long des lignes qui suivent. Les spectacles de cette trilogie peuvent \u00eatre appr\u00e9ci\u00e9s individuellement. Ils peuvent \u00e9galement \u00eatre savour\u00e9s ensemble, &hellip;<a href=\"https:\/\/www.brenne-au-coeur.com\/index.php\/2024\/05\/06\/la-trilogie-tsigane\/communes\/linge\/5625\/\" class=\"more-link\">Lire la suite...<\/a><\/div><\/li><li class=\"rpwe-li rpwe-clearfix\"><a class=\"rpwe-img\" href=\"https:\/\/www.brenne-au-coeur.com\/index.php\/2024\/04\/29\/le-passage-en-brenne-du-950e-regiment-hindou-29-30-aout-1944\/brenne\/5590\/\" target=\"_self\"><img class=\"rpwe-alignleft rpwe-thumb\" src=\"https:\/\/www.brenne-au-coeur.com\/wp-content\/uploads\/2024\/04\/hindou-1-120x120.jpg\" alt=\"Le passage en Brenne du 950e r\u00e9giment hindou, 29-30 ao\u00fbt 1944\" height=\"120\" width=\"120\" loading=\"lazy\" decoding=\"async\"><\/a><h3 class=\"rpwe-title\"><a href=\"https:\/\/www.brenne-au-coeur.com\/index.php\/2024\/04\/29\/le-passage-en-brenne-du-950e-regiment-hindou-29-30-aout-1944\/brenne\/5590\/\" target=\"_self\">Le passage en Brenne du 950e r\u00e9giment hindou, 29-30 ao\u00fbt 1944<\/a><\/h3><time class=\"rpwe-time published\" datetime=\"2024-04-29T16:33:26+02:00\">29 avril 2024<\/time><div class=\"rpwe-summary\">\u00a0 J\u2019ai souvent entendu parler de la travers\u00e9e de la Brenne par cet \u00e9trange 950e r\u00e9giment hindou qui pr\u00e9c\u00e9dait la colonne allemande Elster, en cette fin d\u2019\u00e9t\u00e9 1944. Des mots sont syst\u00e9matiquement associ\u00e9s \u00e0 son \u00e9vocation&nbsp;: pillages, viols, d\u00e9gradations, peur, \u2026 A la faveur de l\u2019ouverture r\u00e9cente des dossiers dits &hellip;<a href=\"https:\/\/www.brenne-au-coeur.com\/index.php\/2024\/04\/29\/le-passage-en-brenne-du-950e-regiment-hindou-29-30-aout-1944\/brenne\/5590\/\" class=\"more-link\">Lire la suite...<\/a><\/div><\/li><li class=\"rpwe-li rpwe-clearfix\"><a class=\"rpwe-img\" href=\"https:\/\/www.brenne-au-coeur.com\/index.php\/2024\/04\/29\/avec-mes-mains\/communes\/villiers\/5587\/\" target=\"_self\"><img class=\"rpwe-alignleft rpwe-thumb\" src=\"https:\/\/www.brenne-au-coeur.com\/wp-content\/uploads\/2024\/04\/chatenay-120x120.jpeg\" alt=\"Avec mes mains\" height=\"120\" width=\"120\" loading=\"lazy\" decoding=\"async\"><\/a><h3 class=\"rpwe-title\"><a href=\"https:\/\/www.brenne-au-coeur.com\/index.php\/2024\/04\/29\/avec-mes-mains\/communes\/villiers\/5587\/\" target=\"_self\">Avec mes mains<\/a><\/h3><time class=\"rpwe-time published\" datetime=\"2024-04-29T15:13:46+02:00\">29 avril 2024<\/time><div class=\"rpwe-summary\">La prochaine s\u00e9ance de cin\u00e9ma \u00e0 la salle des f\u00eates de Villiers aura lieu le vendredi 3 mai \u00e0 20h30. Le documentaire pr\u00e9sent\u00e9\u00a0: \u00ab\u00a0Avec mes mains\u00a0\u00bb a \u00e9t\u00e9 r\u00e9alis\u00e9 par Sylvestre Chatenay. Deux magn\u00e9tiseuses (Svetlana Conan et Evelyne Chesnel) laissent \u00e0 voir leurs pratiques quotidiennes. Il est ici question de &hellip;<a href=\"https:\/\/www.brenne-au-coeur.com\/index.php\/2024\/04\/29\/avec-mes-mains\/communes\/villiers\/5587\/\" class=\"more-link\">Lire la suite...<\/a><\/div><\/li><li class=\"rpwe-li rpwe-clearfix\"><a class=\"rpwe-img\" href=\"https:\/\/www.brenne-au-coeur.com\/index.php\/2024\/04\/21\/la-mort-pour-les-enfants-de-gaza\/a-lire\/5578\/\" target=\"_self\"><img class=\"rpwe-alignleft rpwe-thumb\" src=\"https:\/\/www.brenne-au-coeur.com\/wp-content\/uploads\/2024\/04\/gaza-120x120.jpeg\" alt=\"La mort pour les enfants de Gaza\" height=\"120\" width=\"120\" loading=\"lazy\" decoding=\"async\"><\/a><h3 class=\"rpwe-title\"><a href=\"https:\/\/www.brenne-au-coeur.com\/index.php\/2024\/04\/21\/la-mort-pour-les-enfants-de-gaza\/a-lire\/5578\/\" target=\"_self\">La mort pour les enfants de Gaza<\/a><\/h3><time class=\"rpwe-time published\" datetime=\"2024-04-21T14:29:45+02:00\">21 avril 2024<\/time><div class=\"rpwe-summary\">L\u2019actrice Le\u00efla Bekhti s\u2019est engag\u00e9e aupr\u00e8s des \u00e9quipes de l\u2019Unicef pour alerter le monde sur le sort des enfants dans la bande de Gaza, \u00ab&nbsp;devenue l\u2019un des endroits au monde les plus dangereux pour les enfants&nbsp;\u00bb. Depuis le 7 octobre, la guerre lanc\u00e9e par Isra\u00ebl a caus\u00e9 la mort de &hellip;<a href=\"https:\/\/www.brenne-au-coeur.com\/index.php\/2024\/04\/21\/la-mort-pour-les-enfants-de-gaza\/a-lire\/5578\/\" class=\"more-link\">Lire la suite...<\/a><\/div><\/li><li class=\"rpwe-li rpwe-clearfix\"><a class=\"rpwe-img\" href=\"https:\/\/www.brenne-au-coeur.com\/index.php\/2024\/04\/21\/randonnee-de-printemps\/communes\/mezieres-en-brenne\/5573\/\" target=\"_self\"><img class=\"rpwe-alignleft rpwe-thumb\" src=\"https:\/\/www.brenne-au-coeur.com\/wp-content\/uploads\/2024\/04\/rando-printemps-2024.resized-120x120.jpg\" alt=\"Randonn\u00e9e de Printemps\" height=\"120\" width=\"120\" loading=\"lazy\" decoding=\"async\"><\/a><h3 class=\"rpwe-title\"><a href=\"https:\/\/www.brenne-au-coeur.com\/index.php\/2024\/04\/21\/randonnee-de-printemps\/communes\/mezieres-en-brenne\/5573\/\" target=\"_self\">Randonn\u00e9e de Printemps<\/a><\/h3><time class=\"rpwe-time published\" datetime=\"2024-04-21T13:56:47+02:00\">21 avril 2024<\/time><div class=\"rpwe-summary\">Dimanche 5 Mai 2024, les Municipalit\u00e9s de M\u00e9zi\u00e8res-en-Brenne et de Saulnay organisent la 41\u00e8me RANDONN\u00c9E DE PRINTEMPS. Le d\u00e9part aura lieu au stade de Saulnay, \u00e0 partir de 8h00 pour plusieurs circuits en une seule \u00e9tape, suivant l\u2019envie des chacune et chacun. Les participants seront accueillis autour d\u2019un caf\u00e9. Des &hellip;<a href=\"https:\/\/www.brenne-au-coeur.com\/index.php\/2024\/04\/21\/randonnee-de-printemps\/communes\/mezieres-en-brenne\/5573\/\" class=\"more-link\">Lire la suite...<\/a><\/div><\/li><li class=\"rpwe-li rpwe-clearfix\"><a class=\"rpwe-img\" href=\"https:\/\/www.brenne-au-coeur.com\/index.php\/2024\/04\/21\/musique-et-peinture-a-pouligny\/pouligny-saint-pierre\/5570\/\" target=\"_self\"><img class=\"rpwe-alignleft rpwe-thumb\" src=\"https:\/\/www.brenne-au-coeur.com\/wp-content\/uploads\/2024\/04\/Affiche-Expo-Circus-Flamme-Jumelle.resized-120x120.jpeg\" alt=\"Musique et peinture \u00e0 Pouligny\" height=\"120\" width=\"120\" loading=\"lazy\" decoding=\"async\"><\/a><h3 class=\"rpwe-title\"><a href=\"https:\/\/www.brenne-au-coeur.com\/index.php\/2024\/04\/21\/musique-et-peinture-a-pouligny\/pouligny-saint-pierre\/5570\/\" target=\"_self\">Musique et peinture \u00e0 Pouligny<\/a><\/h3><time class=\"rpwe-time published\" datetime=\"2024-04-21T11:50:30+02:00\">21 avril 2024<\/time><div class=\"rpwe-summary\">Jusqu\u2019au 1er mai inclus, la salle Mardelet de Pouligny Saint-Pierre accueille \u00ab&nbsp;Circus Flamme Jumelle&nbsp;\u00bb, pour une exposition, peinture et musique, visible chaque jour de 15h 30 \u00e0 18h 30. Il s\u2019agit d une exposition de 19 nouvelles toiles en acryliques format 50 x 70 cm. Une s\u00e9rie de 9 toiles &hellip;<a href=\"https:\/\/www.brenne-au-coeur.com\/index.php\/2024\/04\/21\/musique-et-peinture-a-pouligny\/pouligny-saint-pierre\/5570\/\" class=\"more-link\">Lire la suite...<\/a><\/div><\/li><li class=\"rpwe-li rpwe-clearfix\"><a class=\"rpwe-img\" href=\"https:\/\/www.brenne-au-coeur.com\/index.php\/2024\/04\/17\/arret-des-guerres-pendant-la-treve-olympique\/a-lire\/5564\/\" target=\"_self\"><img class=\"rpwe-alignleft rpwe-thumb\" src=\"https:\/\/www.brenne-au-coeur.com\/wp-content\/uploads\/2024\/04\/paix-16-04-120x120.jpeg\" alt=\"Arr\u00eat des guerres pendant la tr\u00eave olympique&nbsp;!\" height=\"120\" width=\"120\" loading=\"lazy\" decoding=\"async\"><\/a><h3 class=\"rpwe-title\"><a href=\"https:\/\/www.brenne-au-coeur.com\/index.php\/2024\/04\/17\/arret-des-guerres-pendant-la-treve-olympique\/a-lire\/5564\/\" target=\"_self\">Arr\u00eat des guerres pendant la tr\u00eave olympique&nbsp;!<\/a><\/h3><time class=\"rpwe-time published\" datetime=\"2024-04-17T18:34:25+02:00\">17 avril 2024<\/time><div class=\"rpwe-summary\">La premi\u00e8re torche du relais de la Flamme Olympique de Paris 2024 a \u00e9t\u00e9 allum\u00e9e le 16 avril 2024 lors d\u2019une c\u00e9r\u00e9monie \u00e0 Olympie, en Gr\u00e8ce, o\u00f9 se d\u00e9roulaient les Jeux antiques. Depuis le P\u00e9loponn\u00e8se, la Flamme Olympique rejoindra Ath\u00e8nes, traversera la mer M\u00e9diterran\u00e9e pour arriver \u00e0 Marseille le 8 &hellip;<a href=\"https:\/\/www.brenne-au-coeur.com\/index.php\/2024\/04\/17\/arret-des-guerres-pendant-la-treve-olympique\/a-lire\/5564\/\" class=\"more-link\">Lire la suite...<\/a><\/div><\/li><li class=\"rpwe-li rpwe-clearfix\"><a class=\"rpwe-img\" href=\"https:\/\/www.brenne-au-coeur.com\/index.php\/2024\/04\/17\/quand-on-y-pense\/a-lire\/5560\/\" target=\"_self\"><img class=\"rpwe-alignleft rpwe-thumb\" src=\"https:\/\/www.brenne-au-coeur.com\/wp-content\/uploads\/2024\/04\/le-penseur-120x120.jpeg\" alt=\"Quand on y pense\u00a0!\" height=\"120\" width=\"120\" loading=\"lazy\" decoding=\"async\"><\/a><h3 class=\"rpwe-title\"><a href=\"https:\/\/www.brenne-au-coeur.com\/index.php\/2024\/04\/17\/quand-on-y-pense\/a-lire\/5560\/\" target=\"_self\">Quand on y pense\u00a0!<\/a><\/h3><time class=\"rpwe-time published\" datetime=\"2024-04-17T18:28:33+02:00\">17 avril 2024<\/time><div class=\"rpwe-summary\">Le monde est bien difficile \u00e0 comprendre. Il y a tellement de choses bizarres, des gens surprenants, des situations inexplicables que l\u2019on reste parfois un peu d\u00e9sarm\u00e9, seul avec ses interrogations. Alors pourquoi ne pas les partager\u00a0? &nbsp; &nbsp; &nbsp; Chaque ann\u00e9e, la commune d\u2019Obterre, charmant village situ\u00e9 aux confins &hellip;<a href=\"https:\/\/www.brenne-au-coeur.com\/index.php\/2024\/04\/17\/quand-on-y-pense\/a-lire\/5560\/\" class=\"more-link\">Lire la suite...<\/a><\/div><\/li><li class=\"rpwe-li rpwe-clearfix\"><a class=\"rpwe-img\" href=\"https:\/\/www.brenne-au-coeur.com\/index.php\/2024\/04\/17\/la-ferme-maupas-une-affaire-de-famille\/communes\/martizay\/5553\/\" target=\"_self\"><img class=\"rpwe-alignleft rpwe-thumb\" src=\"https:\/\/www.brenne-au-coeur.com\/wp-content\/uploads\/2024\/04\/ferme-du-maupas-presentation-2-120x120.jpg\" alt=\"La Ferme Maupas, une affaire de famille\" height=\"120\" width=\"120\" loading=\"lazy\" decoding=\"async\"><\/a><h3 class=\"rpwe-title\"><a href=\"https:\/\/www.brenne-au-coeur.com\/index.php\/2024\/04\/17\/la-ferme-maupas-une-affaire-de-famille\/communes\/martizay\/5553\/\" target=\"_self\">La Ferme Maupas, une affaire de famille<\/a><\/h3><time class=\"rpwe-time published\" datetime=\"2024-04-17T18:13:32+02:00\">17 avril 2024<\/time><div class=\"rpwe-summary\">Les 27 et 28 avril prochain, \u00ab\u00a0La Vache Brennouse ferme du Maupas\u00a0\u00bb ouvre ses portes. Elle propose une chasse aux tr\u00e9sors dans le cadre de l\u2019op\u00e9ration \u00ab\u00a0de ferme en ferme\u00a0\u00bb. Une invitation \u00e0 venir d\u00e9couvrir l\u2019exploitation de mani\u00e8re ludique. L\u2019initiative n\u2019est pas nouvelle. Elle existe depuis plus de trente ans. &hellip;<a href=\"https:\/\/www.brenne-au-coeur.com\/index.php\/2024\/04\/17\/la-ferme-maupas-une-affaire-de-famille\/communes\/martizay\/5553\/\" class=\"more-link\">Lire la suite...<\/a><\/div><\/li><li class=\"rpwe-li rpwe-clearfix\"><a class=\"rpwe-img\" href=\"https:\/\/www.brenne-au-coeur.com\/index.php\/2024\/04\/07\/le-monde-de-la-culture-mobilise\/a-lire\/5529\/\" target=\"_self\"><img class=\"rpwe-alignleft rpwe-thumb\" src=\"https:\/\/www.brenne-au-coeur.com\/wp-content\/uploads\/2024\/04\/culture3-120x120.jpeg\" alt=\"Le monde de la culture mobilis\u00e9\" height=\"120\" width=\"120\" loading=\"lazy\" decoding=\"async\"><\/a><h3 class=\"rpwe-title\"><a href=\"https:\/\/www.brenne-au-coeur.com\/index.php\/2024\/04\/07\/le-monde-de-la-culture-mobilise\/a-lire\/5529\/\" target=\"_self\">Le monde de la culture mobilis\u00e9<\/a><\/h3><time class=\"rpwe-time published\" datetime=\"2024-04-07T17:10:32+02:00\">7 avril 2024<\/time><div class=\"rpwe-summary\">Le 13 mars 2024, l\u2019ensemble des organisations employeurs et salari\u00e9s de la branche publique du spectacle vivant ont sign\u00e9 une d\u00e9claration commune. Pour d\u00e9noncer avec force les coupes budg\u00e9taires sans pr\u00e9c\u00e9dent impos\u00e9es au minist\u00e8re de la culture, exiger une r\u00e9ponse \u00e0 leurs trois revendications prioritaires. Voici le texte de cette &hellip;<a href=\"https:\/\/www.brenne-au-coeur.com\/index.php\/2024\/04\/07\/le-monde-de-la-culture-mobilise\/a-lire\/5529\/\" class=\"more-link\">Lire la suite...<\/a><\/div><\/li><li class=\"rpwe-li rpwe-clearfix\"><a class=\"rpwe-img\" href=\"https:\/\/www.brenne-au-coeur.com\/index.php\/2024\/04\/07\/brel-parmi-nous\/communes\/martizay\/5525\/\" target=\"_self\"><img class=\"rpwe-alignleft rpwe-thumb\" src=\"https:\/\/www.brenne-au-coeur.com\/wp-content\/uploads\/2024\/04\/CONFereNCE-JAcques-Brel-120x120.jpg\" alt=\"Brel parmi nous\" height=\"120\" width=\"120\" loading=\"lazy\" decoding=\"async\"><\/a><h3 class=\"rpwe-title\"><a href=\"https:\/\/www.brenne-au-coeur.com\/index.php\/2024\/04\/07\/brel-parmi-nous\/communes\/martizay\/5525\/\" target=\"_self\">Brel parmi nous<\/a><\/h3><time class=\"rpwe-time published\" datetime=\"2024-04-07T16:45:40+02:00\">7 avril 2024<\/time><div class=\"rpwe-summary\">Vendredi 19 avril \u00e0 20h30, la m\u00e9diath\u00e8que de Martizay organise une conf\u00e9rence sur Jacques Brel. L\u2019\u0153uvre, la vie de l\u2019un des plus c\u00e9l\u00e8bres chanteurs francophones du XXe si\u00e8cle, seront retrac\u00e9es au cours de cette soir\u00e9e. Jalonn\u00e9s de plusieurs extraits de chansons de l\u2019artiste belge, l\u2019expos\u00e9 fera revivre le parcours d\u2019un &hellip;<a href=\"https:\/\/www.brenne-au-coeur.com\/index.php\/2024\/04\/07\/brel-parmi-nous\/communes\/martizay\/5525\/\" class=\"more-link\">Lire la suite...<\/a><\/div><\/li><li class=\"rpwe-li rpwe-clearfix\"><a class=\"rpwe-img\" href=\"https:\/\/www.brenne-au-coeur.com\/index.php\/2024\/04\/03\/les-macons-de-la-creuse-a-saint-benoit-du-sault\/saint-benoit-du-sault\/5520\/\" target=\"_self\"><img class=\"rpwe-alignleft rpwe-thumb\" src=\"https:\/\/www.brenne-au-coeur.com\/wp-content\/uploads\/2024\/04\/AFFICHE.resized-120x120.jpg\" alt=\"Les ma\u00e7ons de la Creuse \u00e0 Saint-Benoit-du-Sault\" height=\"120\" width=\"120\" loading=\"lazy\" decoding=\"async\"><\/a><h3 class=\"rpwe-title\"><a href=\"https:\/\/www.brenne-au-coeur.com\/index.php\/2024\/04\/03\/les-macons-de-la-creuse-a-saint-benoit-du-sault\/saint-benoit-du-sault\/5520\/\" target=\"_self\">Les ma\u00e7ons de la Creuse \u00e0 Saint-Benoit-du-Sault<\/a><\/h3><time class=\"rpwe-time published\" datetime=\"2024-04-03T16:15:10+02:00\">3 avril 2024<\/time><div class=\"rpwe-summary\">Samedi 20 avril 2024 \u00e0 17h, \u00ab&nbsp;Une histoire des ma\u00e7ons de la Creuse, des origines migratoires \u00e0 la Commune de Paris 1871&nbsp;\u00bb. Conf\u00e9rence-lectures-projection, \u00e0 Saint Benoit du Sault, salle Georges Brassens, organis\u00e9e par l\u2019association culturelle du Prieur\u00e9 de St Benoit du Sault Le comit\u00e9 du Berry des ami-e-s de la &hellip;<a href=\"https:\/\/www.brenne-au-coeur.com\/index.php\/2024\/04\/03\/les-macons-de-la-creuse-a-saint-benoit-du-sault\/saint-benoit-du-sault\/5520\/\" class=\"more-link\">Lire la suite...<\/a><\/div><\/li><li class=\"rpwe-li rpwe-clearfix\"><a class=\"rpwe-img\" href=\"https:\/\/www.brenne-au-coeur.com\/index.php\/2024\/04\/03\/goliath-a-mezieres\/communes\/mezieres-en-brenne\/5517\/\" target=\"_self\"><img class=\"rpwe-alignleft rpwe-thumb\" src=\"https:\/\/www.brenne-au-coeur.com\/wp-content\/uploads\/2024\/04\/Affiche-concert-120x120.jpg\" alt=\"Goliath \u00e0 M\u00e9zi\u00e8res\" height=\"120\" width=\"120\" loading=\"lazy\" decoding=\"async\"><\/a><h3 class=\"rpwe-title\"><a href=\"https:\/\/www.brenne-au-coeur.com\/index.php\/2024\/04\/03\/goliath-a-mezieres\/communes\/mezieres-en-brenne\/5517\/\" target=\"_self\">Goliath \u00e0 M\u00e9zi\u00e8res<\/a><\/h3><time class=\"rpwe-time published\" datetime=\"2024-04-03T15:52:12+02:00\">3 avril 2024<\/time><div class=\"rpwe-summary\">Le groupe Goliath se produira en concert samedi 6 avril \u00e0 20h30, \u00e0 la salle des f\u00eates de M\u00e9zi\u00e8res. Un spectacle pr\u00e9sent\u00e9 peu de temps apr\u00e8s la sortie de leur album l\u2019\u00c9mancip\u00e9. Un \u00e9v\u00e9nement pr\u00e9sent\u00e9 sur France 3 en fin d\u2019ann\u00e9e 2023. \u00ab\u00a0Le groupe indrien Goliath vient tout juste de &hellip;<a href=\"https:\/\/www.brenne-au-coeur.com\/index.php\/2024\/04\/03\/goliath-a-mezieres\/communes\/mezieres-en-brenne\/5517\/\" class=\"more-link\">Lire la suite...<\/a><\/div><\/li><li class=\"rpwe-li rpwe-clearfix\"><a class=\"rpwe-img\" href=\"https:\/\/www.brenne-au-coeur.com\/index.php\/2024\/04\/02\/lakme\/jaugette\/5511\/\" target=\"_self\"><img class=\"rpwe-alignleft rpwe-thumb\" src=\"https:\/\/www.brenne-au-coeur.com\/wp-content\/uploads\/2024\/04\/Affiche-Lakme.resized-120x120.jpg\" alt=\"Lakm\u00e9 s&rsquo;invite pr\u00e8s de chez nous\" height=\"120\" width=\"120\" loading=\"lazy\" decoding=\"async\"><\/a><h3 class=\"rpwe-title\"><a href=\"https:\/\/www.brenne-au-coeur.com\/index.php\/2024\/04\/02\/lakme\/jaugette\/5511\/\" target=\"_self\">Lakm\u00e9 s&rsquo;invite pr\u00e8s de chez nous<\/a><\/h3><time class=\"rpwe-time published\" datetime=\"2024-04-02T13:11:26+02:00\">2 avril 2024<\/time><div class=\"rpwe-summary\">Le 19 avril, \u00e0 19h30 au Centre culturel Jean B\u00e9nard \u00e0 Buzan\u00e7ais et le 20 avril \u00e0 17h au Manoir de Jaugette sera interpr\u00e9t\u00e9 l\u2019op\u00e9ra Lakm\u00e9 de L\u00e9o Delibes. Il sera donn\u00e9 ici dans une version condens\u00e9e reprenant les airs les plus connus de l\u2019oeuvre et comment\u00e9 de mani\u00e8re ludique &hellip;<a href=\"https:\/\/www.brenne-au-coeur.com\/index.php\/2024\/04\/02\/lakme\/jaugette\/5511\/\" class=\"more-link\">Lire la suite...<\/a><\/div><\/li><li class=\"rpwe-li rpwe-clearfix\"><a class=\"rpwe-img\" href=\"https:\/\/www.brenne-au-coeur.com\/index.php\/2024\/04\/02\/la-belle-equipe\/communes\/mezieres-en-brenne\/5499\/\" target=\"_self\"><img class=\"rpwe-alignleft rpwe-thumb\" src=\"https:\/\/www.brenne-au-coeur.com\/wp-content\/uploads\/2024\/04\/dest-brenne-1-120x120.jpg\" alt=\"La belle \u00e9quipe\" height=\"120\" width=\"120\" loading=\"lazy\" decoding=\"async\"><\/a><h3 class=\"rpwe-title\"><a href=\"https:\/\/www.brenne-au-coeur.com\/index.php\/2024\/04\/02\/la-belle-equipe\/communes\/mezieres-en-brenne\/5499\/\" target=\"_self\">La belle \u00e9quipe<\/a><\/h3><time class=\"rpwe-time published\" datetime=\"2024-04-02T12:40:34+02:00\">2 avril 2024<\/time><div class=\"rpwe-summary\">Marie, Val\u00e8re, et Zo\u00e9 re\u00e7oivent les touristes au bureau de Destination Brenne de M\u00e9zi\u00e8res-en-Brenne. Depuis 2021, l\u2019Office de Tourisme, occupe place Jean Moulin, les locaux de l\u2019ancien mus\u00e9e de la pisciculture. \u00c0 deux pas de la Mairie, de l\u2019agence postale, de la Brenne-Box, l\u2019emplacement gagne en visibilit\u00e9, et r\u00e9pond ainsi &hellip;<a href=\"https:\/\/www.brenne-au-coeur.com\/index.php\/2024\/04\/02\/la-belle-equipe\/communes\/mezieres-en-brenne\/5499\/\" class=\"more-link\">Lire la suite...<\/a><\/div><\/li><li class=\"rpwe-li rpwe-clearfix\"><a class=\"rpwe-img\" href=\"https:\/\/www.brenne-au-coeur.com\/index.php\/2024\/03\/17\/nouvelle-saison-musicale-a-jaugette\/communes\/obterre\/5452\/\" target=\"_self\"><img class=\"rpwe-alignleft rpwe-thumb\" src=\"https:\/\/www.brenne-au-coeur.com\/wp-content\/uploads\/2024\/03\/visuelfestival2014-copie.resized-120x120.jpg\" alt=\"Nouvelle saison musicale \u00e0 Jaugette\" height=\"120\" width=\"120\" loading=\"lazy\" decoding=\"async\"><\/a><h3 class=\"rpwe-title\"><a href=\"https:\/\/www.brenne-au-coeur.com\/index.php\/2024\/03\/17\/nouvelle-saison-musicale-a-jaugette\/communes\/obterre\/5452\/\" target=\"_self\">Nouvelle saison musicale \u00e0 Jaugette<\/a><\/h3><time class=\"rpwe-time published\" datetime=\"2024-03-17T11:08:06+01:00\">17 mars 2024<\/time><div class=\"rpwe-summary\">Op\u00e9ra, Jeux olympiques, hip-hop, ch\u0153ur\u2026 la saison 2024 de Jaugette promet comme chaque ann\u00e9e, par la vari\u00e9t\u00e9 de ses inspirations et la qualit\u00e9 de ses prestations. Pour cette ann\u00e9e 2024, les rencontres musicales d\u00e9buteront le lundi 15 avril \u00e0 15h au manoir de Jaugette. Sera pr\u00e9sent\u00e9 Nage No Kata. Ensemble &hellip;<a href=\"https:\/\/www.brenne-au-coeur.com\/index.php\/2024\/03\/17\/nouvelle-saison-musicale-a-jaugette\/communes\/obterre\/5452\/\" class=\"more-link\">Lire la suite...<\/a><\/div><\/li><li class=\"rpwe-li rpwe-clearfix\"><a class=\"rpwe-img\" href=\"https:\/\/www.brenne-au-coeur.com\/index.php\/2024\/03\/16\/andronie-huet-du-fils-de-communard-au-colon-en-nouvelle-caledonie\/communes\/mezieres-en-brenne\/5402\/\" target=\"_self\"><img class=\"rpwe-alignleft rpwe-thumb\" src=\"https:\/\/www.brenne-au-coeur.com\/wp-content\/uploads\/2024\/03\/andronie-huet.resized-120x120.jpg\" alt=\"Andronie Huet, du fils de communard au colon en Nouvelle-Cal\u00e9donie\" height=\"120\" width=\"120\" loading=\"lazy\" decoding=\"async\"><\/a><h3 class=\"rpwe-title\"><a href=\"https:\/\/www.brenne-au-coeur.com\/index.php\/2024\/03\/16\/andronie-huet-du-fils-de-communard-au-colon-en-nouvelle-caledonie\/communes\/mezieres-en-brenne\/5402\/\" target=\"_self\">Andronie Huet, du fils de communard au colon en Nouvelle-Cal\u00e9donie<\/a><\/h3><time class=\"rpwe-time published\" datetime=\"2024-03-16T18:16:58+01:00\">16 mars 2024<\/time><div class=\"rpwe-summary\">&nbsp; Je m\u2019appelle Andronie Huet et je vais vous raconter mon histoire de vie, peu banale, qui m\u2019a conduit d\u2019un bourg du centre de la France \u00e0 Noum\u00e9a, en Nouvelle-Cal\u00e9donie. Toute cette \u00e9pop\u00e9e s\u2019est d\u00e9roul\u00e9e dans le dernier quart du XIXe si\u00e8cle et la premi\u00e8re moiti\u00e9 du XXe. Mon p\u00e8re &hellip;<a href=\"https:\/\/www.brenne-au-coeur.com\/index.php\/2024\/03\/16\/andronie-huet-du-fils-de-communard-au-colon-en-nouvelle-caledonie\/communes\/mezieres-en-brenne\/5402\/\" class=\"more-link\">Lire la suite...<\/a><\/div><\/li><li class=\"rpwe-li rpwe-clearfix\"><a class=\"rpwe-img\" href=\"https:\/\/www.brenne-au-coeur.com\/index.php\/2024\/03\/11\/le-cpie-vient-a-vous\/communes\/martizay\/5385\/\" target=\"_self\"><img class=\"rpwe-alignleft rpwe-thumb\" src=\"https:\/\/www.brenne-au-coeur.com\/wp-content\/uploads\/2024\/03\/RencontreCPIE-Martizay.resized-120x120.jpg\" alt=\"Le CPIE vient \u00e0 vous\u00a0!\" height=\"120\" width=\"120\" loading=\"lazy\" decoding=\"async\"><\/a><h3 class=\"rpwe-title\"><a href=\"https:\/\/www.brenne-au-coeur.com\/index.php\/2024\/03\/11\/le-cpie-vient-a-vous\/communes\/martizay\/5385\/\" target=\"_self\">Le CPIE vient \u00e0 vous\u00a0!<\/a><\/h3><time class=\"rpwe-time published\" datetime=\"2024-03-11T16:27:37+01:00\">11 mars 2024<\/time><div class=\"rpwe-summary\">Mardi 19 mars, de 18h30 \u00e0 20h30, salle des associations de Martizay, le CPIE invite les habitants \u00e0 une rencontre pour faire connaissance avec ses activit\u00e9s. L\u2019association proposera de plus, un petit atelier de fabrication de \u00abbombes de graines&nbsp;\u00bb, des petites boulettes d&rsquo;argile remplies de graines de fleurs, que l&rsquo;on &hellip;<a href=\"https:\/\/www.brenne-au-coeur.com\/index.php\/2024\/03\/11\/le-cpie-vient-a-vous\/communes\/martizay\/5385\/\" class=\"more-link\">Lire la suite...<\/a><\/div><\/li><li class=\"rpwe-li rpwe-clearfix\"><a class=\"rpwe-img\" href=\"https:\/\/www.brenne-au-coeur.com\/index.php\/2024\/03\/11\/fete-du-court-metrage\/communes\/martizay\/5381\/\" target=\"_self\"><img class=\"rpwe-alignleft rpwe-thumb\" src=\"https:\/\/www.brenne-au-coeur.com\/wp-content\/uploads\/2024\/03\/ProgrammeFCM_mars2024_R.resized.resized-120x120.jpg\" alt=\"F\u00eate du court-m\u00e9trage\" height=\"120\" width=\"120\" loading=\"lazy\" decoding=\"async\"><\/a><h3 class=\"rpwe-title\"><a href=\"https:\/\/www.brenne-au-coeur.com\/index.php\/2024\/03\/11\/fete-du-court-metrage\/communes\/martizay\/5381\/\" target=\"_self\">F\u00eate du court-m\u00e9trage<\/a><\/h3><time class=\"rpwe-time published\" datetime=\"2024-03-11T13:03:01+01:00\">11 mars 2024<\/time><div class=\"rpwe-summary\">Du 20 au 26 mars 2024, les m\u00e9diath\u00e8ques de Martizay, de M\u00e9zi\u00e8res-en-Brenne et la Communaut\u00e9 de communes \u00ab\u00a0C\u0153ur de Brenne\u00a0\u00bb proposent plusieurs projections gratuites de courts-m\u00e9trages. L\u2019initiative se situe dans le cadre d\u2019une manifestation nationale, annuelle, La F\u00eate du court m\u00e9trage, qui est n\u00e9e de la volont\u00e9 de mieux faire &hellip;<a href=\"https:\/\/www.brenne-au-coeur.com\/index.php\/2024\/03\/11\/fete-du-court-metrage\/communes\/martizay\/5381\/\" class=\"more-link\">Lire la suite...<\/a><\/div><\/li><li class=\"rpwe-li rpwe-clearfix\"><a class=\"rpwe-img\" href=\"https:\/\/www.brenne-au-coeur.com\/index.php\/2024\/03\/02\/laffrontement-de-pechoire-23-juillet-1944\/communes\/azay-le-ferron-communes\/5334\/\" target=\"_self\"><img class=\"rpwe-alignleft rpwe-thumb\" src=\"https:\/\/www.brenne-au-coeur.com\/wp-content\/uploads\/2024\/03\/IMG_7815.resized.resized-120x120.jpg\" alt=\"L\u2019affrontement de P\u00eachoire\u00a0: 23 juillet 1944\" height=\"120\" width=\"120\" loading=\"lazy\" decoding=\"async\"><\/a><h3 class=\"rpwe-title\"><a href=\"https:\/\/www.brenne-au-coeur.com\/index.php\/2024\/03\/02\/laffrontement-de-pechoire-23-juillet-1944\/communes\/azay-le-ferron-communes\/5334\/\" target=\"_self\">L\u2019affrontement de P\u00eachoire\u00a0: 23 juillet 1944<\/a><\/h3><time class=\"rpwe-time published\" datetime=\"2024-03-02T15:45:06+01:00\">2 mars 2024<\/time><div class=\"rpwe-summary\">\u00a0 LES CIRCONSTANCES Localis\u00e9 sur la D14A, entre Azay-le-Ferron dans l\u2019Indre et Charnizay en Indre-et-Loire, le lieu-dit de P\u00eachoire serait l\u2019\u00e9quivalent berrichon de p\u00eacherie, bien qu\u2019il n\u2019y ait pas d\u2019\u00e9tang \u00e0 toute proximit\u00e9. Les \u00e9tangs Gillet sont situ\u00e9s \u00e0 pr\u00e8s d\u2019un kilom\u00e8tre au sud-ouest de la route. Dans cette dense &hellip;<a href=\"https:\/\/www.brenne-au-coeur.com\/index.php\/2024\/03\/02\/laffrontement-de-pechoire-23-juillet-1944\/communes\/azay-le-ferron-communes\/5334\/\" class=\"more-link\">Lire la suite...<\/a><\/div><\/li><li class=\"rpwe-li rpwe-clearfix\"><a class=\"rpwe-img\" href=\"https:\/\/www.brenne-au-coeur.com\/index.php\/2024\/03\/02\/commune-de-paris-luttes-des-femmes-et-chansons\/communes\/azay-le-ferron-communes\/5330\/\" target=\"_self\"><img class=\"rpwe-alignleft rpwe-thumb\" src=\"https:\/\/www.brenne-au-coeur.com\/wp-content\/uploads\/2024\/03\/Commune-de-Paris-Azay.resized-120x120.jpg\" alt=\"Commune de Paris, luttes des femmes et chansons\" height=\"120\" width=\"120\" loading=\"lazy\" decoding=\"async\"><\/a><h3 class=\"rpwe-title\"><a href=\"https:\/\/www.brenne-au-coeur.com\/index.php\/2024\/03\/02\/commune-de-paris-luttes-des-femmes-et-chansons\/communes\/azay-le-ferron-communes\/5330\/\" target=\"_self\">Commune de Paris, luttes des femmes et chansons<\/a><\/h3><time class=\"rpwe-time published\" datetime=\"2024-03-02T12:28:30+01:00\">2 mars 2024<\/time><div class=\"rpwe-summary\">Samedi 8 mars, dans le cadre de la journ\u00e9e internationale de la femme, la m\u00e9diath\u00e8que d\u2019Azay-le-Ferron propose de rendre hommage aux femmes combattantes de la Commune de Paris. Si cette page de l\u2019histoire de France reste tr\u00e8s m\u00e9connue, la participation des femmes l\u2019est encore plus. \u00ab\u00a0Lorsque l\u2019on \u00e9voque le combat &hellip;<a href=\"https:\/\/www.brenne-au-coeur.com\/index.php\/2024\/03\/02\/commune-de-paris-luttes-des-femmes-et-chansons\/communes\/azay-le-ferron-communes\/5330\/\" class=\"more-link\">Lire la suite...<\/a><\/div><\/li><li class=\"rpwe-li rpwe-clearfix\"><a class=\"rpwe-img\" href=\"https:\/\/www.brenne-au-coeur.com\/index.php\/2024\/03\/01\/chti-peuple-de-brenne\/communes\/villiers\/5326\/\" target=\"_self\"><img class=\"rpwe-alignleft rpwe-thumb\" src=\"https:\/\/www.brenne-au-coeur.com\/wp-content\/uploads\/2024\/03\/Affiche-2024-0308-120x120.jpeg\" alt=\"Ch\u2019ti peuple de Brenne\" height=\"120\" width=\"120\" loading=\"lazy\" decoding=\"async\"><\/a><h3 class=\"rpwe-title\"><a href=\"https:\/\/www.brenne-au-coeur.com\/index.php\/2024\/03\/01\/chti-peuple-de-brenne\/communes\/villiers\/5326\/\" target=\"_self\">Ch\u2019ti peuple de Brenne<\/a><\/h3><time class=\"rpwe-time published\" datetime=\"2024-03-01T18:01:59+01:00\">1 mars 2024<\/time><div class=\"rpwe-summary\">Samedi 8 mars, \u00e0 20h30, \u00ab\u00a0Ventres Jaunes &amp; Magie Blanche\u00a0\u00bb, un film de Jean-Pierre Surrault, sera projet\u00e9 \u00e0 la salle des f\u00eates de Villiers. Le documentaire invite le spectateur \u00e0 un retour dans le pass\u00e9 de la r\u00e9gion aux mille \u00e9tangs. Dans la Brenne autrefois tr\u00e8s pauvre, est-il rappel\u00e9, les &hellip;<a href=\"https:\/\/www.brenne-au-coeur.com\/index.php\/2024\/03\/01\/chti-peuple-de-brenne\/communes\/villiers\/5326\/\" class=\"more-link\">Lire la suite...<\/a><\/div><\/li><li class=\"rpwe-li rpwe-clearfix\"><a class=\"rpwe-img\" href=\"https:\/\/www.brenne-au-coeur.com\/index.php\/2024\/02\/11\/du-filet-de-peche-a-la-vente-de-poissons\/communes\/saulnay\/5289\/\" target=\"_self\"><img class=\"rpwe-alignleft rpwe-thumb\" src=\"https:\/\/www.brenne-au-coeur.com\/wp-content\/uploads\/2024\/02\/peche-1.resized-120x120.jpg\" alt=\"Du filet de p\u00eache \u00e0 la vente de poissons\" height=\"120\" width=\"120\" loading=\"lazy\" decoding=\"async\"><\/a><h3 class=\"rpwe-title\"><a href=\"https:\/\/www.brenne-au-coeur.com\/index.php\/2024\/02\/11\/du-filet-de-peche-a-la-vente-de-poissons\/communes\/saulnay\/5289\/\" target=\"_self\">Du filet de p\u00eache \u00e0 la vente de poissons<\/a><\/h3><time class=\"rpwe-time published\" datetime=\"2024-02-11T18:26:30+01:00\">11 f\u00e9vrier 2024<\/time><div class=\"rpwe-summary\">Vendredi 23 f\u00e9vrier 2024 \u00e0 8h30. Rendez-vous Place de l&rsquo;\u00c9glise de Saulnay. Exceptionnellement Bruno Cav\u00e9 invite \u00e0 d\u00e9couvrir une p\u00eache d&rsquo;\u00e9tang traditionnelle sur sa propri\u00e9t\u00e9 de la Grande M\u00e9tairie de Notz Marafin ( pour des raisons de s\u00e9curit\u00e9, peu de p\u00eaches d&rsquo;\u00e9tangs sont accessibles). Apr\u00e8s une pr\u00e9sentation de la propri\u00e9t\u00e9, &hellip;<a href=\"https:\/\/www.brenne-au-coeur.com\/index.php\/2024\/02\/11\/du-filet-de-peche-a-la-vente-de-poissons\/communes\/saulnay\/5289\/\" class=\"more-link\">Lire la suite...<\/a><\/div><\/li><li class=\"rpwe-li rpwe-clearfix\"><a class=\"rpwe-img\" href=\"https:\/\/www.brenne-au-coeur.com\/index.php\/2024\/02\/11\/initiation-au-jeu-dechecs\/communes\/mezieres-en-brenne\/5282\/\" target=\"_self\"><img class=\"rpwe-alignleft rpwe-thumb\" src=\"https:\/\/www.brenne-au-coeur.com\/wp-content\/uploads\/2024\/02\/Initiation-aux-echecs-24-02-120x120.jpg\" alt=\"Initiation au jeu d&rsquo;\u00e9checs\" height=\"120\" width=\"120\" loading=\"lazy\" decoding=\"async\"><\/a><h3 class=\"rpwe-title\"><a href=\"https:\/\/www.brenne-au-coeur.com\/index.php\/2024\/02\/11\/initiation-au-jeu-dechecs\/communes\/mezieres-en-brenne\/5282\/\" target=\"_self\">Initiation au jeu d&rsquo;\u00e9checs<\/a><\/h3><time class=\"rpwe-time published\" datetime=\"2024-02-11T17:46:38+01:00\">11 f\u00e9vrier 2024<\/time><div class=\"rpwe-summary\">Samedi 24 f\u00e9vrier, de 15h \u00e0 18h, la m\u00e9diath\u00e8que de M\u00e9zi\u00e8res invite \u00e0 venir s\u2019initier \u00e0 la pratique du jeu d\u2019\u00e9checs. Les personnes qui souhaitent apprendre ou rencontrer d\u2019autres joueurs, b\u00e9n\u00e9ficieront de la pr\u00e9sence de M. Boursier qui transmettra sa passion pour ce jeu de strat\u00e9gie. Le jeu d\u2019\u00e9checs est &hellip;<a href=\"https:\/\/www.brenne-au-coeur.com\/index.php\/2024\/02\/11\/initiation-au-jeu-dechecs\/communes\/mezieres-en-brenne\/5282\/\" class=\"more-link\">Lire la suite...<\/a><\/div><\/li><li class=\"rpwe-li rpwe-clearfix\"><a class=\"rpwe-img\" href=\"https:\/\/www.brenne-au-coeur.com\/index.php\/2024\/02\/04\/la-brenne-de-toine\/communes\/martizay\/5267\/\" target=\"_self\"><img class=\"rpwe-alignleft rpwe-thumb\" src=\"https:\/\/www.brenne-au-coeur.com\/wp-content\/uploads\/2024\/02\/photos_brenne.resized-120x120.jpg\" alt=\"La Brenne de Toine.\" height=\"120\" width=\"120\" loading=\"lazy\" decoding=\"async\"><\/a><h3 class=\"rpwe-title\"><a href=\"https:\/\/www.brenne-au-coeur.com\/index.php\/2024\/02\/04\/la-brenne-de-toine\/communes\/martizay\/5267\/\" target=\"_self\">La Brenne de Toine.<\/a><\/h3><time class=\"rpwe-time published\" datetime=\"2024-02-04T19:40:27+01:00\">4 f\u00e9vrier 2024<\/time><div class=\"rpwe-summary\">Le photographe pr\u00e9sente son exposition \u00ab&nbsp;La p\u00eache en Brenne&nbsp;\u00bb \u00e0 la m\u00e9diath\u00e8que de Martizay, jusqu\u2019au 24 f\u00e9vier. Ainsi qu\u2019il se pr\u00e9sente, Antoine est n\u00e9 entre Berry et Touraine , il y a 43 ans \u00e0 Ch\u00e2tillon-sur-Indre Il est photographe amateur depuis pr\u00e8s de 5 ans et signe sous le pseudonyme &hellip;<a href=\"https:\/\/www.brenne-au-coeur.com\/index.php\/2024\/02\/04\/la-brenne-de-toine\/communes\/martizay\/5267\/\" class=\"more-link\">Lire la suite...<\/a><\/div><\/li><li class=\"rpwe-li rpwe-clearfix\"><a class=\"rpwe-img\" href=\"https:\/\/www.brenne-au-coeur.com\/index.php\/2024\/02\/04\/dynamo-creuse-son-sillon-sur-la-bande-fm\/le-blanc\/5262\/\" target=\"_self\"><img class=\"rpwe-alignleft rpwe-thumb\" src=\"https:\/\/www.brenne-au-coeur.com\/wp-content\/uploads\/2024\/02\/WhatsApp-Image-2023-10-19-a-11.06.15_e770a6c5.resized-120x120.jpg\" alt=\"Dynamo creuse son sillon sur la bande FM\" height=\"120\" width=\"120\" loading=\"lazy\" decoding=\"async\"><\/a><h3 class=\"rpwe-title\"><a href=\"https:\/\/www.brenne-au-coeur.com\/index.php\/2024\/02\/04\/dynamo-creuse-son-sillon-sur-la-bande-fm\/le-blanc\/5262\/\" target=\"_self\">Dynamo creuse son sillon sur la bande FM<\/a><\/h3><time class=\"rpwe-time published\" datetime=\"2024-02-04T19:15:36+01:00\">4 f\u00e9vrier 2024<\/time><div class=\"rpwe-summary\">La radio \u00e9met sur les secteurs du Blanc et d\u2019Argenton, depuis un peu plus d\u2019an, et a d\u00e9j\u00e0 trouv\u00e9 son auditoire. Le magazine Carr\u00e9 Barr\u00e9 y consacre un article (ci-dessous), dans son num\u00e9ro de janvier-f\u00e9vrier. &nbsp; Ici Le Blanc. Dynamo parlent aux Blancois\u00b7es et aux Argentonnais\u00b7es&nbsp;! Voil\u00e0 un peu plus &hellip;<a href=\"https:\/\/www.brenne-au-coeur.com\/index.php\/2024\/02\/04\/dynamo-creuse-son-sillon-sur-la-bande-fm\/le-blanc\/5262\/\" class=\"more-link\">Lire la suite...<\/a><\/div><\/li><li class=\"rpwe-li rpwe-clearfix\"><a class=\"rpwe-img\" href=\"https:\/\/www.brenne-au-coeur.com\/index.php\/2024\/01\/27\/sos-sommeil\/communes\/mezieres-en-brenne\/5237\/\" target=\"_self\"><img class=\"rpwe-alignleft rpwe-thumb\" src=\"https:\/\/www.brenne-au-coeur.com\/wp-content\/uploads\/2024\/01\/Affiche-Parentheses-LE-SOMMEIL-1002-120x120.jpeg\" alt=\"SOS Sommeil\" height=\"120\" width=\"120\" loading=\"lazy\" decoding=\"async\"><\/a><h3 class=\"rpwe-title\"><a href=\"https:\/\/www.brenne-au-coeur.com\/index.php\/2024\/01\/27\/sos-sommeil\/communes\/mezieres-en-brenne\/5237\/\" target=\"_self\">SOS Sommeil<\/a><\/h3><time class=\"rpwe-time published\" datetime=\"2024-01-27T16:27:58+01:00\">27 janvier 2024<\/time><div class=\"rpwe-summary\">Samedi 10 f\u00e9vrier \u00e0 15h, la m\u00e9diath\u00e8que de M\u00e9zi\u00e8res-en-Brenne organise une nouvelle session des \u00ab&nbsp;Parenth\u00e8ses de la m\u00e9diath\u00e8que&nbsp;\u00bb, actions \u00e0 l\u2019attention des familles subventionn\u00e9es par la CAF. L\u2019atelier sera anim\u00e9 par Virginie Millin, psychologue sp\u00e9cialis\u00e9e dans la p\u00e9rinatalit\u00e9, l\u2019accompagnement des familles, des professionnel.les de l\u2019accompagnement et de la r\u00e9gulation des &hellip;<a href=\"https:\/\/www.brenne-au-coeur.com\/index.php\/2024\/01\/27\/sos-sommeil\/communes\/mezieres-en-brenne\/5237\/\" class=\"more-link\">Lire la suite...<\/a><\/div><\/li><li class=\"rpwe-li rpwe-clearfix\"><a class=\"rpwe-img\" href=\"https:\/\/www.brenne-au-coeur.com\/index.php\/2024\/01\/27\/merci-mesdames\/communes\/mezieres-en-brenne\/5228\/\" target=\"_self\"><img class=\"rpwe-alignleft rpwe-thumb\" src=\"https:\/\/www.brenne-au-coeur.com\/wp-content\/uploads\/2024\/01\/marie-paule-et-helene-120x120.jpg\" alt=\"Merci Mesdames\" height=\"120\" width=\"120\" loading=\"lazy\" decoding=\"async\"><\/a><h3 class=\"rpwe-title\"><a href=\"https:\/\/www.brenne-au-coeur.com\/index.php\/2024\/01\/27\/merci-mesdames\/communes\/mezieres-en-brenne\/5228\/\" target=\"_self\">Merci Mesdames<\/a><\/h3><time class=\"rpwe-time published\" datetime=\"2024-01-27T16:12:15+01:00\">27 janvier 2024<\/time><div class=\"rpwe-summary\">\u00c0 M\u00e9zi\u00e8res-en-Brenne, chaque mois, l\u2019association Le Moulin propose une nouvelle exposition. H\u00e9l\u00e8ne Andrews-Peraldi organise ces rendez-vous, depuis deux ans. Elle a repris le flambeau, tenu pendant plus de trente ans par Marie-Paule Camus. L\u2019une et l\u2019autre sont anim\u00e9es par une passion pour l\u2019expression artistique et le bonheur de la partag\u00e9e. &hellip;<a href=\"https:\/\/www.brenne-au-coeur.com\/index.php\/2024\/01\/27\/merci-mesdames\/communes\/mezieres-en-brenne\/5228\/\" class=\"more-link\">Lire la suite...<\/a><\/div><\/li><li class=\"rpwe-li rpwe-clearfix\"><a class=\"rpwe-img\" href=\"https:\/\/www.brenne-au-coeur.com\/index.php\/2024\/01\/12\/hors-saison-musicale-en-berry\/saint-gaultier\/5203\/\" target=\"_self\"><img class=\"rpwe-alignleft rpwe-thumb\" src=\"https:\/\/www.brenne-au-coeur.com\/wp-content\/uploads\/2024\/01\/index-120x120.jpeg\" alt=\"Hors saison musicale en Berry\" height=\"120\" width=\"120\" loading=\"lazy\" decoding=\"async\"><\/a><h3 class=\"rpwe-title\"><a href=\"https:\/\/www.brenne-au-coeur.com\/index.php\/2024\/01\/12\/hors-saison-musicale-en-berry\/saint-gaultier\/5203\/\" target=\"_self\">Hors saison musicale en Berry<\/a><\/h3><time class=\"rpwe-time published\" datetime=\"2024-01-12T15:12:01+01:00\">12 janvier 2024<\/time><div class=\"rpwe-summary\">Dimanche 21 janvier 2024 \u00e0 15h30, l\u2019Amusette Lyrique donnera un concert en l\u2019\u00e9glise de Saint-Gaultier. La formation musicale est compos\u00e9e de Sandrine Eyglier, soprano, Jean-Christophe Hurtaud, fl\u00fbtes Michel Glasko, accord\u00e9on. Ce spectacle est pr\u00e9sent\u00e9 par \u00ab\u00a0Hors Saison Musicale\u00a0\u00bb qui organise d\u2019octobre \u00e0 avril, plus de 50 week-ends musicaux dans 20 &hellip;<a href=\"https:\/\/www.brenne-au-coeur.com\/index.php\/2024\/01\/12\/hors-saison-musicale-en-berry\/saint-gaultier\/5203\/\" class=\"more-link\">Lire la suite...<\/a><\/div><\/li><li class=\"rpwe-li rpwe-clearfix\"><a class=\"rpwe-img\" href=\"https:\/\/www.brenne-au-coeur.com\/index.php\/2024\/01\/12\/un-peu-dhumour-dans-ce-monde-de-brutes\/a-lire\/5191\/\" target=\"_self\"><img class=\"rpwe-alignleft rpwe-thumb\" src=\"https:\/\/www.brenne-au-coeur.com\/wp-content\/uploads\/2024\/01\/blanche-gardin-120x120.jpeg\" alt=\"Un peu d\u2019humour dans ce monde de brutes\" height=\"120\" width=\"120\" loading=\"lazy\" decoding=\"async\"><\/a><h3 class=\"rpwe-title\"><a href=\"https:\/\/www.brenne-au-coeur.com\/index.php\/2024\/01\/12\/un-peu-dhumour-dans-ce-monde-de-brutes\/a-lire\/5191\/\" target=\"_self\">Un peu d\u2019humour dans ce monde de brutes<\/a><\/h3><time class=\"rpwe-time published\" datetime=\"2024-01-12T13:58:54+01:00\">12 janvier 2024<\/time><div class=\"rpwe-summary\">Et pour commencer cette nouvelle ann\u00e9e, Brenne-au-coeur vous propose un floril\u00e8ge de citations, pour se d\u00e9tendre\u2026 mais pas que\u00a0! C\u2019est bizarre cette indulgence qui s\u2019applique seulement aux artistes&nbsp;!? On ne dit pas d\u2019un boulanger&nbsp;: \u2019Oui c\u2019est vrai, il viole un peu des gosses dans le fournil, mais bon, il fait &hellip;<a href=\"https:\/\/www.brenne-au-coeur.com\/index.php\/2024\/01\/12\/un-peu-dhumour-dans-ce-monde-de-brutes\/a-lire\/5191\/\" class=\"more-link\">Lire la suite...<\/a><\/div><\/li><li class=\"rpwe-li rpwe-clearfix\"><a class=\"rpwe-img\" href=\"https:\/\/www.brenne-au-coeur.com\/index.php\/2024\/01\/11\/usine-a-pellets-un-projet-dangereux\/creuse\/5183\/\" target=\"_self\"><img class=\"rpwe-alignleft rpwe-thumb\" src=\"https:\/\/www.brenne-au-coeur.com\/wp-content\/uploads\/2024\/01\/Coupe-120x120.jpeg\" alt=\"Usine \u00e0 pellets&nbsp;: un projet dangereux\" height=\"120\" width=\"120\" loading=\"lazy\" decoding=\"async\"><\/a><h3 class=\"rpwe-title\"><a href=\"https:\/\/www.brenne-au-coeur.com\/index.php\/2024\/01\/11\/usine-a-pellets-un-projet-dangereux\/creuse\/5183\/\" target=\"_self\">Usine \u00e0 pellets&nbsp;: un projet dangereux<\/a><\/h3><time class=\"rpwe-time published\" datetime=\"2024-01-11T17:16:01+01:00\">11 janvier 2024<\/time><div class=\"rpwe-summary\">Une usine \u00e0 pellets (granul\u00e9s) du groupe BYOSIL devrait s&rsquo;implanter pr\u00e8s de Gu\u00e9ret. La question concerne la Creuse voisine, mais les r\u00e9percutions sont bien plus vastes en touchant les d\u00e9partements limitrophes. Brenne-au-c\u0153ur soutient l\u2019action d\u2019un collectif d\u2019associations qui s\u2019oppose \u00e0 la cr\u00e9ation de l\u2019usine. Le texte ci-dessous extrait du site &hellip;<a href=\"https:\/\/www.brenne-au-coeur.com\/index.php\/2024\/01\/11\/usine-a-pellets-un-projet-dangereux\/creuse\/5183\/\" class=\"more-link\">Lire la suite...<\/a><\/div><\/li><li class=\"rpwe-li rpwe-clearfix\"><a class=\"rpwe-img\" href=\"https:\/\/www.brenne-au-coeur.com\/index.php\/2023\/12\/30\/cine-a-villiers\/communes\/villiers\/5162\/\" target=\"_self\"><img class=\"rpwe-alignleft rpwe-thumb\" src=\"https:\/\/www.brenne-au-coeur.com\/wp-content\/uploads\/2023\/12\/film-06-01-3.resized-120x120.jpeg\" alt=\"Cin\u00e9 \u00e0 Villiers\" height=\"120\" width=\"120\" loading=\"lazy\" decoding=\"async\"><\/a><h3 class=\"rpwe-title\"><a href=\"https:\/\/www.brenne-au-coeur.com\/index.php\/2023\/12\/30\/cine-a-villiers\/communes\/villiers\/5162\/\" target=\"_self\">Cin\u00e9 \u00e0 Villiers<\/a><\/h3><time class=\"rpwe-time published\" datetime=\"2023-12-30T18:11:23+01:00\">30 d\u00e9cembre 2023<\/time><div class=\"rpwe-summary\">Vendredi 5 Janvier\u00a0 \u00e0 20h30, la salle des f\u00eates de Villiers prendra encore une fois, des allures de salle de cin\u00e9ma. Premi\u00e8re s\u00e9ance pour la nouvelle ann\u00e9e, au cours de laquelle le public pourra visionner cinq courts-m\u00e9trages. Renaissance d\u2019une pierre taill\u00e9e. R\u00e9alisation d\u2019un pinacle par M\u00e9lanie. Un film du Cam\u00e9ra &hellip;<a href=\"https:\/\/www.brenne-au-coeur.com\/index.php\/2023\/12\/30\/cine-a-villiers\/communes\/villiers\/5162\/\" class=\"more-link\">Lire la suite...<\/a><\/div><\/li><li class=\"rpwe-li rpwe-clearfix\"><a class=\"rpwe-img\" href=\"https:\/\/www.brenne-au-coeur.com\/index.php\/2023\/12\/30\/ne-jetez-pas-venez-reparer\/le-blanc\/5157\/\" target=\"_self\"><img class=\"rpwe-alignleft rpwe-thumb\" src=\"https:\/\/www.brenne-au-coeur.com\/wp-content\/uploads\/2023\/12\/REPARLAB-grand-transparent-120x120.jpeg\" alt=\"Ne jetez pas, venez r\u00e9parer\u00a0!\" height=\"120\" width=\"120\" loading=\"lazy\" decoding=\"async\"><\/a><h3 class=\"rpwe-title\"><a href=\"https:\/\/www.brenne-au-coeur.com\/index.php\/2023\/12\/30\/ne-jetez-pas-venez-reparer\/le-blanc\/5157\/\" target=\"_self\">Ne jetez pas, venez r\u00e9parer\u00a0!<\/a><\/h3><time class=\"rpwe-time published\" datetime=\"2023-12-30T17:17:20+01:00\">30 d\u00e9cembre 2023<\/time><div class=\"rpwe-summary\">Samedi 06 janvier 2024, de 14h00 \u00e0 17h00 14 quai des Aub\u00e9pins, au Blanc, Reparlab ouvrira ses portes sur la journ\u00e9e pour sensibiliser un large public \u00e0 entretenir et \u00e0 r\u00e9parer des objets du quotidien&nbsp;: \u00e9lectrique, m\u00e9canique, informatique, outillage, petit \u00e9lectrom\u00e9nager, machine \u00e0 coudre&#8230; Apportez-vos appareils en panne, les r\u00e9parateurs &hellip;<a href=\"https:\/\/www.brenne-au-coeur.com\/index.php\/2023\/12\/30\/ne-jetez-pas-venez-reparer\/le-blanc\/5157\/\" class=\"more-link\">Lire la suite...<\/a><\/div><\/li><li class=\"rpwe-li rpwe-clearfix\"><a class=\"rpwe-img\" href=\"https:\/\/www.brenne-au-coeur.com\/index.php\/2023\/12\/27\/conservation-et-protection-de-la-nature-en-brenne\/evenements\/5149\/\" target=\"_self\"><img class=\"rpwe-alignleft rpwe-thumb\" src=\"https:\/\/www.brenne-au-coeur.com\/wp-content\/uploads\/2023\/12\/Huppe--120x120.jpg\" alt=\"Conservation et Protection de la nature en Brenne\" height=\"120\" width=\"120\" loading=\"lazy\" decoding=\"async\"><\/a><h3 class=\"rpwe-title\"><a href=\"https:\/\/www.brenne-au-coeur.com\/index.php\/2023\/12\/27\/conservation-et-protection-de-la-nature-en-brenne\/evenements\/5149\/\" target=\"_self\">Conservation et Protection de la nature en Brenne<\/a><\/h3><time class=\"rpwe-time published\" datetime=\"2023-12-27T16:40:46+01:00\">27 d\u00e9cembre 2023<\/time><div class=\"rpwe-summary\">Jeudi 11 janvier 2024, \u00e0 18h00, salle Carnot (rue Pasteur) au Blanc, l\u2019Universit\u00e9 Inter-g\u00e9n\u00e9ration Populaire Blancoise (UIPB) organise une conf\u00e9rence. Tony Williams, naturaliste pr\u00e9sentera le r\u00f4le des espaces prot\u00e9g\u00e9s. Cette soir\u00e9e constituant la premi\u00e8re partie de ce th\u00e8me consacr\u00e9 \u00e0 la protection de la nature en Brenne. La Brenne est &hellip;<a href=\"https:\/\/www.brenne-au-coeur.com\/index.php\/2023\/12\/27\/conservation-et-protection-de-la-nature-en-brenne\/evenements\/5149\/\" class=\"more-link\">Lire la suite...<\/a><\/div><\/li><li class=\"rpwe-li rpwe-clearfix\"><a class=\"rpwe-img\" href=\"https:\/\/www.brenne-au-coeur.com\/index.php\/2023\/12\/27\/programme-culturel-copieux\/communes\/azay-le-ferron-communes\/5140\/\" target=\"_self\"><img class=\"rpwe-alignleft rpwe-thumb\" src=\"https:\/\/www.brenne-au-coeur.com\/wp-content\/uploads\/2023\/12\/casque-vituel-120x120.jpeg\" alt=\"Programme culturel copieux\" height=\"120\" width=\"120\" loading=\"lazy\" decoding=\"async\"><\/a><h3 class=\"rpwe-title\"><a href=\"https:\/\/www.brenne-au-coeur.com\/index.php\/2023\/12\/27\/programme-culturel-copieux\/communes\/azay-le-ferron-communes\/5140\/\" target=\"_self\">Programme culturel copieux<\/a><\/h3><time class=\"rpwe-time published\" datetime=\"2023-12-27T15:05:50+01:00\">27 d\u00e9cembre 2023<\/time><div class=\"rpwe-summary\">Expos, jeux, ateliers, rencontres. Le programme des activit\u00e9s des m\u00e9diath\u00e8ques d\u2019Azay-le-Ferron, de Martizay et de M\u00e9zi\u00e8res-en-Brenne est bien fourni, en ce d\u00e9but d\u2019ann\u00e9e 2024. Pour janvier et f\u00e9vrier, elles proposent bien \u00e9videmment, des animations autour du livre. Deux ateliers d\u2019\u00e9criture seront ouverts \u00e0 Azay. Le 23 janvier et le 27 &hellip;<a href=\"https:\/\/www.brenne-au-coeur.com\/index.php\/2023\/12\/27\/programme-culturel-copieux\/communes\/azay-le-ferron-communes\/5140\/\" class=\"more-link\">Lire la suite...<\/a><\/div><\/li><li class=\"rpwe-li rpwe-clearfix\"><a class=\"rpwe-img\" href=\"https:\/\/www.brenne-au-coeur.com\/index.php\/2023\/12\/19\/le-mythe-de-linde-conte\/communes\/mezieres-en-brenne\/5129\/\" target=\"_self\"><img class=\"rpwe-alignleft rpwe-thumb\" src=\"https:\/\/www.brenne-au-coeur.com\/wp-content\/uploads\/2023\/12\/Catherine-Zarcate-120x120.jpg\" alt=\"Le mythe de l\u2019Inde cont\u00e9\u00a0!\" height=\"120\" width=\"120\" loading=\"lazy\" decoding=\"async\"><\/a><h3 class=\"rpwe-title\"><a href=\"https:\/\/www.brenne-au-coeur.com\/index.php\/2023\/12\/19\/le-mythe-de-linde-conte\/communes\/mezieres-en-brenne\/5129\/\" target=\"_self\">Le mythe de l\u2019Inde cont\u00e9\u00a0!<\/a><\/h3><time class=\"rpwe-time published\" datetime=\"2023-12-19T18:57:53+01:00\">19 d\u00e9cembre 2023<\/time><div class=\"rpwe-summary\">Jeudi 28 d\u00e9cembre, \u00e0 17 h, salle des f\u00eates de M\u00e9zi\u00e8res-en-Brenne, l&rsquo;association Noces de Paroles vous propose une soir\u00e9e conte avec Catherine Zarcate, sur le mythe de l&rsquo;Inde, intitul\u00e9 la Krishna Lila. Voil\u00e0 l&rsquo;histoire&#8230; La Terre, \u00e9puis\u00e9e, s&rsquo;est plainte aux dieux. Vishnou lui promet de la soulager&nbsp;: il va descendre &hellip;<a href=\"https:\/\/www.brenne-au-coeur.com\/index.php\/2023\/12\/19\/le-mythe-de-linde-conte\/communes\/mezieres-en-brenne\/5129\/\" class=\"more-link\">Lire la suite...<\/a><\/div><\/li><li class=\"rpwe-li rpwe-clearfix\"><a class=\"rpwe-img\" href=\"https:\/\/www.brenne-au-coeur.com\/index.php\/2023\/12\/19\/concert-de-noel-a-chatillon\/chatillon-sur-indre\/5125\/\" target=\"_self\"><img class=\"rpwe-alignleft rpwe-thumb\" src=\"https:\/\/www.brenne-au-coeur.com\/wp-content\/uploads\/2023\/12\/20231216_193503.resized-120x120.jpg\" alt=\"Concert de No\u00ebl \u00e0 Ch\u00e2tillon\" height=\"120\" width=\"120\" loading=\"lazy\" decoding=\"async\"><\/a><h3 class=\"rpwe-title\"><a href=\"https:\/\/www.brenne-au-coeur.com\/index.php\/2023\/12\/19\/concert-de-noel-a-chatillon\/chatillon-sur-indre\/5125\/\" target=\"_self\">Concert de No\u00ebl \u00e0 Ch\u00e2tillon<\/a><\/h3><time class=\"rpwe-time published\" datetime=\"2023-12-19T18:42:15+01:00\">19 d\u00e9cembre 2023<\/time><div class=\"rpwe-summary\">Samedi 16 d\u00e9cembre, en l\u2019\u00e9glise de Ch\u00e2tillon-sur-Indre, un nombreux public est venu assister au traditionnel concert de No\u00ebl, propos\u00e9 par la municipalit\u00e9. Un voyage musical parmi des \u0153uvres de Bellini et Schumann, en passant par Bach, Mozart, Gounod jusqu\u2019\u00e0 Adolphe Adam pour le fameux \u00ab\u00a0Minuit, Chr\u00e9tiens\u00a0\u00bb. Le spectacle a \u00e9t\u00e9 &hellip;<a href=\"https:\/\/www.brenne-au-coeur.com\/index.php\/2023\/12\/19\/concert-de-noel-a-chatillon\/chatillon-sur-indre\/5125\/\" class=\"more-link\">Lire la suite...<\/a><\/div><\/li><li class=\"rpwe-li rpwe-clearfix\"><a class=\"rpwe-img\" href=\"https:\/\/www.brenne-au-coeur.com\/index.php\/2023\/12\/16\/jaugette-recompense\/communes\/obterre\/5106\/\" target=\"_self\"><img class=\"rpwe-alignleft rpwe-thumb\" src=\"https:\/\/www.brenne-au-coeur.com\/wp-content\/uploads\/2023\/12\/spectacle-jaugette--scaled-120x120.jpg\" alt=\"Jaugette r\u00e9compens\u00e9\" height=\"120\" width=\"120\" loading=\"lazy\" decoding=\"async\"><\/a><h3 class=\"rpwe-title\"><a href=\"https:\/\/www.brenne-au-coeur.com\/index.php\/2023\/12\/16\/jaugette-recompense\/communes\/obterre\/5106\/\" target=\"_self\">Jaugette r\u00e9compens\u00e9<\/a><\/h3><time class=\"rpwe-time published\" datetime=\"2023-12-16T18:55:34+01:00\">16 d\u00e9cembre 2023<\/time><div class=\"rpwe-summary\">Le festival des Rencontres Musicales de Jaugette a remport\u00e9 le 15 novembre dernier, \u00e0 Paris, le prix du Meilleur dispositif en termes de contenu des Heavent Festivals Awards, qui r\u00e9compensent chaque ann\u00e9e les festivals musicaux europ\u00e9ens les plus marquants. Le public-jury constitu\u00e9 uniquement de professionnels du milieu de l&rsquo;\u00e9v\u00e8nementiel a &hellip;<a href=\"https:\/\/www.brenne-au-coeur.com\/index.php\/2023\/12\/16\/jaugette-recompense\/communes\/obterre\/5106\/\" class=\"more-link\">Lire la suite...<\/a><\/div><\/li><li class=\"rpwe-li rpwe-clearfix\"><a class=\"rpwe-img\" href=\"https:\/\/www.brenne-au-coeur.com\/index.php\/2023\/12\/16\/le-moulin-eveille-les-papilles\/communes\/5102\/\" target=\"_self\"><img class=\"rpwe-alignleft rpwe-thumb\" src=\"https:\/\/www.brenne-au-coeur.com\/wp-content\/uploads\/2023\/12\/11_me_salon_de_la_gourmandise_3.resized-120x120.jpg\" alt=\"Le moulin \u00e9veille les papilles\" height=\"120\" width=\"120\" loading=\"lazy\" decoding=\"async\"><\/a><h3 class=\"rpwe-title\"><a href=\"https:\/\/www.brenne-au-coeur.com\/index.php\/2023\/12\/16\/le-moulin-eveille-les-papilles\/communes\/5102\/\" target=\"_self\">Le moulin \u00e9veille les papilles<\/a><\/h3><time class=\"rpwe-time published\" datetime=\"2023-12-16T18:17:07+01:00\">16 d\u00e9cembre 2023<\/time><div class=\"rpwe-summary\">Jusqu&rsquo;au 4 janvier, cette derni\u00e8re exposition de l&rsquo;ann\u00e9e se veut gourmande, avec le 11\u00e8me salon de la gourmandise sous toutes ses formes qui se d\u00e9guste d&rsquo;abord par le regard, \u00e0 travers les aquarelles de Fran\u00e7oise Nicoulaud. Elle propose une d\u00e9clinaison de gourmandises. Les pastels et acryliques d&rsquo;Annie Pichonnet mettent, quant &hellip;<a href=\"https:\/\/www.brenne-au-coeur.com\/index.php\/2023\/12\/16\/le-moulin-eveille-les-papilles\/communes\/5102\/\" class=\"more-link\">Lire la suite...<\/a><\/div><\/li><li class=\"rpwe-li rpwe-clearfix\"><a class=\"rpwe-img\" href=\"https:\/\/www.brenne-au-coeur.com\/index.php\/2023\/12\/02\/plaisir-decrire\/communes\/azay-le-ferron-communes\/5069\/\" target=\"_self\"><img class=\"rpwe-alignleft rpwe-thumb\" src=\"https:\/\/www.brenne-au-coeur.com\/wp-content\/uploads\/2023\/12\/ecriture-120x120.jpeg\" alt=\"Plaisir d\u2019\u00e9crire\" height=\"120\" width=\"120\" loading=\"lazy\" decoding=\"async\"><\/a><h3 class=\"rpwe-title\"><a href=\"https:\/\/www.brenne-au-coeur.com\/index.php\/2023\/12\/02\/plaisir-decrire\/communes\/azay-le-ferron-communes\/5069\/\" target=\"_self\">Plaisir d\u2019\u00e9crire<\/a><\/h3><time class=\"rpwe-time published\" datetime=\"2023-12-02T17:17:30+01:00\">2 d\u00e9cembre 2023<\/time><div class=\"rpwe-summary\">Mercredi 13 d\u00e9cembre, la m\u00e9diath\u00e8que d\u2019Azay-le-Ferron accueille un atelier d\u2019\u00e9criture. Il sera anim\u00e9 par Christophe Forgeot (po\u00e8te, charg\u00e9 d\u2019enseignement \u00e0 l\u2019Universit\u00e9 de Toulon). Son objectif est de permettre aux participants d\u2019explorer leur propre \u00e9criture et de la partager au sein d\u2019un groupe convivial. C&rsquo;est plus qu&rsquo;un atelier d&rsquo;\u00e9criture car il &hellip;<a href=\"https:\/\/www.brenne-au-coeur.com\/index.php\/2023\/12\/02\/plaisir-decrire\/communes\/azay-le-ferron-communes\/5069\/\" class=\"more-link\">Lire la suite...<\/a><\/div><\/li><li class=\"rpwe-li rpwe-clearfix\"><a class=\"rpwe-img\" href=\"https:\/\/www.brenne-au-coeur.com\/index.php\/2023\/12\/02\/chants-du-monde-a-mezieres\/communes\/mezieres-en-brenne\/5062\/\" target=\"_self\"><img class=\"rpwe-alignleft rpwe-thumb\" src=\"https:\/\/www.brenne-au-coeur.com\/wp-content\/uploads\/2023\/12\/affiche-concert-du-10-decembre-120x120.jpg\" alt=\"Chants du monde \u00e0 M\u00e9zi\u00e8res\" height=\"120\" width=\"120\" loading=\"lazy\" decoding=\"async\"><\/a><h3 class=\"rpwe-title\"><a href=\"https:\/\/www.brenne-au-coeur.com\/index.php\/2023\/12\/02\/chants-du-monde-a-mezieres\/communes\/mezieres-en-brenne\/5062\/\" target=\"_self\">Chants du monde \u00e0 M\u00e9zi\u00e8res<\/a><\/h3><time class=\"rpwe-time published\" datetime=\"2023-12-02T16:56:20+01:00\">2 d\u00e9cembre 2023<\/time><div class=\"rpwe-summary\">C\u2019est \u00e0 un v\u00e9ritable tour du monde en chansons que nous convie l\u2019association Familles rurales de M\u00e9zi\u00e8re-Saint-Michel. Un spectacle organis\u00e9 au b\u00e9n\u00e9fice du T\u00e9l\u00e9thon. Ce dimanche 10 d\u00e9cembre apr\u00e8s-midi \u00e0 14h, deux chorales interpr\u00e9teront des chants de leurs r\u00e9pertoires, marqu\u00e9s par la vari\u00e9t\u00e9 des styles et des origines. La chorale &hellip;<a href=\"https:\/\/www.brenne-au-coeur.com\/index.php\/2023\/12\/02\/chants-du-monde-a-mezieres\/communes\/mezieres-en-brenne\/5062\/\" class=\"more-link\">Lire la suite...<\/a><\/div><\/li><li class=\"rpwe-li rpwe-clearfix\"><a class=\"rpwe-img\" href=\"https:\/\/www.brenne-au-coeur.com\/index.php\/2023\/11\/26\/venez-partager-vos-creations\/preuilly-sur-claise\/5053\/\" target=\"_self\"><img class=\"rpwe-alignleft rpwe-thumb\" src=\"https:\/\/www.brenne-au-coeur.com\/wp-content\/uploads\/2023\/11\/4eme-Scene-ouverte.resized-120x120.jpg\" alt=\"Venez partager vos cr\u00e9ations\" height=\"120\" width=\"120\" loading=\"lazy\" decoding=\"async\"><\/a><h3 class=\"rpwe-title\"><a href=\"https:\/\/www.brenne-au-coeur.com\/index.php\/2023\/11\/26\/venez-partager-vos-creations\/preuilly-sur-claise\/5053\/\" target=\"_self\">Venez partager vos cr\u00e9ations<\/a><\/h3><time class=\"rpwe-time published\" datetime=\"2023-11-26T13:30:12+01:00\">26 novembre 2023<\/time><div class=\"rpwe-summary\">C\u2019est l\u2019invitation lanc\u00e9e par Christophe Forgeot pour le samedi 2 d\u00e9cembre \u00e0 20h. \u00ab\u00a0Je suis heureux de vous convier \u00e0 la 4\u00e8me Sc\u00e8ne ouverte de Lieutopie, ce caf\u00e9 associatif et autog\u00e9r\u00e9 bien sympathique, situ\u00e9 au 5, Place des Halles, (qui est aussi la place du March\u00e9, \u00e0 Preuilly-sur-Claise). Vous pourrez &hellip;<a href=\"https:\/\/www.brenne-au-coeur.com\/index.php\/2023\/11\/26\/venez-partager-vos-creations\/preuilly-sur-claise\/5053\/\" class=\"more-link\">Lire la suite...<\/a><\/div><\/li><li class=\"rpwe-li rpwe-clearfix\"><a class=\"rpwe-img\" href=\"https:\/\/www.brenne-au-coeur.com\/index.php\/2023\/11\/26\/mezieres-a-du-choeur\/communes\/mezieres-en-brenne\/5047\/\" target=\"_self\"><img class=\"rpwe-alignleft rpwe-thumb\" src=\"https:\/\/www.brenne-au-coeur.com\/wp-content\/uploads\/2023\/11\/Concert_Elanaveva.resized-120x120.jpg\" alt=\"M\u00e9zi\u00e8res a du ch\u0153ur\" height=\"120\" width=\"120\" loading=\"lazy\" decoding=\"async\"><\/a><h3 class=\"rpwe-title\"><a href=\"https:\/\/www.brenne-au-coeur.com\/index.php\/2023\/11\/26\/mezieres-a-du-choeur\/communes\/mezieres-en-brenne\/5047\/\" target=\"_self\">M\u00e9zi\u00e8res a du ch\u0153ur<\/a><\/h3><time class=\"rpwe-time published\" datetime=\"2023-11-26T13:12:55+01:00\">26 novembre 2023<\/time><div class=\"rpwe-summary\">La commune de M\u00e9zi\u00e8res a accueilli le temps d&rsquo;un week-end une r\u00e9sidence artistique en permettant aux artistes de l&rsquo;ensemble vocal Elanaveva de se r\u00e9unir. Ce moment de partage et de cr\u00e9ation a abouti sur un concert donn\u00e9 en l&rsquo;\u00e9glise Sainte Marie Madeleine d\u00e9but novembre.\u00a0 Venu de Tours, le ch\u0153ur de &hellip;<a href=\"https:\/\/www.brenne-au-coeur.com\/index.php\/2023\/11\/26\/mezieres-a-du-choeur\/communes\/mezieres-en-brenne\/5047\/\" class=\"more-link\">Lire la suite...<\/a><\/div><\/li><li class=\"rpwe-li rpwe-clearfix\"><a class=\"rpwe-img\" href=\"https:\/\/www.brenne-au-coeur.com\/index.php\/2023\/11\/23\/stop-aux-violations-des-droits-de-lenfant\/mouvement-de-la-paix\/5041\/\" target=\"_self\"><img class=\"rpwe-alignleft rpwe-thumb\" src=\"https:\/\/www.brenne-au-coeur.com\/wp-content\/uploads\/2023\/11\/droits-enfant-120x120.jpeg\" alt=\"Stop aux violations des droits de l\u2019enfant\" height=\"120\" width=\"120\" loading=\"lazy\" decoding=\"async\"><\/a><h3 class=\"rpwe-title\"><a href=\"https:\/\/www.brenne-au-coeur.com\/index.php\/2023\/11\/23\/stop-aux-violations-des-droits-de-lenfant\/mouvement-de-la-paix\/5041\/\" target=\"_self\">Stop aux violations des droits de l\u2019enfant<\/a><\/h3><time class=\"rpwe-time published\" datetime=\"2023-11-23T12:04:39+01:00\">23 novembre 2023<\/time><div class=\"rpwe-summary\">A l\u2019occasion de la journ\u00e9e internationale des droits de l\u2019enfant c\u00e9l\u00e9br\u00e9e chaque ann\u00e9e le 20 novembre, il est de notre responsabilit\u00e9 commune d\u2019alerter sur la situation des enfants en France et dans le monde. Car le bilan est sans \u00e9quivoque\u00a0: en France et un peu partout dans le monde, de &hellip;<a href=\"https:\/\/www.brenne-au-coeur.com\/index.php\/2023\/11\/23\/stop-aux-violations-des-droits-de-lenfant\/mouvement-de-la-paix\/5041\/\" class=\"more-link\">Lire la suite...<\/a><\/div><\/li><li class=\"rpwe-li rpwe-clearfix\"><a class=\"rpwe-img\" href=\"https:\/\/www.brenne-au-coeur.com\/index.php\/2023\/11\/23\/repas-pour-le-telethon\/communes\/sainte-gemme\/5038\/\" target=\"_self\"><img class=\"rpwe-alignleft rpwe-thumb\" src=\"https:\/\/www.brenne-au-coeur.com\/wp-content\/uploads\/2023\/11\/Assemblee-generale.resized-120x120.jpg\" alt=\"Repas pour le T\u00e9l\u00e9thon\" height=\"120\" width=\"120\" loading=\"lazy\" decoding=\"async\"><\/a><h3 class=\"rpwe-title\"><a href=\"https:\/\/www.brenne-au-coeur.com\/index.php\/2023\/11\/23\/repas-pour-le-telethon\/communes\/sainte-gemme\/5038\/\" target=\"_self\">Repas pour le T\u00e9l\u00e9thon<\/a><\/h3><time class=\"rpwe-time published\" datetime=\"2023-11-23T11:34:30+01:00\">23 novembre 2023<\/time><div class=\"rpwe-summary\">Vendredi 8 d\u00e9cembre, l\u2019association \u00ab\u00a0Partenaire de l\u2019espoir\u00a0\u00bb organise un repas au profit du T\u00e9l\u00e9thon. Il aura lieu \u00e0 partir de 19h30, salle polyvalente de Sainte-Gemme. En raison du nombre de places limit\u00e9, la r\u00e9servation s\u2019effectue jusqu\u2019au 30 novembre. Tous les b\u00e9n\u00e9fices sont int\u00e9gralement revers\u00e9s \u00e0 l\u2019AFM (Association Fran\u00e7aise contre les &hellip;<a href=\"https:\/\/www.brenne-au-coeur.com\/index.php\/2023\/11\/23\/repas-pour-le-telethon\/communes\/sainte-gemme\/5038\/\" class=\"more-link\">Lire la suite...<\/a><\/div><\/li><li class=\"rpwe-li rpwe-clearfix\"><a class=\"rpwe-img\" href=\"https:\/\/www.brenne-au-coeur.com\/index.php\/2023\/11\/17\/le-point-de-croix-sexpose-2\/communes\/azay-le-ferron-communes\/5008\/\" target=\"_self\"><img class=\"rpwe-alignleft rpwe-thumb\" src=\"https:\/\/www.brenne-au-coeur.com\/wp-content\/uploads\/2023\/11\/expo-pdecroix.resized-120x120.jpg\" alt=\"Le point de croix s\u2019expose\" height=\"120\" width=\"120\" loading=\"lazy\" decoding=\"async\"><\/a><h3 class=\"rpwe-title\"><a href=\"https:\/\/www.brenne-au-coeur.com\/index.php\/2023\/11\/17\/le-point-de-croix-sexpose-2\/communes\/azay-le-ferron-communes\/5008\/\" target=\"_self\">Le point de croix s\u2019expose<\/a><\/h3><time class=\"rpwe-time published\" datetime=\"2023-11-17T16:06:36+01:00\">17 novembre 2023<\/time><div class=\"rpwe-summary\">L\u2019association \u00ab\u00a0Point de croix\u00a0\u00bb expose ses r\u00e9alisations \u00e0 la m\u00e9diath\u00e8que d\u2019Azay-le-Ferron, jusqu\u2019au 27 novembre. Samedi 25 novembre, une exposition vente se d\u00e9roulera de 10h \u00e0 17h. Les brodeuses pr\u00e9senteront une grande quantit\u00e9 et vari\u00e9t\u00e9 d\u2019ouvrages. En plus des tableaux, seront propos\u00e9s napperons, pendouilles, maniques et bien d\u2019autres cr\u00e9ations. Vendredi 8 &hellip;<a href=\"https:\/\/www.brenne-au-coeur.com\/index.php\/2023\/11\/17\/le-point-de-croix-sexpose-2\/communes\/azay-le-ferron-communes\/5008\/\" class=\"more-link\">Lire la suite...<\/a><\/div><\/li><li class=\"rpwe-li rpwe-clearfix\"><a class=\"rpwe-img\" href=\"https:\/\/www.brenne-au-coeur.com\/index.php\/2023\/11\/17\/marche-de-noel-a-lehpad\/communes\/mezieres-en-brenne\/5000\/\" target=\"_self\"><img class=\"rpwe-alignleft rpwe-thumb\" src=\"https:\/\/www.brenne-au-coeur.com\/wp-content\/uploads\/2023\/11\/noel-ehpad-1.resized-1-120x120.jpg\" alt=\"March\u00e9 de No\u00ebl \u00e0 l\u2019EHPAD\" height=\"120\" width=\"120\" loading=\"lazy\" decoding=\"async\"><\/a><h3 class=\"rpwe-title\"><a href=\"https:\/\/www.brenne-au-coeur.com\/index.php\/2023\/11\/17\/marche-de-noel-a-lehpad\/communes\/mezieres-en-brenne\/5000\/\" target=\"_self\">March\u00e9 de No\u00ebl \u00e0 l\u2019EHPAD<\/a><\/h3><time class=\"rpwe-time published\" datetime=\"2023-11-17T10:39:58+01:00\">17 novembre 2023<\/time><div class=\"rpwe-summary\">Samedi 25 novembre, l\u2019EHPAD de M\u00e9zi\u00e8res-en-Brenne et l\u2019association \u00ab\u00a0Les Orchid\u00e9es\u00a0\u00bb, organisent leur traditionnel March\u00e9 de No\u00ebl. De 10 h \u00e0 17 h, toutes celles et tous ceux qui le souhaitent, peuvent rendre une petite visite \u00e0 la Maison de Retraite. De nombreuses animations sont pr\u00e9vues. \u00c0 partir de 14h30, la &hellip;<a href=\"https:\/\/www.brenne-au-coeur.com\/index.php\/2023\/11\/17\/marche-de-noel-a-lehpad\/communes\/mezieres-en-brenne\/5000\/\" class=\"more-link\">Lire la suite...<\/a><\/div><\/li><li class=\"rpwe-li rpwe-clearfix\"><a class=\"rpwe-img\" href=\"https:\/\/www.brenne-au-coeur.com\/index.php\/2023\/11\/11\/quest-ce-que-le-berry\/a-lire\/4991\/\" target=\"_self\"><img class=\"rpwe-alignleft rpwe-thumb\" src=\"https:\/\/www.brenne-au-coeur.com\/wp-content\/uploads\/2023\/11\/berry-memoires-culture_med_hr-2-120x120.jpeg\" alt=\"Qu\u2019est-ce que le Berry\u00a0?\" height=\"120\" width=\"120\" loading=\"lazy\" decoding=\"async\"><\/a><h3 class=\"rpwe-title\"><a href=\"https:\/\/www.brenne-au-coeur.com\/index.php\/2023\/11\/11\/quest-ce-que-le-berry\/a-lire\/4991\/\" target=\"_self\">Qu\u2019est-ce que le Berry\u00a0?<\/a><\/h3><time class=\"rpwe-time published\" datetime=\"2023-11-11T12:06:33+01:00\">11 novembre 2023<\/time><div class=\"rpwe-summary\">Pour trouver une r\u00e9ponse \u00e0 cette question, un livre peut nous aider\u00a0:\u00ab\u00a0 Berry M\u00e9moires Culture Lieux Identit\u00e9s\u00a0\u00bb. un article du site gilblog (repris ci-dessous), a pr\u00e9sent\u00e9 cet ouvrage. Ce livre est un cadeau, et dans tous les sens du terme. En premier lieu ce livre remarquable est un cadeau aux &hellip;<a href=\"https:\/\/www.brenne-au-coeur.com\/index.php\/2023\/11\/11\/quest-ce-que-le-berry\/a-lire\/4991\/\" class=\"more-link\">Lire la suite...<\/a><\/div><\/li><li class=\"rpwe-li rpwe-clearfix\"><a class=\"rpwe-img\" href=\"https:\/\/www.brenne-au-coeur.com\/index.php\/2023\/11\/11\/pastel-et-aquarelle-au-moulin\/communes\/mezieres-en-brenne\/4986\/\" target=\"_self\"><img class=\"rpwe-alignleft rpwe-thumb\" src=\"https:\/\/www.brenne-au-coeur.com\/wp-content\/uploads\/2023\/11\/growcottt.resized-120x120.jpg\" alt=\"Pastel et aquarelle au Moulin\" height=\"120\" width=\"120\" loading=\"lazy\" decoding=\"async\"><\/a><h3 class=\"rpwe-title\"><a href=\"https:\/\/www.brenne-au-coeur.com\/index.php\/2023\/11\/11\/pastel-et-aquarelle-au-moulin\/communes\/mezieres-en-brenne\/4986\/\" target=\"_self\">Pastel et aquarelle au Moulin<\/a><\/h3><time class=\"rpwe-time published\" datetime=\"2023-11-11T11:55:29+01:00\">11 novembre 2023<\/time><div class=\"rpwe-summary\">Avant le salon de la gourmandise qui se tiendra en d\u00e9cembre, place \u00e0 la derni\u00e8re exposition de l&rsquo;ann\u00e9e au Moulin avec \u00e0 l&rsquo;honneur deux artistes&nbsp;: Andr\u00e9 Audebert, pastelliste et Michael Growcott, aquarelliste. Ce sont deux techniques et deux parcours diff\u00e9rents pour ces deux hommes ayant la passion de leur art &hellip;<a href=\"https:\/\/www.brenne-au-coeur.com\/index.php\/2023\/11\/11\/pastel-et-aquarelle-au-moulin\/communes\/mezieres-en-brenne\/4986\/\" class=\"more-link\">Lire la suite...<\/a><\/div><\/li><li class=\"rpwe-li rpwe-clearfix\"><a class=\"rpwe-img\" href=\"https:\/\/www.brenne-au-coeur.com\/index.php\/2023\/11\/05\/des-bons-mots-pour-sourire-et-reflechir\/a-lire\/4971\/\" target=\"_self\"><img class=\"rpwe-alignleft rpwe-thumb\" src=\"https:\/\/www.brenne-au-coeur.com\/wp-content\/uploads\/2023\/11\/groucho_marx_by_shesvii_ddv53xa-375w-120x120.jpg\" alt=\"Des bons mots pour sourire et r\u00e9fl\u00e9chir\" height=\"120\" width=\"120\" loading=\"lazy\" decoding=\"async\"><\/a><h3 class=\"rpwe-title\"><a href=\"https:\/\/www.brenne-au-coeur.com\/index.php\/2023\/11\/05\/des-bons-mots-pour-sourire-et-reflechir\/a-lire\/4971\/\" target=\"_self\">Des bons mots pour sourire et r\u00e9fl\u00e9chir<\/a><\/h3><time class=\"rpwe-time published\" datetime=\"2023-11-05T13:30:15+01:00\">5 novembre 2023<\/time><div class=\"rpwe-summary\">Puis\u00e9s parmi les articles publi\u00e9s sur le site gilblog, voici une trentaine de bons mots et de pens\u00e9es d\u2019auteurs plus ou moins c\u00e9l\u00e8bres. Groucho Marx, Woody Allen, Coluche, Voltaire, Colette et bien d\u2019autres. Il vaut mieux qu&rsquo;il pleuve aujourd&rsquo;hui qu&rsquo;un jour o\u00f9 il fait beau.\u00a0 Pierre Dac Ceux qui peuvent &hellip;<a href=\"https:\/\/www.brenne-au-coeur.com\/index.php\/2023\/11\/05\/des-bons-mots-pour-sourire-et-reflechir\/a-lire\/4971\/\" class=\"more-link\">Lire la suite...<\/a><\/div><\/li><li class=\"rpwe-li rpwe-clearfix\"><a class=\"rpwe-img\" href=\"https:\/\/www.brenne-au-coeur.com\/index.php\/2023\/11\/05\/les-soirees-de-noces-de-paroles\/grand-aslon\/4967\/\" target=\"_self\"><img class=\"rpwe-alignleft rpwe-thumb\" src=\"https:\/\/www.brenne-au-coeur.com\/wp-content\/uploads\/2023\/11\/paroles-120x120.jpg\" alt=\"Les soir\u00e9es de Noces de paroles\" height=\"120\" width=\"120\" loading=\"lazy\" decoding=\"async\"><\/a><h3 class=\"rpwe-title\"><a href=\"https:\/\/www.brenne-au-coeur.com\/index.php\/2023\/11\/05\/les-soirees-de-noces-de-paroles\/grand-aslon\/4967\/\" target=\"_self\">Les soir\u00e9es de Noces de paroles<\/a><\/h3><time class=\"rpwe-time published\" datetime=\"2023-11-05T12:47:03+01:00\">5 novembre 2023<\/time><div class=\"rpwe-summary\">Dimanche 12 novembre \u00e0 17h00, l\u2019association Noces de paroles organise une soir\u00e9e \u00ab\u00a0Contes de la lune noire. Des \u00ab\u00a0Manigances nocturnes\u00a0\u00bb pr\u00e9par\u00e9es par Armelle et Peppo Audigane. Pour l\u2019occasion, les conteurs promettent au public, une plong\u00e9e dans l\u2019univers des contes de croyances populaires. En guise de pr\u00e9sentation Armelle et Peppo interpellent. &hellip;<a href=\"https:\/\/www.brenne-au-coeur.com\/index.php\/2023\/11\/05\/les-soirees-de-noces-de-paroles\/grand-aslon\/4967\/\" class=\"more-link\">Lire la suite...<\/a><\/div><\/li><li class=\"rpwe-li rpwe-clearfix\"><a class=\"rpwe-img\" href=\"https:\/\/www.brenne-au-coeur.com\/index.php\/2023\/10\/28\/la-mort-et-si-on-en-parlait\/communes\/mezieres-en-brenne\/4918\/\" target=\"_self\"><img class=\"rpwe-alignleft rpwe-thumb\" src=\"https:\/\/www.brenne-au-coeur.com\/wp-content\/uploads\/2023\/10\/Dia-de-los-Muertos.resized-120x120.jpg\" alt=\"La mort\u00a0? Et si on en parlait&nbsp;?\" height=\"120\" width=\"120\" loading=\"lazy\" decoding=\"async\"><\/a><h3 class=\"rpwe-title\"><a href=\"https:\/\/www.brenne-au-coeur.com\/index.php\/2023\/10\/28\/la-mort-et-si-on-en-parlait\/communes\/mezieres-en-brenne\/4918\/\" target=\"_self\">La mort\u00a0? Et si on en parlait&nbsp;?<\/a><\/h3><time class=\"rpwe-time published\" datetime=\"2023-10-28T15:40:12+02:00\">28 octobre 2023<\/time><div class=\"rpwe-summary\">La m\u00e9diath\u00e8que de M\u00e9zi\u00e8res-en-Brenne propose quatre animations entre le 4 et le 25 novembre. Exposition, rencontres-d\u00e9bats sur un th\u00e8me souvent d\u00e9licat \u00e0 aborder. L\u2019id\u00e9e \u00e9tant de faciliter l\u2019\u00e9change, de partager exp\u00e9riences et ressentis. \u00ab\u00a0Ne chantez pas la mort c\u2019est un sujet morbide, le mot seul jette un froid aussit\u00f4t qu\u2019il &hellip;<a href=\"https:\/\/www.brenne-au-coeur.com\/index.php\/2023\/10\/28\/la-mort-et-si-on-en-parlait\/communes\/mezieres-en-brenne\/4918\/\" class=\"more-link\">Lire la suite...<\/a><\/div><\/li><li class=\"rpwe-li rpwe-clearfix\"><a class=\"rpwe-img\" href=\"https:\/\/www.brenne-au-coeur.com\/index.php\/2023\/10\/28\/le-choeur-elanaveva-en-concert-a-mezieres\/communes\/mezieres-en-brenne\/4914\/\" target=\"_self\"><img class=\"rpwe-alignleft rpwe-thumb\" src=\"https:\/\/www.brenne-au-coeur.com\/wp-content\/uploads\/2023\/10\/Choeur-Mezieres-120x120.jpg\" alt=\"Le Choeur ElaNaveVa en concert \u00e0 M\u00e9zi\u00e8res\" height=\"120\" width=\"120\" loading=\"lazy\" decoding=\"async\"><\/a><h3 class=\"rpwe-title\"><a href=\"https:\/\/www.brenne-au-coeur.com\/index.php\/2023\/10\/28\/le-choeur-elanaveva-en-concert-a-mezieres\/communes\/mezieres-en-brenne\/4914\/\" target=\"_self\">Le Choeur ElaNaveVa en concert \u00e0 M\u00e9zi\u00e8res<\/a><\/h3><time class=\"rpwe-time published\" datetime=\"2023-10-28T15:04:57+02:00\">28 octobre 2023<\/time><div class=\"rpwe-summary\">Dimanche 05 novembre 2023 \u00e0 17h00 \u00e0 la Coll\u00e9giale Sainte Madeleine, l&rsquo;ensemble tourangeau vous invite \u00e0 la d\u00e9couverte de son r\u00e9pertoire surprenant et r\u00e9jouissant. Fond\u00e9 en 2005 par Isabelle Fa\u00ebs, ce choeur de chambre contemporain, intr\u00e9pide et audacieux est compos\u00e9 de 24 choristes, et propose des spectacles originaux. Tel qu\u2019il &hellip;<a href=\"https:\/\/www.brenne-au-coeur.com\/index.php\/2023\/10\/28\/le-choeur-elanaveva-en-concert-a-mezieres\/communes\/mezieres-en-brenne\/4914\/\" class=\"more-link\">Lire la suite...<\/a><\/div><\/li><li class=\"rpwe-li rpwe-clearfix\"><a class=\"rpwe-img\" href=\"https:\/\/www.brenne-au-coeur.com\/index.php\/2023\/10\/24\/les-pigeonniers-une-page-de-lhistoire-de-france\/communes\/mezieres-en-brenne\/4903\/\" target=\"_self\"><img class=\"rpwe-alignleft rpwe-thumb\" src=\"https:\/\/www.brenne-au-coeur.com\/wp-content\/uploads\/2023\/10\/pigeonnier-1.resized-120x120.jpg\" alt=\"Les pigeonniers\u00a0: une page de l\u2019histoire de France\" height=\"120\" width=\"120\" loading=\"lazy\" decoding=\"async\"><\/a><h3 class=\"rpwe-title\"><a href=\"https:\/\/www.brenne-au-coeur.com\/index.php\/2023\/10\/24\/les-pigeonniers-une-page-de-lhistoire-de-france\/communes\/mezieres-en-brenne\/4903\/\" target=\"_self\">Les pigeonniers\u00a0: une page de l\u2019histoire de France<\/a><\/h3><time class=\"rpwe-time published\" datetime=\"2023-10-24T16:38:16+02:00\">24 octobre 2023<\/time><div class=\"rpwe-summary\">Les colombiers de Brenne et de ses abords. Tel \u00e9tait le th\u00e8me de la conf\u00e9rence organis\u00e9 par l\u2019Association Culturelle Mac\u00e9rienne, vendredi 20 octobre \u00e0 la salle des f\u00eates de M\u00e9zi\u00e8res-en-Brenne, pr\u00e9sent\u00e9 par Patrick Grosjean, pr\u00e9sident de l\u2019Association des amis du Blanc et de sa r\u00e9gion. &nbsp; Au c\u0153ur du village &hellip;<a href=\"https:\/\/www.brenne-au-coeur.com\/index.php\/2023\/10\/24\/les-pigeonniers-une-page-de-lhistoire-de-france\/communes\/mezieres-en-brenne\/4903\/\" class=\"more-link\">Lire la suite...<\/a><\/div><\/li><li class=\"rpwe-li rpwe-clearfix\"><a class=\"rpwe-img\" href=\"https:\/\/www.brenne-au-coeur.com\/index.php\/2023\/10\/23\/lesprit-olympique-brille-dans-les-ehpad\/ehpad\/4897\/\" target=\"_self\"><img class=\"rpwe-alignleft rpwe-thumb\" src=\"https:\/\/www.brenne-au-coeur.com\/wp-content\/uploads\/2023\/10\/ehpad-jo-120x120.jpg\" alt=\"L\u2019esprit olympique brille dans les EHPAD\" height=\"120\" width=\"120\" loading=\"lazy\" decoding=\"async\"><\/a><h3 class=\"rpwe-title\"><a href=\"https:\/\/www.brenne-au-coeur.com\/index.php\/2023\/10\/23\/lesprit-olympique-brille-dans-les-ehpad\/ehpad\/4897\/\" target=\"_self\">L\u2019esprit olympique brille dans les EHPAD<\/a><\/h3><time class=\"rpwe-time published\" datetime=\"2023-10-23T14:41:58+02:00\">23 octobre 2023<\/time><div class=\"rpwe-summary\">Mercredi 11 octobre, les EHPAD de Buzan\u00e7ais, Clion, Chatillon et M\u00e9zi\u00e8res-en-Brenne ont particip\u00e9 \u00e0 une rencontre sportive. Toute la journ\u00e9e, des \u00e9quipes compos\u00e9es de r\u00e9sidents et de membres du personnel se sont affront\u00e9es dans le cadre d\u2019un concours de tir au pistolet et \u00e0 la carabine (version laser). \u00ab\u00a0Je d\u00e9clare &hellip;<a href=\"https:\/\/www.brenne-au-coeur.com\/index.php\/2023\/10\/23\/lesprit-olympique-brille-dans-les-ehpad\/ehpad\/4897\/\" class=\"more-link\">Lire la suite...<\/a><\/div><\/li><li class=\"rpwe-li rpwe-clearfix\"><a class=\"rpwe-img\" href=\"https:\/\/www.brenne-au-coeur.com\/index.php\/2023\/10\/19\/vies-ordinaires-et-grandes-destinees\/communes\/mezieres-en-brenne\/4878\/\" target=\"_self\"><img class=\"rpwe-alignleft rpwe-thumb\" src=\"https:\/\/www.brenne-au-coeur.com\/wp-content\/uploads\/2023\/10\/CVT_Le-voyageur-des-Bois-den-Haut_3801-120x120.jpg\" alt=\"Vies ordinaires et grandes destin\u00e9es\" height=\"120\" width=\"120\" loading=\"lazy\" decoding=\"async\"><\/a><h3 class=\"rpwe-title\"><a href=\"https:\/\/www.brenne-au-coeur.com\/index.php\/2023\/10\/19\/vies-ordinaires-et-grandes-destinees\/communes\/mezieres-en-brenne\/4878\/\" target=\"_self\">Vies ordinaires et grandes destin\u00e9es<\/a><\/h3><time class=\"rpwe-time published\" datetime=\"2023-10-19T18:51:38+02:00\">19 octobre 2023<\/time><div class=\"rpwe-summary\">La s\u00e9lection des livres, propos\u00e9e par le club de lecture de M\u00e9zi\u00e8res-en-Brenne,pour le mois d\u2019octobre, fait la part belle aux histoires relatant des existences \u00e0 priori banales. Le quotidien d\u2019un m\u00e9cano, la vie \u00e0 la campagne, l\u2019histoire de ces ma\u00e7ons originaires de la Creuse. D\u2019autres ouvrages relatent des destin\u00e9es qui &hellip;<a href=\"https:\/\/www.brenne-au-coeur.com\/index.php\/2023\/10\/19\/vies-ordinaires-et-grandes-destinees\/communes\/mezieres-en-brenne\/4878\/\" class=\"more-link\">Lire la suite...<\/a><\/div><\/li><li class=\"rpwe-li rpwe-clearfix\"><a class=\"rpwe-img\" href=\"https:\/\/www.brenne-au-coeur.com\/index.php\/2023\/10\/18\/emouvante-soiree-au-grand-aslon\/grand-aslon\/4874\/\" target=\"_self\"><img class=\"rpwe-alignleft rpwe-thumb\" src=\"https:\/\/www.brenne-au-coeur.com\/wp-content\/uploads\/2023\/10\/Capture-decran-2023-10-18-154744-120x120.jpg\" alt=\"\u00c9mouvante soir\u00e9e au Grand Aslon\" height=\"120\" width=\"120\" loading=\"lazy\" decoding=\"async\"><\/a><h3 class=\"rpwe-title\"><a href=\"https:\/\/www.brenne-au-coeur.com\/index.php\/2023\/10\/18\/emouvante-soiree-au-grand-aslon\/grand-aslon\/4874\/\" target=\"_self\">\u00c9mouvante soir\u00e9e au Grand Aslon<\/a><\/h3><time class=\"rpwe-time published\" datetime=\"2023-10-18T16:42:09+02:00\">18 octobre 2023<\/time><div class=\"rpwe-summary\">Samedi 14 octobre, d\u00e9but de soir\u00e9e au Grand Aslon \u00e0 Ling\u00e9. Des tracteurs rentrent juste avant l\u2019arriv\u00e9e de la nuit. Deux granges au fond d\u2019un court chemin. Nous sommes une trentaine. Beaucoup se connaissent. Armelle nous accueille chaleureusement. Les musiciens tournicotent pr\u00e8s de la grange \u00abspectacle\u00bb, peut-\u00eatre pour humer l\u2019esprit &hellip;<a href=\"https:\/\/www.brenne-au-coeur.com\/index.php\/2023\/10\/18\/emouvante-soiree-au-grand-aslon\/grand-aslon\/4874\/\" class=\"more-link\">Lire la suite...<\/a><\/div><\/li><li class=\"rpwe-li rpwe-clearfix\"><a class=\"rpwe-img\" href=\"https:\/\/www.brenne-au-coeur.com\/index.php\/2023\/10\/13\/israel-palestine-arreter-le-massacre-construire-la-paix\/la-paix\/4865\/\" target=\"_self\"><img class=\"rpwe-alignleft rpwe-thumb\" src=\"https:\/\/www.brenne-au-coeur.com\/wp-content\/uploads\/2023\/10\/paix-en-palestine-120x120.jpeg\" alt=\"Isra\u00ebl \u2013 Palestine\u00a0: Arr\u00eater le massacre, construire la paix\" height=\"120\" width=\"120\" loading=\"lazy\" decoding=\"async\"><\/a><h3 class=\"rpwe-title\"><a href=\"https:\/\/www.brenne-au-coeur.com\/index.php\/2023\/10\/13\/israel-palestine-arreter-le-massacre-construire-la-paix\/la-paix\/4865\/\" target=\"_self\">Isra\u00ebl \u2013 Palestine\u00a0: Arr\u00eater le massacre, construire la paix<\/a><\/h3><time class=\"rpwe-time published\" datetime=\"2023-10-13T14:36:30+02:00\">13 octobre 2023<\/time><div class=\"rpwe-summary\">M\u00eame si elle para\u00eet aujourd\u2019hui lointaine, il n\u2019y a pas d\u2019autres solutions pour l\u2019int\u00e9r\u00eat des peuples, que de construire la paix au proche-orient. Voici la d\u00e9claration du Mouvement de la paix, suite \u00e0 l\u2019attaque du Hamas contre les Isra\u00e9liens. &nbsp; La n\u00e9cessit\u00e9 d\u2019un cessez-le-feu imm\u00e9diat, de l\u2019envoi d\u2019une force d\u2019interposition &hellip;<a href=\"https:\/\/www.brenne-au-coeur.com\/index.php\/2023\/10\/13\/israel-palestine-arreter-le-massacre-construire-la-paix\/la-paix\/4865\/\" class=\"more-link\">Lire la suite...<\/a><\/div><\/li><li class=\"rpwe-li rpwe-clearfix\"><a class=\"rpwe-img\" href=\"https:\/\/www.brenne-au-coeur.com\/index.php\/2023\/10\/10\/la-clef-dans-le-sac-vivre-des-histoires\/communes\/azay-le-ferron-communes\/4852\/\" target=\"_self\"><img class=\"rpwe-alignleft rpwe-thumb\" src=\"https:\/\/www.brenne-au-coeur.com\/wp-content\/uploads\/2023\/10\/la-clef-dans-le-sac-logo-120x120.jpg\" alt=\"La clef dans le sac\u00a0: le bonheur d&rsquo;\u00e9couter des histoires\" height=\"120\" width=\"120\" loading=\"lazy\" decoding=\"async\"><\/a><h3 class=\"rpwe-title\"><a href=\"https:\/\/www.brenne-au-coeur.com\/index.php\/2023\/10\/10\/la-clef-dans-le-sac-vivre-des-histoires\/communes\/azay-le-ferron-communes\/4852\/\" target=\"_self\">La clef dans le sac\u00a0: le bonheur d&rsquo;\u00e9couter des histoires<\/a><\/h3><time class=\"rpwe-time published\" datetime=\"2023-10-10T15:52:54+02:00\">10 octobre 2023<\/time><div class=\"rpwe-summary\">Du 20 au 27 octobre, la Communaut\u00e9 de communes \u00ab\u00a0Coeur de Brenne\u00a0\u00bb, les m\u00e9diath\u00e8ques d\u2019Azay-le-Ferron, de Martizay et de M\u00e9zi\u00e8res-en-Brenne pr\u00e9sentent leur d\u00e9sormais traditionnel festival de contes. La 12e \u00e9dition de \u00ab\u00a0La Clef dans le sac\u00a0\u00bb est de la m\u00eame veine que les ann\u00e9es pr\u00e9c\u00e9dentes. Des histoires pour tous les &hellip;<a href=\"https:\/\/www.brenne-au-coeur.com\/index.php\/2023\/10\/10\/la-clef-dans-le-sac-vivre-des-histoires\/communes\/azay-le-ferron-communes\/4852\/\" class=\"more-link\">Lire la suite...<\/a><\/div><\/li><li class=\"rpwe-li rpwe-clearfix\"><a class=\"rpwe-img\" href=\"https:\/\/www.brenne-au-coeur.com\/index.php\/2023\/10\/03\/gaston-coute-chante-au-grand-aslon\/grand-aslon\/4842\/\" target=\"_self\"><img class=\"rpwe-alignleft rpwe-thumb\" src=\"https:\/\/www.brenne-au-coeur.com\/wp-content\/uploads\/2023\/10\/14-10-2023-coute-120x120.jpeg\" alt=\"Gaston Cout\u00e9 chant\u00e9 au Grand Aslon\" height=\"120\" width=\"120\" loading=\"lazy\" decoding=\"async\"><\/a><h3 class=\"rpwe-title\"><a href=\"https:\/\/www.brenne-au-coeur.com\/index.php\/2023\/10\/03\/gaston-coute-chante-au-grand-aslon\/grand-aslon\/4842\/\" target=\"_self\">Gaston Cout\u00e9 chant\u00e9 au Grand Aslon<\/a><\/h3><time class=\"rpwe-time published\" datetime=\"2023-10-03T17:58:51+02:00\">3 octobre 2023<\/time><div class=\"rpwe-summary\">Samedi 14 octobre \u00e0 19h, l\u2019association \u00ab&nbsp;Noces de paroles&nbsp;\u00bb invite les amoureux de la parole et de la po\u00e9sie \u00e0 partager une soir\u00e9e autour de Gaston Cout\u00e9. Les chansons et textes du po\u00e8te libertaire seront interpr\u00e9t\u00e9s par Yves Champigny, accompagn\u00e9 par Fetcha\u00ef Nadji et \u00c9ric Champigny \u00e0 la guitare, Claude &hellip;<a href=\"https:\/\/www.brenne-au-coeur.com\/index.php\/2023\/10\/03\/gaston-coute-chante-au-grand-aslon\/grand-aslon\/4842\/\" class=\"more-link\">Lire la suite...<\/a><\/div><\/li><li class=\"rpwe-li rpwe-clearfix\"><a class=\"rpwe-img\" href=\"https:\/\/www.brenne-au-coeur.com\/index.php\/2023\/10\/03\/octobre-rose-pres-de-chez-nous\/communes\/martizay\/4836\/\" target=\"_self\"><img class=\"rpwe-alignleft rpwe-thumb\" src=\"https:\/\/www.brenne-au-coeur.com\/wp-content\/uploads\/2023\/10\/octobre-rose-2-120x120.jpeg\" alt=\"Octobre rose pr\u00e8s de chez nous\" height=\"120\" width=\"120\" loading=\"lazy\" decoding=\"async\"><\/a><h3 class=\"rpwe-title\"><a href=\"https:\/\/www.brenne-au-coeur.com\/index.php\/2023\/10\/03\/octobre-rose-pres-de-chez-nous\/communes\/martizay\/4836\/\" target=\"_self\">Octobre rose pr\u00e8s de chez nous<\/a><\/h3><time class=\"rpwe-time published\" datetime=\"2023-10-03T17:17:08+02:00\">3 octobre 2023<\/time><div class=\"rpwe-summary\">Martizay, M\u00e9zi\u00e8res-en-Brenne, Douadic, Beaulieu \u2026 En ce mois d\u2019octobre 2023, plusieurs municipalit\u00e9s et associations du Parc de la Brenne, organisent des animations dans le cadre de la campagne \u00ab&nbsp;octobre rose&nbsp;\u00bb Un rendez-vous annuel initi\u00e9 par La ligue contre le cancer, qui vise \u00e0 sensibiliser les femmes sur la n\u00e9cessit\u00e9 du &hellip;<a href=\"https:\/\/www.brenne-au-coeur.com\/index.php\/2023\/10\/03\/octobre-rose-pres-de-chez-nous\/communes\/martizay\/4836\/\" class=\"more-link\">Lire la suite...<\/a><\/div><\/li><li class=\"rpwe-li rpwe-clearfix\"><a class=\"rpwe-img\" href=\"https:\/\/www.brenne-au-coeur.com\/index.php\/2023\/09\/26\/un-livre-une-balade-deux-expos\/communes\/azay-le-ferron-communes\/4806\/\" target=\"_self\"><img class=\"rpwe-alignleft rpwe-thumb\" src=\"https:\/\/www.brenne-au-coeur.com\/wp-content\/uploads\/2023\/09\/livre-eleon-120x120.jpg\" alt=\"Un livre, une balade, deux expos\" height=\"120\" width=\"120\" loading=\"lazy\" decoding=\"async\"><\/a><h3 class=\"rpwe-title\"><a href=\"https:\/\/www.brenne-au-coeur.com\/index.php\/2023\/09\/26\/un-livre-une-balade-deux-expos\/communes\/azay-le-ferron-communes\/4806\/\" target=\"_self\">Un livre, une balade, deux expos<\/a><\/h3><time class=\"rpwe-time published\" datetime=\"2023-09-26T18:46:29+02:00\">26 septembre 2023<\/time><div class=\"rpwe-summary\">Samedi 30 septembre \u00e0 11h, \u00e0 la m\u00e9diath\u00e8que de Martizay, Sam El\u00e9on, habitante de Pouligny-Saint-Pierre, pr\u00e9sentera son premier roman&nbsp;: Les mythes dans le placard. Le livre relate l\u2019histoire d\u2019un homme qui grandit au sein d\u2019une famille de groupuscules truff\u00e9s de \u00ab\u00a0qu\u2019en dira-t-on\u00a0\u00bb, d\u2019id\u00e9es pr\u00e9con\u00e7ues sur la vie, la mort, l\u00a0\u2018amiti\u00e9, &hellip;<a href=\"https:\/\/www.brenne-au-coeur.com\/index.php\/2023\/09\/26\/un-livre-une-balade-deux-expos\/communes\/azay-le-ferron-communes\/4806\/\" class=\"more-link\">Lire la suite...<\/a><\/div><\/li><li class=\"rpwe-li rpwe-clearfix\"><a class=\"rpwe-img\" href=\"https:\/\/www.brenne-au-coeur.com\/index.php\/2023\/09\/22\/jean-foursac-itineraire-dun-homme-exemplaire\/communes\/mezieres-en-brenne\/4783\/\" target=\"_self\"><img class=\"rpwe-alignleft rpwe-thumb\" src=\"https:\/\/www.brenne-au-coeur.com\/wp-content\/uploads\/2023\/09\/jean-foursac-120x120.jpg\" alt=\"Jean Foursac\u00a0: itin\u00e9raire d\u2019un homme exemplaire\" height=\"120\" width=\"120\" loading=\"lazy\" decoding=\"async\"><\/a><h3 class=\"rpwe-title\"><a href=\"https:\/\/www.brenne-au-coeur.com\/index.php\/2023\/09\/22\/jean-foursac-itineraire-dun-homme-exemplaire\/communes\/mezieres-en-brenne\/4783\/\" target=\"_self\">Jean Foursac\u00a0: itin\u00e9raire d\u2019un homme exemplaire<\/a><\/h3><time class=\"rpwe-time published\" datetime=\"2023-09-22T18:48:36+02:00\">22 septembre 2023<\/time><div class=\"rpwe-summary\">\u00c0 la fin des ann\u00e9es 1970, le conseil municipal de M\u00e9zi\u00e8res-en-Brenne a nomm\u00e9 son \u00e9cole maternelle\u00a0: Jean Foursac, en hommage au r\u00e9sistant qu\u2019il a \u00e9t\u00e9. Retour sur sa vie et ses combats. Sur son acte de naissance, il est indiqu\u00e9 Jean, Aim\u00e9, Arthur. Un second pr\u00e9nom pr\u00e9monitoire comme un hymne &hellip;<a href=\"https:\/\/www.brenne-au-coeur.com\/index.php\/2023\/09\/22\/jean-foursac-itineraire-dun-homme-exemplaire\/communes\/mezieres-en-brenne\/4783\/\" class=\"more-link\">Lire la suite...<\/a><\/div><\/li><li class=\"rpwe-li rpwe-clearfix\"><a class=\"rpwe-img\" href=\"https:\/\/www.brenne-au-coeur.com\/index.php\/2023\/08\/26\/eco-festival-a-clion\/clion-sur-indre\/4772\/\" target=\"_self\"><img class=\"rpwe-alignleft rpwe-thumb\" src=\"https:\/\/www.brenne-au-coeur.com\/wp-content\/uploads\/2023\/08\/affiche-ecofestival.resized-120x120.jpg\" alt=\"Eco festival \u00e0 Clion\" height=\"120\" width=\"120\" loading=\"lazy\" decoding=\"async\"><\/a><h3 class=\"rpwe-title\"><a href=\"https:\/\/www.brenne-au-coeur.com\/index.php\/2023\/08\/26\/eco-festival-a-clion\/clion-sur-indre\/4772\/\" target=\"_self\">Eco festival \u00e0 Clion<\/a><\/h3><time class=\"rpwe-time published\" datetime=\"2023-08-26T12:57:37+02:00\">26 ao\u00fbt 2023<\/time><div class=\"rpwe-summary\">\u00ab\u00a0Le panier fermier 36\u00a0\u00bb, organisateur de l\u2019\u00e9co festival, donne rendez-vous dimanche 3 septembre \u00e0 partir de 9h au champ de foire de Clion. Tout au long de la journ\u00e9e de multiples activit\u00e9s seront propos\u00e9es. Des ateliers\u00a0: Tournage sur bois\u00a0; fabrication d\u2019h\u00f4tels \u00e0 insectes\u00a0; fabrication de boules \u00e0 graines\u00a0; fabrication de &hellip;<a href=\"https:\/\/www.brenne-au-coeur.com\/index.php\/2023\/08\/26\/eco-festival-a-clion\/clion-sur-indre\/4772\/\" class=\"more-link\">Lire la suite...<\/a><\/div><\/li><li class=\"rpwe-li rpwe-clearfix\"><a class=\"rpwe-img\" href=\"https:\/\/www.brenne-au-coeur.com\/index.php\/2023\/08\/26\/la-brenne-et-ses-animaux-vus-par-robert-ansel\/maison-du-parc\/4765\/\" target=\"_self\"><img class=\"rpwe-alignleft rpwe-thumb\" src=\"https:\/\/www.brenne-au-coeur.com\/wp-content\/uploads\/2023\/08\/2023-07-06-carton_expo-Robert_Ansel-UNE-120x120.jpg\" alt=\"Les animaux de la Brenne vus par Robert Ansel\" height=\"120\" width=\"120\" loading=\"lazy\" decoding=\"async\"><\/a><h3 class=\"rpwe-title\"><a href=\"https:\/\/www.brenne-au-coeur.com\/index.php\/2023\/08\/26\/la-brenne-et-ses-animaux-vus-par-robert-ansel\/maison-du-parc\/4765\/\" target=\"_self\">Les animaux de la Brenne vus par Robert Ansel<\/a><\/h3><time class=\"rpwe-time published\" datetime=\"2023-08-26T12:44:43+02:00\">26 ao\u00fbt 2023<\/time><div class=\"rpwe-summary\">Jusqu\u2019au 6 octobre, la Maison du Parc \u00e0 Rosnay, pr\u00e9sente une exposition de photographies r\u00e9alis\u00e9es par Robert Ansel. Le photographe trouve l\u00e0 les moyens de s\u2019exprimer en offrant des clich\u00e9s d\u2019une plus grande ampleur. Le visiteur pourra appr\u00e9cier toute la qualit\u00e9 de son travail, sa sensibilit\u00e9, sa capacit\u00e9 \u00e0 saisir &hellip;<a href=\"https:\/\/www.brenne-au-coeur.com\/index.php\/2023\/08\/26\/la-brenne-et-ses-animaux-vus-par-robert-ansel\/maison-du-parc\/4765\/\" class=\"more-link\">Lire la suite...<\/a><\/div><\/li><li class=\"rpwe-li rpwe-clearfix\"><a class=\"rpwe-img\" href=\"https:\/\/www.brenne-au-coeur.com\/index.php\/2023\/08\/26\/une-rando-pour-des-cadeaux\/communes\/saulnay\/4761\/\" target=\"_self\"><img class=\"rpwe-alignleft rpwe-thumb\" src=\"https:\/\/www.brenne-au-coeur.com\/wp-content\/uploads\/2023\/08\/rando-saulnay-4-scaled-120x120.jpg\" alt=\"Une rando, des cadeaux\" height=\"120\" width=\"120\" loading=\"lazy\" decoding=\"async\"><\/a><h3 class=\"rpwe-title\"><a href=\"https:\/\/www.brenne-au-coeur.com\/index.php\/2023\/08\/26\/une-rando-pour-des-cadeaux\/communes\/saulnay\/4761\/\" target=\"_self\">Une rando, des cadeaux<\/a><\/h3><time class=\"rpwe-time published\" datetime=\"2023-08-26T12:28:56+02:00\">26 ao\u00fbt 2023<\/time><div class=\"rpwe-summary\">Dimanche 3 septembre, l\u2019association \u00ab\u00a0Un cadeau, des sourires\u00a0\u00bb organise une randonn\u00e9e p\u00e9destre \u00e0 Saulnay. Deux circuits sont programm\u00e9s, de 10 et 15 km. L\u2019inscription (4 \u20ac) a lieu \u00e0 partir de 8 heures au stade de Saulnay, et le d\u00e9part \u00e0 8h30.. A l\u2019arriv\u00e9e de tous les randonneurs, le verre &hellip;<a href=\"https:\/\/www.brenne-au-coeur.com\/index.php\/2023\/08\/26\/une-rando-pour-des-cadeaux\/communes\/saulnay\/4761\/\" class=\"more-link\">Lire la suite...<\/a><\/div><\/li><li class=\"rpwe-li rpwe-clearfix\"><a class=\"rpwe-img\" href=\"https:\/\/www.brenne-au-coeur.com\/index.php\/2023\/08\/26\/festival-international-pyrotechnique-a-luant\/luant\/4756\/\" target=\"_self\"><img class=\"rpwe-alignleft rpwe-thumb\" src=\"https:\/\/www.brenne-au-coeur.com\/wp-content\/uploads\/2023\/08\/compagnie-spectacle-feu-deambulation-bretagne-768x609-1-120x120.jpg\" alt=\"Festival international Pyrotechnique \u00e0 Luant\" height=\"120\" width=\"120\" loading=\"lazy\" decoding=\"async\"><\/a><h3 class=\"rpwe-title\"><a href=\"https:\/\/www.brenne-au-coeur.com\/index.php\/2023\/08\/26\/festival-international-pyrotechnique-a-luant\/luant\/4756\/\" target=\"_self\">Festival international Pyrotechnique \u00e0 Luant<\/a><\/h3><time class=\"rpwe-time published\" datetime=\"2023-08-26T12:21:26+02:00\">26 ao\u00fbt 2023<\/time><div class=\"rpwe-summary\">Samedi 02 septembre 2023 \u00e0 19h30, l\u2019association \u00ab\u00a0P\u00eache et animation de l&rsquo;\u00e9tang Duris\u00a0\u00bb organise une soir\u00e9e feux d\u2019artifices sur le th\u00e8me du cin\u00e9ma. La Compagnie Libellune pr\u00e9sentera trois spectacles terrestres \u00e0 base de feu. Un show de plus de trois heures qui illuminera le site de l\u2019\u00e9tang Duris. Sur son &hellip;<a href=\"https:\/\/www.brenne-au-coeur.com\/index.php\/2023\/08\/26\/festival-international-pyrotechnique-a-luant\/luant\/4756\/\" class=\"more-link\">Lire la suite...<\/a><\/div><\/li><li class=\"rpwe-li rpwe-clearfix\"><a class=\"rpwe-img\" href=\"https:\/\/www.brenne-au-coeur.com\/index.php\/2023\/08\/19\/cine-le-blanc-place-aux-jeunes\/le-blanc\/4728\/\" target=\"_self\"><img class=\"rpwe-alignleft rpwe-thumb\" src=\"https:\/\/www.brenne-au-coeur.com\/wp-content\/uploads\/2023\/08\/cine-le-blanc-120x120.jpeg\" alt=\"Cin\u00e9 Le Blanc, place aux jeunes.\" height=\"120\" width=\"120\" loading=\"lazy\" decoding=\"async\"><\/a><h3 class=\"rpwe-title\"><a href=\"https:\/\/www.brenne-au-coeur.com\/index.php\/2023\/08\/19\/cine-le-blanc-place-aux-jeunes\/le-blanc\/4728\/\" target=\"_self\">Cin\u00e9 Le Blanc, place aux jeunes.<\/a><\/h3><time class=\"rpwe-time published\" datetime=\"2023-08-19T16:25:58+02:00\">19 ao\u00fbt 2023<\/time><div class=\"rpwe-summary\">Mercredi 23 ao\u00fbt \u00e0 15h00 et dimanche 27 ao\u00fbt \u00e0 17h00, le Cin\u00e9ma Studio R\u00e9publique ach\u00e8vera sa s\u00e9rie de rendez-vous avec la jeunesse. 1, 2, 3 &#8230; cin\u00e9 en vacances, consiste \u00e0 pr\u00e9senter de nombreuses projections, suivies d&rsquo;animations ou ateliers con\u00e7us pour prolonger la s\u00e9ance de mani\u00e8re ludique, p\u00e9dagogique ou &hellip;<a href=\"https:\/\/www.brenne-au-coeur.com\/index.php\/2023\/08\/19\/cine-le-blanc-place-aux-jeunes\/le-blanc\/4728\/\" class=\"more-link\">Lire la suite...<\/a><\/div><\/li><li class=\"rpwe-li rpwe-clearfix\"><a class=\"rpwe-img\" href=\"https:\/\/www.brenne-au-coeur.com\/index.php\/2023\/08\/19\/la-complainte-du-cerf-au-crepuscule\/meobecq\/4724\/\" target=\"_self\"><img class=\"rpwe-alignleft rpwe-thumb\" src=\"https:\/\/www.brenne-au-coeur.com\/wp-content\/uploads\/2023\/08\/cerf-120x120.jpeg\" alt=\"La complainte du cerf au cr\u00e9puscule\" height=\"120\" width=\"120\" loading=\"lazy\" decoding=\"async\"><\/a><h3 class=\"rpwe-title\"><a href=\"https:\/\/www.brenne-au-coeur.com\/index.php\/2023\/08\/19\/la-complainte-du-cerf-au-crepuscule\/meobecq\/4724\/\" target=\"_self\">La complainte du cerf au cr\u00e9puscule<\/a><\/h3><time class=\"rpwe-time published\" datetime=\"2023-08-19T15:27:00+02:00\">19 ao\u00fbt 2023<\/time><div class=\"rpwe-summary\">Samedi 26 ao\u00fbt, de 19h00 \u00e0 22h00, l&rsquo;association Librenne et le Parc Naturel de la Brenne donnent rendez-vous sur la place devant l\u2019\u00e9glise \u00e0 Meobecq. Ils proposent de d\u00e9couvrir ce qu\u2019est le brame du cerf. \u00ab&nbsp;Au cr\u00e9puscule, nous partirons avec notre guide \u00e0 la recherche des grands m\u00e2les pour \u00e9couter &hellip;<a href=\"https:\/\/www.brenne-au-coeur.com\/index.php\/2023\/08\/19\/la-complainte-du-cerf-au-crepuscule\/meobecq\/4724\/\" class=\"more-link\">Lire la suite...<\/a><\/div><\/li><li class=\"rpwe-li rpwe-clearfix\"><a class=\"rpwe-img\" href=\"https:\/\/www.brenne-au-coeur.com\/index.php\/2023\/08\/11\/a-lire-ou-relire\/a-lire\/4711\/\" target=\"_self\"><img class=\"rpwe-alignleft rpwe-thumb\" src=\"https:\/\/www.brenne-au-coeur.com\/wp-content\/uploads\/2023\/08\/lire3-120x120.jpg\" alt=\"\u00c0 lire ou relire\" height=\"120\" width=\"120\" loading=\"lazy\" decoding=\"async\"><\/a><h3 class=\"rpwe-title\"><a href=\"https:\/\/www.brenne-au-coeur.com\/index.php\/2023\/08\/11\/a-lire-ou-relire\/a-lire\/4711\/\" target=\"_self\">\u00c0 lire ou relire<\/a><\/h3><time class=\"rpwe-time published\" datetime=\"2023-08-11T16:09:26+02:00\">11 ao\u00fbt 2023<\/time><div class=\"rpwe-summary\">En ces jours d&rsquo;\u00e9t\u00e9, entre agitation ou farniente, in\u00e9dits ou \u00e9ditions de poche, Chantiers de culture vous propose sa traditionnelle s\u00e9lection de livres. Du polar \u00e9cologique \u00e0 la chute industrielle (Olivier Norek, Christian Astolfi), d&rsquo;un coup d&rsquo;\u00e9tat \u00e0 un coup d&rsquo;\u00e9clat (Emmanuelle Heidsieck, Sara Bourre)&#8230; Pour finir avec quelques nouvelles &hellip;<a href=\"https:\/\/www.brenne-au-coeur.com\/index.php\/2023\/08\/11\/a-lire-ou-relire\/a-lire\/4711\/\" class=\"more-link\">Lire la suite...<\/a><\/div><\/li><li class=\"rpwe-li rpwe-clearfix\"><a class=\"rpwe-img\" href=\"https:\/\/www.brenne-au-coeur.com\/index.php\/2023\/08\/06\/la-brenne-inspire-les-peintres\/communes\/mezieres-en-brenne\/4679\/\" target=\"_self\"><img class=\"rpwe-alignleft rpwe-thumb\" src=\"https:\/\/www.brenne-au-coeur.com\/wp-content\/uploads\/2023\/08\/coucher-de-soleil.resized-120x120.jpg\" alt=\"La Brenne inspire les peintres\" height=\"120\" width=\"120\" loading=\"lazy\" decoding=\"async\"><\/a><h3 class=\"rpwe-title\"><a href=\"https:\/\/www.brenne-au-coeur.com\/index.php\/2023\/08\/06\/la-brenne-inspire-les-peintres\/communes\/mezieres-en-brenne\/4679\/\" target=\"_self\">La Brenne inspire les peintres<\/a><\/h3><time class=\"rpwe-time published\" datetime=\"2023-08-06T16:16:43+02:00\">6 ao\u00fbt 2023<\/time><div class=\"rpwe-summary\">Pour cette exposition estivale, c&rsquo;est l&rsquo;environnement local que le Moulin met \u00e0 l&rsquo;honneur avec la 37\u00e8me exposition des Peintres de la Brenne. Pour l&rsquo;occasion, les \u0153uvres de huit artistes amateurs ont \u00e9t\u00e9 pr\u00e9sent\u00e9es lors du vernissage, samedi 29 juillet \u00e0 18 h. Parmi les artistes, un plasticien et cinq peintres &hellip;<a href=\"https:\/\/www.brenne-au-coeur.com\/index.php\/2023\/08\/06\/la-brenne-inspire-les-peintres\/communes\/mezieres-en-brenne\/4679\/\" class=\"more-link\">Lire la suite...<\/a><\/div><\/li><li class=\"rpwe-li rpwe-clearfix\"><a class=\"rpwe-img\" href=\"https:\/\/www.brenne-au-coeur.com\/index.php\/2023\/08\/05\/venez-danser-avec-keltas\/communes\/mezieres-en-brenne\/4672\/\" target=\"_self\"><img class=\"rpwe-alignleft rpwe-thumb\" src=\"https:\/\/www.brenne-au-coeur.com\/wp-content\/uploads\/2023\/08\/Affiche_BAL-TRAD_KELTAS_2023.resized-120x120.jpg\" alt=\"Venez danser avec Keltas\" height=\"120\" width=\"120\" loading=\"lazy\" decoding=\"async\"><\/a><h3 class=\"rpwe-title\"><a href=\"https:\/\/www.brenne-au-coeur.com\/index.php\/2023\/08\/05\/venez-danser-avec-keltas\/communes\/mezieres-en-brenne\/4672\/\" target=\"_self\">Venez danser avec Keltas<\/a><\/h3><time class=\"rpwe-time published\" datetime=\"2023-08-05T18:26:40+02:00\">5 ao\u00fbt 2023<\/time><div class=\"rpwe-summary\">Le rendez-vous annuel du Bal trad de M\u00e9zi\u00e8res avec son march\u00e9 gourmand se d\u00e9roulera le samedi 12 ao\u00fbt place Jean Moulin. 19h Ap\u00e9ro-rencontre avec les musiciens \u00e0 la biblioth\u00e8que. 20h March\u00e9 de producteurs locaux. 21h Concert et bal avec la musique Irlandaise brass\u00e9e en Limousin de KELTAS. &nbsp; Sarah\u00a0: chant, &hellip;<a href=\"https:\/\/www.brenne-au-coeur.com\/index.php\/2023\/08\/05\/venez-danser-avec-keltas\/communes\/mezieres-en-brenne\/4672\/\" class=\"more-link\">Lire la suite...<\/a><\/div><\/li><li class=\"rpwe-li rpwe-clearfix\"><a class=\"rpwe-img\" href=\"https:\/\/www.brenne-au-coeur.com\/index.php\/2023\/08\/05\/eliminer-les-armes-nucleaires\/evenements\/4666\/\" target=\"_self\"><img class=\"rpwe-alignleft rpwe-thumb\" src=\"https:\/\/www.brenne-au-coeur.com\/wp-content\/uploads\/2023\/08\/bombe-atomique-120x120.jpeg\" alt=\"\u00c9liminer les armes nucl\u00e9aires\u00a0!\" height=\"120\" width=\"120\" loading=\"lazy\" decoding=\"async\"><\/a><h3 class=\"rpwe-title\"><a href=\"https:\/\/www.brenne-au-coeur.com\/index.php\/2023\/08\/05\/eliminer-les-armes-nucleaires\/evenements\/4666\/\" target=\"_self\">\u00c9liminer les armes nucl\u00e9aires\u00a0!<\/a><\/h3><time class=\"rpwe-time published\" datetime=\"2023-08-05T17:02:25+02:00\">5 ao\u00fbt 2023<\/time><div class=\"rpwe-summary\">78 ans apr\u00e8s les bombardements atomiques sur Hiroshima et Nagasaki \u00ab&nbsp;Les armes nucl\u00e9aires sont ill\u00e9gales, dangereuses, co\u00fbteuses et moralement inadmissibles. Les 9 \u00c9tats d\u00e9tenteurs d\u2019armes nucl\u00e9aires doivent s\u2019engager dans leur \u00e9limination totale&nbsp;!&nbsp;\u00bb Partout dans le monde les 6 et 9 ao\u00fbt, comme tous les ans, les actions se d\u00e9veloppent pour &hellip;<a href=\"https:\/\/www.brenne-au-coeur.com\/index.php\/2023\/08\/05\/eliminer-les-armes-nucleaires\/evenements\/4666\/\" class=\"more-link\">Lire la suite...<\/a><\/div><\/li><li class=\"rpwe-li rpwe-clearfix\"><a class=\"rpwe-img\" href=\"https:\/\/www.brenne-au-coeur.com\/index.php\/2023\/08\/05\/avec-mon-panier-de-courses-le-livre\/communes\/mezieres-en-brenne\/4659\/\" target=\"_self\"><img class=\"rpwe-alignleft rpwe-thumb\" src=\"https:\/\/www.brenne-au-coeur.com\/wp-content\/uploads\/2023\/08\/IMG_20230805_144155.resized-120x120.jpg\" alt=\"Avec mon panier de courses \u2026 Le livre\" height=\"120\" width=\"120\" loading=\"lazy\" decoding=\"async\"><\/a><h3 class=\"rpwe-title\"><a href=\"https:\/\/www.brenne-au-coeur.com\/index.php\/2023\/08\/05\/avec-mon-panier-de-courses-le-livre\/communes\/mezieres-en-brenne\/4659\/\" target=\"_self\">Avec mon panier de courses \u2026 Le livre<\/a><\/h3><time class=\"rpwe-time published\" datetime=\"2023-08-05T16:09:45+02:00\">5 ao\u00fbt 2023<\/time><div class=\"rpwe-summary\">Un ouvrage reprenant l\u2019exposition pr\u00e9sent\u00e9e au Moulin, en f\u00e9vrier dernier, vient d\u2019\u00eatre publi\u00e9. Le livre est d\u00e9sormais disponible \u00e0 la librairie C\u0153ur de Brenne ou \u00e0 Destination Brenne. Il est le r\u00e9sultat, comme le rappelle l\u2019avant-propos, d\u2019un travail de fourmi qui ne pr\u00e9tend \u00eatre en aucune fa\u00e7on, exhaustif. Ce n\u2019est &hellip;<a href=\"https:\/\/www.brenne-au-coeur.com\/index.php\/2023\/08\/05\/avec-mon-panier-de-courses-le-livre\/communes\/mezieres-en-brenne\/4659\/\" class=\"more-link\">Lire la suite...<\/a><\/div><\/li><li class=\"rpwe-li rpwe-clearfix\"><a class=\"rpwe-img\" href=\"https:\/\/www.brenne-au-coeur.com\/index.php\/2023\/07\/30\/palluau-sous-le-regard-des-pastellistes\/palluau-sur-indre\/4651\/\" target=\"_self\"><img class=\"rpwe-alignleft rpwe-thumb\" src=\"https:\/\/www.brenne-au-coeur.com\/wp-content\/uploads\/2023\/07\/IMG_20230730_152403.resized-120x120.jpg\" alt=\"Palluau sous le regard des pastellistes\" height=\"120\" width=\"120\" loading=\"lazy\" decoding=\"async\"><\/a><h3 class=\"rpwe-title\"><a href=\"https:\/\/www.brenne-au-coeur.com\/index.php\/2023\/07\/30\/palluau-sous-le-regard-des-pastellistes\/palluau-sur-indre\/4651\/\" target=\"_self\">Palluau sous le regard des pastellistes<\/a><\/h3><time class=\"rpwe-time published\" datetime=\"2023-07-30T19:45:27+02:00\">30 juillet 2023<\/time><div class=\"rpwe-summary\">L\u2019association PROSIPAL (Protection et Promotion du Site de Palluau-sur-Indre) organise une exposition de tableaux consacr\u00e9e enti\u00e8rement au village. Les \u0153uvres sont visibles \u00e0 l\u2019office du tourisme de Palluau jusqu\u2019au 31 ao\u00fbt. \u00c9tangs, cours d\u2019eau, ponts, sous-bois, fa\u00e7ades de maisons, vue sur le ch\u00e2teau, sur le village ou sur le paysage &hellip;<a href=\"https:\/\/www.brenne-au-coeur.com\/index.php\/2023\/07\/30\/palluau-sous-le-regard-des-pastellistes\/palluau-sur-indre\/4651\/\" class=\"more-link\">Lire la suite...<\/a><\/div><\/li><li class=\"rpwe-li rpwe-clearfix\"><a class=\"rpwe-img\" href=\"https:\/\/www.brenne-au-coeur.com\/index.php\/2023\/07\/30\/tawashi-quesaco\/communes\/mezieres-en-brenne\/4645\/\" target=\"_self\"><img class=\"rpwe-alignleft rpwe-thumb\" src=\"https:\/\/www.brenne-au-coeur.com\/wp-content\/uploads\/2023\/07\/IMG_20230729_142508.resized-120x120.jpg\" alt=\"Tawashi\u00a0! Qu\u00e9saco\u00a0?\" height=\"120\" width=\"120\" loading=\"lazy\" decoding=\"async\"><\/a><h3 class=\"rpwe-title\"><a href=\"https:\/\/www.brenne-au-coeur.com\/index.php\/2023\/07\/30\/tawashi-quesaco\/communes\/mezieres-en-brenne\/4645\/\" target=\"_self\">Tawashi\u00a0! Qu\u00e9saco\u00a0?<\/a><\/h3><time class=\"rpwe-time published\" datetime=\"2023-07-30T13:05:38+02:00\">30 juillet 2023<\/time><div class=\"rpwe-summary\">Samedi 29 juillet, la m\u00e9diath\u00e8que de M\u00e9zi\u00e8res organisait un atelier pour fabriquer des tawashi. Pour cela, \u00c9milie, responsable de la m\u00e9diath\u00e8que, avait mis \u00e0 la disposition des participants, un stock de chaussettes, des paires de ciseaux et des planches clout\u00e9es. \u00ab\u00a0Le principe et la r\u00e9alisation sont simples, explique-t-elle. Il s\u2019agit &hellip;<a href=\"https:\/\/www.brenne-au-coeur.com\/index.php\/2023\/07\/30\/tawashi-quesaco\/communes\/mezieres-en-brenne\/4645\/\" class=\"more-link\">Lire la suite...<\/a><\/div><\/li><li class=\"rpwe-li rpwe-clearfix\"><a class=\"rpwe-img\" href=\"https:\/\/www.brenne-au-coeur.com\/index.php\/2023\/07\/22\/brin-detre-les-recettes-du-bien-etre\/communes\/saulnay\/4619\/\" target=\"_self\"><img class=\"rpwe-alignleft rpwe-thumb\" src=\"https:\/\/www.brenne-au-coeur.com\/wp-content\/uploads\/2023\/07\/IMG_9039-120x120.jpg\" alt=\"Brin d\u2019\u00eatre. Les recettes du bien \u00eatre\" height=\"120\" width=\"120\" loading=\"lazy\" decoding=\"async\"><\/a><h3 class=\"rpwe-title\"><a href=\"https:\/\/www.brenne-au-coeur.com\/index.php\/2023\/07\/22\/brin-detre-les-recettes-du-bien-etre\/communes\/saulnay\/4619\/\" target=\"_self\">Brin d\u2019\u00eatre. Les recettes du bien \u00eatre<\/a><\/h3><time class=\"rpwe-time published\" datetime=\"2023-07-22T18:07:26+02:00\">22 juillet 2023<\/time><div class=\"rpwe-summary\">Lors de la derni\u00e8re f\u00eate du jambon \u00e0 Saulnay, Damien et Lucie ont pr\u00e9sent\u00e9 les produits bio de leur exploitation. Nouvellement install\u00e9s dans la commune, leur terrain se situe \u00e0 quelques centaines de m\u00e8tres de l\u00e0. \u00c0 l\u2019heure o\u00f9 les circuits courts sont de plus en plus valoris\u00e9s, il est &hellip;<a href=\"https:\/\/www.brenne-au-coeur.com\/index.php\/2023\/07\/22\/brin-detre-les-recettes-du-bien-etre\/communes\/saulnay\/4619\/\" class=\"more-link\">Lire la suite...<\/a><\/div><\/li><li class=\"rpwe-li rpwe-clearfix\"><a class=\"rpwe-img\" href=\"https:\/\/www.brenne-au-coeur.com\/index.php\/2023\/07\/22\/belle-balade-le-bonheur-detre-ensemble\/mediatheque\/4612\/\" target=\"_self\"><img class=\"rpwe-alignleft rpwe-thumb\" src=\"https:\/\/www.brenne-au-coeur.com\/wp-content\/uploads\/2023\/07\/belle-balade-3-120x120.jpg\" alt=\"Belle balade, le bonheur d\u2019\u00eatre ensemble\" height=\"120\" width=\"120\" loading=\"lazy\" decoding=\"async\"><\/a><h3 class=\"rpwe-title\"><a href=\"https:\/\/www.brenne-au-coeur.com\/index.php\/2023\/07\/22\/belle-balade-le-bonheur-detre-ensemble\/mediatheque\/4612\/\" target=\"_self\">Belle balade, le bonheur d\u2019\u00eatre ensemble<\/a><\/h3><time class=\"rpwe-time published\" datetime=\"2023-07-22T17:44:26+02:00\">22 juillet 2023<\/time><div class=\"rpwe-summary\">Samedi 8 juillet, le parc du ch\u00e2teau d\u2019Azay-le-Ferron accueillait une promenade po\u00e9tique et artistique inclusive. \u00ab&nbsp;Belle balade&nbsp;\u00bb. Une \u0153uvre collective produite par trente personnes, dont quinze en situation de handicap. Elle r\u00e9sulte de la conviction que l\u2019art est un partage et que son point vital est la rencontre des individus &hellip;<a href=\"https:\/\/www.brenne-au-coeur.com\/index.php\/2023\/07\/22\/belle-balade-le-bonheur-detre-ensemble\/mediatheque\/4612\/\" class=\"more-link\">Lire la suite...<\/a><\/div><\/li><li class=\"rpwe-li rpwe-clearfix\"><a class=\"rpwe-img\" href=\"https:\/\/www.brenne-au-coeur.com\/index.php\/2023\/07\/16\/musique-et-plumes-a-jaugette\/communes\/obterre\/4600\/\" target=\"_self\"><img class=\"rpwe-alignleft rpwe-thumb\" src=\"https:\/\/www.brenne-au-coeur.com\/wp-content\/uploads\/2023\/07\/musique-et-plumes-Jaugette-scaled-1-120x120.jpg\" alt=\"Musique et plumes \u00e0 Jaugette\" height=\"120\" width=\"120\" loading=\"lazy\" decoding=\"async\"><\/a><h3 class=\"rpwe-title\"><a href=\"https:\/\/www.brenne-au-coeur.com\/index.php\/2023\/07\/16\/musique-et-plumes-a-jaugette\/communes\/obterre\/4600\/\" target=\"_self\">Musique et plumes \u00e0 Jaugette<\/a><\/h3><time class=\"rpwe-time published\" datetime=\"2023-07-16T19:20:06+02:00\">16 juillet 2023<\/time><div class=\"rpwe-summary\">Manoir de Jaugette organise son traditionnel festival d\u2019\u00e9t\u00e9 les 21, 22 et 23 juillet. L\u2019objectif des \u00ab\u00a0Rencontres musicales de Jaugette\u00a0\u00bb est de faire venir la musique des grandes villes en campagne, pour offrir au public un programme exigeant et de qualit\u00e9, et faciliter les rencontres entre musiciens exp\u00e9riment\u00e9s et jeunes. &hellip;<a href=\"https:\/\/www.brenne-au-coeur.com\/index.php\/2023\/07\/16\/musique-et-plumes-a-jaugette\/communes\/obterre\/4600\/\" class=\"more-link\">Lire la suite...<\/a><\/div><\/li><li class=\"rpwe-li rpwe-clearfix\"><a class=\"rpwe-img\" href=\"https:\/\/www.brenne-au-coeur.com\/index.php\/2023\/07\/16\/contes-musiques-dici-et-dailleurs-au-grand-aslon\/communes\/linge\/4587\/\" target=\"_self\"><img class=\"rpwe-alignleft rpwe-thumb\" src=\"https:\/\/www.brenne-au-coeur.com\/wp-content\/uploads\/2023\/07\/noces-de-paroles-laffiche-120x120.jpeg\" alt=\"Contes, musiques d\u2019ici et d\u2019ailleurs au Grand Aslon\" height=\"120\" width=\"120\" loading=\"lazy\" decoding=\"async\"><\/a><h3 class=\"rpwe-title\"><a href=\"https:\/\/www.brenne-au-coeur.com\/index.php\/2023\/07\/16\/contes-musiques-dici-et-dailleurs-au-grand-aslon\/communes\/linge\/4587\/\" target=\"_self\">Contes, musiques d\u2019ici et d\u2019ailleurs au Grand Aslon<\/a><\/h3><time class=\"rpwe-time published\" datetime=\"2023-07-16T13:22:57+02:00\">16 juillet 2023<\/time><div class=\"rpwe-summary\">Noces de paroles est de retour. Les 20, 21 et 22 juillet, les amoureux des mots et des belles histoires sont invit\u00e9s \u00e0 retrouver la magie des contes et de la musique dans le cadre champ\u00eatre du Grand Aslon. Chaque soir, le site est ouvert \u00e0 18heures. De 18h30 \u00e0 &hellip;<a href=\"https:\/\/www.brenne-au-coeur.com\/index.php\/2023\/07\/16\/contes-musiques-dici-et-dailleurs-au-grand-aslon\/communes\/linge\/4587\/\" class=\"more-link\">Lire la suite...<\/a><\/div><\/li><li class=\"rpwe-li rpwe-clearfix\"><a class=\"rpwe-img\" href=\"https:\/\/www.brenne-au-coeur.com\/index.php\/2023\/07\/14\/lart-contemporain-a-lhonneur-au-moulin\/communes\/mezieres-en-brenne\/4575\/\" target=\"_self\"><img class=\"rpwe-alignleft rpwe-thumb\" src=\"https:\/\/www.brenne-au-coeur.com\/wp-content\/uploads\/2023\/07\/Le-roi-soleil-Karine-Chauveau.resized-120x120.jpg\" alt=\"L&rsquo;Art contemporain \u00e0 l&rsquo;honneur au Moulin\" height=\"120\" width=\"120\" loading=\"lazy\" decoding=\"async\"><\/a><h3 class=\"rpwe-title\"><a href=\"https:\/\/www.brenne-au-coeur.com\/index.php\/2023\/07\/14\/lart-contemporain-a-lhonneur-au-moulin\/communes\/mezieres-en-brenne\/4575\/\" target=\"_self\">L&rsquo;Art contemporain \u00e0 l&rsquo;honneur au Moulin<\/a><\/h3><time class=\"rpwe-time published\" datetime=\"2023-07-14T18:15:53+02:00\">14 juillet 2023<\/time><div class=\"rpwe-summary\">L&rsquo;association Le moulin pr\u00e9sente son exposition d&rsquo;Art contemporain (M.E.B.A.C) avec trois peintres et une sculptrice. Enseignante \u00e0 la retraite,\u00a0lors d&rsquo;un stage \u00e0 l&rsquo;\u00e9cole normale, dans les ann\u00e9es 90,\u00a0Mary-Jeanne Wibout\u00a0d\u00e9couvre la sculpture. D&rsquo;abord attir\u00e9e par la taille de pierre, elle travaille aussi\u00a0la terre,\u00a0\u00ab\u00a0plus en osmose avec la nature.&nbsp;\u00bb explique-t&rsquo;elle. De Meudon, &hellip;<a href=\"https:\/\/www.brenne-au-coeur.com\/index.php\/2023\/07\/14\/lart-contemporain-a-lhonneur-au-moulin\/communes\/mezieres-en-brenne\/4575\/\" class=\"more-link\">Lire la suite...<\/a><\/div><\/li><li class=\"rpwe-li rpwe-clearfix\"><a class=\"rpwe-img\" href=\"https:\/\/www.brenne-au-coeur.com\/index.php\/2023\/07\/09\/guinguette-a-mezieres\/communes\/mezieres-en-brenne\/4558\/\" target=\"_self\"><img class=\"rpwe-alignleft rpwe-thumb\" src=\"https:\/\/www.brenne-au-coeur.com\/wp-content\/uploads\/2023\/07\/bar-de-la-place-7-juillet-120x120.jpg\" alt=\"Guinguette \u00e0 M\u00e9zi\u00e8res\" height=\"120\" width=\"120\" loading=\"lazy\" decoding=\"async\"><\/a><h3 class=\"rpwe-title\"><a href=\"https:\/\/www.brenne-au-coeur.com\/index.php\/2023\/07\/09\/guinguette-a-mezieres\/communes\/mezieres-en-brenne\/4558\/\" target=\"_self\">Guinguette \u00e0 M\u00e9zi\u00e8res<\/a><\/h3><time class=\"rpwe-time published\" datetime=\"2023-07-09T13:54:12+02:00\">9 juillet 2023<\/time><div class=\"rpwe-summary\">Samedi 7 juillet, ambiance festive sur la place du village, qui avait pris des allures de guinguette. Une soir\u00e9e anim\u00e9e par Am\u00e9lic Blanchet et Fafa. On a pu danser et se restaurer. Au menu, moules ou saucisses frites. Le Bar de la place permettait ainsi aux habitants de s\u2019installer pour &hellip;<a href=\"https:\/\/www.brenne-au-coeur.com\/index.php\/2023\/07\/09\/guinguette-a-mezieres\/communes\/mezieres-en-brenne\/4558\/\" class=\"more-link\">Lire la suite...<\/a><\/div><\/li><li class=\"rpwe-li rpwe-clearfix\"><a class=\"rpwe-img\" href=\"https:\/\/www.brenne-au-coeur.com\/index.php\/2023\/07\/09\/quand-les-residents-de-lehpad-decouvrent-les-archives-departementales\/ehpad\/4552\/\" target=\"_self\"><img class=\"rpwe-alignleft rpwe-thumb\" src=\"https:\/\/www.brenne-au-coeur.com\/wp-content\/uploads\/2023\/07\/visite-archives-4.resized-120x120.jpg\" alt=\"Quand les r\u00e9sidents de l\u2019EHPAD d\u00e9couvrent les Archives d\u00e9partementales \u2026\" height=\"120\" width=\"120\" loading=\"lazy\" decoding=\"async\"><\/a><h3 class=\"rpwe-title\"><a href=\"https:\/\/www.brenne-au-coeur.com\/index.php\/2023\/07\/09\/quand-les-residents-de-lehpad-decouvrent-les-archives-departementales\/ehpad\/4552\/\" target=\"_self\">Quand les r\u00e9sidents de l\u2019EHPAD d\u00e9couvrent les Archives d\u00e9partementales \u2026<\/a><\/h3><time class=\"rpwe-time published\" datetime=\"2023-07-09T11:15:59+02:00\">9 juillet 2023<\/time><div class=\"rpwe-summary\">On imagine souvent les services publics d\u2019archives comme des lieux poussi\u00e9reux, sombres et d\u00e9suets. Ce n\u2019est pas ce qu\u2019ont d\u00e9couvert les six r\u00e9sidents de l\u2019EHPAD de M\u00e9zi\u00e8res ce jeudi 29 juin. Accueillis en d\u00e9but d\u2019apr\u00e8s-midi par J\u00e9r\u00f4me Descoux dans une vaste et lumineuse salle de conf\u00e9rence, cet archiviste leur a &hellip;<a href=\"https:\/\/www.brenne-au-coeur.com\/index.php\/2023\/07\/09\/quand-les-residents-de-lehpad-decouvrent-les-archives-departementales\/ehpad\/4552\/\" class=\"more-link\">Lire la suite...<\/a><\/div><\/li><li class=\"rpwe-li rpwe-clearfix\"><a class=\"rpwe-img\" href=\"https:\/\/www.brenne-au-coeur.com\/index.php\/2023\/07\/09\/fete-du-jambon-a-saulnay\/communes\/saulnay\/4548\/\" target=\"_self\"><img class=\"rpwe-alignleft rpwe-thumb\" src=\"https:\/\/www.brenne-au-coeur.com\/wp-content\/uploads\/2023\/07\/fete-du-jambon-saulnay-120x120.jpg\" alt=\"F\u00eate du Jambon \u00e0 Saulnay\" height=\"120\" width=\"120\" loading=\"lazy\" decoding=\"async\"><\/a><h3 class=\"rpwe-title\"><a href=\"https:\/\/www.brenne-au-coeur.com\/index.php\/2023\/07\/09\/fete-du-jambon-a-saulnay\/communes\/saulnay\/4548\/\" target=\"_self\">F\u00eate du Jambon \u00e0 Saulnay<\/a><\/h3><time class=\"rpwe-time published\" datetime=\"2023-07-09T10:36:37+02:00\">9 juillet 2023<\/time><div class=\"rpwe-summary\">Le Comit\u00e9 des f\u00eates de Saulnay organise sa traditionnelle f\u00eate du jambon, dimanche 16 juillet \u00e0 partir de 18h. Un rendez-vous d\u2019\u00e9t\u00e9 au centre du village, qui attire toujours la foule. L\u2019an pass\u00e9 plus de 500 personnes se sont d\u00e9plac\u00e9es pour assister aux spectacles, d\u00e9guster les jambons et profiter des &hellip;<a href=\"https:\/\/www.brenne-au-coeur.com\/index.php\/2023\/07\/09\/fete-du-jambon-a-saulnay\/communes\/saulnay\/4548\/\" class=\"more-link\">Lire la suite...<\/a><\/div><\/li><li class=\"rpwe-li rpwe-clearfix\"><a class=\"rpwe-img\" href=\"https:\/\/www.brenne-au-coeur.com\/index.php\/2023\/07\/03\/benvenuti-agli-amici-italiani\/communes\/mezieres-en-brenne\/4534\/\" target=\"_self\"><img class=\"rpwe-alignleft rpwe-thumb\" src=\"https:\/\/www.brenne-au-coeur.com\/wp-content\/uploads\/2023\/07\/IMG_1165.resized-120x120.jpg\" alt=\"Benvenuti agli amici italiani\" height=\"120\" width=\"120\" loading=\"lazy\" decoding=\"async\"><\/a><h3 class=\"rpwe-title\"><a href=\"https:\/\/www.brenne-au-coeur.com\/index.php\/2023\/07\/03\/benvenuti-agli-amici-italiani\/communes\/mezieres-en-brenne\/4534\/\" target=\"_self\">Benvenuti agli amici italiani<\/a><\/h3><time class=\"rpwe-time published\" datetime=\"2023-07-03T17:07:16+02:00\">3 juillet 2023<\/time><div class=\"rpwe-summary\">Dans le cadre de son jumelage avec la ville de Barzano, M\u00e9zi\u00e8res-en-Brenne recevra ses amis italiens les 7, 8 et 9 juillet prochains. Peu apr\u00e8s leur arriv\u00e9e et l\u2019accueil des familles assur\u00e9, ils seront convi\u00e9s \u00e0 un barbecue \u00e0 l\u2019\u00e9cole maternelle. Samedi, une randonn\u00e9e en Brenne est pr\u00e9vue, avec un &hellip;<a href=\"https:\/\/www.brenne-au-coeur.com\/index.php\/2023\/07\/03\/benvenuti-agli-amici-italiani\/communes\/mezieres-en-brenne\/4534\/\" class=\"more-link\">Lire la suite...<\/a><\/div><\/li><li class=\"rpwe-li rpwe-clearfix\"><a class=\"rpwe-img\" href=\"https:\/\/www.brenne-au-coeur.com\/index.php\/2023\/07\/01\/belle-balade-au-chateau-dazay\/mediatheque\/4514\/\" target=\"_self\"><img class=\"rpwe-alignleft rpwe-thumb\" src=\"https:\/\/www.brenne-au-coeur.com\/wp-content\/uploads\/2023\/07\/affiche-belle-balade.resized-120x120.jpg\" alt=\"Belle balade au ch\u00e2teau d\u2019Azay\" height=\"120\" width=\"120\" loading=\"lazy\" decoding=\"async\"><\/a><h3 class=\"rpwe-title\"><a href=\"https:\/\/www.brenne-au-coeur.com\/index.php\/2023\/07\/01\/belle-balade-au-chateau-dazay\/mediatheque\/4514\/\" target=\"_self\">Belle balade au ch\u00e2teau d\u2019Azay<\/a><\/h3><time class=\"rpwe-time published\" datetime=\"2023-07-01T16:03:06+02:00\">1 juillet 2023<\/time><div class=\"rpwe-summary\">Samedi 8 juillet, \u00e0 partir de 15h, la cr\u00e9ation artistique \u00ab\u00a0Belle balade\u00a0\u00bb sera pr\u00e9sent\u00e9e au public, dans le Parc du ch\u00e2teau d\u2019Azay. L\u2019entr\u00e9e du parc sera gratuite, en passant par la cour du CPIE, 35 rue Hersent Luzerche. Il s&rsquo;agit d&rsquo;une d\u00e9ambulation po\u00e9tique et artistique en ext\u00e9rieur f\u00eatant le vivant &hellip;<a href=\"https:\/\/www.brenne-au-coeur.com\/index.php\/2023\/07\/01\/belle-balade-au-chateau-dazay\/mediatheque\/4514\/\" class=\"more-link\">Lire la suite...<\/a><\/div><\/li><li class=\"rpwe-li rpwe-clearfix\"><a class=\"rpwe-img\" href=\"https:\/\/www.brenne-au-coeur.com\/index.php\/2023\/07\/01\/prissac-et-ses-trois-musees\/prissac\/4504\/\" target=\"_self\"><img class=\"rpwe-alignleft rpwe-thumb\" src=\"https:\/\/www.brenne-au-coeur.com\/wp-content\/uploads\/2023\/07\/IMG_20230614_165154.resized-120x120.jpg\" alt=\"Prissac et ses trois mus\u00e9es\" height=\"120\" width=\"120\" loading=\"lazy\" decoding=\"async\"><\/a><h3 class=\"rpwe-title\"><a href=\"https:\/\/www.brenne-au-coeur.com\/index.php\/2023\/07\/01\/prissac-et-ses-trois-musees\/prissac\/4504\/\" target=\"_self\">Prissac et ses trois mus\u00e9es<\/a><\/h3><time class=\"rpwe-time published\" datetime=\"2023-07-01T15:36:42+02:00\">1 juillet 2023<\/time><div class=\"rpwe-summary\">Machinisme agricole, facteur rural, imprimerie Gutenberg. Trois sujets, trois mus\u00e9es regroup\u00e9s sur un m\u00eame lieu, \u00e0 l\u2019entr\u00e9e du village de Prissac, en venant de Bel\u00e2bre. Voici un site qui m\u00e9rite le voyage, comme l\u2019indique les guides touristiques. Qui m\u00e9rite m\u00eame des voyages, tant est riche le contenu de ces expositions. &hellip;<a href=\"https:\/\/www.brenne-au-coeur.com\/index.php\/2023\/07\/01\/prissac-et-ses-trois-musees\/prissac\/4504\/\" class=\"more-link\">Lire la suite...<\/a><\/div><\/li><li class=\"rpwe-li rpwe-clearfix\"><a class=\"rpwe-img\" href=\"https:\/\/www.brenne-au-coeur.com\/index.php\/2023\/07\/01\/un-etrange-n-au-cimetiere-communal\/communes\/mezieres-en-brenne\/4495\/\" target=\"_self\"><img class=\"rpwe-alignleft rpwe-thumb\" src=\"https:\/\/www.brenne-au-coeur.com\/wp-content\/uploads\/2023\/07\/20230619_170220-scaled-120x120.jpg\" alt=\"Un \u00e9trange \u00ab\u00a0N\u00a0\u00bb au cimeti\u00e8re communal\" height=\"120\" width=\"120\" loading=\"lazy\" decoding=\"async\"><\/a><h3 class=\"rpwe-title\"><a href=\"https:\/\/www.brenne-au-coeur.com\/index.php\/2023\/07\/01\/un-etrange-n-au-cimetiere-communal\/communes\/mezieres-en-brenne\/4495\/\" target=\"_self\">Un \u00e9trange \u00ab\u00a0N\u00a0\u00bb au cimeti\u00e8re communal<\/a><\/h3><time class=\"rpwe-time published\" datetime=\"2023-07-01T14:56:49+02:00\">1 juillet 2023<\/time><div class=\"rpwe-summary\">Depuis quelques mois, une plaque carr\u00e9e avec un N est appos\u00e9e \u00e0 droite de l\u2019entr\u00e9e du cimeti\u00e8re. Cette lettre, entour\u00e9e d\u2019une couronne de laurier, symbolise Napol\u00e9on 1er. Serait-il venu ou pass\u00e9 \u00e0 M\u00e9zi\u00e8res-en-Brenne lors de l\u2019une de ses nombreuses campagnes \u00e0 travers l\u2019Europe et au-del\u00e0\u00a0? Non, bien entendu\u00a0! Nous le &hellip;<a href=\"https:\/\/www.brenne-au-coeur.com\/index.php\/2023\/07\/01\/un-etrange-n-au-cimetiere-communal\/communes\/mezieres-en-brenne\/4495\/\" class=\"more-link\">Lire la suite...<\/a><\/div><\/li><li class=\"rpwe-li rpwe-clearfix\"><a class=\"rpwe-img\" href=\"https:\/\/www.brenne-au-coeur.com\/index.php\/2023\/06\/25\/la-fete-aux-chansons\/communes\/azay-le-ferron-communes\/4488\/\" target=\"_self\"><img class=\"rpwe-alignleft rpwe-thumb\" src=\"https:\/\/www.brenne-au-coeur.com\/wp-content\/uploads\/2023\/06\/fete-musique-azay-120x120.jpg\" alt=\"La f\u00eate aux chansons\" height=\"120\" width=\"120\" loading=\"lazy\" decoding=\"async\"><\/a><h3 class=\"rpwe-title\"><a href=\"https:\/\/www.brenne-au-coeur.com\/index.php\/2023\/06\/25\/la-fete-aux-chansons\/communes\/azay-le-ferron-communes\/4488\/\" target=\"_self\">La f\u00eate aux chansons<\/a><\/h3><time class=\"rpwe-time published\" datetime=\"2023-06-25T17:03:50+02:00\">25 juin 2023<\/time><div class=\"rpwe-summary\">Micro, clavier et instruments avaient pris possession des lieux, transformant en sc\u00e8ne, la terrasse de la m\u00e9diath\u00e8que d\u2019Azay-le-Ferron, \u00e0 l\u2019occasion de la f\u00eate de la musique. Plusieurs interpr\u00e8tes s\u2019y sont succ\u00e9d\u00e9 en cette fin d\u2019apr\u00e8s-midi, accompagn\u00e9s parfois par le p\u00e9piement de quelques oiseaux nich\u00e9s sous le toit du b\u00e2timent. Sylvain &hellip;<a href=\"https:\/\/www.brenne-au-coeur.com\/index.php\/2023\/06\/25\/la-fete-aux-chansons\/communes\/azay-le-ferron-communes\/4488\/\" class=\"more-link\">Lire la suite...<\/a><\/div><\/li><li class=\"rpwe-li rpwe-clearfix\"><a class=\"rpwe-img\" href=\"https:\/\/www.brenne-au-coeur.com\/index.php\/2023\/06\/24\/concert-exceptionnel-public-conquis\/communes\/mezieres-en-brenne\/4474\/\" target=\"_self\"><img class=\"rpwe-alignleft rpwe-thumb\" src=\"https:\/\/www.brenne-au-coeur.com\/wp-content\/uploads\/2023\/06\/IMG-20230624-WA00011-120x120.jpg\" alt=\"Concert exceptionnel, public conquis\" height=\"120\" width=\"120\" loading=\"lazy\" decoding=\"async\"><\/a><h3 class=\"rpwe-title\"><a href=\"https:\/\/www.brenne-au-coeur.com\/index.php\/2023\/06\/24\/concert-exceptionnel-public-conquis\/communes\/mezieres-en-brenne\/4474\/\" target=\"_self\">Concert exceptionnel, public conquis<\/a><\/h3><time class=\"rpwe-time published\" datetime=\"2023-06-24T19:06:42+02:00\">24 juin 2023<\/time><div class=\"rpwe-summary\">Le concert annuel du Nohant festival Chopin Hors les Murs qui s\u2019est d\u00e9roul\u00e9 vendredi 23 juin dans la coll\u00e9giale, a r\u00e9uni plus de 180 personnes conquises par la virtuosit\u00e9 de Rapha\u00eblle Moreau et d\u2019Yves Henry. Nomm\u00e9e en 2020 dans la cat\u00e9gorie R\u00e9v\u00e9lations aux Victoires de la musique classique, cette talentueuse &hellip;<a href=\"https:\/\/www.brenne-au-coeur.com\/index.php\/2023\/06\/24\/concert-exceptionnel-public-conquis\/communes\/mezieres-en-brenne\/4474\/\" class=\"more-link\">Lire la suite...<\/a><\/div><\/li><li class=\"rpwe-li rpwe-clearfix\"><a class=\"rpwe-img\" href=\"https:\/\/www.brenne-au-coeur.com\/index.php\/2023\/06\/24\/sommet-international-pour-la-paix-en-ukraine\/communes\/4470\/\" target=\"_self\"><img class=\"rpwe-alignleft rpwe-thumb\" src=\"https:\/\/www.brenne-au-coeur.com\/wp-content\/uploads\/2023\/06\/paix-ukraine-120x120.jpeg\" alt=\"Sommet international pour la paix en Ukraine\" height=\"120\" width=\"120\" loading=\"lazy\" decoding=\"async\"><\/a><h3 class=\"rpwe-title\"><a href=\"https:\/\/www.brenne-au-coeur.com\/index.php\/2023\/06\/24\/sommet-international-pour-la-paix-en-ukraine\/communes\/4470\/\" target=\"_self\">Sommet international pour la paix en Ukraine<\/a><\/h3><time class=\"rpwe-time published\" datetime=\"2023-06-24T18:33:06+02:00\">24 juin 2023<\/time><div class=\"rpwe-summary\">Un sommet international pour discuter des questions controvers\u00e9es li\u00e9es \u00e0 la guerre russo-ukrainienne, s\u2019est tenu \u00e0 Vienne en Autriche, du 11 au 13 juin. pour entendre les voix de repr\u00e9sentants de la soci\u00e9t\u00e9 civile, ainsi que de repr\u00e9sentants des soci\u00e9t\u00e9s civiles de Russie et d&rsquo;Ukraine, pour rassembler et agir afin &hellip;<a href=\"https:\/\/www.brenne-au-coeur.com\/index.php\/2023\/06\/24\/sommet-international-pour-la-paix-en-ukraine\/communes\/4470\/\" class=\"more-link\">Lire la suite...<\/a><\/div><\/li><li class=\"rpwe-li rpwe-clearfix\"><a class=\"rpwe-img\" href=\"https:\/\/www.brenne-au-coeur.com\/index.php\/2023\/06\/24\/les-chorales-dehpad-se-rencontrent\/communes\/mezieres-en-brenne\/4466\/\" target=\"_self\"><img class=\"rpwe-alignleft rpwe-thumb\" src=\"https:\/\/www.brenne-au-coeur.com\/wp-content\/uploads\/2023\/06\/IMG_20230608_155601.resized-120x120.jpg\" alt=\"Les chorales d\u2019EHPAD se rencontrent\" height=\"120\" width=\"120\" loading=\"lazy\" decoding=\"async\"><\/a><h3 class=\"rpwe-title\"><a href=\"https:\/\/www.brenne-au-coeur.com\/index.php\/2023\/06\/24\/les-chorales-dehpad-se-rencontrent\/communes\/mezieres-en-brenne\/4466\/\" target=\"_self\">Les chorales d\u2019EHPAD se rencontrent<\/a><\/h3><time class=\"rpwe-time published\" datetime=\"2023-06-24T17:32:05+02:00\">24 juin 2023<\/time><div class=\"rpwe-summary\">Jeudi 8 juin, huit r\u00e9sidents de l\u2019EHPAD de M\u00e9zi\u00e8res-en-Brenne, ont particip\u00e9 \u00e0 \u00ab&nbsp;un apr\u00e8s-midi chansons&nbsp;\u00bb, \u00e0 l\u2019Espace La Clairi\u00e8re, au Centre D\u00e9partemental de G\u00e9riatrie de l\u2019Indre \u00e0 Ch\u00e2teauroux. Au programme, une balade musicale, anim\u00e9e par le chanteur Fabrice Guillot et la chorale de D\u00e9ols, autour de la projection d\u2019un film. &hellip;<a href=\"https:\/\/www.brenne-au-coeur.com\/index.php\/2023\/06\/24\/les-chorales-dehpad-se-rencontrent\/communes\/mezieres-en-brenne\/4466\/\" class=\"more-link\">Lire la suite...<\/a><\/div><\/li><li class=\"rpwe-li rpwe-clearfix\"><a class=\"rpwe-img\" href=\"https:\/\/www.brenne-au-coeur.com\/index.php\/2023\/06\/17\/musique-classique-a-leglise-de-mezieres\/communes\/mezieres-en-brenne\/4456\/\" target=\"_self\"><img class=\"rpwe-alignleft rpwe-thumb\" src=\"https:\/\/www.brenne-au-coeur.com\/wp-content\/uploads\/2023\/06\/IMG_7731.resized.resized-120x120.jpg\" alt=\"Musique classique \u00e0 l\u2019\u00e9glise de M\u00e9zi\u00e8res\" height=\"120\" width=\"120\" loading=\"lazy\" decoding=\"async\"><\/a><h3 class=\"rpwe-title\"><a href=\"https:\/\/www.brenne-au-coeur.com\/index.php\/2023\/06\/17\/musique-classique-a-leglise-de-mezieres\/communes\/mezieres-en-brenne\/4456\/\" target=\"_self\">Musique classique \u00e0 l\u2019\u00e9glise de M\u00e9zi\u00e8res<\/a><\/h3><time class=\"rpwe-time published\" datetime=\"2023-06-17T16:21:42+02:00\">17 juin 2023<\/time><div class=\"rpwe-summary\">Vendredi 23 juin \u00e0 20h30, la Coll\u00e9giale Sainte Marie-Madeleine, Place du Chapitre, \u00e0 M\u00e9zi\u00e8res-en-Brenne, accueille une repr\u00e9sentation des Concerts du Nohant Festival Chopin \u00ab&nbsp;hors les murs&nbsp;\u00bb C\u2019est d\u00e9sormais devenu un rendez-vous annuel. Les habitants de M\u00e9zi\u00e8res et des villages proches ont la possibilit\u00e9 d\u2019assister \u00e0 de superbes concerts de musique &hellip;<a href=\"https:\/\/www.brenne-au-coeur.com\/index.php\/2023\/06\/17\/musique-classique-a-leglise-de-mezieres\/communes\/mezieres-en-brenne\/4456\/\" class=\"more-link\">Lire la suite...<\/a><\/div><\/li><li class=\"rpwe-li rpwe-clearfix\"><a class=\"rpwe-img\" href=\"https:\/\/www.brenne-au-coeur.com\/index.php\/2023\/06\/12\/musique-trad-au-blanc-2\/le-blanc\/4436\/\" target=\"_self\"><img class=\"rpwe-alignleft rpwe-thumb\" src=\"https:\/\/www.brenne-au-coeur.com\/wp-content\/uploads\/2023\/06\/bal-trad-a4-page001.resized-120x120.jpeg\" alt=\"Musique Trad au Blanc\" height=\"120\" width=\"120\" loading=\"lazy\" decoding=\"async\"><\/a><h3 class=\"rpwe-title\"><a href=\"https:\/\/www.brenne-au-coeur.com\/index.php\/2023\/06\/12\/musique-trad-au-blanc-2\/le-blanc\/4436\/\" target=\"_self\">Musique Trad au Blanc<\/a><\/h3><time class=\"rpwe-time published\" datetime=\"2023-06-12T22:45:17+02:00\">12 juin 2023<\/time><div class=\"rpwe-summary\">Jeudi 15 juin \u00e0 partir de 20h, une soir\u00e9e musique Trad aura lieu sur le parvis de la Mairie du Blanc. Le bal sera anim\u00e9 par Gr\u00e9gory Jolivet et S\u00e9bastien Tourny. En premi\u00e8re partie, les \u00e9l\u00e8ves de l\u2019atelier trad de l\u2019\u00e9cole municipale de musique du Blanc interpr\u00e9teront des \u0153uvres travaill\u00e9es &hellip;<a href=\"https:\/\/www.brenne-au-coeur.com\/index.php\/2023\/06\/12\/musique-trad-au-blanc-2\/le-blanc\/4436\/\" class=\"more-link\">Lire la suite...<\/a><\/div><\/li><li class=\"rpwe-li rpwe-clearfix\"><a class=\"rpwe-img\" href=\"https:\/\/www.brenne-au-coeur.com\/index.php\/2023\/06\/12\/les-orchidees-fetent-leurs-20-ans\/communes\/mezieres-en-brenne\/4429\/\" target=\"_self\"><img class=\"rpwe-alignleft rpwe-thumb\" src=\"https:\/\/www.brenne-au-coeur.com\/wp-content\/uploads\/2023\/06\/IMG_2692.resized-120x120.jpg\" alt=\"Les Orchid\u00e9es f\u00eatent leurs 20 ans\" height=\"120\" width=\"120\" loading=\"lazy\" decoding=\"async\"><\/a><h3 class=\"rpwe-title\"><a href=\"https:\/\/www.brenne-au-coeur.com\/index.php\/2023\/06\/12\/les-orchidees-fetent-leurs-20-ans\/communes\/mezieres-en-brenne\/4429\/\" target=\"_self\">Les Orchid\u00e9es f\u00eatent leurs 20 ans<\/a><\/h3><time class=\"rpwe-time published\" datetime=\"2023-06-12T16:37:01+02:00\">12 juin 2023<\/time><div class=\"rpwe-summary\">Samedi 10 juin, s\u2019est d\u00e9roul\u00e9e la traditionnelle f\u00eate de l\u2019Ehpad de M\u00e9zi\u00e8res-en-Brenne. L&rsquo;habituel rendez-vous d\u2019\u00e9t\u00e9 de la maison de retraite, avait un caract\u00e8re exceptionnel, puisque cette ann\u00e9e, l\u2019association \u00ab&nbsp;Les orchid\u00e9es&nbsp;\u00bb c\u00e9l\u00e9brait son 20e anniversaire. Deux d\u00e9cennies d\u2019activit\u00e9s enti\u00e8rement consacr\u00e9es au bien-\u00eatre des r\u00e9sidents. Peu avant la partie spectacle, sa pr\u00e9sidente, &hellip;<a href=\"https:\/\/www.brenne-au-coeur.com\/index.php\/2023\/06\/12\/les-orchidees-fetent-leurs-20-ans\/communes\/mezieres-en-brenne\/4429\/\" class=\"more-link\">Lire la suite...<\/a><\/div><\/li><li class=\"rpwe-li rpwe-clearfix\"><a class=\"rpwe-img\" href=\"https:\/\/www.brenne-au-coeur.com\/index.php\/2023\/06\/11\/salon-des-apprentissages-a-mezieres\/communes\/mezieres-en-brenne\/4414\/\" target=\"_self\"><img class=\"rpwe-alignleft rpwe-thumb\" src=\"https:\/\/www.brenne-au-coeur.com\/wp-content\/uploads\/2023\/06\/Aprentissage-120x120.jpg\" alt=\"Salon des apprend\u2019tissages \u00e0 M\u00e9zi\u00e8res\" height=\"120\" width=\"120\" loading=\"lazy\" decoding=\"async\"><\/a><h3 class=\"rpwe-title\"><a href=\"https:\/\/www.brenne-au-coeur.com\/index.php\/2023\/06\/11\/salon-des-apprentissages-a-mezieres\/communes\/mezieres-en-brenne\/4414\/\" target=\"_self\">Salon des apprend\u2019tissages \u00e0 M\u00e9zi\u00e8res<\/a><\/h3><time class=\"rpwe-time published\" datetime=\"2023-06-11T19:44:26+02:00\">11 juin 2023<\/time><div class=\"rpwe-summary\">Samedi 17 juin, de 14h \u00e0 18h, \u00e0 la salle des f\u00eates, la m\u00e9diath\u00e8que de M\u00e9zi\u00e8res-en-Brenne vous invite au Salon des apprend&#8217;tissages, pour un nouveau rendez-vous des Parenth\u00e8ses de la m\u00e9diath\u00e8que. Quelles \u00e9coles, quels apprentissages souhaitons-nous apporter \u00e0 nos enfants&nbsp;? Que ce soit par int\u00e9r\u00eat, pour trouver des solutions \u00e0 &hellip;<a href=\"https:\/\/www.brenne-au-coeur.com\/index.php\/2023\/06\/11\/salon-des-apprentissages-a-mezieres\/communes\/mezieres-en-brenne\/4414\/\" class=\"more-link\">Lire la suite...<\/a><\/div><\/li><li class=\"rpwe-li rpwe-clearfix\"><a class=\"rpwe-img\" href=\"https:\/\/www.brenne-au-coeur.com\/index.php\/2023\/06\/04\/joachim-murat-un-prince-en-brenne\/communes\/linge\/4403\/\" target=\"_self\"><img class=\"rpwe-alignleft rpwe-thumb\" src=\"https:\/\/www.brenne-au-coeur.com\/wp-content\/uploads\/2023\/04\/murat-1-120x120.jpg\" alt=\"Joachim Murat, un prince en Brenne\" height=\"120\" width=\"120\" loading=\"lazy\" decoding=\"async\"><\/a><h3 class=\"rpwe-title\"><a href=\"https:\/\/www.brenne-au-coeur.com\/index.php\/2023\/06\/04\/joachim-murat-un-prince-en-brenne\/communes\/linge\/4403\/\" target=\"_self\">Joachim Murat, un prince en Brenne<\/a><\/h3><time class=\"rpwe-time published\" datetime=\"2023-06-04T17:19:04+02:00\">4 juin 2023<\/time><div class=\"rpwe-summary\">La st\u00e8le \u00e9rig\u00e9e sur la D78, au niveau de l\u2019\u00e9tang du Gabriau et \u00e0 100 m\u00e8tres de l\u2019auberge de la Gabri\u00e8re \u00e0 Ling\u00e9, m\u2019a toujours interpell\u00e9e. Il y est grav\u00e9 \u00ab\u00a0prince Joachim Murat\u00a0\u00bb en lettres dor\u00e9es sur un fond en marbre noir. Le symbole de la Croix de Lorraine dessin\u00e9 &hellip;<a href=\"https:\/\/www.brenne-au-coeur.com\/index.php\/2023\/06\/04\/joachim-murat-un-prince-en-brenne\/communes\/linge\/4403\/\" class=\"more-link\">Lire la suite...<\/a><\/div><\/li><li class=\"rpwe-li rpwe-clearfix\"><a class=\"rpwe-img\" href=\"https:\/\/www.brenne-au-coeur.com\/index.php\/2023\/06\/04\/la-mosaique-au-moulin\/communes\/mezieres-en-brenne\/4387\/\" target=\"_self\"><img class=\"rpwe-alignleft rpwe-thumb\" src=\"https:\/\/www.brenne-au-coeur.com\/wp-content\/uploads\/2023\/06\/IMG_20230604_105950.resized-120x120.jpg\" alt=\"La mosa\u00efque au Moulin\" height=\"120\" width=\"120\" loading=\"lazy\" decoding=\"async\"><\/a><h3 class=\"rpwe-title\"><a href=\"https:\/\/www.brenne-au-coeur.com\/index.php\/2023\/06\/04\/la-mosaique-au-moulin\/communes\/mezieres-en-brenne\/4387\/\" target=\"_self\">La mosa\u00efque au Moulin<\/a><\/h3><time class=\"rpwe-time published\" datetime=\"2023-06-04T13:09:00+02:00\">4 juin 2023<\/time><div class=\"rpwe-summary\">L&rsquo;association du Moulin accueille une nouvelle artiste, Mariette Aubry. C&rsquo;est la seconde fois depuis 37 ans d&rsquo;expositions que cette salle offre aux visiteurs le plaisir de d\u00e9couvrir des \u0153uvres de mosa\u00efque. Cette technique ancestrale pratiqu\u00e9e d&rsquo;abord en M\u00e9sopotamie, mais aussi gr\u00e9co-romaine, byzantine et arabo islamique int\u00e8gre l&rsquo;art nouveau fin 19\u00e8me, &hellip;<a href=\"https:\/\/www.brenne-au-coeur.com\/index.php\/2023\/06\/04\/la-mosaique-au-moulin\/communes\/mezieres-en-brenne\/4387\/\" class=\"more-link\">Lire la suite...<\/a><\/div><\/li><li class=\"rpwe-li rpwe-clearfix\"><a class=\"rpwe-img\" href=\"https:\/\/www.brenne-au-coeur.com\/index.php\/2023\/05\/28\/sculptures-sur-bronzes-a-azay\/communes\/azay-le-ferron-communes\/4375\/\" target=\"_self\"><img class=\"rpwe-alignleft rpwe-thumb\" src=\"https:\/\/www.brenne-au-coeur.com\/wp-content\/uploads\/2023\/05\/Femme-assise-1680255291797.resized-120x120.jpg\" alt=\"Sculptures sur Bronzes \u00e0 Azay\" height=\"120\" width=\"120\" loading=\"lazy\" decoding=\"async\"><\/a><h3 class=\"rpwe-title\"><a href=\"https:\/\/www.brenne-au-coeur.com\/index.php\/2023\/05\/28\/sculptures-sur-bronzes-a-azay\/communes\/azay-le-ferron-communes\/4375\/\" target=\"_self\">Sculptures sur Bronzes \u00e0 Azay<\/a><\/h3><time class=\"rpwe-time published\" datetime=\"2023-05-28T17:24:27+02:00\">28 mai 2023<\/time><div class=\"rpwe-summary\">Vendredi 2 juin, \u00e0 18h, la m\u00e9diath\u00e8que d\u2019Azay-le-ferron invite le public au vernissage de l\u2019exposition\u00a0 \u00ab\u00a0Sculptures sur Bronzes \u00ab\u00a0, avec Issaka Derm\u00e8, artiste bronzier du Burkina Faso, h\u00e9ritier de la 5\u00e8me g\u00e9n\u00e9ration de fondeurs de bronze. \u00ab&nbsp;Mon inspiration, ce sont les femmes. Dans mon pays, elles souffrent beaucoup, sont priv\u00e9es &hellip;<a href=\"https:\/\/www.brenne-au-coeur.com\/index.php\/2023\/05\/28\/sculptures-sur-bronzes-a-azay\/communes\/azay-le-ferron-communes\/4375\/\" class=\"more-link\">Lire la suite...<\/a><\/div><\/li><li class=\"rpwe-li rpwe-clearfix\"><a class=\"rpwe-img\" href=\"https:\/\/www.brenne-au-coeur.com\/index.php\/2023\/05\/28\/bienvenue-dans-mon-jardin-au-naturel\/valencay\/4369\/\" target=\"_self\"><img class=\"rpwe-alignleft rpwe-thumb\" src=\"https:\/\/www.brenne-au-coeur.com\/wp-content\/uploads\/2023\/05\/jardin-cpie-23-3-120x120.jpeg\" alt=\"Bienvenue dans mon jardin au naturel\" height=\"120\" width=\"120\" loading=\"lazy\" decoding=\"async\"><\/a><h3 class=\"rpwe-title\"><a href=\"https:\/\/www.brenne-au-coeur.com\/index.php\/2023\/05\/28\/bienvenue-dans-mon-jardin-au-naturel\/valencay\/4369\/\" target=\"_self\">Bienvenue dans mon jardin au naturel<\/a><\/h3><time class=\"rpwe-time published\" datetime=\"2023-05-28T16:56:00+02:00\">28 mai 2023<\/time><div class=\"rpwe-summary\">Les 10 et 11 juin prochain, 28 jardins seront ouverts \u00e0 la visite, dans l\u2019Indre et le Cher. Une op\u00e9ration propos\u00e9e par le CPIE ( Centre Permanent d\u2019Initiatives pour l\u2019Environnement \u2013 Brenne-Berry-), dans le cadre d&rsquo;une action au niveau national. Parmi les jardins situ\u00e9s dans l\u2019Indre, notons notamment&nbsp;: Le jardin &hellip;<a href=\"https:\/\/www.brenne-au-coeur.com\/index.php\/2023\/05\/28\/bienvenue-dans-mon-jardin-au-naturel\/valencay\/4369\/\" class=\"more-link\">Lire la suite...<\/a><\/div><\/li><li class=\"rpwe-li rpwe-clearfix\"><a class=\"rpwe-img\" href=\"https:\/\/www.brenne-au-coeur.com\/index.php\/2023\/05\/28\/balade-qi-gong-a-mezieres-en-brenne\/communes\/mezieres-en-brenne\/4360\/\" target=\"_self\"><img class=\"rpwe-alignleft rpwe-thumb\" src=\"https:\/\/www.brenne-au-coeur.com\/wp-content\/uploads\/2023\/05\/qi-gong-juin-120x120.jpeg\" alt=\"Balade Qi-Gong \u00e0 M\u00e9zi\u00e8res-en-Brenne\" height=\"120\" width=\"120\" loading=\"lazy\" decoding=\"async\"><\/a><h3 class=\"rpwe-title\"><a href=\"https:\/\/www.brenne-au-coeur.com\/index.php\/2023\/05\/28\/balade-qi-gong-a-mezieres-en-brenne\/communes\/mezieres-en-brenne\/4360\/\" target=\"_self\">Balade Qi-Gong \u00e0 M\u00e9zi\u00e8res-en-Brenne<\/a><\/h3><time class=\"rpwe-time published\" datetime=\"2023-05-28T13:37:11+02:00\">28 mai 2023<\/time><div class=\"rpwe-summary\">Dimanche 11 juin, de 9h \u00e0 12h, l\u2019association Souffles de Soie propose une balade nature de 4 km, avec des temps de d\u00e9couverte et de pratique du Qi-Gong en bordure de Claise et du canal. Rendez-vous sur la place de l\u2019\u00e9glise de M\u00e9zi\u00e8res*. \u00ab\u00a0L\u2019ext\u00e9rieur se pr\u00eate tout particuli\u00e8rement \u00e0 la &hellip;<a href=\"https:\/\/www.brenne-au-coeur.com\/index.php\/2023\/05\/28\/balade-qi-gong-a-mezieres-en-brenne\/communes\/mezieres-en-brenne\/4360\/\" class=\"more-link\">Lire la suite...<\/a><\/div><\/li><li class=\"rpwe-li rpwe-clearfix\"><a class=\"rpwe-img\" href=\"https:\/\/www.brenne-au-coeur.com\/index.php\/2023\/05\/21\/argenton-sur-creuse-accueille-chapitre-nature\/argenton-sur-creuse\/4352\/\" target=\"_self\"><img class=\"rpwe-alignleft rpwe-thumb\" src=\"https:\/\/www.brenne-au-coeur.com\/wp-content\/uploads\/2023\/05\/cpie-chapitre-nature.resized-120x120.jpg\" alt=\"Argenton-sur-Creuse accueille Chapitre Nature\" height=\"120\" width=\"120\" loading=\"lazy\" decoding=\"async\"><\/a><h3 class=\"rpwe-title\"><a href=\"https:\/\/www.brenne-au-coeur.com\/index.php\/2023\/05\/21\/argenton-sur-creuse-accueille-chapitre-nature\/argenton-sur-creuse\/4352\/\" target=\"_self\">Argenton-sur-Creuse accueille Chapitre Nature<\/a><\/h3><time class=\"rpwe-time published\" datetime=\"2023-05-21T18:29:35+02:00\">21 mai 2023<\/time><div class=\"rpwe-summary\">Du 26 au 28 mai, une foultitude de rendez-vous sont organis\u00e9s, comme chaque ann\u00e9e. L\u2019int\u00e9gralit\u00e9 du programme est disponible sur www.chapitrenature.fr. Ainsi qu\u2019il est expliqu\u00e9 sur son site, Chapitre Nature a \u00e9t\u00e9 cr\u00e9\u00e9 en 2002 par la Ligue de l\u2019enseignement de l\u2019Indre. Apr\u00e8s 20 ans pass\u00e9s au Blanc, un nouveau &hellip;<a href=\"https:\/\/www.brenne-au-coeur.com\/index.php\/2023\/05\/21\/argenton-sur-creuse-accueille-chapitre-nature\/argenton-sur-creuse\/4352\/\" class=\"more-link\">Lire la suite...<\/a><\/div><\/li><li class=\"rpwe-li rpwe-clearfix\"><a class=\"rpwe-img\" href=\"https:\/\/www.brenne-au-coeur.com\/index.php\/2023\/05\/21\/le-ctb-en-quete-de-medailles-a-montbeliard\/communes\/mezieres-en-brenne\/4337\/\" target=\"_self\"><img class=\"rpwe-alignleft rpwe-thumb\" src=\"https:\/\/www.brenne-au-coeur.com\/wp-content\/uploads\/2023\/05\/IMG_2503.resized-120x120.jpg\" alt=\"Le CTB en qu\u00eate de m\u00e9dailles \u00e0 Montb\u00e9liard\" height=\"120\" width=\"120\" loading=\"lazy\" decoding=\"async\"><\/a><h3 class=\"rpwe-title\"><a href=\"https:\/\/www.brenne-au-coeur.com\/index.php\/2023\/05\/21\/le-ctb-en-quete-de-medailles-a-montbeliard\/communes\/mezieres-en-brenne\/4337\/\" target=\"_self\">Le CTB en qu\u00eate de m\u00e9dailles \u00e0 Montb\u00e9liard<\/a><\/h3><time class=\"rpwe-time published\" datetime=\"2023-05-21T13:51:28+02:00\">21 mai 2023<\/time><div class=\"rpwe-summary\">Cinq jeunes du Club de Tir Brennou (CTB) participeront les 27, 28 et 29 mai prochains aux championnats de France de l\u2019\u00c9cole de Tir qui se d\u00e9rouleront \u00e0 Montb\u00e9liard, dans le Doubs. Dans la discipline carabine air comprim\u00e9 \u00e0 10 m\u00e8tres, le CTB alignera une \u00e9quipe de poussins, compos\u00e9e de &hellip;<a href=\"https:\/\/www.brenne-au-coeur.com\/index.php\/2023\/05\/21\/le-ctb-en-quete-de-medailles-a-montbeliard\/communes\/mezieres-en-brenne\/4337\/\" class=\"more-link\">Lire la suite...<\/a><\/div><\/li><li class=\"rpwe-li rpwe-clearfix\"><a class=\"rpwe-img\" href=\"https:\/\/www.brenne-au-coeur.com\/index.php\/2023\/05\/11\/le-cpie-cultive-le-lien-avec-la-nature\/communes\/azay-le-ferron-communes\/4315\/\" target=\"_self\"><img class=\"rpwe-alignleft rpwe-thumb\" src=\"https:\/\/www.brenne-au-coeur.com\/wp-content\/uploads\/2023\/05\/CPIE-Logo-Alpha_01-120x120.png\" alt=\"Le CPIE cultive le lien avec la nature\" height=\"120\" width=\"120\" loading=\"lazy\" decoding=\"async\"><\/a><h3 class=\"rpwe-title\"><a href=\"https:\/\/www.brenne-au-coeur.com\/index.php\/2023\/05\/11\/le-cpie-cultive-le-lien-avec-la-nature\/communes\/azay-le-ferron-communes\/4315\/\" target=\"_self\">Le CPIE cultive le lien avec la nature<\/a><\/h3><time class=\"rpwe-time published\" datetime=\"2023-05-11T16:15:33+02:00\">11 mai 2023<\/time><div class=\"rpwe-summary\">Contact des enfants avec la nature, lutte contre la pr\u00e9carit\u00e9 alimentaire, d\u00e9fi pour le bocage Saint-amandois&#8230; Dans sa derni\u00e8re lettre d\u2019informations ( dont voici de larges extraits), le CPIE (Centre Permanent d\u2019initiatives pour l\u2019Environnement) Brenne-Berry rappelle le sens de son action et un certain nombre d\u2019initiatives et de rendez-vous dans &hellip;<a href=\"https:\/\/www.brenne-au-coeur.com\/index.php\/2023\/05\/11\/le-cpie-cultive-le-lien-avec-la-nature\/communes\/azay-le-ferron-communes\/4315\/\" class=\"more-link\">Lire la suite...<\/a><\/div><\/li><li class=\"rpwe-li rpwe-clearfix\"><a class=\"rpwe-img\" href=\"https:\/\/www.brenne-au-coeur.com\/index.php\/2023\/05\/11\/journee-internationale-du-vivre-ensemble-en-paix\/communes\/4311\/\" target=\"_self\"><img class=\"rpwe-alignleft rpwe-thumb\" src=\"https:\/\/www.brenne-au-coeur.com\/wp-content\/uploads\/2023\/05\/Affiche_Journee-internationale-vivre-ensemble-en-paix.resized-120x120.jpg\" alt=\"Journ\u00e9e internationale du vivre-ensemble en paix\" height=\"120\" width=\"120\" loading=\"lazy\" decoding=\"async\"><\/a><h3 class=\"rpwe-title\"><a href=\"https:\/\/www.brenne-au-coeur.com\/index.php\/2023\/05\/11\/journee-internationale-du-vivre-ensemble-en-paix\/communes\/4311\/\" target=\"_self\">Journ\u00e9e internationale du vivre-ensemble en paix<\/a><\/h3><time class=\"rpwe-time published\" datetime=\"2023-05-11T12:36:09+02:00\">11 mai 2023<\/time><div class=\"rpwe-summary\">Faire vivre \u00e0 tous les niveaux les objectifs de la r\u00e9solution de l\u2019assembl\u00e9e g\u00e9n\u00e9rale des Nations Unies proclamant le 16 mai \u00ab&nbsp;Journ\u00e9e internationale du vivre-ensemble en paix&nbsp;\u00bb Cette journ\u00e9e s\u2019inscrit dans la continuit\u00e9 des r\u00e9solutions proclamant l\u2019ann\u00e9e internationale de la Culture de la Paix en l\u2019an 2000, la d\u00e9cennie internationale &hellip;<a href=\"https:\/\/www.brenne-au-coeur.com\/index.php\/2023\/05\/11\/journee-internationale-du-vivre-ensemble-en-paix\/communes\/4311\/\" class=\"more-link\">Lire la suite...<\/a><\/div><\/li><li class=\"rpwe-li rpwe-clearfix\"><a class=\"rpwe-img\" href=\"https:\/\/www.brenne-au-coeur.com\/index.php\/2023\/05\/11\/une-exposition-riche-en-diversite\/communes\/mezieres-en-brenne\/4305\/\" target=\"_self\"><img class=\"rpwe-alignleft rpwe-thumb\" src=\"https:\/\/www.brenne-au-coeur.com\/wp-content\/uploads\/2023\/05\/IMG_20230510_163018.resized-120x120.jpg\" alt=\"Une exposition riche en diversit\u00e9\" height=\"120\" width=\"120\" loading=\"lazy\" decoding=\"async\"><\/a><h3 class=\"rpwe-title\"><a href=\"https:\/\/www.brenne-au-coeur.com\/index.php\/2023\/05\/11\/une-exposition-riche-en-diversite\/communes\/mezieres-en-brenne\/4305\/\" target=\"_self\">Une exposition riche en diversit\u00e9<\/a><\/h3><time class=\"rpwe-time published\" datetime=\"2023-05-11T11:56:07+02:00\">11 mai 2023<\/time><div class=\"rpwe-summary\">L&rsquo;association Le moulin accueille le Cercle culturel issoldunois et huit\u00a0de ses artistes pour une exposition riche en diversit\u00e9s. L&rsquo;atelier de peinture a \u00e9t\u00e9 cr\u00e9\u00e9 dans les ann\u00e9es 90.\u00a0\u00ab\u00a0Nous avions d\u00e9cid\u00e9, avec un petit groupe de copines, de cr\u00e9er un atelier peinture,\u00a0explique la pr\u00e9sidente Claudine Regibier, nous avions alors l&rsquo;opportunit\u00e9 d&rsquo;exercer &hellip;<a href=\"https:\/\/www.brenne-au-coeur.com\/index.php\/2023\/05\/11\/une-exposition-riche-en-diversite\/communes\/mezieres-en-brenne\/4305\/\" class=\"more-link\">Lire la suite...<\/a><\/div><\/li><li class=\"rpwe-li rpwe-clearfix\"><a class=\"rpwe-img\" href=\"https:\/\/www.brenne-au-coeur.com\/index.php\/2023\/05\/03\/tombe-sur-un-livre\/communes\/martizay\/4274\/\" target=\"_self\"><img class=\"rpwe-alignleft rpwe-thumb\" src=\"https:\/\/www.brenne-au-coeur.com\/wp-content\/uploads\/2023\/05\/gafalu-120x120.jpeg\" alt=\"Tomb\u00e9 sur un livre\" height=\"120\" width=\"120\" loading=\"lazy\" decoding=\"async\"><\/a><h3 class=\"rpwe-title\"><a href=\"https:\/\/www.brenne-au-coeur.com\/index.php\/2023\/05\/03\/tombe-sur-un-livre\/communes\/martizay\/4274\/\" target=\"_self\">Tomb\u00e9 sur un livre<\/a><\/h3><time class=\"rpwe-time published\" datetime=\"2023-05-03T19:12:38+02:00\">3 mai 2023<\/time><div class=\"rpwe-summary\">Dimanche 14 mai \u00e0 15h30, \u00e0 la salle des f\u00eates de Martizay, la m\u00e9diath\u00e8que pr\u00e9sente le spectacle \u00ab\u00a0Tomb\u00e9 sur un livre\u00a0\u00bb. C\u2019est une fable clownesque r\u00e9alis\u00e9e par la Compagnie Gaf\u2019alu Productions. \u00ab\u00a0Pataruc est un clown innocent qui passe sa vie sur un arbre. Une nuit, la vieille f\u00e9e Caractos se &hellip;<a href=\"https:\/\/www.brenne-au-coeur.com\/index.php\/2023\/05\/03\/tombe-sur-un-livre\/communes\/martizay\/4274\/\" class=\"more-link\">Lire la suite...<\/a><\/div><\/li><li class=\"rpwe-li rpwe-clearfix\"><a class=\"rpwe-img\" href=\"https:\/\/www.brenne-au-coeur.com\/index.php\/2023\/05\/03\/stages-culturels-a-lesigny-et-a-preuilly-sur-claise\/lesigny\/4269\/\" target=\"_self\"><img class=\"rpwe-alignleft rpwe-thumb\" src=\"https:\/\/www.brenne-au-coeur.com\/wp-content\/uploads\/2023\/05\/Affiche-Scene-ouverte-2-La-Tour-d-120x120.jpg\" alt=\"Stages culturels \u00e0 L\u00e9signy et \u00e0 Preuilly-sur-Claise\" height=\"120\" width=\"120\" loading=\"lazy\" decoding=\"async\"><\/a><h3 class=\"rpwe-title\"><a href=\"https:\/\/www.brenne-au-coeur.com\/index.php\/2023\/05\/03\/stages-culturels-a-lesigny-et-a-preuilly-sur-claise\/lesigny\/4269\/\" target=\"_self\">Stages culturels \u00e0 L\u00e9signy et \u00e0 Preuilly-sur-Claise<\/a><\/h3><time class=\"rpwe-time published\" datetime=\"2023-05-03T18:31:30+02:00\">3 mai 2023<\/time><div class=\"rpwe-summary\">Dans le cadre de ses activit\u00e9s artistiques et pour\u00a0participer \u00e0\u00a0la vie\u00a0culturelle en milieu rural, Christophe Forgeot anime plusieurs stages. Un stage d&rsquo;\u00e9criture les samedi 6, dimanche 7 et lundi 8\u00a0mai \u00e0 L\u00e9signy (pr\u00e8s de La Roche-Posay), une sc\u00e8ne ouverte gratuite le 19 mai \u00e0 19h \u00e0 Preuilly-sur-Claise et un stage &hellip;<a href=\"https:\/\/www.brenne-au-coeur.com\/index.php\/2023\/05\/03\/stages-culturels-a-lesigny-et-a-preuilly-sur-claise\/lesigny\/4269\/\" class=\"more-link\">Lire la suite...<\/a><\/div><\/li><li class=\"rpwe-li rpwe-clearfix\"><a class=\"rpwe-img\" href=\"https:\/\/www.brenne-au-coeur.com\/index.php\/2023\/05\/03\/gris-et-blanc-les-couleurs-de-la-fete\/evenements\/4264\/\" target=\"_self\"><img class=\"rpwe-alignleft rpwe-thumb\" src=\"https:\/\/www.brenne-au-coeur.com\/wp-content\/uploads\/2023\/05\/grey-pride-affiche-120x120.jpg\" alt=\"Gris et blanc. Les couleurs de la f\u00eate\" height=\"120\" width=\"120\" loading=\"lazy\" decoding=\"async\"><\/a><h3 class=\"rpwe-title\"><a href=\"https:\/\/www.brenne-au-coeur.com\/index.php\/2023\/05\/03\/gris-et-blanc-les-couleurs-de-la-fete\/evenements\/4264\/\" target=\"_self\">Gris et blanc. Les couleurs de la f\u00eate<\/a><\/h3><time class=\"rpwe-time published\" datetime=\"2023-05-03T18:03:54+02:00\">3 mai 2023<\/time><div class=\"rpwe-summary\">Samedi 13 mai, \u00e0 Rivarennes, l\u2019association Kal\u00e9idoscope* invite \u00e0 participer \u00e0 un journ\u00e9e de f\u00eate. Un \u00e9v\u00e9nement familial sur le th\u00e8me du temps qui passe. Autrement dit&nbsp;: Je prends de l\u2019\u00e2ge, des cheveux, gris ou blancs. J\u2019assume et je profite de la vie. Ainsi que le pr\u00e9cise l\u2019association \u00ab\u00a0L&rsquo;id\u00e9e c&rsquo;est &hellip;<a href=\"https:\/\/www.brenne-au-coeur.com\/index.php\/2023\/05\/03\/gris-et-blanc-les-couleurs-de-la-fete\/evenements\/4264\/\" class=\"more-link\">Lire la suite...<\/a><\/div><\/li><li class=\"rpwe-li rpwe-clearfix\"><a class=\"rpwe-img\" href=\"https:\/\/www.brenne-au-coeur.com\/index.php\/2023\/04\/27\/413-milliards\/communes\/4239\/\" target=\"_self\"><img class=\"rpwe-alignleft rpwe-thumb\" src=\"https:\/\/www.brenne-au-coeur.com\/wp-content\/uploads\/2023\/05\/colombe-MPLP-120x120.png\" alt=\"413 milliards\u00a0d&rsquo;euros&nbsp;!!\" height=\"120\" width=\"120\" loading=\"lazy\" decoding=\"async\"><\/a><h3 class=\"rpwe-title\"><a href=\"https:\/\/www.brenne-au-coeur.com\/index.php\/2023\/04\/27\/413-milliards\/communes\/4239\/\" target=\"_self\">413 milliards\u00a0d&rsquo;euros&nbsp;!!<\/a><\/h3><time class=\"rpwe-time published\" datetime=\"2023-04-27T11:52:13+02:00\">27 avril 2023<\/time><div class=\"rpwe-summary\">413 milliards d&rsquo;euros, c\u2019est la somme qui devrait \u00eatre consacr\u00e9e \u00e0 l\u2019armement, si la loi de programmation militaire (2024-2030) propos\u00e9e par le Pr\u00e9sident de la R\u00e9publique, \u00e9tait adopt\u00e9e. Le mouvement de la Paix s\u2019insurge contre de telles d\u00e9penses. Voici sa d\u00e9claration&nbsp;: \u00a0\u00bb Non \u00e0 l&rsquo;\u00e9conomie de guerre propos\u00e9e par le &hellip;<a href=\"https:\/\/www.brenne-au-coeur.com\/index.php\/2023\/04\/27\/413-milliards\/communes\/4239\/\" class=\"more-link\">Lire la suite...<\/a><\/div><\/li><li class=\"rpwe-li rpwe-clearfix\"><a class=\"rpwe-img\" href=\"https:\/\/www.brenne-au-coeur.com\/index.php\/2023\/04\/27\/la-culture-macerienne-toute-une-histoire\/communes\/mezieres-en-brenne\/4231\/\" target=\"_self\"><img class=\"rpwe-alignleft rpwe-thumb\" src=\"https:\/\/www.brenne-au-coeur.com\/wp-content\/uploads\/2023\/04\/classe-54-120x120.jpg\" alt=\"La culture mac\u00e9rienne\u00a0: toute une histoire\" height=\"120\" width=\"120\" loading=\"lazy\" decoding=\"async\"><\/a><h3 class=\"rpwe-title\"><a href=\"https:\/\/www.brenne-au-coeur.com\/index.php\/2023\/04\/27\/la-culture-macerienne-toute-une-histoire\/communes\/mezieres-en-brenne\/4231\/\" target=\"_self\">La culture mac\u00e9rienne\u00a0: toute une histoire<\/a><\/h3><time class=\"rpwe-time published\" datetime=\"2023-04-27T11:39:22+02:00\">27 avril 2023<\/time><div class=\"rpwe-summary\">Cr\u00e9\u00e9e en 2020, l\u2019Association Culturelle Mac\u00e9rienne (ACM) a tenu derni\u00e8rement son assembl\u00e9e g\u00e9n\u00e9rale. C\u2019est sous l\u2019impulsion de Chantal Kroliczak que l\u2019ACM a \u00e9t\u00e9 mise en place. La pr\u00e9sidente de l\u2019association, passionn\u00e9e d\u2019histoire, prolonge en quelque sorte son engagement men\u00e9e en r\u00e9gion parisienne. \u00c0 l\u2019\u00e9poque, elle avait particip\u00e9, en compagnie d\u2019\u00e9tudiants &hellip;<a href=\"https:\/\/www.brenne-au-coeur.com\/index.php\/2023\/04\/27\/la-culture-macerienne-toute-une-histoire\/communes\/mezieres-en-brenne\/4231\/\" class=\"more-link\">Lire la suite...<\/a><\/div><\/li><li class=\"rpwe-li rpwe-clearfix\"><a class=\"rpwe-img\" href=\"https:\/\/www.brenne-au-coeur.com\/index.php\/2023\/04\/24\/suivons-la-voie-melodieuse\/le-menoux\/4221\/\" target=\"_self\"><img class=\"rpwe-alignleft rpwe-thumb\" src=\"https:\/\/www.brenne-au-coeur.com\/wp-content\/uploads\/2023\/05\/767px-Le_Menoux_Eglise_Notre-Dame_Innen_Chor_2-120x120.jpg\" alt=\"Suivons la voie m\u00e9lodieuse\" height=\"120\" width=\"120\" loading=\"lazy\" decoding=\"async\"><\/a><h3 class=\"rpwe-title\"><a href=\"https:\/\/www.brenne-au-coeur.com\/index.php\/2023\/04\/24\/suivons-la-voie-melodieuse\/le-menoux\/4221\/\" target=\"_self\">Suivons la voie m\u00e9lodieuse<\/a><\/h3><time class=\"rpwe-time published\" datetime=\"2023-04-24T11:47:17+02:00\">24 avril 2023<\/time><div class=\"rpwe-summary\">L\u2019ensemble vocal \u00ab\u00a0La voie m\u00e9lodieuse\u00a0\u00bb pr\u00e9sentera son concert de printemps dimanche 30 avril \u00e0 16h00, en l\u2019\u00e9glise Notre-Dame \u00e0 Le Menoux, petit village situ\u00e9 entre Argenton-sur-Creuse et Gargilesse-Dampierre. \u00ab\u00a0Marchez sur notre voie m\u00e9lodieuse et d\u00e9couvrez avec nous la beaut\u00e9 de la musique, qui prend vie lorsque nos voix se m\u00ealent.\u00a0\u00bb &hellip;<a href=\"https:\/\/www.brenne-au-coeur.com\/index.php\/2023\/04\/24\/suivons-la-voie-melodieuse\/le-menoux\/4221\/\" class=\"more-link\">Lire la suite...<\/a><\/div><\/li><li class=\"rpwe-li rpwe-clearfix\"><a class=\"rpwe-img\" href=\"https:\/\/www.brenne-au-coeur.com\/index.php\/2023\/04\/22\/salut-lartiste\/communes\/azay-le-ferron-communes\/4213\/\" target=\"_self\"><img class=\"rpwe-alignleft rpwe-thumb\" src=\"https:\/\/www.brenne-au-coeur.com\/wp-content\/uploads\/2023\/04\/IMG_5419.resized-scaled-120x120.jpg\" alt=\"Salut l\u2019artiste\u00a0!\" height=\"120\" width=\"120\" loading=\"lazy\" decoding=\"async\"><\/a><h3 class=\"rpwe-title\"><a href=\"https:\/\/www.brenne-au-coeur.com\/index.php\/2023\/04\/22\/salut-lartiste\/communes\/azay-le-ferron-communes\/4213\/\" target=\"_self\">Salut l\u2019artiste\u00a0!<\/a><\/h3><time class=\"rpwe-time published\" datetime=\"2023-04-22T16:10:32+02:00\">22 avril 2023<\/time><div class=\"rpwe-summary\">Le 5 janvier dernier, l&rsquo;artiste Claude Boutet s\u2019en est all\u00e9. Vendredi 14 avril, ses amis, de longues dates ou plus r\u00e9cents, lui ont consacr\u00e9 une soir\u00e9e \u00e0 la m\u00e9diath\u00e8que d\u2019Azay-le-Ferron. Un hommage artistique pour saluer le po\u00e8te. Roger Houlet a pr\u00e9sent\u00e9 quelques textes, des enregistrements o\u00f9 l\u2019on a pu entendre &hellip;<a href=\"https:\/\/www.brenne-au-coeur.com\/index.php\/2023\/04\/22\/salut-lartiste\/communes\/azay-le-ferron-communes\/4213\/\" class=\"more-link\">Lire la suite...<\/a><\/div><\/li><li class=\"rpwe-li rpwe-clearfix\"><a class=\"rpwe-img\" href=\"https:\/\/www.brenne-au-coeur.com\/index.php\/2023\/04\/20\/quand-un-instant-fige-inspire-la-poesie\/communes\/mezieres-en-brenne\/4199\/\" target=\"_self\"><img class=\"rpwe-alignleft rpwe-thumb\" src=\"https:\/\/www.brenne-au-coeur.com\/wp-content\/uploads\/2023\/04\/Affiche.resized-120x120.jpg\" alt=\"Quand un instant fig\u00e9 inspire la po\u00e9sie.\" height=\"120\" width=\"120\" loading=\"lazy\" decoding=\"async\"><\/a><h3 class=\"rpwe-title\"><a href=\"https:\/\/www.brenne-au-coeur.com\/index.php\/2023\/04\/20\/quand-un-instant-fige-inspire-la-poesie\/communes\/mezieres-en-brenne\/4199\/\" target=\"_self\">Quand un instant fig\u00e9 inspire la po\u00e9sie.<\/a><\/h3><time class=\"rpwe-time published\" datetime=\"2023-04-20T17:58:41+02:00\">20 avril 2023<\/time><div class=\"rpwe-summary\">Le moulin accueille en avril sa nouvelle exposition \u00ab&nbsp;Des mots et des images&nbsp;\u00bb qui met \u00e0 l&rsquo;honneur la beaut\u00e9 et la d\u00e9licatesse de la nature \u00e0 travers deux arts qui se font \u00e9cho et s&rsquo;unissent&nbsp;: la photographie et la po\u00e9sie. \u00c9mile Toussaint, photographe et C\u00e9line Devisse qui pose des mots &hellip;<a href=\"https:\/\/www.brenne-au-coeur.com\/index.php\/2023\/04\/20\/quand-un-instant-fige-inspire-la-poesie\/communes\/mezieres-en-brenne\/4199\/\" class=\"more-link\">Lire la suite...<\/a><\/div><\/li><li class=\"rpwe-li rpwe-clearfix\"><a class=\"rpwe-img\" href=\"https:\/\/www.brenne-au-coeur.com\/index.php\/2023\/04\/20\/lensemble-double-face-a-jaugette\/communes\/obterre\/4184\/\" target=\"_self\"><img class=\"rpwe-alignleft rpwe-thumb\" src=\"https:\/\/www.brenne-au-coeur.com\/wp-content\/uploads\/2023\/04\/Dans-les-salons-Pleyel-Paris-1830-120x120.jpg\" alt=\"L\u2019ensemble double face \u00e0 Jaugette\" height=\"120\" width=\"120\" loading=\"lazy\" decoding=\"async\"><\/a><h3 class=\"rpwe-title\"><a href=\"https:\/\/www.brenne-au-coeur.com\/index.php\/2023\/04\/20\/lensemble-double-face-a-jaugette\/communes\/obterre\/4184\/\" target=\"_self\">L\u2019ensemble double face \u00e0 Jaugette<\/a><\/h3><time class=\"rpwe-time published\" datetime=\"2023-04-20T11:41:46+02:00\">20 avril 2023<\/time><div class=\"rpwe-summary\">le Manoir des arts de Jaugette proposera un concert intitul\u00e9 \u00ab&nbsp;Dans les salons Pleyel, Paris 1830&nbsp;\u00bb pr\u00e9sent\u00e9 par l\u2019\u00a0\u00bbEnsemble Double Face\u00a0\u00bb constitu\u00e9 de 5 musiciens, qui interpr\u00e9teront des m\u00e9lodies de Vincenzo Bellini, Hector Berlioz, Fr\u00e9d\u00e9ric Chopin et Pauline Viardot, sur instruments historiques. Un programme s\u2019affranchissant de codes acad\u00e9miques et une &hellip;<a href=\"https:\/\/www.brenne-au-coeur.com\/index.php\/2023\/04\/20\/lensemble-double-face-a-jaugette\/communes\/obterre\/4184\/\" class=\"more-link\">Lire la suite...<\/a><\/div><\/li><li class=\"rpwe-li rpwe-clearfix\"><a class=\"rpwe-img\" href=\"https:\/\/www.brenne-au-coeur.com\/index.php\/2023\/04\/15\/sommet-international-des-peuples-pour-la-paix-en-ukraine\/la-paix\/4144\/\" target=\"_self\"><img class=\"rpwe-alignleft rpwe-thumb\" src=\"https:\/\/www.brenne-au-coeur.com\/wp-content\/uploads\/2023\/04\/conference-ukraine-1-120x120.jpg\" alt=\"Sommet international des peuples pour la Paix en Ukraine\u00a0\" height=\"120\" width=\"120\" loading=\"lazy\" decoding=\"async\"><\/a><h3 class=\"rpwe-title\"><a href=\"https:\/\/www.brenne-au-coeur.com\/index.php\/2023\/04\/15\/sommet-international-des-peuples-pour-la-paix-en-ukraine\/la-paix\/4144\/\" target=\"_self\">Sommet international des peuples pour la Paix en Ukraine\u00a0<\/a><\/h3><time class=\"rpwe-time published\" datetime=\"2023-04-15T15:07:42+02:00\">15 avril 2023<\/time><div class=\"rpwe-summary\">L&rsquo;objectif de ce Sommet pour la paix, qui aura lieu le samedi 10 et le dimanche 11 juin \u00e0 vienne, en Autriche, est de publier un appel mondial urgent. La \u00ab\u00a0D\u00e9claration de Vienne pour la paix\u00a0\u00bb, appelant les dirigeants politiques \u00e0 agir en faveur d&rsquo;un cessez-le-feu et de n\u00e9gociations en &hellip;<a href=\"https:\/\/www.brenne-au-coeur.com\/index.php\/2023\/04\/15\/sommet-international-des-peuples-pour-la-paix-en-ukraine\/la-paix\/4144\/\" class=\"more-link\">Lire la suite...<\/a><\/div><\/li><li class=\"rpwe-li rpwe-clearfix\"><a class=\"rpwe-img\" href=\"https:\/\/www.brenne-au-coeur.com\/index.php\/2023\/04\/15\/cultiver-le-vivre-ensemble-dans-la-paix\/la-paix\/4139\/\" target=\"_self\"><img class=\"rpwe-alignleft rpwe-thumb\" src=\"https:\/\/www.brenne-au-coeur.com\/wp-content\/uploads\/2023\/04\/paix-2-120x120.jpeg\" alt=\"Cultiver le vivre ensemble dans la paix\" height=\"120\" width=\"120\" loading=\"lazy\" decoding=\"async\"><\/a><h3 class=\"rpwe-title\"><a href=\"https:\/\/www.brenne-au-coeur.com\/index.php\/2023\/04\/15\/cultiver-le-vivre-ensemble-dans-la-paix\/la-paix\/4139\/\" target=\"_self\">Cultiver le vivre ensemble dans la paix<\/a><\/h3><time class=\"rpwe-time published\" datetime=\"2023-04-15T14:44:55+02:00\">15 avril 2023<\/time><div class=\"rpwe-summary\">La paix est indispensable pour cultiver le vivre ensemble, lui-m\u00eame facteur de paix. En cette p\u00e9riode lourde de menaces, en raison du d\u00e9veloppement des conflits arm\u00e9s, Brenne au c\u0153ur ne peut que fort logiquement se faire l\u2019\u00e9cho des voix pacifistes. \u00ab&nbsp;Brenne au c\u0153ur&nbsp;\u00bb existe pour relayer l\u2019information, concernant des \u00e9v\u00e9nements &hellip;<a href=\"https:\/\/www.brenne-au-coeur.com\/index.php\/2023\/04\/15\/cultiver-le-vivre-ensemble-dans-la-paix\/la-paix\/4139\/\" class=\"more-link\">Lire la suite...<\/a><\/div><\/li><li class=\"rpwe-li rpwe-clearfix\"><a class=\"rpwe-img\" href=\"https:\/\/www.brenne-au-coeur.com\/index.php\/2023\/04\/15\/accompagnement-solidaire-createur-de-lien-social\/communaute-de-communes\/4135\/\" target=\"_self\"><img class=\"rpwe-alignleft rpwe-thumb\" src=\"https:\/\/www.brenne-au-coeur.com\/wp-content\/uploads\/2023\/04\/activite-accompagnement-solidaire-120x120.jpg\" alt=\"\u00ab\u00a0Accompagnement Solidaire\u00a0\u00bb: cr\u00e9ateur de lien social.\" height=\"120\" width=\"120\" loading=\"lazy\" decoding=\"async\"><\/a><h3 class=\"rpwe-title\"><a href=\"https:\/\/www.brenne-au-coeur.com\/index.php\/2023\/04\/15\/accompagnement-solidaire-createur-de-lien-social\/communaute-de-communes\/4135\/\" target=\"_self\">\u00ab\u00a0Accompagnement Solidaire\u00a0\u00bb: cr\u00e9ateur de lien social.<\/a><\/h3><time class=\"rpwe-time published\" datetime=\"2023-04-15T14:14:35+02:00\">15 avril 2023<\/time><div class=\"rpwe-summary\">Depuis deux ans maintenant, l\u2019association Familles Rurales propose un service \u00e0 ses adh\u00e9rents\u00a0: les accompagner en voiture pour les aider \u00e0 effectuer les multiples d\u00e9marches du quotidien qui n\u00e9cessitent souvent de se d\u00e9placer loin de son domicile. Acc\u00e8s facile, co\u00fbt int\u00e9ressant, \u00ab\u00a0Accompagnement solidaire\u00a0\u00bb favorise aussi le lien social. \u00ab\u00a0Le transport &hellip;<a href=\"https:\/\/www.brenne-au-coeur.com\/index.php\/2023\/04\/15\/accompagnement-solidaire-createur-de-lien-social\/communaute-de-communes\/4135\/\" class=\"more-link\">Lire la suite...<\/a><\/div><\/li><li class=\"rpwe-li rpwe-clearfix\"><a class=\"rpwe-img\" href=\"https:\/\/www.brenne-au-coeur.com\/index.php\/2023\/04\/04\/cinema-les-rendez-vous-de-villiers\/communes\/villiers\/4117\/\" target=\"_self\"><img class=\"rpwe-alignleft rpwe-thumb\" src=\"https:\/\/www.brenne-au-coeur.com\/wp-content\/uploads\/2023\/04\/Affiche-cine7avril-120x120.jpg\" alt=\"Cin\u00e9ma\u00a0: Les rendez-vous de Villiers\" height=\"120\" width=\"120\" loading=\"lazy\" decoding=\"async\"><\/a><h3 class=\"rpwe-title\"><a href=\"https:\/\/www.brenne-au-coeur.com\/index.php\/2023\/04\/04\/cinema-les-rendez-vous-de-villiers\/communes\/villiers\/4117\/\" target=\"_self\">Cin\u00e9ma\u00a0: Les rendez-vous de Villiers<\/a><\/h3><time class=\"rpwe-time published\" datetime=\"2023-04-04T11:52:13+02:00\">4 avril 2023<\/time><div class=\"rpwe-summary\">Vendredi 7 avril \u00e0 20h30, nouveau rendez-vous avec le cin\u00e9ma et les courts m\u00e9trages, \u00e0 la salle des f\u00eates de Villiers. Au programme des films, r\u00e9alis\u00e9s rappelons-le, uniquement par des amateurs. Comme d\u2019habitude, les th\u00e8mes sont vari\u00e9s et r\u00e9servent des surprises. Seront successivement projet\u00e9s&nbsp;: Il \u00e9tait une soie, un film &hellip;<a href=\"https:\/\/www.brenne-au-coeur.com\/index.php\/2023\/04\/04\/cinema-les-rendez-vous-de-villiers\/communes\/villiers\/4117\/\" class=\"more-link\">Lire la suite...<\/a><\/div><\/li><li class=\"rpwe-li rpwe-clearfix\"><a class=\"rpwe-img\" href=\"https:\/\/www.brenne-au-coeur.com\/index.php\/2023\/03\/11\/a-lecoute-des-chants-doiseaux\/communes\/paulnay\/4052\/\" target=\"_self\"><img class=\"rpwe-alignleft rpwe-thumb\" src=\"https:\/\/www.brenne-au-coeur.com\/wp-content\/uploads\/2023\/03\/Huppe--120x120.jpg\" alt=\"\u00c0 l&rsquo;\u00e9coute des chants d&rsquo;oiseaux\" height=\"120\" width=\"120\" loading=\"lazy\" decoding=\"async\"><\/a><h3 class=\"rpwe-title\"><a href=\"https:\/\/www.brenne-au-coeur.com\/index.php\/2023\/03\/11\/a-lecoute-des-chants-doiseaux\/communes\/paulnay\/4052\/\" target=\"_self\">\u00c0 l&rsquo;\u00e9coute des chants d&rsquo;oiseaux<\/a><\/h3><time class=\"rpwe-time published\" datetime=\"2023-03-11T16:23:06+01:00\">11 mars 2023<\/time><div class=\"rpwe-summary\">Robert Ansel propose une sortie \u00ab\u00a0\u00e0 l&rsquo;\u00e9coute des chants d&rsquo;oiseaux\u00a0\u00bb mercredi 15 mars \u00e0 Paulnay. Le rendez-vous est fix\u00e9 \u00e0 10h00 \u00e0 la galerie du photographe \u00ab\u00a0Brenne \u00e0 coeur\u00a0\u00bb, en face du restaurant La Forge. L\u2019animation est gratuite, mais inscription obligatoire au 02 54 38 03 27. Robert Ansel est &hellip;<a href=\"https:\/\/www.brenne-au-coeur.com\/index.php\/2023\/03\/11\/a-lecoute-des-chants-doiseaux\/communes\/paulnay\/4052\/\" class=\"more-link\">Lire la suite...<\/a><\/div><\/li><li class=\"rpwe-li rpwe-clearfix\"><a class=\"rpwe-img\" href=\"https:\/\/www.brenne-au-coeur.com\/index.php\/2023\/03\/11\/la-vigne-mise-a-lhonneur-au-moulin\/communes\/mezieres-en-brenne\/4045\/\" target=\"_self\"><img class=\"rpwe-alignleft rpwe-thumb\" src=\"https:\/\/www.brenne-au-coeur.com\/wp-content\/uploads\/2023\/03\/expo-vigne-120x120.jpg\" alt=\"La vigne mise \u00e0 l&rsquo;honneur au Moulin\" height=\"120\" width=\"120\" loading=\"lazy\" decoding=\"async\"><\/a><h3 class=\"rpwe-title\"><a href=\"https:\/\/www.brenne-au-coeur.com\/index.php\/2023\/03\/11\/la-vigne-mise-a-lhonneur-au-moulin\/communes\/mezieres-en-brenne\/4045\/\" target=\"_self\">La vigne mise \u00e0 l&rsquo;honneur au Moulin<\/a><\/h3><time class=\"rpwe-time published\" datetime=\"2023-03-11T15:37:46+01:00\">11 mars 2023<\/time><div class=\"rpwe-summary\">De caves en c\u00e9pages,\u00a0est la nouvelle exposition accueillie par le\u00a0g\u00eete du Moulin visible jusqu\u2019au 30 mars, pr\u00eat\u00e9e par les Archives D\u00e9partementales de l&rsquo;Indre et pr\u00e9sent\u00e9e lors du vernissage, le 4 mars par J\u00e9r\u00f4me Descoux, responsable du service \u00e9ducatif et de la valorisation. R\u00e9alis\u00e9e en 2019, 14 panneaux relatent l&rsquo;histoire des &hellip;<a href=\"https:\/\/www.brenne-au-coeur.com\/index.php\/2023\/03\/11\/la-vigne-mise-a-lhonneur-au-moulin\/communes\/mezieres-en-brenne\/4045\/\" class=\"more-link\">Lire la suite...<\/a><\/div><\/li><li class=\"rpwe-li rpwe-clearfix\"><a class=\"rpwe-img\" href=\"https:\/\/www.brenne-au-coeur.com\/index.php\/2023\/03\/11\/des-livres-et-des-combats\/communes\/mezieres-en-brenne\/4035\/\" target=\"_self\"><img class=\"rpwe-alignleft rpwe-thumb\" src=\"https:\/\/www.brenne-au-coeur.com\/wp-content\/uploads\/2023\/03\/CVT_Berezina_2019-120x120.jpg\" alt=\"Des livres et des combats\" height=\"120\" width=\"120\" loading=\"lazy\" decoding=\"async\"><\/a><h3 class=\"rpwe-title\"><a href=\"https:\/\/www.brenne-au-coeur.com\/index.php\/2023\/03\/11\/des-livres-et-des-combats\/communes\/mezieres-en-brenne\/4035\/\" target=\"_self\">Des livres et des combats<\/a><\/h3><time class=\"rpwe-time published\" datetime=\"2023-03-11T15:09:29+01:00\">11 mars 2023<\/time><div class=\"rpwe-summary\">La diversit\u00e9 des ouvrages pr\u00e9sent\u00e9s, lors de la derni\u00e8re r\u00e9union du club de lecture de M\u00e9zi\u00e8res, a n\u00e9anmoins plac\u00e9 cette rencontre litt\u00e9raire sous le signe des combats et des destin\u00e9es, souvent tragiques. Les fossoyeurs. Victor Castanet. Enqu\u00eate. 2022. Editeur Fayard. 383 pages. Prix Albert Londres 2022. Pour Yvette, \u00ab\u00a0l\u2019auteur est &hellip;<a href=\"https:\/\/www.brenne-au-coeur.com\/index.php\/2023\/03\/11\/des-livres-et-des-combats\/communes\/mezieres-en-brenne\/4035\/\" class=\"more-link\">Lire la suite...<\/a><\/div><\/li><li class=\"rpwe-li rpwe-clearfix\"><a class=\"rpwe-img\" href=\"https:\/\/www.brenne-au-coeur.com\/index.php\/2023\/03\/07\/carnaval-des-bouts-dchoux-a-paulnay\/communes\/paulnay\/4009\/\" target=\"_self\"><img class=\"rpwe-alignleft rpwe-thumb\" src=\"https:\/\/www.brenne-au-coeur.com\/wp-content\/uploads\/2023\/03\/carnaval-creche-2.resized-1-120x120.jpg\" alt=\"Carnaval des bouts d\u2019choux \u00e0 Paulnay\" height=\"120\" width=\"120\" loading=\"lazy\" decoding=\"async\"><\/a><h3 class=\"rpwe-title\"><a href=\"https:\/\/www.brenne-au-coeur.com\/index.php\/2023\/03\/07\/carnaval-des-bouts-dchoux-a-paulnay\/communes\/paulnay\/4009\/\" target=\"_self\">Carnaval des bouts d\u2019choux \u00e0 Paulnay<\/a><\/h3><time class=\"rpwe-time published\" datetime=\"2023-03-07T10:50:16+01:00\">7 mars 2023<\/time><div class=\"rpwe-summary\">Jeudi 2 mars, a eu lieu la traditionnelle promenade d\u00e9guis\u00e9e, organis\u00e9e par Bout d\u2019ficelles, le multi-accueil de la communaut\u00e9 de communes \u00ab\u00a0C\u0153ur de Brenne\u00a0\u00bb. Le th\u00e8me de cette ann\u00e9e \u00e9tait le potager. Seize enfants de la cr\u00e8che ont ainsi pr\u00e9par\u00e9 leur d\u00e9guisement&nbsp;: des couronnes repr\u00e9sentants des fruits et des l\u00e9gumes, &hellip;<a href=\"https:\/\/www.brenne-au-coeur.com\/index.php\/2023\/03\/07\/carnaval-des-bouts-dchoux-a-paulnay\/communes\/paulnay\/4009\/\" class=\"more-link\">Lire la suite...<\/a><\/div><\/li><li class=\"rpwe-li rpwe-clearfix\"><a class=\"rpwe-img\" href=\"https:\/\/www.brenne-au-coeur.com\/index.php\/2023\/03\/04\/azay-le-ferron-les-coups-de-coeur-de-lecteurs\/communes\/azay-le-ferron-communes\/3999\/\" target=\"_self\"><img class=\"rpwe-alignleft rpwe-thumb\" src=\"https:\/\/www.brenne-au-coeur.com\/wp-content\/uploads\/2023\/03\/la-valse-lente-des-tortues-120x120.jpg\" alt=\"Azay-le-Ferron\u00a0: Les coups de c\u0153ur de lecteurs\" height=\"120\" width=\"120\" loading=\"lazy\" decoding=\"async\"><\/a><h3 class=\"rpwe-title\"><a href=\"https:\/\/www.brenne-au-coeur.com\/index.php\/2023\/03\/04\/azay-le-ferron-les-coups-de-coeur-de-lecteurs\/communes\/azay-le-ferron-communes\/3999\/\" target=\"_self\">Azay-le-Ferron\u00a0: Les coups de c\u0153ur de lecteurs<\/a><\/h3><time class=\"rpwe-time published\" datetime=\"2023-03-04T17:05:51+01:00\">4 mars 2023<\/time><div class=\"rpwe-summary\">Le groupe de lecture d\u2019Azay-le-Ferron s\u2019est r\u00e9uni r\u00e9cemment. La vari\u00e9t\u00e9 des th\u00e8mes \u00e9tait au rendez-vous. Romans, po\u00e9sie, documentaire et cin\u00e9ma\u00a0: les participants ont exprim\u00e9 leurs \u00e9motions et partag\u00e9 le plaisir de lire ou de visionner un bon film. &nbsp; R\u00e9sistance et lib\u00e9ration dans l\u2019ouest de l\u2019Indre\u00a0 Documentaire Histoire collection T\u00e9moignages &hellip;<a href=\"https:\/\/www.brenne-au-coeur.com\/index.php\/2023\/03\/04\/azay-le-ferron-les-coups-de-coeur-de-lecteurs\/communes\/azay-le-ferron-communes\/3999\/\" class=\"more-link\">Lire la suite...<\/a><\/div><\/li><li class=\"rpwe-li rpwe-clearfix\"><a class=\"rpwe-img\" href=\"https:\/\/www.brenne-au-coeur.com\/index.php\/2023\/02\/27\/carnaval-a-martizay\/communes\/martizay\/3993\/\" target=\"_self\"><img class=\"rpwe-alignleft rpwe-thumb\" src=\"https:\/\/www.brenne-au-coeur.com\/wp-content\/uploads\/2023\/02\/carnaval-martizay-scaled-120x120.jpg\" alt=\"Carnaval \u00e0 Martizay\" height=\"120\" width=\"120\" loading=\"lazy\" decoding=\"async\"><\/a><h3 class=\"rpwe-title\"><a href=\"https:\/\/www.brenne-au-coeur.com\/index.php\/2023\/02\/27\/carnaval-a-martizay\/communes\/martizay\/3993\/\" target=\"_self\">Carnaval \u00e0 Martizay<\/a><\/h3><time class=\"rpwe-time published\" datetime=\"2023-02-27T15:51:03+01:00\">27 f\u00e9vrier 2023<\/time><div class=\"rpwe-summary\">Dimanche 26 f\u00e9vrier, les rues de Martizay se sont anim\u00e9es durant une bonne partie de la matin\u00e9e. Le d\u00e9sormais, traditionnel carnaval, a r\u00e9chauff\u00e9 quelque peu, la fra\u00eeche atmosph\u00e8re de cette belle journ\u00e9e hivernale. Le d\u00e9fil\u00e9, organis\u00e9 par \u00ab\u00a0La Maison du village\u00a0\u00bb et la M\u00e9diath\u00e8que de Martizay, \u00e9tait cette ann\u00e9e, sur &hellip;<a href=\"https:\/\/www.brenne-au-coeur.com\/index.php\/2023\/02\/27\/carnaval-a-martizay\/communes\/martizay\/3993\/\" class=\"more-link\">Lire la suite...<\/a><\/div><\/li><li class=\"rpwe-li rpwe-clearfix\"><a class=\"rpwe-img\" href=\"https:\/\/www.brenne-au-coeur.com\/index.php\/2023\/02\/25\/alix-aron-armand-et-les-autres\/communes\/mezieres-en-brenne\/3985\/\" target=\"_self\"><img class=\"rpwe-alignleft rpwe-thumb\" src=\"https:\/\/www.brenne-au-coeur.com\/wp-content\/uploads\/2023\/02\/ctb.resized-120x120.jpg\" alt=\"Alix, Aron, Armand et les autres\" height=\"120\" width=\"120\" loading=\"lazy\" decoding=\"async\"><\/a><h3 class=\"rpwe-title\"><a href=\"https:\/\/www.brenne-au-coeur.com\/index.php\/2023\/02\/25\/alix-aron-armand-et-les-autres\/communes\/mezieres-en-brenne\/3985\/\" target=\"_self\">Alix, Aron, Armand et les autres<\/a><\/h3><time class=\"rpwe-time published\" datetime=\"2023-02-25T16:53:50+01:00\">25 f\u00e9vrier 2023<\/time><div class=\"rpwe-summary\">Ils ont neuf, dix, ou onze ans et participent, en cette mi-f\u00e9vrier, \u00e0 un e-challenge organis\u00e9 par la Ligue R\u00e9gionale de tir du Centre-Val-de-Loire. Licenci\u00e9s au Club de tir Brennou (CTB) depuis la rentr\u00e9e derni\u00e8re, ils sont une dizaine \u00e0 s\u2019aligner pour la premi\u00e8re fois, dans une comp\u00e9tition d\u2019un type &hellip;<a href=\"https:\/\/www.brenne-au-coeur.com\/index.php\/2023\/02\/25\/alix-aron-armand-et-les-autres\/communes\/mezieres-en-brenne\/3985\/\" class=\"more-link\">Lire la suite...<\/a><\/div><\/li><li class=\"rpwe-li rpwe-clearfix\"><a class=\"rpwe-img\" href=\"https:\/\/www.brenne-au-coeur.com\/index.php\/2023\/02\/21\/judo-taiso-le-renouveau\/communes\/mezieres-en-brenne\/3964\/\" target=\"_self\"><img class=\"rpwe-alignleft rpwe-thumb\" src=\"https:\/\/www.brenne-au-coeur.com\/wp-content\/uploads\/2023\/02\/Groupe-des-judokas-6-11-ans--120x120.jpg\" alt=\"Judo, ta\u00efso\u00a0: le renouveau\" height=\"120\" width=\"120\" loading=\"lazy\" decoding=\"async\"><\/a><h3 class=\"rpwe-title\"><a href=\"https:\/\/www.brenne-au-coeur.com\/index.php\/2023\/02\/21\/judo-taiso-le-renouveau\/communes\/mezieres-en-brenne\/3964\/\" target=\"_self\">Judo, ta\u00efso\u00a0: le renouveau<\/a><\/h3><time class=\"rpwe-time published\" datetime=\"2023-02-21T12:30:37+01:00\">21 f\u00e9vrier 2023<\/time><div class=\"rpwe-summary\">Apr\u00e8s 3 ans de mise en sommeil, le Judo club de la Brenne redonne des cours de judo et de ta\u00efso depuis septembre dernier. Une d\u00e9couverte du judo \u00e0 l\u2019\u00e9cole de M\u00e9zi\u00e8res en Brenne, en mai dernier avait permis de susciter quelques envies d\u2019en d\u00e9couvrir plus. Une demi-journ\u00e9e \u00ab&nbsp;portes ouvertes&nbsp;\u00bb &hellip;<a href=\"https:\/\/www.brenne-au-coeur.com\/index.php\/2023\/02\/21\/judo-taiso-le-renouveau\/communes\/mezieres-en-brenne\/3964\/\" class=\"more-link\">Lire la suite...<\/a><\/div><\/li><li class=\"rpwe-li rpwe-clearfix\"><a class=\"rpwe-img\" href=\"https:\/\/www.brenne-au-coeur.com\/index.php\/2023\/02\/19\/le-point-de-croix-sexpose\/communes\/martizay\/3959\/\" target=\"_self\"><img class=\"rpwe-alignleft rpwe-thumb\" src=\"https:\/\/www.brenne-au-coeur.com\/wp-content\/uploads\/2023\/02\/expo-point-de-croix-120x120.jpg\" alt=\"Le point de croix s\u2019expose\" height=\"120\" width=\"120\" loading=\"lazy\" decoding=\"async\"><\/a><h3 class=\"rpwe-title\"><a href=\"https:\/\/www.brenne-au-coeur.com\/index.php\/2023\/02\/19\/le-point-de-croix-sexpose\/communes\/martizay\/3959\/\" target=\"_self\">Le point de croix s\u2019expose<\/a><\/h3><time class=\"rpwe-time published\" datetime=\"2023-02-19T16:00:24+01:00\">19 f\u00e9vrier 2023<\/time><div class=\"rpwe-summary\">L\u2019association Point de croix pr\u00e9sente ses cr\u00e9ations \u00e0 la m\u00e9diath\u00e8que de Martizay jusqu\u2019au 11 mars. Le point de croix est l\u2019une des techniques de la broderie, qui consiste \u00e0 r\u00e9aliser des motifs \u00e0 partir de canevas. Une technique mais une infinit\u00e9 de d\u00e9clinaisons. Des ouvrages sont \u00e9galement fabriqu\u00e9s sous le &hellip;<a href=\"https:\/\/www.brenne-au-coeur.com\/index.php\/2023\/02\/19\/le-point-de-croix-sexpose\/communes\/martizay\/3959\/\" class=\"more-link\">Lire la suite...<\/a><\/div><\/li><li class=\"rpwe-li rpwe-clearfix\"><a class=\"rpwe-img\" href=\"https:\/\/www.brenne-au-coeur.com\/index.php\/2023\/02\/11\/ecrire-de-la-poesie-et-pourquoi-pas\/communes\/azay-le-ferron-communes\/3916\/\" target=\"_self\"><img class=\"rpwe-alignleft rpwe-thumb\" src=\"https:\/\/www.brenne-au-coeur.com\/wp-content\/uploads\/2023\/02\/atelier-ecriture.resized-120x120.jpg\" alt=\"\u00c9crire de la po\u00e9sie. Et pourquoi pas\u00a0?\" height=\"120\" width=\"120\" loading=\"lazy\" decoding=\"async\"><\/a><h3 class=\"rpwe-title\"><a href=\"https:\/\/www.brenne-au-coeur.com\/index.php\/2023\/02\/11\/ecrire-de-la-poesie-et-pourquoi-pas\/communes\/azay-le-ferron-communes\/3916\/\" target=\"_self\">\u00c9crire de la po\u00e9sie. Et pourquoi pas\u00a0?<\/a><\/h3><time class=\"rpwe-time published\" datetime=\"2023-02-11T10:25:54+01:00\">11 f\u00e9vrier 2023<\/time><div class=\"rpwe-summary\">Vendredi 7 f\u00e9vrier, la m\u00e9diath\u00e8que d\u2019Azay-le-Ferron organisait un atelier d\u2019\u00e9criture po\u00e9tique. Th\u00e9r\u00e8se, Murielle, Isabelle et Thibault se sont retrouv\u00e9s en compagnie de Caroline, l\u2019animatrice, qui leur a propos\u00e9 de commencer la s\u00e9ance par un petit \u00e9chauffement. \u00ab\u00a0Comme pour un effort sportif, il est conseill\u00e9 de se pr\u00e9parer par une petite &hellip;<a href=\"https:\/\/www.brenne-au-coeur.com\/index.php\/2023\/02\/11\/ecrire-de-la-poesie-et-pourquoi-pas\/communes\/azay-le-ferron-communes\/3916\/\" class=\"more-link\">Lire la suite...<\/a><\/div><\/li><li class=\"rpwe-li rpwe-clearfix\"><a class=\"rpwe-img\" href=\"https:\/\/www.brenne-au-coeur.com\/index.php\/2023\/02\/11\/si-mezieres-metait-conte\/communes\/mezieres-en-brenne\/3909\/\" target=\"_self\"><img class=\"rpwe-alignleft rpwe-thumb\" src=\"https:\/\/www.brenne-au-coeur.com\/wp-content\/uploads\/2023\/02\/Pinard-pA\u00a2tisserie-1926-ou-1927-scaled-120x120.jpg\" alt=\"Si M\u00e9zi\u00e8res m\u2019\u00e9tait cont\u00e9&#8230;\" height=\"120\" width=\"120\" loading=\"lazy\" decoding=\"async\"><\/a><h3 class=\"rpwe-title\"><a href=\"https:\/\/www.brenne-au-coeur.com\/index.php\/2023\/02\/11\/si-mezieres-metait-conte\/communes\/mezieres-en-brenne\/3909\/\" target=\"_self\">Si M\u00e9zi\u00e8res m\u2019\u00e9tait cont\u00e9&#8230;<\/a><\/h3><time class=\"rpwe-time published\" datetime=\"2023-02-11T10:01:03+01:00\">11 f\u00e9vrier 2023<\/time><div class=\"rpwe-summary\">Le Moulin de M\u00e9zi\u00e8res accueille jusqu\u2019au 2 mars, l\u2019exposition \u00ab&nbsp;Mon panier de course&nbsp;\u00bb r\u00e9alis\u00e9e par l&lsquo;Association Culturelle Mac\u00e9rienne (ACM). Dix-huit panneaux regroupant 150 visuels, couvrent 120 ans de la vie de la capitale de la Brenne, de 1899 \u00e0 2022. Chaque panneau est consacr\u00e9 \u00e0 une place ou une rue. &hellip;<a href=\"https:\/\/www.brenne-au-coeur.com\/index.php\/2023\/02\/11\/si-mezieres-metait-conte\/communes\/mezieres-en-brenne\/3909\/\" class=\"more-link\">Lire la suite...<\/a><\/div><\/li><li class=\"rpwe-li rpwe-clearfix\"><a class=\"rpwe-img\" href=\"https:\/\/www.brenne-au-coeur.com\/index.php\/2023\/02\/05\/question-de-nature\/communes\/mezieres-en-brenne\/3855\/\" target=\"_self\"><img class=\"rpwe-alignleft rpwe-thumb\" src=\"https:\/\/www.brenne-au-coeur.com\/wp-content\/uploads\/2023\/02\/montagne-120x120.jpeg\" alt=\"Question de nature\" height=\"120\" width=\"120\" loading=\"lazy\" decoding=\"async\"><\/a><h3 class=\"rpwe-title\"><a href=\"https:\/\/www.brenne-au-coeur.com\/index.php\/2023\/02\/05\/question-de-nature\/communes\/mezieres-en-brenne\/3855\/\" target=\"_self\">Question de nature<\/a><\/h3><time class=\"rpwe-time published\" datetime=\"2023-02-05T19:00:49+01:00\">5 f\u00e9vrier 2023<\/time><div class=\"rpwe-summary\">J&rsquo;ai cr\u00e9\u00e9 ce blog pour informer les lecteurs des activit\u00e9s r\u00e9alis\u00e9es principalement par les habitants de M\u00e9zi\u00e8res et des villages environnants. Cette fois-ci, une fois n&rsquo;est pas coutume je vous propose de d\u00e9couvrir une \u00ab\u00a0nouvelle\u00a0\u00bb de ma composition. Je vous souhaite une bonne lecture. &nbsp; &nbsp; Dominique en avait soup\u00e9 &hellip;<a href=\"https:\/\/www.brenne-au-coeur.com\/index.php\/2023\/02\/05\/question-de-nature\/communes\/mezieres-en-brenne\/3855\/\" class=\"more-link\">Lire la suite...<\/a><\/div><\/li><li class=\"rpwe-li rpwe-clearfix\"><a class=\"rpwe-img\" href=\"https:\/\/www.brenne-au-coeur.com\/index.php\/2023\/02\/05\/villiers-place-des-courts-metrages\/communes\/villiers\/3848\/\" target=\"_self\"><img class=\"rpwe-alignleft rpwe-thumb\" src=\"https:\/\/www.brenne-au-coeur.com\/wp-content\/uploads\/2023\/02\/cine-villiers.resized-120x120.jpg\" alt=\"Villiers, place des courts m\u00e9trages\" height=\"120\" width=\"120\" loading=\"lazy\" decoding=\"async\"><\/a><h3 class=\"rpwe-title\"><a href=\"https:\/\/www.brenne-au-coeur.com\/index.php\/2023\/02\/05\/villiers-place-des-courts-metrages\/communes\/villiers\/3848\/\" target=\"_self\">Villiers, place des courts m\u00e9trages<\/a><\/h3><time class=\"rpwe-time published\" datetime=\"2023-02-05T17:13:26+01:00\">5 f\u00e9vrier 2023<\/time><div class=\"rpwe-summary\">Vendredi 3 f\u00e9vrier, la salle des f\u00eates de Villiers a ouvert ses portes pour une s\u00e9ance de cin\u00e9ma. La municipalit\u00e9 reprenait ses soir\u00e9es \u00ab\u00a0projection de courts m\u00e9trages\u00a0\u00bb, suspendues depuis la crise sanitaire. Comme par le pass\u00e9, Andr\u00e9 Jeanpierre avait concoct\u00e9 un programme d\u00e9lib\u00e9r\u00e9ment vari\u00e9. Film d\u2019animation, documentaires, fictions abordent des &hellip;<a href=\"https:\/\/www.brenne-au-coeur.com\/index.php\/2023\/02\/05\/villiers-place-des-courts-metrages\/communes\/villiers\/3848\/\" class=\"more-link\">Lire la suite...<\/a><\/div><\/li><li class=\"rpwe-li rpwe-clearfix\"><a class=\"rpwe-img\" href=\"https:\/\/www.brenne-au-coeur.com\/index.php\/2023\/02\/05\/le-monde-magique-de-jaugette\/communes\/obterre\/3845\/\" target=\"_self\"><img class=\"rpwe-alignleft rpwe-thumb\" src=\"https:\/\/www.brenne-au-coeur.com\/wp-content\/uploads\/2023\/02\/ag-jaugette.resized-120x120.jpg\" alt=\"Le monde magique de Jaugette\" height=\"120\" width=\"120\" loading=\"lazy\" decoding=\"async\"><\/a><h3 class=\"rpwe-title\"><a href=\"https:\/\/www.brenne-au-coeur.com\/index.php\/2023\/02\/05\/le-monde-magique-de-jaugette\/communes\/obterre\/3845\/\" target=\"_self\">Le monde magique de Jaugette<\/a><\/h3><time class=\"rpwe-time published\" datetime=\"2023-02-05T16:52:23+01:00\">5 f\u00e9vrier 2023<\/time><div class=\"rpwe-summary\">Samedi 21 janvier, l\u2019association Jaugette-Manoir des Arts tenait son assembl\u00e9e g\u00e9n\u00e9rale, en pr\u00e9sence de Bruno Monjal qui a gratifi\u00e9 l\u2019assistance de quelques tours de magie. Comme une sorte de passage de t\u00e9moin entre deux saisons musicales, puisque le magicien \u00e9tait omnipr\u00e9sent lors du festival d\u2019\u00e9t\u00e9 de 2022 intitul\u00e9 \u00ab\u00a0Musique et &hellip;<a href=\"https:\/\/www.brenne-au-coeur.com\/index.php\/2023\/02\/05\/le-monde-magique-de-jaugette\/communes\/obterre\/3845\/\" class=\"more-link\">Lire la suite...<\/a><\/div><\/li><li class=\"rpwe-li rpwe-clearfix\"><a class=\"rpwe-img\" href=\"https:\/\/www.brenne-au-coeur.com\/index.php\/2023\/01\/26\/welcome-michael\/communes\/mezieres-en-brenne\/3824\/\" target=\"_self\"><img class=\"rpwe-alignleft rpwe-thumb\" src=\"https:\/\/www.brenne-au-coeur.com\/wp-content\/uploads\/2023\/01\/michael-1.resized-120x120.jpg\" alt=\"Welcome Michael&nbsp;!\" height=\"120\" width=\"120\" loading=\"lazy\" decoding=\"async\"><\/a><h3 class=\"rpwe-title\"><a href=\"https:\/\/www.brenne-au-coeur.com\/index.php\/2023\/01\/26\/welcome-michael\/communes\/mezieres-en-brenne\/3824\/\" target=\"_self\">Welcome Michael&nbsp;!<\/a><\/h3><time class=\"rpwe-time published\" datetime=\"2023-01-26T11:24:32+01:00\">26 janvier 2023<\/time><div class=\"rpwe-summary\">En juillet dernier, Michael Growcott a re\u00e7u le \u00ab&nbsp;Prix du Moulin&nbsp;\u00bb de l\u2019exposition \u00ab&nbsp;Les peintres de la Brenne&nbsp;\u00bb. Les aquarelles de ce citoyen britannique reproduisent, gr\u00e2ce \u00e0 un trait d\u2019une extr\u00eame finesse, une partie du patrimoine berrichon. Ce sont en effet les maisons de campagne ou des bourgs que le &hellip;<a href=\"https:\/\/www.brenne-au-coeur.com\/index.php\/2023\/01\/26\/welcome-michael\/communes\/mezieres-en-brenne\/3824\/\" class=\"more-link\">Lire la suite...<\/a><\/div><\/li><li class=\"rpwe-li rpwe-clearfix\"><a class=\"rpwe-img\" href=\"https:\/\/www.brenne-au-coeur.com\/index.php\/2023\/01\/26\/le-rideau-rouge-souvre-a-nouveau\/communes\/azay-le-ferron-communes\/3821\/\" target=\"_self\"><img class=\"rpwe-alignleft rpwe-thumb\" src=\"https:\/\/www.brenne-au-coeur.com\/wp-content\/uploads\/2023\/01\/Compagnie_du_Rideau_rouge.resized-120x120.jpg\" alt=\"Le rideau rouge s\u2019ouvre \u00e0 nouveau\" height=\"120\" width=\"120\" loading=\"lazy\" decoding=\"async\"><\/a><h3 class=\"rpwe-title\"><a href=\"https:\/\/www.brenne-au-coeur.com\/index.php\/2023\/01\/26\/le-rideau-rouge-souvre-a-nouveau\/communes\/azay-le-ferron-communes\/3821\/\" target=\"_self\">Le rideau rouge s\u2019ouvre \u00e0 nouveau<\/a><\/h3><time class=\"rpwe-time published\" datetime=\"2023-01-26T10:52:19+01:00\">26 janvier 2023<\/time><div class=\"rpwe-summary\">Dimanche 29 janvier \u00e0 15h, la salle des f\u00eates d&rsquo;Azay-le-Ferron accueillera la troupe de th\u00e9\u00e2tre pour sa nouvelle pi\u00e8ce. Le spectacle s&rsquo;intitule\u00a0Petits meurtres et points de tricot&nbsp;: \u00ab&nbsp;spectacle tr\u00e8s largement adapt\u00e9 d&rsquo;Arsenic et vieilles dentelles, pi\u00e8ce de th\u00e9\u00e2tre am\u00e9ricaine de Joseph Kesselring, cr\u00e9\u00e9e \u00e0 Broadway (New York) en 1941. J&rsquo;arrange &hellip;<a href=\"https:\/\/www.brenne-au-coeur.com\/index.php\/2023\/01\/26\/le-rideau-rouge-souvre-a-nouveau\/communes\/azay-le-ferron-communes\/3821\/\" class=\"more-link\">Lire la suite...<\/a><\/div><\/li><li class=\"rpwe-li rpwe-clearfix\"><a class=\"rpwe-img\" href=\"https:\/\/www.brenne-au-coeur.com\/index.php\/2023\/01\/22\/des-mots-pour-semouvoir\/communes\/mezieres-en-brenne\/3778\/\" target=\"_self\"><img class=\"rpwe-alignleft rpwe-thumb\" src=\"https:\/\/www.brenne-au-coeur.com\/wp-content\/uploads\/2023\/01\/les-mots-se-mangent-120x120.jpg\" alt=\"Des mots pour s&rsquo;\u00e9mouvoir\" height=\"120\" width=\"120\" loading=\"lazy\" decoding=\"async\"><\/a><h3 class=\"rpwe-title\"><a href=\"https:\/\/www.brenne-au-coeur.com\/index.php\/2023\/01\/22\/des-mots-pour-semouvoir\/communes\/mezieres-en-brenne\/3778\/\" target=\"_self\">Des mots pour s&rsquo;\u00e9mouvoir<\/a><\/h3><time class=\"rpwe-time published\" datetime=\"2023-01-22T16:36:17+01:00\">22 janvier 2023<\/time><div class=\"rpwe-summary\">Les livres conduisent le lecteur au c\u0153ur d\u2019histoires dr\u00f4les ou tragiques. La vari\u00e9t\u00e9 des situations est infinie. Le choix des lecteurs du club de M\u00e9zi\u00e8res, n\u2019\u00e9chappent pas \u00e0 cette r\u00e8gle. Les ouvrages pr\u00e9sent\u00e9s ce mois-ci t\u00e9moignent de situations joyeuses ou graves qu\u2019elles soient fictives ou plus souvent inspir\u00e9es de faits &hellip;<a href=\"https:\/\/www.brenne-au-coeur.com\/index.php\/2023\/01\/22\/des-mots-pour-semouvoir\/communes\/mezieres-en-brenne\/3778\/\" class=\"more-link\">Lire la suite...<\/a><\/div><\/li><li class=\"rpwe-li rpwe-clearfix\"><a class=\"rpwe-img\" href=\"https:\/\/www.brenne-au-coeur.com\/index.php\/2023\/01\/20\/les-copains-dabord\/communes\/martizay\/3767\/\" target=\"_self\"><img class=\"rpwe-alignleft rpwe-thumb\" src=\"https:\/\/www.brenne-au-coeur.com\/wp-content\/uploads\/2023\/01\/expo-martizay.resized-1-120x120.jpg\" alt=\"Les copains d\u2019abord\" height=\"120\" width=\"120\" loading=\"lazy\" decoding=\"async\"><\/a><h3 class=\"rpwe-title\"><a href=\"https:\/\/www.brenne-au-coeur.com\/index.php\/2023\/01\/20\/les-copains-dabord\/communes\/martizay\/3767\/\" target=\"_self\">Les copains d\u2019abord<\/a><\/h3><time class=\"rpwe-time published\" datetime=\"2023-01-20T14:12:49+01:00\">20 janvier 2023<\/time><div class=\"rpwe-summary\">C\u2019est une histoire d\u2019amiti\u00e9 qui est \u00e0 l\u2019origine de l\u2019exposition visible \u00e0 la m\u00e9diath\u00e8que de Martizay jusqu\u2019au 4 f\u00e9vrier. \u00ab&nbsp;Passion photo&nbsp;\u00bb est le travail d\u2019un collectif de photographes qui ont uni leurs talents pour rendre hommage \u00e0 leur ami Evert Van Seters d\u00e9c\u00e9d\u00e9 il y a deux ans. \u00ab\u00a0Il esp\u00e9rait &hellip;<a href=\"https:\/\/www.brenne-au-coeur.com\/index.php\/2023\/01\/20\/les-copains-dabord\/communes\/martizay\/3767\/\" class=\"more-link\">Lire la suite...<\/a><\/div><\/li><li class=\"rpwe-li rpwe-clearfix\"><a class=\"rpwe-img\" href=\"https:\/\/www.brenne-au-coeur.com\/index.php\/2023\/01\/16\/une-seconde-vie-pour-les-livres\/communes\/mezieres-en-brenne\/3743\/\" target=\"_self\"><img class=\"rpwe-alignleft rpwe-thumb\" src=\"https:\/\/www.brenne-au-coeur.com\/wp-content\/uploads\/2023\/01\/pliage-livre-1.resized-120x120.jpg\" alt=\"Une seconde vie pour les livres\" height=\"120\" width=\"120\" loading=\"lazy\" decoding=\"async\"><\/a><h3 class=\"rpwe-title\"><a href=\"https:\/\/www.brenne-au-coeur.com\/index.php\/2023\/01\/16\/une-seconde-vie-pour-les-livres\/communes\/mezieres-en-brenne\/3743\/\" target=\"_self\">Une seconde vie pour les livres<\/a><\/h3><time class=\"rpwe-time published\" datetime=\"2023-01-16T16:46:14+01:00\">16 janvier 2023<\/time><div class=\"rpwe-summary\">Samedi 14 janvier, la m\u00e9diath\u00e8que de M\u00e9zi\u00e8res proposait un atelier \u00ab&nbsp;pliage de livres&nbsp;\u00bb. Le but \u00e9tait de pr\u00e9senter la technique de base pour cr\u00e9er des \u00e9l\u00e9ments en relief sur la tranche des livres. Au cours de cette premi\u00e8re s\u00e9ance, \u00c9milie Fumal biblioth\u00e9caire, a mis \u00e0 la disposition de chaque participante &hellip;<a href=\"https:\/\/www.brenne-au-coeur.com\/index.php\/2023\/01\/16\/une-seconde-vie-pour-les-livres\/communes\/mezieres-en-brenne\/3743\/\" class=\"more-link\">Lire la suite...<\/a><\/div><\/li><li class=\"rpwe-li rpwe-clearfix\"><a class=\"rpwe-img\" href=\"https:\/\/www.brenne-au-coeur.com\/index.php\/2023\/01\/15\/violette-expose-au-moulin\/communes\/mezieres-en-brenne\/3730\/\" target=\"_self\"><img class=\"rpwe-alignleft rpwe-thumb\" src=\"https:\/\/www.brenne-au-coeur.com\/wp-content\/uploads\/2023\/01\/expo-violette-1.resized-rotated-120x120.jpg\" alt=\"Violette expose au Moulin\" height=\"120\" width=\"120\" loading=\"lazy\" decoding=\"async\"><\/a><h3 class=\"rpwe-title\"><a href=\"https:\/\/www.brenne-au-coeur.com\/index.php\/2023\/01\/15\/violette-expose-au-moulin\/communes\/mezieres-en-brenne\/3730\/\" target=\"_self\">Violette expose au Moulin<\/a><\/h3><time class=\"rpwe-time published\" datetime=\"2023-01-15T13:00:22+01:00\">15 janvier 2023<\/time><div class=\"rpwe-summary\">L&rsquo;association Le Moulin a ouvert ses portes \u00e0 Isabelle Violette, laur\u00e9ate du prix du conseil d\u00e9partemental de l&rsquo;Indre au 36\u00e8me salon des peintres de la Brenne en juillet 2022. Jusqu\u2019au 3 f\u00e9vrier, elle pr\u00e9sente une magnifique collection de peintures repr\u00e9sentant, tant\u00f4t la Brenne, tant\u00f4t la vall\u00e9e de la Creuse et &hellip;<a href=\"https:\/\/www.brenne-au-coeur.com\/index.php\/2023\/01\/15\/violette-expose-au-moulin\/communes\/mezieres-en-brenne\/3730\/\" class=\"more-link\">Lire la suite...<\/a><\/div><\/li><li class=\"rpwe-li rpwe-clearfix\"><a class=\"rpwe-img\" href=\"https:\/\/www.brenne-au-coeur.com\/index.php\/2023\/01\/08\/musique-en-brenne-va-crescendo\/communes\/mezieres-en-brenne\/3698\/\" target=\"_self\"><img class=\"rpwe-alignleft rpwe-thumb\" src=\"https:\/\/www.brenne-au-coeur.com\/wp-content\/uploads\/2023\/01\/AG-Club-de-musique-en-Brenne.resized-120x120.jpg\" alt=\"Musique en Brenne va crescendo\" height=\"120\" width=\"120\" loading=\"lazy\" decoding=\"async\"><\/a><h3 class=\"rpwe-title\"><a href=\"https:\/\/www.brenne-au-coeur.com\/index.php\/2023\/01\/08\/musique-en-brenne-va-crescendo\/communes\/mezieres-en-brenne\/3698\/\" target=\"_self\">Musique en Brenne va crescendo<\/a><\/h3><time class=\"rpwe-time published\" datetime=\"2023-01-08T17:12:13+01:00\">8 janvier 2023<\/time><div class=\"rpwe-summary\">L&rsquo;association Musique en Brenne a \u00e9t\u00e9 cr\u00e9\u00e9e en 2018 par quelques mamans dont les enfants souhaitaient pratiquer un instrument de musique. Elle n&rsquo;a pas cess\u00e9 de prendre de l&rsquo;ampleur depuis. Apr\u00e8s 2 ann\u00e9es perturb\u00e9es par la pand\u00e9mie, l\u2019ann\u00e9e 2021-2022 a marqu\u00e9 la reprise d&rsquo;un fonctionnement normal avec 18 \u00e9l\u00e8ves inscrits &hellip;<a href=\"https:\/\/www.brenne-au-coeur.com\/index.php\/2023\/01\/08\/musique-en-brenne-va-crescendo\/communes\/mezieres-en-brenne\/3698\/\" class=\"more-link\">Lire la suite...<\/a><\/div><\/li><li class=\"rpwe-li rpwe-clearfix\"><a class=\"rpwe-img\" href=\"https:\/\/www.brenne-au-coeur.com\/index.php\/2023\/01\/08\/la-peinture-intuitive-de-murielle-vincent\/communes\/azay-le-ferron-communes\/3688\/\" target=\"_self\"><img class=\"rpwe-alignleft rpwe-thumb\" src=\"https:\/\/www.brenne-au-coeur.com\/wp-content\/uploads\/2023\/01\/murielle1.resized-120x120.jpg\" alt=\"La peinture intuitive de Murielle Vincent\" height=\"120\" width=\"120\" loading=\"lazy\" decoding=\"async\"><\/a><h3 class=\"rpwe-title\"><a href=\"https:\/\/www.brenne-au-coeur.com\/index.php\/2023\/01\/08\/la-peinture-intuitive-de-murielle-vincent\/communes\/azay-le-ferron-communes\/3688\/\" target=\"_self\">La peinture intuitive de Murielle Vincent<\/a><\/h3><time class=\"rpwe-time published\" datetime=\"2023-01-08T15:48:40+01:00\">8 janvier 2023<\/time><div class=\"rpwe-summary\">La m\u00e9diath\u00e8que d\u2019Azay-le-Ferron a ouvert ses portes \u00e0 Murielle Vincent. Ses tableaux y sont expos\u00e9s jusqu\u2019au 28 f\u00e9vrier. Des toiles saisissantes par la force des couleurs qui passent des oranges et rouges chatoyants aux bleus plus profonds. Toute une palette de teintes et de tons qui transforment d\u2019un coup, la &hellip;<a href=\"https:\/\/www.brenne-au-coeur.com\/index.php\/2023\/01\/08\/la-peinture-intuitive-de-murielle-vincent\/communes\/azay-le-ferron-communes\/3688\/\" class=\"more-link\">Lire la suite...<\/a><\/div><\/li><li class=\"rpwe-li rpwe-clearfix\"><a class=\"rpwe-img\" href=\"https:\/\/www.brenne-au-coeur.com\/index.php\/2022\/12\/31\/histoires-et-defis-dhier-et-daujourdhui\/communes\/mezieres-en-brenne\/3642\/\" target=\"_self\"><img class=\"rpwe-alignleft rpwe-thumb\" src=\"https:\/\/www.brenne-au-coeur.com\/wp-content\/uploads\/2022\/12\/le-monde-sans-fin-120x120.jpg\" alt=\"Histoires et d\u00e9fis, d\u2019hier et d\u2019aujourd\u2019hui\" height=\"120\" width=\"120\" loading=\"lazy\" decoding=\"async\"><\/a><h3 class=\"rpwe-title\"><a href=\"https:\/\/www.brenne-au-coeur.com\/index.php\/2022\/12\/31\/histoires-et-defis-dhier-et-daujourdhui\/communes\/mezieres-en-brenne\/3642\/\" target=\"_self\">Histoires et d\u00e9fis, d\u2019hier et d\u2019aujourd\u2019hui<\/a><\/h3><time class=\"rpwe-time published\" datetime=\"2022-12-31T17:17:46+01:00\">31 d\u00e9cembre 2022<\/time><div class=\"rpwe-summary\">C\u2019est sous le signe de la vari\u00e9t\u00e9 des genres que s\u2019est d\u00e9roul\u00e9 la derni\u00e8re r\u00e9union du club de lecture de M\u00e9zi\u00e8res. Essais, t\u00e9moignages historiques, Bande dessin\u00e9e, thriller, roman historique, policier. Il y en avait pour tous les go\u00fbts. En voici les r\u00e9sum\u00e9s et les commentaires. Enigma. Turing Dermot. Histoire. 2019. &hellip;<a href=\"https:\/\/www.brenne-au-coeur.com\/index.php\/2022\/12\/31\/histoires-et-defis-dhier-et-daujourdhui\/communes\/mezieres-en-brenne\/3642\/\" class=\"more-link\">Lire la suite...<\/a><\/div><\/li><li class=\"rpwe-li rpwe-clearfix\"><a class=\"rpwe-img\" href=\"https:\/\/www.brenne-au-coeur.com\/index.php\/2022\/12\/23\/les-darlings-enchantent-lehpad\/communes\/mezieres-en-brenne\/3634\/\" target=\"_self\"><img class=\"rpwe-alignleft rpwe-thumb\" src=\"https:\/\/www.brenne-au-coeur.com\/wp-content\/uploads\/2022\/12\/ehpad-21-12-7-120x120.jpg\" alt=\"Les Darling\u2019s enchantent l\u2019EHPAD\" height=\"120\" width=\"120\" loading=\"lazy\" decoding=\"async\"><\/a><h3 class=\"rpwe-title\"><a href=\"https:\/\/www.brenne-au-coeur.com\/index.php\/2022\/12\/23\/les-darlings-enchantent-lehpad\/communes\/mezieres-en-brenne\/3634\/\" target=\"_self\">Les Darling\u2019s enchantent l\u2019EHPAD<\/a><\/h3><time class=\"rpwe-time published\" datetime=\"2022-12-23T17:48:44+01:00\">23 d\u00e9cembre 2022<\/time><div class=\"rpwe-summary\">Mercredi 21 d\u00e9cembre, la salle du restaurant de l\u2019EHPAD de M\u00e9zi\u00e8res, a pris des allures de cabaret. Pendant plus d\u2019une heure, Les Danseuses et chanteuses des Darling\u2019s ont enthousiasm\u00e9 les r\u00e9sidents et le personnel de la Maison de retraite. \u00ab\u00a0Je voulais vous remercier pour toute la joie que vous nous &hellip;<a href=\"https:\/\/www.brenne-au-coeur.com\/index.php\/2022\/12\/23\/les-darlings-enchantent-lehpad\/communes\/mezieres-en-brenne\/3634\/\" class=\"more-link\">Lire la suite...<\/a><\/div><\/li><li class=\"rpwe-li rpwe-clearfix\"><a class=\"rpwe-img\" href=\"https:\/\/www.brenne-au-coeur.com\/index.php\/2022\/12\/23\/un-coeur-battant-pour-les-fetes\/communes\/mezieres-en-brenne\/3628\/\" target=\"_self\"><img class=\"rpwe-alignleft rpwe-thumb\" src=\"https:\/\/www.brenne-au-coeur.com\/wp-content\/uploads\/2022\/12\/anne-BoutinPied--120x120.jpeg\" alt=\"Un \u00ab\u00a0C\u0153ur battant\u00a0\u00bb pour les f\u00eates\" height=\"120\" width=\"120\" loading=\"lazy\" decoding=\"async\"><\/a><h3 class=\"rpwe-title\"><a href=\"https:\/\/www.brenne-au-coeur.com\/index.php\/2022\/12\/23\/un-coeur-battant-pour-les-fetes\/communes\/mezieres-en-brenne\/3628\/\" target=\"_self\">Un \u00ab\u00a0C\u0153ur battant\u00a0\u00bb pour les f\u00eates<\/a><\/h3><time class=\"rpwe-time published\" datetime=\"2022-12-23T16:11:31+01:00\">23 d\u00e9cembre 2022<\/time><div class=\"rpwe-summary\">Mardi 27 d\u00e9cembre, \u00e0 15h30, salle des f\u00eates de M\u00e9zi\u00e8res, Anne Boutin Pied pr\u00e9sentera \u00ab&nbsp;C\u0153ur Battant&nbsp;\u00bb, dans le cadre des Go\u00fbters Contes organis\u00e9s par l\u2019association Noces de Paroles. Un spectacle, que la conteuse, musicienne, a librement adapt\u00e9 du conte d\u2019Andersen \u00ab&nbsp;La Reine des Neiges&nbsp;\u00bb, et pr\u00e9sent\u00e9 ainsi sur le site &hellip;<a href=\"https:\/\/www.brenne-au-coeur.com\/index.php\/2022\/12\/23\/un-coeur-battant-pour-les-fetes\/communes\/mezieres-en-brenne\/3628\/\" class=\"more-link\">Lire la suite...<\/a><\/div><\/li><li class=\"rpwe-li rpwe-clearfix\"><a class=\"rpwe-img\" href=\"https:\/\/www.brenne-au-coeur.com\/index.php\/2022\/12\/18\/andre-cren-linsatiable-createur\/communes\/mezieres-en-brenne\/3614\/\" target=\"_self\"><img class=\"rpwe-alignleft rpwe-thumb\" src=\"https:\/\/www.brenne-au-coeur.com\/wp-content\/uploads\/2022\/12\/andre-cren-1.resized-120x120.jpg\" alt=\"Andr\u00e9 Cren, L\u2019insatiable cr\u00e9ateur\" height=\"120\" width=\"120\" loading=\"lazy\" decoding=\"async\"><\/a><h3 class=\"rpwe-title\"><a href=\"https:\/\/www.brenne-au-coeur.com\/index.php\/2022\/12\/18\/andre-cren-linsatiable-createur\/communes\/mezieres-en-brenne\/3614\/\" target=\"_self\">Andr\u00e9 Cren, L\u2019insatiable cr\u00e9ateur<\/a><\/h3><time class=\"rpwe-time published\" datetime=\"2022-12-18T15:17:00+01:00\">18 d\u00e9cembre 2022<\/time><div class=\"rpwe-summary\">\u00c0 93 ans, Andr\u00e9 Cren, r\u00e9sident de la maison de retraite de M\u00e9zi\u00e8res-en-Brenne, fabrique des objets artisanaux en bois, avec enthousiasme, inventivit\u00e9 et adresse. Apr\u00e8s plus de 60 ans de cr\u00e9ations, sa passion demeure intacte. En novembre dernier, lors du march\u00e9 de No\u00ebl organis\u00e9 \u00e0 l\u2019EHPAD, devant le stand o\u00f9 &hellip;<a href=\"https:\/\/www.brenne-au-coeur.com\/index.php\/2022\/12\/18\/andre-cren-linsatiable-createur\/communes\/mezieres-en-brenne\/3614\/\" class=\"more-link\">Lire la suite...<\/a><\/div><\/li><li class=\"rpwe-li rpwe-clearfix\"><a class=\"rpwe-img\" href=\"https:\/\/www.brenne-au-coeur.com\/index.php\/2022\/12\/18\/cinq-artistes-exposent-au-moulin\/communes\/mezieres-en-brenne\/3595\/\" target=\"_self\"><img class=\"rpwe-alignleft rpwe-thumb\" src=\"https:\/\/www.brenne-au-coeur.com\/wp-content\/uploads\/2022\/12\/expo-moulin-decembre-rotated-120x120.jpg\" alt=\"Cinq artistes exposent au Moulin\" height=\"120\" width=\"120\" loading=\"lazy\" decoding=\"async\"><\/a><h3 class=\"rpwe-title\"><a href=\"https:\/\/www.brenne-au-coeur.com\/index.php\/2022\/12\/18\/cinq-artistes-exposent-au-moulin\/communes\/mezieres-en-brenne\/3595\/\" target=\"_self\">Cinq artistes exposent au Moulin<\/a><\/h3><time class=\"rpwe-time published\" datetime=\"2022-12-18T12:06:54+01:00\">18 d\u00e9cembre 2022<\/time><div class=\"rpwe-summary\">L&rsquo;exposition, pr\u00e9sent\u00e9e par l&rsquo;association du Moulin de M\u00e9zi\u00e8res-en-Brenne lors du vernissage du 26 novembre, r\u00e9unit cinq artistes aux techniques vari\u00e9es. Fran\u00e7oise Morisson, vivant \u00e0 Azay le Ferron, partage son art de la peinture sur la porcelaine: \u00ab&nbsp;Il y a 44 ans que j&rsquo;ai d\u00e9couvert cet art, qui est devenu une &hellip;<a href=\"https:\/\/www.brenne-au-coeur.com\/index.php\/2022\/12\/18\/cinq-artistes-exposent-au-moulin\/communes\/mezieres-en-brenne\/3595\/\" class=\"more-link\">Lire la suite...<\/a><\/div><\/li><li class=\"rpwe-li rpwe-clearfix\"><a class=\"rpwe-img\" href=\"https:\/\/www.brenne-au-coeur.com\/index.php\/2022\/12\/12\/chants-et-contes-de-noel-a-la-lisette\/communes\/sainte-gemme\/3587\/\" target=\"_self\"><img class=\"rpwe-alignleft rpwe-thumb\" src=\"https:\/\/www.brenne-au-coeur.com\/wp-content\/uploads\/2022\/12\/laLisette-20221217.resized-120x120.jpg\" alt=\"Chants et contes de No\u00ebl \u00e0 La Lisette\" height=\"120\" width=\"120\" loading=\"lazy\" decoding=\"async\"><\/a><h3 class=\"rpwe-title\"><a href=\"https:\/\/www.brenne-au-coeur.com\/index.php\/2022\/12\/12\/chants-et-contes-de-noel-a-la-lisette\/communes\/sainte-gemme\/3587\/\" target=\"_self\">Chants et contes de No\u00ebl \u00e0 La Lisette<\/a><\/h3><time class=\"rpwe-time published\" datetime=\"2022-12-12T14:08:36+01:00\">12 d\u00e9cembre 2022<\/time><div class=\"rpwe-summary\">Samedi 17 d\u00e9cembre, au caf\u00e9 La Lisette, \u00e0 Sainte-Gemme, \u00e0 partir de 17h, \u00ab\u00a0Les Snow Poudreuses\u00a0\u00bb proposent un spectacle de No\u00ebl pour les petits et les grands. L\u2019ensemble vocal, compos\u00e9 de Laurie, Margot, Valentine et Chlo\u00e9, interpr\u00e9tera des chants traditionnels inspir\u00e9s par l\u2019hiver tel que \u00ab\u00a0No\u00ebl blanc\u00a0\u00bb, du Gospel \u00e9galement, &hellip;<a href=\"https:\/\/www.brenne-au-coeur.com\/index.php\/2022\/12\/12\/chants-et-contes-de-noel-a-la-lisette\/communes\/sainte-gemme\/3587\/\" class=\"more-link\">Lire la suite...<\/a><\/div><\/li><li class=\"rpwe-li rpwe-clearfix\"><a class=\"rpwe-img\" href=\"https:\/\/www.brenne-au-coeur.com\/index.php\/2022\/12\/12\/le-club-de-natation-de-chatillon-en-haut-de-la-vague\/chatillon-sur-indre\/3580\/\" target=\"_self\"><img class=\"rpwe-alignleft rpwe-thumb\" src=\"https:\/\/www.brenne-au-coeur.com\/wp-content\/uploads\/2022\/12\/club-chatillon-4-120x120.jpg\" alt=\"Le club de natation de Ch\u00e2tillon, en haut de la vague\" height=\"120\" width=\"120\" loading=\"lazy\" decoding=\"async\"><\/a><h3 class=\"rpwe-title\"><a href=\"https:\/\/www.brenne-au-coeur.com\/index.php\/2022\/12\/12\/le-club-de-natation-de-chatillon-en-haut-de-la-vague\/chatillon-sur-indre\/3580\/\" target=\"_self\">Le club de natation de Ch\u00e2tillon, en haut de la vague<\/a><\/h3><time class=\"rpwe-time published\" datetime=\"2022-12-12T11:54:22+01:00\">12 d\u00e9cembre 2022<\/time><div class=\"rpwe-summary\">Le Club Nautique de Ch\u00e2tillon-sur-Indre (CNCI), avec 252 licenci\u00e9s, dont pr\u00e8s de 70 enfants, est d\u00e9sormais le club le plus important du d\u00e9partement en nombre d\u2019adh\u00e9rents. Il accueille m\u00eame dans ses rangs, des personnes venant du sud de l\u2019Indre et Loire ou bien encore du Loir et Cher. Si la &hellip;<a href=\"https:\/\/www.brenne-au-coeur.com\/index.php\/2022\/12\/12\/le-club-de-natation-de-chatillon-en-haut-de-la-vague\/chatillon-sur-indre\/3580\/\" class=\"more-link\">Lire la suite...<\/a><\/div><\/li><li class=\"rpwe-li rpwe-clearfix\"><a class=\"rpwe-img\" href=\"https:\/\/www.brenne-au-coeur.com\/index.php\/2022\/12\/05\/vin-sur-vin-spectacle-degustation-au-grand-aslon\/communes\/linge\/3562\/\" target=\"_self\"><img class=\"rpwe-alignleft rpwe-thumb\" src=\"https:\/\/www.brenne-au-coeur.com\/wp-content\/uploads\/2022\/12\/vin-vin-120x120.jpeg\" alt=\"Vin sur vin. Spectacle d\u00e9gustation au Grand Aslon\" height=\"120\" width=\"120\" loading=\"lazy\" decoding=\"async\"><\/a><h3 class=\"rpwe-title\"><a href=\"https:\/\/www.brenne-au-coeur.com\/index.php\/2022\/12\/05\/vin-sur-vin-spectacle-degustation-au-grand-aslon\/communes\/linge\/3562\/\" target=\"_self\">Vin sur vin. Spectacle d\u00e9gustation au Grand Aslon<\/a><\/h3><time class=\"rpwe-time published\" datetime=\"2022-12-05T19:04:20+01:00\">5 d\u00e9cembre 2022<\/time><div class=\"rpwe-summary\">Samedi 10 d\u00e9cembre, \u00e0 20h, au Grand Aslon \u00e0 Ling\u00e9, l\u2019association Noces de Paroles organise une soir\u00e9e spectacle. Deux conteurs, Kamel Guennoun et Bernard Barbier raconteront des histoires sur le vin et sa d\u00e9gustation. Ainsi que le rappelle le site \u00ab\u00a0paroles de conteurs\u00a0\u00bb, Kamel Guennoun, na\u00eet en 1953 \u00e0 Royan, &hellip;<a href=\"https:\/\/www.brenne-au-coeur.com\/index.php\/2022\/12\/05\/vin-sur-vin-spectacle-degustation-au-grand-aslon\/communes\/linge\/3562\/\" class=\"more-link\">Lire la suite...<\/a><\/div><\/li><li class=\"rpwe-li rpwe-clearfix\"><a class=\"rpwe-img\" href=\"https:\/\/www.brenne-au-coeur.com\/index.php\/2022\/12\/05\/des-sapins-dcheu-nous\/communes\/mezieres-en-brenne\/3553\/\" target=\"_self\"><img class=\"rpwe-alignleft rpwe-thumb\" src=\"https:\/\/www.brenne-au-coeur.com\/wp-content\/uploads\/2022\/12\/curti-4.resized-120x120.jpg\" alt=\"Des sapins d\u2019cheu nous\" height=\"120\" width=\"120\" loading=\"lazy\" decoding=\"async\"><\/a><h3 class=\"rpwe-title\"><a href=\"https:\/\/www.brenne-au-coeur.com\/index.php\/2022\/12\/05\/des-sapins-dcheu-nous\/communes\/mezieres-en-brenne\/3553\/\" target=\"_self\">Des sapins d\u2019cheu nous<\/a><\/h3><time class=\"rpwe-time published\" datetime=\"2022-12-05T11:16:00+01:00\">5 d\u00e9cembre 2022<\/time><div class=\"rpwe-summary\">\u00c0 l\u2019entr\u00e9e de M\u00e9zi\u00e8res, route de Ch\u00e2teauroux, une vente directe de sapins est propos\u00e9e par l\u2019entreprise Curti. \u00c0 partir de 20 \u20ac, le prix \u00e9voluant en fonction de la taille (de 80 cm \u00e0 2m50), les habitants peuvent acheter un Nordmann ou un \u00e9pic\u00e9a. Le premier r\u00e9put\u00e9 pour sa r\u00e9sistance &hellip;<a href=\"https:\/\/www.brenne-au-coeur.com\/index.php\/2022\/12\/05\/des-sapins-dcheu-nous\/communes\/mezieres-en-brenne\/3553\/\" class=\"more-link\">Lire la suite...<\/a><\/div><\/li><li class=\"rpwe-li rpwe-clearfix\"><a class=\"rpwe-img\" href=\"https:\/\/www.brenne-au-coeur.com\/index.php\/2022\/12\/01\/journee-de-dons-pour-les-enfants\/communes\/saulnay\/3528\/\" target=\"_self\"><img class=\"rpwe-alignleft rpwe-thumb\" src=\"https:\/\/www.brenne-au-coeur.com\/wp-content\/uploads\/2022\/12\/cadeau-sourires-6.resized-120x120.jpg\" alt=\"Journ\u00e9e de dons pour les enfants\" height=\"120\" width=\"120\" loading=\"lazy\" decoding=\"async\"><\/a><h3 class=\"rpwe-title\"><a href=\"https:\/\/www.brenne-au-coeur.com\/index.php\/2022\/12\/01\/journee-de-dons-pour-les-enfants\/communes\/saulnay\/3528\/\" target=\"_self\">Journ\u00e9e de dons pour les enfants<\/a><\/h3><time class=\"rpwe-time published\" datetime=\"2022-12-01T19:34:34+01:00\">1 d\u00e9cembre 2022<\/time><div class=\"rpwe-summary\">Mercredi 7 d\u00e9cembre, l\u2019association \u00ab\u00a0Un cadeau, des sourires\u00a0\u00bb sera pr\u00e9sente \u00e0 l\u2019hypermarch\u00e9 Leclerc du Blanc, de 9h \u00e0 18h. Elle r\u00e9coltera les dons de jouets destin\u00e9s aux enfants accueillis tout au long de l\u2019ann\u00e9e, au service des urgences de l\u2019h\u00f4pital du Blanc. Les personnes int\u00e9ress\u00e9es pour participer \u00e0 cette initiative, &hellip;<a href=\"https:\/\/www.brenne-au-coeur.com\/index.php\/2022\/12\/01\/journee-de-dons-pour-les-enfants\/communes\/saulnay\/3528\/\" class=\"more-link\">Lire la suite...<\/a><\/div><\/li><li class=\"rpwe-li rpwe-clearfix\"><a class=\"rpwe-img\" href=\"https:\/\/www.brenne-au-coeur.com\/index.php\/2022\/12\/01\/creations-artisanales-a-la-boutique-du-moulin\/communes\/mezieres-en-brenne\/3513\/\" target=\"_self\"><img class=\"rpwe-alignleft rpwe-thumb\" src=\"https:\/\/www.brenne-au-coeur.com\/wp-content\/uploads\/2022\/12\/boutique-moulin-7.resized-rotated-120x120.jpg\" alt=\"Cr\u00e9ations artisanales \u00e0 la boutique du moulin\" height=\"120\" width=\"120\" loading=\"lazy\" decoding=\"async\"><\/a><h3 class=\"rpwe-title\"><a href=\"https:\/\/www.brenne-au-coeur.com\/index.php\/2022\/12\/01\/creations-artisanales-a-la-boutique-du-moulin\/communes\/mezieres-en-brenne\/3513\/\" target=\"_self\">Cr\u00e9ations artisanales \u00e0 la boutique du moulin<\/a><\/h3><time class=\"rpwe-time published\" datetime=\"2022-12-01T18:52:06+01:00\">1 d\u00e9cembre 2022<\/time><div class=\"rpwe-summary\">La boutique du Moulin \u00e0 M\u00e9zi\u00e8res-en-Brenne propose de nombreuses r\u00e9alisations artisanales. Une douzaine de cr\u00e9ateurs de la r\u00e9gion exposent et vendent des objets souvent d\u00e9coratifs, parfois utiles \u00e0 la vie quotidienne, et consommables pour certains. De quoi donner des id\u00e9es de cadeaux \u00e0 l&rsquo;approche des f\u00eates de fin d&rsquo;ann\u00e9e. Sculpture &hellip;<a href=\"https:\/\/www.brenne-au-coeur.com\/index.php\/2022\/12\/01\/creations-artisanales-a-la-boutique-du-moulin\/communes\/mezieres-en-brenne\/3513\/\" class=\"more-link\">Lire la suite...<\/a><\/div><\/li><li class=\"rpwe-li rpwe-clearfix\"><a class=\"rpwe-img\" href=\"https:\/\/www.brenne-au-coeur.com\/index.php\/2022\/11\/23\/animations-en-mediatheques\/communes\/azay-le-ferron-communes\/3408\/\" target=\"_self\"><img class=\"rpwe-alignleft rpwe-thumb\" src=\"https:\/\/www.brenne-au-coeur.com\/wp-content\/uploads\/2022\/11\/Soiree-Doudou-Pyjama-2.resized-e1669313780976-120x120.jpg\" alt=\"Animations en M\u00e9diath\u00e8ques\" height=\"120\" width=\"120\" loading=\"lazy\" decoding=\"async\"><\/a><h3 class=\"rpwe-title\"><a href=\"https:\/\/www.brenne-au-coeur.com\/index.php\/2022\/11\/23\/animations-en-mediatheques\/communes\/azay-le-ferron-communes\/3408\/\" target=\"_self\">Animations en M\u00e9diath\u00e8ques<\/a><\/h3><time class=\"rpwe-time published\" datetime=\"2022-11-23T11:52:55+01:00\">23 novembre 2022<\/time><div class=\"rpwe-summary\">Au cours des semaines \u00e0 venir, qui nous m\u00e8neront au seuil de 2023, les m\u00e9diath\u00e8ques d\u2019Azay-le-Ferron, de Martizay et de M\u00e9zi\u00e8res-en-Brenne proposent de nombreuses animations. De quoi satisfaire grands et petits. Voici quelques rendez-vous, parmi le programme de novembre et d\u00e9cembre. Azay-le-Ferron ~ Cr\u00e9ations d\u2019Annie Houlet Une exposition de peintures &hellip;<a href=\"https:\/\/www.brenne-au-coeur.com\/index.php\/2022\/11\/23\/animations-en-mediatheques\/communes\/azay-le-ferron-communes\/3408\/\" class=\"more-link\">Lire la suite...<\/a><\/div><\/li><li class=\"rpwe-li rpwe-clearfix\"><a class=\"rpwe-img\" href=\"https:\/\/www.brenne-au-coeur.com\/index.php\/2022\/11\/22\/la-peche-en-etang-entre-tradition-et-avenir\/communes\/mezieres-en-brenne\/3288\/\" target=\"_self\"><img class=\"rpwe-alignleft rpwe-thumb\" src=\"https:\/\/www.brenne-au-coeur.com\/wp-content\/uploads\/2022\/11\/peche-3-120x120.jpg\" alt=\"La p\u00eache en \u00e9tang, entre tradition et avenir\" height=\"120\" width=\"120\" loading=\"lazy\" decoding=\"async\"><\/a><h3 class=\"rpwe-title\"><a href=\"https:\/\/www.brenne-au-coeur.com\/index.php\/2022\/11\/22\/la-peche-en-etang-entre-tradition-et-avenir\/communes\/mezieres-en-brenne\/3288\/\" target=\"_self\">La p\u00eache en \u00e9tang, entre tradition et avenir<\/a><\/h3><time class=\"rpwe-time published\" datetime=\"2022-11-22T12:30:46+01:00\">22 novembre 2022<\/time><div class=\"rpwe-summary\">Lundi 31 octobre, une visite comment\u00e9e d\u2019une p\u00eache en \u00e9tang \u00e9tait organis\u00e9e par Destination-Brenne et la F\u00e9d\u00e9ration Aquacole de la R\u00e9gion Centre (FAReC), en partenariat avec le Syndicat des Exploitants Piscicoles de la Brenne (SEPB). Ce type d\u2019animation, qui se tenait au bord d\u2019un \u00e9tang proche de M\u00e9zi\u00e8res, est propos\u00e9e &hellip;<a href=\"https:\/\/www.brenne-au-coeur.com\/index.php\/2022\/11\/22\/la-peche-en-etang-entre-tradition-et-avenir\/communes\/mezieres-en-brenne\/3288\/\" class=\"more-link\">Lire la suite...<\/a><\/div><\/li><li class=\"rpwe-li rpwe-clearfix\"><a class=\"rpwe-img\" href=\"https:\/\/www.brenne-au-coeur.com\/index.php\/2022\/11\/09\/en-sortant-de-lecole-de-subtray\/communes\/mezieres-en-brenne\/2593\/\" target=\"_self\"><img class=\"rpwe-alignleft rpwe-thumb\" src=\"https:\/\/www.brenne-au-coeur.com\/wp-content\/uploads\/2022\/11\/ecole-subtray.resized-120x120.jpg\" alt=\"En sortant de l&rsquo;\u00e9cole\u2026 de Subtray\" height=\"120\" width=\"120\" loading=\"lazy\" decoding=\"async\"><\/a><h3 class=\"rpwe-title\"><a href=\"https:\/\/www.brenne-au-coeur.com\/index.php\/2022\/11\/09\/en-sortant-de-lecole-de-subtray\/communes\/mezieres-en-brenne\/2593\/\" target=\"_self\">En sortant de l&rsquo;\u00e9cole\u2026 de Subtray<\/a><\/h3><time class=\"rpwe-time published\" datetime=\"2022-11-09T19:49:14+01:00\">9 novembre 2022<\/time><div class=\"rpwe-summary\">Au carrefour des d\u00e9partementales 925 et 926, 1 route de Buzan\u00e7ais, une maison flanqu\u00e9e d\u2019un clocheton en avanc\u00e9e et close par un solide mur bas laisse apercevoir deux arbres plant\u00e9s dans la cour. Cette b\u00e2tisse est l\u2019ancienne \u00e9cole de Subtray, hameau \u00e0 M\u00e9zi\u00e8res-en-Brenne, dont nous allons retracer l\u2019histoire, de sa &hellip;<a href=\"https:\/\/www.brenne-au-coeur.com\/index.php\/2022\/11\/09\/en-sortant-de-lecole-de-subtray\/communes\/mezieres-en-brenne\/2593\/\" class=\"more-link\">Lire la suite...<\/a><\/div><\/li><li class=\"rpwe-li rpwe-clearfix\"><a class=\"rpwe-img\" href=\"https:\/\/www.brenne-au-coeur.com\/index.php\/2022\/11\/08\/histoires-dici-et-dailleurs\/communes\/mezieres-en-brenne\/2579\/\" target=\"_self\"><img class=\"rpwe-alignleft rpwe-thumb\" src=\"https:\/\/www.brenne-au-coeur.com\/wp-content\/uploads\/2022\/11\/je-vous-ecris-de-teheran-120x120.jpg\" alt=\"Histoires d\u2019ici et d\u2019ailleurs\" height=\"120\" width=\"120\" loading=\"lazy\" decoding=\"async\"><\/a><h3 class=\"rpwe-title\"><a href=\"https:\/\/www.brenne-au-coeur.com\/index.php\/2022\/11\/08\/histoires-dici-et-dailleurs\/communes\/mezieres-en-brenne\/2579\/\" target=\"_self\">Histoires d\u2019ici et d\u2019ailleurs<\/a><\/h3><time class=\"rpwe-time published\" datetime=\"2022-11-08T18:13:51+01:00\">8 novembre 2022<\/time><div class=\"rpwe-summary\">D\u2019une petite ville de l\u2019Est de la France \u00e0 l\u2019Iran, en passant par l\u2019Irlande, le Maroc et bien d\u2019autres r\u00e9gions et pays, les livres pr\u00e9sent\u00e9s ce mois-ci, au club de lecture de M\u00e9zi\u00e8res, t\u00e9moignent de vies souvent m\u00eal\u00e9s aux diff\u00e9rents contextes historiques et politiques. Connemara Nicolas Mathieu. Roman. 2022. Editeur\u00a0: &hellip;<a href=\"https:\/\/www.brenne-au-coeur.com\/index.php\/2022\/11\/08\/histoires-dici-et-dailleurs\/communes\/mezieres-en-brenne\/2579\/\" class=\"more-link\">Lire la suite...<\/a><\/div><\/li><li class=\"rpwe-li rpwe-clearfix\"><a class=\"rpwe-img\" href=\"https:\/\/www.brenne-au-coeur.com\/index.php\/2022\/11\/08\/les-peintures-de-jean-claude-baron-au-moulin\/communes\/mezieres-en-brenne\/2572\/\" target=\"_self\"><img class=\"rpwe-alignleft rpwe-thumb\" src=\"https:\/\/www.brenne-au-coeur.com\/wp-content\/uploads\/2022\/11\/argenton.resized-120x120.jpg\" alt=\"Les peintures de Jean-Claude Baron au Moulin\" height=\"120\" width=\"120\" loading=\"lazy\" decoding=\"async\"><\/a><h3 class=\"rpwe-title\"><a href=\"https:\/\/www.brenne-au-coeur.com\/index.php\/2022\/11\/08\/les-peintures-de-jean-claude-baron-au-moulin\/communes\/mezieres-en-brenne\/2572\/\" target=\"_self\">Les peintures de Jean-Claude Baron au Moulin<\/a><\/h3><time class=\"rpwe-time published\" datetime=\"2022-11-08T17:49:32+01:00\">8 novembre 2022<\/time><div class=\"rpwe-summary\">Jean-Claude Baron expose ses tableaux au Moulin de M\u00e9zi\u00e8res, jusqu\u2019au 24 novembre prochain. Comme l\u2019a soulign\u00e9 H\u00e9l\u00e8ne Andrew-Peraldi, lors du vernissage de l\u2019exposition\u00a0: \u00ab\u00a0Celui qui re\u00e7ut le prix du Moulin lors du 35\u00e8me Salon des peintres de la Brenne, nous invite \u00e0 voyager avec lui et \u00e0 d\u00e9couvrir au d\u00e9tour &hellip;<a href=\"https:\/\/www.brenne-au-coeur.com\/index.php\/2022\/11\/08\/les-peintures-de-jean-claude-baron-au-moulin\/communes\/mezieres-en-brenne\/2572\/\" class=\"more-link\">Lire la suite...<\/a><\/div><\/li><li class=\"rpwe-li rpwe-clearfix\"><a class=\"rpwe-img\" href=\"https:\/\/www.brenne-au-coeur.com\/index.php\/2022\/10\/23\/la-clef-dans-le-sac-le-festival-est-ouvert\/chateau-dazay-le-ferron\/2460\/\" target=\"_self\"><img class=\"rpwe-alignleft rpwe-thumb\" src=\"https:\/\/www.brenne-au-coeur.com\/wp-content\/uploads\/2022\/11\/armelle-et-peppo.resized-120x120.jpg\" alt=\"La clef dans le sac, le festival est ouvert\" height=\"120\" width=\"120\" loading=\"lazy\" decoding=\"async\"><\/a><h3 class=\"rpwe-title\"><a href=\"https:\/\/www.brenne-au-coeur.com\/index.php\/2022\/10\/23\/la-clef-dans-le-sac-le-festival-est-ouvert\/chateau-dazay-le-ferron\/2460\/\" target=\"_self\">La clef dans le sac, le festival est ouvert<\/a><\/h3><time class=\"rpwe-time published\" datetime=\"2022-10-23T18:05:23+02:00\">23 octobre 2022<\/time><div class=\"rpwe-summary\">Vendredi 21 octobre, au ch\u00e2teau d\u2019Azay-le-Ferron, la 11\u00e8me \u00e9dition du festival de contes* \u00ab&nbsp;La clef dans le sac&nbsp;\u00bb (qui se tient jusqu\u2019au 28 octobre) s\u2019ouvrait en compagnie d\u2019Armelle et Peppo Audigane et de David Torm\u00e9na. Pour ce premier conte, Armelle et Peppo ont invit\u00e9 le public \u00e0 suivre les aventures &hellip;<a href=\"https:\/\/www.brenne-au-coeur.com\/index.php\/2022\/10\/23\/la-clef-dans-le-sac-le-festival-est-ouvert\/chateau-dazay-le-ferron\/2460\/\" class=\"more-link\">Lire la suite...<\/a><\/div><\/li><li class=\"rpwe-li rpwe-clearfix\"><a class=\"rpwe-img\" href=\"https:\/\/www.brenne-au-coeur.com\/index.php\/2022\/10\/23\/manieres-detre-vivants\/communes\/azay-le-ferron-communes\/2457\/\" target=\"_self\"><img class=\"rpwe-alignleft rpwe-thumb\" src=\"https:\/\/www.brenne-au-coeur.com\/wp-content\/uploads\/2022\/11\/expo-cazy-2.resized-120x120.jpg\" alt=\"Mani\u00e8res d\u2019\u00eatre vivants\" height=\"120\" width=\"120\" loading=\"lazy\" decoding=\"async\"><\/a><h3 class=\"rpwe-title\"><a href=\"https:\/\/www.brenne-au-coeur.com\/index.php\/2022\/10\/23\/manieres-detre-vivants\/communes\/azay-le-ferron-communes\/2457\/\" target=\"_self\">Mani\u00e8res d\u2019\u00eatre vivants<\/a><\/h3><time class=\"rpwe-time published\" datetime=\"2022-10-23T16:09:48+02:00\">23 octobre 2022<\/time><div class=\"rpwe-summary\">La m\u00e9diath\u00e8que d\u2019Azay-le-Ferron accueille jusqu\u2019au 2 novembre \u00ab\u00a0Mani\u00e8res d\u2019\u00eatre vivants\u00a0\u00bb, une exposition de photographies de Louise Cazy. Elles ont \u00e9t\u00e9 r\u00e9alis\u00e9es lors d\u2019une s\u00e9rie de dix rencontres artistiques organis\u00e9es entre septembre 2021 et juin 2022. Elles r\u00e9unissaient six r\u00e9sidents du foyer accueil m\u00e9dicalis\u00e9 de l\u2019ADAPEI 36 de Ch\u00e2teauroux et quatre &hellip;<a href=\"https:\/\/www.brenne-au-coeur.com\/index.php\/2022\/10\/23\/manieres-detre-vivants\/communes\/azay-le-ferron-communes\/2457\/\" class=\"more-link\">Lire la suite...<\/a><\/div><\/li><li class=\"rpwe-li rpwe-clearfix\"><a class=\"rpwe-img\" href=\"https:\/\/www.brenne-au-coeur.com\/index.php\/2022\/10\/09\/un-choeur-pour-des-bonnes-causes\/communes\/sainte-gemme\/2437\/\" target=\"_self\"><img class=\"rpwe-alignleft rpwe-thumb\" src=\"https:\/\/www.brenne-au-coeur.com\/wp-content\/uploads\/2022\/11\/IMG_8123-scaled-1-120x120.jpg\" alt=\"Un ch\u0153ur pour des bonnes causes\" height=\"120\" width=\"120\" loading=\"lazy\" decoding=\"async\"><\/a><h3 class=\"rpwe-title\"><a href=\"https:\/\/www.brenne-au-coeur.com\/index.php\/2022\/10\/09\/un-choeur-pour-des-bonnes-causes\/communes\/sainte-gemme\/2437\/\" target=\"_self\">Un ch\u0153ur pour des bonnes causes<\/a><\/h3><time class=\"rpwe-time published\" datetime=\"2022-10-09T11:31:58+02:00\">9 octobre 2022<\/time><div class=\"rpwe-summary\">Samedi 1er octobre, la chorale \u00ab&nbsp;Allegro&nbsp;\u00bb de Saint-Gaultier s\u2019est produite dans l\u2019\u00e9glise de Sainte-Gemme. Un concert organis\u00e9 par l\u2019association \u00ab&nbsp;Partenaire de l\u2019espoir *\u00bb pour financer les recherches de l\u2019Association Fran\u00e7aise contre les Myopathies (AFM). Reprise du r\u00e9pertoire classique, avec la valse n\u00b02 de Chostakovitch, interpr\u00e9tation de succ\u00e8s de la vari\u00e9t\u00e9 &hellip;<a href=\"https:\/\/www.brenne-au-coeur.com\/index.php\/2022\/10\/09\/un-choeur-pour-des-bonnes-causes\/communes\/sainte-gemme\/2437\/\" class=\"more-link\">Lire la suite...<\/a><\/div><\/li><li class=\"rpwe-li rpwe-clearfix\"><a class=\"rpwe-img\" href=\"https:\/\/www.brenne-au-coeur.com\/index.php\/2022\/10\/06\/combats-libertes-et-emancipation-au-club-de-lecture\/communes\/mezieres-en-brenne\/2421\/\" target=\"_self\"><img class=\"rpwe-alignleft rpwe-thumb\" src=\"https:\/\/www.brenne-au-coeur.com\/wp-content\/uploads\/2022\/11\/le-sang-des-cerises-120x120.jpg\" alt=\"Combats, libert\u00e9s et \u00e9mancipation au club de lecture\" height=\"120\" width=\"120\" loading=\"lazy\" decoding=\"async\"><\/a><h3 class=\"rpwe-title\"><a href=\"https:\/\/www.brenne-au-coeur.com\/index.php\/2022\/10\/06\/combats-libertes-et-emancipation-au-club-de-lecture\/communes\/mezieres-en-brenne\/2421\/\" target=\"_self\">Combats, libert\u00e9s et \u00e9mancipation au club de lecture<\/a><\/h3><time class=\"rpwe-time published\" datetime=\"2022-10-06T16:21:18+02:00\">6 octobre 2022<\/time><div class=\"rpwe-summary\">Pour leur r\u00e9union du mois de septembre, les participants au club de lecture de M\u00e9zi\u00e8res se sont retrouv\u00e9s autour de livres aux th\u00e8mes forts. T\u00e9moignages de r\u00e9alit\u00e9s sociale et politique diverses, les ouvrages portent, pour la plupart, sur des combats \u00e9mancipateurs. De la lutte parisienne de la Commune de 1871, &hellip;<a href=\"https:\/\/www.brenne-au-coeur.com\/index.php\/2022\/10\/06\/combats-libertes-et-emancipation-au-club-de-lecture\/communes\/mezieres-en-brenne\/2421\/\" class=\"more-link\">Lire la suite...<\/a><\/div><\/li><li class=\"rpwe-li rpwe-clearfix\"><a class=\"rpwe-img\" href=\"https:\/\/www.brenne-au-coeur.com\/index.php\/2022\/09\/18\/des-chansons-et-des-jeux-au-cafe-associatif-de-la-lisette\/communes\/sainte-gemme\/2366\/\" target=\"_self\"><img class=\"rpwe-alignleft rpwe-thumb\" src=\"https:\/\/www.brenne-au-coeur.com\/wp-content\/uploads\/2022\/09\/Affiche_PSDJ_CMJN_006.resized-120x120.jpg\" alt=\"chansons et jeux, au caf\u00e9 associatif \u00ab\u00a0La lisette\u00a0\u00bb\" height=\"120\" width=\"120\" loading=\"lazy\" decoding=\"async\"><\/a><h3 class=\"rpwe-title\"><a href=\"https:\/\/www.brenne-au-coeur.com\/index.php\/2022\/09\/18\/des-chansons-et-des-jeux-au-cafe-associatif-de-la-lisette\/communes\/sainte-gemme\/2366\/\" target=\"_self\">chansons et jeux, au caf\u00e9 associatif \u00ab\u00a0La lisette\u00a0\u00bb<\/a><\/h3><time class=\"rpwe-time published\" datetime=\"2022-09-18T14:14:14+02:00\">18 septembre 2022<\/time><div class=\"rpwe-summary\">Vendredi 23 septembre \u00e0 19h, au caf\u00e9 \u00ab\u00a0La Lisette\u00a0\u00bb \u00e0 Sainte Gemme, le groupe \u00ab\u00a0Love Machines\u00a0\u00bb pr\u00e9sentera un spectacle de chansons fran\u00e7aises. L&rsquo;affiche du concert le pr\u00e9cise \u00ab\u00a0Venez chanter avec nous \u00ab\u00a0. Au son de l&rsquo;accord\u00e9on, de la guitare et de la contrebasse, mais pas seulement, le groupe \u00ab\u00a0Love Machines\u00a0\u00bb &hellip;<a href=\"https:\/\/www.brenne-au-coeur.com\/index.php\/2022\/09\/18\/des-chansons-et-des-jeux-au-cafe-associatif-de-la-lisette\/communes\/sainte-gemme\/2366\/\" class=\"more-link\">Lire la suite...<\/a><\/div><\/li><li class=\"rpwe-li rpwe-clearfix\"><a class=\"rpwe-img\" href=\"https:\/\/www.brenne-au-coeur.com\/index.php\/2022\/08\/31\/lair-leau-les-pompes-a-vent-de-brenne\/communes\/sainte-gemme\/2332\/\" target=\"_self\"><img class=\"rpwe-alignleft rpwe-thumb\" src=\"https:\/\/www.brenne-au-coeur.com\/wp-content\/uploads\/2022\/08\/eolienne-11-120x120.jpeg\" alt=\"L\u2019air, l\u2019eau, les \u00ab\u00a0pompes \u00e0 vent\u00a0\u00bb de Brenne\" height=\"120\" width=\"120\" loading=\"lazy\" decoding=\"async\"><\/a><h3 class=\"rpwe-title\"><a href=\"https:\/\/www.brenne-au-coeur.com\/index.php\/2022\/08\/31\/lair-leau-les-pompes-a-vent-de-brenne\/communes\/sainte-gemme\/2332\/\" target=\"_self\">L\u2019air, l\u2019eau, les \u00ab\u00a0pompes \u00e0 vent\u00a0\u00bb de Brenne<\/a><\/h3><time class=\"rpwe-time published\" datetime=\"2022-08-31T17:47:45+02:00\">31 ao\u00fbt 2022<\/time><div class=\"rpwe-summary\">En randonnant ou en voiture, avez-vous d\u00e9j\u00e0 aper\u00e7u, en Brenne exclusivement, des pales cercl\u00e9es de m\u00e9tal pos\u00e9es sur une fine tubulure m\u00e9tallique, doubl\u00e9e d\u2019un escalier tr\u00e8s \u00e9troit, tr\u00f4nant fi\u00e8rement dans une propri\u00e9t\u00e9\u00a0? Il s\u2019agit des \u00e9oliennes Boll\u00e9e ou \u00ab\u00a0pompes \u00e0 vent\u00a0\u00bb dont nous allons vous conter l\u2019histoire industrielle et vous &hellip;<a href=\"https:\/\/www.brenne-au-coeur.com\/index.php\/2022\/08\/31\/lair-leau-les-pompes-a-vent-de-brenne\/communes\/sainte-gemme\/2332\/\" class=\"more-link\">Lire la suite...<\/a><\/div><\/li><li class=\"rpwe-li rpwe-clearfix\"><a class=\"rpwe-img\" href=\"https:\/\/www.brenne-au-coeur.com\/index.php\/2022\/08\/31\/a-chacun-sa-piscine\/evenements\/2326\/\" target=\"_self\"><img class=\"rpwe-alignleft rpwe-thumb\" src=\"https:\/\/www.brenne-au-coeur.com\/wp-content\/uploads\/2022\/08\/portes-ouvertes-piscine.resized-120x120.jpg\" alt=\"\u00c0 chacun sa piscine\" height=\"120\" width=\"120\" loading=\"lazy\" decoding=\"async\"><\/a><h3 class=\"rpwe-title\"><a href=\"https:\/\/www.brenne-au-coeur.com\/index.php\/2022\/08\/31\/a-chacun-sa-piscine\/evenements\/2326\/\" target=\"_self\">\u00c0 chacun sa piscine<\/a><\/h3><time class=\"rpwe-time published\" datetime=\"2022-08-31T16:52:47+02:00\">31 ao\u00fbt 2022<\/time><div class=\"rpwe-summary\">Samedi 17 septembre, de 13h \u00e0 17h, piscine A.Freville, les animateurs du club nautique de Ch\u00e2tillon ouvrent leurs portes. Ils donneront l\u2019occasion au public, de d\u00e9couvrir la diversit\u00e9 des leurs activit\u00e9s. Et c\u2019est peu de dire qu\u2019il y en a pour tous. Jeunes, tr\u00e8s jeunes, moins jeunes, d\u00e9butants, exp\u00e9riment\u00e9s, comp\u00e9titeurs\u2026 &hellip;<a href=\"https:\/\/www.brenne-au-coeur.com\/index.php\/2022\/08\/31\/a-chacun-sa-piscine\/evenements\/2326\/\" class=\"more-link\">Lire la suite...<\/a><\/div><\/li><li class=\"rpwe-li rpwe-clearfix\"><a class=\"rpwe-img\" href=\"https:\/\/www.brenne-au-coeur.com\/index.php\/2022\/08\/31\/brassens-revisite-au-manoir-des-arts\/communes\/obterre\/2318\/\" target=\"_self\"><img class=\"rpwe-alignleft rpwe-thumb\" src=\"https:\/\/www.brenne-au-coeur.com\/wp-content\/uploads\/2022\/08\/Brassens-18-Sept-17h-Jaugette.resized-120x120.jpg\" alt=\"Brassens revisit\u00e9 au Manoir des Arts\" height=\"120\" width=\"120\" loading=\"lazy\" decoding=\"async\"><\/a><h3 class=\"rpwe-title\"><a href=\"https:\/\/www.brenne-au-coeur.com\/index.php\/2022\/08\/31\/brassens-revisite-au-manoir-des-arts\/communes\/obterre\/2318\/\" target=\"_self\">Brassens revisit\u00e9 au Manoir des Arts<\/a><\/h3><time class=\"rpwe-time published\" datetime=\"2022-08-31T16:29:51+02:00\">31 ao\u00fbt 2022<\/time><div class=\"rpwe-summary\">Dimanche 18 Septembre \u00e0 17h, le Manoir des Arts de Jaugette, honorera un artiste majeur de la sc\u00e8ne musicale fran\u00e7aise\u00a0: Georges Brassens, dans le cadre des Journ\u00e9es Europ\u00e9ennes du Patrimoines (17-18 Septembre). Ce spectacle ach\u00e8ve l\u2019\u00e9dition 2022 des rencontres musicales qui ont f\u00eat\u00e9 dignement leur dixi\u00e8me anniversaire, et procur\u00e9 au &hellip;<a href=\"https:\/\/www.brenne-au-coeur.com\/index.php\/2022\/08\/31\/brassens-revisite-au-manoir-des-arts\/communes\/obterre\/2318\/\" class=\"more-link\">Lire la suite...<\/a><\/div><\/li><li class=\"rpwe-li rpwe-clearfix\"><a class=\"rpwe-img\" href=\"https:\/\/www.brenne-au-coeur.com\/index.php\/2022\/08\/25\/forum-des-assos-a-azay\/communes\/azay-le-ferron-communes\/2300\/\" target=\"_self\"><img class=\"rpwe-alignleft rpwe-thumb\" src=\"https:\/\/www.brenne-au-coeur.com\/wp-content\/uploads\/2022\/08\/affiche-forum.resized-120x120.jpg\" alt=\"Forum des Asso\u2019s \u00e0 Azay\" height=\"120\" width=\"120\" loading=\"lazy\" decoding=\"async\"><\/a><h3 class=\"rpwe-title\"><a href=\"https:\/\/www.brenne-au-coeur.com\/index.php\/2022\/08\/25\/forum-des-assos-a-azay\/communes\/azay-le-ferron-communes\/2300\/\" target=\"_self\">Forum des Asso\u2019s \u00e0 Azay<\/a><\/h3><time class=\"rpwe-time published\" datetime=\"2022-08-25T15:41:19+02:00\">25 ao\u00fbt 2022<\/time><div class=\"rpwe-summary\">Samedi 3 septembre, les associations d\u2019Azay-le-Ferron organisent leur premier forum. \u00c0 partir de 14h00, les stands seront install\u00e9s derri\u00e8re la salle des f\u00eates. Mais les animations d\u00e9buteront d\u00e8s le matin. Le club de marche propose une randonn\u00e9e de 9h30 \u00e0 11h30, \u00e0 partir du parking de la salle des f\u00eates. &hellip;<a href=\"https:\/\/www.brenne-au-coeur.com\/index.php\/2022\/08\/25\/forum-des-assos-a-azay\/communes\/azay-le-ferron-communes\/2300\/\" class=\"more-link\">Lire la suite...<\/a><\/div><\/li><li class=\"rpwe-li rpwe-clearfix\"><a class=\"rpwe-img\" href=\"https:\/\/www.brenne-au-coeur.com\/index.php\/2022\/08\/24\/une-rando-un-cadeau-des-sourires\/communes\/saulnay\/2284\/\" target=\"_self\"><img class=\"rpwe-alignleft rpwe-thumb\" src=\"https:\/\/www.brenne-au-coeur.com\/wp-content\/uploads\/2022\/08\/cadeau-sourires-1.resized-120x120.jpg\" alt=\"Une rando, un cadeau, des sourires\" height=\"120\" width=\"120\" loading=\"lazy\" decoding=\"async\"><\/a><h3 class=\"rpwe-title\"><a href=\"https:\/\/www.brenne-au-coeur.com\/index.php\/2022\/08\/24\/une-rando-un-cadeau-des-sourires\/communes\/saulnay\/2284\/\" target=\"_self\">Une rando, un cadeau, des sourires<\/a><\/h3><time class=\"rpwe-time published\" datetime=\"2022-08-24T16:58:04+02:00\">24 ao\u00fbt 2022<\/time><div class=\"rpwe-summary\">Dimanche 4 septembre, l\u2019association \u00ab&nbsp;Un cadeau des sourires&nbsp;\u00bb organise sa randonn\u00e9e annuelle. L\u2019inscription (3 \u20ac) aura lieu \u00e0 partir de 8h30 au stade de Saulnay. Au programme, deux parcours de 10 et 15 km. Un ravitaillement est pr\u00e9vu sur les trajets. \u00c0 l\u2019arriv\u00e9e, tous les randonneurs seront invit\u00e9s \u00e0 partager &hellip;<a href=\"https:\/\/www.brenne-au-coeur.com\/index.php\/2022\/08\/24\/une-rando-un-cadeau-des-sourires\/communes\/saulnay\/2284\/\" class=\"more-link\">Lire la suite...<\/a><\/div><\/li><li class=\"rpwe-li rpwe-clearfix\"><a class=\"rpwe-img\" href=\"https:\/\/www.brenne-au-coeur.com\/index.php\/2022\/08\/23\/tartine-partie-a-clion\/evenements\/2279\/\" target=\"_self\"><img class=\"rpwe-alignleft rpwe-thumb\" src=\"https:\/\/www.brenne-au-coeur.com\/wp-content\/uploads\/2022\/08\/clion.resized-120x120.jpg\" alt=\"Tartine-partie \u00e0 Clion\" height=\"120\" width=\"120\" loading=\"lazy\" decoding=\"async\"><\/a><h3 class=\"rpwe-title\"><a href=\"https:\/\/www.brenne-au-coeur.com\/index.php\/2022\/08\/23\/tartine-partie-a-clion\/evenements\/2279\/\" target=\"_self\">Tartine-partie \u00e0 Clion<\/a><\/h3><time class=\"rpwe-time published\" datetime=\"2022-08-23T13:04:31+02:00\">23 ao\u00fbt 2022<\/time><div class=\"rpwe-summary\">Samedi 3 septembre, l\u2019association \u00ab\u00a0Le panier fermier 36&nbsp;\u00bb organise sa Tartine-partie dans la salle des f\u00eates de Clion-sur-Indre. La soir\u00e9e d\u00e9butera \u00e0\u00a0 18h15, par la projection du film \u00ab&nbsp;La protection de la nature est-elle en \u00e9chec&nbsp;?&nbsp;\u00bb Ce court-m\u00e9trage est r\u00e9alis\u00e9 par la cha\u00eene youtube \u00ab\u00a0Partager c\u2019est sympa\u00a0\u00bb Les spectateurs pourront &hellip;<a href=\"https:\/\/www.brenne-au-coeur.com\/index.php\/2022\/08\/23\/tartine-partie-a-clion\/evenements\/2279\/\" class=\"more-link\">Lire la suite...<\/a><\/div><\/li><li class=\"rpwe-li rpwe-clearfix\"><a class=\"rpwe-img\" href=\"https:\/\/www.brenne-au-coeur.com\/index.php\/2022\/08\/19\/cap-ou-pas-cap\/communes\/azay-le-ferron-communes\/2265\/\" target=\"_self\"><img class=\"rpwe-alignleft rpwe-thumb\" src=\"https:\/\/www.brenne-au-coeur.com\/wp-content\/uploads\/2022\/08\/cap-ou-pas-cap-120x120.jpg\" alt=\"Cap ou pas cap\u00a0?\" height=\"120\" width=\"120\" loading=\"lazy\" decoding=\"async\"><\/a><h3 class=\"rpwe-title\"><a href=\"https:\/\/www.brenne-au-coeur.com\/index.php\/2022\/08\/19\/cap-ou-pas-cap\/communes\/azay-le-ferron-communes\/2265\/\" target=\"_self\">Cap ou pas cap\u00a0?<\/a><\/h3><time class=\"rpwe-time published\" datetime=\"2022-08-19T09:53:04+02:00\">19 ao\u00fbt 2022<\/time><div class=\"rpwe-summary\">Si vous voulez conna\u00eetre la r\u00e9ponse, rendez-vous \u00e0 la m\u00e9diath\u00e8que d\u2019Azay-le-Ferron, vendredi 26 ao\u00fbt \u00e0 16h. Vous assisterez \u00e0 une \u0153uvre artistique originale et \u00e9tonnante. Cap ou pas cap&nbsp;? est une clownerie musicale, un divertissement pour tout public, de courte dur\u00e9e (environ trente minutes), Cette pi\u00e8ce \u00e9ph\u00e9m\u00e8re jou\u00e9e seulement \u00e0 &hellip;<a href=\"https:\/\/www.brenne-au-coeur.com\/index.php\/2022\/08\/19\/cap-ou-pas-cap\/communes\/azay-le-ferron-communes\/2265\/\" class=\"more-link\">Lire la suite...<\/a><\/div><\/li><li class=\"rpwe-li rpwe-clearfix\"><a class=\"rpwe-img\" href=\"https:\/\/www.brenne-au-coeur.com\/index.php\/2022\/08\/17\/le-nord-invite-au-moulin\/communes\/mezieres-en-brenne\/2254\/\" target=\"_self\"><img class=\"rpwe-alignleft rpwe-thumb\" src=\"https:\/\/www.brenne-au-coeur.com\/wp-content\/uploads\/2022\/08\/mebas-2022-2.resized-rotated-120x120.jpg\" alt=\"Le Nord invit\u00e9 au Moulin\" height=\"120\" width=\"120\" loading=\"lazy\" decoding=\"async\"><\/a><h3 class=\"rpwe-title\"><a href=\"https:\/\/www.brenne-au-coeur.com\/index.php\/2022\/08\/17\/le-nord-invite-au-moulin\/communes\/mezieres-en-brenne\/2254\/\" target=\"_self\">Le Nord invit\u00e9 au Moulin<\/a><\/h3><time class=\"rpwe-time published\" datetime=\"2022-08-17T17:47:44+02:00\">17 ao\u00fbt 2022<\/time><div class=\"rpwe-summary\">L\u2019\u00e9dition 2022 du M\u00e9zi\u00e8res-En-Brenne Art Contemporain (MEBAC) accueille les \u0153uvres de Fran\u00e7ois Lesage, jusqu\u2019au 1e septembre. La salle d\u2019exposition de l\u2019association le Moulin transporte les visiteurs dans le nord du pays. Sur les murs se c\u00f4toient les paysages de la c\u00f4te d\u2019Opale, les plages du nord, de Malo les Bains, &hellip;<a href=\"https:\/\/www.brenne-au-coeur.com\/index.php\/2022\/08\/17\/le-nord-invite-au-moulin\/communes\/mezieres-en-brenne\/2254\/\" class=\"more-link\">Lire la suite...<\/a><\/div><\/li><li class=\"rpwe-li rpwe-clearfix\"><a class=\"rpwe-img\" href=\"https:\/\/www.brenne-au-coeur.com\/index.php\/2022\/08\/07\/bal-trad-a-mezieres\/communes\/mezieres-en-brenne\/2242\/\" target=\"_self\"><img class=\"rpwe-alignleft rpwe-thumb\" src=\"https:\/\/www.brenne-au-coeur.com\/wp-content\/uploads\/2022\/08\/Bal-Trad-20221.resized-120x120.jpg\" alt=\"Bal Trad \u00e0 M\u00e9zi\u00e8res\" height=\"120\" width=\"120\" loading=\"lazy\" decoding=\"async\"><\/a><h3 class=\"rpwe-title\"><a href=\"https:\/\/www.brenne-au-coeur.com\/index.php\/2022\/08\/07\/bal-trad-a-mezieres\/communes\/mezieres-en-brenne\/2242\/\" target=\"_self\">Bal Trad \u00e0 M\u00e9zi\u00e8res<\/a><\/h3><time class=\"rpwe-time published\" datetime=\"2022-08-07T12:09:33+02:00\">7 ao\u00fbt 2022<\/time><div class=\"rpwe-summary\">Le traditionnel Bal Trad de M\u00e9zi\u00e8res aura lieu vendredi 12 ao\u00fbt \u00e0 partir de 20h, place Jean Moulin. Le groupe D\u00e9cibal animera la soir\u00e9e, commenc\u00e9e \u00e0 18h30 par la tenue d\u2019un march\u00e9 gourmand. D\u00e9cibal, est un groupe berrichon de musique traditionnelle. Vielle \u00e0 roue, saxophone soprano, fl\u00fbte traversi\u00e8re, bouzouky (luth &hellip;<a href=\"https:\/\/www.brenne-au-coeur.com\/index.php\/2022\/08\/07\/bal-trad-a-mezieres\/communes\/mezieres-en-brenne\/2242\/\" class=\"more-link\">Lire la suite...<\/a><\/div><\/li><li class=\"rpwe-li rpwe-clearfix\"><a class=\"rpwe-img\" href=\"https:\/\/www.brenne-au-coeur.com\/index.php\/2022\/08\/06\/jazz-a-la-haute-touche\/communes\/obterre\/2236\/\" target=\"_self\"><img class=\"rpwe-alignleft rpwe-thumb\" src=\"https:\/\/www.brenne-au-coeur.com\/wp-content\/uploads\/2022\/08\/thumbnail_AFFICHE-JAZZ-2022-version2_Plan-de-travail-1.resized-120x120.jpg\" alt=\"Jazz \u00e0 la Haute-Touche\" height=\"120\" width=\"120\" loading=\"lazy\" decoding=\"async\"><\/a><h3 class=\"rpwe-title\"><a href=\"https:\/\/www.brenne-au-coeur.com\/index.php\/2022\/08\/06\/jazz-a-la-haute-touche\/communes\/obterre\/2236\/\" target=\"_self\">Jazz \u00e0 la Haute-Touche<\/a><\/h3><time class=\"rpwe-time published\" datetime=\"2022-08-06T15:05:55+02:00\">6 ao\u00fbt 2022<\/time><div class=\"rpwe-summary\">L\u2019association des amis de la Haute-Touche organise son traditionnel concert de jazz, dimanche 14 ao\u00fbt \u00e0 20h30, au coeur de la r\u00e9serve zoologique. (attention l\u2019acc\u00e8s s\u2019effectue par la D14 entre Azay-le-Ferron et Obterre) Cette ann\u00e9e encore, le programme promet d\u2019offrir au public, de belles \u00e9motions. Les deux groupes qui vont &hellip;<a href=\"https:\/\/www.brenne-au-coeur.com\/index.php\/2022\/08\/06\/jazz-a-la-haute-touche\/communes\/obterre\/2236\/\" class=\"more-link\">Lire la suite...<\/a><\/div><\/li><li class=\"rpwe-li rpwe-clearfix\"><a class=\"rpwe-img\" href=\"https:\/\/www.brenne-au-coeur.com\/index.php\/2022\/08\/03\/bout-dficelles-prend-des-couleurs\/communes\/paulnay\/2225\/\" target=\"_self\"><img class=\"rpwe-alignleft rpwe-thumb\" src=\"https:\/\/www.brenne-au-coeur.com\/wp-content\/uploads\/2022\/08\/multi-accueil.resized-120x120.jpg\" alt=\"Bout d\u2019ficelle prend des couleurs\" height=\"120\" width=\"120\" loading=\"lazy\" decoding=\"async\"><\/a><h3 class=\"rpwe-title\"><a href=\"https:\/\/www.brenne-au-coeur.com\/index.php\/2022\/08\/03\/bout-dficelles-prend-des-couleurs\/communes\/paulnay\/2225\/\" target=\"_self\">Bout d\u2019ficelle prend des couleurs<\/a><\/h3><time class=\"rpwe-time published\" datetime=\"2022-08-03T15:53:48+02:00\">3 ao\u00fbt 2022<\/time><div class=\"rpwe-summary\">L\u2019entr\u00e9e du multi-accueil Bout d\u2019ficelle de Paulnay a pris des couleurs. La petite all\u00e9e qui conduit \u00e0 la cr\u00e8che a \u00e9t\u00e9 relook\u00e9e, gr\u00e2ce aux ados de l\u2019accueil Loisirs de la Communaut\u00e9 de Commune Coeur de Brenne. Un beau travail qui m\u00e9ritait bien l\u2019inauguration organis\u00e9e fin juillet. Ce fut l\u2019occasion pour &hellip;<a href=\"https:\/\/www.brenne-au-coeur.com\/index.php\/2022\/08\/03\/bout-dficelles-prend-des-couleurs\/communes\/paulnay\/2225\/\" class=\"more-link\">Lire la suite...<\/a><\/div><\/li><li class=\"rpwe-li rpwe-clearfix\"><a class=\"rpwe-img\" href=\"https:\/\/www.brenne-au-coeur.com\/index.php\/2022\/08\/02\/une-vie-en-peintures\/communes\/azay-le-ferron-communes\/2207\/\" target=\"_self\"><img class=\"rpwe-alignleft rpwe-thumb\" src=\"https:\/\/www.brenne-au-coeur.com\/wp-content\/uploads\/2022\/08\/alain-choine-2.resized-rotated-120x120.jpg\" alt=\"Une vie en peintures\" height=\"120\" width=\"120\" loading=\"lazy\" decoding=\"async\"><\/a><h3 class=\"rpwe-title\"><a href=\"https:\/\/www.brenne-au-coeur.com\/index.php\/2022\/08\/02\/une-vie-en-peintures\/communes\/azay-le-ferron-communes\/2207\/\" target=\"_self\">Une vie en peintures<\/a><\/h3><time class=\"rpwe-time published\" datetime=\"2022-08-02T14:50:02+02:00\">2 ao\u00fbt 2022<\/time><div class=\"rpwe-summary\">Jusqu\u2019au 23 ao\u00fbt, la m\u00e9diath\u00e8que d\u2019Azay-le-Ferron pr\u00e9sente une exposition de peintures r\u00e9alis\u00e9es par Alain Choine. Alain Choine peint depuis le d\u00e9but des ann\u00e9es 1960. \u00c0 l\u2019\u00e9poque, il habite \u00e0 Paris et fr\u00e9quente assid\u00fbment la place du Tertre, lieu embl\u00e9matique de la butte Montmartre, o\u00f9 les artistes pr\u00e9sentent et r\u00e9alisent leurs &hellip;<a href=\"https:\/\/www.brenne-au-coeur.com\/index.php\/2022\/08\/02\/une-vie-en-peintures\/communes\/azay-le-ferron-communes\/2207\/\" class=\"more-link\">Lire la suite...<\/a><\/div><\/li><li class=\"rpwe-li rpwe-clearfix\"><a class=\"rpwe-img\" href=\"https:\/\/www.brenne-au-coeur.com\/index.php\/2022\/08\/01\/le-globe-revit-a-mezieres\/communes\/mezieres-en-brenne\/2204\/\" target=\"_self\"><img class=\"rpwe-alignleft rpwe-thumb\" src=\"https:\/\/www.brenne-au-coeur.com\/wp-content\/uploads\/2022\/08\/Globe-dispositif.resized-120x120.jpg\" alt=\"Le globe revit \u00e0 M\u00e9zi\u00e8res\" height=\"120\" width=\"120\" loading=\"lazy\" decoding=\"async\"><\/a><h3 class=\"rpwe-title\"><a href=\"https:\/\/www.brenne-au-coeur.com\/index.php\/2022\/08\/01\/le-globe-revit-a-mezieres\/communes\/mezieres-en-brenne\/2204\/\" target=\"_self\">Le globe revit \u00e0 M\u00e9zi\u00e8res<\/a><\/h3><time class=\"rpwe-time published\" datetime=\"2022-08-01T18:48:56+02:00\">1 ao\u00fbt 2022<\/time><div class=\"rpwe-summary\">C\u2019est dans l\u2019atelier de Mathilde Mouilleron et Georges Vom Dorp, \u00e0 M\u00e9zi\u00e8res-en-Brenne, qu\u2019a \u00e9t\u00e9 r\u00e9alis\u00e9e la restauration du globe c\u00e9leste de Coronelli, d\u00e9sormais visible \u00e0 l\u2019Observatoire Astronomique de Strasbourg. Cet \u0153uvre, parmi les pi\u00e8ces ma\u00eetresses de la collection de l\u2019Observatoire, a \u00e9t\u00e9 cr\u00e9\u00e9e au XVIIe si\u00e8cle. 1697-2019. Plus de trois &hellip;<a href=\"https:\/\/www.brenne-au-coeur.com\/index.php\/2022\/08\/01\/le-globe-revit-a-mezieres\/communes\/mezieres-en-brenne\/2204\/\" class=\"more-link\">Lire la suite...<\/a><\/div><\/li><li class=\"rpwe-li rpwe-clearfix\"><a class=\"rpwe-img\" href=\"https:\/\/www.brenne-au-coeur.com\/index.php\/2022\/07\/31\/les-rendez-vous-de-la-lisette\/communes\/sainte-gemme\/2191\/\" target=\"_self\"><img class=\"rpwe-alignleft rpwe-thumb\" src=\"https:\/\/www.brenne-au-coeur.com\/wp-content\/uploads\/2022\/07\/Chine_05-Lisette-120x120.jpg\" alt=\"Les rendez-vous de \u00ab\u00a0La Lisette\u00a0\u00bb\" height=\"120\" width=\"120\" loading=\"lazy\" decoding=\"async\"><\/a><h3 class=\"rpwe-title\"><a href=\"https:\/\/www.brenne-au-coeur.com\/index.php\/2022\/07\/31\/les-rendez-vous-de-la-lisette\/communes\/sainte-gemme\/2191\/\" target=\"_self\">Les rendez-vous de \u00ab\u00a0La Lisette\u00a0\u00bb<\/a><\/h3><time class=\"rpwe-time published\" datetime=\"2022-07-31T15:06:26+02:00\">31 juillet 2022<\/time><div class=\"rpwe-summary\">Le caf\u00e9 associatif \u00ab\u00a0 La Lisette\u00a0\u00bb \u00e0 Sainte-Gemme, organise prochainement, deux soir\u00e9es. Vendredi 5 ao\u00fbt \u00e0 18h30, une conf\u00e9rence se tiendra sur le th\u00e8me\u00a0: aspects de la Chine contemporaine. La Chine, par son histoire, ses dimensions, son d\u00e9veloppement et la place pr\u00e9pond\u00e9rante qu\u2019elle tient au plan mondial, inqui\u00e8te, fascine, interroge. &hellip;<a href=\"https:\/\/www.brenne-au-coeur.com\/index.php\/2022\/07\/31\/les-rendez-vous-de-la-lisette\/communes\/sainte-gemme\/2191\/\" class=\"more-link\">Lire la suite...<\/a><\/div><\/li><li class=\"rpwe-li rpwe-clearfix\"><a class=\"rpwe-img\" href=\"https:\/\/www.brenne-au-coeur.com\/index.php\/2022\/07\/29\/musique-trad-au-blanc\/evenements\/2181\/\" target=\"_self\"><img class=\"rpwe-alignleft rpwe-thumb\" src=\"https:\/\/www.brenne-au-coeur.com\/wp-content\/uploads\/2022\/07\/vielle-a-roue-4-scaled-120x120.jpeg\" alt=\"Du \u00ab\u00a0Trad\u00a0\u00bb \u00e0 l&rsquo;\u00e9cole de musique du Blanc\" height=\"120\" width=\"120\" loading=\"lazy\" decoding=\"async\"><\/a><h3 class=\"rpwe-title\"><a href=\"https:\/\/www.brenne-au-coeur.com\/index.php\/2022\/07\/29\/musique-trad-au-blanc\/evenements\/2181\/\" target=\"_self\">Du \u00ab\u00a0Trad\u00a0\u00bb \u00e0 l&rsquo;\u00e9cole de musique du Blanc<\/a><\/h3><time class=\"rpwe-time published\" datetime=\"2022-07-29T11:04:05+02:00\">29 juillet 2022<\/time><div class=\"rpwe-summary\">En septembre prochain, l\u2019\u00e9cole municipale de musique du Blanc, ouvre un nouveau cours\u00a0: un atelier de musique trad. Le but de l\u2019atelier est de d\u00e9couvrir le r\u00e9pertoire local, mais aussi ceux d\u2019autres r\u00e9gions et pays. La d\u00e9marche est d\u2019associer cette musique \u00e0 la danse et au mouvement. Seront \u00e9tudi\u00e9s \u00e9galement &hellip;<a href=\"https:\/\/www.brenne-au-coeur.com\/index.php\/2022\/07\/29\/musique-trad-au-blanc\/evenements\/2181\/\" class=\"more-link\">Lire la suite...<\/a><\/div><\/li><li class=\"rpwe-li rpwe-clearfix\"><a class=\"rpwe-img\" href=\"https:\/\/www.brenne-au-coeur.com\/index.php\/2022\/07\/18\/musique-et-bonne-humeur-au-comptoir-de-lamitie\/evenements\/2145\/\" target=\"_self\"><img class=\"rpwe-alignleft rpwe-thumb\" src=\"https:\/\/www.brenne-au-coeur.com\/wp-content\/uploads\/2022\/07\/MVI_8056-05-120x120.jpeg\" alt=\"Musique et bonne humeur au \u00ab\u00a0Comptoir de l\u2019amiti\u00e9\u00a0\u00bb\" height=\"120\" width=\"120\" loading=\"lazy\" decoding=\"async\"><\/a><h3 class=\"rpwe-title\"><a href=\"https:\/\/www.brenne-au-coeur.com\/index.php\/2022\/07\/18\/musique-et-bonne-humeur-au-comptoir-de-lamitie\/evenements\/2145\/\" target=\"_self\">Musique et bonne humeur au \u00ab\u00a0Comptoir de l\u2019amiti\u00e9\u00a0\u00bb<\/a><\/h3><time class=\"rpwe-time published\" datetime=\"2022-07-18T18:52:21+02:00\">18 juillet 2022<\/time><div class=\"rpwe-summary\">Le caf\u00e9-restaurant \u00ab\u00a0Le comptoir de l\u2019amiti\u00e9\u00a0\u00bb \u00e0 Saint-Genou re\u00e7oit samedi 6 ao\u00fbt au soir, le groupe de rock, blues, jazz, Choron and Co. Ambiance d\u00e9brid\u00e9e garantie, gr\u00e2ce \u00e0 ce trio de musiciens qui interpr\u00e8te avec le m\u00eame dynamisme, les standards du genre, des reprises jazzy de grands classiques de la &hellip;<a href=\"https:\/\/www.brenne-au-coeur.com\/index.php\/2022\/07\/18\/musique-et-bonne-humeur-au-comptoir-de-lamitie\/evenements\/2145\/\" class=\"more-link\">Lire la suite...<\/a><\/div><\/li><li class=\"rpwe-li rpwe-clearfix\"><a class=\"rpwe-img\" href=\"https:\/\/www.brenne-au-coeur.com\/index.php\/2022\/07\/17\/chant-et-musique-et-patrimoine\/communes\/mezieres-en-brenne\/2110\/\" target=\"_self\"><img class=\"rpwe-alignleft rpwe-thumb\" src=\"https:\/\/www.brenne-au-coeur.com\/wp-content\/uploads\/2022\/07\/anne-delafosse-3-120x120.jpeg\" alt=\"Chant, musique et patrimoine\" height=\"120\" width=\"120\" loading=\"lazy\" decoding=\"async\"><\/a><h3 class=\"rpwe-title\"><a href=\"https:\/\/www.brenne-au-coeur.com\/index.php\/2022\/07\/17\/chant-et-musique-et-patrimoine\/communes\/mezieres-en-brenne\/2110\/\" target=\"_self\">Chant, musique et patrimoine<\/a><\/h3><time class=\"rpwe-time published\" datetime=\"2022-07-17T12:34:45+02:00\">17 juillet 2022<\/time><div class=\"rpwe-summary\">Les 24, 26 et 28 juillet prochains, trois concerts de musique ancienne seront donn\u00e9s en trois \u00e9glises de la Brenne et de ses environs. Trois concerts pr\u00e9sent\u00e9s par l\u2019Ensemble Rosace, sous la direction d\u2019Anne Delafosse. Cet ensemble constitu\u00e9 il y a une dizaine d\u2019ann\u00e9es est compos\u00e9 de chanteurs et d\u2019instrumentistes &hellip;<a href=\"https:\/\/www.brenne-au-coeur.com\/index.php\/2022\/07\/17\/chant-et-musique-et-patrimoine\/communes\/mezieres-en-brenne\/2110\/\" class=\"more-link\">Lire la suite...<\/a><\/div><\/li><li class=\"rpwe-li rpwe-clearfix\"><a class=\"rpwe-img\" href=\"https:\/\/www.brenne-au-coeur.com\/index.php\/2022\/07\/12\/armelle-et-peppo-il-etait-une-fois-les-tziganes\/grand-aslon\/2097\/\" target=\"_self\"><img class=\"rpwe-alignleft rpwe-thumb\" src=\"https:\/\/www.brenne-au-coeur.com\/wp-content\/uploads\/2022\/07\/armelle-et-peppo-2-120x120.jpeg\" alt=\"Armelle et Peppo\u00a0: il \u00e9tait une fois les Tziganes\" height=\"120\" width=\"120\" loading=\"lazy\" decoding=\"async\"><\/a><h3 class=\"rpwe-title\"><a href=\"https:\/\/www.brenne-au-coeur.com\/index.php\/2022\/07\/12\/armelle-et-peppo-il-etait-une-fois-les-tziganes\/grand-aslon\/2097\/\" target=\"_self\">Armelle et Peppo\u00a0: il \u00e9tait une fois les Tziganes<\/a><\/h3><time class=\"rpwe-time published\" datetime=\"2022-07-12T15:40:38+02:00\">12 juillet 2022<\/time><div class=\"rpwe-summary\">Armelle, la conteuse Rom et Peppo, le musicien voyageur feront \u00e9tape au festival de Vassivi\u00e8re du 21 au 25 ao\u00fbt. Ils conteront l\u2019\u00e9pop\u00e9e tzigane. Un r\u00e9cit de cinq heures pr\u00e9sent\u00e9 en cinq fois une heure. Ce spectacle jou\u00e9 dans la Creuse voisine marquera un temps fort d\u2019une saison riche en &hellip;<a href=\"https:\/\/www.brenne-au-coeur.com\/index.php\/2022\/07\/12\/armelle-et-peppo-il-etait-une-fois-les-tziganes\/grand-aslon\/2097\/\" class=\"more-link\">Lire la suite...<\/a><\/div><\/li><li class=\"rpwe-li rpwe-clearfix\"><a class=\"rpwe-img\" href=\"https:\/\/www.brenne-au-coeur.com\/index.php\/2022\/07\/10\/histoires-de-femmes\/communes\/mezieres-en-brenne\/2083\/\" target=\"_self\"><img class=\"rpwe-alignleft rpwe-thumb\" src=\"https:\/\/www.brenne-au-coeur.com\/wp-content\/uploads\/2022\/07\/adieu-kharkov-120x120.jpg\" alt=\"Histoires de femmes\" height=\"120\" width=\"120\" loading=\"lazy\" decoding=\"async\"><\/a><h3 class=\"rpwe-title\"><a href=\"https:\/\/www.brenne-au-coeur.com\/index.php\/2022\/07\/10\/histoires-de-femmes\/communes\/mezieres-en-brenne\/2083\/\" target=\"_self\">Histoires de femmes<\/a><\/h3><time class=\"rpwe-time published\" datetime=\"2022-07-10T15:56:39+02:00\">10 juillet 2022<\/time><div class=\"rpwe-summary\">\u00a0 La derni\u00e8re r\u00e9union du club de lecture de M\u00e9zi\u00e8res, a \u00e9t\u00e9 marqu\u00e9e, pour l\u2019essentiel, par la pr\u00e9sentation de nombreux livres racontant des histoires de femmes. Solange Sand. L\u2019ange d\u00e9chu. Christophe Grandemange. Biographie. 2017. Editeur\u00a0: La gare des mots. 253 pages. Livre de la BDI, actuellement \u00e0 M\u00e9zi\u00e8res. \u00ab\u00a0L\u2019auteur a &hellip;<a href=\"https:\/\/www.brenne-au-coeur.com\/index.php\/2022\/07\/10\/histoires-de-femmes\/communes\/mezieres-en-brenne\/2083\/\" class=\"more-link\">Lire la suite...<\/a><\/div><\/li><li class=\"rpwe-li rpwe-clearfix\"><a class=\"rpwe-img\" href=\"https:\/\/www.brenne-au-coeur.com\/index.php\/2022\/07\/08\/la-brenne-en-peinture\/communes\/2063\/\" target=\"_self\"><img class=\"rpwe-alignleft rpwe-thumb\" src=\"https:\/\/www.brenne-au-coeur.com\/wp-content\/uploads\/2022\/07\/IMG_8045.resized-rotated-120x120.jpg\" alt=\"La Brenne en peinture\" height=\"120\" width=\"120\" loading=\"lazy\" decoding=\"async\"><\/a><h3 class=\"rpwe-title\"><a href=\"https:\/\/www.brenne-au-coeur.com\/index.php\/2022\/07\/08\/la-brenne-en-peinture\/communes\/2063\/\" target=\"_self\">La Brenne en peinture<\/a><\/h3><time class=\"rpwe-time published\" datetime=\"2022-07-08T10:41:46+02:00\">8 juillet 2022<\/time><div class=\"rpwe-summary\">Le Moulin de M\u00e9zi\u00e8res accueille jusqu\u2019au 4 ao\u00fbt, le 36e salon des peintres de la Brenne. Rendez-vous d\u00e9sormais incontournable pour nombre d\u2019artistes, inspir\u00e9s par les paysages de la r\u00e9gion aux mille \u00e9tangs. Chaque ann\u00e9e, ils viennent ou reviennent accrocher leurs toiles. Pour cette \u00e9dition 2022, ils sont sept \u00e0 exposer &hellip;<a href=\"https:\/\/www.brenne-au-coeur.com\/index.php\/2022\/07\/08\/la-brenne-en-peinture\/communes\/2063\/\" class=\"more-link\">Lire la suite...<\/a><\/div><\/li><li class=\"rpwe-li rpwe-clearfix\"><a class=\"rpwe-img\" href=\"https:\/\/www.brenne-au-coeur.com\/index.php\/2022\/07\/05\/musique-et-magie-a-jaugette\/jaugette\/2054\/\" target=\"_self\"><img class=\"rpwe-alignleft rpwe-thumb\" src=\"https:\/\/www.brenne-au-coeur.com\/wp-content\/uploads\/2022\/07\/musique-et-magie-6-120x120.jpeg\" alt=\"Musique et Magie \u00e0 Jaugette\" height=\"120\" width=\"120\" loading=\"lazy\" decoding=\"async\"><\/a><h3 class=\"rpwe-title\"><a href=\"https:\/\/www.brenne-au-coeur.com\/index.php\/2022\/07\/05\/musique-et-magie-a-jaugette\/jaugette\/2054\/\" target=\"_self\">Musique et Magie \u00e0 Jaugette<\/a><\/h3><time class=\"rpwe-time published\" datetime=\"2022-07-05T11:34:15+02:00\">5 juillet 2022<\/time><div class=\"rpwe-summary\">Pour f\u00eater le 10e anniversaire du festival de Jaugette, le Manoir des arts promet des rencontres musicales exceptionnelles. Les 15, 16 et 17 juillet, le monde de l\u2019illusion et de la musique se conjugueront dans un projet ambitieux et po\u00e9tique, invitant \u00e0 l\u2019\u00e9vasion. La plong\u00e9e dans cet univers \u00e9tonnant est &hellip;<a href=\"https:\/\/www.brenne-au-coeur.com\/index.php\/2022\/07\/05\/musique-et-magie-a-jaugette\/jaugette\/2054\/\" class=\"more-link\">Lire la suite...<\/a><\/div><\/li><li class=\"rpwe-li rpwe-clearfix\"><a class=\"rpwe-img\" href=\"https:\/\/www.brenne-au-coeur.com\/index.php\/2022\/07\/02\/piscine-en-fete-a-chatillon\/chatillon-sur-indre\/2049\/\" target=\"_self\"><img class=\"rpwe-alignleft rpwe-thumb\" src=\"https:\/\/www.brenne-au-coeur.com\/wp-content\/uploads\/2022\/07\/piscine-chatillon-2.resized-120x120.jpg\" alt=\"Piscine en f\u00eate \u00e0 Ch\u00e2tillon\" height=\"120\" width=\"120\" loading=\"lazy\" decoding=\"async\"><\/a><h3 class=\"rpwe-title\"><a href=\"https:\/\/www.brenne-au-coeur.com\/index.php\/2022\/07\/02\/piscine-en-fete-a-chatillon\/chatillon-sur-indre\/2049\/\" target=\"_self\">Piscine en f\u00eate \u00e0 Ch\u00e2tillon<\/a><\/h3><time class=\"rpwe-time published\" datetime=\"2022-07-02T12:03:32+02:00\">2 juillet 2022<\/time><div class=\"rpwe-summary\">Le club de natation de Ch\u00e2tillon a retrouv\u00e9 le go\u00fbt de la f\u00eate ce samedi 25 juin. Apr\u00e8s trois ans d\u2019absence li\u00e9e \u00e0 la crise sanitaire, l\u2019association, a de nouveau organis\u00e9 un apr\u00e8s-midi festif, qui laisse pr\u00e9sager une belle saison 2022\/2023. Courses de nage pour tous \u00e2ges, opposant notamment les &hellip;<a href=\"https:\/\/www.brenne-au-coeur.com\/index.php\/2022\/07\/02\/piscine-en-fete-a-chatillon\/chatillon-sur-indre\/2049\/\" class=\"more-link\">Lire la suite...<\/a><\/div><\/li><li class=\"rpwe-li rpwe-clearfix\"><a class=\"rpwe-img\" href=\"https:\/\/www.brenne-au-coeur.com\/index.php\/2022\/06\/30\/les-orchidees-pour-le-plaisir-des-residents-de-lehpad\/communes\/mezieres-en-brenne\/2038\/\" target=\"_self\"><img class=\"rpwe-alignleft rpwe-thumb\" src=\"https:\/\/www.brenne-au-coeur.com\/wp-content\/uploads\/2022\/06\/les-orchidees-4.resized.resized-120x120.jpg\" alt=\"Les Orchid\u00e9es\u00a0: Pour le plaisir des r\u00e9sidents de l\u2019EHPAD\" height=\"120\" width=\"120\" loading=\"lazy\" decoding=\"async\"><\/a><h3 class=\"rpwe-title\"><a href=\"https:\/\/www.brenne-au-coeur.com\/index.php\/2022\/06\/30\/les-orchidees-pour-le-plaisir-des-residents-de-lehpad\/communes\/mezieres-en-brenne\/2038\/\" target=\"_self\">Les Orchid\u00e9es\u00a0: Pour le plaisir des r\u00e9sidents de l\u2019EHPAD<\/a><\/h3><time class=\"rpwe-time published\" datetime=\"2022-06-30T12:42:42+02:00\">30 juin 2022<\/time><div class=\"rpwe-summary\">Le 20 d\u00e9cembre prochain, l\u2019association \u00ab\u00a0Les orchid\u00e9es\u00a0\u00bb f\u00eatera son 20e anniversaire. Deux d\u00e9cennies d\u2019activit\u00e9s, enti\u00e8rement consacr\u00e9es au bien \u00eatre des r\u00e9sidents de l\u2019EHPAD de M\u00e9zi\u00e8res-en-Brenne. Aujourd\u2019hui, l\u2019association fonctionne gr\u00e2ce \u00e0 l\u2019investissement d\u2019une vingtaine de b\u00e9n\u00e9voles, regroup\u00e9s autour de Marie-Line l\u2019animatrice de l\u2019EHPAD, assist\u00e9e de Lydia, Lolita et Virginie, toutes membres &hellip;<a href=\"https:\/\/www.brenne-au-coeur.com\/index.php\/2022\/06\/30\/les-orchidees-pour-le-plaisir-des-residents-de-lehpad\/communes\/mezieres-en-brenne\/2038\/\" class=\"more-link\">Lire la suite...<\/a><\/div><\/li><li class=\"rpwe-li rpwe-clearfix\"><a class=\"rpwe-img\" href=\"https:\/\/www.brenne-au-coeur.com\/index.php\/2022\/06\/24\/jouons-dans-les-mediatheques\/communes\/azay-le-ferron-communes\/2025\/\" target=\"_self\"><img class=\"rpwe-alignleft rpwe-thumb\" src=\"https:\/\/www.brenne-au-coeur.com\/wp-content\/uploads\/2022\/06\/jeu-mediatheque-5-120x120.jpeg\" alt=\"Jouons dans les m\u00e9diath\u00e8ques.\" height=\"120\" width=\"120\" loading=\"lazy\" decoding=\"async\"><\/a><h3 class=\"rpwe-title\"><a href=\"https:\/\/www.brenne-au-coeur.com\/index.php\/2022\/06\/24\/jouons-dans-les-mediatheques\/communes\/azay-le-ferron-communes\/2025\/\" target=\"_self\">Jouons dans les m\u00e9diath\u00e8ques.<\/a><\/h3><time class=\"rpwe-time published\" datetime=\"2022-06-24T17:12:13+02:00\">24 juin 2022<\/time><div class=\"rpwe-summary\">Soir\u00e9e jeux le 1er juillet, enqu\u00eate polici\u00e8re num\u00e9rique et interactive, jusqu\u2019au 7 septembre \u00e0 Azay, Escape Game du 12 au 30 juillet \u00e0 Martizay. Plusieurs animations ludiques sont propos\u00e9es ces prochains jours, dans les m\u00e9diath\u00e8ques. Tout l\u2019\u00e9t\u00e9, elles accueilleront le public, en mettant \u00e0 leur disposition quantit\u00e9 de jeux, pour &hellip;<a href=\"https:\/\/www.brenne-au-coeur.com\/index.php\/2022\/06\/24\/jouons-dans-les-mediatheques\/communes\/azay-le-ferron-communes\/2025\/\" class=\"more-link\">Lire la suite...<\/a><\/div><\/li><li class=\"rpwe-li rpwe-clearfix\"><a class=\"rpwe-img\" href=\"https:\/\/www.brenne-au-coeur.com\/index.php\/2022\/06\/22\/la-danse-integrante-un-autre-regard-sur-la-difference\/communes\/azay-le-ferron-communes\/2016\/\" target=\"_self\"><img class=\"rpwe-alignleft rpwe-thumb\" src=\"https:\/\/www.brenne-au-coeur.com\/wp-content\/uploads\/2022\/06\/danse-2.resized-120x120.jpg\" alt=\"La danse int\u00e9grante\u00a0: un autre regard sur la diff\u00e9rence\" height=\"120\" width=\"120\" loading=\"lazy\" decoding=\"async\"><\/a><h3 class=\"rpwe-title\"><a href=\"https:\/\/www.brenne-au-coeur.com\/index.php\/2022\/06\/22\/la-danse-integrante-un-autre-regard-sur-la-difference\/communes\/azay-le-ferron-communes\/2016\/\" target=\"_self\">La danse int\u00e9grante\u00a0: un autre regard sur la diff\u00e9rence<\/a><\/h3><time class=\"rpwe-time published\" datetime=\"2022-06-22T12:44:35+02:00\">22 juin 2022<\/time><div class=\"rpwe-summary\">Un atelier de danse int\u00e9grante ou inclusive, est anim\u00e9 une fois par mois, \u00e0 la salle des f\u00eates d&rsquo;Azay-le Ferron, par Louise Cazy du Collectif Mondo. Le principe est simple et fort \u00e0 la fois:\u00a0 associer les personnes valides et handicap\u00e9es lors d&rsquo;une m\u00eame expression artistique. Le cours est donc &hellip;<a href=\"https:\/\/www.brenne-au-coeur.com\/index.php\/2022\/06\/22\/la-danse-integrante-un-autre-regard-sur-la-difference\/communes\/azay-le-ferron-communes\/2016\/\" class=\"more-link\">Lire la suite...<\/a><\/div><\/li><li class=\"rpwe-li rpwe-clearfix\"><a class=\"rpwe-img\" href=\"https:\/\/www.brenne-au-coeur.com\/index.php\/2022\/06\/16\/fete-de-la-musique-de-la-musique-irlandaise-a-jean-ferrat\/communes\/azay-le-ferron-communes\/2002\/\" target=\"_self\"><img class=\"rpwe-alignleft rpwe-thumb\" src=\"https:\/\/www.brenne-au-coeur.com\/wp-content\/uploads\/2022\/06\/fete-de-lamusique-2-120x120.jpeg\" alt=\"F\u00eate de la musique\u00a0: de l&rsquo;Irlande \u00e0 Jean Ferrat\" height=\"120\" width=\"120\" loading=\"lazy\" decoding=\"async\"><\/a><h3 class=\"rpwe-title\"><a href=\"https:\/\/www.brenne-au-coeur.com\/index.php\/2022\/06\/16\/fete-de-la-musique-de-la-musique-irlandaise-a-jean-ferrat\/communes\/azay-le-ferron-communes\/2002\/\" target=\"_self\">F\u00eate de la musique\u00a0: de l&rsquo;Irlande \u00e0 Jean Ferrat<\/a><\/h3><time class=\"rpwe-time published\" datetime=\"2022-06-16T17:58:10+02:00\">16 juin 2022<\/time><div class=\"rpwe-summary\">Mardi 21 juin, M\u00e9zi\u00e8res renouera avec la f\u00eate de la musique. Le bar de la place invite des mac\u00e9riennes et mac\u00e9riens, \u00e0 se retrouver pour ce traditionnel rendez-vous festif. D\u00e9guster une consommation ou manger un morceau en \u00e9coutant Sweet Spot ( l\u2019endroit o\u00f9 l\u2019on se sent bien). Derri\u00e8re ce nom, &hellip;<a href=\"https:\/\/www.brenne-au-coeur.com\/index.php\/2022\/06\/16\/fete-de-la-musique-de-la-musique-irlandaise-a-jean-ferrat\/communes\/azay-le-ferron-communes\/2002\/\" class=\"more-link\">Lire la suite...<\/a><\/div><\/li><li class=\"rpwe-li rpwe-clearfix\"><a class=\"rpwe-img\" href=\"https:\/\/www.brenne-au-coeur.com\/index.php\/2022\/06\/13\/le-comite-des-fetes-de-paulnay-a-la-peche\/communes\/paulnay\/1994\/\" target=\"_self\"><img class=\"rpwe-alignleft rpwe-thumb\" src=\"https:\/\/www.brenne-au-coeur.com\/wp-content\/uploads\/2022\/06\/comite-fete-paulnay-120x120.jpg\" alt=\"Le comit\u00e9 des f\u00eates de Paulnay a la p\u00eache\" height=\"120\" width=\"120\" loading=\"lazy\" decoding=\"async\"><\/a><h3 class=\"rpwe-title\"><a href=\"https:\/\/www.brenne-au-coeur.com\/index.php\/2022\/06\/13\/le-comite-des-fetes-de-paulnay-a-la-peche\/communes\/paulnay\/1994\/\" target=\"_self\">Le comit\u00e9 des f\u00eates de Paulnay a la p\u00eache<\/a><\/h3><time class=\"rpwe-time published\" datetime=\"2022-06-13T18:14:32+02:00\">13 juin 2022<\/time><div class=\"rpwe-summary\">Le traditionnel concours de p\u00eache, organis\u00e9 par la comit\u00e9 des f\u00eates de Paulnay, a repris ses droits. Malgr\u00e9 la suspension, pour les raisons que tout le monde conna\u00eet, les concurrents n\u2019ont pas manqu\u00e9 ce rendez-vous. \u00ab\u00a0Nous comptons 30 p\u00eacheurs cette ann\u00e9e, pour 32 lors de la derni\u00e8re \u00e9dition\u00a0\u00bb, a constat\u00e9 &hellip;<a href=\"https:\/\/www.brenne-au-coeur.com\/index.php\/2022\/06\/13\/le-comite-des-fetes-de-paulnay-a-la-peche\/communes\/paulnay\/1994\/\" class=\"more-link\">Lire la suite...<\/a><\/div><\/li><li class=\"rpwe-li rpwe-clearfix\"><a class=\"rpwe-img\" href=\"https:\/\/www.brenne-au-coeur.com\/index.php\/2022\/06\/11\/marche-gourmande-a-sainte-gemme\/communes\/sainte-gemme\/1988\/\" target=\"_self\"><img class=\"rpwe-alignleft rpwe-thumb\" src=\"https:\/\/www.brenne-au-coeur.com\/wp-content\/uploads\/2022\/06\/marche-gourmande-120x120.jpeg\" alt=\"Marche gourmande \u00e0 Sainte-Gemme\" height=\"120\" width=\"120\" loading=\"lazy\" decoding=\"async\"><\/a><h3 class=\"rpwe-title\"><a href=\"https:\/\/www.brenne-au-coeur.com\/index.php\/2022\/06\/11\/marche-gourmande-a-sainte-gemme\/communes\/sainte-gemme\/1988\/\" target=\"_self\">Marche gourmande \u00e0 Sainte-Gemme<\/a><\/h3><time class=\"rpwe-time published\" datetime=\"2022-06-11T19:39:56+02:00\">11 juin 2022<\/time><div class=\"rpwe-summary\">Dimanche 26 juin, l\u2019association \u00ab\u00a0les anciens \u00e9l\u00e8ves et amis de l\u2019\u00e9cole de Sainte-Gemme\u00a0\u00bb organise sa premi\u00e8re Marche Gourmande\u00a0: 10 km jalonn\u00e9s de quatre \u00e9tapes d\u00e9gustation, histoire de marier plaisir de la table et randonn\u00e9e au coeur de la nature. Le d\u00e9part s\u2019effectuera toutes les quinze minutes (de 11h30 \u00e012h30) de &hellip;<a href=\"https:\/\/www.brenne-au-coeur.com\/index.php\/2022\/06\/11\/marche-gourmande-a-sainte-gemme\/communes\/sainte-gemme\/1988\/\" class=\"more-link\">Lire la suite...<\/a><\/div><\/li><li class=\"rpwe-li rpwe-clearfix\"><a class=\"rpwe-img\" href=\"https:\/\/www.brenne-au-coeur.com\/index.php\/2022\/06\/08\/la-brenne-dans-loeil-et-le-coeur-de-robert-ansel\/communes\/paulnay\/1969\/\" target=\"_self\"><img class=\"rpwe-alignleft rpwe-thumb\" src=\"https:\/\/www.brenne-au-coeur.com\/wp-content\/uploads\/2022\/06\/Mammiferes-sauvages-5.resized-120x120.jpg\" alt=\"La Brenne, dans l\u2019\u0153il et le c\u0153ur de Robert Ansel.\" height=\"120\" width=\"120\" loading=\"lazy\" decoding=\"async\"><\/a><h3 class=\"rpwe-title\"><a href=\"https:\/\/www.brenne-au-coeur.com\/index.php\/2022\/06\/08\/la-brenne-dans-loeil-et-le-coeur-de-robert-ansel\/communes\/paulnay\/1969\/\" target=\"_self\">La Brenne, dans l\u2019\u0153il et le c\u0153ur de Robert Ansel.<\/a><\/h3><time class=\"rpwe-time published\" datetime=\"2022-06-08T19:46:46+02:00\">8 juin 2022<\/time><div class=\"rpwe-summary\">Avec \u00ab\u00a0Les mammif\u00e8res sauvages de la Brenne\u00a0\u00bb, Robert Ansel boucle, en quelque sorte, une trilogie ouverte avec \u00ab\u00a0Les lumi\u00e8res de la la Brenne\u00a0\u00bb et \u00ab&nbsp;Envol en Brenne&nbsp;\u00bb. Trois ouvrages, t\u00e9moignage de l\u2019amour port\u00e9 par le photographe \u00e0 la r\u00e9gion aux mille \u00e9tangs. Il d\u00e9dicacera son livre samedi 11 juin de &hellip;<a href=\"https:\/\/www.brenne-au-coeur.com\/index.php\/2022\/06\/08\/la-brenne-dans-loeil-et-le-coeur-de-robert-ansel\/communes\/paulnay\/1969\/\" class=\"more-link\">Lire la suite...<\/a><\/div><\/li><li class=\"rpwe-li rpwe-clearfix\"><a class=\"rpwe-img\" href=\"https:\/\/www.brenne-au-coeur.com\/index.php\/2022\/06\/08\/vieux-martizay-innovation-dhier-et-daujourdhui\/communes\/martizay\/1956\/\" target=\"_self\"><img class=\"rpwe-alignleft rpwe-thumb\" src=\"https:\/\/www.brenne-au-coeur.com\/wp-content\/uploads\/2022\/06\/Vieux-Martizay-4-120x120.jpeg\" alt=\"Vieux Martizay\u00a0: innovation d\u2019hier et d\u2019aujourd\u2019hui\" height=\"120\" width=\"120\" loading=\"lazy\" decoding=\"async\"><\/a><h3 class=\"rpwe-title\"><a href=\"https:\/\/www.brenne-au-coeur.com\/index.php\/2022\/06\/08\/vieux-martizay-innovation-dhier-et-daujourdhui\/communes\/martizay\/1956\/\" target=\"_self\">Vieux Martizay\u00a0: innovation d\u2019hier et d\u2019aujourd\u2019hui<\/a><\/h3><time class=\"rpwe-time published\" datetime=\"2022-06-08T15:37:57+02:00\">8 juin 2022<\/time><div class=\"rpwe-summary\">L&lsquo;association des Amis du Vieux Martizay a tenu son Assembl\u00e9e G\u00e9n\u00e9rale samedi 21 mai. Les participants ont pu assister \u00e0 une projection, sur le th\u00e8me de l\u2019\u00e9glise, comment\u00e9e par Raymonde Rolland, professeure des \u00e9coles en retraite, originaire de Martizay, tr\u00e8s investie dans la vie de l\u2019association depuis l\u2019ouverture du mus\u00e9e. &hellip;<a href=\"https:\/\/www.brenne-au-coeur.com\/index.php\/2022\/06\/08\/vieux-martizay-innovation-dhier-et-daujourdhui\/communes\/martizay\/1956\/\" class=\"more-link\">Lire la suite...<\/a><\/div><\/li><li class=\"rpwe-li rpwe-clearfix\"><a class=\"rpwe-img\" href=\"https:\/\/www.brenne-au-coeur.com\/index.php\/2022\/06\/02\/thomas-triple-champion-de-france-de-tir\/communes\/mezieres-en-brenne\/1943\/\" target=\"_self\"><img class=\"rpwe-alignleft rpwe-thumb\" src=\"https:\/\/www.brenne-au-coeur.com\/wp-content\/uploads\/2022\/06\/Thomas-Truffier.resized-rotated-120x120.jpg\" alt=\"Thomas, triple champion de France de tir\" height=\"120\" width=\"120\" loading=\"lazy\" decoding=\"async\"><\/a><h3 class=\"rpwe-title\"><a href=\"https:\/\/www.brenne-au-coeur.com\/index.php\/2022\/06\/02\/thomas-triple-champion-de-france-de-tir\/communes\/mezieres-en-brenne\/1943\/\" target=\"_self\">Thomas, triple champion de France de tir<\/a><\/h3><time class=\"rpwe-time published\" datetime=\"2022-06-02T17:40:16+02:00\">2 juin 2022<\/time><div class=\"rpwe-summary\">Thomas Truffier a r\u00e9alis\u00e9 un authentique exploit lors des derniers championnats de France de tir sportif \u00e0 Montlu\u00e7on. \u00c0 13 ans, il d\u00e9croche la m\u00e9daille d\u2019or dans les trois disciplines auxquelles il participait. Un formidable succ\u00e8s qui met en lumi\u00e8re le travail du Club de Tir Brennou (CTB) de M\u00e9zi\u00e8res-en-Brenne. &hellip;<a href=\"https:\/\/www.brenne-au-coeur.com\/index.php\/2022\/06\/02\/thomas-triple-champion-de-france-de-tir\/communes\/mezieres-en-brenne\/1943\/\" class=\"more-link\">Lire la suite...<\/a><\/div><\/li><li class=\"rpwe-li rpwe-clearfix\"><a class=\"rpwe-img\" href=\"https:\/\/www.brenne-au-coeur.com\/index.php\/2022\/05\/31\/le-nohant-festival-chopin-a-leglise-de-mezieres\/communes\/mezieres-en-brenne\/1934\/\" target=\"_self\"><img class=\"rpwe-alignleft rpwe-thumb\" src=\"https:\/\/www.brenne-au-coeur.com\/wp-content\/uploads\/2022\/05\/Eglise-mezieres-120x120.jpeg\" alt=\"Le Nohant Festival Chopin \u00e0 l&rsquo;\u00e9glise de M\u00e9zi\u00e8res\" height=\"120\" width=\"120\" loading=\"lazy\" decoding=\"async\"><\/a><h3 class=\"rpwe-title\"><a href=\"https:\/\/www.brenne-au-coeur.com\/index.php\/2022\/05\/31\/le-nohant-festival-chopin-a-leglise-de-mezieres\/communes\/mezieres-en-brenne\/1934\/\" target=\"_self\">Le Nohant Festival Chopin \u00e0 l&rsquo;\u00e9glise de M\u00e9zi\u00e8res<\/a><\/h3><time class=\"rpwe-time published\" datetime=\"2022-05-31T17:08:37+02:00\">31 mai 2022<\/time><div class=\"rpwe-summary\">Dimanche 5 juin \u00e0 17 heures, Le Nohant Festival Chopin propose son concert \u00ab\u00a0Hors les murs\u00a0\u00bb dans l\u2019\u00e9glise de M\u00e9zi\u00e8res. Au programme Beethoven, Brahms, Chopin et Scriabine. Ces oeuvres seront interpr\u00e9t\u00e9es par le pianiste Viktor Soos, consid\u00e9r\u00e9 comme l&rsquo;un des musiciens les plus remarquables de sa g\u00e9n\u00e9ration. Il est r\u00e9guli\u00e8rement &hellip;<a href=\"https:\/\/www.brenne-au-coeur.com\/index.php\/2022\/05\/31\/le-nohant-festival-chopin-a-leglise-de-mezieres\/communes\/mezieres-en-brenne\/1934\/\" class=\"more-link\">Lire la suite...<\/a><\/div><\/li><li class=\"rpwe-li rpwe-clearfix\"><a class=\"rpwe-img\" href=\"https:\/\/www.brenne-au-coeur.com\/index.php\/2022\/05\/23\/famille-sand-je-demande-la-fille\/communes\/azay-le-ferron-communes\/1911\/\" target=\"_self\"><img class=\"rpwe-alignleft rpwe-thumb\" src=\"https:\/\/www.brenne-au-coeur.com\/wp-content\/uploads\/2022\/05\/solange-sand-1-120x120.jpeg\" alt=\"Famille Sand, je demande la fille\" height=\"120\" width=\"120\" loading=\"lazy\" decoding=\"async\"><\/a><h3 class=\"rpwe-title\"><a href=\"https:\/\/www.brenne-au-coeur.com\/index.php\/2022\/05\/23\/famille-sand-je-demande-la-fille\/communes\/azay-le-ferron-communes\/1911\/\" target=\"_self\">Famille Sand, je demande la fille<\/a><\/h3><time class=\"rpwe-time published\" datetime=\"2022-05-23T19:52:46+02:00\">23 mai 2022<\/time><div class=\"rpwe-summary\">Christophe Grandemange, auteur du livre \u00ab\u00a0Une vie inachev\u00e9e\u00a0\u00bb, biographie consacr\u00e9e \u00e0 Solange Sand, sera pr\u00e9sent \u00e0 la M\u00e9diath\u00e8que d\u2019Azay-le-Ferron, mercredi 1er juin \u00e0 15h. Il lira des lettres extraites de cet ouvrage. La rencontre se poursuivra par un \u00e9change avec le public. En compl\u00e9ment de la conf\u00e9rence, la m\u00e9diath\u00e8que pr\u00e9sentera &hellip;<a href=\"https:\/\/www.brenne-au-coeur.com\/index.php\/2022\/05\/23\/famille-sand-je-demande-la-fille\/communes\/azay-le-ferron-communes\/1911\/\" class=\"more-link\">Lire la suite...<\/a><\/div><\/li><li class=\"rpwe-li rpwe-clearfix\"><a class=\"rpwe-img\" href=\"https:\/\/www.brenne-au-coeur.com\/index.php\/2022\/05\/20\/voyages-de-pages-en-pages\/communes\/mezieres-en-brenne\/1897\/\" target=\"_self\"><img class=\"rpwe-alignleft rpwe-thumb\" src=\"https:\/\/www.brenne-au-coeur.com\/wp-content\/uploads\/2022\/05\/les-naufrages-de-lautocar-120x120.jpeg\" alt=\"Voyages, de pages en pages&#8230;\" height=\"120\" width=\"120\" loading=\"lazy\" decoding=\"async\"><\/a><h3 class=\"rpwe-title\"><a href=\"https:\/\/www.brenne-au-coeur.com\/index.php\/2022\/05\/20\/voyages-de-pages-en-pages\/communes\/mezieres-en-brenne\/1897\/\" target=\"_self\">Voyages, de pages en pages&#8230;<\/a><\/h3><time class=\"rpwe-time published\" datetime=\"2022-05-20T18:36:20+02:00\">20 mai 2022<\/time><div class=\"rpwe-summary\">Comme \u00e0 chaque r\u00e9union du club de lecture, les participants sont venus avec leur coup de c\u0153ur. Hasard des choix, ce mardi 17 mai, la quasi-totalit\u00e9 des ouvrages pr\u00e9sent\u00e9s, invitaient d\u2019une mani\u00e8re ou d\u2019une autre, au voyage. Les naufrag\u00e9s de l\u2019autocar. Steinbeck John. Roman. 1977. \u00c9diteur&nbsp;: Gallimard. 370 pages. Une &hellip;<a href=\"https:\/\/www.brenne-au-coeur.com\/index.php\/2022\/05\/20\/voyages-de-pages-en-pages\/communes\/mezieres-en-brenne\/1897\/\" class=\"more-link\">Lire la suite...<\/a><\/div><\/li><li class=\"rpwe-li rpwe-clearfix\"><a class=\"rpwe-img\" href=\"https:\/\/www.brenne-au-coeur.com\/index.php\/2022\/05\/20\/azay-le-ferron-visites-insolites-au-chateau\/communes\/1881\/\" target=\"_self\"><img class=\"rpwe-alignleft rpwe-thumb\" src=\"https:\/\/www.brenne-au-coeur.com\/wp-content\/uploads\/2022\/05\/visite-azay-4-120x120.jpeg\" alt=\"Azay-le-Ferron\u00a0: visites insolites au ch\u00e2teau\" height=\"120\" width=\"120\" loading=\"lazy\" decoding=\"async\"><\/a><h3 class=\"rpwe-title\"><a href=\"https:\/\/www.brenne-au-coeur.com\/index.php\/2022\/05\/20\/azay-le-ferron-visites-insolites-au-chateau\/communes\/1881\/\" target=\"_self\">Azay-le-Ferron\u00a0: visites insolites au ch\u00e2teau<\/a><\/h3><time class=\"rpwe-time published\" datetime=\"2022-05-20T16:59:14+02:00\">20 mai 2022<\/time><div class=\"rpwe-summary\">Les 26 et 28 mai, le ch\u00e2teau d\u2019Azay-le-Ferron d\u00e9voilera une partie de ses secrets. Deux visites dites \u00ab\u00a0insolites\u00a0\u00bb offriront au public une approche diff\u00e9rente de cet \u00e9difice. Chaque ann\u00e9e, le ch\u00e2teau d\u2019Azay propose des visites qui se distinguent du programme classique. Plusieurs types de visites insolites sont pr\u00e9sent\u00e9es au public. &hellip;<a href=\"https:\/\/www.brenne-au-coeur.com\/index.php\/2022\/05\/20\/azay-le-ferron-visites-insolites-au-chateau\/communes\/1881\/\" class=\"more-link\">Lire la suite...<\/a><\/div><\/li><li class=\"rpwe-li rpwe-clearfix\"><a class=\"rpwe-img\" href=\"https:\/\/www.brenne-au-coeur.com\/index.php\/2022\/05\/12\/balade-qi-gong-en-brenne\/communes\/saulnay\/1574\/\" target=\"_self\"><img class=\"rpwe-alignleft rpwe-thumb\" src=\"https:\/\/www.brenne-au-coeur.com\/wp-content\/uploads\/2022\/05\/qi-gong-1-scaled-120x120.jpg\" alt=\"Balade Qi Gong en Brenne\" height=\"120\" width=\"120\" loading=\"lazy\" decoding=\"async\"><\/a><h3 class=\"rpwe-title\"><a href=\"https:\/\/www.brenne-au-coeur.com\/index.php\/2022\/05\/12\/balade-qi-gong-en-brenne\/communes\/saulnay\/1574\/\" target=\"_self\">Balade Qi Gong en Brenne<\/a><\/h3><time class=\"rpwe-time published\" datetime=\"2022-05-12T21:21:57+02:00\">12 mai 2022<\/time><div class=\"rpwe-summary\">Dimanche 22 mai, l\u2019association Souffles de Soie propose une balade dans la nature&nbsp;; quatre kilom\u00e8tres, \u00e0 partir de Saulnay jusqu\u2019\u00e0 \u00ab\u00a0l\u2019\u00e9tang vieux\u00a0\u00bb, jalonn\u00e9s de temps r\u00e9serv\u00e9s \u00e0 la pratique du Qi Gong. \u00ab\u00a0L\u2019ext\u00e9rieur se pr\u00eate tout particuli\u00e8rement \u00e0 la pratique du Qi Gong, parce qu\u2019il se nourrit de l\u2019\u00e9nergie du &hellip;<a href=\"https:\/\/www.brenne-au-coeur.com\/index.php\/2022\/05\/12\/balade-qi-gong-en-brenne\/communes\/saulnay\/1574\/\" class=\"more-link\">Lire la suite...<\/a><\/div><\/li><li class=\"rpwe-li rpwe-clearfix\"><a class=\"rpwe-img\" href=\"https:\/\/www.brenne-au-coeur.com\/index.php\/2022\/05\/12\/lart-du-pastel-sexpose-en-berry\/chatillon-sur-indre\/1566\/\" target=\"_self\"><img class=\"rpwe-alignleft rpwe-thumb\" src=\"https:\/\/www.brenne-au-coeur.com\/wp-content\/uploads\/2022\/05\/pastel-annick-120x120.jpeg\" alt=\"L\u2019art du pastel s\u2019expose en Berry\" height=\"120\" width=\"120\" loading=\"lazy\" decoding=\"async\"><\/a><h3 class=\"rpwe-title\"><a href=\"https:\/\/www.brenne-au-coeur.com\/index.php\/2022\/05\/12\/lart-du-pastel-sexpose-en-berry\/chatillon-sur-indre\/1566\/\" target=\"_self\">L\u2019art du pastel s\u2019expose en Berry<\/a><\/h3><time class=\"rpwe-time published\" datetime=\"2022-05-12T21:01:26+02:00\">12 mai 2022<\/time><div class=\"rpwe-summary\">Du 20 mai au 19 juin, l\u2019Office de tourisme du Ch\u00e2tillonnais en Berry accueille les \u0153uvres d\u2019Annick Gontier et de ses amies pastellistes. Une exposition de tableaux qui donnera une id\u00e9e pr\u00e9cise, de toute l\u2019\u00e9tendue de cr\u00e9ation que poss\u00e8de cette discipline artistique. &nbsp; La salle Jeanne de France ouvre ses &hellip;<a href=\"https:\/\/www.brenne-au-coeur.com\/index.php\/2022\/05\/12\/lart-du-pastel-sexpose-en-berry\/chatillon-sur-indre\/1566\/\" class=\"more-link\">Lire la suite...<\/a><\/div><\/li><li class=\"rpwe-li rpwe-clearfix\"><a class=\"rpwe-img\" href=\"https:\/\/www.brenne-au-coeur.com\/index.php\/2022\/05\/09\/poesie-musique-et-chant-pres-de-chez-nous\/fongombault\/1542\/\" target=\"_self\"><img class=\"rpwe-alignleft rpwe-thumb\" src=\"https:\/\/www.brenne-au-coeur.com\/wp-content\/uploads\/2022\/05\/marie-coutant-120x120.jpg\" alt=\"Po\u00e9sie, musique et chant pr\u00e8s de chez nous\" height=\"120\" width=\"120\" loading=\"lazy\" decoding=\"async\"><\/a><h3 class=\"rpwe-title\"><a href=\"https:\/\/www.brenne-au-coeur.com\/index.php\/2022\/05\/09\/poesie-musique-et-chant-pres-de-chez-nous\/fongombault\/1542\/\" target=\"_self\">Po\u00e9sie, musique et chant pr\u00e8s de chez nous<\/a><\/h3><time class=\"rpwe-time published\" datetime=\"2022-05-09T21:57:19+02:00\">9 mai 2022<\/time><div class=\"rpwe-summary\">Deux spectacles sont propos\u00e9s prochainement. Remy Troadec \u00e0 Fontgombault, le samedi 14 mai et Marie Coutant, le dimanche 12 juin \u00e0 Clion-sur-Indre. Au programme l\u2019amour des mots et une certaine id\u00e9e du r\u00f4le des artistes. &nbsp; \u00ab&nbsp;La po\u00e9sie est une clameur. Elle doit \u00eatre entendue comme la musique. Toute po\u00e9sie &hellip;<a href=\"https:\/\/www.brenne-au-coeur.com\/index.php\/2022\/05\/09\/poesie-musique-et-chant-pres-de-chez-nous\/fongombault\/1542\/\" class=\"more-link\">Lire la suite...<\/a><\/div><\/li><li class=\"rpwe-li rpwe-clearfix\"><a class=\"rpwe-img\" href=\"https:\/\/www.brenne-au-coeur.com\/index.php\/2022\/05\/06\/petit-manoir-et-grandes-emotions\/communes\/obterre\/1475\/\" target=\"_self\"><img class=\"rpwe-alignleft rpwe-thumb\" src=\"https:\/\/www.brenne-au-coeur.com\/wp-content\/uploads\/2022\/05\/concert-jaugette-3-120x120.jpg\" alt=\"Petit manoir et grandes \u00e9motions\" height=\"120\" width=\"120\" loading=\"lazy\" decoding=\"async\"><\/a><h3 class=\"rpwe-title\"><a href=\"https:\/\/www.brenne-au-coeur.com\/index.php\/2022\/05\/06\/petit-manoir-et-grandes-emotions\/communes\/obterre\/1475\/\" target=\"_self\">Petit manoir et grandes \u00e9motions<\/a><\/h3><time class=\"rpwe-time published\" datetime=\"2022-05-06T22:28:25+02:00\">6 mai 2022<\/time><div class=\"rpwe-summary\">Irina Kataeva et Stefano Bulfon ont interpr\u00e9t\u00e9 deux concertos&nbsp;: Samedi 30 avril, au Manoir des arts de Jaugette&nbsp;: le concerto pour la main gauche de Ravel et le concerto num\u00e9ro 2 de Prokofiev. Version originale jou\u00e9e \u00e0 deux pianos qui enthousiasma le public. \u00ab\u00a0Dans la vie il ne faut pas &hellip;<a href=\"https:\/\/www.brenne-au-coeur.com\/index.php\/2022\/05\/06\/petit-manoir-et-grandes-emotions\/communes\/obterre\/1475\/\" class=\"more-link\">Lire la suite...<\/a><\/div><\/li><li class=\"rpwe-li rpwe-clearfix\"><a class=\"rpwe-img\" href=\"https:\/\/www.brenne-au-coeur.com\/index.php\/2022\/05\/02\/les-livres-du-mois\/communes\/mezieres-en-brenne\/1406\/\" target=\"_self\"><img class=\"rpwe-alignleft rpwe-thumb\" src=\"https:\/\/www.brenne-au-coeur.com\/wp-content\/uploads\/2022\/05\/livres-du-mois-5-120x120.jpg\" alt=\"Les livres du mois (05\/22)\" height=\"120\" width=\"120\" loading=\"lazy\" decoding=\"async\"><\/a><h3 class=\"rpwe-title\"><a href=\"https:\/\/www.brenne-au-coeur.com\/index.php\/2022\/05\/02\/les-livres-du-mois\/communes\/mezieres-en-brenne\/1406\/\" target=\"_self\">Les livres du mois (05\/22)<\/a><\/h3><time class=\"rpwe-time published\" datetime=\"2022-05-02T20:12:14+02:00\">2 mai 2022<\/time><div class=\"rpwe-summary\">Ce sont les livres pr\u00e9sent\u00e9s le troisi\u00e8me mardi de chaque mois, \u00e0 la r\u00e9union du club de lecture de M\u00e9zi\u00e8res-en-Brenne. Les participants \u00e0 ces rencontres parlent des ouvrages qu\u2019ils ont aim\u00e9s. Un rendez-vous mensuel informel, ouvert \u00e0 toute personne amoureuse de litt\u00e9rature, et appr\u00e9ciant le partage des \u00e9motions, des coups &hellip;<a href=\"https:\/\/www.brenne-au-coeur.com\/index.php\/2022\/05\/02\/les-livres-du-mois\/communes\/mezieres-en-brenne\/1406\/\" class=\"more-link\">Lire la suite...<\/a><\/div><\/li><li class=\"rpwe-li rpwe-clearfix\"><a class=\"rpwe-img\" href=\"https:\/\/www.brenne-au-coeur.com\/index.php\/2022\/04\/27\/differemment-capable\/communes\/azay-le-ferron-communes\/1392\/\" target=\"_self\"><img class=\"rpwe-alignleft rpwe-thumb\" src=\"https:\/\/www.brenne-au-coeur.com\/wp-content\/uploads\/2022\/04\/danse-integrante-03-120x120.jpg\" alt=\"Diff\u00e9remment capable\" height=\"120\" width=\"120\" loading=\"lazy\" decoding=\"async\"><\/a><h3 class=\"rpwe-title\"><a href=\"https:\/\/www.brenne-au-coeur.com\/index.php\/2022\/04\/27\/differemment-capable\/communes\/azay-le-ferron-communes\/1392\/\" target=\"_self\">Diff\u00e9remment capable<\/a><\/h3><time class=\"rpwe-time published\" datetime=\"2022-04-27T18:06:19+02:00\">27 avril 2022<\/time><div class=\"rpwe-summary\">\u00ab\u00a0Ma vie sans bal\u00a0\u00bb, conf\u00e9rence dans\u00e9e, met en sc\u00e8ne deux danseurs, dont l\u2019un est en fauteuil roulant. Ce mardi 12 avril \u00e0 la salle des f\u00eates d\u2019Azay-le-Ferron, Eric Languet et Wilson Payet de la Compagnie \u00ab\u00a0Danse en l\u2019R\u00a0\u00bb ont livr\u00e9 en mots et en mouvements, une vision humaniste de leur &hellip;<a href=\"https:\/\/www.brenne-au-coeur.com\/index.php\/2022\/04\/27\/differemment-capable\/communes\/azay-le-ferron-communes\/1392\/\" class=\"more-link\">Lire la suite...<\/a><\/div><\/li><li class=\"rpwe-li rpwe-clearfix\"><a class=\"rpwe-img\" href=\"https:\/\/www.brenne-au-coeur.com\/index.php\/2022\/04\/24\/rock-et-brocante-a-sainte-gemme\/communes\/sainte-gemme\/1381\/\" target=\"_self\"><img class=\"rpwe-alignleft rpwe-thumb\" src=\"https:\/\/www.brenne-au-coeur.com\/wp-content\/uploads\/2022\/04\/rock-et-brocante-3.resized-120x120.jpg\" alt=\"Rock et Brocante \u00e0 Sainte-Gemme\" height=\"120\" width=\"120\" loading=\"lazy\" decoding=\"async\"><\/a><h3 class=\"rpwe-title\"><a href=\"https:\/\/www.brenne-au-coeur.com\/index.php\/2022\/04\/24\/rock-et-brocante-a-sainte-gemme\/communes\/sainte-gemme\/1381\/\" target=\"_self\">Rock et Brocante \u00e0 Sainte-Gemme<\/a><\/h3><time class=\"rpwe-time published\" datetime=\"2022-04-24T18:52:42+02:00\">24 avril 2022<\/time><div class=\"rpwe-summary\">Ce dimanche 24 avril, la place du village de Sainte-Gemme a retrouv\u00e9 un petit air festif et musical. Malgr\u00e9 la pluie matinale et le ciel toujours mena\u00e7ant, le centre du bourg accueillait une trentaine de stands. En fin de matin\u00e9e, la terrasse du caf\u00e9 s\u2019animait avec la musique du groupe &hellip;<a href=\"https:\/\/www.brenne-au-coeur.com\/index.php\/2022\/04\/24\/rock-et-brocante-a-sainte-gemme\/communes\/sainte-gemme\/1381\/\" class=\"more-link\">Lire la suite...<\/a><\/div><\/li><li class=\"rpwe-li rpwe-clearfix\"><a class=\"rpwe-img\" href=\"https:\/\/www.brenne-au-coeur.com\/index.php\/2022\/04\/21\/deux-concertos-a-jaugette\/communes\/obterre\/1126\/\" target=\"_self\"><img class=\"rpwe-alignleft rpwe-thumb\" src=\"https:\/\/www.brenne-au-coeur.com\/wp-content\/uploads\/2022\/04\/concert-30-avril-120x120.jpg\" alt=\"Deux concertos \u00e0 Jaugette\" height=\"120\" width=\"120\" loading=\"lazy\" decoding=\"async\"><\/a><h3 class=\"rpwe-title\"><a href=\"https:\/\/www.brenne-au-coeur.com\/index.php\/2022\/04\/21\/deux-concertos-a-jaugette\/communes\/obterre\/1126\/\" target=\"_self\">Deux concertos \u00e0 Jaugette<\/a><\/h3><time class=\"rpwe-time published\" datetime=\"2022-04-21T15:19:51+02:00\">21 avril 2022<\/time><div class=\"rpwe-summary\">Samedi 30 avril \u00e0 17h, dans le cadre des rencontres musicales de Jaugette, le Manoir des Arts \u00e0 Obterre pr\u00e9sente deux compositions majeures parmi les chefs-d\u2019\u0153uvre du XXe si\u00e8cle. Le concerto pour la main gauche de Maurice Ravel, qu\u2019il r\u00e9alisa \u00e0 la demande de Paul Wittgenstein, pianiste autrichien, amput\u00e9 de &hellip;<a href=\"https:\/\/www.brenne-au-coeur.com\/index.php\/2022\/04\/21\/deux-concertos-a-jaugette\/communes\/obterre\/1126\/\" class=\"more-link\">Lire la suite...<\/a><\/div><\/li><li class=\"rpwe-li rpwe-clearfix\"><a class=\"rpwe-img\" href=\"https:\/\/www.brenne-au-coeur.com\/index.php\/2022\/04\/21\/activites-culturelles-demandez-le-programme\/mediatheque\/1122\/\" target=\"_self\"><img class=\"rpwe-alignleft rpwe-thumb\" src=\"https:\/\/www.brenne-au-coeur.com\/wp-content\/uploads\/2022\/04\/culture-mediatheque-1-120x120.jpg\" alt=\"Activit\u00e9s culturelles\u00a0: Demandez le programme\u00a0!\" height=\"120\" width=\"120\" loading=\"lazy\" decoding=\"async\"><\/a><h3 class=\"rpwe-title\"><a href=\"https:\/\/www.brenne-au-coeur.com\/index.php\/2022\/04\/21\/activites-culturelles-demandez-le-programme\/mediatheque\/1122\/\" target=\"_self\">Activit\u00e9s culturelles\u00a0: Demandez le programme\u00a0!<\/a><\/h3><time class=\"rpwe-time published\" datetime=\"2022-04-21T15:09:18+02:00\">21 avril 2022<\/time><div class=\"rpwe-summary\">Les m\u00e9diath\u00e8ques d\u2019Azay-le-Ferron, de Martizay et de M\u00e9zi\u00e8res offrent une belle diversit\u00e9 d\u2019animations pour les mois d\u2019avril et mai. Parmi le programme, nous avons retenu plusieurs expositions et deux rencontres. Tout Lascaux&nbsp;: Une expo multim\u00e9dia et interactive grand public qui retrace toute l\u2019histoire de ce chef-d\u2019oeuvre pr\u00e9historique. Elle sera visible &hellip;<a href=\"https:\/\/www.brenne-au-coeur.com\/index.php\/2022\/04\/21\/activites-culturelles-demandez-le-programme\/mediatheque\/1122\/\" class=\"more-link\">Lire la suite...<\/a><\/div><\/li><li class=\"rpwe-li rpwe-clearfix\"><a class=\"rpwe-img\" href=\"https:\/\/www.brenne-au-coeur.com\/index.php\/2022\/03\/01\/le-carnaval-des-minots\/evenements\/826\/\" target=\"_self\"><img class=\"rpwe-alignleft rpwe-thumb\" src=\"https:\/\/www.brenne-au-coeur.com\/wp-content\/uploads\/2022\/04\/Carnaval_Paulnay_01_site-120x120.jpg\" alt=\"Le carnaval des minots\" height=\"120\" width=\"120\" loading=\"lazy\" decoding=\"async\"><\/a><h3 class=\"rpwe-title\"><a href=\"https:\/\/www.brenne-au-coeur.com\/index.php\/2022\/03\/01\/le-carnaval-des-minots\/evenements\/826\/\" target=\"_self\">Le carnaval des minots<\/a><\/h3><time class=\"rpwe-time published\" datetime=\"2022-03-01T16:11:37+01:00\">1 mars 2022<\/time><div class=\"rpwe-summary\">Ce mardi 1er mars 2022, sur l\u2019air \u00ab\u00a0Il \u00e9tait un petit navire\u00a0\u00bb, les enfants du multiaccueil ont entam\u00e9, sans doute, l\u2019un de leurs tout premiers d\u00e9fil\u00e9s en musique. Comme chaque ann\u00e9e, le service de la petite enfance de la Communaut\u00e9 de Communes \u00ab\u00a0Coeur de Brenne\u00a0\u00bb a organis\u00e9 son carnaval. La &hellip;<a href=\"https:\/\/www.brenne-au-coeur.com\/index.php\/2022\/03\/01\/le-carnaval-des-minots\/evenements\/826\/\" class=\"more-link\">Lire la suite...<\/a><\/div><\/li><li class=\"rpwe-li rpwe-clearfix\"><a class=\"rpwe-img\" href=\"https:\/\/www.brenne-au-coeur.com\/index.php\/2022\/02\/21\/photos-dhistoire-et-histoire-de-photos\/communes\/mezieres-en-brenne\/864\/\" target=\"_self\"><img class=\"rpwe-alignleft rpwe-thumb\" src=\"https:\/\/www.brenne-au-coeur.com\/wp-content\/uploads\/2022\/04\/histoire_de_photos_02_site-120x120.jpg\" alt=\"Photos d\u2019histoire et histoire de photos\" height=\"120\" width=\"120\" loading=\"lazy\" decoding=\"async\"><\/a><h3 class=\"rpwe-title\"><a href=\"https:\/\/www.brenne-au-coeur.com\/index.php\/2022\/02\/21\/photos-dhistoire-et-histoire-de-photos\/communes\/mezieres-en-brenne\/864\/\" target=\"_self\">Photos d\u2019histoire et histoire de photos<\/a><\/h3><time class=\"rpwe-time published\" datetime=\"2022-02-21T08:12:48+01:00\">21 f\u00e9vrier 2022<\/time><div class=\"rpwe-summary\">Jusqu\u2019au 3 mars, l\u2019association \u00ab\u00a0Le moulin\u00a0\u00bb \u00e0 M\u00e9zi\u00e8res-en-Brenne, expose des photographies du village et plus largement de la r\u00e9gion du Bas-Berry, prises entre 1850 et 1950. \u00ab\u00a0 Un monde disparu\u00a0\u00bb est un retour en image sur la vie quotidienne de l\u2019\u00e9poque, possible, gr\u00e2ce au recueil, \u00e0 la conservation et au &hellip;<a href=\"https:\/\/www.brenne-au-coeur.com\/index.php\/2022\/02\/21\/photos-dhistoire-et-histoire-de-photos\/communes\/mezieres-en-brenne\/864\/\" class=\"more-link\">Lire la suite...<\/a><\/div><\/li><li class=\"rpwe-li rpwe-clearfix\"><a class=\"rpwe-img\" href=\"https:\/\/www.brenne-au-coeur.com\/index.php\/2022\/02\/04\/conquis-par-la-brenne\/communes\/martizay\/49\/\" target=\"_self\"><img class=\"rpwe-alignleft rpwe-thumb\" src=\"https:\/\/www.brenne-au-coeur.com\/wp-content\/uploads\/2022\/04\/Daniel_Orts_Oiseau_01_site-120x120.jpg\" alt=\"Conquis par la Brenne\" height=\"120\" width=\"120\" loading=\"lazy\" decoding=\"async\"><\/a><h3 class=\"rpwe-title\"><a href=\"https:\/\/www.brenne-au-coeur.com\/index.php\/2022\/02\/04\/conquis-par-la-brenne\/communes\/martizay\/49\/\" target=\"_self\">Conquis par la Brenne<\/a><\/h3><time class=\"rpwe-time published\" datetime=\"2022-02-04T14:14:25+01:00\">4 f\u00e9vrier 2022<\/time><div class=\"rpwe-summary\">Conquis par la Brenne et la richesse de sa faune, cet Aveyronnais s\u2019est install\u00e9 \u00e0 Martizay depuis 2018. Il a tout derni\u00e8rement expos\u00e9 ses photographies \u00e0 la m\u00e9diath\u00e8que d\u2019Azay-le-Ferron, et propos\u00e9 une rencontre aux visiteurs, afin de prodiguer quelques conseils. Les photos des animaux sauvages pris dans leur milieu naturel &hellip;<a href=\"https:\/\/www.brenne-au-coeur.com\/index.php\/2022\/02\/04\/conquis-par-la-brenne\/communes\/martizay\/49\/\" class=\"more-link\">Lire la suite...<\/a><\/div><\/li><li class=\"rpwe-li rpwe-clearfix\"><a class=\"rpwe-img\" href=\"https:\/\/www.brenne-au-coeur.com\/index.php\/2022\/01\/23\/manoir-des-arts-celebre-ses-10-ans\/communes\/obterre\/718\/\" target=\"_self\"><img class=\"rpwe-alignleft rpwe-thumb\" src=\"https:\/\/www.brenne-au-coeur.com\/wp-content\/uploads\/2022\/04\/AG_Jaugette_22_03_site-120x120.jpg\" alt=\"Manoir des arts c\u00e9l\u00e8bre ses 10 ans\" height=\"120\" width=\"120\" loading=\"lazy\" decoding=\"async\"><\/a><h3 class=\"rpwe-title\"><a href=\"https:\/\/www.brenne-au-coeur.com\/index.php\/2022\/01\/23\/manoir-des-arts-celebre-ses-10-ans\/communes\/obterre\/718\/\" target=\"_self\">Manoir des arts c\u00e9l\u00e8bre ses 10 ans<\/a><\/h3><time class=\"rpwe-time published\" datetime=\"2022-01-23T17:48:54+01:00\">23 janvier 2022<\/time><div class=\"rpwe-summary\">Le Manoir des arts a tenu son assembl\u00e9e g\u00e9n\u00e9rale, courant janvier. Un rendez-vous particulier cette ann\u00e9e, puisqu\u2019en 2022 l\u2019association c\u00e9l\u00e8bre son dixi\u00e8me anniversaire. Une d\u00e9cennie de concerts et de festivals o\u00f9 l\u2019\u00e9quipe de b\u00e9n\u00e9voles r\u00e9unie autour de sa pr\u00e9sidente, Irina Kataeva-Aimard, a r\u00e9ussi le pari d\u2019une programmation vari\u00e9e, souvent audacieuse. &hellip;<a href=\"https:\/\/www.brenne-au-coeur.com\/index.php\/2022\/01\/23\/manoir-des-arts-celebre-ses-10-ans\/communes\/obterre\/718\/\" class=\"more-link\">Lire la suite...<\/a><\/div><\/li><li class=\"rpwe-li rpwe-clearfix\"><a class=\"rpwe-img\" href=\"https:\/\/www.brenne-au-coeur.com\/index.php\/2022\/01\/13\/mario-alvarado-la-peinture-en-partage\/communes\/mezieres-en-brenne\/901\/\" target=\"_self\"><img class=\"rpwe-alignleft rpwe-thumb\" src=\"https:\/\/www.brenne-au-coeur.com\/wp-content\/uploads\/2022\/04\/mario-alvarado-2_b-120x120.jpg\" alt=\"Mario Alvarado, la peinture en partage\" height=\"120\" width=\"120\" loading=\"lazy\" decoding=\"async\"><\/a><h3 class=\"rpwe-title\"><a href=\"https:\/\/www.brenne-au-coeur.com\/index.php\/2022\/01\/13\/mario-alvarado-la-peinture-en-partage\/communes\/mezieres-en-brenne\/901\/\" target=\"_self\">Mario Alvarado, la peinture en partage<\/a><\/h3><time class=\"rpwe-time published\" datetime=\"2022-01-13T13:35:53+01:00\">13 janvier 2022<\/time><div class=\"rpwe-summary\">Le 18 janvier 1994 s\u2019\u00e9teignait \u00e0 l\u2019\u00e2ge de 45 ans, Mario Alvarado, plongeant les habitants du petit village de M\u00e9zi\u00e8res-en-Brenne, dans une infinie tristesse. En quelques ann\u00e9es, l\u2019artiste peintre chilien aura marqu\u00e9 les esprits des Mac\u00e9riens, par une personnalit\u00e9 rayonnante, et sa facult\u00e9 \u00e0 ouvrir l\u2019expression artistique contemporaine au monde &hellip;<a href=\"https:\/\/www.brenne-au-coeur.com\/index.php\/2022\/01\/13\/mario-alvarado-la-peinture-en-partage\/communes\/mezieres-en-brenne\/901\/\" class=\"more-link\">Lire la suite...<\/a><\/div><\/li><li class=\"rpwe-li rpwe-clearfix\"><a class=\"rpwe-img\" href=\"https:\/\/www.brenne-au-coeur.com\/index.php\/2021\/12\/25\/lincertitude-dune-restauratrice-dart\/communes\/mezieres-en-brenne\/904\/\" target=\"_self\"><img class=\"rpwe-alignleft rpwe-thumb\" src=\"https:\/\/www.brenne-au-coeur.com\/wp-content\/uploads\/2022\/04\/Mathilde_confinement_site.cleaned-120x120.jpg\" alt=\"L\u2019incertitude d\u2019une restauratrice d\u2019art\" height=\"120\" width=\"120\" loading=\"lazy\" decoding=\"async\"><\/a><h3 class=\"rpwe-title\"><a href=\"https:\/\/www.brenne-au-coeur.com\/index.php\/2021\/12\/25\/lincertitude-dune-restauratrice-dart\/communes\/mezieres-en-brenne\/904\/\" target=\"_self\">L\u2019incertitude d\u2019une restauratrice d\u2019art<\/a><\/h3><time class=\"rpwe-time published\" datetime=\"2021-12-25T16:11:44+01:00\">25 d\u00e9cembre 2021<\/time><div class=\"rpwe-summary\">Mathilde Mouilleron est restauratrice d\u2019\u0153uvres d\u2019art. Comme de tr\u00e8s nombreux professionnels de ce secteur d\u2019activit\u00e9, l\u2019ann\u00e9e qui s\u2019ach\u00e8ve restera pour elle, marqu\u00e9e du sceau des restrictions et de l\u2019incertitude. Mathilde Mouilleron est une travailleuse ind\u00e9pendante. Elle est sp\u00e9cialis\u00e9e dans la restauration d\u2019\u0153uvres d\u2019art ex\u00e9cut\u00e9es sur du papier. Un mat\u00e9riau qui &hellip;<a href=\"https:\/\/www.brenne-au-coeur.com\/index.php\/2021\/12\/25\/lincertitude-dune-restauratrice-dart\/communes\/mezieres-en-brenne\/904\/\" class=\"more-link\">Lire la suite...<\/a><\/div><\/li><li class=\"rpwe-li rpwe-clearfix\"><a class=\"rpwe-img\" href=\"https:\/\/www.brenne-au-coeur.com\/index.php\/2021\/12\/25\/fc-obterre-football-et-convivialite\/communes\/obterre\/57\/\" target=\"_self\"><img class=\"rpwe-alignleft rpwe-thumb\" src=\"https:\/\/www.brenne-au-coeur.com\/wp-content\/uploads\/2022\/04\/Foot_feminin_Obterre_site-120x120.jpg\" alt=\"FC Obterre\u00a0: Football et convivialit\u00e9\" height=\"120\" width=\"120\" loading=\"lazy\" decoding=\"async\"><\/a><h3 class=\"rpwe-title\"><a href=\"https:\/\/www.brenne-au-coeur.com\/index.php\/2021\/12\/25\/fc-obterre-football-et-convivialite\/communes\/obterre\/57\/\" target=\"_self\">FC Obterre\u00a0: Football et convivialit\u00e9<\/a><\/h3><time class=\"rpwe-time published\" datetime=\"2021-12-25T12:44:32+01:00\">25 d\u00e9cembre 2021<\/time><div class=\"rpwe-summary\">Depuis l\u2019an dernier, le FC Obterre a int\u00e9gr\u00e9 le cercle restreint des clubs de football comprenant une \u00e9quipe f\u00e9minine \u00e0 11. Auparavant, depuis sept ans, les filles jouaient dans un championnat d\u00e9partemental d\u2019\u00e9quipes \u00e0 8. 2021-2022 est donc une \u00e9tape importante, parce qu\u2019elle constitue en r\u00e9alit\u00e9, la premi\u00e8re vraie saison &hellip;<a href=\"https:\/\/www.brenne-au-coeur.com\/index.php\/2021\/12\/25\/fc-obterre-football-et-convivialite\/communes\/obterre\/57\/\" class=\"more-link\">Lire la suite...<\/a><\/div><\/li><li class=\"rpwe-li rpwe-clearfix\"><a class=\"rpwe-img\" href=\"https:\/\/www.brenne-au-coeur.com\/index.php\/2021\/12\/25\/voyage-organise-par-la-lecture\/communes\/azay-le-ferron-communes\/815\/\" target=\"_self\"><img class=\"rpwe-alignleft rpwe-thumb\" src=\"https:\/\/www.brenne-au-coeur.com\/wp-content\/uploads\/2022\/04\/Azay_Mille_lectures_site.cleaned-120x120.jpg\" alt=\"Voyage organis\u00e9 par la lecture\" height=\"120\" width=\"120\" loading=\"lazy\" decoding=\"async\"><\/a><h3 class=\"rpwe-title\"><a href=\"https:\/\/www.brenne-au-coeur.com\/index.php\/2021\/12\/25\/voyage-organise-par-la-lecture\/communes\/azay-le-ferron-communes\/815\/\" target=\"_self\">Voyage organis\u00e9 par la lecture<\/a><\/h3><time class=\"rpwe-time published\" datetime=\"2021-12-25T12:39:24+01:00\">25 d\u00e9cembre 2021<\/time><div class=\"rpwe-summary\">&nbsp; Jeudi 4 mars, la m\u00e9diath\u00e8que d\u2019Azay-le-Ferron avait organis\u00e9 une s\u00e9ance de lecture publique dans le cadre des mille lectures d\u2019hiver. Le com\u00e9dien St\u00e9phane Godefroy a lu de larges extraits du premier roman de Catherine Ternaux, \u00ab\u00a0Zoppot\u00a0\u00bb. Auteur de nombreux ouvrages pour enfants, d\u2019essais et de nouvelles, l\u2019\u00e9crivaine propose ici &hellip;<a href=\"https:\/\/www.brenne-au-coeur.com\/index.php\/2021\/12\/25\/voyage-organise-par-la-lecture\/communes\/azay-le-ferron-communes\/815\/\" class=\"more-link\">Lire la suite...<\/a><\/div><\/li><li class=\"rpwe-li rpwe-clearfix\"><a class=\"rpwe-img\" href=\"https:\/\/www.brenne-au-coeur.com\/index.php\/2021\/12\/25\/nature-et-creations-a-lilot-des-minots\/communes\/azay-le-ferron-communes\/712\/\" target=\"_self\"><img class=\"rpwe-alignleft rpwe-thumb\" src=\"https:\/\/www.brenne-au-coeur.com\/wp-content\/uploads\/2022\/04\/Accueil_Loisirs_Hiver_2021-02-24_site-120x120.jpg\" alt=\"Nature et cr\u00e9ations \u00e0 l\u2019\u00eelot des minots\" height=\"120\" width=\"120\" loading=\"lazy\" decoding=\"async\"><\/a><h3 class=\"rpwe-title\"><a href=\"https:\/\/www.brenne-au-coeur.com\/index.php\/2021\/12\/25\/nature-et-creations-a-lilot-des-minots\/communes\/azay-le-ferron-communes\/712\/\" target=\"_self\">Nature et cr\u00e9ations \u00e0 l\u2019\u00eelot des minots<\/a><\/h3><time class=\"rpwe-time published\" datetime=\"2021-12-25T12:36:25+01:00\">25 d\u00e9cembre 2021<\/time><div class=\"rpwe-summary\">Construire une cabane\u00a0! Un r\u00eave pour la plupart des enfants. C\u2019est ce que les gamins de l\u2019accueil loisirs l\u2019\u00eelot des minots ont r\u00e9alis\u00e9 durant une semaine. Ils ont r\u00e9cup\u00e9r\u00e9 eux-m\u00eames des branches et des feuillages pour dresser l\u2019abri naturel. \u00ab\u00a0L\u2019id\u00e9e est de favoriser leur participation \u00e0 un projet et de &hellip;<a href=\"https:\/\/www.brenne-au-coeur.com\/index.php\/2021\/12\/25\/nature-et-creations-a-lilot-des-minots\/communes\/azay-le-ferron-communes\/712\/\" class=\"more-link\">Lire la suite...<\/a><\/div><\/li><li class=\"rpwe-li rpwe-clearfix\"><a class=\"rpwe-img\" href=\"https:\/\/www.brenne-au-coeur.com\/index.php\/2021\/12\/23\/bellebouche-le-village-des-familles\/communes\/mezieres-en-brenne\/938\/\" target=\"_self\"><img class=\"rpwe-alignleft rpwe-thumb\" src=\"https:\/\/www.brenne-au-coeur.com\/wp-content\/uploads\/2022\/04\/Village_Bellebouche_site.cleaned-120x120.jpg\" alt=\"Bellebouche\u00a0: Le village des familles\" height=\"120\" width=\"120\" loading=\"lazy\" decoding=\"async\"><\/a><h3 class=\"rpwe-title\"><a href=\"https:\/\/www.brenne-au-coeur.com\/index.php\/2021\/12\/23\/bellebouche-le-village-des-familles\/communes\/mezieres-en-brenne\/938\/\" target=\"_self\">Bellebouche\u00a0: Le village des familles<\/a><\/h3><time class=\"rpwe-time published\" datetime=\"2021-12-23T07:54:38+01:00\">23 d\u00e9cembre 2021<\/time><div class=\"rpwe-summary\">Claude, Denise et leurs quatre petits-enfants \u00e2g\u00e9s de 10 \u00e0 18 ans ont pass\u00e9 pour la premi\u00e8re fois, une semaine de vacances sur le site de Bellebouche. Habitu\u00e9s des randos, le couple a \u00e9t\u00e9 int\u00e9ress\u00e9 par la configuration des lieux. Un large espace naturel et la pr\u00e9sence de nombreux \u00e9tangs. &hellip;<a href=\"https:\/\/www.brenne-au-coeur.com\/index.php\/2021\/12\/23\/bellebouche-le-village-des-familles\/communes\/mezieres-en-brenne\/938\/\" class=\"more-link\">Lire la suite...<\/a><\/div><\/li><li class=\"rpwe-li rpwe-clearfix\"><a class=\"rpwe-img\" href=\"https:\/\/www.brenne-au-coeur.com\/index.php\/2021\/12\/21\/du-nouveau-au-moulin\/communes\/mezieres-en-brenne\/840\/\" target=\"_self\"><img class=\"rpwe-alignleft rpwe-thumb\" src=\"https:\/\/www.brenne-au-coeur.com\/wp-content\/uploads\/2022\/04\/Du_nouveau_au_moulin_site-120x120.jpg\" alt=\"Du nouveau au Moulin\" height=\"120\" width=\"120\" loading=\"lazy\" decoding=\"async\"><\/a><h3 class=\"rpwe-title\"><a href=\"https:\/\/www.brenne-au-coeur.com\/index.php\/2021\/12\/21\/du-nouveau-au-moulin\/communes\/mezieres-en-brenne\/840\/\" target=\"_self\">Du nouveau au Moulin<\/a><\/h3><time class=\"rpwe-time published\" datetime=\"2021-12-21T17:34:00+01:00\">21 d\u00e9cembre 2021<\/time><div class=\"rpwe-summary\">Depuis le 1er juillet dernier, l\u2019association \u00ab\u00a0Le Moulin\u00a0\u00bb propose une nouvelle boutique consacr\u00e9e \u00e0 l\u2019artisanat d\u2019art. Elle occupe une partie des locaux lib\u00e9r\u00e9e apr\u00e8s le d\u00e9part des services de Destination Brenne install\u00e9e d\u00e9sormais non loin de l\u00e0, place Jean Moulin. \u00ab\u00a0 Avec cette boutique, notre volont\u00e9 est de valoriser en &hellip;<a href=\"https:\/\/www.brenne-au-coeur.com\/index.php\/2021\/12\/21\/du-nouveau-au-moulin\/communes\/mezieres-en-brenne\/840\/\" class=\"more-link\">Lire la suite...<\/a><\/div><\/li><li class=\"rpwe-li rpwe-clearfix\"><a class=\"rpwe-img\" href=\"https:\/\/www.brenne-au-coeur.com\/index.php\/2021\/12\/21\/vacances-nature-au-cpie\/communes\/azay-le-ferron-communes\/836\/\" target=\"_self\"><img class=\"rpwe-alignleft rpwe-thumb\" src=\"https:\/\/www.brenne-au-coeur.com\/wp-content\/uploads\/2022\/04\/CPIE_vacances_nature_site-120x120.jpg\" alt=\"Vacances nature au CPIE\" height=\"120\" width=\"120\" loading=\"lazy\" decoding=\"async\"><\/a><h3 class=\"rpwe-title\"><a href=\"https:\/\/www.brenne-au-coeur.com\/index.php\/2021\/12\/21\/vacances-nature-au-cpie\/communes\/azay-le-ferron-communes\/836\/\" target=\"_self\">Vacances nature au CPIE<\/a><\/h3><time class=\"rpwe-time published\" datetime=\"2021-12-21T17:32:19+01:00\">21 d\u00e9cembre 2021<\/time><div class=\"rpwe-summary\">Du 17 au 28 ao\u00fbt, le Centre Permanent d\u2019Initiatives pour l\u2019Environnement (CPIE) a organis\u00e9 un accueil des enfants \u00e0 la journ\u00e9e, avec un programme de d\u00e9couvertes et d\u2019activit\u00e9s nature. L\u2019ensemble des animations a eu lieu sur le parc du ch\u00e2teau d\u2019Azay-le-Ferron ou dans le jardin du CPIE. \u00ab&nbsp;Tiens celui-l\u00e0 c\u2019est &hellip;<a href=\"https:\/\/www.brenne-au-coeur.com\/index.php\/2021\/12\/21\/vacances-nature-au-cpie\/communes\/azay-le-ferron-communes\/836\/\" class=\"more-link\">Lire la suite...<\/a><\/div><\/li><li class=\"rpwe-li rpwe-clearfix\"><a class=\"rpwe-img\" href=\"https:\/\/www.brenne-au-coeur.com\/index.php\/2021\/12\/21\/chopin-revient-a-mezieres\/communes\/mezieres-en-brenne\/834\/\" target=\"_self\"><img class=\"rpwe-alignleft rpwe-thumb\" src=\"https:\/\/www.brenne-au-coeur.com\/wp-content\/uploads\/2022\/04\/Concert_Chopin_02_site-120x120.jpg\" alt=\"Chopin revient \u00e0 M\u00e9zi\u00e8res\" height=\"120\" width=\"120\" loading=\"lazy\" decoding=\"async\"><\/a><h3 class=\"rpwe-title\"><a href=\"https:\/\/www.brenne-au-coeur.com\/index.php\/2021\/12\/21\/chopin-revient-a-mezieres\/communes\/mezieres-en-brenne\/834\/\" target=\"_self\">Chopin revient \u00e0 M\u00e9zi\u00e8res<\/a><\/h3><time class=\"rpwe-time published\" datetime=\"2021-12-21T17:30:27+01:00\">21 d\u00e9cembre 2021<\/time><div class=\"rpwe-summary\">Comme l\u2019an pass\u00e9, le \u00ab\u00a0Nohant Festival Chopin hors les murs\u00a0\u00bb, en partenariat avec la mairie de M\u00e9zi\u00e8res-en-Brenne a offert, dimanche 11 juillet 2021, un concert dans l\u2019\u00e9glise Sainte-Marie Madeleine. Au programme, Polonaises, nocturnes, valses et scherzos, des \u0153uvres interpr\u00e9t\u00e9es par deux jeunes virtuoses, Elian Ramamonjisoa et Piotr Alexewicz. Les applaudissements &hellip;<a href=\"https:\/\/www.brenne-au-coeur.com\/index.php\/2021\/12\/21\/chopin-revient-a-mezieres\/communes\/mezieres-en-brenne\/834\/\" class=\"more-link\">Lire la suite...<\/a><\/div><\/li><li class=\"rpwe-li rpwe-clearfix\"><a class=\"rpwe-img\" href=\"https:\/\/www.brenne-au-coeur.com\/index.php\/2021\/12\/21\/musiques-a-mezieres\/communes\/azay-le-ferron-communes\/820\/\" target=\"_self\"><img class=\"rpwe-alignleft rpwe-thumb\" src=\"https:\/\/www.brenne-au-coeur.com\/wp-content\/uploads\/2022\/04\/Batteries_et_fanfares_01_site.cleaned-120x120.jpg\" alt=\"Musiques \u00e0 M\u00e9zi\u00e8res\" height=\"120\" width=\"120\" loading=\"lazy\" decoding=\"async\"><\/a><h3 class=\"rpwe-title\"><a href=\"https:\/\/www.brenne-au-coeur.com\/index.php\/2021\/12\/21\/musiques-a-mezieres\/communes\/azay-le-ferron-communes\/820\/\" target=\"_self\">Musiques \u00e0 M\u00e9zi\u00e8res<\/a><\/h3><time class=\"rpwe-time published\" datetime=\"2021-12-21T17:25:54+01:00\">21 d\u00e9cembre 2021<\/time><div class=\"rpwe-summary\">Jeudi 29 juillet, les habitu\u00e9s du march\u00e9 de M\u00e9zi\u00e8res ont \u00e9t\u00e9 accueillis en fanfare. Les stagiaires de campus 2021 ont interpr\u00e9t\u00e9 quelques morceaux musicaux de nature tr\u00e8s vari\u00e9e, puis\u00e9s dans le r\u00e9pertoire ancien jusqu\u2019au plus r\u00e9cent et plus connu \u00ab\u00a0Bella ciao\u00a0\u00bb. Cuivres et tambours ont r\u00e9sonn\u00e9 place Jean Moulin avant &hellip;<a href=\"https:\/\/www.brenne-au-coeur.com\/index.php\/2021\/12\/21\/musiques-a-mezieres\/communes\/azay-le-ferron-communes\/820\/\" class=\"more-link\">Lire la suite...<\/a><\/div><\/li><li class=\"rpwe-li rpwe-clearfix\"><a class=\"rpwe-img\" href=\"https:\/\/www.brenne-au-coeur.com\/index.php\/2021\/12\/21\/lectures-du-21-decembre-2021\/communes\/mezieres-en-brenne\/882\/\" target=\"_self\"><img class=\"rpwe-alignleft rpwe-thumb\" src=\"https:\/\/www.brenne-au-coeur.com\/wp-content\/uploads\/2022\/04\/Talleyrand-120x120.jpeg\" alt=\"Lectures du 21 d\u00e9cembre 2021\" height=\"120\" width=\"120\" loading=\"lazy\" decoding=\"async\"><\/a><h3 class=\"rpwe-title\"><a href=\"https:\/\/www.brenne-au-coeur.com\/index.php\/2021\/12\/21\/lectures-du-21-decembre-2021\/communes\/mezieres-en-brenne\/882\/\" target=\"_self\">Lectures du 21 d\u00e9cembre 2021<\/a><\/h3><time class=\"rpwe-time published\" datetime=\"2021-12-21T14:10:10+01:00\">21 d\u00e9cembre 2021<\/time><div class=\"rpwe-summary\">Talleyrand. Michel Decker. Biographie \u2013 Histoire. \u00c9diteur\u00a0: Belfond. 319 pages. Livre de la M\u00e9diath\u00e8que de M\u00e9zi\u00e8res. R\u00e9sum\u00e9\u00a0: Les amours strat\u00e9giques de Talleyrand, homme politique fran\u00e7ais du XVIIIe si\u00e8cle.Le pied, la t\u00eate et le c\u0153ur&#8230;\u00a0\u00bbMa vie, c&rsquo;est mon pied\u00a0\u00bb, affirmait Charles Maurice de Talleyrand-P\u00e9rigord. Contrairement \u00e0 ce que l&rsquo;on a souvent &hellip;<a href=\"https:\/\/www.brenne-au-coeur.com\/index.php\/2021\/12\/21\/lectures-du-21-decembre-2021\/communes\/mezieres-en-brenne\/882\/\" class=\"more-link\">Lire la suite...<\/a><\/div><\/li><li class=\"rpwe-li rpwe-clearfix\"><a class=\"rpwe-img\" href=\"https:\/\/www.brenne-au-coeur.com\/index.php\/2021\/12\/17\/une-nouvelle-ecole-de-musique-a-saint-michel-en-brenne\/communes\/saint-michel-en-brenne\/842\/\" target=\"_self\"><img class=\"rpwe-alignleft rpwe-thumb\" src=\"https:\/\/www.brenne-au-coeur.com\/wp-content\/uploads\/2022\/04\/Ecole_de_musique_de_Qaint-Michel-en-Brenne_site-120x120.jpg\" alt=\"Une nouvelle \u00e9cole de musique \u00e0 Saint-Michel-en-Brenne\" height=\"120\" width=\"120\" loading=\"lazy\" decoding=\"async\"><\/a><h3 class=\"rpwe-title\"><a href=\"https:\/\/www.brenne-au-coeur.com\/index.php\/2021\/12\/17\/une-nouvelle-ecole-de-musique-a-saint-michel-en-brenne\/communes\/saint-michel-en-brenne\/842\/\" target=\"_self\">Une nouvelle \u00e9cole de musique \u00e0 Saint-Michel-en-Brenne<\/a><\/h3><time class=\"rpwe-time published\" datetime=\"2021-12-17T18:36:16+01:00\">17 d\u00e9cembre 2021<\/time><div class=\"rpwe-summary\">Jacques Lefevre a r\u00e9cemment ouvert une \u00e9cole de musique \u00e0 Saint-Michel-en-Brenne. Professeur de piano, d\u2019orgue et de chant, il souhaite proposer un enseignement moderne o\u00f9 les \u00e9l\u00e8ves prennent du plaisir et progresse rapidement. \u00ab\u00a0Mon id\u00e9e est de permettre aux \u00e9l\u00e8ves de jouer leurs morceaux favoris, gr\u00e2ce \u00e0 une m\u00e9thode accessible\u00a0\u00bb, &hellip;<a href=\"https:\/\/www.brenne-au-coeur.com\/index.php\/2021\/12\/17\/une-nouvelle-ecole-de-musique-a-saint-michel-en-brenne\/communes\/saint-michel-en-brenne\/842\/\" class=\"more-link\">Lire la suite...<\/a><\/div><\/li><li class=\"rpwe-li rpwe-clearfix\"><a class=\"rpwe-img\" href=\"https:\/\/www.brenne-au-coeur.com\/index.php\/2021\/12\/17\/les-jeunes-font-leur-cinema\/communaute-de-communes\/830\/\" target=\"_self\"><img class=\"rpwe-alignleft rpwe-thumb\" src=\"https:\/\/www.brenne-au-coeur.com\/wp-content\/uploads\/2022\/04\/Cinema_a_la_CDC_site-120x120.jpg\" alt=\"Les jeunes font leur cin\u00e9ma\" height=\"120\" width=\"120\" loading=\"lazy\" decoding=\"async\"><\/a><h3 class=\"rpwe-title\"><a href=\"https:\/\/www.brenne-au-coeur.com\/index.php\/2021\/12\/17\/les-jeunes-font-leur-cinema\/communaute-de-communes\/830\/\" target=\"_self\">Les jeunes font leur cin\u00e9ma<\/a><\/h3><time class=\"rpwe-time published\" datetime=\"2021-12-17T18:16:01+01:00\">17 d\u00e9cembre 2021<\/time><div class=\"rpwe-summary\">\u00ab\u00a0Trois jours, ce n\u2019est vraiment pas assez\u00a0\u00bb. L\u2019avis des quatre adolescents r\u00e9unis en demi-groupe autour de Pierre Trouv\u00e9 est unanime. \u00ab\u00a0Il faudrait une semaine de tournage au ch\u00e2teau du Bouchet\u00a0\u00bb, ajoute Maxence. Au total, huit gar\u00e7ons et filles ont particip\u00e9 avec le m\u00eame entrain aux activit\u00e9s de l\u2019accueil jeunes (du &hellip;<a href=\"https:\/\/www.brenne-au-coeur.com\/index.php\/2021\/12\/17\/les-jeunes-font-leur-cinema\/communaute-de-communes\/830\/\" class=\"more-link\">Lire la suite...<\/a><\/div><\/li><li class=\"rpwe-li rpwe-clearfix\"><a class=\"rpwe-img\" href=\"https:\/\/www.brenne-au-coeur.com\/index.php\/2021\/12\/17\/la-brenne-vue-par-chantal-lombard\/communes\/mezieres-en-brenne\/828\/\" target=\"_self\"><img class=\"rpwe-alignleft rpwe-thumb\" src=\"https:\/\/www.brenne-au-coeur.com\/wp-content\/uploads\/2022\/04\/Chantal_Lombard_site-120x120.jpg\" alt=\"La Brenne vue par Chantal Lombard\" height=\"120\" width=\"120\" loading=\"lazy\" decoding=\"async\"><\/a><h3 class=\"rpwe-title\"><a href=\"https:\/\/www.brenne-au-coeur.com\/index.php\/2021\/12\/17\/la-brenne-vue-par-chantal-lombard\/communes\/mezieres-en-brenne\/828\/\" target=\"_self\">La Brenne vue par Chantal Lombard<\/a><\/h3><time class=\"rpwe-time published\" datetime=\"2021-12-17T18:13:39+01:00\">17 d\u00e9cembre 2021<\/time><div class=\"rpwe-summary\">En juin 2021, l\u2019association Le Moulin a propos\u00e9 de d\u00e9couvrir des tableaux r\u00e9alis\u00e9s par Chantal Lombard. Une plong\u00e9e au c\u0153ur de la nature brennouse. Des paysages aux teintes nuanc\u00e9es qui instaurent une ambiance originale et authentique. Le visiteur peut en effet se laisser entra\u00eener dans cette atmosph\u00e8re m\u00e9lancolique. Au milieu &hellip;<a href=\"https:\/\/www.brenne-au-coeur.com\/index.php\/2021\/12\/17\/la-brenne-vue-par-chantal-lombard\/communes\/mezieres-en-brenne\/828\/\" class=\"more-link\">Lire la suite...<\/a><\/div><\/li><li class=\"rpwe-li rpwe-clearfix\"><a class=\"rpwe-img\" href=\"https:\/\/www.brenne-au-coeur.com\/index.php\/2021\/12\/17\/sil-te-plait-dessine-moi-des-lettres\/communes\/mezieres-en-brenne\/824\/\" target=\"_self\"><img class=\"rpwe-alignleft rpwe-thumb\" src=\"https:\/\/www.brenne-au-coeur.com\/wp-content\/uploads\/2022\/04\/Calligraphie_site-120x120.jpg\" alt=\"S\u2019il te pla\u00eet, dessine-moi des lettres\u00a0!\" height=\"120\" width=\"120\" loading=\"lazy\" decoding=\"async\"><\/a><h3 class=\"rpwe-title\"><a href=\"https:\/\/www.brenne-au-coeur.com\/index.php\/2021\/12\/17\/sil-te-plait-dessine-moi-des-lettres\/communes\/mezieres-en-brenne\/824\/\" target=\"_self\">S\u2019il te pla\u00eet, dessine-moi des lettres\u00a0!<\/a><\/h3><time class=\"rpwe-time published\" datetime=\"2021-12-17T18:10:49+01:00\">17 d\u00e9cembre 2021<\/time><div class=\"rpwe-summary\">Samedi 12 juin, la m\u00e9diath\u00e8que de M\u00e9zi\u00e8res organisait une d\u00e9monstration de calligraphies. Sylvain Jobelin pr\u00e9sentait aux visiteurs cet \u00ab\u00a0art de la belle \u00e9criture\u00a0\u00bb. Plusieurs de ses r\u00e9alisations \u00e9taient affich\u00e9es. Des cr\u00e9ations inspir\u00e9es par des instrumentistes, fl\u00fbtiste et violoncelliste. Plus loin une copie d\u2019un livre ancien et quelques ouvrages sur cette &hellip;<a href=\"https:\/\/www.brenne-au-coeur.com\/index.php\/2021\/12\/17\/sil-te-plait-dessine-moi-des-lettres\/communes\/mezieres-en-brenne\/824\/\" class=\"more-link\">Lire la suite...<\/a><\/div><\/li><li class=\"rpwe-li rpwe-clearfix\"><a class=\"rpwe-img\" href=\"https:\/\/www.brenne-au-coeur.com\/index.php\/2021\/12\/17\/azay-dautrefois\/communes\/azay-le-ferron-communes\/811\/\" target=\"_self\"><img class=\"rpwe-alignleft rpwe-thumb\" src=\"https:\/\/www.brenne-au-coeur.com\/wp-content\/uploads\/2022\/04\/Azay_dautrefois_site.cleaned-120x120.jpg\" alt=\"Azay d\u2019autrefois\" height=\"120\" width=\"120\" loading=\"lazy\" decoding=\"async\"><\/a><h3 class=\"rpwe-title\"><a href=\"https:\/\/www.brenne-au-coeur.com\/index.php\/2021\/12\/17\/azay-dautrefois\/communes\/azay-le-ferron-communes\/811\/\" target=\"_self\">Azay d\u2019autrefois<\/a><\/h3><time class=\"rpwe-time published\" datetime=\"2021-12-17T17:56:05+01:00\">17 d\u00e9cembre 2021<\/time><div class=\"rpwe-summary\">La m\u00e9diath\u00e8que d\u2019Azay-le-Ferron a accueilli en septembre 2021, des peintures de Jacqueline et Claude Boutet. Comme pour offrir un voyage dans le temps. Les deux peintres ont reproduit les rues de leur village telles qu\u2019elles se pr\u00e9sentaient il y a plusieurs d\u00e9cennies. L\u2019entr\u00e9e d\u2019Azay en 1930, une ruelle du bourg. &hellip;<a href=\"https:\/\/www.brenne-au-coeur.com\/index.php\/2021\/12\/17\/azay-dautrefois\/communes\/azay-le-ferron-communes\/811\/\" class=\"more-link\">Lire la suite...<\/a><\/div><\/li><li class=\"rpwe-li rpwe-clearfix\"><a class=\"rpwe-img\" href=\"https:\/\/www.brenne-au-coeur.com\/index.php\/2021\/12\/15\/cap-sur-la-brenne-affiche-ses-ambitions-pour-2022\/communes\/mezieres-en-brenne\/714\/\" target=\"_self\"><img class=\"rpwe-alignleft rpwe-thumb\" src=\"https:\/\/www.brenne-au-coeur.com\/wp-content\/uploads\/2022\/04\/Cap_sur_la_Brenne_site-120x120.jpg\" alt=\"\u00ab\u00a0Cap sur la Brenne\u00a0\u00bb affiche ses ambitions pour 2022\" height=\"120\" width=\"120\" loading=\"lazy\" decoding=\"async\"><\/a><h3 class=\"rpwe-title\"><a href=\"https:\/\/www.brenne-au-coeur.com\/index.php\/2021\/12\/15\/cap-sur-la-brenne-affiche-ses-ambitions-pour-2022\/communes\/mezieres-en-brenne\/714\/\" target=\"_self\">\u00ab\u00a0Cap sur la Brenne\u00a0\u00bb affiche ses ambitions pour 2022<\/a><\/h3><time class=\"rpwe-time published\" datetime=\"2021-12-15T11:56:28+01:00\">15 d\u00e9cembre 2021<\/time><div class=\"rpwe-summary\">Jeudi 7 octobre, s\u2019est tenu l\u2019assembl\u00e9e g\u00e9n\u00e9rale de l\u2019association Cap sur la Brenne qui assure la gestion du village vacances de Bellebouche. Son pr\u00e9sident, Robert Boscarino, a pr\u00e9sent\u00e9 dans son rapport moral, le bilan de l\u2019activit\u00e9, marqu\u00e9e par les cons\u00e9quences de la crise sanitaire. L\u2019\u00e9tablissement a \u00e9t\u00e9 oblig\u00e9 de fermer &hellip;<a href=\"https:\/\/www.brenne-au-coeur.com\/index.php\/2021\/12\/15\/cap-sur-la-brenne-affiche-ses-ambitions-pour-2022\/communes\/mezieres-en-brenne\/714\/\" class=\"more-link\">Lire la suite...<\/a><\/div><\/li><li class=\"rpwe-li rpwe-clearfix\"><a class=\"rpwe-img\" href=\"https:\/\/www.brenne-au-coeur.com\/index.php\/2021\/12\/11\/azay-a-garde-son-marche-de-noel\/communes\/azay-le-ferron-communes\/897\/\" target=\"_self\"><img class=\"rpwe-alignleft rpwe-thumb\" src=\"https:\/\/www.brenne-au-coeur.com\/wp-content\/uploads\/2022\/04\/Marche_de_Noel_d_Azay_03_site.cleaned-120x120.jpg\" alt=\"Azay a gard\u00e9 son march\u00e9 de No\u00ebl\" height=\"120\" width=\"120\" loading=\"lazy\" decoding=\"async\"><\/a><h3 class=\"rpwe-title\"><a href=\"https:\/\/www.brenne-au-coeur.com\/index.php\/2021\/12\/11\/azay-a-garde-son-marche-de-noel\/communes\/azay-le-ferron-communes\/897\/\" target=\"_self\">Azay a gard\u00e9 son march\u00e9 de No\u00ebl<\/a><\/h3><time class=\"rpwe-time published\" datetime=\"2021-12-11T09:25:41+01:00\">11 d\u00e9cembre 2021<\/time><div class=\"rpwe-summary\">Vendredi 10 d\u00e9cembre, le traditionnel march\u00e9 de No\u00ebl a \u00e9t\u00e9 maintenu, en d\u00e9pit de la situation sanitaire. Toutes les pr\u00e9cautions avaient \u00e9t\u00e9 prises afin d\u2019accueillir la population dans de bonnes conditions. Pass sanitaire, masques et sens de circulation. Malgr\u00e9 les mesures indispensables pour organiser ce type d\u2019\u00e9v\u00e9nement, les visiteurs \u00e9taient &hellip;<a href=\"https:\/\/www.brenne-au-coeur.com\/index.php\/2021\/12\/11\/azay-a-garde-son-marche-de-noel\/communes\/azay-le-ferron-communes\/897\/\" class=\"more-link\">Lire la suite...<\/a><\/div><\/li><li class=\"rpwe-li rpwe-clearfix\"><a class=\"rpwe-img\" href=\"https:\/\/www.brenne-au-coeur.com\/index.php\/2021\/12\/09\/la-commune-de-paris-ou-le-destin-extraordinaire-des-gens-ordinaires\/communes\/mezieres-en-brenne\/832\/\" target=\"_self\"><img class=\"rpwe-alignleft rpwe-thumb\" src=\"https:\/\/www.brenne-au-coeur.com\/wp-content\/uploads\/2021\/12\/commune-chantier-culture-120x120.jpg\" alt=\"Commune de Paris, destin extraordinaire de gens ordinaires\" height=\"120\" width=\"120\" loading=\"lazy\" decoding=\"async\"><\/a><h3 class=\"rpwe-title\"><a href=\"https:\/\/www.brenne-au-coeur.com\/index.php\/2021\/12\/09\/la-commune-de-paris-ou-le-destin-extraordinaire-des-gens-ordinaires\/communes\/mezieres-en-brenne\/832\/\" target=\"_self\">Commune de Paris, destin extraordinaire de gens ordinaires<\/a><\/h3><time class=\"rpwe-time published\" datetime=\"2021-12-09T15:00:33+01:00\">9 d\u00e9cembre 2021<\/time><div class=\"rpwe-summary\">La m\u00e9diath\u00e8que de M\u00e9zi\u00e8res-en-Brenne (Indre) a tout derni\u00e8rement consacr\u00e9 une soir\u00e9e \u00e0 Alfred Huet, dans le cadre de la comm\u00e9moration du 150e anniversaire de la Commune de Paris. L\u2019enfant du village, impliqu\u00e9 dans l\u2019insurrection parisienne, que rien ne pr\u00e9destinait \u00e0 un tel engagement politique, est loin d\u2019\u00eatre un cas isol\u00e9 &hellip;<a href=\"https:\/\/www.brenne-au-coeur.com\/index.php\/2021\/12\/09\/la-commune-de-paris-ou-le-destin-extraordinaire-des-gens-ordinaires\/communes\/mezieres-en-brenne\/832\/\" class=\"more-link\">Lire la suite...<\/a><\/div><\/li><li class=\"rpwe-li rpwe-clearfix\"><a class=\"rpwe-img\" href=\"https:\/\/www.brenne-au-coeur.com\/index.php\/2021\/11\/30\/alfred-huet-communard-deporte-et-macerien-de-toujours\/communes\/mezieres-en-brenne\/942\/\" target=\"_self\"><img class=\"rpwe-alignleft rpwe-thumb\" src=\"https:\/\/www.brenne-au-coeur.com\/wp-content\/uploads\/2022\/04\/Alfred_Huet_001-120x120.jpg\" alt=\"Alfred Huet&nbsp;: communard, d\u00e9port\u00e9 et mac\u00e9rien de toujours\" height=\"120\" width=\"120\" loading=\"lazy\" decoding=\"async\"><\/a><h3 class=\"rpwe-title\"><a href=\"https:\/\/www.brenne-au-coeur.com\/index.php\/2021\/11\/30\/alfred-huet-communard-deporte-et-macerien-de-toujours\/communes\/mezieres-en-brenne\/942\/\" target=\"_self\">Alfred Huet&nbsp;: communard, d\u00e9port\u00e9 et mac\u00e9rien de toujours<\/a><\/h3><time class=\"rpwe-time published\" datetime=\"2021-11-30T17:34:30+01:00\">30 novembre 2021<\/time><div class=\"rpwe-summary\">Alfred Huet &nbsp; NOTE DE L\u2019AUTRICE La lecture de cette histoire de vie mouvement\u00e9e pourrait supposer qu\u2019elle a \u00e9t\u00e9 romanc\u00e9e. Il n\u2019en est rien. Chaque fait, chaque information, chaque pr\u00e9cision ont \u00e9t\u00e9 d\u00fbment v\u00e9rifi\u00e9s. Ils \u00e9manent soit de services d\u2019archives, soit d\u2019ouvrages d\u2019\u00e9poque et contemporains, soit de sites internet fiables, &hellip;<a href=\"https:\/\/www.brenne-au-coeur.com\/index.php\/2021\/11\/30\/alfred-huet-communard-deporte-et-macerien-de-toujours\/communes\/mezieres-en-brenne\/942\/\" class=\"more-link\">Lire la suite...<\/a><\/div><\/li><li class=\"rpwe-li rpwe-clearfix\"><a class=\"rpwe-img\" href=\"https:\/\/www.brenne-au-coeur.com\/index.php\/2021\/11\/30\/victorian-animals\/communes\/mezieres-en-brenne\/934\/\" target=\"_self\"><img class=\"rpwe-alignleft rpwe-thumb\" src=\"https:\/\/www.brenne-au-coeur.com\/wp-content\/uploads\/2022\/04\/Victorian_Animals_02_site.cleaned-120x120.jpg\" alt=\"Victorian Animals\" height=\"120\" width=\"120\" loading=\"lazy\" decoding=\"async\"><\/a><h3 class=\"rpwe-title\"><a href=\"https:\/\/www.brenne-au-coeur.com\/index.php\/2021\/11\/30\/victorian-animals\/communes\/mezieres-en-brenne\/934\/\" target=\"_self\">Victorian Animals<\/a><\/h3><time class=\"rpwe-time published\" datetime=\"2021-11-30T11:40:52+01:00\">30 novembre 2021<\/time><div class=\"rpwe-summary\">Jusqu\u2019au 6 janvier, l\u2019association Le Moulin invite le public \u00e0 d\u00e9couvrir l\u2019univers \u00e9tonnant de John Byron. Sur les murs de la salle d\u2019exposition se c\u00f4toient des portraits de personnages mi-homme\/mi-animal. Une exposition qui interroge sur les rapports entre ces esp\u00e8ces. La rencontre s\u2019engage avec \u00ab\u00a0Bulldog officer\u00a0\u00bb. Le c\u00e9l\u00e8bre chien tr\u00f4ne, &hellip;<a href=\"https:\/\/www.brenne-au-coeur.com\/index.php\/2021\/11\/30\/victorian-animals\/communes\/mezieres-en-brenne\/934\/\" class=\"more-link\">Lire la suite...<\/a><\/div><\/li><li class=\"rpwe-li rpwe-clearfix\"><a class=\"rpwe-img\" href=\"https:\/\/www.brenne-au-coeur.com\/index.php\/2021\/11\/30\/claude-gallais-nous-a-quittes\/communes\/mezieres-en-brenne\/915\/\" target=\"_self\"><img class=\"rpwe-alignleft rpwe-thumb\" src=\"https:\/\/www.brenne-au-coeur.com\/wp-content\/uploads\/2022\/04\/Necrologie_Claude_Gallais_site.cleaned-120x120.jpg\" alt=\"Claude Gallais nous a quitt\u00e9s\" height=\"120\" width=\"120\" loading=\"lazy\" decoding=\"async\"><\/a><h3 class=\"rpwe-title\"><a href=\"https:\/\/www.brenne-au-coeur.com\/index.php\/2021\/11\/30\/claude-gallais-nous-a-quittes\/communes\/mezieres-en-brenne\/915\/\" target=\"_self\">Claude Gallais nous a quitt\u00e9s<\/a><\/h3><time class=\"rpwe-time published\" datetime=\"2021-11-30T09:14:10+01:00\">30 novembre 2021<\/time><div class=\"rpwe-summary\">Si tout le monde connaissait, Claude Gallais, le coiffeur de M\u00e9zi\u00e8res en Brenne, nous devons lui rendre hommage pour le grand int\u00e9r\u00eat qu&rsquo;il porta, comme b\u00e9n\u00e9vole, \u00e0 bon nombre d&rsquo;associations locales.Il fut un excellent gardien de but \u00e0 l&rsquo;ASM, o\u00f9, tr\u00e8s vite, il cr\u00e9a l&rsquo;\u00e9cole de foot puis encadra les &hellip;<a href=\"https:\/\/www.brenne-au-coeur.com\/index.php\/2021\/11\/30\/claude-gallais-nous-a-quittes\/communes\/mezieres-en-brenne\/915\/\" class=\"more-link\">Lire la suite...<\/a><\/div><\/li><li class=\"rpwe-li rpwe-clearfix\"><a class=\"rpwe-img\" href=\"https:\/\/www.brenne-au-coeur.com\/index.php\/2021\/11\/28\/danse-mime-et-masque-a-mezieres\/communes\/mezieres-en-brenne\/924\/\" target=\"_self\"><img class=\"rpwe-alignleft rpwe-thumb\" src=\"https:\/\/www.brenne-au-coeur.com\/wp-content\/uploads\/2022\/04\/Quincaille_et_Macadam_02_site.cleaned-120x120.jpg\" alt=\"Danse, mime et masque \u00e0 M\u00e9zi\u00e8res\" height=\"120\" width=\"120\" loading=\"lazy\" decoding=\"async\"><\/a><h3 class=\"rpwe-title\"><a href=\"https:\/\/www.brenne-au-coeur.com\/index.php\/2021\/11\/28\/danse-mime-et-masque-a-mezieres\/communes\/mezieres-en-brenne\/924\/\" target=\"_self\">Danse, mime et masque \u00e0 M\u00e9zi\u00e8res<\/a><\/h3><time class=\"rpwe-time published\" datetime=\"2021-11-28T08:07:53+01:00\">28 novembre 2021<\/time><div class=\"rpwe-summary\">La m\u00e9diath\u00e8que de M\u00e9zi\u00e8res pr\u00e9sentait, le mercredi 24 novembre \u00e0 la salle des f\u00eates&nbsp;: \u00ab&nbsp;Quincaille et Macadam\u00a0\u00bb, un spectacle cr\u00e9\u00e9 par la Compagnie Interligne. Dans l\u2019espace sc\u00e9nique, un d\u00e9cor minimaliste. Cinq bassines, un r\u00e9verb\u00e8re, une toile de tente et&#8230; un personnage, le visage couvert par un masque fa\u00e7on comedia dell&rsquo;Arte. &hellip;<a href=\"https:\/\/www.brenne-au-coeur.com\/index.php\/2021\/11\/28\/danse-mime-et-masque-a-mezieres\/communes\/mezieres-en-brenne\/924\/\" class=\"more-link\">Lire la suite...<\/a><\/div><\/li><li class=\"rpwe-li rpwe-clearfix\"><a class=\"rpwe-img\" href=\"https:\/\/www.brenne-au-coeur.com\/index.php\/2021\/11\/06\/de-lindre-a-linde\/communes\/mezieres-en-brenne\/866\/\" target=\"_self\"><img class=\"rpwe-alignleft rpwe-thumb\" src=\"https:\/\/www.brenne-au-coeur.com\/wp-content\/uploads\/2022\/04\/Inde_site-120x120.jpg\" alt=\"De l\u2019Indre \u00e0 l\u2019Inde\" height=\"120\" width=\"120\" loading=\"lazy\" decoding=\"async\"><\/a><h3 class=\"rpwe-title\"><a href=\"https:\/\/www.brenne-au-coeur.com\/index.php\/2021\/11\/06\/de-lindre-a-linde\/communes\/mezieres-en-brenne\/866\/\" target=\"_self\">De l\u2019Indre \u00e0 l\u2019Inde<\/a><\/h3><time class=\"rpwe-time published\" datetime=\"2021-11-06T07:08:05+01:00\">6 novembre 2021<\/time><div class=\"rpwe-summary\">Samedi 6 novembre, Chantal Kroliczak a offert une escapade en Inde au public de la m\u00e9diath\u00e8que. Si proche de notre d\u00e9partement par l\u2019orthographe, mais si \u00e9loign\u00e9 par la culture. Photos et vid\u00e9os \u00e0 l\u2019appui, par petites touches, elle a permis d\u2019en d\u00e9couvrir quelques caract\u00e9ristiques. Un pays surprenant et hors-norme expliquera &hellip;<a href=\"https:\/\/www.brenne-au-coeur.com\/index.php\/2021\/11\/06\/de-lindre-a-linde\/communes\/mezieres-en-brenne\/866\/\" class=\"more-link\">Lire la suite...<\/a><\/div><\/li><li class=\"rpwe-li rpwe-clearfix\"><a class=\"rpwe-img\" href=\"https:\/\/www.brenne-au-coeur.com\/index.php\/2021\/11\/01\/innovation-et-poesie-a-la-mediatheque\/communes\/azay-le-ferron-communes\/868\/\" target=\"_self\"><img class=\"rpwe-alignleft rpwe-thumb\" src=\"https:\/\/www.brenne-au-coeur.com\/wp-content\/uploads\/2022\/04\/Innovation_mediatheque_site-120x120.jpg\" alt=\"Innovation et po\u00e9sie \u00e0 la m\u00e9diath\u00e8que\" height=\"120\" width=\"120\" loading=\"lazy\" decoding=\"async\"><\/a><h3 class=\"rpwe-title\"><a href=\"https:\/\/www.brenne-au-coeur.com\/index.php\/2021\/11\/01\/innovation-et-poesie-a-la-mediatheque\/communes\/azay-le-ferron-communes\/868\/\" target=\"_self\">Innovation et po\u00e9sie \u00e0 la m\u00e9diath\u00e8que<\/a><\/h3><time class=\"rpwe-time published\" datetime=\"2021-11-01T07:41:29+01:00\">1 novembre 2021<\/time><div class=\"rpwe-summary\">Jusqu\u2019au 15 septembre, la m\u00e9diath\u00e8que d\u2019Azay-le-Ferron a propos\u00e9 une animation insolite sur le th\u00e8me de l\u2019art num\u00e9rique interactif. Une sculpture repr\u00e9sentant des m\u00e9duses \u00e9tait expos\u00e9e. Une belle cr\u00e9ation que les visiteurs pouvaient toucher. Une l\u00e9g\u00e8re pression sur les tentacules d\u00e9clenchait une musique et une citation d\u2019auteurs\u00a0: Pablo Neruda, Ren\u00e9 Char, &hellip;<a href=\"https:\/\/www.brenne-au-coeur.com\/index.php\/2021\/11\/01\/innovation-et-poesie-a-la-mediatheque\/communes\/azay-le-ferron-communes\/868\/\" class=\"more-link\">Lire la suite...<\/a><\/div><\/li><li class=\"rpwe-li rpwe-clearfix\"><a class=\"rpwe-img\" href=\"https:\/\/www.brenne-au-coeur.com\/index.php\/2021\/10\/24\/valentin-de-la-graine-de-champion\/communes\/mezieres-en-brenne\/932\/\" target=\"_self\"><img class=\"rpwe-alignleft rpwe-thumb\" src=\"https:\/\/www.brenne-au-coeur.com\/wp-content\/uploads\/2022\/04\/Valentin_Bercon_site.cleaned-e1650019476509-120x120.jpg\" alt=\"Valentin, de la graine de champion\" height=\"120\" width=\"120\" loading=\"lazy\" decoding=\"async\"><\/a><h3 class=\"rpwe-title\"><a href=\"https:\/\/www.brenne-au-coeur.com\/index.php\/2021\/10\/24\/valentin-de-la-graine-de-champion\/communes\/mezieres-en-brenne\/932\/\" target=\"_self\">Valentin, de la graine de champion<\/a><\/h3><time class=\"rpwe-time published\" datetime=\"2021-10-24T09:03:59+02:00\">24 octobre 2021<\/time><div class=\"rpwe-summary\">Valentin Ber\u00e7on, jeune habitant de M\u00e9zi\u00e8res-en-Brenne, a particip\u00e9 au championnat national UFOLEP de Kart Cross, les 22 et 23 octobre \u00e0 Elne, dans les Pyr\u00e9n\u00e9es orientales. Licenci\u00e9 au club \u00c9curies d\u2019Orl\u00e9ans, il a d\u00e9croch\u00e9 sa qualification apr\u00e8s seulement un an de comp\u00e9tition dans la r\u00e9gion Val de Loire. Des r\u00e9sultats &hellip;<a href=\"https:\/\/www.brenne-au-coeur.com\/index.php\/2021\/10\/24\/valentin-de-la-graine-de-champion\/communes\/mezieres-en-brenne\/932\/\" class=\"more-link\">Lire la suite...<\/a><\/div><\/li><li class=\"rpwe-li rpwe-clearfix\"><a class=\"rpwe-img\" href=\"https:\/\/www.brenne-au-coeur.com\/index.php\/2021\/10\/13\/laccueil-jeunes-aux-assises-internationales-du-journalisme\/communaute-de-communes\/766\/\" target=\"_self\"><img class=\"rpwe-alignleft rpwe-thumb\" src=\"https:\/\/www.brenne-au-coeur.com\/wp-content\/uploads\/2022\/04\/Assises_Journalisme_site-120x120.jpg\" alt=\"L\u2019Accueil \u00ab\u00a0Jeunes\u00a0\u00bb aux Assises Internationales du Journalisme\" height=\"120\" width=\"120\" loading=\"lazy\" decoding=\"async\"><\/a><h3 class=\"rpwe-title\"><a href=\"https:\/\/www.brenne-au-coeur.com\/index.php\/2021\/10\/13\/laccueil-jeunes-aux-assises-internationales-du-journalisme\/communaute-de-communes\/766\/\" target=\"_self\">L\u2019Accueil \u00ab\u00a0Jeunes\u00a0\u00bb aux Assises Internationales du Journalisme<\/a><\/h3><time class=\"rpwe-time published\" datetime=\"2021-10-13T18:25:10+02:00\">13 octobre 2021<\/time><div class=\"rpwe-summary\">L\u2019Accueil \u00ab&nbsp;Jeunes&nbsp;\u00bb de la Communaut\u00e9 de Communes C\u0153ur de Brenne a particip\u00e9 aux Assises Internationales du Journalisme qui se sont tenues fin septembre \u00e0 Tours. Trois jours durant lesquels sont, entre autres, organis\u00e9s des concours, dont le prix EMI ( \u00c9ducation aux M\u00e9dias et \u00e0 l\u2019Information). L\u2019atelier accueil jeune C\u0153ur &hellip;<a href=\"https:\/\/www.brenne-au-coeur.com\/index.php\/2021\/10\/13\/laccueil-jeunes-aux-assises-internationales-du-journalisme\/communaute-de-communes\/766\/\" class=\"more-link\">Lire la suite...<\/a><\/div><\/li><li class=\"rpwe-li rpwe-clearfix\"><a class=\"rpwe-img\" href=\"https:\/\/www.brenne-au-coeur.com\/index.php\/2021\/10\/12\/jean-rejasse-une-vie-au-service-dazay\/communes\/azay-le-ferron-communes\/874\/\" target=\"_self\"><img class=\"rpwe-alignleft rpwe-thumb\" src=\"https:\/\/www.brenne-au-coeur.com\/wp-content\/uploads\/2022\/04\/Jean_Rejasse_site-120x120.jpg\" alt=\"Jean Rejasse, une vie au service d\u2019Azay\" height=\"120\" width=\"120\" loading=\"lazy\" decoding=\"async\"><\/a><h3 class=\"rpwe-title\"><a href=\"https:\/\/www.brenne-au-coeur.com\/index.php\/2021\/10\/12\/jean-rejasse-une-vie-au-service-dazay\/communes\/azay-le-ferron-communes\/874\/\" target=\"_self\">Jean Rejasse, une vie au service d\u2019Azay<\/a><\/h3><time class=\"rpwe-time published\" datetime=\"2021-10-12T23:44:49+02:00\">12 octobre 2021<\/time><div class=\"rpwe-summary\">R\u00e9cemment disparu, Jean Rejasse est de ces hommes qui marquent la vie locale. Tant par son parcours professionnel que par son investissement citoyen, il aura consacr\u00e9 une grande partie de son existence au rayonnement de sa commune. N\u00e9 en 1934, il s\u2019installe \u00e0 Azay-le-Ferron en 1950, en compagnie de ses &hellip;<a href=\"https:\/\/www.brenne-au-coeur.com\/index.php\/2021\/10\/12\/jean-rejasse-une-vie-au-service-dazay\/communes\/azay-le-ferron-communes\/874\/\" class=\"more-link\">Lire la suite...<\/a><\/div><\/li><li class=\"rpwe-li rpwe-clearfix\"><a class=\"rpwe-img\" href=\"https:\/\/www.brenne-au-coeur.com\/index.php\/2021\/10\/08\/pour-apprendre-autrement\/communes\/mezieres-en-brenne\/919\/\" target=\"_self\"><img class=\"rpwe-alignleft rpwe-thumb\" src=\"https:\/\/www.brenne-au-coeur.com\/wp-content\/uploads\/2022\/04\/Pour_apprendre_autrement_site.cleaned-120x120.jpg\" alt=\"Pour apprendre autrement\" height=\"120\" width=\"120\" loading=\"lazy\" decoding=\"async\"><\/a><h3 class=\"rpwe-title\"><a href=\"https:\/\/www.brenne-au-coeur.com\/index.php\/2021\/10\/08\/pour-apprendre-autrement\/communes\/mezieres-en-brenne\/919\/\" target=\"_self\">Pour apprendre autrement<\/a><\/h3><time class=\"rpwe-time published\" datetime=\"2021-10-08T12:09:51+02:00\">8 octobre 2021<\/time><div class=\"rpwe-summary\">Les locaux de la Brenne Box \u00e0 M\u00e9zi\u00e8res-en-Brenne accueillent l\u2019atelier d\u2019orthop\u00e9dagogie de Brigitte Rouet. Elle propose un accompagnement aux enfants en difficult\u00e9s scolaires. Enseignante depuis 30 ans, actuellement en activit\u00e9 \u00e0 Buzan\u00e7ais, elle s\u2019est consacr\u00e9e plusieurs ann\u00e9es au service exclusivement des enfants en difficult\u00e9s d\u2019apprentissage. Depuis septembre 2020, elle a &hellip;<a href=\"https:\/\/www.brenne-au-coeur.com\/index.php\/2021\/10\/08\/pour-apprendre-autrement\/communes\/mezieres-en-brenne\/919\/\" class=\"more-link\">Lire la suite...<\/a><\/div><\/li><li class=\"rpwe-li rpwe-clearfix\"><a class=\"rpwe-img\" href=\"https:\/\/www.brenne-au-coeur.com\/index.php\/2021\/10\/06\/jeux-et-rencontres-a-laccueil-de-loisirs-de-saint-michel-en-brenne\/communes\/saint-michel-en-brenne\/695\/\" target=\"_self\"><img class=\"rpwe-alignleft rpwe-thumb\" src=\"https:\/\/www.brenne-au-coeur.com\/wp-content\/uploads\/2022\/04\/2021-10-06_Accueil_loisirs_site-120x120.jpg\" alt=\"Jeux et rencontres \u00e0 l\u2019accueil de loisirs de Saint-Michel-en-Brenne\" height=\"120\" width=\"120\" loading=\"lazy\" decoding=\"async\"><\/a><h3 class=\"rpwe-title\"><a href=\"https:\/\/www.brenne-au-coeur.com\/index.php\/2021\/10\/06\/jeux-et-rencontres-a-laccueil-de-loisirs-de-saint-michel-en-brenne\/communes\/saint-michel-en-brenne\/695\/\" target=\"_self\">Jeux et rencontres \u00e0 l\u2019accueil de loisirs de Saint-Michel-en-Brenne<\/a><\/h3><time class=\"rpwe-time published\" datetime=\"2021-10-06T18:32:51+02:00\">6 octobre 2021<\/time><div class=\"rpwe-summary\">Mercredi 6 octobre, les enfants de l\u2019accueil loisir de la Communaut\u00e9 de Communes C\u0153ur de Brenne ont re\u00e7u la visite de Romaric Boch et de Dominique Villain. Romaric est le papa de L\u00e9ma\u00efc. Elle souffre de la maladie du diab\u00e8te 1, qui touche en priorit\u00e9 les enfants. Aujourd\u2019hui sa d\u00e9marche &hellip;<a href=\"https:\/\/www.brenne-au-coeur.com\/index.php\/2021\/10\/06\/jeux-et-rencontres-a-laccueil-de-loisirs-de-saint-michel-en-brenne\/communes\/saint-michel-en-brenne\/695\/\" class=\"more-link\">Lire la suite...<\/a><\/div><\/li><li class=\"rpwe-li rpwe-clearfix\"><a class=\"rpwe-img\" href=\"https:\/\/www.brenne-au-coeur.com\/index.php\/2021\/10\/02\/qi-gong-a-saint-michel\/communes\/saint-michel-en-brenne\/921\/\" target=\"_self\"><img class=\"rpwe-alignleft rpwe-thumb\" src=\"https:\/\/www.brenne-au-coeur.com\/wp-content\/uploads\/2022\/04\/Qi_gong_a_St_Michel_site.cleaned-120x120.jpg\" alt=\"Qi Gong \u00e0 Saint-Michel\" height=\"120\" width=\"120\" loading=\"lazy\" decoding=\"async\"><\/a><h3 class=\"rpwe-title\"><a href=\"https:\/\/www.brenne-au-coeur.com\/index.php\/2021\/10\/02\/qi-gong-a-saint-michel\/communes\/saint-michel-en-brenne\/921\/\" target=\"_self\">Qi Gong \u00e0 Saint-Michel<\/a><\/h3><time class=\"rpwe-time published\" datetime=\"2021-10-02T16:12:42+02:00\">2 octobre 2021<\/time><div class=\"rpwe-summary\">Pauline Jolly propose des cours de Qi Gong tous les mercredis matin \u00e0 10h00, salle des f\u00eates de Saint-Michel-en-Brenne. Cette discipline, l\u2019un des cinq piliers de la m\u00e9decine traditionnelle chinoise est adapt\u00e9e \u00e0 tout le monde. Cette forme de gymnastique douce est un ensemble d\u2019exercices et de mouvements qui consistent &hellip;<a href=\"https:\/\/www.brenne-au-coeur.com\/index.php\/2021\/10\/02\/qi-gong-a-saint-michel\/communes\/saint-michel-en-brenne\/921\/\" class=\"more-link\">Lire la suite...<\/a><\/div><\/li><li class=\"rpwe-li rpwe-clearfix\"><a class=\"rpwe-img\" href=\"https:\/\/www.brenne-au-coeur.com\/index.php\/2021\/09\/28\/les-ceramiques-dedith\/communes\/mezieres-en-brenne\/878\/\" target=\"_self\"><img class=\"rpwe-alignleft rpwe-thumb\" src=\"https:\/\/www.brenne-au-coeur.com\/wp-content\/uploads\/2022\/04\/L_artisanat_au_feminin_site.cleaned-120x120.jpg\" alt=\"Les c\u00e9ramiques d\u2019\u00c9dith\" height=\"120\" width=\"120\" loading=\"lazy\" decoding=\"async\"><\/a><h3 class=\"rpwe-title\"><a href=\"https:\/\/www.brenne-au-coeur.com\/index.php\/2021\/09\/28\/les-ceramiques-dedith\/communes\/mezieres-en-brenne\/878\/\" target=\"_self\">Les c\u00e9ramiques d\u2019\u00c9dith<\/a><\/h3><time class=\"rpwe-time published\" datetime=\"2021-09-28T12:02:27+02:00\">28 septembre 2021<\/time><div class=\"rpwe-summary\">L\u2019association \u00ab\u00a0Le Moulin\u00a0\u00bb de M\u00e9zi\u00e8res-en-Brenne a pr\u00e9sent\u00e9 jusqu\u2019au 24 septembre, les c\u00e9ramiques d\u2019\u00c9dith Luthier. Une gamme tr\u00e8s vari\u00e9e de pi\u00e8ces en gr\u00e8s de diverses couleurs, mais unies par un style \u00e9pur\u00e9, des lignes rondes, sobres et modernes. Des vases dits en g\u00e9lules, asym\u00e9triques ou doubles, des tasses larges, hautes, petites &hellip;<a href=\"https:\/\/www.brenne-au-coeur.com\/index.php\/2021\/09\/28\/les-ceramiques-dedith\/communes\/mezieres-en-brenne\/878\/\" class=\"more-link\">Lire la suite...<\/a><\/div><\/li><li class=\"rpwe-li rpwe-clearfix\"><a class=\"rpwe-img\" href=\"https:\/\/www.brenne-au-coeur.com\/index.php\/2021\/09\/09\/551\/communes\/mezieres-en-brenne\/551\/\" target=\"_self\"><img class=\"rpwe-alignleft rpwe-thumb\" src=\"https:\/\/www.brenne-au-coeur.com\/wp-content\/uploads\/2022\/04\/Aquarelles_de_Leonelle_site-120x120.jpg\" alt=\"Les aquarelles de L\u00e9onelle\" height=\"120\" width=\"120\" loading=\"lazy\" decoding=\"async\"><\/a><h3 class=\"rpwe-title\"><a href=\"https:\/\/www.brenne-au-coeur.com\/index.php\/2021\/09\/09\/551\/communes\/mezieres-en-brenne\/551\/\" target=\"_self\">Les aquarelles de L\u00e9onelle<\/a><\/h3><time class=\"rpwe-time published\" datetime=\"2021-09-09T12:13:28+02:00\">9 septembre 2021<\/time><div class=\"rpwe-summary\">L\u2019association \u00ab\u00a0Le Moulin\u00a0\u00bb pr\u00e9sente jusqu\u2019au 30 septembre des \u0153uvres de L\u00e9onelle N. Tiffeneau. L\u2019aquarelliste inspir\u00e9e pour l\u2019essentiel par la nature, restitue le monde qui l\u2019entoure par des paysages aux allures f\u00e9eriques, envo\u00fbtantes et presque inqui\u00e9tantes. Des fleurs et compositions, des fruits aux couleurs douces. Chaque tableau participe de la cr\u00e9ation &hellip;<a href=\"https:\/\/www.brenne-au-coeur.com\/index.php\/2021\/09\/09\/551\/communes\/mezieres-en-brenne\/551\/\" class=\"more-link\">Lire la suite...<\/a><\/div><\/li><li class=\"rpwe-li rpwe-clearfix\"><a class=\"rpwe-img\" href=\"https:\/\/www.brenne-au-coeur.com\/index.php\/2021\/08\/26\/les-jeunes-bougent-avec-familles-rurales\/communes\/azay-le-ferron-communes\/876\/\" target=\"_self\"><img class=\"rpwe-alignleft rpwe-thumb\" src=\"https:\/\/www.brenne-au-coeur.com\/wp-content\/uploads\/2022\/04\/Jeunes_familles_rurales_site-120x120.jpg\" alt=\"Les jeunes bougent avec Familles Rurales\" height=\"120\" width=\"120\" loading=\"lazy\" decoding=\"async\"><\/a><h3 class=\"rpwe-title\"><a href=\"https:\/\/www.brenne-au-coeur.com\/index.php\/2021\/08\/26\/les-jeunes-bougent-avec-familles-rurales\/communes\/azay-le-ferron-communes\/876\/\" target=\"_self\">Les jeunes bougent avec Familles Rurales<\/a><\/h3><time class=\"rpwe-time published\" datetime=\"2021-08-26T14:38:51+02:00\">26 ao\u00fbt 2021<\/time><div class=\"rpwe-summary\">Vendredi 26 ao\u00fbt, une nouvelle table \u00e9tait dress\u00e9e au march\u00e9 d\u2019Azay-le-Ferron. Derri\u00e8re cette installation Hugo, Louis, L\u00e9a, No\u00e9, Emy Leia et Camille interpellaient les habitu\u00e9s du march\u00e9 pour acheter une part de g\u00e2teau, une cr\u00eape ou un billet de tombola. Le but \u00e9tait de r\u00e9cup\u00e9rer de l\u2019argent pour financer des &hellip;<a href=\"https:\/\/www.brenne-au-coeur.com\/index.php\/2021\/08\/26\/les-jeunes-bougent-avec-familles-rurales\/communes\/azay-le-ferron-communes\/876\/\" class=\"more-link\">Lire la suite...<\/a><\/div><\/li><li class=\"rpwe-li rpwe-clearfix\"><a class=\"rpwe-img\" href=\"https:\/\/www.brenne-au-coeur.com\/index.php\/2021\/08\/26\/30-ans-dart-contemporain-au-moulin\/communes\/mezieres-en-brenne\/927\/\" target=\"_self\"><img class=\"rpwe-alignleft rpwe-thumb\" src=\"https:\/\/www.brenne-au-coeur.com\/wp-content\/uploads\/2022\/04\/Retrospective_Mebac_site.cleaned-120x120.jpg\" alt=\"30\u00a0ans d\u2019art contemporain au \u00ab\u00a0Moulin\u00a0\u00bb\" height=\"120\" width=\"120\" loading=\"lazy\" decoding=\"async\"><\/a><h3 class=\"rpwe-title\"><a href=\"https:\/\/www.brenne-au-coeur.com\/index.php\/2021\/08\/26\/30-ans-dart-contemporain-au-moulin\/communes\/mezieres-en-brenne\/927\/\" target=\"_self\">30\u00a0ans d\u2019art contemporain au \u00ab\u00a0Moulin\u00a0\u00bb<\/a><\/h3><time class=\"rpwe-time published\" datetime=\"2021-08-26T12:23:35+02:00\">26 ao\u00fbt 2021<\/time><div class=\"rpwe-summary\">Jusqu\u2019au 26 ao\u00fbt, le Moulin pr\u00e9sentait une r\u00e9trospective des expositions r\u00e9alis\u00e9es entre 1989 et 2019. Trois d\u00e9cennies de MEBAC (M\u00e9zi\u00e8res-en-Brenne Art Contemporain). 30 ans de cr\u00e9ations port\u00e9s par des artistes talentueux et en premier lieu par l\u2019initiateur de cette exposition. Mario Alvarado auquel Jean-Louis Camus, maire de M\u00e9zi\u00e8res, a rendu &hellip;<a href=\"https:\/\/www.brenne-au-coeur.com\/index.php\/2021\/08\/26\/30-ans-dart-contemporain-au-moulin\/communes\/mezieres-en-brenne\/927\/\" class=\"more-link\">Lire la suite...<\/a><\/div><\/li><li class=\"rpwe-li rpwe-clearfix\"><a class=\"rpwe-img\" href=\"https:\/\/www.brenne-au-coeur.com\/index.php\/2021\/08\/14\/le-jazz-de-retour-a-la-haute-touche\/communes\/azay-le-ferron-communes\/872\/\" target=\"_self\"><img class=\"rpwe-alignleft rpwe-thumb\" src=\"https:\/\/www.brenne-au-coeur.com\/wp-content\/uploads\/2022\/04\/Jazz_retour_haute-touche_site-120x120.jpg\" alt=\"Le jazz de retour \u00e0 la Haute-Touche\" height=\"120\" width=\"120\" loading=\"lazy\" decoding=\"async\"><\/a><h3 class=\"rpwe-title\"><a href=\"https:\/\/www.brenne-au-coeur.com\/index.php\/2021\/08\/14\/le-jazz-de-retour-a-la-haute-touche\/communes\/azay-le-ferron-communes\/872\/\" target=\"_self\">Le jazz de retour \u00e0 la Haute-Touche<\/a><\/h3><time class=\"rpwe-time published\" datetime=\"2021-08-14T10:39:24+02:00\">14 ao\u00fbt 2021<\/time><div class=\"rpwe-summary\">Samedi 14 ao\u00fbt, l\u2019association \u00ab\u00a0Les amis de la Haute-Touche\u00a0\u00bb organisait sa traditionnelle soir\u00e9e jazz. Une 32e \u00e9dition qui s\u2019\u00e9tait fait d\u00e9sirer apr\u00e8s l\u2019annulation du spectacle en 2020 en raison de la situation sanitaire. \u00ab\u00a0Nous sommes enfin r\u00e9unis, ce n\u2019\u00e9tait pas gagn\u00e9, et en plus, le beau temps nous accompagne, s\u2019est &hellip;<a href=\"https:\/\/www.brenne-au-coeur.com\/index.php\/2021\/08\/14\/le-jazz-de-retour-a-la-haute-touche\/communes\/azay-le-ferron-communes\/872\/\" class=\"more-link\">Lire la suite...<\/a><\/div><\/li><li class=\"rpwe-li rpwe-clearfix\"><a class=\"rpwe-img\" href=\"https:\/\/www.brenne-au-coeur.com\/index.php\/2021\/08\/06\/nouvelle-saison-a-bellebouche\/communes\/mezieres-en-brenne\/822\/\" target=\"_self\"><img class=\"rpwe-alignleft rpwe-thumb\" src=\"https:\/\/www.brenne-au-coeur.com\/wp-content\/uploads\/2022\/04\/Village_Bellebouche_site.cleaned-120x120.jpg\" alt=\"Nouvelle saison \u00e0 Bellebouche\" height=\"120\" width=\"120\" loading=\"lazy\" decoding=\"async\"><\/a><h3 class=\"rpwe-title\"><a href=\"https:\/\/www.brenne-au-coeur.com\/index.php\/2021\/08\/06\/nouvelle-saison-a-bellebouche\/communes\/mezieres-en-brenne\/822\/\" target=\"_self\">Nouvelle saison \u00e0 Bellebouche<\/a><\/h3><time class=\"rpwe-time published\" datetime=\"2021-08-06T17:18:28+02:00\">6 ao\u00fbt 2021<\/time><div class=\"rpwe-summary\">Nouvelle saison rime avec ambition. \u00c0 partir du mercredi 1er juillet, le domaine de Bellebouche ouvre de nouveau ses portes. Pour accueillir touristes et visiteurs, des professionnels les attendent. Une \u00e9quipe de neuf personnes bien d\u00e9cid\u00e9e \u00e0 leur offrir des s\u00e9jours de grande qualit\u00e9. Et les atouts ne manquent pas. &hellip;<a href=\"https:\/\/www.brenne-au-coeur.com\/index.php\/2021\/08\/06\/nouvelle-saison-a-bellebouche\/communes\/mezieres-en-brenne\/822\/\" class=\"more-link\">Lire la suite...<\/a><\/div><\/li><li class=\"rpwe-li rpwe-clearfix\"><a class=\"rpwe-img\" href=\"https:\/\/www.brenne-au-coeur.com\/index.php\/2021\/08\/06\/reserve-de-cherine-le-privilege-de-la-visite-accompagnee\/communes\/saint-michel-en-brenne\/940\/\" target=\"_self\"><img class=\"rpwe-alignleft rpwe-thumb\" src=\"https:\/\/www.brenne-au-coeur.com\/wp-content\/uploads\/2022\/04\/Visite_Cherine_02_site.cleaned-120x120.jpg\" alt=\"R\u00e9serve de Ch\u00e9rine&nbsp;: Le privil\u00e8ge de la visite accompagn\u00e9e\" height=\"120\" width=\"120\" loading=\"lazy\" decoding=\"async\"><\/a><h3 class=\"rpwe-title\"><a href=\"https:\/\/www.brenne-au-coeur.com\/index.php\/2021\/08\/06\/reserve-de-cherine-le-privilege-de-la-visite-accompagnee\/communes\/saint-michel-en-brenne\/940\/\" target=\"_self\">R\u00e9serve de Ch\u00e9rine&nbsp;: Le privil\u00e8ge de la visite accompagn\u00e9e<\/a><\/h3><time class=\"rpwe-time published\" datetime=\"2021-08-06T12:57:33+02:00\">6 ao\u00fbt 2021<\/time><div class=\"rpwe-summary\">Jeudi 6 ao\u00fbt, une visite accompagn\u00e9e \u00e9tait organis\u00e9e par la R\u00e9serve Naturelle de Ch\u00e9rine. Dans les pas de C\u00e9cile Danel, animatrice nature, les visiteurs ont acc\u00e9d\u00e9 \u00e0 des lieux inabordables en dehors de ces animations. La balade offre, en effet, un regard exceptionnel sur cette nature prot\u00e9g\u00e9e. \u00c0 mesure que &hellip;<a href=\"https:\/\/www.brenne-au-coeur.com\/index.php\/2021\/08\/06\/reserve-de-cherine-le-privilege-de-la-visite-accompagnee\/communes\/saint-michel-en-brenne\/940\/\" class=\"more-link\">Lire la suite...<\/a><\/div><\/li><li class=\"rpwe-li rpwe-clearfix\"><a class=\"rpwe-img\" href=\"https:\/\/www.brenne-au-coeur.com\/index.php\/2021\/08\/05\/la-mediatheque-aux-couleurs-japonaises\/communes\/mezieres-en-brenne\/775\/\" target=\"_self\"><img class=\"rpwe-alignleft rpwe-thumb\" src=\"https:\/\/www.brenne-au-coeur.com\/wp-content\/uploads\/2022\/04\/Audigane_site-120x120.jpg\" alt=\"La m\u00e9diath\u00e8que aux couleurs japonaises\" height=\"120\" width=\"120\" loading=\"lazy\" decoding=\"async\"><\/a><h3 class=\"rpwe-title\"><a href=\"https:\/\/www.brenne-au-coeur.com\/index.php\/2021\/08\/05\/la-mediatheque-aux-couleurs-japonaises\/communes\/mezieres-en-brenne\/775\/\" target=\"_self\">La m\u00e9diath\u00e8que aux couleurs japonaises<\/a><\/h3><time class=\"rpwe-time published\" datetime=\"2021-08-05T10:30:31+02:00\">5 ao\u00fbt 2021<\/time><div class=\"rpwe-summary\">Mercredi 5 ao\u00fbt \u00e0 10h30, la m\u00e9diath\u00e8que de M\u00e9zi\u00e8res-en-Brenne a propos\u00e9 une animation sur le th\u00e8me du Japon. Plusieurs activit\u00e9s au programme\u00a0: fabrication de lanternes japonaises en papier, initiation \u00e0 l\u2019\u00e9criture japonaise et pr\u00e9sentation d\u2019un conte. Jean Audigane a anim\u00e9 cette matin\u00e9e. Le jeune homme en service civique \u00e0 la &hellip;<a href=\"https:\/\/www.brenne-au-coeur.com\/index.php\/2021\/08\/05\/la-mediatheque-aux-couleurs-japonaises\/communes\/mezieres-en-brenne\/775\/\" class=\"more-link\">Lire la suite...<\/a><\/div><\/li><li class=\"rpwe-li rpwe-clearfix\"><a class=\"rpwe-img\" href=\"https:\/\/www.brenne-au-coeur.com\/index.php\/2021\/07\/18\/ambiance-rocknroll-a-bellebouche\/communes\/mezieres-en-brenne\/936\/\" target=\"_self\"><img class=\"rpwe-alignleft rpwe-thumb\" src=\"https:\/\/www.brenne-au-coeur.com\/wp-content\/uploads\/2022\/04\/Vigon_a_Bellebouche_02_site.cleaned-120x120.jpg\" alt=\"Ambiance rock\u2019n\u2019roll \u00e0 Bellebouche\" height=\"120\" width=\"120\" loading=\"lazy\" decoding=\"async\"><\/a><h3 class=\"rpwe-title\"><a href=\"https:\/\/www.brenne-au-coeur.com\/index.php\/2021\/07\/18\/ambiance-rocknroll-a-bellebouche\/communes\/mezieres-en-brenne\/936\/\" target=\"_self\">Ambiance rock\u2019n\u2019roll \u00e0 Bellebouche<\/a><\/h3><time class=\"rpwe-time published\" datetime=\"2021-07-18T12:50:53+02:00\">18 juillet 2021<\/time><div class=\"rpwe-summary\">Samedi 17 juillet, une nombreuse assistance a investi le tr\u00e8s beau th\u00e9\u00e2tre de la verdure du domaine de Bellebouche. Un lieu id\u00e9al pour assister \u00e0 un spectacle en plein air. Et pour ce qui est du spectacle, le public n\u2019a pas \u00e9t\u00e9 d\u00e9\u00e7u. Sur sc\u00e8ne, \u00ab\u00a0Vigon and the Dominos\u00a0\u00bb ont &hellip;<a href=\"https:\/\/www.brenne-au-coeur.com\/index.php\/2021\/07\/18\/ambiance-rocknroll-a-bellebouche\/communes\/mezieres-en-brenne\/936\/\" class=\"more-link\">Lire la suite...<\/a><\/div><\/li><li class=\"rpwe-li rpwe-clearfix\"><a class=\"rpwe-img\" href=\"https:\/\/www.brenne-au-coeur.com\/index.php\/2021\/07\/17\/le-mapping-video-des-ados\/communaute-de-communes\/892\/\" target=\"_self\"><img class=\"rpwe-alignleft rpwe-thumb\" src=\"https:\/\/www.brenne-au-coeur.com\/wp-content\/uploads\/2022\/04\/Mapping_video_03_site.cleaned-120x120.jpg\" alt=\"Le mapping vid\u00e9o des ados\" height=\"120\" width=\"120\" loading=\"lazy\" decoding=\"async\"><\/a><h3 class=\"rpwe-title\"><a href=\"https:\/\/www.brenne-au-coeur.com\/index.php\/2021\/07\/17\/le-mapping-video-des-ados\/communaute-de-communes\/892\/\" target=\"_self\">Le mapping vid\u00e9o des ados<\/a><\/h3><time class=\"rpwe-time published\" datetime=\"2021-07-17T11:15:39+02:00\">17 juillet 2021<\/time><div class=\"rpwe-summary\">Lundi 12 et mardi 13 juillet, l\u2019accueil de jeunes de la Communaut\u00e9 de Communes \u00ab&nbsp;C\u0153ur de Brenne&nbsp;\u00bb organisait une nouvelle activit\u00e9 dans le cadre du programme d\u2019\u00e9t\u00e9. Deux jours pour r\u00e9aliser des effets sp\u00e9ciaux projet\u00e9s sur la fa\u00e7ade du b\u00e2timent de la CDC, vendredi 23 juillet au d\u00e9but de la &hellip;<a href=\"https:\/\/www.brenne-au-coeur.com\/index.php\/2021\/07\/17\/le-mapping-video-des-ados\/communaute-de-communes\/892\/\" class=\"more-link\">Lire la suite...<\/a><\/div><\/li><li class=\"rpwe-li rpwe-clearfix\"><a class=\"rpwe-img\" href=\"https:\/\/www.brenne-au-coeur.com\/index.php\/2021\/07\/15\/retour-sur-70-ans-dhistoire\/communes\/887\/\" target=\"_self\"><img class=\"rpwe-alignleft rpwe-thumb\" src=\"https:\/\/www.brenne-au-coeur.com\/wp-content\/uploads\/2022\/04\/Livre_Maquin_site.cleaned-e1650010142324-120x120.jpg\" alt=\"Retour sur 70 ans d\u2019histoire\" height=\"120\" width=\"120\" loading=\"lazy\" decoding=\"async\"><\/a><h3 class=\"rpwe-title\"><a href=\"https:\/\/www.brenne-au-coeur.com\/index.php\/2021\/07\/15\/retour-sur-70-ans-dhistoire\/communes\/887\/\" target=\"_self\">Retour sur 70 ans d\u2019histoire<\/a><\/h3><time class=\"rpwe-time published\" datetime=\"2021-07-15T10:06:32+02:00\">15 juillet 2021<\/time><div class=\"rpwe-summary\">Jeudi 15 juillet , Gabriel Maquin a d\u00e9dicac\u00e9 son dernier ouvrage \u00ab\u00a0M\u00e9moires et regards sur le temps qui passe, 1950-2020\u00a0\u00bb, \u00e0 la librairie C\u0153ur de Brenne. Avec ce livre, l\u2019auteur s\u2019est fix\u00e9 comme objectif de pr\u00e9senter les principaux \u00e9v\u00e9nements qui ont marqu\u00e9 ces sept derni\u00e8res d\u00e9cennies. Le pari \u00e9tait os\u00e9 &hellip;<a href=\"https:\/\/www.brenne-au-coeur.com\/index.php\/2021\/07\/15\/retour-sur-70-ans-dhistoire\/communes\/887\/\" class=\"more-link\">Lire la suite...<\/a><\/div><\/li><li class=\"rpwe-li rpwe-clearfix\"><a class=\"rpwe-img\" href=\"https:\/\/www.brenne-au-coeur.com\/index.php\/2021\/07\/14\/jaugette-entre-ciel-et-musique\/communes\/obterre\/870\/\" target=\"_self\"><img class=\"rpwe-alignleft rpwe-thumb\" src=\"https:\/\/www.brenne-au-coeur.com\/wp-content\/uploads\/2022\/04\/Jaugette_Ciel_et_musique_site-120x120.jpg\" alt=\"Jaugette, entre ciel et musique\" height=\"120\" width=\"120\" loading=\"lazy\" decoding=\"async\"><\/a><h3 class=\"rpwe-title\"><a href=\"https:\/\/www.brenne-au-coeur.com\/index.php\/2021\/07\/14\/jaugette-entre-ciel-et-musique\/communes\/obterre\/870\/\" target=\"_self\">Jaugette, entre ciel et musique<\/a><\/h3><time class=\"rpwe-time published\" datetime=\"2021-07-14T08:03:26+02:00\">14 juillet 2021<\/time><div class=\"rpwe-summary\">Dimanche 18 juillet, le public pr\u00e9sent dans les jardins de Jaugette a salu\u00e9 chaleureusement la prestation de l\u2019orchestre qui venait de pr\u00e9senter \u00ab\u00a0Broadway in the sky\u00a0\u00bb. Un spectacle compos\u00e9 d\u2019extrait de com\u00e9dies musicales en r\u00e9f\u00e9rence au th\u00e8me du festival\u00a0: Ciel et Musique. Servis par les tr\u00e8s belles voix de Maeva &hellip;<a href=\"https:\/\/www.brenne-au-coeur.com\/index.php\/2021\/07\/14\/jaugette-entre-ciel-et-musique\/communes\/obterre\/870\/\" class=\"more-link\">Lire la suite...<\/a><\/div><\/li><li class=\"rpwe-li rpwe-clearfix\"><a class=\"rpwe-img\" href=\"https:\/\/www.brenne-au-coeur.com\/index.php\/2021\/07\/10\/marc-antoine-un-modele-de-civisme\/communes\/895\/\" target=\"_self\"><img class=\"rpwe-alignleft rpwe-thumb\" src=\"https:\/\/www.brenne-au-coeur.com\/wp-content\/uploads\/2022\/04\/Marc_Antoine_site.cleaned-120x120.jpg\" alt=\"Marc-Antoine, un mod\u00e8le de civisme\" height=\"120\" width=\"120\" loading=\"lazy\" decoding=\"async\"><\/a><h3 class=\"rpwe-title\"><a href=\"https:\/\/www.brenne-au-coeur.com\/index.php\/2021\/07\/10\/marc-antoine-un-modele-de-civisme\/communes\/895\/\" target=\"_self\">Marc-Antoine, un mod\u00e8le de civisme<\/a><\/h3><time class=\"rpwe-time published\" datetime=\"2021-07-10T10:58:08+02:00\">10 juillet 2021<\/time><div class=\"rpwe-summary\">Le 8 juillet dernier \u00e0 la pr\u00e9fecture de Ch\u00e2teauroux, Marc-Antoine Pigeat a re\u00e7u officiellement le prix du civisme pour la jeunesse, de l\u2019ordre national du m\u00e9rite. Le moins que l\u2019on puisse dire c\u2019est que cette distinction est pleinement justifi\u00e9e. Il suffit pour s\u2019en convaincre d\u2019\u00e9couter Marc-Antoine raconter en toute modestie &hellip;<a href=\"https:\/\/www.brenne-au-coeur.com\/index.php\/2021\/07\/10\/marc-antoine-un-modele-de-civisme\/communes\/895\/\" class=\"more-link\">Lire la suite...<\/a><\/div><\/li><li class=\"rpwe-li rpwe-clearfix\"><a class=\"rpwe-img\" href=\"https:\/\/www.brenne-au-coeur.com\/index.php\/2021\/07\/08\/des-projets-pour-familles-rurales-de-paulnay\/communes\/paulnay\/548\/\" target=\"_self\"><img class=\"rpwe-alignleft rpwe-thumb\" src=\"https:\/\/www.brenne-au-coeur.com\/wp-content\/uploads\/2022\/04\/Jeunes_familles_rurales_site-120x120.jpg\" alt=\"Des projets \u00ab\u00a0Familles Rurales\u00a0\u00bb de Paulnay\" height=\"120\" width=\"120\" loading=\"lazy\" decoding=\"async\"><\/a><h3 class=\"rpwe-title\"><a href=\"https:\/\/www.brenne-au-coeur.com\/index.php\/2021\/07\/08\/des-projets-pour-familles-rurales-de-paulnay\/communes\/paulnay\/548\/\" target=\"_self\">Des projets \u00ab\u00a0Familles Rurales\u00a0\u00bb de Paulnay<\/a><\/h3><time class=\"rpwe-time published\" datetime=\"2021-07-08T11:59:11+02:00\">8 juillet 2021<\/time><div class=\"rpwe-summary\">L\u2019assembl\u00e9e g\u00e9n\u00e9rale de l\u2019association s\u2019est tenue jeudi 8 juillet \u00e0 la salle des f\u00eates de Paulnay. Elle a rassembl\u00e9 une vingtaine de personnes. Apr\u00e8s une ann\u00e9e 2020 priv\u00e9e d\u2019une grande partie des activit\u00e9s en raison de la situation sanitaire, la r\u00e9union a permis de fixer de nouveaux projets pour les &hellip;<a href=\"https:\/\/www.brenne-au-coeur.com\/index.php\/2021\/07\/08\/des-projets-pour-familles-rurales-de-paulnay\/communes\/paulnay\/548\/\" class=\"more-link\">Lire la suite...<\/a><\/div><\/li><li class=\"rpwe-li rpwe-clearfix\"><a class=\"rpwe-img\" href=\"https:\/\/www.brenne-au-coeur.com\/index.php\/2021\/07\/07\/peintures-et-artisanat-dart-au-moulin\/communes\/mezieres-en-brenne\/850\/\" target=\"_self\"><img class=\"rpwe-alignleft rpwe-thumb\" src=\"https:\/\/www.brenne-au-coeur.com\/wp-content\/uploads\/2022\/04\/Expo_Bondieu_12_site-120x120.jpg\" alt=\"Peintures et artisanat d\u2019art au Moulin\" height=\"120\" width=\"120\" loading=\"lazy\" decoding=\"async\"><\/a><h3 class=\"rpwe-title\"><a href=\"https:\/\/www.brenne-au-coeur.com\/index.php\/2021\/07\/07\/peintures-et-artisanat-dart-au-moulin\/communes\/mezieres-en-brenne\/850\/\" target=\"_self\">Peintures et artisanat d\u2019art au Moulin<\/a><\/h3><time class=\"rpwe-time published\" datetime=\"2021-07-07T15:23:54+02:00\">7 juillet 2021<\/time><div class=\"rpwe-summary\">Samedi 10 juillet, une double exposition de peintures et d\u2019artisanat d\u2019art \u00e9tait inaugur\u00e9e au Moulin. \u00ab&nbsp;Nous renouons avec une bonne tradition, apr\u00e8s seize mois sans vernissage&nbsp;\u00bb, a comment\u00e9 Pascal Bectard. Le nouveau pr\u00e9sident de l\u2019association \u00ab&nbsp;Le Moulin\u00a0\u00bb a pr\u00e9sent\u00e9 les huit artistes qui composent le 35e salon des peintres de &hellip;<a href=\"https:\/\/www.brenne-au-coeur.com\/index.php\/2021\/07\/07\/peintures-et-artisanat-dart-au-moulin\/communes\/mezieres-en-brenne\/850\/\" class=\"more-link\">Lire la suite...<\/a><\/div><\/li><li class=\"rpwe-li rpwe-clearfix\"><a class=\"rpwe-img\" href=\"https:\/\/www.brenne-au-coeur.com\/index.php\/2021\/06\/29\/qui-gagne-au-quizz\/communes\/mezieres-en-brenne\/856\/\" target=\"_self\"><img class=\"rpwe-alignleft rpwe-thumb\" src=\"https:\/\/www.brenne-au-coeur.com\/wp-content\/uploads\/2022\/04\/Gagnants_du_quizz_site-120x120.jpg\" alt=\"Qui gagne au Quizz\u00a0?\" height=\"120\" width=\"120\" loading=\"lazy\" decoding=\"async\"><\/a><h3 class=\"rpwe-title\"><a href=\"https:\/\/www.brenne-au-coeur.com\/index.php\/2021\/06\/29\/qui-gagne-au-quizz\/communes\/mezieres-en-brenne\/856\/\" target=\"_self\">Qui gagne au Quizz\u00a0?<\/a><\/h3><time class=\"rpwe-time published\" datetime=\"2021-06-29T18:20:13+02:00\">29 juin 2021<\/time><div class=\"rpwe-summary\">Mardi 29 juin, la Librairie C\u0153ur de Brenne accueillait les gagnants du jeu organis\u00e9 par les commer\u00e7ants et artisans de M\u00e9zi\u00e8res, en partenariat avec la Nouvelle R\u00e9publique. Quatre personnes r\u00e9compens\u00e9es pour avoir trouv\u00e9 la bonne r\u00e9ponse \u00e0 la question du Quizz. Le nombre d\u2019artisans commer\u00e7ants est situ\u00e9 entre 25 et &hellip;<a href=\"https:\/\/www.brenne-au-coeur.com\/index.php\/2021\/06\/29\/qui-gagne-au-quizz\/communes\/mezieres-en-brenne\/856\/\" class=\"more-link\">Lire la suite...<\/a><\/div><\/li><li class=\"rpwe-li rpwe-clearfix\"><a class=\"rpwe-img\" href=\"https:\/\/www.brenne-au-coeur.com\/index.php\/2021\/06\/25\/surprise-sur-prise\/communes\/saulnay\/899\/\" target=\"_self\"><img class=\"rpwe-alignleft rpwe-thumb\" src=\"https:\/\/www.brenne-au-coeur.com\/wp-content\/uploads\/2022\/04\/Marie_Bastiani_site.cleaned-120x120.jpg\" alt=\"Surprise sur prise\" height=\"120\" width=\"120\" loading=\"lazy\" decoding=\"async\"><\/a><h3 class=\"rpwe-title\"><a href=\"https:\/\/www.brenne-au-coeur.com\/index.php\/2021\/06\/25\/surprise-sur-prise\/communes\/saulnay\/899\/\" target=\"_self\">Surprise sur prise<\/a><\/h3><time class=\"rpwe-time published\" datetime=\"2021-06-25T14:33:28+02:00\">25 juin 2021<\/time><div class=\"rpwe-summary\">Marie Bastiani expose des photographies dans son atelier de la Girardetterie \u00e0 Saulnay. Ses clich\u00e9s d\u2019une beaut\u00e9 et d\u2019une originalit\u00e9 surprenantes r\u00e9v\u00e8lent une grande sensibilit\u00e9 dans le regard, que porte la photographe sur la nature. Le visiteur restera \u00e9bahi, notamment, devant la s\u00e9rie \u00ab\u00a0Les bords de berges\u00a0\u00bb qui donne une &hellip;<a href=\"https:\/\/www.brenne-au-coeur.com\/index.php\/2021\/06\/25\/surprise-sur-prise\/communes\/saulnay\/899\/\" class=\"more-link\">Lire la suite...<\/a><\/div><\/li><li class=\"rpwe-li rpwe-clearfix\"><a class=\"rpwe-img\" href=\"https:\/\/www.brenne-au-coeur.com\/index.php\/2021\/04\/18\/mezieres-en-cartes-postales\/communes\/mezieres-en-brenne\/913\/\" target=\"_self\"><img class=\"rpwe-alignleft rpwe-thumb\" src=\"https:\/\/www.brenne-au-coeur.com\/wp-content\/uploads\/2022\/04\/Mezieres_en_cartes_postales_site.cleaned-120x120.jpg\" alt=\"M\u00e9zi\u00e8res en cartes postales\" height=\"120\" width=\"120\" loading=\"lazy\" decoding=\"async\"><\/a><h3 class=\"rpwe-title\"><a href=\"https:\/\/www.brenne-au-coeur.com\/index.php\/2021\/04\/18\/mezieres-en-cartes-postales\/communes\/mezieres-en-brenne\/913\/\" target=\"_self\">M\u00e9zi\u00e8res en cartes postales<\/a><\/h3><time class=\"rpwe-time published\" datetime=\"2021-04-18T17:18:26+02:00\">18 avril 2021<\/time><div class=\"rpwe-summary\">La municipalit\u00e9 de M\u00e9zi\u00e8res-en-Brenne, depuis plusieurs ann\u00e9es, a dispos\u00e9 dans les rues du bourg des photographies prises entre 1900 et 1920. 39 cartes postales qui forment un parcours de 3,6 km. Elles permettent en un coup d\u2019\u0153il de comparer l\u2019\u00e9volution entre hier et aujourd\u2019hui, d\u2019un coin de rues, d\u2019une maison, &hellip;<a href=\"https:\/\/www.brenne-au-coeur.com\/index.php\/2021\/04\/18\/mezieres-en-cartes-postales\/communes\/mezieres-en-brenne\/913\/\" class=\"more-link\">Lire la suite...<\/a><\/div><\/li><li class=\"rpwe-li rpwe-clearfix\"><a class=\"rpwe-img\" href=\"https:\/\/www.brenne-au-coeur.com\/index.php\/2021\/04\/14\/week-end-de-genealogie-a-mezieres\/communes\/mezieres-en-brenne\/858\/\" target=\"_self\"><img class=\"rpwe-alignleft rpwe-thumb\" src=\"https:\/\/www.brenne-au-coeur.com\/wp-content\/uploads\/2022\/04\/Genealogie_a_Mezieres-en-Brenne_site-120x120.jpg\" alt=\"Week-end de g\u00e9n\u00e9alogie \u00e0 M\u00e9zi\u00e8res\" height=\"120\" width=\"120\" loading=\"lazy\" decoding=\"async\"><\/a><h3 class=\"rpwe-title\"><a href=\"https:\/\/www.brenne-au-coeur.com\/index.php\/2021\/04\/14\/week-end-de-genealogie-a-mezieres\/communes\/mezieres-en-brenne\/858\/\" target=\"_self\">Week-end de g\u00e9n\u00e9alogie \u00e0 M\u00e9zi\u00e8res<\/a><\/h3><time class=\"rpwe-time published\" datetime=\"2021-04-14T23:09:39+02:00\">14 avril 2021<\/time><div class=\"rpwe-summary\">Le temps d\u2019un week-end, les 9, 10 et 11 octobre, les habitants de M\u00e9zi\u00e8res ont pu d\u00e9couvrir une exposition pr\u00e9par\u00e9e par l\u2019association de g\u00e9n\u00e9alogie SGBB (Soci\u00e9t\u00e9 de G\u00e9n\u00e9alogie du Bas-Berry). Elle pr\u00e9sentait une s\u00e9rie de panneaux, consacr\u00e9s \u00e0 des personnalit\u00e9s pass\u00e9es et pr\u00e9sentes de la capitale de la Brenne. Ainsi &hellip;<a href=\"https:\/\/www.brenne-au-coeur.com\/index.php\/2021\/04\/14\/week-end-de-genealogie-a-mezieres\/communes\/mezieres-en-brenne\/858\/\" class=\"more-link\">Lire la suite...<\/a><\/div><\/li><li class=\"rpwe-li rpwe-clearfix\"><a class=\"rpwe-img\" href=\"https:\/\/www.brenne-au-coeur.com\/index.php\/2021\/03\/13\/les-histoires-danne-lise\/communes\/mezieres-en-brenne\/930\/\" target=\"_self\"><img class=\"rpwe-alignleft rpwe-thumb\" src=\"https:\/\/www.brenne-au-coeur.com\/wp-content\/uploads\/2022\/04\/Spectacles_2021-03-13_02_site.cleaned-120x120.jpg\" alt=\"Les histoires d\u2019Anne-Lise\" height=\"120\" width=\"120\" loading=\"lazy\" decoding=\"async\"><\/a><h3 class=\"rpwe-title\"><a href=\"https:\/\/www.brenne-au-coeur.com\/index.php\/2021\/03\/13\/les-histoires-danne-lise\/communes\/mezieres-en-brenne\/930\/\" target=\"_self\">Les histoires d\u2019Anne-Lise<\/a><\/h3><time class=\"rpwe-time published\" datetime=\"2021-03-13T07:08:31+01:00\">13 mars 2021<\/time><div class=\"rpwe-summary\">Samedi 13 mars les familles \u00e9taient invit\u00e9es \u00e0 la salle des f\u00eates de M\u00e9zi\u00e8res-en-Brenne pour assister \u00e0 deux spectacles organis\u00e9s par la M\u00e9diath\u00e8que. Le matin, la conteuse Anne-Lise Vouaux-Massel est venue raconter une histoire pour les tous petits.\u00ab&nbsp;Moi je ne suis pas un \u00e9l\u00e9phant&nbsp;\u00bb retrace la journ\u00e9e d\u2019un enfant. Accompagn\u00e9 &hellip;<a href=\"https:\/\/www.brenne-au-coeur.com\/index.php\/2021\/03\/13\/les-histoires-danne-lise\/communes\/mezieres-en-brenne\/930\/\" class=\"more-link\">Lire la suite...<\/a><\/div><\/li><li class=\"rpwe-li rpwe-clearfix\"><a class=\"rpwe-img\" href=\"https:\/\/www.brenne-au-coeur.com\/index.php\/2021\/03\/08\/comment-et-pourquoi-fabriquer-un-nichoir\/communes\/saint-michel-en-brenne\/917\/\" target=\"_self\"><img class=\"rpwe-alignleft rpwe-thumb\" src=\"https:\/\/www.brenne-au-coeur.com\/wp-content\/uploads\/2022\/04\/Nichoirs_site.cleaned-120x120.jpg\" alt=\"Comment et pourquoi fabriquer un nichoir\" height=\"120\" width=\"120\" loading=\"lazy\" decoding=\"async\"><\/a><h3 class=\"rpwe-title\"><a href=\"https:\/\/www.brenne-au-coeur.com\/index.php\/2021\/03\/08\/comment-et-pourquoi-fabriquer-un-nichoir\/communes\/saint-michel-en-brenne\/917\/\" target=\"_self\">Comment et pourquoi fabriquer un nichoir<\/a><\/h3><time class=\"rpwe-time published\" datetime=\"2021-03-08T12:02:46+01:00\">8 mars 2021<\/time><div class=\"rpwe-summary\">Mardi 2 mars, la Maison de la Nature organisait un atelier sur le th\u00e8me\u00a0: \u00ab\u00a0Comment construire un nichoir et accueillir dans son jardin une couv\u00e9e de m\u00e9sanges au printemps\u00a0\u00bb. Mais tout d\u2019abord, a interrog\u00e9 l\u2019animatrice, Fr\u00e9d\u00e9rique Ardibus, pourquoi fabriquer des nichoirs\u00a0? On pourrait effectivement se dire que les oiseaux sont &hellip;<a href=\"https:\/\/www.brenne-au-coeur.com\/index.php\/2021\/03\/08\/comment-et-pourquoi-fabriquer-un-nichoir\/communes\/saint-michel-en-brenne\/917\/\" class=\"more-link\">Lire la suite...<\/a><\/div><\/li><li class=\"rpwe-li rpwe-clearfix\"><a class=\"rpwe-img\" href=\"https:\/\/www.brenne-au-coeur.com\/index.php\/2021\/03\/05\/des-gites-pour-les-chauves-souris\/communes\/saint-michel-en-brenne\/768\/\" target=\"_self\"><img class=\"rpwe-alignleft rpwe-thumb\" src=\"https:\/\/www.brenne-au-coeur.com\/wp-content\/uploads\/2022\/04\/Atelier_chauve-souris_2021_02-120x120.jpg\" alt=\"Des g\u00eetes pour les chauves-souris\" height=\"120\" width=\"120\" loading=\"lazy\" decoding=\"async\"><\/a><h3 class=\"rpwe-title\"><a href=\"https:\/\/www.brenne-au-coeur.com\/index.php\/2021\/03\/05\/des-gites-pour-les-chauves-souris\/communes\/saint-michel-en-brenne\/768\/\" target=\"_self\">Des g\u00eetes pour les chauves-souris<\/a><\/h3><time class=\"rpwe-time published\" datetime=\"2021-03-05T20:28:45+01:00\">5 mars 2021<\/time><div class=\"rpwe-summary\">Vendredi 5 mars 2021, la Maison de la Nature proposait au public un atelier pour fabriquer des g\u00eetes \u00e0 chauve-souris. Un animal qui m\u00e9rite que l\u2019on s\u2019y int\u00e9resse de pr\u00e8s pour mieux le prot\u00e9ger. Car leur nombre a tendance \u00e0 r\u00e9gresser. Les chauves-souris dont on recense 1200 sortes de par &hellip;<a href=\"https:\/\/www.brenne-au-coeur.com\/index.php\/2021\/03\/05\/des-gites-pour-les-chauves-souris\/communes\/saint-michel-en-brenne\/768\/\" class=\"more-link\">Lire la suite...<\/a><\/div><\/li><li class=\"rpwe-li rpwe-clearfix\"><a class=\"rpwe-img\" href=\"https:\/\/www.brenne-au-coeur.com\/index.php\/2021\/03\/01\/enquete-a-la-mediatheque\/communes\/mezieres-en-brenne\/846\/\" target=\"_self\"><img class=\"rpwe-alignleft rpwe-thumb\" src=\"https:\/\/www.brenne-au-coeur.com\/wp-content\/uploads\/2022\/04\/Enquete_a_la_mediatheque_site-120x120.jpg\" alt=\"Enqu\u00eate \u00e0 la m\u00e9diath\u00e8que\" height=\"120\" width=\"120\" loading=\"lazy\" decoding=\"async\"><\/a><h3 class=\"rpwe-title\"><a href=\"https:\/\/www.brenne-au-coeur.com\/index.php\/2021\/03\/01\/enquete-a-la-mediatheque\/communes\/mezieres-en-brenne\/846\/\" target=\"_self\">Enqu\u00eate \u00e0 la m\u00e9diath\u00e8que<\/a><\/h3><time class=\"rpwe-time published\" datetime=\"2021-03-01T17:36:19+01:00\">1 mars 2021<\/time><div class=\"rpwe-summary\">Du 17 au 20 mars, la m\u00e9diath\u00e8que de M\u00e9zi\u00e8res a propos\u00e9 un jeu interactif. Une enqu\u00eate polici\u00e8re. Le but, on le devine, \u00e9tait de d\u00e9terminer les circonstances du d\u00e9c\u00e8s d\u2019un homme. Les joueurs interpr\u00e9taient les policiers stagiaires. Pour ce faire, sept panneaux \u00e9taient appos\u00e9s dans plusieurs endroits de la m\u00e9diath\u00e8que. &hellip;<a href=\"https:\/\/www.brenne-au-coeur.com\/index.php\/2021\/03\/01\/enquete-a-la-mediatheque\/communes\/mezieres-en-brenne\/846\/\" class=\"more-link\">Lire la suite...<\/a><\/div><\/li><li class=\"rpwe-li rpwe-clearfix\"><a class=\"rpwe-img\" href=\"https:\/\/www.brenne-au-coeur.com\/index.php\/2020\/11\/27\/linquietude-dune-restauratrice-dart\/communes\/mezieres-en-brenne\/910\/\" target=\"_self\"><img class=\"rpwe-alignleft rpwe-thumb\" src=\"https:\/\/www.brenne-au-coeur.com\/wp-content\/uploads\/2022\/04\/Mathilde_inquietude_site.cleaned-120x120.jpg\" alt=\"L\u2019inqui\u00e9tude d\u2019une restauratrice d&rsquo;art\" height=\"120\" width=\"120\" loading=\"lazy\" decoding=\"async\"><\/a><h3 class=\"rpwe-title\"><a href=\"https:\/\/www.brenne-au-coeur.com\/index.php\/2020\/11\/27\/linquietude-dune-restauratrice-dart\/communes\/mezieres-en-brenne\/910\/\" target=\"_self\">L\u2019inqui\u00e9tude d\u2019une restauratrice d&rsquo;art<\/a><\/h3><time class=\"rpwe-time published\" datetime=\"2020-11-27T11:16:13+01:00\">27 novembre 2020<\/time><div class=\"rpwe-summary\">Mathilde Mouilleron est restauratrice d\u2019\u0153uvres d\u2019art \u00e0 M\u00e9zi\u00e8res-en-Brenne dans l\u2019Indre. Pour elle, comme de tr\u00e8s nombreux professionnels de ce secteur d\u2019activit\u00e9, l\u2019ann\u00e9e qui s\u2019ach\u00e8ve restera marqu\u00e9e du sceau des restrictions et de l\u2019incertitude. Mathilde Mouilleron est une travailleuse ind\u00e9pendante. Elle est sp\u00e9cialis\u00e9e dans la restauration d\u2019\u0153uvres d\u2019art ex\u00e9cut\u00e9es sur du &hellip;<a href=\"https:\/\/www.brenne-au-coeur.com\/index.php\/2020\/11\/27\/linquietude-dune-restauratrice-dart\/communes\/mezieres-en-brenne\/910\/\" class=\"more-link\">Lire la suite...<\/a><\/div><\/li><li class=\"rpwe-li rpwe-clearfix\"><a class=\"rpwe-img\" href=\"https:\/\/www.brenne-au-coeur.com\/index.php\/2020\/08\/15\/un-bondieu-parmi-les-hommes\/portrait\/848\/\" target=\"_self\"><img class=\"rpwe-alignleft rpwe-thumb\" src=\"https:\/\/www.brenne-au-coeur.com\/wp-content\/uploads\/2022\/04\/Expo_Bondieu_04_site-120x120.jpg\" alt=\"Un Bondieu parmi les hommes\" height=\"120\" width=\"120\" loading=\"lazy\" decoding=\"async\"><\/a><h3 class=\"rpwe-title\"><a href=\"https:\/\/www.brenne-au-coeur.com\/index.php\/2020\/08\/15\/un-bondieu-parmi-les-hommes\/portrait\/848\/\" target=\"_self\">Un Bondieu parmi les hommes<\/a><\/h3><time class=\"rpwe-time published\" datetime=\"2020-08-15T21:57:16+02:00\">15 ao\u00fbt 2020<\/time><div class=\"rpwe-summary\">Du 29 ao\u00fbt au 20 septembre 2020, l\u2019abbaye de Pr\u00e9benoit pr\u00e8s de Gueret, accueillait une exposition d\u2019oeuvres de Bernard Bondieu. Des sculptures et des peintures inspir\u00e9es par un texte d\u2019Henri Michaux\u00a0: Le voyage en grande Garabagne. Du 25 septembre au 5 octobre, l\u2019artiste creusois participait \u00e0 une exposition collective consacr\u00e9e &hellip;<a href=\"https:\/\/www.brenne-au-coeur.com\/index.php\/2020\/08\/15\/un-bondieu-parmi-les-hommes\/portrait\/848\/\" class=\"more-link\">Lire la suite...<\/a><\/div><\/li><li class=\"rpwe-li rpwe-clearfix\"><a class=\"rpwe-img\" href=\"https:\/\/www.brenne-au-coeur.com\/index.php\/2020\/04\/15\/georges-informaticien-militant\/communes\/mezieres-en-brenne\/861\/\" target=\"_self\"><img class=\"rpwe-alignleft rpwe-thumb\" src=\"https:\/\/www.brenne-au-coeur.com\/wp-content\/uploads\/2022\/04\/Georges_informaticien_militant_site-120x120.jpg\" alt=\"Georges, informaticien militant\" height=\"120\" width=\"120\" loading=\"lazy\" decoding=\"async\"><\/a><h3 class=\"rpwe-title\"><a href=\"https:\/\/www.brenne-au-coeur.com\/index.php\/2020\/04\/15\/georges-informaticien-militant\/communes\/mezieres-en-brenne\/861\/\" target=\"_self\">Georges, informaticien militant<\/a><\/h3><time class=\"rpwe-time published\" datetime=\"2020-04-15T09:12:56+02:00\">15 avril 2020<\/time><div class=\"rpwe-summary\">\u00c0 la sortie de M\u00e9zi\u00e8res, sur la route de Saint-Michel-en-Brenne, non loin de la station-service, un autre garage. Un \u00ab\u00a0geek\u00a0\u00bb garage. L\u00e0, c\u2019est de r\u00e9paration d\u2019appareils informatiques qu\u2019il s\u2019agit. Un panneau annonce les services propos\u00e9s par Georges Vom Dorp. Il ne pr\u00e9sente que partiellement l\u2019\u00e9ventail des activit\u00e9s de l\u2019informaticien, car &hellip;<a href=\"https:\/\/www.brenne-au-coeur.com\/index.php\/2020\/04\/15\/georges-informaticien-militant\/communes\/mezieres-en-brenne\/861\/\" class=\"more-link\">Lire la suite...<\/a><\/div><\/li><li class=\"rpwe-li rpwe-clearfix\"><a class=\"rpwe-img\" href=\"https:\/\/www.brenne-au-coeur.com\/index.php\/2019\/12\/12\/lovilight-pret-pour-la-relance\/communes\/mezieres-en-brenne\/889\/\" target=\"_self\"><img class=\"rpwe-alignleft rpwe-thumb\" src=\"https:\/\/www.brenne-au-coeur.com\/wp-content\/uploads\/2022\/04\/Lovilight_attend_site.cleaned-120x120.jpg\" alt=\"Lovilight, pr\u00eat pour la relance\" height=\"120\" width=\"120\" loading=\"lazy\" decoding=\"async\"><\/a><h3 class=\"rpwe-title\"><a href=\"https:\/\/www.brenne-au-coeur.com\/index.php\/2019\/12\/12\/lovilight-pret-pour-la-relance\/communes\/mezieres-en-brenne\/889\/\" target=\"_self\">Lovilight, pr\u00eat pour la relance<\/a><\/h3><time class=\"rpwe-time published\" datetime=\"2019-12-12T10:54:10+01:00\">12 d\u00e9cembre 2019<\/time><div class=\"rpwe-summary\">Le 20 d\u00e9cembre 2018, Bruno Lovisone cr\u00e9e l\u2019entreprise Lovilight. Dans son atelier de M\u00e9zi\u00e8res-en-Brenne, il fabrique des luminaires \u00e0 partir de mat\u00e9riaux recycl\u00e9s. De v\u00e9ritables \u0153uvres d\u2019art n\u00e9es d\u2019une imagination fertile et d\u2019un savoir-faire remarquable. Chaque cr\u00e9ation est donc unique. Ses r\u00e9alisations peuvent \u00eatre faites sur commande \u00e0 partir de &hellip;<a href=\"https:\/\/www.brenne-au-coeur.com\/index.php\/2019\/12\/12\/lovilight-pret-pour-la-relance\/communes\/mezieres-en-brenne\/889\/\" class=\"more-link\">Lire la suite...<\/a><\/div><\/li><\/ul><\/div><!-- Generated by http:\/\/wordpress.org\/plugins\/recent-posts-widget-extended\/ --><\/div><!-- \/Widget Shortcode --><\/p>\n","protected":false},"excerpt":{"rendered":"","protected":false},"author":1,"featured_media":0,"parent":0,"menu_order":0,"comment_status":"closed","ping_status":"closed","template":"","meta":{"rop_custom_images_group":[],"rop_custom_messages_group":[],"rop_publish_now":"initial","rop_publish_now_accounts":[],"rop_publish_now_history":[],"rop_publish_now_status":"pending","_monsterinsights_skip_tracking":false,"_monsterinsights_sitenote_active":false,"_monsterinsights_sitenote_note":"","_monsterinsights_sitenote_category":0,"neve_meta_sidebar":"","neve_meta_container":"","neve_meta_enable_content_width":"off","neve_meta_content_width":100,"neve_meta_title_alignment":"","neve_meta_author_avatar":"","neve_post_elements_order":"","neve_meta_disable_header":"","neve_meta_disable_footer":"","neve_meta_disable_title":"","footnotes":""},"class_list":["post-104","page","type-page","status-publish","hentry"],"aioseo_notices":[],"jetpack-related-posts":[],"jetpack_sharing_enabled":true,"_links":{"self":[{"href":"https:\/\/www.brenne-au-coeur.com\/index.php\/wp-json\/wp\/v2\/pages\/104","targetHints":{"allow":["GET"]}}],"collection":[{"href":"https:\/\/www.brenne-au-coeur.com\/index.php\/wp-json\/wp\/v2\/pages"}],"about":[{"href":"https:\/\/www.brenne-au-coeur.com\/index.php\/wp-json\/wp\/v2\/types\/page"}],"author":[{"embeddable":true,"href":"https:\/\/www.brenne-au-coeur.com\/index.php\/wp-json\/wp\/v2\/users\/1"}],"replies":[{"embeddable":true,"href":"https:\/\/www.brenne-au-coeur.com\/index.php\/wp-json\/wp\/v2\/comments?post=104"}],"version-history":[{"count":0,"href":"https:\/\/www.brenne-au-coeur.com\/index.php\/wp-json\/wp\/v2\/pages\/104\/revisions"}],"wp:attachment":[{"href":"https:\/\/www.brenne-au-coeur.com\/index.php\/wp-json\/wp\/v2\/media?parent=104"}],"curies":[{"name":"wp","href":"https:\/\/api.w.org\/{rel}","templated":true}]}}